{"id":64305,"date":"2022-06-09T16:57:05","date_gmt":"2022-06-09T14:57:05","guid":{"rendered":"https:\/\/www.visitsicily.info\/itinerario\/tour-de-la-sicile-occidentale\/"},"modified":"2026-08-28T13:10:39","modified_gmt":"2026-08-28T11:10:39","slug":"tour-de-la-sicile-occidentale","status":"publish","type":"itinerario","link":"https:\/\/www.visitsicily.info\/fr\/itinerario\/tour-de-la-sicile-occidentale\/","title":{"rendered":"Tour de la Sicile occidentale"},"content":{"rendered":"<div class=\"fusion-fullwidth fullwidth-box fusion-builder-row-1 fusion-flex-container nonhundred-percent-fullwidth non-hundred-percent-height-scrolling\" style=\"--awb-border-radius-top-left:0px;--awb-border-radius-top-right:0px;--awb-border-radius-bottom-right:0px;--awb-border-radius-bottom-left:0px;--awb-flex-wrap:wrap;\" ><div class=\"fusion-builder-row fusion-row fusion-flex-align-items-flex-start fusion-flex-content-wrap\" style=\"max-width:1248px;margin-left: calc(-4% \/ 2 );margin-right: calc(-4% \/ 2 );\"><div class=\"fusion-layout-column fusion_builder_column fusion-builder-column-0 fusion_builder_column_1_1 1_1 fusion-flex-column\" style=\"--awb-bg-size:cover;--awb-width-large:100%;--awb-margin-top-large:0px;--awb-spacing-right-large:1.92%;--awb-margin-bottom-large:0px;--awb-spacing-left-large:1.92%;--awb-width-medium:100%;--awb-spacing-right-medium:1.92%;--awb-spacing-left-medium:1.92%;--awb-width-small:100%;--awb-spacing-right-small:1.92%;--awb-spacing-left-small:1.92%;\"><div class=\"fusion-column-wrapper fusion-flex-justify-content-flex-start fusion-content-layout-column\"><div class=\"fusion-text fusion-text-1\"><p><a href=\"https:\/\/www.visitsicily.info\/localita\/palermo\/\" target=\"_blank\" rel=\"noopener\">Palerme<\/a>, le chef-lieu de l\u2019\u00eele, abrite toute la richesse artistique, historique et culturelle des civilisations qui l\u2019ont travers\u00e9e, avec des t\u00e9moignages grecs, puniques, romains, arabes, normands et souabes.\u00f9<\/p>\n<p><a href=\"https:\/\/www.visitsicily.info\/localita\/palermo\/\" target=\"_blank\" rel=\"noopener\">Palerme<\/a>, le chef-lieu de l\u2019\u00eele, abrite toute la richesse artistique, historique et culturelle des civilisations qui l\u2019ont travers\u00e9e, avec des t\u00e9moignages grecs, puniques, romains, arabes, normands et souabes.<\/p>\n<p>La cath\u00e9drale d\u00e9di\u00e9e \u00e0 la Vierge de l\u2019Assomption repr\u00e9sente \u00e0 elle seule la stratification des diff\u00e9rentes cultures qui sont intervenues au fil du temps, modifiant sa structure architecturale\u00a0: de sa fa\u00e7ade de style gothico-catalan \u00e0 son abside aux d\u00e9cors arabo-normands. \u00c0 l\u2019int\u00e9rieur sont conserv\u00e9es les d\u00e9pouilles des rois de Sicile, Roger\u00a0II et Fr\u00e9d\u00e9ric\u00a0II, ainsi que les reliques de <strong>sainte Rosalie<\/strong>, patronne de Palerme. La <a href=\"https:\/\/www.visitsicily.info\/festa-di-santa-lucia-a-siracusa\/\" target=\"_blank\" rel=\"noopener\">f\u00eate<\/a> en son honneur, plus connue sous le nom d\u2019<em>u fistinu<\/em> et c\u00e9l\u00e9br\u00e9e le 15\u00a0juillet, est un \u00e9v\u00e9nement \u00e0 ne pas manquer.<\/p>\n<p>Dans la <strong>sacristie des Canonici<\/strong> est expos\u00e9 le <strong>tr\u00e9sor de la cath\u00e9drale<\/strong>\u00a0: des ornements sacr\u00e9s du XVIe au XVIIIe\u00a0si\u00e8cle, des ostensoirs, des calices et la pr\u00e9cieuse couronne d\u2019or pr\u00e9lev\u00e9e sur le tombeau de la reine Constance d\u2019Aragon, un exemple de la bijouterie m\u00e9di\u00e9vale. Par ailleurs, vous devrez absolument visiter le <strong>mus\u00e9e dioc\u00e9sain<\/strong> e le <a href=\"https:\/\/www.visitsicily.info\/itinerario\/orti-botanici-di-sicilia\/\" target=\"_blank\" rel=\"noopener\">jardin botanique<\/a>.<\/p>\n<p>En longeant \u00e0 pied le <strong>Corso Vittorio Emanuele<\/strong>, une art\u00e8re du centre historique palermitain, reliant les deux splendides <strong>Porta Nuova<\/strong> et <strong>Porta Felice<\/strong>, vous rejoindrez les <strong>Quattro Canti<\/strong> de la ville, une place octogonale qui entrecroise les principaux axes.<\/p>\n<p>Non loin de l\u00e0, vous trouverez la spectaculaire fontaine de la <strong>Piazza Pretoria<\/strong> et ses splendides repr\u00e9sentations de divinit\u00e9s, de nymphes, de monstres et d\u2019all\u00e9gories.<\/p>\n<p>Une halte obligatoire, sur la <strong>Piazza Bellini<\/strong>, l\u2019\u00e9glise de Santa Maria dell\u2019Ammiraglio, appel\u00e9e la Martorana, de style arabe et d\u00e9cor\u00e9e de fresques murales d\u2019origine byzantine. Et juste \u00e0 c\u00f4t\u00e9, la magnifique \u00e9glise de San Cataldo.<\/p>\n<p>Sur la <strong>Piazza Indipendenza<\/strong>, vous pourrez admirer les mosa\u00efques de la <a href=\"https:\/\/www.visitsicily.info\/cappella-palatina\/\" target=\"_blank\" rel=\"noopener\">chapelle palatine<\/a>. Cette merveille, \u00e0 elle seule, justifiera votre visite de Palerme. La chapelle se trouve \u00e0 l\u2019int\u00e9rieur du b\u00e2timent gouvernemental, le <strong>palais des Normands<\/strong>, autrefois r\u00e9sidence des rois de Sicile et aujourd\u2019hui site du patrimoine mondial de l\u2019<a href=\"https:\/\/www.visitsicily.info\/brochure\/siti-unesco\/\" target=\"_blank\" rel=\"noopener\">UNESCO<\/a>. Ne manquez pas la plus ancienne aile du palais, situ\u00e9e dans la <strong>tour Pisana<\/strong>, avec les salles du roi Roger et l\u2019observatoire astronomique.<\/p>\n<p>Palerme est \u00e9galement la capitale de la <a href=\"https:\/\/www.visitsicily.info\/sapore\/palermo-street-food\/\" target=\"_blank\" rel=\"noopener\">street food<\/a>\u00a0: <a href=\"https:\/\/www.visitsicily.info\/ricetta\/panelle\/\" target=\"_blank\" rel=\"noopener\">pain, panelle<\/a> et <a href=\"https:\/\/www.visitsicily.info\/ricetta\/panelle\/\" target=\"_blank\" rel=\"noopener\">crocch\u00e8<\/a>, <a href=\"https:\/\/www.visitsicily.info\/ricetta\/sfinciuni\/\" target=\"_blank\" rel=\"noopener\">sfincioni<\/a>, <a href=\"https:\/\/www.visitsicily.info\/ricetta\/arancino-e-arancina\/\" target=\"_blank\" rel=\"noopener\">arancine<\/a> et <em>pane c\u00e0 meusa<\/em> ne sont que quelques exemples des nombreux \u00ab\u00a0d\u00e9lices siciliens\u00a0\u00bb sal\u00e9s. Sans oublier la brioche avec de la glace et des d\u00e9licieuses p\u00e2tisseries, c\u00e9l\u00e8bres dans le monde entier.<\/p>\n<p>Faites une \u00e9tape dans le village de p\u00eacheurs de <a href=\"https:\/\/www.visitsicily.info\/castellammare-del-golfo\/\" target=\"_blank\" rel=\"noopener\">Castellammare del Golfo<\/a> et visiter <strong>Alcamo<\/strong>, riche en monuments et en \u0153uvres d\u2019art.<\/p>\n<p>R\u00e9servez une journ\u00e9e enti\u00e8re \u00e0 la d\u00e9couverte d\u2019<a href=\"https:\/\/www.visitsicily.info\/erice\/\" target=\"_blank\" rel=\"noopener\">Erice<\/a> et de <a href=\"https:\/\/www.visitsicily.info\/localita\/trapani\/\" target=\"_blank\" rel=\"noopener\">Trapani<\/a>.<\/p>\n<p><strong>Erice<\/strong>, l\u2019un des <a href=\"https:\/\/www.visitsicily.info\/borghi-di-sicilia-tra-i-piu-belli-ditalia\/\" target=\"_blank\" rel=\"noopener\">plus beaux villages siciliens d\u2019Italie<\/a>, a pour symbole le <a href=\"https:\/\/www.visitsicily.info\/itinerario\/castelli-occidentali-tra-palermo-e-trapani\/\" target=\"_blank\" rel=\"noopener\">ch\u00e2teau de la forteresse de V\u00e9nus<\/a>, d\u2019o\u00f9 vous pourrez admirer toute la vall\u00e9e. Dans la ville, parsem\u00e9e d\u2019\u00e9glises m\u00e9di\u00e9vales et de couvents, se dresse le superbe <strong>Duomo de l\u2019Assunta<\/strong>. Faites une pause sucr\u00e9e et go\u00fbtez aux p\u00e2tisseries \u00e0 la p\u00e2te d\u2019amande et aux c\u00e9l\u00e8bres genovesi tout juste sortis du four.<\/p>\n<p>Le centre-ville \u00e9l\u00e9gant de <a href=\"https:\/\/www.visitsicily.info\/localita\/trapani\/\" target=\"_blank\" rel=\"noopener\">Trapani<\/a>, \u00e9galement accessible depuis Erice en t\u00e9l\u00e9ph\u00e9rique, abrite le <strong>Corso Vittorio Emanuele<\/strong>, la <strong>Via Torrearsa<\/strong> et la <strong>Via Garibaldi<\/strong>.<\/p>\n<p>C\u2019est une succession de b\u00e2tisses historiques et d\u2019\u00e9glises d\u2019une valeur artistique consid\u00e9rable, comme la <strong>cath\u00e9drale<\/strong> \u00e0 la magnifique fa\u00e7ade baroque, ainsi que l\u2019<strong>\u00e9glise du Purgatorio<\/strong>, dans laquelle sont conserv\u00e9s les objets sacr\u00e9s des Myst\u00e8res de Trapani, qui caract\u00e9risent <a href=\"https:\/\/www.visitsicily.info\/la-settimana-santa-in-sicilia-i-riti-da-non-perdere\/\" target=\"_blank\" rel=\"noopener\">la procession du Vendredi Saint<\/a>.<\/p>\n<p>En dehors du centre historique, n\u2019oubliez pas de visiter le <strong>sanctuaire de l\u2019Annunziata<\/strong> datant du XIVe\u00a0si\u00e8cle, ainsi que le b\u00e2timent adjacent de l\u2019<strong>ancien couvent des carm\u00e9lites<\/strong>, si\u00e8ge du <a href=\"https:\/\/www2.regione.sicilia.it\/beniculturali\/museopepoli\/IndexPepoli.html\" target=\"_blank\" rel=\"noopener\">mus\u00e9e r\u00e9gional \u00ab\u00a0A. Pepoli\u00a0\u00bb<\/a>, qui abrite des sculptures, des bijoux et des \u0153uvres des ma\u00eetres du corail de la province de Trapani.<\/p>\n<p>Ici, vous pourrez d\u00e9guster le <a href=\"https:\/\/www.visitsicily.info\/sapore\/cous-cous\/\" target=\"_blank\" rel=\"noopener\">couscous<\/a> \u00e0 base de poisson, de viande ou de l\u00e9gumes, ou encore les busiate alla trapanese.<\/p>\n<p>\u00c0 <a href=\"https:\/\/www.visitsicily.info\/attrazione\/segesta\/\" target=\"_blank\" rel=\"noopener\">S\u00e9geste<\/a>, dans la province de <a href=\"https:\/\/www.visitsicily.info\/localita\/trapani\/\" target=\"_blank\" rel=\"noopener\">Trapani<\/a>, le temple dorique monumental et le th\u00e9\u00e2tre avec la mer et les collines en arri\u00e8re-plan apparaissent dans toute leur magnificence.<\/p>\n<p>Profitez de l\u2019occasion pour vous immerger dans l\u2019art contemporain de <a href=\"https:\/\/www.visitsicily.info\/gibellina-arte-contemporanea-en-plein-air\/\" target=\"_blank\" rel=\"noopener\">Gibellina<\/a>, pour d\u00e9guster l\u2019excellent <a href=\"\/?p=47875\" target=\"_blank\" rel=\"noopener\">vin<\/a> et d\u00e9couvrir d\u2019o\u00f9 vient le jazz\u2026 <a href=\"https:\/\/www.visitsicily.info\/alle-origini-del-jazz-in-viaggio-verso-salaparuta\/\" target=\"_blank\" rel=\"noopener\">Salaparuta<\/a> vous attend\u00a0!<\/p>\n<p>Une promenade est indispensable lorsque le soleil se couche dans le <a href=\"https:\/\/www.visitsicily.info\/itinerario\/parchi-archeologici-di-segesta-selinunte-e-lilibeo-trapani\/\" target=\"_blank\" rel=\"noopener\">parc arch\u00e9ologique de S\u00e9linonte<\/a>, imposant par son paysage et son rayonnement culturel, o\u00f9, parmi les temples et les ruines historiques de r\u00eave, vous pourrez profiter d\u2019un merveilleux coucher de soleil sur la mer.<\/p>\n<p>Votre \u00e9tape suivante est la vall\u00e9e des Temples d\u2019Agrigente, le plus grand site arch\u00e9ologique du monde et patrimoine mondial de l\u2019<a href=\"https:\/\/www.visitsicily.info\/brochure\/siti-unesco\/\" target=\"_blank\" rel=\"noopener\">UNESCO<\/a>, dont l\u2019itin\u00e9raire est toujours fascinant : outre les temples de la Concorde, de Junon, d\u2019H\u00e9racl\u00e8s et de Zeus, votre visite se poursuivra dans la n\u00e9cropole byzantine voisine, avec la tombe monumentale de Th\u00e9ron et les catacombes des grottes de Fragapane.<\/p>\n<p>Vous terminerez votre excursion sur une note sucr\u00e9e\u00a0: essayez la glace au pecorino. Cette sp\u00e9cialit\u00e9, incroyablement bonne, est une glace d\u00e9licate \u00e0 base de ricotta de brebis, une saveur m\u00e9connue, typique et unique de la r\u00e9gion d\u2019Agrigente.<\/p>\n<p><em>D\u00e9couvrez-en plus<\/em> sur la <a href=\"http:\/\/www.distrettosiciliaoccidentale.it\/\" target=\"_blank\" rel=\"noopener\">r\u00e9gion touristique de la Sicile occidentale<\/a><\/p>\n<\/div><\/div><\/div><\/div><\/div>\n","protected":false},"featured_media":117295,"template":"","categories":[1972,1989,1981],"luogo":[3002,3218,3277,3021,3140,2949,2981],"stagione":[2060,2061,3393,2062,2063],"class_list":["post-64305","itinerario","type-itinerario","status-publish","has-post-thumbnail","hentry","category-arte-e-cultura-sicile","category-lieux-de-culture-sicile","category-territorio-fr","luogo-alcamo-sicilia-occidentale-fr","luogo-calatafimi-segesta-fr","luogo-castellammare-del-golfo-fr","luogo-erice-fr","luogo-gibellina-fr","luogo-palermo-fr","luogo-trapani-fr","stagione-automne","stagione-ete","stagione-inverno-fr-2","stagione-hiver","stagione-printemps"],"acf":{"paragrafo_1":"<p>Si vous souhaitez passer des vacances sous le signe de l\u2019art, de l\u2019Histoire et de la culture, la Sicile est la destination id\u00e9ale. Partez \u00e0 la d\u00e9couverte des villes et des petits villages de l\u2019ouest de la Sicile, vous en tomberez fou amoureux\u00a0!<\/p>\n","titolo_paragrafo_1":"D\u00e9tail","sottotitolo":"","durata":"","distanza":"","difficolta":"","galleria":[{"ID":52454,"id":52454,"title":"segesta.a.6","filename":"segesta.a.6.jpg","filesize":562830,"url":"https:\/\/www.visitsicily.info\/wp-content\/uploads\/2015\/07\/segesta.a.6.jpg","link":"https:\/\/www.visitsicily.info\/fr\/itinerario\/de-segeste-a-selinonte\/segesta-a-6-2\/","alt":"Segesta","author":"31","description":"inr","caption":"ph. P. Barone","name":"segesta-a-6-2","status":"inherit","uploaded_to":64216,"date":"2022-03-16 08:32:21","modified":"2026-08-28 10:56:16","menu_order":0,"mime_type":"image\/jpeg","type":"image","subtype":"jpeg","icon":"https:\/\/www.visitsicily.info\/wp-includes\/images\/media\/default.png","width":2481,"height":1654,"sizes":{"thumbnail":"https:\/\/www.visitsicily.info\/wp-content\/uploads\/2015\/07\/segesta.a.6-150x150.jpg","thumbnail-width":150,"thumbnail-height":150,"medium":"https:\/\/www.visitsicily.info\/wp-content\/uploads\/2015\/07\/segesta.a.6-300x200.jpg","medium-width":300,"medium-height":200,"medium_large":"https:\/\/www.visitsicily.info\/wp-content\/uploads\/2015\/07\/segesta.a.6-768x512.jpg","medium_large-width":768,"medium_large-height":512,"large":"https:\/\/www.visitsicily.info\/wp-content\/uploads\/2015\/07\/segesta.a.6-1024x683.jpg","large-width":1024,"large-height":683,"1536x1536":"https:\/\/www.visitsicily.info\/wp-content\/uploads\/2015\/07\/segesta.a.6-1536x1024.jpg","1536x1536-width":1536,"1536x1536-height":1024,"2048x2048":"https:\/\/www.visitsicily.info\/wp-content\/uploads\/2015\/07\/segesta.a.6-2048x1365.jpg","2048x2048-width":2048,"2048x2048-height":1365,"blog-large":"https:\/\/www.visitsicily.info\/wp-content\/uploads\/2015\/07\/segesta.a.6-669x272.jpg","blog-large-width":669,"blog-large-height":272,"blog-medium":"https:\/\/www.visitsicily.info\/wp-content\/uploads\/2015\/07\/segesta.a.6-320x202.jpg","blog-medium-width":320,"blog-medium-height":202,"recent-posts":"https:\/\/www.visitsicily.info\/wp-content\/uploads\/2015\/07\/segesta.a.6-700x441.jpg","recent-posts-width":700,"recent-posts-height":441,"recent-works-thumbnail":"https:\/\/www.visitsicily.info\/wp-content\/uploads\/2015\/07\/segesta.a.6-66x66.jpg","recent-works-thumbnail-width":66,"recent-works-thumbnail-height":66,"fusion-200":"https:\/\/www.visitsicily.info\/wp-content\/uploads\/2015\/07\/segesta.a.6-200x133.jpg","fusion-200-width":200,"fusion-200-height":133,"fusion-400":"https:\/\/www.visitsicily.info\/wp-content\/uploads\/2015\/07\/segesta.a.6-400x267.jpg","fusion-400-width":400,"fusion-400-height":267,"fusion-600":"https:\/\/www.visitsicily.info\/wp-content\/uploads\/2015\/07\/segesta.a.6-600x400.jpg","fusion-600-width":600,"fusion-600-height":400,"fusion-800":"https:\/\/www.visitsicily.info\/wp-content\/uploads\/2015\/07\/segesta.a.6-800x533.jpg","fusion-800-width":800,"fusion-800-height":533,"fusion-1200":"https:\/\/www.visitsicily.info\/wp-content\/uploads\/2015\/07\/segesta.a.6-1200x800.jpg","fusion-1200-width":1200,"fusion-1200-height":800,"portfolio-full":"https:\/\/www.visitsicily.info\/wp-content\/uploads\/2015\/07\/segesta.a.6-940x400.jpg","portfolio-full-width":940,"portfolio-full-height":400,"portfolio-one":"https:\/\/www.visitsicily.info\/wp-content\/uploads\/2015\/07\/segesta.a.6-540x272.jpg","portfolio-one-width":540,"portfolio-one-height":272,"portfolio-two":"https:\/\/www.visitsicily.info\/wp-content\/uploads\/2015\/07\/segesta.a.6-460x295.jpg","portfolio-two-width":460,"portfolio-two-height":295,"portfolio-three":"https:\/\/www.visitsicily.info\/wp-content\/uploads\/2015\/07\/segesta.a.6-300x214.jpg","portfolio-three-width":300,"portfolio-three-height":214,"portfolio-five":"https:\/\/www.visitsicily.info\/wp-content\/uploads\/2015\/07\/segesta.a.6-177x142.jpg","portfolio-five-width":177,"portfolio-five-height":142}},{"ID":57697,"id":57697,"title":"Il Duomo di Erice","filename":"Duomo2.jpg","filesize":339680,"url":"https:\/\/www.visitsicily.info\/wp-content\/uploads\/2015\/09\/Duomo2.jpg","link":"https:\/\/www.visitsicily.info\/fr\/localita\/trapani\/duomo-3-2\/","alt":"Il Duomo - Ph. Ignazio La Barbera","author":"18","description":"Il Duomo - Ph. Ignazio La Barbera","caption":"Il Duomo - Ph. Ignazio La Barbera","name":"duomo-3-2","status":"inherit","uploaded_to":64260,"date":"2017-05-16 08:42:29","modified":"2026-08-28 10:53:35","menu_order":0,"mime_type":"image\/jpeg","type":"image","subtype":"jpeg","icon":"https:\/\/www.visitsicily.info\/wp-includes\/images\/media\/default.png","width":1024,"height":768,"sizes":{"thumbnail":"https:\/\/www.visitsicily.info\/wp-content\/uploads\/2015\/09\/Duomo2-150x150.jpg","thumbnail-width":150,"thumbnail-height":150,"medium":"https:\/\/www.visitsicily.info\/wp-content\/uploads\/2015\/09\/Duomo2-300x225.jpg","medium-width":300,"medium-height":225,"medium_large":"https:\/\/www.visitsicily.info\/wp-content\/uploads\/2015\/09\/Duomo2.jpg","medium_large-width":768,"medium_large-height":576,"large":"https:\/\/www.visitsicily.info\/wp-content\/uploads\/2015\/09\/Duomo2-1024x768.jpg","large-width":1024,"large-height":768,"1536x1536":"https:\/\/www.visitsicily.info\/wp-content\/uploads\/2015\/09\/Duomo2.jpg","1536x1536-width":1024,"1536x1536-height":768,"2048x2048":"https:\/\/www.visitsicily.info\/wp-content\/uploads\/2015\/09\/Duomo2.jpg","2048x2048-width":1024,"2048x2048-height":768,"blog-large":"https:\/\/www.visitsicily.info\/wp-content\/uploads\/2015\/09\/Duomo2-669x272.jpg","blog-large-width":669,"blog-large-height":272,"blog-medium":"https:\/\/www.visitsicily.info\/wp-content\/uploads\/2015\/09\/Duomo2-320x202.jpg","blog-medium-width":320,"blog-medium-height":202,"recent-posts":"https:\/\/www.visitsicily.info\/wp-content\/uploads\/2015\/09\/Duomo2-700x441.jpg","recent-posts-width":700,"recent-posts-height":441,"recent-works-thumbnail":"https:\/\/www.visitsicily.info\/wp-content\/uploads\/2015\/09\/Duomo2-66x66.jpg","recent-works-thumbnail-width":66,"recent-works-thumbnail-height":66,"fusion-200":"https:\/\/www.visitsicily.info\/wp-content\/uploads\/2015\/09\/Duomo2.jpg","fusion-200-width":200,"fusion-200-height":150,"fusion-400":"https:\/\/www.visitsicily.info\/wp-content\/uploads\/2015\/09\/Duomo2.jpg","fusion-400-width":400,"fusion-400-height":300,"fusion-600":"https:\/\/www.visitsicily.info\/wp-content\/uploads\/2015\/09\/Duomo2.jpg","fusion-600-width":600,"fusion-600-height":450,"fusion-800":"https:\/\/www.visitsicily.info\/wp-content\/uploads\/2015\/09\/Duomo2.jpg","fusion-800-width":800,"fusion-800-height":600,"fusion-1200":"https:\/\/www.visitsicily.info\/wp-content\/uploads\/2015\/09\/Duomo2.jpg","fusion-1200-width":1024,"fusion-1200-height":768,"portfolio-full":"https:\/\/www.visitsicily.info\/wp-content\/uploads\/2015\/09\/Duomo2-940x400.jpg","portfolio-full-width":940,"portfolio-full-height":400,"portfolio-one":"https:\/\/www.visitsicily.info\/wp-content\/uploads\/2015\/09\/Duomo2-540x272.jpg","portfolio-one-width":540,"portfolio-one-height":272,"portfolio-two":"https:\/\/www.visitsicily.info\/wp-content\/uploads\/2015\/09\/Duomo2-460x295.jpg","portfolio-two-width":460,"portfolio-two-height":295,"portfolio-three":"https:\/\/www.visitsicily.info\/wp-content\/uploads\/2015\/09\/Duomo2-300x214.jpg","portfolio-three-width":300,"portfolio-three-height":214,"portfolio-five":"https:\/\/www.visitsicily.info\/wp-content\/uploads\/2015\/09\/Duomo2-177x142.jpg","portfolio-five-width":177,"portfolio-five-height":142}},{"ID":89715,"id":89715,"title":"cultura_gibellina_cretto-di-burri-05","filename":"cultura_gibellina_cretto-di-burri-05-scaled.jpg","filesize":546812,"url":"https:\/\/www.visitsicily.info\/wp-content\/uploads\/2024\/11\/cultura_gibellina_cretto-di-burri-05-scaled.jpg","link":"https:\/\/www.visitsicily.info\/fr\/gibellina-capitale-de-lart-contemporain-2026\/cultura_gibellina_cretto-di-burri-05-2\/","alt":"Gibellina - Cretto di Burri","author":"46","description":"Gibellina - Cretto di Burri","caption":"Foto di Just Maria","name":"cultura_gibellina_cretto-di-burri-05-2","status":"inherit","uploaded_to":90462,"date":"2024-11-18 09:15:15","modified":"2026-08-28 10:56:55","menu_order":0,"mime_type":"image\/jpeg","type":"image","subtype":"jpeg","icon":"https:\/\/www.visitsicily.info\/wp-includes\/images\/media\/default.png","width":2560,"height":1706,"sizes":{"thumbnail":"https:\/\/www.visitsicily.info\/wp-content\/uploads\/2024\/11\/cultura_gibellina_cretto-di-burri-05-150x150.jpg","thumbnail-width":150,"thumbnail-height":150,"medium":"https:\/\/www.visitsicily.info\/wp-content\/uploads\/2024\/11\/cultura_gibellina_cretto-di-burri-05-300x200.jpg","medium-width":300,"medium-height":200,"medium_large":"https:\/\/www.visitsicily.info\/wp-content\/uploads\/2024\/11\/cultura_gibellina_cretto-di-burri-05-768x512.jpg","medium_large-width":768,"medium_large-height":512,"large":"https:\/\/www.visitsicily.info\/wp-content\/uploads\/2024\/11\/cultura_gibellina_cretto-di-burri-05-1024x683.jpg","large-width":1024,"large-height":683,"1536x1536":"https:\/\/www.visitsicily.info\/wp-content\/uploads\/2024\/11\/cultura_gibellina_cretto-di-burri-05-1536x1024.jpg","1536x1536-width":1536,"1536x1536-height":1024,"2048x2048":"https:\/\/www.visitsicily.info\/wp-content\/uploads\/2024\/11\/cultura_gibellina_cretto-di-burri-05-2048x1365.jpg","2048x2048-width":2048,"2048x2048-height":1365,"blog-large":"https:\/\/www.visitsicily.info\/wp-content\/uploads\/2024\/11\/cultura_gibellina_cretto-di-burri-05-669x272.jpg","blog-large-width":669,"blog-large-height":272,"blog-medium":"https:\/\/www.visitsicily.info\/wp-content\/uploads\/2024\/11\/cultura_gibellina_cretto-di-burri-05-320x202.jpg","blog-medium-width":320,"blog-medium-height":202,"recent-posts":"https:\/\/www.visitsicily.info\/wp-content\/uploads\/2024\/11\/cultura_gibellina_cretto-di-burri-05-700x441.jpg","recent-posts-width":700,"recent-posts-height":441,"recent-works-thumbnail":"https:\/\/www.visitsicily.info\/wp-content\/uploads\/2024\/11\/cultura_gibellina_cretto-di-burri-05-66x66.jpg","recent-works-thumbnail-width":66,"recent-works-thumbnail-height":66,"fusion-200":"https:\/\/www.visitsicily.info\/wp-content\/uploads\/2024\/11\/cultura_gibellina_cretto-di-burri-05-200x133.jpg","fusion-200-width":200,"fusion-200-height":133,"fusion-400":"https:\/\/www.visitsicily.info\/wp-content\/uploads\/2024\/11\/cultura_gibellina_cretto-di-burri-05-400x267.jpg","fusion-400-width":400,"fusion-400-height":267,"fusion-600":"https:\/\/www.visitsicily.info\/wp-content\/uploads\/2024\/11\/cultura_gibellina_cretto-di-burri-05-600x400.jpg","fusion-600-width":600,"fusion-600-height":400,"fusion-800":"https:\/\/www.visitsicily.info\/wp-content\/uploads\/2024\/11\/cultura_gibellina_cretto-di-burri-05-800x533.jpg","fusion-800-width":800,"fusion-800-height":533,"fusion-1200":"https:\/\/www.visitsicily.info\/wp-content\/uploads\/2024\/11\/cultura_gibellina_cretto-di-burri-05-1200x800.jpg","fusion-1200-width":1200,"fusion-1200-height":800,"portfolio-full":"https:\/\/www.visitsicily.info\/wp-content\/uploads\/2024\/11\/cultura_gibellina_cretto-di-burri-05-940x400.jpg","portfolio-full-width":940,"portfolio-full-height":400,"portfolio-one":"https:\/\/www.visitsicily.info\/wp-content\/uploads\/2024\/11\/cultura_gibellina_cretto-di-burri-05-540x272.jpg","portfolio-one-width":540,"portfolio-one-height":272,"portfolio-two":"https:\/\/www.visitsicily.info\/wp-content\/uploads\/2024\/11\/cultura_gibellina_cretto-di-burri-05-460x295.jpg","portfolio-two-width":460,"portfolio-two-height":295,"portfolio-three":"https:\/\/www.visitsicily.info\/wp-content\/uploads\/2024\/11\/cultura_gibellina_cretto-di-burri-05-300x214.jpg","portfolio-three-width":300,"portfolio-three-height":214,"portfolio-five":"https:\/\/www.visitsicily.info\/wp-content\/uploads\/2024\/11\/cultura_gibellina_cretto-di-burri-05-177x142.jpg","portfolio-five-width":177,"portfolio-five-height":142}},{"ID":99040,"id":99040,"title":"Palermo IMG_9142 (1)","filename":"Palermo-IMG_9142-1-scaled.jpg","filesize":923289,"url":"https:\/\/www.visitsicily.info\/wp-content\/uploads\/2025\/10\/Palermo-IMG_9142-1-scaled.jpg","link":"https:\/\/www.visitsicily.info\/fr\/itinerario\/cosa-fare-tre-giorni-a-palermo\/palermo-img_9142-1-2\/","alt":"Piazza Pretoria - Archivio Regione Siciliana J.M.","author":"56","description":"Piazza Pretoria - Archivio Regione Siciliana J.M.","caption":"Piazza Pretoria - Archivio Regione Siciliana J.M.","name":"palermo-img_9142-1-2","status":"inherit","uploaded_to":99047,"date":"2025-10-04 15:16:27","modified":"2026-08-28 10:37:49","menu_order":0,"mime_type":"image\/jpeg","type":"image","subtype":"jpeg","icon":"https:\/\/www.visitsicily.info\/wp-includes\/images\/media\/default.png","width":2560,"height":1707,"sizes":{"thumbnail":"https:\/\/www.visitsicily.info\/wp-content\/uploads\/2025\/10\/Palermo-IMG_9142-1-150x150.jpg","thumbnail-width":150,"thumbnail-height":150,"medium":"https:\/\/www.visitsicily.info\/wp-content\/uploads\/2025\/10\/Palermo-IMG_9142-1-300x200.jpg","medium-width":300,"medium-height":200,"medium_large":"https:\/\/www.visitsicily.info\/wp-content\/uploads\/2025\/10\/Palermo-IMG_9142-1-768x512.jpg","medium_large-width":768,"medium_large-height":512,"large":"https:\/\/www.visitsicily.info\/wp-content\/uploads\/2025\/10\/Palermo-IMG_9142-1-1024x683.jpg","large-width":1024,"large-height":683,"1536x1536":"https:\/\/www.visitsicily.info\/wp-content\/uploads\/2025\/10\/Palermo-IMG_9142-1-1536x1024.jpg","1536x1536-width":1536,"1536x1536-height":1024,"2048x2048":"https:\/\/www.visitsicily.info\/wp-content\/uploads\/2025\/10\/Palermo-IMG_9142-1-2048x1365.jpg","2048x2048-width":2048,"2048x2048-height":1365,"blog-large":"https:\/\/www.visitsicily.info\/wp-content\/uploads\/2025\/10\/Palermo-IMG_9142-1-669x272.jpg","blog-large-width":669,"blog-large-height":272,"blog-medium":"https:\/\/www.visitsicily.info\/wp-content\/uploads\/2025\/10\/Palermo-IMG_9142-1-320x202.jpg","blog-medium-width":320,"blog-medium-height":202,"recent-posts":"https:\/\/www.visitsicily.info\/wp-content\/uploads\/2025\/10\/Palermo-IMG_9142-1-700x441.jpg","recent-posts-width":700,"recent-posts-height":441,"recent-works-thumbnail":"https:\/\/www.visitsicily.info\/wp-content\/uploads\/2025\/10\/Palermo-IMG_9142-1-66x66.jpg","recent-works-thumbnail-width":66,"recent-works-thumbnail-height":66,"fusion-200":"https:\/\/www.visitsicily.info\/wp-content\/uploads\/2025\/10\/Palermo-IMG_9142-1-200x133.jpg","fusion-200-width":200,"fusion-200-height":133,"fusion-400":"https:\/\/www.visitsicily.info\/wp-content\/uploads\/2025\/10\/Palermo-IMG_9142-1-400x267.jpg","fusion-400-width":400,"fusion-400-height":267,"fusion-600":"https:\/\/www.visitsicily.info\/wp-content\/uploads\/2025\/10\/Palermo-IMG_9142-1-600x400.jpg","fusion-600-width":600,"fusion-600-height":400,"fusion-800":"https:\/\/www.visitsicily.info\/wp-content\/uploads\/2025\/10\/Palermo-IMG_9142-1-800x533.jpg","fusion-800-width":800,"fusion-800-height":533,"fusion-1200":"https:\/\/www.visitsicily.info\/wp-content\/uploads\/2025\/10\/Palermo-IMG_9142-1-1200x800.jpg","fusion-1200-width":1200,"fusion-1200-height":800,"portfolio-full":"https:\/\/www.visitsicily.info\/wp-content\/uploads\/2025\/10\/Palermo-IMG_9142-1-940x400.jpg","portfolio-full-width":940,"portfolio-full-height":400,"portfolio-one":"https:\/\/www.visitsicily.info\/wp-content\/uploads\/2025\/10\/Palermo-IMG_9142-1-540x272.jpg","portfolio-one-width":540,"portfolio-one-height":272,"portfolio-two":"https:\/\/www.visitsicily.info\/wp-content\/uploads\/2025\/10\/Palermo-IMG_9142-1-460x295.jpg","portfolio-two-width":460,"portfolio-two-height":295,"portfolio-three":"https:\/\/www.visitsicily.info\/wp-content\/uploads\/2025\/10\/Palermo-IMG_9142-1-300x214.jpg","portfolio-three-width":300,"portfolio-three-height":214,"portfolio-five":"https:\/\/www.visitsicily.info\/wp-content\/uploads\/2025\/10\/Palermo-IMG_9142-1-177x142.jpg","portfolio-five-width":177,"portfolio-five-height":142}},{"ID":99682,"id":99682,"title":"Alcamo_castello-dei-conti-di-modica-04","filename":"Alcamo_castello-dei-conti-di-modica-04-1-scaled.jpg","filesize":864117,"url":"https:\/\/www.visitsicily.info\/wp-content\/uploads\/2025\/10\/Alcamo_castello-dei-conti-di-modica-04-1-scaled.jpg","link":"https:\/\/www.visitsicily.info\/fr\/alcamo_castello-dei-conti-di-modica-04-2-2\/","alt":"Alcamo castello dei conti di Modica - F.Sessa","author":"53","description":"Alcamo castello dei conti di Modica - F.Sessa","caption":"Alcamo castello dei conti di Modica - F.Sessa","name":"alcamo_castello-dei-conti-di-modica-04-2-2","status":"inherit","uploaded_to":0,"date":"2025-10-15 10:08:49","modified":"2026-08-28 10:52:17","menu_order":0,"mime_type":"image\/jpeg","type":"image","subtype":"jpeg","icon":"https:\/\/www.visitsicily.info\/wp-includes\/images\/media\/default.png","width":1707,"height":2560,"sizes":{"thumbnail":"https:\/\/www.visitsicily.info\/wp-content\/uploads\/2025\/10\/Alcamo_castello-dei-conti-di-modica-04-1-150x150.jpg","thumbnail-width":150,"thumbnail-height":150,"medium":"https:\/\/www.visitsicily.info\/wp-content\/uploads\/2025\/10\/Alcamo_castello-dei-conti-di-modica-04-1-200x300.jpg","medium-width":200,"medium-height":300,"medium_large":"https:\/\/www.visitsicily.info\/wp-content\/uploads\/2025\/10\/Alcamo_castello-dei-conti-di-modica-04-1-768x1152.jpg","medium_large-width":768,"medium_large-height":1152,"large":"https:\/\/www.visitsicily.info\/wp-content\/uploads\/2025\/10\/Alcamo_castello-dei-conti-di-modica-04-1-683x1024.jpg","large-width":683,"large-height":1024,"1536x1536":"https:\/\/www.visitsicily.info\/wp-content\/uploads\/2025\/10\/Alcamo_castello-dei-conti-di-modica-04-1-1024x1536.jpg","1536x1536-width":1024,"1536x1536-height":1536,"2048x2048":"https:\/\/www.visitsicily.info\/wp-content\/uploads\/2025\/10\/Alcamo_castello-dei-conti-di-modica-04-1-1365x2048.jpg","2048x2048-width":1365,"2048x2048-height":2048,"blog-large":"https:\/\/www.visitsicily.info\/wp-content\/uploads\/2025\/10\/Alcamo_castello-dei-conti-di-modica-04-1-669x272.jpg","blog-large-width":669,"blog-large-height":272,"blog-medium":"https:\/\/www.visitsicily.info\/wp-content\/uploads\/2025\/10\/Alcamo_castello-dei-conti-di-modica-04-1-320x202.jpg","blog-medium-width":320,"blog-medium-height":202,"recent-posts":"https:\/\/www.visitsicily.info\/wp-content\/uploads\/2025\/10\/Alcamo_castello-dei-conti-di-modica-04-1-700x441.jpg","recent-posts-width":700,"recent-posts-height":441,"recent-works-thumbnail":"https:\/\/www.visitsicily.info\/wp-content\/uploads\/2025\/10\/Alcamo_castello-dei-conti-di-modica-04-1-66x66.jpg","recent-works-thumbnail-width":66,"recent-works-thumbnail-height":66,"fusion-200":"https:\/\/www.visitsicily.info\/wp-content\/uploads\/2025\/10\/Alcamo_castello-dei-conti-di-modica-04-1-200x300.jpg","fusion-200-width":200,"fusion-200-height":300,"fusion-400":"https:\/\/www.visitsicily.info\/wp-content\/uploads\/2025\/10\/Alcamo_castello-dei-conti-di-modica-04-1-400x600.jpg","fusion-400-width":400,"fusion-400-height":600,"fusion-600":"https:\/\/www.visitsicily.info\/wp-content\/uploads\/2025\/10\/Alcamo_castello-dei-conti-di-modica-04-1-600x900.jpg","fusion-600-width":600,"fusion-600-height":900,"fusion-800":"https:\/\/www.visitsicily.info\/wp-content\/uploads\/2025\/10\/Alcamo_castello-dei-conti-di-modica-04-1-800x1200.jpg","fusion-800-width":800,"fusion-800-height":1200,"fusion-1200":"https:\/\/www.visitsicily.info\/wp-content\/uploads\/2025\/10\/Alcamo_castello-dei-conti-di-modica-04-1-1200x1800.jpg","fusion-1200-width":1200,"fusion-1200-height":1800,"portfolio-full":"https:\/\/www.visitsicily.info\/wp-content\/uploads\/2025\/10\/Alcamo_castello-dei-conti-di-modica-04-1-940x400.jpg","portfolio-full-width":940,"portfolio-full-height":400,"portfolio-one":"https:\/\/www.visitsicily.info\/wp-content\/uploads\/2025\/10\/Alcamo_castello-dei-conti-di-modica-04-1-540x272.jpg","portfolio-one-width":540,"portfolio-one-height":272,"portfolio-two":"https:\/\/www.visitsicily.info\/wp-content\/uploads\/2025\/10\/Alcamo_castello-dei-conti-di-modica-04-1-460x295.jpg","portfolio-two-width":460,"portfolio-two-height":295,"portfolio-three":"https:\/\/www.visitsicily.info\/wp-content\/uploads\/2025\/10\/Alcamo_castello-dei-conti-di-modica-04-1-300x214.jpg","portfolio-three-width":300,"portfolio-three-height":214,"portfolio-five":"https:\/\/www.visitsicily.info\/wp-content\/uploads\/2025\/10\/Alcamo_castello-dei-conti-di-modica-04-1-177x142.jpg","portfolio-five-width":177,"portfolio-five-height":142}},{"ID":102231,"id":102231,"title":"4 Mercatini di Natale a Palermo - Archivio Regione Siciliana Just Maria","filename":"4-Mercatini-di-Natale-a-Palermo-Archivio-Regione-Siciliana-Just-Maria.png","filesize":2380299,"url":"https:\/\/www.visitsicily.info\/wp-content\/uploads\/2025\/11\/4-Mercatini-di-Natale-a-Palermo-Archivio-Regione-Siciliana-Just-Maria.png","link":"https:\/\/www.visitsicily.info\/fr\/itinerario\/mercatini-di-natale-a-palermo-artigianato-luci-e-sapori-invernali\/4-mercatini-di-natale-a-palermo-archivio-regione-siciliana-just-maria-2\/","alt":"Quattro Canti, Palermo - credits: Archivio Regione Siciliana P.Barone\n","author":"53","description":"Quattro Canti, Palermo - credits: Archivio Regione Siciliana P.Barone\n","caption":"Quattro Canti, Palermo - credits: Archivio Regione Siciliana P.Barone\n","name":"4-mercatini-di-natale-a-palermo-archivio-regione-siciliana-just-maria-2","status":"inherit","uploaded_to":102250,"date":"2025-11-12 12:47:21","modified":"2025-11-12 12:47:45","menu_order":0,"mime_type":"image\/png","type":"image","subtype":"png","icon":"https:\/\/www.visitsicily.info\/wp-includes\/images\/media\/default.png","width":1600,"height":1000,"sizes":{"thumbnail":"https:\/\/www.visitsicily.info\/wp-content\/uploads\/2025\/11\/4-Mercatini-di-Natale-a-Palermo-Archivio-Regione-Siciliana-Just-Maria-150x150.png","thumbnail-width":150,"thumbnail-height":150,"medium":"https:\/\/www.visitsicily.info\/wp-content\/uploads\/2025\/11\/4-Mercatini-di-Natale-a-Palermo-Archivio-Regione-Siciliana-Just-Maria-300x188.png","medium-width":300,"medium-height":188,"medium_large":"https:\/\/www.visitsicily.info\/wp-content\/uploads\/2025\/11\/4-Mercatini-di-Natale-a-Palermo-Archivio-Regione-Siciliana-Just-Maria-768x480.png","medium_large-width":768,"medium_large-height":480,"large":"https:\/\/www.visitsicily.info\/wp-content\/uploads\/2025\/11\/4-Mercatini-di-Natale-a-Palermo-Archivio-Regione-Siciliana-Just-Maria-1024x640.png","large-width":1024,"large-height":640,"1536x1536":"https:\/\/www.visitsicily.info\/wp-content\/uploads\/2025\/11\/4-Mercatini-di-Natale-a-Palermo-Archivio-Regione-Siciliana-Just-Maria-1536x960.png","1536x1536-width":1536,"1536x1536-height":960,"2048x2048":"https:\/\/www.visitsicily.info\/wp-content\/uploads\/2025\/11\/4-Mercatini-di-Natale-a-Palermo-Archivio-Regione-Siciliana-Just-Maria.png","2048x2048-width":1600,"2048x2048-height":1000,"blog-large":"https:\/\/www.visitsicily.info\/wp-content\/uploads\/2025\/11\/4-Mercatini-di-Natale-a-Palermo-Archivio-Regione-Siciliana-Just-Maria-669x272.png","blog-large-width":669,"blog-large-height":272,"blog-medium":"https:\/\/www.visitsicily.info\/wp-content\/uploads\/2025\/11\/4-Mercatini-di-Natale-a-Palermo-Archivio-Regione-Siciliana-Just-Maria-320x202.png","blog-medium-width":320,"blog-medium-height":202,"recent-posts":"https:\/\/www.visitsicily.info\/wp-content\/uploads\/2025\/11\/4-Mercatini-di-Natale-a-Palermo-Archivio-Regione-Siciliana-Just-Maria-700x441.png","recent-posts-width":700,"recent-posts-height":441,"recent-works-thumbnail":"https:\/\/www.visitsicily.info\/wp-content\/uploads\/2025\/11\/4-Mercatini-di-Natale-a-Palermo-Archivio-Regione-Siciliana-Just-Maria-66x66.png","recent-works-thumbnail-width":66,"recent-works-thumbnail-height":66,"fusion-200":"https:\/\/www.visitsicily.info\/wp-content\/uploads\/2025\/11\/4-Mercatini-di-Natale-a-Palermo-Archivio-Regione-Siciliana-Just-Maria-200x125.png","fusion-200-width":200,"fusion-200-height":125,"fusion-400":"https:\/\/www.visitsicily.info\/wp-content\/uploads\/2025\/11\/4-Mercatini-di-Natale-a-Palermo-Archivio-Regione-Siciliana-Just-Maria-400x250.png","fusion-400-width":400,"fusion-400-height":250,"fusion-600":"https:\/\/www.visitsicily.info\/wp-content\/uploads\/2025\/11\/4-Mercatini-di-Natale-a-Palermo-Archivio-Regione-Siciliana-Just-Maria-600x375.png","fusion-600-width":600,"fusion-600-height":375,"fusion-800":"https:\/\/www.visitsicily.info\/wp-content\/uploads\/2025\/11\/4-Mercatini-di-Natale-a-Palermo-Archivio-Regione-Siciliana-Just-Maria-800x500.png","fusion-800-width":800,"fusion-800-height":500,"fusion-1200":"https:\/\/www.visitsicily.info\/wp-content\/uploads\/2025\/11\/4-Mercatini-di-Natale-a-Palermo-Archivio-Regione-Siciliana-Just-Maria-1200x750.png","fusion-1200-width":1200,"fusion-1200-height":750,"portfolio-full":"https:\/\/www.visitsicily.info\/wp-content\/uploads\/2025\/11\/4-Mercatini-di-Natale-a-Palermo-Archivio-Regione-Siciliana-Just-Maria-940x400.png","portfolio-full-width":940,"portfolio-full-height":400,"portfolio-one":"https:\/\/www.visitsicily.info\/wp-content\/uploads\/2025\/11\/4-Mercatini-di-Natale-a-Palermo-Archivio-Regione-Siciliana-Just-Maria-540x272.png","portfolio-one-width":540,"portfolio-one-height":272,"portfolio-two":"https:\/\/www.visitsicily.info\/wp-content\/uploads\/2025\/11\/4-Mercatini-di-Natale-a-Palermo-Archivio-Regione-Siciliana-Just-Maria-460x295.png","portfolio-two-width":460,"portfolio-two-height":295,"portfolio-three":"https:\/\/www.visitsicily.info\/wp-content\/uploads\/2025\/11\/4-Mercatini-di-Natale-a-Palermo-Archivio-Regione-Siciliana-Just-Maria-300x214.png","portfolio-three-width":300,"portfolio-three-height":214,"portfolio-five":"https:\/\/www.visitsicily.info\/wp-content\/uploads\/2025\/11\/4-Mercatini-di-Natale-a-Palermo-Archivio-Regione-Siciliana-Just-Maria-177x142.png","portfolio-five-width":177,"portfolio-five-height":142}},{"ID":102372,"id":102372,"title":"cibo_arancina","filename":"cibo_arancina-scaled.jpg","filesize":312303,"url":"https:\/\/www.visitsicily.info\/wp-content\/uploads\/2015\/09\/cibo_arancina-scaled.jpg","link":"https:\/\/www.visitsicily.info\/fr\/cibo_arancina-2\/","alt":"Arancine - Archuvio Regione Siciliana JM","author":"53","description":"Arancine - Archuvio Regione Siciliana JM","caption":"Arancine - Archuvio Regione Siciliana JM","name":"cibo_arancina-2","status":"inherit","uploaded_to":0,"date":"2025-11-13 08:48:33","modified":"2026-08-28 10:39:32","menu_order":0,"mime_type":"image\/jpeg","type":"image","subtype":"jpeg","icon":"https:\/\/www.visitsicily.info\/wp-includes\/images\/media\/default.png","width":2048,"height":2560,"sizes":{"thumbnail":"https:\/\/www.visitsicily.info\/wp-content\/uploads\/2015\/09\/cibo_arancina-150x150.jpg","thumbnail-width":150,"thumbnail-height":150,"medium":"https:\/\/www.visitsicily.info\/wp-content\/uploads\/2015\/09\/cibo_arancina-240x300.jpg","medium-width":240,"medium-height":300,"medium_large":"https:\/\/www.visitsicily.info\/wp-content\/uploads\/2015\/09\/cibo_arancina-768x960.jpg","medium_large-width":768,"medium_large-height":960,"large":"https:\/\/www.visitsicily.info\/wp-content\/uploads\/2015\/09\/cibo_arancina-819x1024.jpg","large-width":819,"large-height":1024,"1536x1536":"https:\/\/www.visitsicily.info\/wp-content\/uploads\/2015\/09\/cibo_arancina-1229x1536.jpg","1536x1536-width":1229,"1536x1536-height":1536,"2048x2048":"https:\/\/www.visitsicily.info\/wp-content\/uploads\/2015\/09\/cibo_arancina-1638x2048.jpg","2048x2048-width":1638,"2048x2048-height":2048,"blog-large":"https:\/\/www.visitsicily.info\/wp-content\/uploads\/2015\/09\/cibo_arancina-669x272.jpg","blog-large-width":669,"blog-large-height":272,"blog-medium":"https:\/\/www.visitsicily.info\/wp-content\/uploads\/2015\/09\/cibo_arancina-320x202.jpg","blog-medium-width":320,"blog-medium-height":202,"recent-posts":"https:\/\/www.visitsicily.info\/wp-content\/uploads\/2015\/09\/cibo_arancina-700x441.jpg","recent-posts-width":700,"recent-posts-height":441,"recent-works-thumbnail":"https:\/\/www.visitsicily.info\/wp-content\/uploads\/2015\/09\/cibo_arancina-66x66.jpg","recent-works-thumbnail-width":66,"recent-works-thumbnail-height":66,"fusion-200":"https:\/\/www.visitsicily.info\/wp-content\/uploads\/2015\/09\/cibo_arancina-200x250.jpg","fusion-200-width":200,"fusion-200-height":250,"fusion-400":"https:\/\/www.visitsicily.info\/wp-content\/uploads\/2015\/09\/cibo_arancina-400x500.jpg","fusion-400-width":400,"fusion-400-height":500,"fusion-600":"https:\/\/www.visitsicily.info\/wp-content\/uploads\/2015\/09\/cibo_arancina-600x750.jpg","fusion-600-width":600,"fusion-600-height":750,"fusion-800":"https:\/\/www.visitsicily.info\/wp-content\/uploads\/2015\/09\/cibo_arancina-800x1000.jpg","fusion-800-width":800,"fusion-800-height":1000,"fusion-1200":"https:\/\/www.visitsicily.info\/wp-content\/uploads\/2015\/09\/cibo_arancina-1200x1500.jpg","fusion-1200-width":1200,"fusion-1200-height":1500,"portfolio-full":"https:\/\/www.visitsicily.info\/wp-content\/uploads\/2015\/09\/cibo_arancina-940x400.jpg","portfolio-full-width":940,"portfolio-full-height":400,"portfolio-one":"https:\/\/www.visitsicily.info\/wp-content\/uploads\/2015\/09\/cibo_arancina-540x272.jpg","portfolio-one-width":540,"portfolio-one-height":272,"portfolio-two":"https:\/\/www.visitsicily.info\/wp-content\/uploads\/2015\/09\/cibo_arancina-460x295.jpg","portfolio-two-width":460,"portfolio-two-height":295,"portfolio-three":"https:\/\/www.visitsicily.info\/wp-content\/uploads\/2015\/09\/cibo_arancina-300x214.jpg","portfolio-three-width":300,"portfolio-three-height":214,"portfolio-five":"https:\/\/www.visitsicily.info\/wp-content\/uploads\/2015\/09\/cibo_arancina-177x142.jpg","portfolio-five-width":177,"portfolio-five-height":142}},{"ID":102685,"id":102685,"title":"Erice - Castello di Venere - Archivio Regione Siciliana ph F.Sessa","filename":"Erice-Castello-di-Venere-Archivio-Regione-Siciliana-ph-F.Sessa_-scaled.jpg","filesize":888127,"url":"https:\/\/www.visitsicily.info\/wp-content\/uploads\/2025\/11\/Erice-Castello-di-Venere-Archivio-Regione-Siciliana-ph-F.Sessa_-scaled.jpg","link":"https:\/\/www.visitsicily.info\/fr\/attrazione\/funivia-per-erice-e-borgo-medievale\/erice-castello-di-venere-archivio-regione-siciliana-ph-f-sessa-2\/","alt":"Erice Archivio Regione Siciliana F.Sessa","author":"53","description":"Erice Archivio Regione Siciliana F.Sessa","caption":"Erice Archivio Regione Siciliana F.Sessa","name":"erice-castello-di-venere-archivio-regione-siciliana-ph-f-sessa-2","status":"inherit","uploaded_to":102700,"date":"2025-11-24 14:09:44","modified":"2025-11-24 14:11:00","menu_order":0,"mime_type":"image\/jpeg","type":"image","subtype":"jpeg","icon":"https:\/\/www.visitsicily.info\/wp-includes\/images\/media\/default.png","width":2560,"height":1706,"sizes":{"thumbnail":"https:\/\/www.visitsicily.info\/wp-content\/uploads\/2025\/11\/Erice-Castello-di-Venere-Archivio-Regione-Siciliana-ph-F.Sessa_-150x150.jpg","thumbnail-width":150,"thumbnail-height":150,"medium":"https:\/\/www.visitsicily.info\/wp-content\/uploads\/2025\/11\/Erice-Castello-di-Venere-Archivio-Regione-Siciliana-ph-F.Sessa_-300x200.jpg","medium-width":300,"medium-height":200,"medium_large":"https:\/\/www.visitsicily.info\/wp-content\/uploads\/2025\/11\/Erice-Castello-di-Venere-Archivio-Regione-Siciliana-ph-F.Sessa_-768x512.jpg","medium_large-width":768,"medium_large-height":512,"large":"https:\/\/www.visitsicily.info\/wp-content\/uploads\/2025\/11\/Erice-Castello-di-Venere-Archivio-Regione-Siciliana-ph-F.Sessa_-1024x683.jpg","large-width":1024,"large-height":683,"1536x1536":"https:\/\/www.visitsicily.info\/wp-content\/uploads\/2025\/11\/Erice-Castello-di-Venere-Archivio-Regione-Siciliana-ph-F.Sessa_-1536x1024.jpg","1536x1536-width":1536,"1536x1536-height":1024,"2048x2048":"https:\/\/www.visitsicily.info\/wp-content\/uploads\/2025\/11\/Erice-Castello-di-Venere-Archivio-Regione-Siciliana-ph-F.Sessa_-2048x1365.jpg","2048x2048-width":2048,"2048x2048-height":1365,"blog-large":"https:\/\/www.visitsicily.info\/wp-content\/uploads\/2025\/11\/Erice-Castello-di-Venere-Archivio-Regione-Siciliana-ph-F.Sessa_-669x272.jpg","blog-large-width":669,"blog-large-height":272,"blog-medium":"https:\/\/www.visitsicily.info\/wp-content\/uploads\/2025\/11\/Erice-Castello-di-Venere-Archivio-Regione-Siciliana-ph-F.Sessa_-320x202.jpg","blog-medium-width":320,"blog-medium-height":202,"recent-posts":"https:\/\/www.visitsicily.info\/wp-content\/uploads\/2025\/11\/Erice-Castello-di-Venere-Archivio-Regione-Siciliana-ph-F.Sessa_-700x441.jpg","recent-posts-width":700,"recent-posts-height":441,"recent-works-thumbnail":"https:\/\/www.visitsicily.info\/wp-content\/uploads\/2025\/11\/Erice-Castello-di-Venere-Archivio-Regione-Siciliana-ph-F.Sessa_-66x66.jpg","recent-works-thumbnail-width":66,"recent-works-thumbnail-height":66,"fusion-200":"https:\/\/www.visitsicily.info\/wp-content\/uploads\/2025\/11\/Erice-Castello-di-Venere-Archivio-Regione-Siciliana-ph-F.Sessa_-200x133.jpg","fusion-200-width":200,"fusion-200-height":133,"fusion-400":"https:\/\/www.visitsicily.info\/wp-content\/uploads\/2025\/11\/Erice-Castello-di-Venere-Archivio-Regione-Siciliana-ph-F.Sessa_-400x267.jpg","fusion-400-width":400,"fusion-400-height":267,"fusion-600":"https:\/\/www.visitsicily.info\/wp-content\/uploads\/2025\/11\/Erice-Castello-di-Venere-Archivio-Regione-Siciliana-ph-F.Sessa_-600x400.jpg","fusion-600-width":600,"fusion-600-height":400,"fusion-800":"https:\/\/www.visitsicily.info\/wp-content\/uploads\/2025\/11\/Erice-Castello-di-Venere-Archivio-Regione-Siciliana-ph-F.Sessa_-800x533.jpg","fusion-800-width":800,"fusion-800-height":533,"fusion-1200":"https:\/\/www.visitsicily.info\/wp-content\/uploads\/2025\/11\/Erice-Castello-di-Venere-Archivio-Regione-Siciliana-ph-F.Sessa_-1200x800.jpg","fusion-1200-width":1200,"fusion-1200-height":800,"portfolio-full":"https:\/\/www.visitsicily.info\/wp-content\/uploads\/2025\/11\/Erice-Castello-di-Venere-Archivio-Regione-Siciliana-ph-F.Sessa_-940x400.jpg","portfolio-full-width":940,"portfolio-full-height":400,"portfolio-one":"https:\/\/www.visitsicily.info\/wp-content\/uploads\/2025\/11\/Erice-Castello-di-Venere-Archivio-Regione-Siciliana-ph-F.Sessa_-540x272.jpg","portfolio-one-width":540,"portfolio-one-height":272,"portfolio-two":"https:\/\/www.visitsicily.info\/wp-content\/uploads\/2025\/11\/Erice-Castello-di-Venere-Archivio-Regione-Siciliana-ph-F.Sessa_-460x295.jpg","portfolio-two-width":460,"portfolio-two-height":295,"portfolio-three":"https:\/\/www.visitsicily.info\/wp-content\/uploads\/2025\/11\/Erice-Castello-di-Venere-Archivio-Regione-Siciliana-ph-F.Sessa_-300x214.jpg","portfolio-three-width":300,"portfolio-three-height":214,"portfolio-five":"https:\/\/www.visitsicily.info\/wp-content\/uploads\/2025\/11\/Erice-Castello-di-Venere-Archivio-Regione-Siciliana-ph-F.Sessa_-177x142.jpg","portfolio-five-width":177,"portfolio-five-height":142}},{"ID":110196,"id":110196,"title":"CULTURA_PALERMO_citta\u0300_01-Archivio Regione Siciliana JM","filename":"CULTURA_PALERMO_citta\u0300_01-Archivio-Regione-Siciliana-JM-scaled.jpg","filesize":946843,"url":"https:\/\/www.visitsicily.info\/wp-content\/uploads\/2026\/02\/CULTURA_PALERMO_citta\u0300_01-Archivio-Regione-Siciliana-JM-scaled.jpg","link":"https:\/\/www.visitsicily.info\/fr\/liaisons-aeriennes-sicile\/cultura_palermo_citta_01-archivio-regione-siciliana-jm-2\/","alt":"Palermo Archivio Regione Siciliana JM","author":"53","description":"Palermo Archivio Regione Siciliana JM","caption":"Palermo Archivio Regione Siciliana JM","name":"cultura_palermo_citta_01-archivio-regione-siciliana-jm-2","status":"inherit","uploaded_to":110340,"date":"2026-02-09 11:20:58","modified":"2026-03-26 11:36:25","menu_order":0,"mime_type":"image\/jpeg","type":"image","subtype":"jpeg","icon":"https:\/\/www.visitsicily.info\/wp-includes\/images\/media\/default.png","width":1916,"height":2560,"sizes":{"thumbnail":"https:\/\/www.visitsicily.info\/wp-content\/uploads\/2026\/02\/CULTURA_PALERMO_citta\u0300_01-Archivio-Regione-Siciliana-JM-150x150.jpg","thumbnail-width":150,"thumbnail-height":150,"medium":"https:\/\/www.visitsicily.info\/wp-content\/uploads\/2026\/02\/CULTURA_PALERMO_citta\u0300_01-Archivio-Regione-Siciliana-JM-224x300.jpg","medium-width":224,"medium-height":300,"medium_large":"https:\/\/www.visitsicily.info\/wp-content\/uploads\/2026\/02\/CULTURA_PALERMO_citta\u0300_01-Archivio-Regione-Siciliana-JM-768x1026.jpg","medium_large-width":768,"medium_large-height":1026,"large":"https:\/\/www.visitsicily.info\/wp-content\/uploads\/2026\/02\/CULTURA_PALERMO_citta\u0300_01-Archivio-Regione-Siciliana-JM-766x1024.jpg","large-width":766,"large-height":1024,"1536x1536":"https:\/\/www.visitsicily.info\/wp-content\/uploads\/2026\/02\/CULTURA_PALERMO_citta\u0300_01-Archivio-Regione-Siciliana-JM-1149x1536.jpg","1536x1536-width":1149,"1536x1536-height":1536,"2048x2048":"https:\/\/www.visitsicily.info\/wp-content\/uploads\/2026\/02\/CULTURA_PALERMO_citta\u0300_01-Archivio-Regione-Siciliana-JM-1532x2048.jpg","2048x2048-width":1532,"2048x2048-height":2048,"blog-large":"https:\/\/www.visitsicily.info\/wp-content\/uploads\/2026\/02\/CULTURA_PALERMO_citta\u0300_01-Archivio-Regione-Siciliana-JM-669x272.jpg","blog-large-width":669,"blog-large-height":272,"blog-medium":"https:\/\/www.visitsicily.info\/wp-content\/uploads\/2026\/02\/CULTURA_PALERMO_citta\u0300_01-Archivio-Regione-Siciliana-JM-320x202.jpg","blog-medium-width":320,"blog-medium-height":202,"recent-posts":"https:\/\/www.visitsicily.info\/wp-content\/uploads\/2026\/02\/CULTURA_PALERMO_citta\u0300_01-Archivio-Regione-Siciliana-JM-700x441.jpg","recent-posts-width":700,"recent-posts-height":441,"recent-works-thumbnail":"https:\/\/www.visitsicily.info\/wp-content\/uploads\/2026\/02\/CULTURA_PALERMO_citta\u0300_01-Archivio-Regione-Siciliana-JM-66x66.jpg","recent-works-thumbnail-width":66,"recent-works-thumbnail-height":66,"fusion-200":"https:\/\/www.visitsicily.info\/wp-content\/uploads\/2026\/02\/CULTURA_PALERMO_citta\u0300_01-Archivio-Regione-Siciliana-JM-200x267.jpg","fusion-200-width":200,"fusion-200-height":267,"fusion-400":"https:\/\/www.visitsicily.info\/wp-content\/uploads\/2026\/02\/CULTURA_PALERMO_citta\u0300_01-Archivio-Regione-Siciliana-JM-400x535.jpg","fusion-400-width":400,"fusion-400-height":535,"fusion-600":"https:\/\/www.visitsicily.info\/wp-content\/uploads\/2026\/02\/CULTURA_PALERMO_citta\u0300_01-Archivio-Regione-Siciliana-JM-600x802.jpg","fusion-600-width":600,"fusion-600-height":802,"fusion-800":"https:\/\/www.visitsicily.info\/wp-content\/uploads\/2026\/02\/CULTURA_PALERMO_citta\u0300_01-Archivio-Regione-Siciliana-JM-800x1069.jpg","fusion-800-width":800,"fusion-800-height":1069,"fusion-1200":"https:\/\/www.visitsicily.info\/wp-content\/uploads\/2026\/02\/CULTURA_PALERMO_citta\u0300_01-Archivio-Regione-Siciliana-JM-1200x1604.jpg","fusion-1200-width":1200,"fusion-1200-height":1604,"portfolio-full":"https:\/\/www.visitsicily.info\/wp-content\/uploads\/2026\/02\/CULTURA_PALERMO_citta\u0300_01-Archivio-Regione-Siciliana-JM-940x400.jpg","portfolio-full-width":940,"portfolio-full-height":400,"portfolio-one":"https:\/\/www.visitsicily.info\/wp-content\/uploads\/2026\/02\/CULTURA_PALERMO_citta\u0300_01-Archivio-Regione-Siciliana-JM-540x272.jpg","portfolio-one-width":540,"portfolio-one-height":272,"portfolio-two":"https:\/\/www.visitsicily.info\/wp-content\/uploads\/2026\/02\/CULTURA_PALERMO_citta\u0300_01-Archivio-Regione-Siciliana-JM-460x295.jpg","portfolio-two-width":460,"portfolio-two-height":295,"portfolio-three":"https:\/\/www.visitsicily.info\/wp-content\/uploads\/2026\/02\/CULTURA_PALERMO_citta\u0300_01-Archivio-Regione-Siciliana-JM-300x214.jpg","portfolio-three-width":300,"portfolio-three-height":214,"portfolio-five":"https:\/\/www.visitsicily.info\/wp-content\/uploads\/2026\/02\/CULTURA_PALERMO_citta\u0300_01-Archivio-Regione-Siciliana-JM-177x142.jpg","portfolio-five-width":177,"portfolio-five-height":142}},{"ID":110542,"id":110542,"title":"Valle dei Templi IMG_8064-HDR-Modifica","filename":"Valle-dei-Templi-IMG_8064-HDR-Modifica-scaled.jpg","filesize":1158857,"url":"https:\/\/www.visitsicily.info\/wp-content\/uploads\/2026\/02\/Valle-dei-Templi-IMG_8064-HDR-Modifica-scaled.jpg","link":"https:\/\/www.visitsicily.info\/fr\/printemps-en-sicile-floraison-paysages-et-randonnee\/valle-dei-templi-img_8064-hdr-modifica-2\/","alt":"Valle dei Templi - S.O","author":"53","description":"Valle dei Templi - S.Olimpo","caption":"Valle dei Templi - S.Olimpo","name":"valle-dei-templi-img_8064-hdr-modifica-2","status":"inherit","uploaded_to":110547,"date":"2026-02-12 14:47:18","modified":"2026-08-28 10:59:00","menu_order":0,"mime_type":"image\/jpeg","type":"image","subtype":"jpeg","icon":"https:\/\/www.visitsicily.info\/wp-includes\/images\/media\/default.png","width":2560,"height":1707,"sizes":{"thumbnail":"https:\/\/www.visitsicily.info\/wp-content\/uploads\/2026\/02\/Valle-dei-Templi-IMG_8064-HDR-Modifica-150x150.jpg","thumbnail-width":150,"thumbnail-height":150,"medium":"https:\/\/www.visitsicily.info\/wp-content\/uploads\/2026\/02\/Valle-dei-Templi-IMG_8064-HDR-Modifica-300x200.jpg","medium-width":300,"medium-height":200,"medium_large":"https:\/\/www.visitsicily.info\/wp-content\/uploads\/2026\/02\/Valle-dei-Templi-IMG_8064-HDR-Modifica-768x512.jpg","medium_large-width":768,"medium_large-height":512,"large":"https:\/\/www.visitsicily.info\/wp-content\/uploads\/2026\/02\/Valle-dei-Templi-IMG_8064-HDR-Modifica-1024x683.jpg","large-width":1024,"large-height":683,"1536x1536":"https:\/\/www.visitsicily.info\/wp-content\/uploads\/2026\/02\/Valle-dei-Templi-IMG_8064-HDR-Modifica-1536x1024.jpg","1536x1536-width":1536,"1536x1536-height":1024,"2048x2048":"https:\/\/www.visitsicily.info\/wp-content\/uploads\/2026\/02\/Valle-dei-Templi-IMG_8064-HDR-Modifica-2048x1365.jpg","2048x2048-width":2048,"2048x2048-height":1365,"blog-large":"https:\/\/www.visitsicily.info\/wp-content\/uploads\/2026\/02\/Valle-dei-Templi-IMG_8064-HDR-Modifica-669x272.jpg","blog-large-width":669,"blog-large-height":272,"blog-medium":"https:\/\/www.visitsicily.info\/wp-content\/uploads\/2026\/02\/Valle-dei-Templi-IMG_8064-HDR-Modifica-320x202.jpg","blog-medium-width":320,"blog-medium-height":202,"recent-posts":"https:\/\/www.visitsicily.info\/wp-content\/uploads\/2026\/02\/Valle-dei-Templi-IMG_8064-HDR-Modifica-700x441.jpg","recent-posts-width":700,"recent-posts-height":441,"recent-works-thumbnail":"https:\/\/www.visitsicily.info\/wp-content\/uploads\/2026\/02\/Valle-dei-Templi-IMG_8064-HDR-Modifica-66x66.jpg","recent-works-thumbnail-width":66,"recent-works-thumbnail-height":66,"fusion-200":"https:\/\/www.visitsicily.info\/wp-content\/uploads\/2026\/02\/Valle-dei-Templi-IMG_8064-HDR-Modifica-200x133.jpg","fusion-200-width":200,"fusion-200-height":133,"fusion-400":"https:\/\/www.visitsicily.info\/wp-content\/uploads\/2026\/02\/Valle-dei-Templi-IMG_8064-HDR-Modifica-400x267.jpg","fusion-400-width":400,"fusion-400-height":267,"fusion-600":"https:\/\/www.visitsicily.info\/wp-content\/uploads\/2026\/02\/Valle-dei-Templi-IMG_8064-HDR-Modifica-600x400.jpg","fusion-600-width":600,"fusion-600-height":400,"fusion-800":"https:\/\/www.visitsicily.info\/wp-content\/uploads\/2026\/02\/Valle-dei-Templi-IMG_8064-HDR-Modifica-800x533.jpg","fusion-800-width":800,"fusion-800-height":533,"fusion-1200":"https:\/\/www.visitsicily.info\/wp-content\/uploads\/2026\/02\/Valle-dei-Templi-IMG_8064-HDR-Modifica-1200x800.jpg","fusion-1200-width":1200,"fusion-1200-height":800,"portfolio-full":"https:\/\/www.visitsicily.info\/wp-content\/uploads\/2026\/02\/Valle-dei-Templi-IMG_8064-HDR-Modifica-940x400.jpg","portfolio-full-width":940,"portfolio-full-height":400,"portfolio-one":"https:\/\/www.visitsicily.info\/wp-content\/uploads\/2026\/02\/Valle-dei-Templi-IMG_8064-HDR-Modifica-540x272.jpg","portfolio-one-width":540,"portfolio-one-height":272,"portfolio-two":"https:\/\/www.visitsicily.info\/wp-content\/uploads\/2026\/02\/Valle-dei-Templi-IMG_8064-HDR-Modifica-460x295.jpg","portfolio-two-width":460,"portfolio-two-height":295,"portfolio-three":"https:\/\/www.visitsicily.info\/wp-content\/uploads\/2026\/02\/Valle-dei-Templi-IMG_8064-HDR-Modifica-300x214.jpg","portfolio-three-width":300,"portfolio-three-height":214,"portfolio-five":"https:\/\/www.visitsicily.info\/wp-content\/uploads\/2026\/02\/Valle-dei-Templi-IMG_8064-HDR-Modifica-177x142.jpg","portfolio-five-width":177,"portfolio-five-height":142}},{"ID":111529,"id":111529,"title":"Palermo_orto-botanico-dell'Universit\u00e0-degli-studi-di-palermo-@Archivio Regione Siciliana_JM","filename":"Palermo_orto-botanico-dellUniversita-degli-studi-di-palermo-@Archivio-Regione-Siciliana_JM-1.jpg","filesize":707473,"url":"https:\/\/www.visitsicily.info\/wp-content\/uploads\/2022\/02\/Palermo_orto-botanico-dellUniversita-degli-studi-di-palermo-@Archivio-Regione-Siciliana_JM-1.jpg","link":"https:\/\/www.visitsicily.info\/fr\/itinerario\/jardins-botaniques-de-sicile\/palermo_orto-botanico-delluniversita-degli-studi-di-palermo-archivio-regione-siciliana_jm-2-2\/","alt":"Palermo Orto botanico-dell'Universit\u00e0 degli Studi di Palermo-@Archivio Regione Siciliana_JM","author":"46","description":"Palermo Orto botanico-dell'Universit\u00e0 degli Studi di Palermo-@Archivio Regione Siciliana_JM","caption":"Palermo Orto botanico-dell'Universit\u00e0 degli Studi di Palermo-@Archivio Regione Siciliana_JM","name":"palermo_orto-botanico-delluniversita-degli-studi-di-palermo-archivio-regione-siciliana_jm-2-2","status":"inherit","uploaded_to":65020,"date":"2026-03-19 15:41:37","modified":"2026-03-19 15:43:44","menu_order":0,"mime_type":"image\/jpeg","type":"image","subtype":"jpeg","icon":"https:\/\/www.visitsicily.info\/wp-includes\/images\/media\/default.png","width":2000,"height":1275,"sizes":{"thumbnail":"https:\/\/www.visitsicily.info\/wp-content\/uploads\/2022\/02\/Palermo_orto-botanico-dellUniversita-degli-studi-di-palermo-@Archivio-Regione-Siciliana_JM-1-150x150.jpg","thumbnail-width":150,"thumbnail-height":150,"medium":"https:\/\/www.visitsicily.info\/wp-content\/uploads\/2022\/02\/Palermo_orto-botanico-dellUniversita-degli-studi-di-palermo-@Archivio-Regione-Siciliana_JM-1-300x191.jpg","medium-width":300,"medium-height":191,"medium_large":"https:\/\/www.visitsicily.info\/wp-content\/uploads\/2022\/02\/Palermo_orto-botanico-dellUniversita-degli-studi-di-palermo-@Archivio-Regione-Siciliana_JM-1-768x490.jpg","medium_large-width":768,"medium_large-height":490,"large":"https:\/\/www.visitsicily.info\/wp-content\/uploads\/2022\/02\/Palermo_orto-botanico-dellUniversita-degli-studi-di-palermo-@Archivio-Regione-Siciliana_JM-1-1024x653.jpg","large-width":1024,"large-height":653,"1536x1536":"https:\/\/www.visitsicily.info\/wp-content\/uploads\/2022\/02\/Palermo_orto-botanico-dellUniversita-degli-studi-di-palermo-@Archivio-Regione-Siciliana_JM-1-1536x979.jpg","1536x1536-width":1536,"1536x1536-height":979,"2048x2048":"https:\/\/www.visitsicily.info\/wp-content\/uploads\/2022\/02\/Palermo_orto-botanico-dellUniversita-degli-studi-di-palermo-@Archivio-Regione-Siciliana_JM-1.jpg","2048x2048-width":2000,"2048x2048-height":1275,"blog-large":"https:\/\/www.visitsicily.info\/wp-content\/uploads\/2022\/02\/Palermo_orto-botanico-dellUniversita-degli-studi-di-palermo-@Archivio-Regione-Siciliana_JM-1-669x272.jpg","blog-large-width":669,"blog-large-height":272,"blog-medium":"https:\/\/www.visitsicily.info\/wp-content\/uploads\/2022\/02\/Palermo_orto-botanico-dellUniversita-degli-studi-di-palermo-@Archivio-Regione-Siciliana_JM-1-320x202.jpg","blog-medium-width":320,"blog-medium-height":202,"recent-posts":"https:\/\/www.visitsicily.info\/wp-content\/uploads\/2022\/02\/Palermo_orto-botanico-dellUniversita-degli-studi-di-palermo-@Archivio-Regione-Siciliana_JM-1-700x441.jpg","recent-posts-width":700,"recent-posts-height":441,"recent-works-thumbnail":"https:\/\/www.visitsicily.info\/wp-content\/uploads\/2022\/02\/Palermo_orto-botanico-dellUniversita-degli-studi-di-palermo-@Archivio-Regione-Siciliana_JM-1-66x66.jpg","recent-works-thumbnail-width":66,"recent-works-thumbnail-height":66,"fusion-200":"https:\/\/www.visitsicily.info\/wp-content\/uploads\/2022\/02\/Palermo_orto-botanico-dellUniversita-degli-studi-di-palermo-@Archivio-Regione-Siciliana_JM-1-200x128.jpg","fusion-200-width":200,"fusion-200-height":128,"fusion-400":"https:\/\/www.visitsicily.info\/wp-content\/uploads\/2022\/02\/Palermo_orto-botanico-dellUniversita-degli-studi-di-palermo-@Archivio-Regione-Siciliana_JM-1-400x255.jpg","fusion-400-width":400,"fusion-400-height":255,"fusion-600":"https:\/\/www.visitsicily.info\/wp-content\/uploads\/2022\/02\/Palermo_orto-botanico-dellUniversita-degli-studi-di-palermo-@Archivio-Regione-Siciliana_JM-1-600x383.jpg","fusion-600-width":600,"fusion-600-height":383,"fusion-800":"https:\/\/www.visitsicily.info\/wp-content\/uploads\/2022\/02\/Palermo_orto-botanico-dellUniversita-degli-studi-di-palermo-@Archivio-Regione-Siciliana_JM-1-800x510.jpg","fusion-800-width":800,"fusion-800-height":510,"fusion-1200":"https:\/\/www.visitsicily.info\/wp-content\/uploads\/2022\/02\/Palermo_orto-botanico-dellUniversita-degli-studi-di-palermo-@Archivio-Regione-Siciliana_JM-1-1200x765.jpg","fusion-1200-width":1200,"fusion-1200-height":765,"portfolio-full":"https:\/\/www.visitsicily.info\/wp-content\/uploads\/2022\/02\/Palermo_orto-botanico-dellUniversita-degli-studi-di-palermo-@Archivio-Regione-Siciliana_JM-1-940x400.jpg","portfolio-full-width":940,"portfolio-full-height":400,"portfolio-one":"https:\/\/www.visitsicily.info\/wp-content\/uploads\/2022\/02\/Palermo_orto-botanico-dellUniversita-degli-studi-di-palermo-@Archivio-Regione-Siciliana_JM-1-540x272.jpg","portfolio-one-width":540,"portfolio-one-height":272,"portfolio-two":"https:\/\/www.visitsicily.info\/wp-content\/uploads\/2022\/02\/Palermo_orto-botanico-dellUniversita-degli-studi-di-palermo-@Archivio-Regione-Siciliana_JM-1-460x295.jpg","portfolio-two-width":460,"portfolio-two-height":295,"portfolio-three":"https:\/\/www.visitsicily.info\/wp-content\/uploads\/2022\/02\/Palermo_orto-botanico-dellUniversita-degli-studi-di-palermo-@Archivio-Regione-Siciliana_JM-1-300x214.jpg","portfolio-three-width":300,"portfolio-three-height":214,"portfolio-five":"https:\/\/www.visitsicily.info\/wp-content\/uploads\/2022\/02\/Palermo_orto-botanico-dellUniversita-degli-studi-di-palermo-@Archivio-Regione-Siciliana_JM-1-177x142.jpg","portfolio-five-width":177,"portfolio-five-height":142}},{"ID":111932,"id":111932,"title":"natura_trapani_mare_spiaggia-delle-mura-di-tramontana","filename":"natura_trapani_mare_spiaggia-delle-mura-di-tramontana.jpg","filesize":321991,"url":"https:\/\/www.visitsicily.info\/wp-content\/uploads\/2015\/09\/natura_trapani_mare_spiaggia-delle-mura-di-tramontana.jpg","link":"https:\/\/www.visitsicily.info\/fr\/localita\/trapani\/natura_trapani_mare_spiaggia-delle-mura-di-tramontana-2\/","alt":"Trapani spiaggia delle mura di tramontana @Archivio Regione Siciliana_JM","author":"46","description":"Trapani spiaggia delle mura di tramontana @Archivio Regione Siciliana_JM","caption":"Trapani spiaggia delle mura di tramontana @Archivio Regione Siciliana_JM","name":"natura_trapani_mare_spiaggia-delle-mura-di-tramontana-2","status":"inherit","uploaded_to":64260,"date":"2026-03-26 16:10:39","modified":"2026-03-26 16:11:23","menu_order":0,"mime_type":"image\/jpeg","type":"image","subtype":"jpeg","icon":"https:\/\/www.visitsicily.info\/wp-includes\/images\/media\/default.png","width":2000,"height":1225,"sizes":{"thumbnail":"https:\/\/www.visitsicily.info\/wp-content\/uploads\/2015\/09\/natura_trapani_mare_spiaggia-delle-mura-di-tramontana-150x150.jpg","thumbnail-width":150,"thumbnail-height":150,"medium":"https:\/\/www.visitsicily.info\/wp-content\/uploads\/2015\/09\/natura_trapani_mare_spiaggia-delle-mura-di-tramontana-300x184.jpg","medium-width":300,"medium-height":184,"medium_large":"https:\/\/www.visitsicily.info\/wp-content\/uploads\/2015\/09\/natura_trapani_mare_spiaggia-delle-mura-di-tramontana-768x470.jpg","medium_large-width":768,"medium_large-height":470,"large":"https:\/\/www.visitsicily.info\/wp-content\/uploads\/2015\/09\/natura_trapani_mare_spiaggia-delle-mura-di-tramontana-1024x627.jpg","large-width":1024,"large-height":627,"1536x1536":"https:\/\/www.visitsicily.info\/wp-content\/uploads\/2015\/09\/natura_trapani_mare_spiaggia-delle-mura-di-tramontana-1536x941.jpg","1536x1536-width":1536,"1536x1536-height":941,"2048x2048":"https:\/\/www.visitsicily.info\/wp-content\/uploads\/2015\/09\/natura_trapani_mare_spiaggia-delle-mura-di-tramontana.jpg","2048x2048-width":2000,"2048x2048-height":1225,"blog-large":"https:\/\/www.visitsicily.info\/wp-content\/uploads\/2015\/09\/natura_trapani_mare_spiaggia-delle-mura-di-tramontana-669x272.jpg","blog-large-width":669,"blog-large-height":272,"blog-medium":"https:\/\/www.visitsicily.info\/wp-content\/uploads\/2015\/09\/natura_trapani_mare_spiaggia-delle-mura-di-tramontana-320x202.jpg","blog-medium-width":320,"blog-medium-height":202,"recent-posts":"https:\/\/www.visitsicily.info\/wp-content\/uploads\/2015\/09\/natura_trapani_mare_spiaggia-delle-mura-di-tramontana-700x441.jpg","recent-posts-width":700,"recent-posts-height":441,"recent-works-thumbnail":"https:\/\/www.visitsicily.info\/wp-content\/uploads\/2015\/09\/natura_trapani_mare_spiaggia-delle-mura-di-tramontana-66x66.jpg","recent-works-thumbnail-width":66,"recent-works-thumbnail-height":66,"fusion-200":"https:\/\/www.visitsicily.info\/wp-content\/uploads\/2015\/09\/natura_trapani_mare_spiaggia-delle-mura-di-tramontana-200x123.jpg","fusion-200-width":200,"fusion-200-height":123,"fusion-400":"https:\/\/www.visitsicily.info\/wp-content\/uploads\/2015\/09\/natura_trapani_mare_spiaggia-delle-mura-di-tramontana-400x245.jpg","fusion-400-width":400,"fusion-400-height":245,"fusion-600":"https:\/\/www.visitsicily.info\/wp-content\/uploads\/2015\/09\/natura_trapani_mare_spiaggia-delle-mura-di-tramontana-600x368.jpg","fusion-600-width":600,"fusion-600-height":368,"fusion-800":"https:\/\/www.visitsicily.info\/wp-content\/uploads\/2015\/09\/natura_trapani_mare_spiaggia-delle-mura-di-tramontana-800x490.jpg","fusion-800-width":800,"fusion-800-height":490,"fusion-1200":"https:\/\/www.visitsicily.info\/wp-content\/uploads\/2015\/09\/natura_trapani_mare_spiaggia-delle-mura-di-tramontana-1200x735.jpg","fusion-1200-width":1200,"fusion-1200-height":735,"portfolio-full":"https:\/\/www.visitsicily.info\/wp-content\/uploads\/2015\/09\/natura_trapani_mare_spiaggia-delle-mura-di-tramontana-940x400.jpg","portfolio-full-width":940,"portfolio-full-height":400,"portfolio-one":"https:\/\/www.visitsicily.info\/wp-content\/uploads\/2015\/09\/natura_trapani_mare_spiaggia-delle-mura-di-tramontana-540x272.jpg","portfolio-one-width":540,"portfolio-one-height":272,"portfolio-two":"https:\/\/www.visitsicily.info\/wp-content\/uploads\/2015\/09\/natura_trapani_mare_spiaggia-delle-mura-di-tramontana-460x295.jpg","portfolio-two-width":460,"portfolio-two-height":295,"portfolio-three":"https:\/\/www.visitsicily.info\/wp-content\/uploads\/2015\/09\/natura_trapani_mare_spiaggia-delle-mura-di-tramontana-300x214.jpg","portfolio-three-width":300,"portfolio-three-height":214,"portfolio-five":"https:\/\/www.visitsicily.info\/wp-content\/uploads\/2015\/09\/natura_trapani_mare_spiaggia-delle-mura-di-tramontana-177x142.jpg","portfolio-five-width":177,"portfolio-five-height":142}},{"ID":111946,"id":111946,"title":"Trapani_chiesa-delle-anime-sante-del-purgatorio_federica sessa","filename":"Trapani_chiesa-delle-anime-sante-del-purgatorio_federica-sessa-scaled.jpg","filesize":653566,"url":"https:\/\/www.visitsicily.info\/wp-content\/uploads\/2015\/09\/Trapani_chiesa-delle-anime-sante-del-purgatorio_federica-sessa-scaled.jpg","link":"https:\/\/www.visitsicily.info\/fr\/localita\/trapani\/trapani_chiesa-delle-anime-sante-del-purgatorio_federica-sessa-2\/","alt":"Trapani Chiesa del-Purgatorio_federica sessa","author":"46","description":"Trapani Chiesa del-Purgatorio @ Archivio Regione Siciliana_Federica Sessa","caption":"Trapani Chiesa del-Purgatorio @ Archivio Regione Siciliana_Federica Sessa","name":"trapani_chiesa-delle-anime-sante-del-purgatorio_federica-sessa-2","status":"inherit","uploaded_to":64260,"date":"2026-03-26 16:59:04","modified":"2026-03-26 17:00:09","menu_order":0,"mime_type":"image\/jpeg","type":"image","subtype":"jpeg","icon":"https:\/\/www.visitsicily.info\/wp-includes\/images\/media\/default.png","width":2560,"height":1707,"sizes":{"thumbnail":"https:\/\/www.visitsicily.info\/wp-content\/uploads\/2015\/09\/Trapani_chiesa-delle-anime-sante-del-purgatorio_federica-sessa-150x150.jpg","thumbnail-width":150,"thumbnail-height":150,"medium":"https:\/\/www.visitsicily.info\/wp-content\/uploads\/2015\/09\/Trapani_chiesa-delle-anime-sante-del-purgatorio_federica-sessa-300x200.jpg","medium-width":300,"medium-height":200,"medium_large":"https:\/\/www.visitsicily.info\/wp-content\/uploads\/2015\/09\/Trapani_chiesa-delle-anime-sante-del-purgatorio_federica-sessa-768x512.jpg","medium_large-width":768,"medium_large-height":512,"large":"https:\/\/www.visitsicily.info\/wp-content\/uploads\/2015\/09\/Trapani_chiesa-delle-anime-sante-del-purgatorio_federica-sessa-1024x683.jpg","large-width":1024,"large-height":683,"1536x1536":"https:\/\/www.visitsicily.info\/wp-content\/uploads\/2015\/09\/Trapani_chiesa-delle-anime-sante-del-purgatorio_federica-sessa-1536x1024.jpg","1536x1536-width":1536,"1536x1536-height":1024,"2048x2048":"https:\/\/www.visitsicily.info\/wp-content\/uploads\/2015\/09\/Trapani_chiesa-delle-anime-sante-del-purgatorio_federica-sessa-2048x1366.jpg","2048x2048-width":2048,"2048x2048-height":1366,"blog-large":"https:\/\/www.visitsicily.info\/wp-content\/uploads\/2015\/09\/Trapani_chiesa-delle-anime-sante-del-purgatorio_federica-sessa-669x272.jpg","blog-large-width":669,"blog-large-height":272,"blog-medium":"https:\/\/www.visitsicily.info\/wp-content\/uploads\/2015\/09\/Trapani_chiesa-delle-anime-sante-del-purgatorio_federica-sessa-320x202.jpg","blog-medium-width":320,"blog-medium-height":202,"recent-posts":"https:\/\/www.visitsicily.info\/wp-content\/uploads\/2015\/09\/Trapani_chiesa-delle-anime-sante-del-purgatorio_federica-sessa-700x441.jpg","recent-posts-width":700,"recent-posts-height":441,"recent-works-thumbnail":"https:\/\/www.visitsicily.info\/wp-content\/uploads\/2015\/09\/Trapani_chiesa-delle-anime-sante-del-purgatorio_federica-sessa-66x66.jpg","recent-works-thumbnail-width":66,"recent-works-thumbnail-height":66,"fusion-200":"https:\/\/www.visitsicily.info\/wp-content\/uploads\/2015\/09\/Trapani_chiesa-delle-anime-sante-del-purgatorio_federica-sessa-200x133.jpg","fusion-200-width":200,"fusion-200-height":133,"fusion-400":"https:\/\/www.visitsicily.info\/wp-content\/uploads\/2015\/09\/Trapani_chiesa-delle-anime-sante-del-purgatorio_federica-sessa-400x267.jpg","fusion-400-width":400,"fusion-400-height":267,"fusion-600":"https:\/\/www.visitsicily.info\/wp-content\/uploads\/2015\/09\/Trapani_chiesa-delle-anime-sante-del-purgatorio_federica-sessa-600x400.jpg","fusion-600-width":600,"fusion-600-height":400,"fusion-800":"https:\/\/www.visitsicily.info\/wp-content\/uploads\/2015\/09\/Trapani_chiesa-delle-anime-sante-del-purgatorio_federica-sessa-800x533.jpg","fusion-800-width":800,"fusion-800-height":533,"fusion-1200":"https:\/\/www.visitsicily.info\/wp-content\/uploads\/2015\/09\/Trapani_chiesa-delle-anime-sante-del-purgatorio_federica-sessa-1200x800.jpg","fusion-1200-width":1200,"fusion-1200-height":800,"portfolio-full":"https:\/\/www.visitsicily.info\/wp-content\/uploads\/2015\/09\/Trapani_chiesa-delle-anime-sante-del-purgatorio_federica-sessa-940x400.jpg","portfolio-full-width":940,"portfolio-full-height":400,"portfolio-one":"https:\/\/www.visitsicily.info\/wp-content\/uploads\/2015\/09\/Trapani_chiesa-delle-anime-sante-del-purgatorio_federica-sessa-540x272.jpg","portfolio-one-width":540,"portfolio-one-height":272,"portfolio-two":"https:\/\/www.visitsicily.info\/wp-content\/uploads\/2015\/09\/Trapani_chiesa-delle-anime-sante-del-purgatorio_federica-sessa-460x295.jpg","portfolio-two-width":460,"portfolio-two-height":295,"portfolio-three":"https:\/\/www.visitsicily.info\/wp-content\/uploads\/2015\/09\/Trapani_chiesa-delle-anime-sante-del-purgatorio_federica-sessa-300x214.jpg","portfolio-three-width":300,"portfolio-three-height":214,"portfolio-five":"https:\/\/www.visitsicily.info\/wp-content\/uploads\/2015\/09\/Trapani_chiesa-delle-anime-sante-del-purgatorio_federica-sessa-177x142.jpg","portfolio-five-width":177,"portfolio-five-height":142}},{"ID":115730,"id":115730,"title":"Cattedrale di Palermo - Archivio Regione Siciliana - Mathia Coco","filename":"Cattedrale-di-Palermo-Archivio-Regione-Siciliana-Mathia-Coco.jpg","filesize":616460,"url":"https:\/\/www.visitsicily.info\/wp-content\/uploads\/2025\/10\/Cattedrale-di-Palermo-Archivio-Regione-Siciliana-Mathia-Coco.jpg","link":"https:\/\/www.visitsicily.info\/fr\/itinerario\/cosa-fare-tre-giorni-a-palermo\/cattedrale-di-palermo-archivio-regione-siciliana-mathia-coco-2\/","alt":"Cattedrale di Palermo - Archivio Regione Siciliana - Mathia Coco","author":"46","description":"Cattedrale di Palermo - Archivio Regione Siciliana - Mathia Coco","caption":"Cattedrale di Palermo - Archivio Regione Siciliana - Mathia Coco","name":"cattedrale-di-palermo-archivio-regione-siciliana-mathia-coco-2","status":"inherit","uploaded_to":99047,"date":"2026-05-14 15:11:32","modified":"2026-08-13 16:42:16","menu_order":0,"mime_type":"image\/jpeg","type":"image","subtype":"jpeg","icon":"https:\/\/www.visitsicily.info\/wp-includes\/images\/media\/default.png","width":2000,"height":1333,"sizes":{"thumbnail":"https:\/\/www.visitsicily.info\/wp-content\/uploads\/2025\/10\/Cattedrale-di-Palermo-Archivio-Regione-Siciliana-Mathia-Coco-150x150.jpg","thumbnail-width":150,"thumbnail-height":150,"medium":"https:\/\/www.visitsicily.info\/wp-content\/uploads\/2025\/10\/Cattedrale-di-Palermo-Archivio-Regione-Siciliana-Mathia-Coco-300x200.jpg","medium-width":300,"medium-height":200,"medium_large":"https:\/\/www.visitsicily.info\/wp-content\/uploads\/2025\/10\/Cattedrale-di-Palermo-Archivio-Regione-Siciliana-Mathia-Coco-768x512.jpg","medium_large-width":768,"medium_large-height":512,"large":"https:\/\/www.visitsicily.info\/wp-content\/uploads\/2025\/10\/Cattedrale-di-Palermo-Archivio-Regione-Siciliana-Mathia-Coco-1024x682.jpg","large-width":1024,"large-height":682,"1536x1536":"https:\/\/www.visitsicily.info\/wp-content\/uploads\/2025\/10\/Cattedrale-di-Palermo-Archivio-Regione-Siciliana-Mathia-Coco-1536x1024.jpg","1536x1536-width":1536,"1536x1536-height":1024,"2048x2048":"https:\/\/www.visitsicily.info\/wp-content\/uploads\/2025\/10\/Cattedrale-di-Palermo-Archivio-Regione-Siciliana-Mathia-Coco.jpg","2048x2048-width":2000,"2048x2048-height":1333,"blog-large":"https:\/\/www.visitsicily.info\/wp-content\/uploads\/2025\/10\/Cattedrale-di-Palermo-Archivio-Regione-Siciliana-Mathia-Coco-669x272.jpg","blog-large-width":669,"blog-large-height":272,"blog-medium":"https:\/\/www.visitsicily.info\/wp-content\/uploads\/2025\/10\/Cattedrale-di-Palermo-Archivio-Regione-Siciliana-Mathia-Coco-320x202.jpg","blog-medium-width":320,"blog-medium-height":202,"recent-posts":"https:\/\/www.visitsicily.info\/wp-content\/uploads\/2025\/10\/Cattedrale-di-Palermo-Archivio-Regione-Siciliana-Mathia-Coco-700x441.jpg","recent-posts-width":700,"recent-posts-height":441,"recent-works-thumbnail":"https:\/\/www.visitsicily.info\/wp-content\/uploads\/2025\/10\/Cattedrale-di-Palermo-Archivio-Regione-Siciliana-Mathia-Coco-66x66.jpg","recent-works-thumbnail-width":66,"recent-works-thumbnail-height":66,"fusion-200":"https:\/\/www.visitsicily.info\/wp-content\/uploads\/2025\/10\/Cattedrale-di-Palermo-Archivio-Regione-Siciliana-Mathia-Coco-200x133.jpg","fusion-200-width":200,"fusion-200-height":133,"fusion-400":"https:\/\/www.visitsicily.info\/wp-content\/uploads\/2025\/10\/Cattedrale-di-Palermo-Archivio-Regione-Siciliana-Mathia-Coco-400x267.jpg","fusion-400-width":400,"fusion-400-height":267,"fusion-600":"https:\/\/www.visitsicily.info\/wp-content\/uploads\/2025\/10\/Cattedrale-di-Palermo-Archivio-Regione-Siciliana-Mathia-Coco-600x400.jpg","fusion-600-width":600,"fusion-600-height":400,"fusion-800":"https:\/\/www.visitsicily.info\/wp-content\/uploads\/2025\/10\/Cattedrale-di-Palermo-Archivio-Regione-Siciliana-Mathia-Coco-800x533.jpg","fusion-800-width":800,"fusion-800-height":533,"fusion-1200":"https:\/\/www.visitsicily.info\/wp-content\/uploads\/2025\/10\/Cattedrale-di-Palermo-Archivio-Regione-Siciliana-Mathia-Coco-1200x800.jpg","fusion-1200-width":1200,"fusion-1200-height":800,"portfolio-full":"https:\/\/www.visitsicily.info\/wp-content\/uploads\/2025\/10\/Cattedrale-di-Palermo-Archivio-Regione-Siciliana-Mathia-Coco-940x400.jpg","portfolio-full-width":940,"portfolio-full-height":400,"portfolio-one":"https:\/\/www.visitsicily.info\/wp-content\/uploads\/2025\/10\/Cattedrale-di-Palermo-Archivio-Regione-Siciliana-Mathia-Coco-540x272.jpg","portfolio-one-width":540,"portfolio-one-height":272,"portfolio-two":"https:\/\/www.visitsicily.info\/wp-content\/uploads\/2025\/10\/Cattedrale-di-Palermo-Archivio-Regione-Siciliana-Mathia-Coco-460x295.jpg","portfolio-two-width":460,"portfolio-two-height":295,"portfolio-three":"https:\/\/www.visitsicily.info\/wp-content\/uploads\/2025\/10\/Cattedrale-di-Palermo-Archivio-Regione-Siciliana-Mathia-Coco-300x214.jpg","portfolio-three-width":300,"portfolio-three-height":214,"portfolio-five":"https:\/\/www.visitsicily.info\/wp-content\/uploads\/2025\/10\/Cattedrale-di-Palermo-Archivio-Regione-Siciliana-Mathia-Coco-177x142.jpg","portfolio-five-width":177,"portfolio-five-height":142}},{"ID":116717,"id":116717,"title":"Selinunte-Panorama Arch. Regione Siciliana S.Olimpo","filename":"Selinunte-Panorama-Arch.-Regione-Siciliana-S.Olimpo-scaled.jpg","filesize":1224991,"url":"https:\/\/www.visitsicily.info\/wp-content\/uploads\/2022\/02\/Selinunte-Panorama-Arch.-Regione-Siciliana-S.Olimpo-scaled.jpg","link":"https:\/\/www.visitsicily.info\/fr\/itinerario\/parcs-archeologiques-de-segesta-selinunte-et-lilibeo\/selinunte-panorama-arch-regione-siciliana-s-olimpo-2\/","alt":"Selinunte-Panorama Arch. Regione Siciliana S.Olimpo","author":"46","description":"Selinunte-Panorama Arch. Regione Siciliana S.Olimpo","caption":"Selinunte-Panorama Arch. Regione Siciliana S.Olimpo","name":"selinunte-panorama-arch-regione-siciliana-s-olimpo-2","status":"inherit","uploaded_to":65047,"date":"2026-07-02 08:50:46","modified":"2026-08-28 10:57:28","menu_order":0,"mime_type":"image\/jpeg","type":"image","subtype":"jpeg","icon":"https:\/\/www.visitsicily.info\/wp-includes\/images\/media\/default.png","width":2560,"height":2048,"sizes":{"thumbnail":"https:\/\/www.visitsicily.info\/wp-content\/uploads\/2022\/02\/Selinunte-Panorama-Arch.-Regione-Siciliana-S.Olimpo-150x150.jpg","thumbnail-width":150,"thumbnail-height":150,"medium":"https:\/\/www.visitsicily.info\/wp-content\/uploads\/2022\/02\/Selinunte-Panorama-Arch.-Regione-Siciliana-S.Olimpo-300x240.jpg","medium-width":300,"medium-height":240,"medium_large":"https:\/\/www.visitsicily.info\/wp-content\/uploads\/2022\/02\/Selinunte-Panorama-Arch.-Regione-Siciliana-S.Olimpo-768x614.jpg","medium_large-width":768,"medium_large-height":614,"large":"https:\/\/www.visitsicily.info\/wp-content\/uploads\/2022\/02\/Selinunte-Panorama-Arch.-Regione-Siciliana-S.Olimpo-1024x819.jpg","large-width":1024,"large-height":819,"1536x1536":"https:\/\/www.visitsicily.info\/wp-content\/uploads\/2022\/02\/Selinunte-Panorama-Arch.-Regione-Siciliana-S.Olimpo-1536x1229.jpg","1536x1536-width":1536,"1536x1536-height":1229,"2048x2048":"https:\/\/www.visitsicily.info\/wp-content\/uploads\/2022\/02\/Selinunte-Panorama-Arch.-Regione-Siciliana-S.Olimpo-2048x1638.jpg","2048x2048-width":2048,"2048x2048-height":1638,"blog-large":"https:\/\/www.visitsicily.info\/wp-content\/uploads\/2022\/02\/Selinunte-Panorama-Arch.-Regione-Siciliana-S.Olimpo-669x272.jpg","blog-large-width":669,"blog-large-height":272,"blog-medium":"https:\/\/www.visitsicily.info\/wp-content\/uploads\/2022\/02\/Selinunte-Panorama-Arch.-Regione-Siciliana-S.Olimpo-320x202.jpg","blog-medium-width":320,"blog-medium-height":202,"recent-posts":"https:\/\/www.visitsicily.info\/wp-content\/uploads\/2022\/02\/Selinunte-Panorama-Arch.-Regione-Siciliana-S.Olimpo-700x441.jpg","recent-posts-width":700,"recent-posts-height":441,"recent-works-thumbnail":"https:\/\/www.visitsicily.info\/wp-content\/uploads\/2022\/02\/Selinunte-Panorama-Arch.-Regione-Siciliana-S.Olimpo-66x66.jpg","recent-works-thumbnail-width":66,"recent-works-thumbnail-height":66,"fusion-200":"https:\/\/www.visitsicily.info\/wp-content\/uploads\/2022\/02\/Selinunte-Panorama-Arch.-Regione-Siciliana-S.Olimpo-200x160.jpg","fusion-200-width":200,"fusion-200-height":160,"fusion-400":"https:\/\/www.visitsicily.info\/wp-content\/uploads\/2022\/02\/Selinunte-Panorama-Arch.-Regione-Siciliana-S.Olimpo-400x320.jpg","fusion-400-width":400,"fusion-400-height":320,"fusion-600":"https:\/\/www.visitsicily.info\/wp-content\/uploads\/2022\/02\/Selinunte-Panorama-Arch.-Regione-Siciliana-S.Olimpo-600x480.jpg","fusion-600-width":600,"fusion-600-height":480,"fusion-800":"https:\/\/www.visitsicily.info\/wp-content\/uploads\/2022\/02\/Selinunte-Panorama-Arch.-Regione-Siciliana-S.Olimpo-800x640.jpg","fusion-800-width":800,"fusion-800-height":640,"fusion-1200":"https:\/\/www.visitsicily.info\/wp-content\/uploads\/2022\/02\/Selinunte-Panorama-Arch.-Regione-Siciliana-S.Olimpo-1200x960.jpg","fusion-1200-width":1200,"fusion-1200-height":960,"portfolio-full":"https:\/\/www.visitsicily.info\/wp-content\/uploads\/2022\/02\/Selinunte-Panorama-Arch.-Regione-Siciliana-S.Olimpo-940x400.jpg","portfolio-full-width":940,"portfolio-full-height":400,"portfolio-one":"https:\/\/www.visitsicily.info\/wp-content\/uploads\/2022\/02\/Selinunte-Panorama-Arch.-Regione-Siciliana-S.Olimpo-540x272.jpg","portfolio-one-width":540,"portfolio-one-height":272,"portfolio-two":"https:\/\/www.visitsicily.info\/wp-content\/uploads\/2022\/02\/Selinunte-Panorama-Arch.-Regione-Siciliana-S.Olimpo-460x295.jpg","portfolio-two-width":460,"portfolio-two-height":295,"portfolio-three":"https:\/\/www.visitsicily.info\/wp-content\/uploads\/2022\/02\/Selinunte-Panorama-Arch.-Regione-Siciliana-S.Olimpo-300x214.jpg","portfolio-three-width":300,"portfolio-three-height":214,"portfolio-five":"https:\/\/www.visitsicily.info\/wp-content\/uploads\/2022\/02\/Selinunte-Panorama-Arch.-Regione-Siciliana-S.Olimpo-177x142.jpg","portfolio-five-width":177,"portfolio-five-height":142}},{"ID":117287,"id":117287,"title":"Castellammare del Golfo_1-Salvo Olimpo","filename":"Castellammare-del-Golfo_1-Salvo-Olimpo-scaled.jpg","filesize":1147326,"url":"https:\/\/www.visitsicily.info\/wp-content\/uploads\/2015\/10\/Castellammare-del-Golfo_1-Salvo-Olimpo-scaled.jpg","link":"https:\/\/www.visitsicily.info\/fr\/itinerario\/tour-de-la-sicile-occidentale\/castellammare-del-golfo_1-salvo-olimpo-2\/","alt":"Castellammare del Golfo_1-Salvo Olimpo","author":"46","description":"Castellammare del Golfo_1-Salvo Olimpo","caption":"Castellammare del Golfo_1-Salvo Olimpo","name":"castellammare-del-golfo_1-salvo-olimpo-2","status":"inherit","uploaded_to":64305,"date":"2026-08-28 10:44:19","modified":"2026-08-28 10:49:39","menu_order":0,"mime_type":"image\/jpeg","type":"image","subtype":"jpeg","icon":"https:\/\/www.visitsicily.info\/wp-includes\/images\/media\/default.png","width":2560,"height":1733,"sizes":{"thumbnail":"https:\/\/www.visitsicily.info\/wp-content\/uploads\/2015\/10\/Castellammare-del-Golfo_1-Salvo-Olimpo-150x150.jpg","thumbnail-width":150,"thumbnail-height":150,"medium":"https:\/\/www.visitsicily.info\/wp-content\/uploads\/2015\/10\/Castellammare-del-Golfo_1-Salvo-Olimpo-300x203.jpg","medium-width":300,"medium-height":203,"medium_large":"https:\/\/www.visitsicily.info\/wp-content\/uploads\/2015\/10\/Castellammare-del-Golfo_1-Salvo-Olimpo-768x520.jpg","medium_large-width":768,"medium_large-height":520,"large":"https:\/\/www.visitsicily.info\/wp-content\/uploads\/2015\/10\/Castellammare-del-Golfo_1-Salvo-Olimpo-1024x693.jpg","large-width":1024,"large-height":693,"1536x1536":"https:\/\/www.visitsicily.info\/wp-content\/uploads\/2015\/10\/Castellammare-del-Golfo_1-Salvo-Olimpo-1536x1040.jpg","1536x1536-width":1536,"1536x1536-height":1040,"2048x2048":"https:\/\/www.visitsicily.info\/wp-content\/uploads\/2015\/10\/Castellammare-del-Golfo_1-Salvo-Olimpo-2048x1387.jpg","2048x2048-width":2048,"2048x2048-height":1387,"blog-large":"https:\/\/www.visitsicily.info\/wp-content\/uploads\/2015\/10\/Castellammare-del-Golfo_1-Salvo-Olimpo-669x272.jpg","blog-large-width":669,"blog-large-height":272,"blog-medium":"https:\/\/www.visitsicily.info\/wp-content\/uploads\/2015\/10\/Castellammare-del-Golfo_1-Salvo-Olimpo-320x202.jpg","blog-medium-width":320,"blog-medium-height":202,"recent-posts":"https:\/\/www.visitsicily.info\/wp-content\/uploads\/2015\/10\/Castellammare-del-Golfo_1-Salvo-Olimpo-700x441.jpg","recent-posts-width":700,"recent-posts-height":441,"recent-works-thumbnail":"https:\/\/www.visitsicily.info\/wp-content\/uploads\/2015\/10\/Castellammare-del-Golfo_1-Salvo-Olimpo-66x66.jpg","recent-works-thumbnail-width":66,"recent-works-thumbnail-height":66,"fusion-200":"https:\/\/www.visitsicily.info\/wp-content\/uploads\/2015\/10\/Castellammare-del-Golfo_1-Salvo-Olimpo-200x135.jpg","fusion-200-width":200,"fusion-200-height":135,"fusion-400":"https:\/\/www.visitsicily.info\/wp-content\/uploads\/2015\/10\/Castellammare-del-Golfo_1-Salvo-Olimpo-400x271.jpg","fusion-400-width":400,"fusion-400-height":271,"fusion-600":"https:\/\/www.visitsicily.info\/wp-content\/uploads\/2015\/10\/Castellammare-del-Golfo_1-Salvo-Olimpo-600x406.jpg","fusion-600-width":600,"fusion-600-height":406,"fusion-800":"https:\/\/www.visitsicily.info\/wp-content\/uploads\/2015\/10\/Castellammare-del-Golfo_1-Salvo-Olimpo-800x542.jpg","fusion-800-width":800,"fusion-800-height":542,"fusion-1200":"https:\/\/www.visitsicily.info\/wp-content\/uploads\/2015\/10\/Castellammare-del-Golfo_1-Salvo-Olimpo-1200x812.jpg","fusion-1200-width":1200,"fusion-1200-height":812,"portfolio-full":"https:\/\/www.visitsicily.info\/wp-content\/uploads\/2015\/10\/Castellammare-del-Golfo_1-Salvo-Olimpo-940x400.jpg","portfolio-full-width":940,"portfolio-full-height":400,"portfolio-one":"https:\/\/www.visitsicily.info\/wp-content\/uploads\/2015\/10\/Castellammare-del-Golfo_1-Salvo-Olimpo-540x272.jpg","portfolio-one-width":540,"portfolio-one-height":272,"portfolio-two":"https:\/\/www.visitsicily.info\/wp-content\/uploads\/2015\/10\/Castellammare-del-Golfo_1-Salvo-Olimpo-460x295.jpg","portfolio-two-width":460,"portfolio-two-height":295,"portfolio-three":"https:\/\/www.visitsicily.info\/wp-content\/uploads\/2015\/10\/Castellammare-del-Golfo_1-Salvo-Olimpo-300x214.jpg","portfolio-three-width":300,"portfolio-three-height":214,"portfolio-five":"https:\/\/www.visitsicily.info\/wp-content\/uploads\/2015\/10\/Castellammare-del-Golfo_1-Salvo-Olimpo-177x142.jpg","portfolio-five-width":177,"portfolio-five-height":142}},{"ID":117291,"id":117291,"title":"Alcamo_street-art-murales-emanuele-poki","filename":"Alcamo_street-art-murales-emanuele-poki-scaled.jpg","filesize":992312,"url":"https:\/\/www.visitsicily.info\/wp-content\/uploads\/2015\/10\/Alcamo_street-art-murales-emanuele-poki-scaled.jpg","link":"https:\/\/www.visitsicily.info\/fr\/itinerario\/tour-de-la-sicile-occidentale\/alcamo_street-art-murales-emanuele-poki-2\/","alt":"","author":"46","description":"","caption":"","name":"alcamo_street-art-murales-emanuele-poki-2","status":"inherit","uploaded_to":64305,"date":"2026-08-28 10:51:39","modified":"2026-08-28 10:51:39","menu_order":0,"mime_type":"image\/jpeg","type":"image","subtype":"jpeg","icon":"https:\/\/www.visitsicily.info\/wp-includes\/images\/media\/default.png","width":2560,"height":1707,"sizes":{"thumbnail":"https:\/\/www.visitsicily.info\/wp-content\/uploads\/2015\/10\/Alcamo_street-art-murales-emanuele-poki-150x150.jpg","thumbnail-width":150,"thumbnail-height":150,"medium":"https:\/\/www.visitsicily.info\/wp-content\/uploads\/2015\/10\/Alcamo_street-art-murales-emanuele-poki-300x200.jpg","medium-width":300,"medium-height":200,"medium_large":"https:\/\/www.visitsicily.info\/wp-content\/uploads\/2015\/10\/Alcamo_street-art-murales-emanuele-poki-768x512.jpg","medium_large-width":768,"medium_large-height":512,"large":"https:\/\/www.visitsicily.info\/wp-content\/uploads\/2015\/10\/Alcamo_street-art-murales-emanuele-poki-1024x683.jpg","large-width":1024,"large-height":683,"1536x1536":"https:\/\/www.visitsicily.info\/wp-content\/uploads\/2015\/10\/Alcamo_street-art-murales-emanuele-poki-1536x1024.jpg","1536x1536-width":1536,"1536x1536-height":1024,"2048x2048":"https:\/\/www.visitsicily.info\/wp-content\/uploads\/2015\/10\/Alcamo_street-art-murales-emanuele-poki-2048x1365.jpg","2048x2048-width":2048,"2048x2048-height":1365,"blog-large":"https:\/\/www.visitsicily.info\/wp-content\/uploads\/2015\/10\/Alcamo_street-art-murales-emanuele-poki-669x272.jpg","blog-large-width":669,"blog-large-height":272,"blog-medium":"https:\/\/www.visitsicily.info\/wp-content\/uploads\/2015\/10\/Alcamo_street-art-murales-emanuele-poki-320x202.jpg","blog-medium-width":320,"blog-medium-height":202,"recent-posts":"https:\/\/www.visitsicily.info\/wp-content\/uploads\/2015\/10\/Alcamo_street-art-murales-emanuele-poki-700x441.jpg","recent-posts-width":700,"recent-posts-height":441,"recent-works-thumbnail":"https:\/\/www.visitsicily.info\/wp-content\/uploads\/2015\/10\/Alcamo_street-art-murales-emanuele-poki-66x66.jpg","recent-works-thumbnail-width":66,"recent-works-thumbnail-height":66,"fusion-200":"https:\/\/www.visitsicily.info\/wp-content\/uploads\/2015\/10\/Alcamo_street-art-murales-emanuele-poki-200x133.jpg","fusion-200-width":200,"fusion-200-height":133,"fusion-400":"https:\/\/www.visitsicily.info\/wp-content\/uploads\/2015\/10\/Alcamo_street-art-murales-emanuele-poki-400x267.jpg","fusion-400-width":400,"fusion-400-height":267,"fusion-600":"https:\/\/www.visitsicily.info\/wp-content\/uploads\/2015\/10\/Alcamo_street-art-murales-emanuele-poki-600x400.jpg","fusion-600-width":600,"fusion-600-height":400,"fusion-800":"https:\/\/www.visitsicily.info\/wp-content\/uploads\/2015\/10\/Alcamo_street-art-murales-emanuele-poki-800x533.jpg","fusion-800-width":800,"fusion-800-height":533,"fusion-1200":"https:\/\/www.visitsicily.info\/wp-content\/uploads\/2015\/10\/Alcamo_street-art-murales-emanuele-poki-1200x800.jpg","fusion-1200-width":1200,"fusion-1200-height":800,"portfolio-full":"https:\/\/www.visitsicily.info\/wp-content\/uploads\/2015\/10\/Alcamo_street-art-murales-emanuele-poki-940x400.jpg","portfolio-full-width":940,"portfolio-full-height":400,"portfolio-one":"https:\/\/www.visitsicily.info\/wp-content\/uploads\/2015\/10\/Alcamo_street-art-murales-emanuele-poki-540x272.jpg","portfolio-one-width":540,"portfolio-one-height":272,"portfolio-two":"https:\/\/www.visitsicily.info\/wp-content\/uploads\/2015\/10\/Alcamo_street-art-murales-emanuele-poki-460x295.jpg","portfolio-two-width":460,"portfolio-two-height":295,"portfolio-three":"https:\/\/www.visitsicily.info\/wp-content\/uploads\/2015\/10\/Alcamo_street-art-murales-emanuele-poki-300x214.jpg","portfolio-three-width":300,"portfolio-three-height":214,"portfolio-five":"https:\/\/www.visitsicily.info\/wp-content\/uploads\/2015\/10\/Alcamo_street-art-murales-emanuele-poki-177x142.jpg","portfolio-five-width":177,"portfolio-five-height":142}}],"localizzazione":"<div class=\"leaflet-map\" data-height=\"400\" data-map=\"leaflet\" data-map-lng=\"13.0023193\" data-map-lat=\"37.7620299\" data-map-zoom=\"7\" data-map-layers=\"[&quot;CartoDB.Voyager&quot;]\" data-map-markers=\"[{&quot;label&quot;:&quot;Palermo&quot;,&quot;default_label&quot;:&quot;Palermo, Sicilia Italia&quot;,&quot;lat&quot;:38.111226799999997,&quot;lng&quot;:13.3524434,&quot;uuid&quot;:&quot;marker_6a9163fe1c9e7&quot;},{&quot;label&quot;:&quot;Trapani&quot;,&quot;default_label&quot;:&quot;91100 Trapani, Sicilia Italia&quot;,&quot;lat&quot;:38.017432100000001,&quot;lng&quot;:12.515992000000001,&quot;uuid&quot;:&quot;marker_6a9163fe1c9e8&quot;},{&quot;label&quot;:&quot;91011 Alcamo, Sicilia Italia&quot;,&quot;default_label&quot;:&quot;91011 Alcamo, Sicilia Italia&quot;,&quot;lat&quot;:37.976649700000003,&quot;lng&quot;:12.962673499999999,&quot;geocode&quot;:[{&quot;name&quot;:&quot;Alcamo, Trapani, Sicilia, 91011, Italia&quot;,&quot;html&quot;:&quot;91011 Alcamo, Sicilia Italia&quot;,&quot;bbox&quot;:{&quot;_southWest&quot;:{&quot;lat&quot;:37.8970512,&quot;lng&quot;:12.896353},&quot;_northEast&quot;:{&quot;lat&quot;:38.039885699999999,&quot;lng&quot;:13.0540257}},&quot;center&quot;:{&quot;lat&quot;:37.976649700000003,&quot;lng&quot;:12.962673499999999},&quot;properties&quot;:{&quot;place_id&quot;:54040576,&quot;licence&quot;:&quot;Data \\u00a9 OpenStreetMap contributors, ODbL 1.0. http:\\\/\\\/osm.org\\\/copyright&quot;,&quot;osm_type&quot;:&quot;relation&quot;,&quot;osm_id&quot;:39412,&quot;lat&quot;:&quot;37.9766497&quot;,&quot;lon&quot;:&quot;12.9626735&quot;,&quot;class&quot;:&quot;boundary&quot;,&quot;type&quot;:&quot;administrative&quot;,&quot;place_rank&quot;:16,&quot;importance&quot;:0.5091243998608328,&quot;addresstype&quot;:&quot;town&quot;,&quot;name&quot;:&quot;Alcamo&quot;,&quot;display_name&quot;:&quot;Alcamo, Trapani, Sicilia, 91011, Italia&quot;,&quot;address&quot;:{&quot;town&quot;:&quot;Alcamo&quot;,&quot;county&quot;:&quot;Trapani&quot;,&quot;ISO3166-2-lvl6&quot;:&quot;IT-TP&quot;,&quot;state&quot;:&quot;Sicilia&quot;,&quot;ISO3166-2-lvl4&quot;:&quot;IT-82&quot;,&quot;postcode&quot;:&quot;91011&quot;,&quot;country&quot;:&quot;Italia&quot;,&quot;country_code&quot;:&quot;it&quot;,&quot;building&quot;:&quot;&quot;,&quot;road&quot;:&quot;&quot;,&quot;house_number&quot;:&quot;&quot;,&quot;city&quot;:&quot;&quot;,&quot;village&quot;:&quot;&quot;,&quot;hamlet&quot;:&quot;&quot;},&quot;boundingbox&quot;:[37.8970512,38.039885699999999,12.896353,13.0540257]}}],&quot;uuid&quot;:&quot;marker_6a9192900873f&quot;},{&quot;label&quot;:&quot;91016 Erice, Sicilia Italia&quot;,&quot;default_label&quot;:&quot;91016 Erice, Sicilia Italia&quot;,&quot;lat&quot;:38.0382301,&quot;lng&quot;:12.5871823,&quot;geocode&quot;:[{&quot;name&quot;:&quot;Erice, Trapani, Sicilia, 91016, Italia&quot;,&quot;html&quot;:&quot;91016 Erice, Sicilia Italia&quot;,&quot;bbox&quot;:{&quot;_southWest&quot;:{&quot;lat&quot;:37.954637099999999,&quot;lng&quot;:12.528935000000001},&quot;_northEast&quot;:{&quot;lat&quot;:38.070522099999998,&quot;lng&quot;:12.7329151}},&quot;center&quot;:{&quot;lat&quot;:38.0382301,&quot;lng&quot;:12.5871823},&quot;properties&quot;:{&quot;place_id&quot;:53265535,&quot;licence&quot;:&quot;Data \\u00a9 OpenStreetMap contributors, ODbL 1.0. http:\\\/\\\/osm.org\\\/copyright&quot;,&quot;osm_type&quot;:&quot;relation&quot;,&quot;osm_id&quot;:39450,&quot;lat&quot;:&quot;38.0382301&quot;,&quot;lon&quot;:&quot;12.5871823&quot;,&quot;class&quot;:&quot;boundary&quot;,&quot;type&quot;:&quot;administrative&quot;,&quot;place_rank&quot;:16,&quot;importance&quot;:0.51086366979166209,&quot;addresstype&quot;:&quot;town&quot;,&quot;name&quot;:&quot;Erice&quot;,&quot;display_name&quot;:&quot;Erice, Trapani, Sicilia, 91016, Italia&quot;,&quot;address&quot;:{&quot;town&quot;:&quot;Erice&quot;,&quot;county&quot;:&quot;Trapani&quot;,&quot;ISO3166-2-lvl6&quot;:&quot;IT-TP&quot;,&quot;state&quot;:&quot;Sicilia&quot;,&quot;ISO3166-2-lvl4&quot;:&quot;IT-82&quot;,&quot;postcode&quot;:&quot;91016&quot;,&quot;country&quot;:&quot;Italia&quot;,&quot;country_code&quot;:&quot;it&quot;,&quot;building&quot;:&quot;&quot;,&quot;road&quot;:&quot;&quot;,&quot;house_number&quot;:&quot;&quot;,&quot;city&quot;:&quot;&quot;,&quot;village&quot;:&quot;&quot;,&quot;hamlet&quot;:&quot;&quot;},&quot;boundingbox&quot;:[37.954637099999999,38.070522099999998,12.528935000000001,12.7329151]}}],&quot;uuid&quot;:&quot;marker_6a9192ad08740&quot;},{&quot;label&quot;:&quot;91024 Gibellina, Sicilia Italia&quot;,&quot;default_label&quot;:&quot;91024 Gibellina, Sicilia Italia&quot;,&quot;lat&quot;:37.807183799999997,&quot;lng&quot;:12.9618819,&quot;geocode&quot;:[{&quot;name&quot;:&quot;Gibellina, Trapani, Sicilia, 91024, Italia&quot;,&quot;html&quot;:&quot;91024 Gibellina, Sicilia Italia&quot;,&quot;bbox&quot;:{&quot;_southWest&quot;:{&quot;lat&quot;:37.769387500000001,&quot;lng&quot;:12.865362899999999},&quot;_northEast&quot;:{&quot;lat&quot;:37.844890900000003,&quot;lng&quot;:13.019215000000001}},&quot;center&quot;:{&quot;lat&quot;:37.807183799999997,&quot;lng&quot;:12.9618819},&quot;properties&quot;:{&quot;place_id&quot;:54541519,&quot;licence&quot;:&quot;Data \\u00a9 OpenStreetMap contributors, ODbL 1.0. http:\\\/\\\/osm.org\\\/copyright&quot;,&quot;osm_type&quot;:&quot;relation&quot;,&quot;osm_id&quot;:39368,&quot;lat&quot;:&quot;37.8071838&quot;,&quot;lon&quot;:&quot;12.9618819&quot;,&quot;class&quot;:&quot;boundary&quot;,&quot;type&quot;:&quot;administrative&quot;,&quot;place_rank&quot;:16,&quot;importance&quot;:0.44643167394590155,&quot;addresstype&quot;:&quot;city&quot;,&quot;name&quot;:&quot;Gibellina&quot;,&quot;display_name&quot;:&quot;Gibellina, Trapani, Sicilia, 91024, Italia&quot;,&quot;address&quot;:{&quot;city&quot;:&quot;Gibellina&quot;,&quot;county&quot;:&quot;Trapani&quot;,&quot;ISO3166-2-lvl6&quot;:&quot;IT-TP&quot;,&quot;state&quot;:&quot;Sicilia&quot;,&quot;ISO3166-2-lvl4&quot;:&quot;IT-82&quot;,&quot;postcode&quot;:&quot;91024&quot;,&quot;country&quot;:&quot;Italia&quot;,&quot;country_code&quot;:&quot;it&quot;,&quot;building&quot;:&quot;&quot;,&quot;road&quot;:&quot;&quot;,&quot;house_number&quot;:&quot;&quot;,&quot;town&quot;:&quot;&quot;,&quot;village&quot;:&quot;&quot;,&quot;hamlet&quot;:&quot;&quot;},&quot;boundingbox&quot;:[37.769387500000001,37.844890900000003,12.865362899999999,13.019215000000001]}}],&quot;uuid&quot;:&quot;marker_6a9192be08741&quot;},{&quot;label&quot;:&quot;91020 Salaparuta, Sicilia Italia&quot;,&quot;default_label&quot;:&quot;91020 Salaparuta, Sicilia Italia&quot;,&quot;lat&quot;:37.757942,&quot;lng&quot;:13.009741999999999,&quot;geocode&quot;:[{&quot;name&quot;:&quot;Salaparuta, Trapani, Sicilia, 91020, Italia&quot;,&quot;html&quot;:&quot;91020 Salaparuta, Sicilia Italia&quot;,&quot;bbox&quot;:{&quot;_southWest&quot;:{&quot;lat&quot;:37.727432299999997,&quot;lng&quot;:12.9293616},&quot;_northEast&quot;:{&quot;lat&quot;:37.798212900000003,&quot;lng&quot;:13.0290304}},&quot;center&quot;:{&quot;lat&quot;:37.757942,&quot;lng&quot;:13.009741999999999},&quot;properties&quot;:{&quot;place_id&quot;:54048343,&quot;licence&quot;:&quot;Data \\u00a9 OpenStreetMap contributors, ODbL 1.0. http:\\\/\\\/osm.org\\\/copyright&quot;,&quot;osm_type&quot;:&quot;relation&quot;,&quot;osm_id&quot;:39342,&quot;lat&quot;:&quot;37.7579420&quot;,&quot;lon&quot;:&quot;13.0097420&quot;,&quot;class&quot;:&quot;boundary&quot;,&quot;type&quot;:&quot;administrative&quot;,&quot;place_rank&quot;:16,&quot;importance&quot;:0.44820083971558566,&quot;addresstype&quot;:&quot;village&quot;,&quot;name&quot;:&quot;Salaparuta&quot;,&quot;display_name&quot;:&quot;Salaparuta, Trapani, Sicilia, 91020, Italia&quot;,&quot;address&quot;:{&quot;village&quot;:&quot;Salaparuta&quot;,&quot;county&quot;:&quot;Trapani&quot;,&quot;ISO3166-2-lvl6&quot;:&quot;IT-TP&quot;,&quot;state&quot;:&quot;Sicilia&quot;,&quot;ISO3166-2-lvl4&quot;:&quot;IT-82&quot;,&quot;postcode&quot;:&quot;91020&quot;,&quot;country&quot;:&quot;Italia&quot;,&quot;country_code&quot;:&quot;it&quot;,&quot;building&quot;:&quot;&quot;,&quot;road&quot;:&quot;&quot;,&quot;house_number&quot;:&quot;&quot;,&quot;city&quot;:&quot;&quot;,&quot;town&quot;:&quot;&quot;,&quot;hamlet&quot;:&quot;&quot;},&quot;boundingbox&quot;:[37.727432299999997,37.798212900000003,12.9293616,13.0290304]}}],&quot;uuid&quot;:&quot;marker_6a9192c308742&quot;}]\"><\/div>\n"},"yoast_head":"<!-- This site is optimized with the Yoast SEO plugin v28.1 - https:\/\/yoast.com\/product\/yoast-seo-wordpress\/ -->\n<title>Tour de la Sicile occidentale | Page officielle de Visit Sicily<\/title>\n<meta name=\"description\" content=\"Tour de la Sicile occidentale\" \/>\n<meta name=\"robots\" content=\"index, follow, max-snippet:-1, max-image-preview:large, max-video-preview:-1\" \/>\n<link rel=\"canonical\" href=\"https:\/\/www.visitsicily.info\/fr\/itinerario\/tour-de-la-sicile-occidentale\/\" \/>\n<meta property=\"og:locale\" content=\"fr_FR\" \/>\n<meta property=\"og:type\" content=\"article\" \/>\n<meta property=\"og:title\" content=\"Tour de la Sicile occidentale | Page officielle de Visit Sicily\" \/>\n<meta property=\"og:description\" content=\"Tour de la Sicile occidentale\" \/>\n<meta property=\"og:url\" content=\"https:\/\/www.visitsicily.info\/fr\/itinerario\/tour-de-la-sicile-occidentale\/\" \/>\n<meta property=\"og:site_name\" content=\"Visit Sicily\" \/>\n<meta property=\"article:publisher\" content=\"https:\/\/www.facebook.com\/visitsicily.info\/\" \/>\n<meta property=\"article:modified_time\" content=\"2026-08-28T11:10:39+00:00\" \/>\n<meta property=\"og:image\" content=\"https:\/\/www.visitsicily.info\/wp-content\/uploads\/2015\/10\/Cultura_trapani_porto-scaled.jpg\" \/>\n\t<meta property=\"og:image:width\" content=\"2560\" \/>\n\t<meta property=\"og:image:height\" content=\"1004\" \/>\n\t<meta property=\"og:image:type\" content=\"image\/jpeg\" \/>\n<meta name=\"twitter:card\" content=\"summary_large_image\" \/>\n<meta name=\"twitter:site\" content=\"@VisitSicilyOP\" \/>\n<meta name=\"twitter:label1\" content=\"Dur\u00e9e de lecture estim\u00e9e\" \/>\n\t<meta name=\"twitter:data1\" content=\"5 minutes\" \/>\n<script type=\"application\/ld+json\" class=\"yoast-schema-graph\">{\"@context\":\"https:\\\/\\\/schema.org\",\"@graph\":[{\"@type\":\"WebPage\",\"@id\":\"https:\\\/\\\/www.visitsicily.info\\\/fr\\\/itinerario\\\/tour-de-la-sicile-occidentale\\\/\",\"url\":\"https:\\\/\\\/www.visitsicily.info\\\/fr\\\/itinerario\\\/tour-de-la-sicile-occidentale\\\/\",\"name\":\"Tour de la Sicile occidentale | Page officielle de Visit Sicily\",\"isPartOf\":{\"@id\":\"https:\\\/\\\/www.visitsicily.info\\\/fr\\\/#website\"},\"primaryImageOfPage\":{\"@id\":\"https:\\\/\\\/www.visitsicily.info\\\/fr\\\/itinerario\\\/tour-de-la-sicile-occidentale\\\/#primaryimage\"},\"image\":{\"@id\":\"https:\\\/\\\/www.visitsicily.info\\\/fr\\\/itinerario\\\/tour-de-la-sicile-occidentale\\\/#primaryimage\"},\"thumbnailUrl\":\"https:\\\/\\\/www.visitsicily.info\\\/wp-content\\\/uploads\\\/2015\\\/10\\\/Cultura_trapani_porto-scaled.jpg\",\"datePublished\":\"2022-06-09T14:57:05+00:00\",\"dateModified\":\"2026-08-28T11:10:39+00:00\",\"description\":\"Tour de la Sicile occidentale\",\"breadcrumb\":{\"@id\":\"https:\\\/\\\/www.visitsicily.info\\\/fr\\\/itinerario\\\/tour-de-la-sicile-occidentale\\\/#breadcrumb\"},\"inLanguage\":\"fr-FR\",\"potentialAction\":[{\"@type\":\"ReadAction\",\"target\":[\"https:\\\/\\\/www.visitsicily.info\\\/fr\\\/itinerario\\\/tour-de-la-sicile-occidentale\\\/\"]}]},{\"@type\":\"ImageObject\",\"inLanguage\":\"fr-FR\",\"@id\":\"https:\\\/\\\/www.visitsicily.info\\\/fr\\\/itinerario\\\/tour-de-la-sicile-occidentale\\\/#primaryimage\",\"url\":\"https:\\\/\\\/www.visitsicily.info\\\/wp-content\\\/uploads\\\/2015\\\/10\\\/Cultura_trapani_porto-scaled.jpg\",\"contentUrl\":\"https:\\\/\\\/www.visitsicily.info\\\/wp-content\\\/uploads\\\/2015\\\/10\\\/Cultura_trapani_porto-scaled.jpg\",\"width\":2560,\"height\":1004,\"caption\":\"Trapani-ph. JM\"},{\"@type\":\"BreadcrumbList\",\"@id\":\"https:\\\/\\\/www.visitsicily.info\\\/fr\\\/itinerario\\\/tour-de-la-sicile-occidentale\\\/#breadcrumb\",\"itemListElement\":[{\"@type\":\"ListItem\",\"position\":1,\"name\":\"Home\",\"item\":\"https:\\\/\\\/www.visitsicily.info\\\/fr\\\/\"},{\"@type\":\"ListItem\",\"position\":2,\"name\":\"Itin\u00e9raires\",\"item\":\"https:\\\/\\\/www.visitsicily.info\\\/fr\\\/itinerario\\\/\"},{\"@type\":\"ListItem\",\"position\":3,\"name\":\"Tour de la Sicile occidentale\"}]},{\"@type\":\"WebSite\",\"@id\":\"https:\\\/\\\/www.visitsicily.info\\\/fr\\\/#website\",\"url\":\"https:\\\/\\\/www.visitsicily.info\\\/fr\\\/\",\"name\":\"Visit Sicily\",\"description\":\"Island of art\",\"publisher\":{\"@id\":\"https:\\\/\\\/www.visitsicily.info\\\/fr\\\/#organization\"},\"potentialAction\":[{\"@type\":\"SearchAction\",\"target\":{\"@type\":\"EntryPoint\",\"urlTemplate\":\"https:\\\/\\\/www.visitsicily.info\\\/fr\\\/?s={search_term_string}\"},\"query-input\":{\"@type\":\"PropertyValueSpecification\",\"valueRequired\":true,\"valueName\":\"search_term_string\"}}],\"inLanguage\":\"fr-FR\"},{\"@type\":\"Organization\",\"@id\":\"https:\\\/\\\/www.visitsicily.info\\\/fr\\\/#organization\",\"name\":\"Regione Siciliana\",\"url\":\"https:\\\/\\\/www.visitsicily.info\\\/fr\\\/\",\"logo\":{\"@type\":\"ImageObject\",\"inLanguage\":\"fr-FR\",\"@id\":\"https:\\\/\\\/www.visitsicily.info\\\/fr\\\/#\\\/schema\\\/logo\\\/image\\\/\",\"url\":\"https:\\\/\\\/www.visitsicily.info\\\/wp-content\\\/uploads\\\/2021\\\/05\\\/regione-siciliana-logo2.png\",\"contentUrl\":\"https:\\\/\\\/www.visitsicily.info\\\/wp-content\\\/uploads\\\/2021\\\/05\\\/regione-siciliana-logo2.png\",\"width\":200,\"height\":200,\"caption\":\"Regione Siciliana\"},\"image\":{\"@id\":\"https:\\\/\\\/www.visitsicily.info\\\/fr\\\/#\\\/schema\\\/logo\\\/image\\\/\"},\"sameAs\":[\"https:\\\/\\\/www.facebook.com\\\/visitsicily.info\\\/\",\"https:\\\/\\\/x.com\\\/VisitSicilyOP\",\"https:\\\/\\\/www.instagram.com\\\/ig_visitsicily\\\/\",\"https:\\\/\\\/www.pinterest.com\\\/visitsicilyOP\\\/followers\\\/\",\"https:\\\/\\\/www.youtube.com\\\/user\\\/siciliaturismo\"]}]}<\/script>\n<!-- \/ Yoast SEO plugin. -->","yoast_head_json":{"title":"Tour de la Sicile occidentale | Page officielle de Visit Sicily","description":"Tour de la Sicile occidentale","robots":{"index":"index","follow":"follow","max-snippet":"max-snippet:-1","max-image-preview":"max-image-preview:large","max-video-preview":"max-video-preview:-1"},"canonical":"https:\/\/www.visitsicily.info\/fr\/itinerario\/tour-de-la-sicile-occidentale\/","og_locale":"fr_FR","og_type":"article","og_title":"Tour de la Sicile occidentale | Page officielle de Visit Sicily","og_description":"Tour de la Sicile occidentale","og_url":"https:\/\/www.visitsicily.info\/fr\/itinerario\/tour-de-la-sicile-occidentale\/","og_site_name":"Visit Sicily","article_publisher":"https:\/\/www.facebook.com\/visitsicily.info\/","article_modified_time":"2026-08-28T11:10:39+00:00","og_image":[{"width":2560,"height":1004,"url":"https:\/\/www.visitsicily.info\/wp-content\/uploads\/2015\/10\/Cultura_trapani_porto-scaled.jpg","type":"image\/jpeg"}],"twitter_card":"summary_large_image","twitter_site":"@VisitSicilyOP","twitter_misc":{"Dur\u00e9e de lecture estim\u00e9e":"5 minutes"},"schema":{"@context":"https:\/\/schema.org","@graph":[{"@type":"WebPage","@id":"https:\/\/www.visitsicily.info\/fr\/itinerario\/tour-de-la-sicile-occidentale\/","url":"https:\/\/www.visitsicily.info\/fr\/itinerario\/tour-de-la-sicile-occidentale\/","name":"Tour de la Sicile occidentale | Page officielle de Visit Sicily","isPartOf":{"@id":"https:\/\/www.visitsicily.info\/fr\/#website"},"primaryImageOfPage":{"@id":"https:\/\/www.visitsicily.info\/fr\/itinerario\/tour-de-la-sicile-occidentale\/#primaryimage"},"image":{"@id":"https:\/\/www.visitsicily.info\/fr\/itinerario\/tour-de-la-sicile-occidentale\/#primaryimage"},"thumbnailUrl":"https:\/\/www.visitsicily.info\/wp-content\/uploads\/2015\/10\/Cultura_trapani_porto-scaled.jpg","datePublished":"2022-06-09T14:57:05+00:00","dateModified":"2026-08-28T11:10:39+00:00","description":"Tour de la Sicile occidentale","breadcrumb":{"@id":"https:\/\/www.visitsicily.info\/fr\/itinerario\/tour-de-la-sicile-occidentale\/#breadcrumb"},"inLanguage":"fr-FR","potentialAction":[{"@type":"ReadAction","target":["https:\/\/www.visitsicily.info\/fr\/itinerario\/tour-de-la-sicile-occidentale\/"]}]},{"@type":"ImageObject","inLanguage":"fr-FR","@id":"https:\/\/www.visitsicily.info\/fr\/itinerario\/tour-de-la-sicile-occidentale\/#primaryimage","url":"https:\/\/www.visitsicily.info\/wp-content\/uploads\/2015\/10\/Cultura_trapani_porto-scaled.jpg","contentUrl":"https:\/\/www.visitsicily.info\/wp-content\/uploads\/2015\/10\/Cultura_trapani_porto-scaled.jpg","width":2560,"height":1004,"caption":"Trapani-ph. JM"},{"@type":"BreadcrumbList","@id":"https:\/\/www.visitsicily.info\/fr\/itinerario\/tour-de-la-sicile-occidentale\/#breadcrumb","itemListElement":[{"@type":"ListItem","position":1,"name":"Home","item":"https:\/\/www.visitsicily.info\/fr\/"},{"@type":"ListItem","position":2,"name":"Itin\u00e9raires","item":"https:\/\/www.visitsicily.info\/fr\/itinerario\/"},{"@type":"ListItem","position":3,"name":"Tour de la Sicile occidentale"}]},{"@type":"WebSite","@id":"https:\/\/www.visitsicily.info\/fr\/#website","url":"https:\/\/www.visitsicily.info\/fr\/","name":"Visit Sicily","description":"Island of art","publisher":{"@id":"https:\/\/www.visitsicily.info\/fr\/#organization"},"potentialAction":[{"@type":"SearchAction","target":{"@type":"EntryPoint","urlTemplate":"https:\/\/www.visitsicily.info\/fr\/?s={search_term_string}"},"query-input":{"@type":"PropertyValueSpecification","valueRequired":true,"valueName":"search_term_string"}}],"inLanguage":"fr-FR"},{"@type":"Organization","@id":"https:\/\/www.visitsicily.info\/fr\/#organization","name":"Regione Siciliana","url":"https:\/\/www.visitsicily.info\/fr\/","logo":{"@type":"ImageObject","inLanguage":"fr-FR","@id":"https:\/\/www.visitsicily.info\/fr\/#\/schema\/logo\/image\/","url":"https:\/\/www.visitsicily.info\/wp-content\/uploads\/2021\/05\/regione-siciliana-logo2.png","contentUrl":"https:\/\/www.visitsicily.info\/wp-content\/uploads\/2021\/05\/regione-siciliana-logo2.png","width":200,"height":200,"caption":"Regione Siciliana"},"image":{"@id":"https:\/\/www.visitsicily.info\/fr\/#\/schema\/logo\/image\/"},"sameAs":["https:\/\/www.facebook.com\/visitsicily.info\/","https:\/\/x.com\/VisitSicilyOP","https:\/\/www.instagram.com\/ig_visitsicily\/","https:\/\/www.pinterest.com\/visitsicilyOP\/followers\/","https:\/\/www.youtube.com\/user\/siciliaturismo"]}]}},"_links":{"self":[{"href":"https:\/\/www.visitsicily.info\/fr\/wp-json\/wp\/v2\/itinerario\/64305","targetHints":{"allow":["GET"]}}],"collection":[{"href":"https:\/\/www.visitsicily.info\/fr\/wp-json\/wp\/v2\/itinerario"}],"about":[{"href":"https:\/\/www.visitsicily.info\/fr\/wp-json\/wp\/v2\/types\/itinerario"}],"wp:featuredmedia":[{"embeddable":true,"href":"https:\/\/www.visitsicily.info\/fr\/wp-json\/wp\/v2\/media\/117295"}],"wp:attachment":[{"href":"https:\/\/www.visitsicily.info\/fr\/wp-json\/wp\/v2\/media?parent=64305"}],"wp:term":[{"taxonomy":"category","embeddable":true,"href":"https:\/\/www.visitsicily.info\/fr\/wp-json\/wp\/v2\/categories?post=64305"},{"taxonomy":"luogo","embeddable":true,"href":"https:\/\/www.visitsicily.info\/fr\/wp-json\/wp\/v2\/luogo?post=64305"},{"taxonomy":"stagione","embeddable":true,"href":"https:\/\/www.visitsicily.info\/fr\/wp-json\/wp\/v2\/stagione?post=64305"}],"curies":[{"name":"wp","href":"https:\/\/api.w.org\/{rel}","templated":true}]}}