{"id":117675,"date":"2026-09-04T11:44:01","date_gmt":"2026-09-04T09:44:01","guid":{"rendered":"https:\/\/www.visitsicily.info\/?post_type=evento-new&#038;p=117675"},"modified":"2026-09-04T11:44:01","modified_gmt":"2026-09-04T09:44:01","slug":"bellini-international-context-2026","status":"publish","type":"evento-new","link":"https:\/\/www.visitsicily.info\/fr\/evento-new\/bellini-international-context-2026\/","title":{"rendered":"Bellini International Context 2026"},"content":{"rendered":"","protected":false},"featured_media":117678,"template":"","categories":[2130,2263],"luogo":[2946,2962,2956,2949],"class_list":["post-117675","evento-new","type-evento-new","status-publish","has-post-thumbnail","hentry","category-evento-fr","category-grands-evenements","luogo-agrigento-fr","luogo-catania-fr","luogo-messina-fr","luogo-palermo-fr"],"acf":{"contatti_organizzatore":"","sottotitolo":"","titolo_paragrafo_1":"Dettaglio","paragrafo_1":"<p class=\"PDq2pG_selectionAnchorContainer\" data-start=\"1884\" data-end=\"2116\">Du <strong data-start=\"1887\" data-end=\"1921\">15 septembre au 4 octobre 2026<\/strong>, le <strong data-start=\"1926\" data-end=\"1959\">Bellini International Context<\/strong> revient, le festival consacr\u00e9 \u00e0 Vincenzo Bellini et directement promu par la R\u00e9gion Sicilienne \u00e0 travers l\u2019Assessorat au Tourisme, au Sport et au Spectacle.<\/p>\n<p data-start=\"2118\" data-end=\"2301\">Parvenue \u00e0 sa <strong data-start=\"2132\" data-end=\"2151\">sixi\u00e8me \u00e9dition<\/strong>, la manifestation propose plus de trente rendez-vous, principalement \u00e0 <strong data-start=\"2223\" data-end=\"2233\">Catane<\/strong>, avec des \u00e9v\u00e9nements \u00e9galement \u00e0 <strong data-start=\"2267\" data-end=\"2300\">Palerme, Messine et Agrigente<\/strong>.<\/p>\n<p data-start=\"2303\" data-end=\"2776\">Le programme traverse <strong data-start=\"2325\" data-end=\"2527\">l\u2019op\u00e9ra, les concerts de musique classique et de jazz, les croisements entre th\u00e9\u00e2tre et musique, les cr\u00e9ations mondiales, les rencontres musicologiques et les initiatives r\u00e9parties sur le territoire<\/strong>, confirmant la nature multidisciplinaire du festival et son lien avec le patrimoine musical et culturel sicilien. L\u2019\u00e9dition 2026 r\u00e9unit plus de <strong data-start=\"2672\" data-end=\"2690\">1 500 artistes<\/strong> et se d\u00e9veloppe \u00e0 travers un r\u00e9seau d\u2019institutions culturelles et musicales de l\u2019\u00eele.<\/p>\n<p data-start=\"2778\" data-end=\"3310\">Le fil conducteur de cette ann\u00e9e conduit \u00e0 <strong data-start=\"2821\" data-end=\"2838\">Paris en 1835<\/strong>, l\u2019un des principaux centres de la culture europ\u00e9enne de l\u2019\u00e9poque et la ville o\u00f9 Bellini connut sa cons\u00e9cration internationale. Au c\u0153ur du programme se trouve <em><strong data-start=\"2998\" data-end=\"3012\">I Puritani<\/strong><\/em>, dernier op\u00e9ra du compositeur catanais, pr\u00e9sent\u00e9 dans une nouvelle production du Teatro Massimo Bellini. Le parcours de cette \u00e9dition met \u00e9galement Bellini en relation avec certaines des figures qui marqu\u00e8rent cette p\u00e9riode artistique, parmi lesquelles Rossini, Donizetti, Wagner, Liszt et Chopin.<\/p>\n<p data-start=\"3312\" data-end=\"3662\">Aux c\u00f4t\u00e9s de la nouvelle production de <em data-start=\"3351\" data-end=\"3363\">I Puritani<\/em>, la programmation r\u00e9unit chefs d\u2019orchestre, chanteurs lyriques, pianistes, metteurs en sc\u00e8ne et acteurs de renomm\u00e9e nationale et internationale, avec des spectacles et des projets con\u00e7us pour restituer la dimension cosmopolite de l\u2019\u0153uvre de Bellini et son dialogue avec d\u2019autres formes artistiques.<\/p>\n<p data-start=\"3664\" data-end=\"3889\">L\u2019\u00e9dition 2026 replace ainsi Bellini dans la dimension europ\u00e9enne et cosmopolite dans laquelle son art a m\u00fbri, en mettant son r\u00e9pertoire en dialogue avec d\u2019autres protagonistes et langages de la sc\u00e8ne musicale du XIXe si\u00e8cle.<\/p>\n","localizzazione":"<div class=\"leaflet-map\" data-height=\"400\" data-map=\"leaflet\" data-map-lng=\"13.5845947\" data-map-lat=\"37.3090141\" data-map-zoom=\"7\" data-map-layers=\"[&quot;CartoDB.Voyager&quot;]\" data-map-markers=\"[{&quot;label&quot;:&quot;Catania, Sicilia Italia&quot;,&quot;default_label&quot;:&quot;Catania, Sicilia Italia&quot;,&quot;lat&quot;:37.502361200000003,&quot;lng&quot;:15.0873718,&quot;geocode&quot;:[{&quot;name&quot;:&quot;Catania, Sicilia, Italia&quot;,&quot;html&quot;:&quot;Catania, Sicilia Italia&quot;,&quot;bbox&quot;:{&quot;_southWest&quot;:{&quot;lat&quot;:37.358297100000001,&quot;lng&quot;:14.935867399999999},&quot;_northEast&quot;:{&quot;lat&quot;:37.562385999999996,&quot;lng&quot;:15.125794000000001}},&quot;center&quot;:{&quot;lat&quot;:37.502361200000003,&quot;lng&quot;:15.0873718},&quot;properties&quot;:{&quot;place_id&quot;:53566617,&quot;licence&quot;:&quot;Data \\u00a9 OpenStreetMap contributors, ODbL 1.0. http:\\\/\\\/osm.org\\\/copyright&quot;,&quot;osm_type&quot;:&quot;relation&quot;,&quot;osm_id&quot;:39230,&quot;lat&quot;:&quot;37.5023612&quot;,&quot;lon&quot;:&quot;15.0873718&quot;,&quot;class&quot;:&quot;boundary&quot;,&quot;type&quot;:&quot;administrative&quot;,&quot;place_rank&quot;:16,&quot;importance&quot;:0.66206757371711245,&quot;addresstype&quot;:&quot;city&quot;,&quot;name&quot;:&quot;Catania&quot;,&quot;display_name&quot;:&quot;Catania, Sicilia, Italia&quot;,&quot;address&quot;:{&quot;city&quot;:&quot;Catania&quot;,&quot;county&quot;:&quot;Catania&quot;,&quot;ISO3166-2-lvl6&quot;:&quot;IT-CT&quot;,&quot;state&quot;:&quot;Sicilia&quot;,&quot;ISO3166-2-lvl4&quot;:&quot;IT-82&quot;,&quot;country&quot;:&quot;Italia&quot;,&quot;country_code&quot;:&quot;it&quot;,&quot;building&quot;:&quot;&quot;,&quot;road&quot;:&quot;&quot;,&quot;house_number&quot;:&quot;&quot;,&quot;postcode&quot;:&quot;&quot;,&quot;town&quot;:&quot;&quot;,&quot;village&quot;:&quot;&quot;,&quot;hamlet&quot;:&quot;&quot;},&quot;boundingbox&quot;:[37.358297100000001,37.562385999999996,14.935867399999999,15.125794000000001]}}],&quot;uuid&quot;:&quot;marker_6a98206c01027&quot;},{&quot;label&quot;:&quot;Messina, Sicilia Italia&quot;,&quot;default_label&quot;:&quot;Messina, Sicilia Italia&quot;,&quot;lat&quot;:38.193757099999999,&quot;lng&quot;:15.5542082,&quot;geocode&quot;:[{&quot;name&quot;:&quot;Messina, Sicilia, Italia&quot;,&quot;html&quot;:&quot;Messina, Sicilia Italia&quot;,&quot;bbox&quot;:{&quot;_southWest&quot;:{&quot;lat&quot;:38.055507900000002,&quot;lng&quot;:15.4079341},&quot;_northEast&quot;:{&quot;lat&quot;:38.301488300000003,&quot;lng&quot;:15.6530796}},&quot;center&quot;:{&quot;lat&quot;:38.193757099999999,&quot;lng&quot;:15.5542082},&quot;properties&quot;:{&quot;place_id&quot;:54436408,&quot;licence&quot;:&quot;Data \\u00a9 OpenStreetMap contributors, ODbL 1.0. http:\\\/\\\/osm.org\\\/copyright&quot;,&quot;osm_type&quot;:&quot;relation&quot;,&quot;osm_id&quot;:39514,&quot;lat&quot;:&quot;38.1937571&quot;,&quot;lon&quot;:&quot;15.5542082&quot;,&quot;class&quot;:&quot;boundary&quot;,&quot;type&quot;:&quot;administrative&quot;,&quot;place_rank&quot;:16,&quot;importance&quot;:0.66388902627990698,&quot;addresstype&quot;:&quot;city&quot;,&quot;name&quot;:&quot;Messina&quot;,&quot;display_name&quot;:&quot;Messina, Sicilia, Italia&quot;,&quot;address&quot;:{&quot;city&quot;:&quot;Messina&quot;,&quot;county&quot;:&quot;Messina&quot;,&quot;ISO3166-2-lvl6&quot;:&quot;IT-ME&quot;,&quot;state&quot;:&quot;Sicilia&quot;,&quot;ISO3166-2-lvl4&quot;:&quot;IT-82&quot;,&quot;country&quot;:&quot;Italia&quot;,&quot;country_code&quot;:&quot;it&quot;,&quot;building&quot;:&quot;&quot;,&quot;road&quot;:&quot;&quot;,&quot;house_number&quot;:&quot;&quot;,&quot;postcode&quot;:&quot;&quot;,&quot;town&quot;:&quot;&quot;,&quot;village&quot;:&quot;&quot;,&quot;hamlet&quot;:&quot;&quot;},&quot;boundingbox&quot;:[38.055507900000002,38.301488300000003,15.4079341,15.6530796]}}],&quot;uuid&quot;:&quot;marker_6a98207801029&quot;},{&quot;label&quot;:&quot;92100 Agrigento, Sicilia Italia&quot;,&quot;default_label&quot;:&quot;92100 Agrigento, Sicilia Italia&quot;,&quot;lat&quot;:37.312299099999997,&quot;lng&quot;:13.57465,&quot;geocode&quot;:[{&quot;name&quot;:&quot;Agrigento, Sicilia, 92100, Italia&quot;,&quot;html&quot;:&quot;92100 Agrigento, Sicilia Italia&quot;,&quot;bbox&quot;:{&quot;_southWest&quot;:{&quot;lat&quot;:37.189677000000003,&quot;lng&quot;:13.396652100000001},&quot;_northEast&quot;:{&quot;lat&quot;:37.440644499999998,&quot;lng&quot;:13.748623500000001}},&quot;center&quot;:{&quot;lat&quot;:37.312299099999997,&quot;lng&quot;:13.57465},&quot;properties&quot;:{&quot;place_id&quot;:54185264,&quot;licence&quot;:&quot;Data \\u00a9 OpenStreetMap contributors, ODbL 1.0. http:\\\/\\\/osm.org\\\/copyright&quot;,&quot;osm_type&quot;:&quot;relation&quot;,&quot;osm_id&quot;:39202,&quot;lat&quot;:&quot;37.3122991&quot;,&quot;lon&quot;:&quot;13.5746500&quot;,&quot;class&quot;:&quot;boundary&quot;,&quot;type&quot;:&quot;administrative&quot;,&quot;place_rank&quot;:16,&quot;importance&quot;:0.60497315500082471,&quot;addresstype&quot;:&quot;city&quot;,&quot;name&quot;:&quot;Agrigento&quot;,&quot;display_name&quot;:&quot;Agrigento, Sicilia, 92100, Italia&quot;,&quot;address&quot;:{&quot;city&quot;:&quot;Agrigento&quot;,&quot;county&quot;:&quot;Agrigento&quot;,&quot;ISO3166-2-lvl6&quot;:&quot;IT-AG&quot;,&quot;state&quot;:&quot;Sicilia&quot;,&quot;ISO3166-2-lvl4&quot;:&quot;IT-82&quot;,&quot;postcode&quot;:&quot;92100&quot;,&quot;country&quot;:&quot;Italia&quot;,&quot;country_code&quot;:&quot;it&quot;,&quot;building&quot;:&quot;&quot;,&quot;road&quot;:&quot;&quot;,&quot;house_number&quot;:&quot;&quot;,&quot;town&quot;:&quot;&quot;,&quot;village&quot;:&quot;&quot;,&quot;hamlet&quot;:&quot;&quot;},&quot;boundingbox&quot;:[37.189677000000003,37.440644499999998,13.396652100000001,13.748623500000001]}}],&quot;uuid&quot;:&quot;marker_6a9820940102b&quot;}]\"><\/div>\n","email_organizzatore":"info@belliniinternationalcontext.it","pagina_social":"https:\/\/www.facebook.com\/bellini.bic","url":"https:\/\/www.belliniinternationalcontext.it\/","dataora_fine":"04\/10\/2026 00:00","dataora_inizio":"15\/09\/2026 21:00","galleria":[{"ID":117528,"id":117528,"title":"2026_BIC_Manifesti concerti_70x100_Bozza4_page-0001","filename":"2026_BIC_Manifesti-concerti_70x100_Bozza4_page-0001-scaled.jpg","filesize":778970,"url":"https:\/\/www.visitsicily.info\/wp-content\/uploads\/2026\/09\/2026_BIC_Manifesti-concerti_70x100_Bozza4_page-0001-scaled.jpg","link":"https:\/\/www.visitsicily.info\/fr\/evento-new\/bellini-international-context-2026\/2026_bic_manifesti-concerti_70x100_bozza4_page-0001-2\/","alt":"","author":"46","description":"","caption":"","name":"2026_bic_manifesti-concerti_70x100_bozza4_page-0001-2","status":"inherit","uploaded_to":117675,"date":"2026-09-04 09:17:58","modified":"2026-09-04 09:42:40","menu_order":0,"mime_type":"image\/jpeg","type":"image","subtype":"jpeg","icon":"https:\/\/www.visitsicily.info\/wp-includes\/images\/media\/default.png","width":1792,"height":2560,"sizes":{"thumbnail":"https:\/\/www.visitsicily.info\/wp-content\/uploads\/2026\/09\/2026_BIC_Manifesti-concerti_70x100_Bozza4_page-0001-150x150.jpg","thumbnail-width":150,"thumbnail-height":150,"medium":"https:\/\/www.visitsicily.info\/wp-content\/uploads\/2026\/09\/2026_BIC_Manifesti-concerti_70x100_Bozza4_page-0001-210x300.jpg","medium-width":210,"medium-height":300,"medium_large":"https:\/\/www.visitsicily.info\/wp-content\/uploads\/2026\/09\/2026_BIC_Manifesti-concerti_70x100_Bozza4_page-0001-768x1097.jpg","medium_large-width":768,"medium_large-height":1097,"large":"https:\/\/www.visitsicily.info\/wp-content\/uploads\/2026\/09\/2026_BIC_Manifesti-concerti_70x100_Bozza4_page-0001-717x1024.jpg","large-width":717,"large-height":1024,"1536x1536":"https:\/\/www.visitsicily.info\/wp-content\/uploads\/2026\/09\/2026_BIC_Manifesti-concerti_70x100_Bozza4_page-0001-1075x1536.jpg","1536x1536-width":1075,"1536x1536-height":1536,"2048x2048":"https:\/\/www.visitsicily.info\/wp-content\/uploads\/2026\/09\/2026_BIC_Manifesti-concerti_70x100_Bozza4_page-0001-1434x2048.jpg","2048x2048-width":1434,"2048x2048-height":2048,"blog-large":"https:\/\/www.visitsicily.info\/wp-content\/uploads\/2026\/09\/2026_BIC_Manifesti-concerti_70x100_Bozza4_page-0001-669x272.jpg","blog-large-width":669,"blog-large-height":272,"blog-medium":"https:\/\/www.visitsicily.info\/wp-content\/uploads\/2026\/09\/2026_BIC_Manifesti-concerti_70x100_Bozza4_page-0001-320x202.jpg","blog-medium-width":320,"blog-medium-height":202,"recent-posts":"https:\/\/www.visitsicily.info\/wp-content\/uploads\/2026\/09\/2026_BIC_Manifesti-concerti_70x100_Bozza4_page-0001-700x441.jpg","recent-posts-width":700,"recent-posts-height":441,"recent-works-thumbnail":"https:\/\/www.visitsicily.info\/wp-content\/uploads\/2026\/09\/2026_BIC_Manifesti-concerti_70x100_Bozza4_page-0001-66x66.jpg","recent-works-thumbnail-width":66,"recent-works-thumbnail-height":66,"fusion-200":"https:\/\/www.visitsicily.info\/wp-content\/uploads\/2026\/09\/2026_BIC_Manifesti-concerti_70x100_Bozza4_page-0001-200x286.jpg","fusion-200-width":200,"fusion-200-height":286,"fusion-400":"https:\/\/www.visitsicily.info\/wp-content\/uploads\/2026\/09\/2026_BIC_Manifesti-concerti_70x100_Bozza4_page-0001-400x571.jpg","fusion-400-width":400,"fusion-400-height":571,"fusion-600":"https:\/\/www.visitsicily.info\/wp-content\/uploads\/2026\/09\/2026_BIC_Manifesti-concerti_70x100_Bozza4_page-0001-600x857.jpg","fusion-600-width":600,"fusion-600-height":857,"fusion-800":"https:\/\/www.visitsicily.info\/wp-content\/uploads\/2026\/09\/2026_BIC_Manifesti-concerti_70x100_Bozza4_page-0001-800x1143.jpg","fusion-800-width":800,"fusion-800-height":1143,"fusion-1200":"https:\/\/www.visitsicily.info\/wp-content\/uploads\/2026\/09\/2026_BIC_Manifesti-concerti_70x100_Bozza4_page-0001-1200x1714.jpg","fusion-1200-width":1200,"fusion-1200-height":1714,"portfolio-full":"https:\/\/www.visitsicily.info\/wp-content\/uploads\/2026\/09\/2026_BIC_Manifesti-concerti_70x100_Bozza4_page-0001-940x400.jpg","portfolio-full-width":940,"portfolio-full-height":400,"portfolio-one":"https:\/\/www.visitsicily.info\/wp-content\/uploads\/2026\/09\/2026_BIC_Manifesti-concerti_70x100_Bozza4_page-0001-540x272.jpg","portfolio-one-width":540,"portfolio-one-height":272,"portfolio-two":"https:\/\/www.visitsicily.info\/wp-content\/uploads\/2026\/09\/2026_BIC_Manifesti-concerti_70x100_Bozza4_page-0001-460x295.jpg","portfolio-two-width":460,"portfolio-two-height":295,"portfolio-three":"https:\/\/www.visitsicily.info\/wp-content\/uploads\/2026\/09\/2026_BIC_Manifesti-concerti_70x100_Bozza4_page-0001-300x214.jpg","portfolio-three-width":300,"portfolio-three-height":214,"portfolio-five":"https:\/\/www.visitsicily.info\/wp-content\/uploads\/2026\/09\/2026_BIC_Manifesti-concerti_70x100_Bozza4_page-0001-177x142.jpg","portfolio-five-width":177,"portfolio-five-height":142}},{"ID":117532,"id":117532,"title":"2026_BIC_Manifesti concerti_70x100_Bozza4_page-0002","filename":"2026_BIC_Manifesti-concerti_70x100_Bozza4_page-0002-scaled.jpg","filesize":834816,"url":"https:\/\/www.visitsicily.info\/wp-content\/uploads\/2026\/09\/2026_BIC_Manifesti-concerti_70x100_Bozza4_page-0002-scaled.jpg","link":"https:\/\/www.visitsicily.info\/fr\/evento-new\/bellini-international-context-2026\/2026_bic_manifesti-concerti_70x100_bozza4_page-0002-2\/","alt":"","author":"46","description":"","caption":"","name":"2026_bic_manifesti-concerti_70x100_bozza4_page-0002-2","status":"inherit","uploaded_to":117675,"date":"2026-09-04 09:18:19","modified":"2026-09-04 09:42:40","menu_order":0,"mime_type":"image\/jpeg","type":"image","subtype":"jpeg","icon":"https:\/\/www.visitsicily.info\/wp-includes\/images\/media\/default.png","width":1792,"height":2560,"sizes":{"thumbnail":"https:\/\/www.visitsicily.info\/wp-content\/uploads\/2026\/09\/2026_BIC_Manifesti-concerti_70x100_Bozza4_page-0002-150x150.jpg","thumbnail-width":150,"thumbnail-height":150,"medium":"https:\/\/www.visitsicily.info\/wp-content\/uploads\/2026\/09\/2026_BIC_Manifesti-concerti_70x100_Bozza4_page-0002-210x300.jpg","medium-width":210,"medium-height":300,"medium_large":"https:\/\/www.visitsicily.info\/wp-content\/uploads\/2026\/09\/2026_BIC_Manifesti-concerti_70x100_Bozza4_page-0002-768x1097.jpg","medium_large-width":768,"medium_large-height":1097,"large":"https:\/\/www.visitsicily.info\/wp-content\/uploads\/2026\/09\/2026_BIC_Manifesti-concerti_70x100_Bozza4_page-0002-717x1024.jpg","large-width":717,"large-height":1024,"1536x1536":"https:\/\/www.visitsicily.info\/wp-content\/uploads\/2026\/09\/2026_BIC_Manifesti-concerti_70x100_Bozza4_page-0002-1075x1536.jpg","1536x1536-width":1075,"1536x1536-height":1536,"2048x2048":"https:\/\/www.visitsicily.info\/wp-content\/uploads\/2026\/09\/2026_BIC_Manifesti-concerti_70x100_Bozza4_page-0002-1434x2048.jpg","2048x2048-width":1434,"2048x2048-height":2048,"blog-large":"https:\/\/www.visitsicily.info\/wp-content\/uploads\/2026\/09\/2026_BIC_Manifesti-concerti_70x100_Bozza4_page-0002-669x272.jpg","blog-large-width":669,"blog-large-height":272,"blog-medium":"https:\/\/www.visitsicily.info\/wp-content\/uploads\/2026\/09\/2026_BIC_Manifesti-concerti_70x100_Bozza4_page-0002-320x202.jpg","blog-medium-width":320,"blog-medium-height":202,"recent-posts":"https:\/\/www.visitsicily.info\/wp-content\/uploads\/2026\/09\/2026_BIC_Manifesti-concerti_70x100_Bozza4_page-0002-700x441.jpg","recent-posts-width":700,"recent-posts-height":441,"recent-works-thumbnail":"https:\/\/www.visitsicily.info\/wp-content\/uploads\/2026\/09\/2026_BIC_Manifesti-concerti_70x100_Bozza4_page-0002-66x66.jpg","recent-works-thumbnail-width":66,"recent-works-thumbnail-height":66,"fusion-200":"https:\/\/www.visitsicily.info\/wp-content\/uploads\/2026\/09\/2026_BIC_Manifesti-concerti_70x100_Bozza4_page-0002-200x286.jpg","fusion-200-width":200,"fusion-200-height":286,"fusion-400":"https:\/\/www.visitsicily.info\/wp-content\/uploads\/2026\/09\/2026_BIC_Manifesti-concerti_70x100_Bozza4_page-0002-400x571.jpg","fusion-400-width":400,"fusion-400-height":571,"fusion-600":"https:\/\/www.visitsicily.info\/wp-content\/uploads\/2026\/09\/2026_BIC_Manifesti-concerti_70x100_Bozza4_page-0002-600x857.jpg","fusion-600-width":600,"fusion-600-height":857,"fusion-800":"https:\/\/www.visitsicily.info\/wp-content\/uploads\/2026\/09\/2026_BIC_Manifesti-concerti_70x100_Bozza4_page-0002-800x1143.jpg","fusion-800-width":800,"fusion-800-height":1143,"fusion-1200":"https:\/\/www.visitsicily.info\/wp-content\/uploads\/2026\/09\/2026_BIC_Manifesti-concerti_70x100_Bozza4_page-0002-1200x1714.jpg","fusion-1200-width":1200,"fusion-1200-height":1714,"portfolio-full":"https:\/\/www.visitsicily.info\/wp-content\/uploads\/2026\/09\/2026_BIC_Manifesti-concerti_70x100_Bozza4_page-0002-940x400.jpg","portfolio-full-width":940,"portfolio-full-height":400,"portfolio-one":"https:\/\/www.visitsicily.info\/wp-content\/uploads\/2026\/09\/2026_BIC_Manifesti-concerti_70x100_Bozza4_page-0002-540x272.jpg","portfolio-one-width":540,"portfolio-one-height":272,"portfolio-two":"https:\/\/www.visitsicily.info\/wp-content\/uploads\/2026\/09\/2026_BIC_Manifesti-concerti_70x100_Bozza4_page-0002-460x295.jpg","portfolio-two-width":460,"portfolio-two-height":295,"portfolio-three":"https:\/\/www.visitsicily.info\/wp-content\/uploads\/2026\/09\/2026_BIC_Manifesti-concerti_70x100_Bozza4_page-0002-300x214.jpg","portfolio-three-width":300,"portfolio-three-height":214,"portfolio-five":"https:\/\/www.visitsicily.info\/wp-content\/uploads\/2026\/09\/2026_BIC_Manifesti-concerti_70x100_Bozza4_page-0002-177x142.jpg","portfolio-five-width":177,"portfolio-five-height":142}},{"ID":117536,"id":117536,"title":"2026_BIC_Manifesti concerti_70x100_Bozza4_page-0003","filename":"2026_BIC_Manifesti-concerti_70x100_Bozza4_page-0003-scaled.jpg","filesize":814486,"url":"https:\/\/www.visitsicily.info\/wp-content\/uploads\/2026\/09\/2026_BIC_Manifesti-concerti_70x100_Bozza4_page-0003-scaled.jpg","link":"https:\/\/www.visitsicily.info\/fr\/evento-new\/bellini-international-context-2026\/2026_bic_manifesti-concerti_70x100_bozza4_page-0003-2\/","alt":"","author":"46","description":"","caption":"","name":"2026_bic_manifesti-concerti_70x100_bozza4_page-0003-2","status":"inherit","uploaded_to":117675,"date":"2026-09-04 09:18:47","modified":"2026-09-04 09:42:40","menu_order":0,"mime_type":"image\/jpeg","type":"image","subtype":"jpeg","icon":"https:\/\/www.visitsicily.info\/wp-includes\/images\/media\/default.png","width":1792,"height":2560,"sizes":{"thumbnail":"https:\/\/www.visitsicily.info\/wp-content\/uploads\/2026\/09\/2026_BIC_Manifesti-concerti_70x100_Bozza4_page-0003-150x150.jpg","thumbnail-width":150,"thumbnail-height":150,"medium":"https:\/\/www.visitsicily.info\/wp-content\/uploads\/2026\/09\/2026_BIC_Manifesti-concerti_70x100_Bozza4_page-0003-210x300.jpg","medium-width":210,"medium-height":300,"medium_large":"https:\/\/www.visitsicily.info\/wp-content\/uploads\/2026\/09\/2026_BIC_Manifesti-concerti_70x100_Bozza4_page-0003-768x1097.jpg","medium_large-width":768,"medium_large-height":1097,"large":"https:\/\/www.visitsicily.info\/wp-content\/uploads\/2026\/09\/2026_BIC_Manifesti-concerti_70x100_Bozza4_page-0003-717x1024.jpg","large-width":717,"large-height":1024,"1536x1536":"https:\/\/www.visitsicily.info\/wp-content\/uploads\/2026\/09\/2026_BIC_Manifesti-concerti_70x100_Bozza4_page-0003-1075x1536.jpg","1536x1536-width":1075,"1536x1536-height":1536,"2048x2048":"https:\/\/www.visitsicily.info\/wp-content\/uploads\/2026\/09\/2026_BIC_Manifesti-concerti_70x100_Bozza4_page-0003-1434x2048.jpg","2048x2048-width":1434,"2048x2048-height":2048,"blog-large":"https:\/\/www.visitsicily.info\/wp-content\/uploads\/2026\/09\/2026_BIC_Manifesti-concerti_70x100_Bozza4_page-0003-669x272.jpg","blog-large-width":669,"blog-large-height":272,"blog-medium":"https:\/\/www.visitsicily.info\/wp-content\/uploads\/2026\/09\/2026_BIC_Manifesti-concerti_70x100_Bozza4_page-0003-320x202.jpg","blog-medium-width":320,"blog-medium-height":202,"recent-posts":"https:\/\/www.visitsicily.info\/wp-content\/uploads\/2026\/09\/2026_BIC_Manifesti-concerti_70x100_Bozza4_page-0003-700x441.jpg","recent-posts-width":700,"recent-posts-height":441,"recent-works-thumbnail":"https:\/\/www.visitsicily.info\/wp-content\/uploads\/2026\/09\/2026_BIC_Manifesti-concerti_70x100_Bozza4_page-0003-66x66.jpg","recent-works-thumbnail-width":66,"recent-works-thumbnail-height":66,"fusion-200":"https:\/\/www.visitsicily.info\/wp-content\/uploads\/2026\/09\/2026_BIC_Manifesti-concerti_70x100_Bozza4_page-0003-200x286.jpg","fusion-200-width":200,"fusion-200-height":286,"fusion-400":"https:\/\/www.visitsicily.info\/wp-content\/uploads\/2026\/09\/2026_BIC_Manifesti-concerti_70x100_Bozza4_page-0003-400x571.jpg","fusion-400-width":400,"fusion-400-height":571,"fusion-600":"https:\/\/www.visitsicily.info\/wp-content\/uploads\/2026\/09\/2026_BIC_Manifesti-concerti_70x100_Bozza4_page-0003-600x857.jpg","fusion-600-width":600,"fusion-600-height":857,"fusion-800":"https:\/\/www.visitsicily.info\/wp-content\/uploads\/2026\/09\/2026_BIC_Manifesti-concerti_70x100_Bozza4_page-0003-800x1143.jpg","fusion-800-width":800,"fusion-800-height":1143,"fusion-1200":"https:\/\/www.visitsicily.info\/wp-content\/uploads\/2026\/09\/2026_BIC_Manifesti-concerti_70x100_Bozza4_page-0003-1200x1714.jpg","fusion-1200-width":1200,"fusion-1200-height":1714,"portfolio-full":"https:\/\/www.visitsicily.info\/wp-content\/uploads\/2026\/09\/2026_BIC_Manifesti-concerti_70x100_Bozza4_page-0003-940x400.jpg","portfolio-full-width":940,"portfolio-full-height":400,"portfolio-one":"https:\/\/www.visitsicily.info\/wp-content\/uploads\/2026\/09\/2026_BIC_Manifesti-concerti_70x100_Bozza4_page-0003-540x272.jpg","portfolio-one-width":540,"portfolio-one-height":272,"portfolio-two":"https:\/\/www.visitsicily.info\/wp-content\/uploads\/2026\/09\/2026_BIC_Manifesti-concerti_70x100_Bozza4_page-0003-460x295.jpg","portfolio-two-width":460,"portfolio-two-height":295,"portfolio-three":"https:\/\/www.visitsicily.info\/wp-content\/uploads\/2026\/09\/2026_BIC_Manifesti-concerti_70x100_Bozza4_page-0003-300x214.jpg","portfolio-three-width":300,"portfolio-three-height":214,"portfolio-five":"https:\/\/www.visitsicily.info\/wp-content\/uploads\/2026\/09\/2026_BIC_Manifesti-concerti_70x100_Bozza4_page-0003-177x142.jpg","portfolio-five-width":177,"portfolio-five-height":142}},{"ID":117540,"id":117540,"title":"2026_BIC_Manifesti concerti_70x100_Bozza4_page-0004","filename":"2026_BIC_Manifesti-concerti_70x100_Bozza4_page-0004-scaled.jpg","filesize":893218,"url":"https:\/\/www.visitsicily.info\/wp-content\/uploads\/2026\/09\/2026_BIC_Manifesti-concerti_70x100_Bozza4_page-0004-scaled.jpg","link":"https:\/\/www.visitsicily.info\/fr\/evento-new\/bellini-international-context-2026\/2026_bic_manifesti-concerti_70x100_bozza4_page-0004-2\/","alt":"","author":"46","description":"","caption":"","name":"2026_bic_manifesti-concerti_70x100_bozza4_page-0004-2","status":"inherit","uploaded_to":117675,"date":"2026-09-04 09:19:11","modified":"2026-09-04 09:42:41","menu_order":0,"mime_type":"image\/jpeg","type":"image","subtype":"jpeg","icon":"https:\/\/www.visitsicily.info\/wp-includes\/images\/media\/default.png","width":1792,"height":2560,"sizes":{"thumbnail":"https:\/\/www.visitsicily.info\/wp-content\/uploads\/2026\/09\/2026_BIC_Manifesti-concerti_70x100_Bozza4_page-0004-150x150.jpg","thumbnail-width":150,"thumbnail-height":150,"medium":"https:\/\/www.visitsicily.info\/wp-content\/uploads\/2026\/09\/2026_BIC_Manifesti-concerti_70x100_Bozza4_page-0004-210x300.jpg","medium-width":210,"medium-height":300,"medium_large":"https:\/\/www.visitsicily.info\/wp-content\/uploads\/2026\/09\/2026_BIC_Manifesti-concerti_70x100_Bozza4_page-0004-768x1097.jpg","medium_large-width":768,"medium_large-height":1097,"large":"https:\/\/www.visitsicily.info\/wp-content\/uploads\/2026\/09\/2026_BIC_Manifesti-concerti_70x100_Bozza4_page-0004-717x1024.jpg","large-width":717,"large-height":1024,"1536x1536":"https:\/\/www.visitsicily.info\/wp-content\/uploads\/2026\/09\/2026_BIC_Manifesti-concerti_70x100_Bozza4_page-0004-1075x1536.jpg","1536x1536-width":1075,"1536x1536-height":1536,"2048x2048":"https:\/\/www.visitsicily.info\/wp-content\/uploads\/2026\/09\/2026_BIC_Manifesti-concerti_70x100_Bozza4_page-0004-1434x2048.jpg","2048x2048-width":1434,"2048x2048-height":2048,"blog-large":"https:\/\/www.visitsicily.info\/wp-content\/uploads\/2026\/09\/2026_BIC_Manifesti-concerti_70x100_Bozza4_page-0004-669x272.jpg","blog-large-width":669,"blog-large-height":272,"blog-medium":"https:\/\/www.visitsicily.info\/wp-content\/uploads\/2026\/09\/2026_BIC_Manifesti-concerti_70x100_Bozza4_page-0004-320x202.jpg","blog-medium-width":320,"blog-medium-height":202,"recent-posts":"https:\/\/www.visitsicily.info\/wp-content\/uploads\/2026\/09\/2026_BIC_Manifesti-concerti_70x100_Bozza4_page-0004-700x441.jpg","recent-posts-width":700,"recent-posts-height":441,"recent-works-thumbnail":"https:\/\/www.visitsicily.info\/wp-content\/uploads\/2026\/09\/2026_BIC_Manifesti-concerti_70x100_Bozza4_page-0004-66x66.jpg","recent-works-thumbnail-width":66,"recent-works-thumbnail-height":66,"fusion-200":"https:\/\/www.visitsicily.info\/wp-content\/uploads\/2026\/09\/2026_BIC_Manifesti-concerti_70x100_Bozza4_page-0004-200x286.jpg","fusion-200-width":200,"fusion-200-height":286,"fusion-400":"https:\/\/www.visitsicily.info\/wp-content\/uploads\/2026\/09\/2026_BIC_Manifesti-concerti_70x100_Bozza4_page-0004-400x571.jpg","fusion-400-width":400,"fusion-400-height":571,"fusion-600":"https:\/\/www.visitsicily.info\/wp-content\/uploads\/2026\/09\/2026_BIC_Manifesti-concerti_70x100_Bozza4_page-0004-600x857.jpg","fusion-600-width":600,"fusion-600-height":857,"fusion-800":"https:\/\/www.visitsicily.info\/wp-content\/uploads\/2026\/09\/2026_BIC_Manifesti-concerti_70x100_Bozza4_page-0004-800x1143.jpg","fusion-800-width":800,"fusion-800-height":1143,"fusion-1200":"https:\/\/www.visitsicily.info\/wp-content\/uploads\/2026\/09\/2026_BIC_Manifesti-concerti_70x100_Bozza4_page-0004-1200x1714.jpg","fusion-1200-width":1200,"fusion-1200-height":1714,"portfolio-full":"https:\/\/www.visitsicily.info\/wp-content\/uploads\/2026\/09\/2026_BIC_Manifesti-concerti_70x100_Bozza4_page-0004-940x400.jpg","portfolio-full-width":940,"portfolio-full-height":400,"portfolio-one":"https:\/\/www.visitsicily.info\/wp-content\/uploads\/2026\/09\/2026_BIC_Manifesti-concerti_70x100_Bozza4_page-0004-540x272.jpg","portfolio-one-width":540,"portfolio-one-height":272,"portfolio-two":"https:\/\/www.visitsicily.info\/wp-content\/uploads\/2026\/09\/2026_BIC_Manifesti-concerti_70x100_Bozza4_page-0004-460x295.jpg","portfolio-two-width":460,"portfolio-two-height":295,"portfolio-three":"https:\/\/www.visitsicily.info\/wp-content\/uploads\/2026\/09\/2026_BIC_Manifesti-concerti_70x100_Bozza4_page-0004-300x214.jpg","portfolio-three-width":300,"portfolio-three-height":214,"portfolio-five":"https:\/\/www.visitsicily.info\/wp-content\/uploads\/2026\/09\/2026_BIC_Manifesti-concerti_70x100_Bozza4_page-0004-177x142.jpg","portfolio-five-width":177,"portfolio-five-height":142}},{"ID":117544,"id":117544,"title":"2026_BIC_Manifesti concerti_70x100_Bozza4_page-0005","filename":"2026_BIC_Manifesti-concerti_70x100_Bozza4_page-0005-scaled.jpg","filesize":867345,"url":"https:\/\/www.visitsicily.info\/wp-content\/uploads\/2026\/09\/2026_BIC_Manifesti-concerti_70x100_Bozza4_page-0005-scaled.jpg","link":"https:\/\/www.visitsicily.info\/fr\/evento-new\/bellini-international-context-2026\/2026_bic_manifesti-concerti_70x100_bozza4_page-0005-2\/","alt":"","author":"46","description":"","caption":"","name":"2026_bic_manifesti-concerti_70x100_bozza4_page-0005-2","status":"inherit","uploaded_to":117675,"date":"2026-09-04 09:19:44","modified":"2026-09-04 09:42:41","menu_order":0,"mime_type":"image\/jpeg","type":"image","subtype":"jpeg","icon":"https:\/\/www.visitsicily.info\/wp-includes\/images\/media\/default.png","width":1792,"height":2560,"sizes":{"thumbnail":"https:\/\/www.visitsicily.info\/wp-content\/uploads\/2026\/09\/2026_BIC_Manifesti-concerti_70x100_Bozza4_page-0005-150x150.jpg","thumbnail-width":150,"thumbnail-height":150,"medium":"https:\/\/www.visitsicily.info\/wp-content\/uploads\/2026\/09\/2026_BIC_Manifesti-concerti_70x100_Bozza4_page-0005-210x300.jpg","medium-width":210,"medium-height":300,"medium_large":"https:\/\/www.visitsicily.info\/wp-content\/uploads\/2026\/09\/2026_BIC_Manifesti-concerti_70x100_Bozza4_page-0005-768x1097.jpg","medium_large-width":768,"medium_large-height":1097,"large":"https:\/\/www.visitsicily.info\/wp-content\/uploads\/2026\/09\/2026_BIC_Manifesti-concerti_70x100_Bozza4_page-0005-717x1024.jpg","large-width":717,"large-height":1024,"1536x1536":"https:\/\/www.visitsicily.info\/wp-content\/uploads\/2026\/09\/2026_BIC_Manifesti-concerti_70x100_Bozza4_page-0005-1075x1536.jpg","1536x1536-width":1075,"1536x1536-height":1536,"2048x2048":"https:\/\/www.visitsicily.info\/wp-content\/uploads\/2026\/09\/2026_BIC_Manifesti-concerti_70x100_Bozza4_page-0005-1434x2048.jpg","2048x2048-width":1434,"2048x2048-height":2048,"blog-large":"https:\/\/www.visitsicily.info\/wp-content\/uploads\/2026\/09\/2026_BIC_Manifesti-concerti_70x100_Bozza4_page-0005-669x272.jpg","blog-large-width":669,"blog-large-height":272,"blog-medium":"https:\/\/www.visitsicily.info\/wp-content\/uploads\/2026\/09\/2026_BIC_Manifesti-concerti_70x100_Bozza4_page-0005-320x202.jpg","blog-medium-width":320,"blog-medium-height":202,"recent-posts":"https:\/\/www.visitsicily.info\/wp-content\/uploads\/2026\/09\/2026_BIC_Manifesti-concerti_70x100_Bozza4_page-0005-700x441.jpg","recent-posts-width":700,"recent-posts-height":441,"recent-works-thumbnail":"https:\/\/www.visitsicily.info\/wp-content\/uploads\/2026\/09\/2026_BIC_Manifesti-concerti_70x100_Bozza4_page-0005-66x66.jpg","recent-works-thumbnail-width":66,"recent-works-thumbnail-height":66,"fusion-200":"https:\/\/www.visitsicily.info\/wp-content\/uploads\/2026\/09\/2026_BIC_Manifesti-concerti_70x100_Bozza4_page-0005-200x286.jpg","fusion-200-width":200,"fusion-200-height":286,"fusion-400":"https:\/\/www.visitsicily.info\/wp-content\/uploads\/2026\/09\/2026_BIC_Manifesti-concerti_70x100_Bozza4_page-0005-400x571.jpg","fusion-400-width":400,"fusion-400-height":571,"fusion-600":"https:\/\/www.visitsicily.info\/wp-content\/uploads\/2026\/09\/2026_BIC_Manifesti-concerti_70x100_Bozza4_page-0005-600x857.jpg","fusion-600-width":600,"fusion-600-height":857,"fusion-800":"https:\/\/www.visitsicily.info\/wp-content\/uploads\/2026\/09\/2026_BIC_Manifesti-concerti_70x100_Bozza4_page-0005-800x1143.jpg","fusion-800-width":800,"fusion-800-height":1143,"fusion-1200":"https:\/\/www.visitsicily.info\/wp-content\/uploads\/2026\/09\/2026_BIC_Manifesti-concerti_70x100_Bozza4_page-0005-1200x1714.jpg","fusion-1200-width":1200,"fusion-1200-height":1714,"portfolio-full":"https:\/\/www.visitsicily.info\/wp-content\/uploads\/2026\/09\/2026_BIC_Manifesti-concerti_70x100_Bozza4_page-0005-940x400.jpg","portfolio-full-width":940,"portfolio-full-height":400,"portfolio-one":"https:\/\/www.visitsicily.info\/wp-content\/uploads\/2026\/09\/2026_BIC_Manifesti-concerti_70x100_Bozza4_page-0005-540x272.jpg","portfolio-one-width":540,"portfolio-one-height":272,"portfolio-two":"https:\/\/www.visitsicily.info\/wp-content\/uploads\/2026\/09\/2026_BIC_Manifesti-concerti_70x100_Bozza4_page-0005-460x295.jpg","portfolio-two-width":460,"portfolio-two-height":295,"portfolio-three":"https:\/\/www.visitsicily.info\/wp-content\/uploads\/2026\/09\/2026_BIC_Manifesti-concerti_70x100_Bozza4_page-0005-300x214.jpg","portfolio-three-width":300,"portfolio-three-height":214,"portfolio-five":"https:\/\/www.visitsicily.info\/wp-content\/uploads\/2026\/09\/2026_BIC_Manifesti-concerti_70x100_Bozza4_page-0005-177x142.jpg","portfolio-five-width":177,"portfolio-five-height":142}},{"ID":117548,"id":117548,"title":"2026_BIC_Manifesti concerti_70x100_Bozza4_page-0006","filename":"2026_BIC_Manifesti-concerti_70x100_Bozza4_page-0006-scaled.jpg","filesize":863508,"url":"https:\/\/www.visitsicily.info\/wp-content\/uploads\/2026\/09\/2026_BIC_Manifesti-concerti_70x100_Bozza4_page-0006-scaled.jpg","link":"https:\/\/www.visitsicily.info\/fr\/evento-new\/bellini-international-context-2026\/2026_bic_manifesti-concerti_70x100_bozza4_page-0006-2\/","alt":"","author":"46","description":"","caption":"","name":"2026_bic_manifesti-concerti_70x100_bozza4_page-0006-2","status":"inherit","uploaded_to":117675,"date":"2026-09-04 09:20:17","modified":"2026-09-04 09:42:41","menu_order":0,"mime_type":"image\/jpeg","type":"image","subtype":"jpeg","icon":"https:\/\/www.visitsicily.info\/wp-includes\/images\/media\/default.png","width":1792,"height":2560,"sizes":{"thumbnail":"https:\/\/www.visitsicily.info\/wp-content\/uploads\/2026\/09\/2026_BIC_Manifesti-concerti_70x100_Bozza4_page-0006-150x150.jpg","thumbnail-width":150,"thumbnail-height":150,"medium":"https:\/\/www.visitsicily.info\/wp-content\/uploads\/2026\/09\/2026_BIC_Manifesti-concerti_70x100_Bozza4_page-0006-210x300.jpg","medium-width":210,"medium-height":300,"medium_large":"https:\/\/www.visitsicily.info\/wp-content\/uploads\/2026\/09\/2026_BIC_Manifesti-concerti_70x100_Bozza4_page-0006-768x1097.jpg","medium_large-width":768,"medium_large-height":1097,"large":"https:\/\/www.visitsicily.info\/wp-content\/uploads\/2026\/09\/2026_BIC_Manifesti-concerti_70x100_Bozza4_page-0006-717x1024.jpg","large-width":717,"large-height":1024,"1536x1536":"https:\/\/www.visitsicily.info\/wp-content\/uploads\/2026\/09\/2026_BIC_Manifesti-concerti_70x100_Bozza4_page-0006-1075x1536.jpg","1536x1536-width":1075,"1536x1536-height":1536,"2048x2048":"https:\/\/www.visitsicily.info\/wp-content\/uploads\/2026\/09\/2026_BIC_Manifesti-concerti_70x100_Bozza4_page-0006-1434x2048.jpg","2048x2048-width":1434,"2048x2048-height":2048,"blog-large":"https:\/\/www.visitsicily.info\/wp-content\/uploads\/2026\/09\/2026_BIC_Manifesti-concerti_70x100_Bozza4_page-0006-669x272.jpg","blog-large-width":669,"blog-large-height":272,"blog-medium":"https:\/\/www.visitsicily.info\/wp-content\/uploads\/2026\/09\/2026_BIC_Manifesti-concerti_70x100_Bozza4_page-0006-320x202.jpg","blog-medium-width":320,"blog-medium-height":202,"recent-posts":"https:\/\/www.visitsicily.info\/wp-content\/uploads\/2026\/09\/2026_BIC_Manifesti-concerti_70x100_Bozza4_page-0006-700x441.jpg","recent-posts-width":700,"recent-posts-height":441,"recent-works-thumbnail":"https:\/\/www.visitsicily.info\/wp-content\/uploads\/2026\/09\/2026_BIC_Manifesti-concerti_70x100_Bozza4_page-0006-66x66.jpg","recent-works-thumbnail-width":66,"recent-works-thumbnail-height":66,"fusion-200":"https:\/\/www.visitsicily.info\/wp-content\/uploads\/2026\/09\/2026_BIC_Manifesti-concerti_70x100_Bozza4_page-0006-200x286.jpg","fusion-200-width":200,"fusion-200-height":286,"fusion-400":"https:\/\/www.visitsicily.info\/wp-content\/uploads\/2026\/09\/2026_BIC_Manifesti-concerti_70x100_Bozza4_page-0006-400x571.jpg","fusion-400-width":400,"fusion-400-height":571,"fusion-600":"https:\/\/www.visitsicily.info\/wp-content\/uploads\/2026\/09\/2026_BIC_Manifesti-concerti_70x100_Bozza4_page-0006-600x857.jpg","fusion-600-width":600,"fusion-600-height":857,"fusion-800":"https:\/\/www.visitsicily.info\/wp-content\/uploads\/2026\/09\/2026_BIC_Manifesti-concerti_70x100_Bozza4_page-0006-800x1143.jpg","fusion-800-width":800,"fusion-800-height":1143,"fusion-1200":"https:\/\/www.visitsicily.info\/wp-content\/uploads\/2026\/09\/2026_BIC_Manifesti-concerti_70x100_Bozza4_page-0006-1200x1714.jpg","fusion-1200-width":1200,"fusion-1200-height":1714,"portfolio-full":"https:\/\/www.visitsicily.info\/wp-content\/uploads\/2026\/09\/2026_BIC_Manifesti-concerti_70x100_Bozza4_page-0006-940x400.jpg","portfolio-full-width":940,"portfolio-full-height":400,"portfolio-one":"https:\/\/www.visitsicily.info\/wp-content\/uploads\/2026\/09\/2026_BIC_Manifesti-concerti_70x100_Bozza4_page-0006-540x272.jpg","portfolio-one-width":540,"portfolio-one-height":272,"portfolio-two":"https:\/\/www.visitsicily.info\/wp-content\/uploads\/2026\/09\/2026_BIC_Manifesti-concerti_70x100_Bozza4_page-0006-460x295.jpg","portfolio-two-width":460,"portfolio-two-height":295,"portfolio-three":"https:\/\/www.visitsicily.info\/wp-content\/uploads\/2026\/09\/2026_BIC_Manifesti-concerti_70x100_Bozza4_page-0006-300x214.jpg","portfolio-three-width":300,"portfolio-three-height":214,"portfolio-five":"https:\/\/www.visitsicily.info\/wp-content\/uploads\/2026\/09\/2026_BIC_Manifesti-concerti_70x100_Bozza4_page-0006-177x142.jpg","portfolio-five-width":177,"portfolio-five-height":142}},{"ID":117552,"id":117552,"title":"2026_BIC_Manifesti concerti_70x100_Bozza5_page-0001","filename":"2026_BIC_Manifesti-concerti_70x100_Bozza5_page-0001-scaled.jpg","filesize":804041,"url":"https:\/\/www.visitsicily.info\/wp-content\/uploads\/2026\/09\/2026_BIC_Manifesti-concerti_70x100_Bozza5_page-0001-scaled.jpg","link":"https:\/\/www.visitsicily.info\/fr\/evento-new\/bellini-international-context-2026\/2026_bic_manifesti-concerti_70x100_bozza5_page-0001-2\/","alt":"","author":"46","description":"","caption":"","name":"2026_bic_manifesti-concerti_70x100_bozza5_page-0001-2","status":"inherit","uploaded_to":117675,"date":"2026-09-04 09:20:43","modified":"2026-09-04 09:42:41","menu_order":0,"mime_type":"image\/jpeg","type":"image","subtype":"jpeg","icon":"https:\/\/www.visitsicily.info\/wp-includes\/images\/media\/default.png","width":1792,"height":2560,"sizes":{"thumbnail":"https:\/\/www.visitsicily.info\/wp-content\/uploads\/2026\/09\/2026_BIC_Manifesti-concerti_70x100_Bozza5_page-0001-150x150.jpg","thumbnail-width":150,"thumbnail-height":150,"medium":"https:\/\/www.visitsicily.info\/wp-content\/uploads\/2026\/09\/2026_BIC_Manifesti-concerti_70x100_Bozza5_page-0001-210x300.jpg","medium-width":210,"medium-height":300,"medium_large":"https:\/\/www.visitsicily.info\/wp-content\/uploads\/2026\/09\/2026_BIC_Manifesti-concerti_70x100_Bozza5_page-0001-768x1097.jpg","medium_large-width":768,"medium_large-height":1097,"large":"https:\/\/www.visitsicily.info\/wp-content\/uploads\/2026\/09\/2026_BIC_Manifesti-concerti_70x100_Bozza5_page-0001-717x1024.jpg","large-width":717,"large-height":1024,"1536x1536":"https:\/\/www.visitsicily.info\/wp-content\/uploads\/2026\/09\/2026_BIC_Manifesti-concerti_70x100_Bozza5_page-0001-1075x1536.jpg","1536x1536-width":1075,"1536x1536-height":1536,"2048x2048":"https:\/\/www.visitsicily.info\/wp-content\/uploads\/2026\/09\/2026_BIC_Manifesti-concerti_70x100_Bozza5_page-0001-1434x2048.jpg","2048x2048-width":1434,"2048x2048-height":2048,"blog-large":"https:\/\/www.visitsicily.info\/wp-content\/uploads\/2026\/09\/2026_BIC_Manifesti-concerti_70x100_Bozza5_page-0001-669x272.jpg","blog-large-width":669,"blog-large-height":272,"blog-medium":"https:\/\/www.visitsicily.info\/wp-content\/uploads\/2026\/09\/2026_BIC_Manifesti-concerti_70x100_Bozza5_page-0001-320x202.jpg","blog-medium-width":320,"blog-medium-height":202,"recent-posts":"https:\/\/www.visitsicily.info\/wp-content\/uploads\/2026\/09\/2026_BIC_Manifesti-concerti_70x100_Bozza5_page-0001-700x441.jpg","recent-posts-width":700,"recent-posts-height":441,"recent-works-thumbnail":"https:\/\/www.visitsicily.info\/wp-content\/uploads\/2026\/09\/2026_BIC_Manifesti-concerti_70x100_Bozza5_page-0001-66x66.jpg","recent-works-thumbnail-width":66,"recent-works-thumbnail-height":66,"fusion-200":"https:\/\/www.visitsicily.info\/wp-content\/uploads\/2026\/09\/2026_BIC_Manifesti-concerti_70x100_Bozza5_page-0001-200x286.jpg","fusion-200-width":200,"fusion-200-height":286,"fusion-400":"https:\/\/www.visitsicily.info\/wp-content\/uploads\/2026\/09\/2026_BIC_Manifesti-concerti_70x100_Bozza5_page-0001-400x571.jpg","fusion-400-width":400,"fusion-400-height":571,"fusion-600":"https:\/\/www.visitsicily.info\/wp-content\/uploads\/2026\/09\/2026_BIC_Manifesti-concerti_70x100_Bozza5_page-0001-600x857.jpg","fusion-600-width":600,"fusion-600-height":857,"fusion-800":"https:\/\/www.visitsicily.info\/wp-content\/uploads\/2026\/09\/2026_BIC_Manifesti-concerti_70x100_Bozza5_page-0001-800x1143.jpg","fusion-800-width":800,"fusion-800-height":1143,"fusion-1200":"https:\/\/www.visitsicily.info\/wp-content\/uploads\/2026\/09\/2026_BIC_Manifesti-concerti_70x100_Bozza5_page-0001-1200x1714.jpg","fusion-1200-width":1200,"fusion-1200-height":1714,"portfolio-full":"https:\/\/www.visitsicily.info\/wp-content\/uploads\/2026\/09\/2026_BIC_Manifesti-concerti_70x100_Bozza5_page-0001-940x400.jpg","portfolio-full-width":940,"portfolio-full-height":400,"portfolio-one":"https:\/\/www.visitsicily.info\/wp-content\/uploads\/2026\/09\/2026_BIC_Manifesti-concerti_70x100_Bozza5_page-0001-540x272.jpg","portfolio-one-width":540,"portfolio-one-height":272,"portfolio-two":"https:\/\/www.visitsicily.info\/wp-content\/uploads\/2026\/09\/2026_BIC_Manifesti-concerti_70x100_Bozza5_page-0001-460x295.jpg","portfolio-two-width":460,"portfolio-two-height":295,"portfolio-three":"https:\/\/www.visitsicily.info\/wp-content\/uploads\/2026\/09\/2026_BIC_Manifesti-concerti_70x100_Bozza5_page-0001-300x214.jpg","portfolio-three-width":300,"portfolio-three-height":214,"portfolio-five":"https:\/\/www.visitsicily.info\/wp-content\/uploads\/2026\/09\/2026_BIC_Manifesti-concerti_70x100_Bozza5_page-0001-177x142.jpg","portfolio-five-width":177,"portfolio-five-height":142}},{"ID":117556,"id":117556,"title":"2026_BIC_Manifesti concerti_70x100_Bozza5_page-0002","filename":"2026_BIC_Manifesti-concerti_70x100_Bozza5_page-0002-scaled.jpg","filesize":933453,"url":"https:\/\/www.visitsicily.info\/wp-content\/uploads\/2026\/09\/2026_BIC_Manifesti-concerti_70x100_Bozza5_page-0002-scaled.jpg","link":"https:\/\/www.visitsicily.info\/fr\/evento-new\/bellini-international-context-2026\/2026_bic_manifesti-concerti_70x100_bozza5_page-0002-2\/","alt":"","author":"46","description":"","caption":"","name":"2026_bic_manifesti-concerti_70x100_bozza5_page-0002-2","status":"inherit","uploaded_to":117675,"date":"2026-09-04 09:21:06","modified":"2026-09-04 09:42:41","menu_order":0,"mime_type":"image\/jpeg","type":"image","subtype":"jpeg","icon":"https:\/\/www.visitsicily.info\/wp-includes\/images\/media\/default.png","width":1792,"height":2560,"sizes":{"thumbnail":"https:\/\/www.visitsicily.info\/wp-content\/uploads\/2026\/09\/2026_BIC_Manifesti-concerti_70x100_Bozza5_page-0002-150x150.jpg","thumbnail-width":150,"thumbnail-height":150,"medium":"https:\/\/www.visitsicily.info\/wp-content\/uploads\/2026\/09\/2026_BIC_Manifesti-concerti_70x100_Bozza5_page-0002-210x300.jpg","medium-width":210,"medium-height":300,"medium_large":"https:\/\/www.visitsicily.info\/wp-content\/uploads\/2026\/09\/2026_BIC_Manifesti-concerti_70x100_Bozza5_page-0002-768x1097.jpg","medium_large-width":768,"medium_large-height":1097,"large":"https:\/\/www.visitsicily.info\/wp-content\/uploads\/2026\/09\/2026_BIC_Manifesti-concerti_70x100_Bozza5_page-0002-717x1024.jpg","large-width":717,"large-height":1024,"1536x1536":"https:\/\/www.visitsicily.info\/wp-content\/uploads\/2026\/09\/2026_BIC_Manifesti-concerti_70x100_Bozza5_page-0002-1075x1536.jpg","1536x1536-width":1075,"1536x1536-height":1536,"2048x2048":"https:\/\/www.visitsicily.info\/wp-content\/uploads\/2026\/09\/2026_BIC_Manifesti-concerti_70x100_Bozza5_page-0002-1434x2048.jpg","2048x2048-width":1434,"2048x2048-height":2048,"blog-large":"https:\/\/www.visitsicily.info\/wp-content\/uploads\/2026\/09\/2026_BIC_Manifesti-concerti_70x100_Bozza5_page-0002-669x272.jpg","blog-large-width":669,"blog-large-height":272,"blog-medium":"https:\/\/www.visitsicily.info\/wp-content\/uploads\/2026\/09\/2026_BIC_Manifesti-concerti_70x100_Bozza5_page-0002-320x202.jpg","blog-medium-width":320,"blog-medium-height":202,"recent-posts":"https:\/\/www.visitsicily.info\/wp-content\/uploads\/2026\/09\/2026_BIC_Manifesti-concerti_70x100_Bozza5_page-0002-700x441.jpg","recent-posts-width":700,"recent-posts-height":441,"recent-works-thumbnail":"https:\/\/www.visitsicily.info\/wp-content\/uploads\/2026\/09\/2026_BIC_Manifesti-concerti_70x100_Bozza5_page-0002-66x66.jpg","recent-works-thumbnail-width":66,"recent-works-thumbnail-height":66,"fusion-200":"https:\/\/www.visitsicily.info\/wp-content\/uploads\/2026\/09\/2026_BIC_Manifesti-concerti_70x100_Bozza5_page-0002-200x286.jpg","fusion-200-width":200,"fusion-200-height":286,"fusion-400":"https:\/\/www.visitsicily.info\/wp-content\/uploads\/2026\/09\/2026_BIC_Manifesti-concerti_70x100_Bozza5_page-0002-400x571.jpg","fusion-400-width":400,"fusion-400-height":571,"fusion-600":"https:\/\/www.visitsicily.info\/wp-content\/uploads\/2026\/09\/2026_BIC_Manifesti-concerti_70x100_Bozza5_page-0002-600x857.jpg","fusion-600-width":600,"fusion-600-height":857,"fusion-800":"https:\/\/www.visitsicily.info\/wp-content\/uploads\/2026\/09\/2026_BIC_Manifesti-concerti_70x100_Bozza5_page-0002-800x1143.jpg","fusion-800-width":800,"fusion-800-height":1143,"fusion-1200":"https:\/\/www.visitsicily.info\/wp-content\/uploads\/2026\/09\/2026_BIC_Manifesti-concerti_70x100_Bozza5_page-0002-1200x1714.jpg","fusion-1200-width":1200,"fusion-1200-height":1714,"portfolio-full":"https:\/\/www.visitsicily.info\/wp-content\/uploads\/2026\/09\/2026_BIC_Manifesti-concerti_70x100_Bozza5_page-0002-940x400.jpg","portfolio-full-width":940,"portfolio-full-height":400,"portfolio-one":"https:\/\/www.visitsicily.info\/wp-content\/uploads\/2026\/09\/2026_BIC_Manifesti-concerti_70x100_Bozza5_page-0002-540x272.jpg","portfolio-one-width":540,"portfolio-one-height":272,"portfolio-two":"https:\/\/www.visitsicily.info\/wp-content\/uploads\/2026\/09\/2026_BIC_Manifesti-concerti_70x100_Bozza5_page-0002-460x295.jpg","portfolio-two-width":460,"portfolio-two-height":295,"portfolio-three":"https:\/\/www.visitsicily.info\/wp-content\/uploads\/2026\/09\/2026_BIC_Manifesti-concerti_70x100_Bozza5_page-0002-300x214.jpg","portfolio-three-width":300,"portfolio-three-height":214,"portfolio-five":"https:\/\/www.visitsicily.info\/wp-content\/uploads\/2026\/09\/2026_BIC_Manifesti-concerti_70x100_Bozza5_page-0002-177x142.jpg","portfolio-five-width":177,"portfolio-five-height":142}},{"ID":117560,"id":117560,"title":"2026_BIC_Manifesti concerti_70x100_Bozza5_page-0003","filename":"2026_BIC_Manifesti-concerti_70x100_Bozza5_page-0003-scaled.jpg","filesize":826984,"url":"https:\/\/www.visitsicily.info\/wp-content\/uploads\/2026\/09\/2026_BIC_Manifesti-concerti_70x100_Bozza5_page-0003-scaled.jpg","link":"https:\/\/www.visitsicily.info\/fr\/evento-new\/bellini-international-context-2026\/2026_bic_manifesti-concerti_70x100_bozza5_page-0003-2\/","alt":"","author":"46","description":"","caption":"","name":"2026_bic_manifesti-concerti_70x100_bozza5_page-0003-2","status":"inherit","uploaded_to":117675,"date":"2026-09-04 09:21:26","modified":"2026-09-04 09:42:41","menu_order":0,"mime_type":"image\/jpeg","type":"image","subtype":"jpeg","icon":"https:\/\/www.visitsicily.info\/wp-includes\/images\/media\/default.png","width":1792,"height":2560,"sizes":{"thumbnail":"https:\/\/www.visitsicily.info\/wp-content\/uploads\/2026\/09\/2026_BIC_Manifesti-concerti_70x100_Bozza5_page-0003-150x150.jpg","thumbnail-width":150,"thumbnail-height":150,"medium":"https:\/\/www.visitsicily.info\/wp-content\/uploads\/2026\/09\/2026_BIC_Manifesti-concerti_70x100_Bozza5_page-0003-210x300.jpg","medium-width":210,"medium-height":300,"medium_large":"https:\/\/www.visitsicily.info\/wp-content\/uploads\/2026\/09\/2026_BIC_Manifesti-concerti_70x100_Bozza5_page-0003-768x1097.jpg","medium_large-width":768,"medium_large-height":1097,"large":"https:\/\/www.visitsicily.info\/wp-content\/uploads\/2026\/09\/2026_BIC_Manifesti-concerti_70x100_Bozza5_page-0003-717x1024.jpg","large-width":717,"large-height":1024,"1536x1536":"https:\/\/www.visitsicily.info\/wp-content\/uploads\/2026\/09\/2026_BIC_Manifesti-concerti_70x100_Bozza5_page-0003-1075x1536.jpg","1536x1536-width":1075,"1536x1536-height":1536,"2048x2048":"https:\/\/www.visitsicily.info\/wp-content\/uploads\/2026\/09\/2026_BIC_Manifesti-concerti_70x100_Bozza5_page-0003-1434x2048.jpg","2048x2048-width":1434,"2048x2048-height":2048,"blog-large":"https:\/\/www.visitsicily.info\/wp-content\/uploads\/2026\/09\/2026_BIC_Manifesti-concerti_70x100_Bozza5_page-0003-669x272.jpg","blog-large-width":669,"blog-large-height":272,"blog-medium":"https:\/\/www.visitsicily.info\/wp-content\/uploads\/2026\/09\/2026_BIC_Manifesti-concerti_70x100_Bozza5_page-0003-320x202.jpg","blog-medium-width":320,"blog-medium-height":202,"recent-posts":"https:\/\/www.visitsicily.info\/wp-content\/uploads\/2026\/09\/2026_BIC_Manifesti-concerti_70x100_Bozza5_page-0003-700x441.jpg","recent-posts-width":700,"recent-posts-height":441,"recent-works-thumbnail":"https:\/\/www.visitsicily.info\/wp-content\/uploads\/2026\/09\/2026_BIC_Manifesti-concerti_70x100_Bozza5_page-0003-66x66.jpg","recent-works-thumbnail-width":66,"recent-works-thumbnail-height":66,"fusion-200":"https:\/\/www.visitsicily.info\/wp-content\/uploads\/2026\/09\/2026_BIC_Manifesti-concerti_70x100_Bozza5_page-0003-200x286.jpg","fusion-200-width":200,"fusion-200-height":286,"fusion-400":"https:\/\/www.visitsicily.info\/wp-content\/uploads\/2026\/09\/2026_BIC_Manifesti-concerti_70x100_Bozza5_page-0003-400x571.jpg","fusion-400-width":400,"fusion-400-height":571,"fusion-600":"https:\/\/www.visitsicily.info\/wp-content\/uploads\/2026\/09\/2026_BIC_Manifesti-concerti_70x100_Bozza5_page-0003-600x857.jpg","fusion-600-width":600,"fusion-600-height":857,"fusion-800":"https:\/\/www.visitsicily.info\/wp-content\/uploads\/2026\/09\/2026_BIC_Manifesti-concerti_70x100_Bozza5_page-0003-800x1143.jpg","fusion-800-width":800,"fusion-800-height":1143,"fusion-1200":"https:\/\/www.visitsicily.info\/wp-content\/uploads\/2026\/09\/2026_BIC_Manifesti-concerti_70x100_Bozza5_page-0003-1200x1714.jpg","fusion-1200-width":1200,"fusion-1200-height":1714,"portfolio-full":"https:\/\/www.visitsicily.info\/wp-content\/uploads\/2026\/09\/2026_BIC_Manifesti-concerti_70x100_Bozza5_page-0003-940x400.jpg","portfolio-full-width":940,"portfolio-full-height":400,"portfolio-one":"https:\/\/www.visitsicily.info\/wp-content\/uploads\/2026\/09\/2026_BIC_Manifesti-concerti_70x100_Bozza5_page-0003-540x272.jpg","portfolio-one-width":540,"portfolio-one-height":272,"portfolio-two":"https:\/\/www.visitsicily.info\/wp-content\/uploads\/2026\/09\/2026_BIC_Manifesti-concerti_70x100_Bozza5_page-0003-460x295.jpg","portfolio-two-width":460,"portfolio-two-height":295,"portfolio-three":"https:\/\/www.visitsicily.info\/wp-content\/uploads\/2026\/09\/2026_BIC_Manifesti-concerti_70x100_Bozza5_page-0003-300x214.jpg","portfolio-three-width":300,"portfolio-three-height":214,"portfolio-five":"https:\/\/www.visitsicily.info\/wp-content\/uploads\/2026\/09\/2026_BIC_Manifesti-concerti_70x100_Bozza5_page-0003-177x142.jpg","portfolio-five-width":177,"portfolio-five-height":142}},{"ID":117564,"id":117564,"title":"2026_BIC_Manifesti concerti_70x100_Bozza5_page-0004","filename":"2026_BIC_Manifesti-concerti_70x100_Bozza5_page-0004-scaled.jpg","filesize":878699,"url":"https:\/\/www.visitsicily.info\/wp-content\/uploads\/2026\/09\/2026_BIC_Manifesti-concerti_70x100_Bozza5_page-0004-scaled.jpg","link":"https:\/\/www.visitsicily.info\/fr\/evento-new\/bellini-international-context-2026\/2026_bic_manifesti-concerti_70x100_bozza5_page-0004-2\/","alt":"","author":"46","description":"","caption":"","name":"2026_bic_manifesti-concerti_70x100_bozza5_page-0004-2","status":"inherit","uploaded_to":117675,"date":"2026-09-04 09:21:47","modified":"2026-09-04 09:42:42","menu_order":0,"mime_type":"image\/jpeg","type":"image","subtype":"jpeg","icon":"https:\/\/www.visitsicily.info\/wp-includes\/images\/media\/default.png","width":1792,"height":2560,"sizes":{"thumbnail":"https:\/\/www.visitsicily.info\/wp-content\/uploads\/2026\/09\/2026_BIC_Manifesti-concerti_70x100_Bozza5_page-0004-150x150.jpg","thumbnail-width":150,"thumbnail-height":150,"medium":"https:\/\/www.visitsicily.info\/wp-content\/uploads\/2026\/09\/2026_BIC_Manifesti-concerti_70x100_Bozza5_page-0004-210x300.jpg","medium-width":210,"medium-height":300,"medium_large":"https:\/\/www.visitsicily.info\/wp-content\/uploads\/2026\/09\/2026_BIC_Manifesti-concerti_70x100_Bozza5_page-0004-768x1097.jpg","medium_large-width":768,"medium_large-height":1097,"large":"https:\/\/www.visitsicily.info\/wp-content\/uploads\/2026\/09\/2026_BIC_Manifesti-concerti_70x100_Bozza5_page-0004-717x1024.jpg","large-width":717,"large-height":1024,"1536x1536":"https:\/\/www.visitsicily.info\/wp-content\/uploads\/2026\/09\/2026_BIC_Manifesti-concerti_70x100_Bozza5_page-0004-1075x1536.jpg","1536x1536-width":1075,"1536x1536-height":1536,"2048x2048":"https:\/\/www.visitsicily.info\/wp-content\/uploads\/2026\/09\/2026_BIC_Manifesti-concerti_70x100_Bozza5_page-0004-1434x2048.jpg","2048x2048-width":1434,"2048x2048-height":2048,"blog-large":"https:\/\/www.visitsicily.info\/wp-content\/uploads\/2026\/09\/2026_BIC_Manifesti-concerti_70x100_Bozza5_page-0004-669x272.jpg","blog-large-width":669,"blog-large-height":272,"blog-medium":"https:\/\/www.visitsicily.info\/wp-content\/uploads\/2026\/09\/2026_BIC_Manifesti-concerti_70x100_Bozza5_page-0004-320x202.jpg","blog-medium-width":320,"blog-medium-height":202,"recent-posts":"https:\/\/www.visitsicily.info\/wp-content\/uploads\/2026\/09\/2026_BIC_Manifesti-concerti_70x100_Bozza5_page-0004-700x441.jpg","recent-posts-width":700,"recent-posts-height":441,"recent-works-thumbnail":"https:\/\/www.visitsicily.info\/wp-content\/uploads\/2026\/09\/2026_BIC_Manifesti-concerti_70x100_Bozza5_page-0004-66x66.jpg","recent-works-thumbnail-width":66,"recent-works-thumbnail-height":66,"fusion-200":"https:\/\/www.visitsicily.info\/wp-content\/uploads\/2026\/09\/2026_BIC_Manifesti-concerti_70x100_Bozza5_page-0004-200x286.jpg","fusion-200-width":200,"fusion-200-height":286,"fusion-400":"https:\/\/www.visitsicily.info\/wp-content\/uploads\/2026\/09\/2026_BIC_Manifesti-concerti_70x100_Bozza5_page-0004-400x571.jpg","fusion-400-width":400,"fusion-400-height":571,"fusion-600":"https:\/\/www.visitsicily.info\/wp-content\/uploads\/2026\/09\/2026_BIC_Manifesti-concerti_70x100_Bozza5_page-0004-600x857.jpg","fusion-600-width":600,"fusion-600-height":857,"fusion-800":"https:\/\/www.visitsicily.info\/wp-content\/uploads\/2026\/09\/2026_BIC_Manifesti-concerti_70x100_Bozza5_page-0004-800x1143.jpg","fusion-800-width":800,"fusion-800-height":1143,"fusion-1200":"https:\/\/www.visitsicily.info\/wp-content\/uploads\/2026\/09\/2026_BIC_Manifesti-concerti_70x100_Bozza5_page-0004-1200x1714.jpg","fusion-1200-width":1200,"fusion-1200-height":1714,"portfolio-full":"https:\/\/www.visitsicily.info\/wp-content\/uploads\/2026\/09\/2026_BIC_Manifesti-concerti_70x100_Bozza5_page-0004-940x400.jpg","portfolio-full-width":940,"portfolio-full-height":400,"portfolio-one":"https:\/\/www.visitsicily.info\/wp-content\/uploads\/2026\/09\/2026_BIC_Manifesti-concerti_70x100_Bozza5_page-0004-540x272.jpg","portfolio-one-width":540,"portfolio-one-height":272,"portfolio-two":"https:\/\/www.visitsicily.info\/wp-content\/uploads\/2026\/09\/2026_BIC_Manifesti-concerti_70x100_Bozza5_page-0004-460x295.jpg","portfolio-two-width":460,"portfolio-two-height":295,"portfolio-three":"https:\/\/www.visitsicily.info\/wp-content\/uploads\/2026\/09\/2026_BIC_Manifesti-concerti_70x100_Bozza5_page-0004-300x214.jpg","portfolio-three-width":300,"portfolio-three-height":214,"portfolio-five":"https:\/\/www.visitsicily.info\/wp-content\/uploads\/2026\/09\/2026_BIC_Manifesti-concerti_70x100_Bozza5_page-0004-177x142.jpg","portfolio-five-width":177,"portfolio-five-height":142}},{"ID":117568,"id":117568,"title":"2026_BIC_Manifesti concerti_70x100_Bozza5_page-0005","filename":"2026_BIC_Manifesti-concerti_70x100_Bozza5_page-0005-scaled.jpg","filesize":825184,"url":"https:\/\/www.visitsicily.info\/wp-content\/uploads\/2026\/09\/2026_BIC_Manifesti-concerti_70x100_Bozza5_page-0005-scaled.jpg","link":"https:\/\/www.visitsicily.info\/fr\/evento-new\/bellini-international-context-2026\/2026_bic_manifesti-concerti_70x100_bozza5_page-0005-2\/","alt":"","author":"46","description":"","caption":"","name":"2026_bic_manifesti-concerti_70x100_bozza5_page-0005-2","status":"inherit","uploaded_to":117675,"date":"2026-09-04 09:22:07","modified":"2026-09-04 09:42:42","menu_order":0,"mime_type":"image\/jpeg","type":"image","subtype":"jpeg","icon":"https:\/\/www.visitsicily.info\/wp-includes\/images\/media\/default.png","width":1792,"height":2560,"sizes":{"thumbnail":"https:\/\/www.visitsicily.info\/wp-content\/uploads\/2026\/09\/2026_BIC_Manifesti-concerti_70x100_Bozza5_page-0005-150x150.jpg","thumbnail-width":150,"thumbnail-height":150,"medium":"https:\/\/www.visitsicily.info\/wp-content\/uploads\/2026\/09\/2026_BIC_Manifesti-concerti_70x100_Bozza5_page-0005-210x300.jpg","medium-width":210,"medium-height":300,"medium_large":"https:\/\/www.visitsicily.info\/wp-content\/uploads\/2026\/09\/2026_BIC_Manifesti-concerti_70x100_Bozza5_page-0005-768x1097.jpg","medium_large-width":768,"medium_large-height":1097,"large":"https:\/\/www.visitsicily.info\/wp-content\/uploads\/2026\/09\/2026_BIC_Manifesti-concerti_70x100_Bozza5_page-0005-717x1024.jpg","large-width":717,"large-height":1024,"1536x1536":"https:\/\/www.visitsicily.info\/wp-content\/uploads\/2026\/09\/2026_BIC_Manifesti-concerti_70x100_Bozza5_page-0005-1075x1536.jpg","1536x1536-width":1075,"1536x1536-height":1536,"2048x2048":"https:\/\/www.visitsicily.info\/wp-content\/uploads\/2026\/09\/2026_BIC_Manifesti-concerti_70x100_Bozza5_page-0005-1434x2048.jpg","2048x2048-width":1434,"2048x2048-height":2048,"blog-large":"https:\/\/www.visitsicily.info\/wp-content\/uploads\/2026\/09\/2026_BIC_Manifesti-concerti_70x100_Bozza5_page-0005-669x272.jpg","blog-large-width":669,"blog-large-height":272,"blog-medium":"https:\/\/www.visitsicily.info\/wp-content\/uploads\/2026\/09\/2026_BIC_Manifesti-concerti_70x100_Bozza5_page-0005-320x202.jpg","blog-medium-width":320,"blog-medium-height":202,"recent-posts":"https:\/\/www.visitsicily.info\/wp-content\/uploads\/2026\/09\/2026_BIC_Manifesti-concerti_70x100_Bozza5_page-0005-700x441.jpg","recent-posts-width":700,"recent-posts-height":441,"recent-works-thumbnail":"https:\/\/www.visitsicily.info\/wp-content\/uploads\/2026\/09\/2026_BIC_Manifesti-concerti_70x100_Bozza5_page-0005-66x66.jpg","recent-works-thumbnail-width":66,"recent-works-thumbnail-height":66,"fusion-200":"https:\/\/www.visitsicily.info\/wp-content\/uploads\/2026\/09\/2026_BIC_Manifesti-concerti_70x100_Bozza5_page-0005-200x286.jpg","fusion-200-width":200,"fusion-200-height":286,"fusion-400":"https:\/\/www.visitsicily.info\/wp-content\/uploads\/2026\/09\/2026_BIC_Manifesti-concerti_70x100_Bozza5_page-0005-400x571.jpg","fusion-400-width":400,"fusion-400-height":571,"fusion-600":"https:\/\/www.visitsicily.info\/wp-content\/uploads\/2026\/09\/2026_BIC_Manifesti-concerti_70x100_Bozza5_page-0005-600x857.jpg","fusion-600-width":600,"fusion-600-height":857,"fusion-800":"https:\/\/www.visitsicily.info\/wp-content\/uploads\/2026\/09\/2026_BIC_Manifesti-concerti_70x100_Bozza5_page-0005-800x1143.jpg","fusion-800-width":800,"fusion-800-height":1143,"fusion-1200":"https:\/\/www.visitsicily.info\/wp-content\/uploads\/2026\/09\/2026_BIC_Manifesti-concerti_70x100_Bozza5_page-0005-1200x1714.jpg","fusion-1200-width":1200,"fusion-1200-height":1714,"portfolio-full":"https:\/\/www.visitsicily.info\/wp-content\/uploads\/2026\/09\/2026_BIC_Manifesti-concerti_70x100_Bozza5_page-0005-940x400.jpg","portfolio-full-width":940,"portfolio-full-height":400,"portfolio-one":"https:\/\/www.visitsicily.info\/wp-content\/uploads\/2026\/09\/2026_BIC_Manifesti-concerti_70x100_Bozza5_page-0005-540x272.jpg","portfolio-one-width":540,"portfolio-one-height":272,"portfolio-two":"https:\/\/www.visitsicily.info\/wp-content\/uploads\/2026\/09\/2026_BIC_Manifesti-concerti_70x100_Bozza5_page-0005-460x295.jpg","portfolio-two-width":460,"portfolio-two-height":295,"portfolio-three":"https:\/\/www.visitsicily.info\/wp-content\/uploads\/2026\/09\/2026_BIC_Manifesti-concerti_70x100_Bozza5_page-0005-300x214.jpg","portfolio-three-width":300,"portfolio-three-height":214,"portfolio-five":"https:\/\/www.visitsicily.info\/wp-content\/uploads\/2026\/09\/2026_BIC_Manifesti-concerti_70x100_Bozza5_page-0005-177x142.jpg","portfolio-five-width":177,"portfolio-five-height":142}},{"ID":117572,"id":117572,"title":"2026_BIC_Manifesti concerti_70x100_Bozza5_page-0006","filename":"2026_BIC_Manifesti-concerti_70x100_Bozza5_page-0006-scaled.jpg","filesize":852933,"url":"https:\/\/www.visitsicily.info\/wp-content\/uploads\/2026\/09\/2026_BIC_Manifesti-concerti_70x100_Bozza5_page-0006-scaled.jpg","link":"https:\/\/www.visitsicily.info\/fr\/evento-new\/bellini-international-context-2026\/2026_bic_manifesti-concerti_70x100_bozza5_page-0006-2\/","alt":"","author":"46","description":"","caption":"","name":"2026_bic_manifesti-concerti_70x100_bozza5_page-0006-2","status":"inherit","uploaded_to":117675,"date":"2026-09-04 09:22:29","modified":"2026-09-04 09:42:42","menu_order":0,"mime_type":"image\/jpeg","type":"image","subtype":"jpeg","icon":"https:\/\/www.visitsicily.info\/wp-includes\/images\/media\/default.png","width":1792,"height":2560,"sizes":{"thumbnail":"https:\/\/www.visitsicily.info\/wp-content\/uploads\/2026\/09\/2026_BIC_Manifesti-concerti_70x100_Bozza5_page-0006-150x150.jpg","thumbnail-width":150,"thumbnail-height":150,"medium":"https:\/\/www.visitsicily.info\/wp-content\/uploads\/2026\/09\/2026_BIC_Manifesti-concerti_70x100_Bozza5_page-0006-210x300.jpg","medium-width":210,"medium-height":300,"medium_large":"https:\/\/www.visitsicily.info\/wp-content\/uploads\/2026\/09\/2026_BIC_Manifesti-concerti_70x100_Bozza5_page-0006-768x1097.jpg","medium_large-width":768,"medium_large-height":1097,"large":"https:\/\/www.visitsicily.info\/wp-content\/uploads\/2026\/09\/2026_BIC_Manifesti-concerti_70x100_Bozza5_page-0006-717x1024.jpg","large-width":717,"large-height":1024,"1536x1536":"https:\/\/www.visitsicily.info\/wp-content\/uploads\/2026\/09\/2026_BIC_Manifesti-concerti_70x100_Bozza5_page-0006-1075x1536.jpg","1536x1536-width":1075,"1536x1536-height":1536,"2048x2048":"https:\/\/www.visitsicily.info\/wp-content\/uploads\/2026\/09\/2026_BIC_Manifesti-concerti_70x100_Bozza5_page-0006-1434x2048.jpg","2048x2048-width":1434,"2048x2048-height":2048,"blog-large":"https:\/\/www.visitsicily.info\/wp-content\/uploads\/2026\/09\/2026_BIC_Manifesti-concerti_70x100_Bozza5_page-0006-669x272.jpg","blog-large-width":669,"blog-large-height":272,"blog-medium":"https:\/\/www.visitsicily.info\/wp-content\/uploads\/2026\/09\/2026_BIC_Manifesti-concerti_70x100_Bozza5_page-0006-320x202.jpg","blog-medium-width":320,"blog-medium-height":202,"recent-posts":"https:\/\/www.visitsicily.info\/wp-content\/uploads\/2026\/09\/2026_BIC_Manifesti-concerti_70x100_Bozza5_page-0006-700x441.jpg","recent-posts-width":700,"recent-posts-height":441,"recent-works-thumbnail":"https:\/\/www.visitsicily.info\/wp-content\/uploads\/2026\/09\/2026_BIC_Manifesti-concerti_70x100_Bozza5_page-0006-66x66.jpg","recent-works-thumbnail-width":66,"recent-works-thumbnail-height":66,"fusion-200":"https:\/\/www.visitsicily.info\/wp-content\/uploads\/2026\/09\/2026_BIC_Manifesti-concerti_70x100_Bozza5_page-0006-200x286.jpg","fusion-200-width":200,"fusion-200-height":286,"fusion-400":"https:\/\/www.visitsicily.info\/wp-content\/uploads\/2026\/09\/2026_BIC_Manifesti-concerti_70x100_Bozza5_page-0006-400x571.jpg","fusion-400-width":400,"fusion-400-height":571,"fusion-600":"https:\/\/www.visitsicily.info\/wp-content\/uploads\/2026\/09\/2026_BIC_Manifesti-concerti_70x100_Bozza5_page-0006-600x857.jpg","fusion-600-width":600,"fusion-600-height":857,"fusion-800":"https:\/\/www.visitsicily.info\/wp-content\/uploads\/2026\/09\/2026_BIC_Manifesti-concerti_70x100_Bozza5_page-0006-800x1143.jpg","fusion-800-width":800,"fusion-800-height":1143,"fusion-1200":"https:\/\/www.visitsicily.info\/wp-content\/uploads\/2026\/09\/2026_BIC_Manifesti-concerti_70x100_Bozza5_page-0006-1200x1714.jpg","fusion-1200-width":1200,"fusion-1200-height":1714,"portfolio-full":"https:\/\/www.visitsicily.info\/wp-content\/uploads\/2026\/09\/2026_BIC_Manifesti-concerti_70x100_Bozza5_page-0006-940x400.jpg","portfolio-full-width":940,"portfolio-full-height":400,"portfolio-one":"https:\/\/www.visitsicily.info\/wp-content\/uploads\/2026\/09\/2026_BIC_Manifesti-concerti_70x100_Bozza5_page-0006-540x272.jpg","portfolio-one-width":540,"portfolio-one-height":272,"portfolio-two":"https:\/\/www.visitsicily.info\/wp-content\/uploads\/2026\/09\/2026_BIC_Manifesti-concerti_70x100_Bozza5_page-0006-460x295.jpg","portfolio-two-width":460,"portfolio-two-height":295,"portfolio-three":"https:\/\/www.visitsicily.info\/wp-content\/uploads\/2026\/09\/2026_BIC_Manifesti-concerti_70x100_Bozza5_page-0006-300x214.jpg","portfolio-three-width":300,"portfolio-three-height":214,"portfolio-five":"https:\/\/www.visitsicily.info\/wp-content\/uploads\/2026\/09\/2026_BIC_Manifesti-concerti_70x100_Bozza5_page-0006-177x142.jpg","portfolio-five-width":177,"portfolio-five-height":142}},{"ID":117576,"id":117576,"title":"2026_BIC_Manifesti concerti_70x100_Bozza5_page-0007","filename":"2026_BIC_Manifesti-concerti_70x100_Bozza5_page-0007-scaled.jpg","filesize":802412,"url":"https:\/\/www.visitsicily.info\/wp-content\/uploads\/2026\/09\/2026_BIC_Manifesti-concerti_70x100_Bozza5_page-0007-scaled.jpg","link":"https:\/\/www.visitsicily.info\/fr\/evento-new\/bellini-international-context-2026\/2026_bic_manifesti-concerti_70x100_bozza5_page-0007-2\/","alt":"","author":"46","description":"","caption":"","name":"2026_bic_manifesti-concerti_70x100_bozza5_page-0007-2","status":"inherit","uploaded_to":117675,"date":"2026-09-04 09:22:55","modified":"2026-09-04 09:42:42","menu_order":0,"mime_type":"image\/jpeg","type":"image","subtype":"jpeg","icon":"https:\/\/www.visitsicily.info\/wp-includes\/images\/media\/default.png","width":1792,"height":2560,"sizes":{"thumbnail":"https:\/\/www.visitsicily.info\/wp-content\/uploads\/2026\/09\/2026_BIC_Manifesti-concerti_70x100_Bozza5_page-0007-150x150.jpg","thumbnail-width":150,"thumbnail-height":150,"medium":"https:\/\/www.visitsicily.info\/wp-content\/uploads\/2026\/09\/2026_BIC_Manifesti-concerti_70x100_Bozza5_page-0007-210x300.jpg","medium-width":210,"medium-height":300,"medium_large":"https:\/\/www.visitsicily.info\/wp-content\/uploads\/2026\/09\/2026_BIC_Manifesti-concerti_70x100_Bozza5_page-0007-768x1097.jpg","medium_large-width":768,"medium_large-height":1097,"large":"https:\/\/www.visitsicily.info\/wp-content\/uploads\/2026\/09\/2026_BIC_Manifesti-concerti_70x100_Bozza5_page-0007-717x1024.jpg","large-width":717,"large-height":1024,"1536x1536":"https:\/\/www.visitsicily.info\/wp-content\/uploads\/2026\/09\/2026_BIC_Manifesti-concerti_70x100_Bozza5_page-0007-1075x1536.jpg","1536x1536-width":1075,"1536x1536-height":1536,"2048x2048":"https:\/\/www.visitsicily.info\/wp-content\/uploads\/2026\/09\/2026_BIC_Manifesti-concerti_70x100_Bozza5_page-0007-1434x2048.jpg","2048x2048-width":1434,"2048x2048-height":2048,"blog-large":"https:\/\/www.visitsicily.info\/wp-content\/uploads\/2026\/09\/2026_BIC_Manifesti-concerti_70x100_Bozza5_page-0007-669x272.jpg","blog-large-width":669,"blog-large-height":272,"blog-medium":"https:\/\/www.visitsicily.info\/wp-content\/uploads\/2026\/09\/2026_BIC_Manifesti-concerti_70x100_Bozza5_page-0007-320x202.jpg","blog-medium-width":320,"blog-medium-height":202,"recent-posts":"https:\/\/www.visitsicily.info\/wp-content\/uploads\/2026\/09\/2026_BIC_Manifesti-concerti_70x100_Bozza5_page-0007-700x441.jpg","recent-posts-width":700,"recent-posts-height":441,"recent-works-thumbnail":"https:\/\/www.visitsicily.info\/wp-content\/uploads\/2026\/09\/2026_BIC_Manifesti-concerti_70x100_Bozza5_page-0007-66x66.jpg","recent-works-thumbnail-width":66,"recent-works-thumbnail-height":66,"fusion-200":"https:\/\/www.visitsicily.info\/wp-content\/uploads\/2026\/09\/2026_BIC_Manifesti-concerti_70x100_Bozza5_page-0007-200x286.jpg","fusion-200-width":200,"fusion-200-height":286,"fusion-400":"https:\/\/www.visitsicily.info\/wp-content\/uploads\/2026\/09\/2026_BIC_Manifesti-concerti_70x100_Bozza5_page-0007-400x571.jpg","fusion-400-width":400,"fusion-400-height":571,"fusion-600":"https:\/\/www.visitsicily.info\/wp-content\/uploads\/2026\/09\/2026_BIC_Manifesti-concerti_70x100_Bozza5_page-0007-600x857.jpg","fusion-600-width":600,"fusion-600-height":857,"fusion-800":"https:\/\/www.visitsicily.info\/wp-content\/uploads\/2026\/09\/2026_BIC_Manifesti-concerti_70x100_Bozza5_page-0007-800x1143.jpg","fusion-800-width":800,"fusion-800-height":1143,"fusion-1200":"https:\/\/www.visitsicily.info\/wp-content\/uploads\/2026\/09\/2026_BIC_Manifesti-concerti_70x100_Bozza5_page-0007-1200x1714.jpg","fusion-1200-width":1200,"fusion-1200-height":1714,"portfolio-full":"https:\/\/www.visitsicily.info\/wp-content\/uploads\/2026\/09\/2026_BIC_Manifesti-concerti_70x100_Bozza5_page-0007-940x400.jpg","portfolio-full-width":940,"portfolio-full-height":400,"portfolio-one":"https:\/\/www.visitsicily.info\/wp-content\/uploads\/2026\/09\/2026_BIC_Manifesti-concerti_70x100_Bozza5_page-0007-540x272.jpg","portfolio-one-width":540,"portfolio-one-height":272,"portfolio-two":"https:\/\/www.visitsicily.info\/wp-content\/uploads\/2026\/09\/2026_BIC_Manifesti-concerti_70x100_Bozza5_page-0007-460x295.jpg","portfolio-two-width":460,"portfolio-two-height":295,"portfolio-three":"https:\/\/www.visitsicily.info\/wp-content\/uploads\/2026\/09\/2026_BIC_Manifesti-concerti_70x100_Bozza5_page-0007-300x214.jpg","portfolio-three-width":300,"portfolio-three-height":214,"portfolio-five":"https:\/\/www.visitsicily.info\/wp-content\/uploads\/2026\/09\/2026_BIC_Manifesti-concerti_70x100_Bozza5_page-0007-177x142.jpg","portfolio-five-width":177,"portfolio-five-height":142}},{"ID":117580,"id":117580,"title":"2026_BIC_Manifesti concerti_70x100_Bozza3_page-0003","filename":"2026_BIC_Manifesti-concerti_70x100_Bozza3_page-0003-scaled.jpg","filesize":898040,"url":"https:\/\/www.visitsicily.info\/wp-content\/uploads\/2026\/09\/2026_BIC_Manifesti-concerti_70x100_Bozza3_page-0003-scaled.jpg","link":"https:\/\/www.visitsicily.info\/fr\/evento-new\/bellini-international-context-2026\/2026_bic_manifesti-concerti_70x100_bozza3_page-0003-2\/","alt":"","author":"46","description":"","caption":"","name":"2026_bic_manifesti-concerti_70x100_bozza3_page-0003-2","status":"inherit","uploaded_to":117675,"date":"2026-09-04 09:23:16","modified":"2026-09-04 09:42:42","menu_order":0,"mime_type":"image\/jpeg","type":"image","subtype":"jpeg","icon":"https:\/\/www.visitsicily.info\/wp-includes\/images\/media\/default.png","width":1792,"height":2560,"sizes":{"thumbnail":"https:\/\/www.visitsicily.info\/wp-content\/uploads\/2026\/09\/2026_BIC_Manifesti-concerti_70x100_Bozza3_page-0003-150x150.jpg","thumbnail-width":150,"thumbnail-height":150,"medium":"https:\/\/www.visitsicily.info\/wp-content\/uploads\/2026\/09\/2026_BIC_Manifesti-concerti_70x100_Bozza3_page-0003-210x300.jpg","medium-width":210,"medium-height":300,"medium_large":"https:\/\/www.visitsicily.info\/wp-content\/uploads\/2026\/09\/2026_BIC_Manifesti-concerti_70x100_Bozza3_page-0003-768x1097.jpg","medium_large-width":768,"medium_large-height":1097,"large":"https:\/\/www.visitsicily.info\/wp-content\/uploads\/2026\/09\/2026_BIC_Manifesti-concerti_70x100_Bozza3_page-0003-717x1024.jpg","large-width":717,"large-height":1024,"1536x1536":"https:\/\/www.visitsicily.info\/wp-content\/uploads\/2026\/09\/2026_BIC_Manifesti-concerti_70x100_Bozza3_page-0003-1075x1536.jpg","1536x1536-width":1075,"1536x1536-height":1536,"2048x2048":"https:\/\/www.visitsicily.info\/wp-content\/uploads\/2026\/09\/2026_BIC_Manifesti-concerti_70x100_Bozza3_page-0003-1434x2048.jpg","2048x2048-width":1434,"2048x2048-height":2048,"blog-large":"https:\/\/www.visitsicily.info\/wp-content\/uploads\/2026\/09\/2026_BIC_Manifesti-concerti_70x100_Bozza3_page-0003-669x272.jpg","blog-large-width":669,"blog-large-height":272,"blog-medium":"https:\/\/www.visitsicily.info\/wp-content\/uploads\/2026\/09\/2026_BIC_Manifesti-concerti_70x100_Bozza3_page-0003-320x202.jpg","blog-medium-width":320,"blog-medium-height":202,"recent-posts":"https:\/\/www.visitsicily.info\/wp-content\/uploads\/2026\/09\/2026_BIC_Manifesti-concerti_70x100_Bozza3_page-0003-700x441.jpg","recent-posts-width":700,"recent-posts-height":441,"recent-works-thumbnail":"https:\/\/www.visitsicily.info\/wp-content\/uploads\/2026\/09\/2026_BIC_Manifesti-concerti_70x100_Bozza3_page-0003-66x66.jpg","recent-works-thumbnail-width":66,"recent-works-thumbnail-height":66,"fusion-200":"https:\/\/www.visitsicily.info\/wp-content\/uploads\/2026\/09\/2026_BIC_Manifesti-concerti_70x100_Bozza3_page-0003-200x286.jpg","fusion-200-width":200,"fusion-200-height":286,"fusion-400":"https:\/\/www.visitsicily.info\/wp-content\/uploads\/2026\/09\/2026_BIC_Manifesti-concerti_70x100_Bozza3_page-0003-400x571.jpg","fusion-400-width":400,"fusion-400-height":571,"fusion-600":"https:\/\/www.visitsicily.info\/wp-content\/uploads\/2026\/09\/2026_BIC_Manifesti-concerti_70x100_Bozza3_page-0003-600x857.jpg","fusion-600-width":600,"fusion-600-height":857,"fusion-800":"https:\/\/www.visitsicily.info\/wp-content\/uploads\/2026\/09\/2026_BIC_Manifesti-concerti_70x100_Bozza3_page-0003-800x1143.jpg","fusion-800-width":800,"fusion-800-height":1143,"fusion-1200":"https:\/\/www.visitsicily.info\/wp-content\/uploads\/2026\/09\/2026_BIC_Manifesti-concerti_70x100_Bozza3_page-0003-1200x1714.jpg","fusion-1200-width":1200,"fusion-1200-height":1714,"portfolio-full":"https:\/\/www.visitsicily.info\/wp-content\/uploads\/2026\/09\/2026_BIC_Manifesti-concerti_70x100_Bozza3_page-0003-940x400.jpg","portfolio-full-width":940,"portfolio-full-height":400,"portfolio-one":"https:\/\/www.visitsicily.info\/wp-content\/uploads\/2026\/09\/2026_BIC_Manifesti-concerti_70x100_Bozza3_page-0003-540x272.jpg","portfolio-one-width":540,"portfolio-one-height":272,"portfolio-two":"https:\/\/www.visitsicily.info\/wp-content\/uploads\/2026\/09\/2026_BIC_Manifesti-concerti_70x100_Bozza3_page-0003-460x295.jpg","portfolio-two-width":460,"portfolio-two-height":295,"portfolio-three":"https:\/\/www.visitsicily.info\/wp-content\/uploads\/2026\/09\/2026_BIC_Manifesti-concerti_70x100_Bozza3_page-0003-300x214.jpg","portfolio-three-width":300,"portfolio-three-height":214,"portfolio-five":"https:\/\/www.visitsicily.info\/wp-content\/uploads\/2026\/09\/2026_BIC_Manifesti-concerti_70x100_Bozza3_page-0003-177x142.jpg","portfolio-five-width":177,"portfolio-five-height":142}},{"ID":117584,"id":117584,"title":"2026_BIC_Manifesti concerti_70x100_Bozza3_page-0005","filename":"2026_BIC_Manifesti-concerti_70x100_Bozza3_page-0005-scaled.jpg","filesize":871314,"url":"https:\/\/www.visitsicily.info\/wp-content\/uploads\/2026\/09\/2026_BIC_Manifesti-concerti_70x100_Bozza3_page-0005-scaled.jpg","link":"https:\/\/www.visitsicily.info\/fr\/evento-new\/bellini-international-context-2026\/2026_bic_manifesti-concerti_70x100_bozza3_page-0005-2\/","alt":"","author":"46","description":"","caption":"","name":"2026_bic_manifesti-concerti_70x100_bozza3_page-0005-2","status":"inherit","uploaded_to":117675,"date":"2026-09-04 09:23:49","modified":"2026-09-04 09:42:42","menu_order":0,"mime_type":"image\/jpeg","type":"image","subtype":"jpeg","icon":"https:\/\/www.visitsicily.info\/wp-includes\/images\/media\/default.png","width":1792,"height":2560,"sizes":{"thumbnail":"https:\/\/www.visitsicily.info\/wp-content\/uploads\/2026\/09\/2026_BIC_Manifesti-concerti_70x100_Bozza3_page-0005-150x150.jpg","thumbnail-width":150,"thumbnail-height":150,"medium":"https:\/\/www.visitsicily.info\/wp-content\/uploads\/2026\/09\/2026_BIC_Manifesti-concerti_70x100_Bozza3_page-0005-210x300.jpg","medium-width":210,"medium-height":300,"medium_large":"https:\/\/www.visitsicily.info\/wp-content\/uploads\/2026\/09\/2026_BIC_Manifesti-concerti_70x100_Bozza3_page-0005-768x1097.jpg","medium_large-width":768,"medium_large-height":1097,"large":"https:\/\/www.visitsicily.info\/wp-content\/uploads\/2026\/09\/2026_BIC_Manifesti-concerti_70x100_Bozza3_page-0005-717x1024.jpg","large-width":717,"large-height":1024,"1536x1536":"https:\/\/www.visitsicily.info\/wp-content\/uploads\/2026\/09\/2026_BIC_Manifesti-concerti_70x100_Bozza3_page-0005-1075x1536.jpg","1536x1536-width":1075,"1536x1536-height":1536,"2048x2048":"https:\/\/www.visitsicily.info\/wp-content\/uploads\/2026\/09\/2026_BIC_Manifesti-concerti_70x100_Bozza3_page-0005-1434x2048.jpg","2048x2048-width":1434,"2048x2048-height":2048,"blog-large":"https:\/\/www.visitsicily.info\/wp-content\/uploads\/2026\/09\/2026_BIC_Manifesti-concerti_70x100_Bozza3_page-0005-669x272.jpg","blog-large-width":669,"blog-large-height":272,"blog-medium":"https:\/\/www.visitsicily.info\/wp-content\/uploads\/2026\/09\/2026_BIC_Manifesti-concerti_70x100_Bozza3_page-0005-320x202.jpg","blog-medium-width":320,"blog-medium-height":202,"recent-posts":"https:\/\/www.visitsicily.info\/wp-content\/uploads\/2026\/09\/2026_BIC_Manifesti-concerti_70x100_Bozza3_page-0005-700x441.jpg","recent-posts-width":700,"recent-posts-height":441,"recent-works-thumbnail":"https:\/\/www.visitsicily.info\/wp-content\/uploads\/2026\/09\/2026_BIC_Manifesti-concerti_70x100_Bozza3_page-0005-66x66.jpg","recent-works-thumbnail-width":66,"recent-works-thumbnail-height":66,"fusion-200":"https:\/\/www.visitsicily.info\/wp-content\/uploads\/2026\/09\/2026_BIC_Manifesti-concerti_70x100_Bozza3_page-0005-200x286.jpg","fusion-200-width":200,"fusion-200-height":286,"fusion-400":"https:\/\/www.visitsicily.info\/wp-content\/uploads\/2026\/09\/2026_BIC_Manifesti-concerti_70x100_Bozza3_page-0005-400x571.jpg","fusion-400-width":400,"fusion-400-height":571,"fusion-600":"https:\/\/www.visitsicily.info\/wp-content\/uploads\/2026\/09\/2026_BIC_Manifesti-concerti_70x100_Bozza3_page-0005-600x857.jpg","fusion-600-width":600,"fusion-600-height":857,"fusion-800":"https:\/\/www.visitsicily.info\/wp-content\/uploads\/2026\/09\/2026_BIC_Manifesti-concerti_70x100_Bozza3_page-0005-800x1143.jpg","fusion-800-width":800,"fusion-800-height":1143,"fusion-1200":"https:\/\/www.visitsicily.info\/wp-content\/uploads\/2026\/09\/2026_BIC_Manifesti-concerti_70x100_Bozza3_page-0005-1200x1714.jpg","fusion-1200-width":1200,"fusion-1200-height":1714,"portfolio-full":"https:\/\/www.visitsicily.info\/wp-content\/uploads\/2026\/09\/2026_BIC_Manifesti-concerti_70x100_Bozza3_page-0005-940x400.jpg","portfolio-full-width":940,"portfolio-full-height":400,"portfolio-one":"https:\/\/www.visitsicily.info\/wp-content\/uploads\/2026\/09\/2026_BIC_Manifesti-concerti_70x100_Bozza3_page-0005-540x272.jpg","portfolio-one-width":540,"portfolio-one-height":272,"portfolio-two":"https:\/\/www.visitsicily.info\/wp-content\/uploads\/2026\/09\/2026_BIC_Manifesti-concerti_70x100_Bozza3_page-0005-460x295.jpg","portfolio-two-width":460,"portfolio-two-height":295,"portfolio-three":"https:\/\/www.visitsicily.info\/wp-content\/uploads\/2026\/09\/2026_BIC_Manifesti-concerti_70x100_Bozza3_page-0005-300x214.jpg","portfolio-three-width":300,"portfolio-three-height":214,"portfolio-five":"https:\/\/www.visitsicily.info\/wp-content\/uploads\/2026\/09\/2026_BIC_Manifesti-concerti_70x100_Bozza3_page-0005-177x142.jpg","portfolio-five-width":177,"portfolio-five-height":142}},{"ID":117588,"id":117588,"title":"2026_BIC_Manifesti concerti_70x100_Bozza3_page-0001","filename":"2026_BIC_Manifesti-concerti_70x100_Bozza3_page-0001-scaled.jpg","filesize":827654,"url":"https:\/\/www.visitsicily.info\/wp-content\/uploads\/2026\/09\/2026_BIC_Manifesti-concerti_70x100_Bozza3_page-0001-scaled.jpg","link":"https:\/\/www.visitsicily.info\/fr\/evento-new\/bellini-international-context-2026\/2026_bic_manifesti-concerti_70x100_bozza3_page-0001-2\/","alt":"","author":"46","description":"","caption":"","name":"2026_bic_manifesti-concerti_70x100_bozza3_page-0001-2","status":"inherit","uploaded_to":117675,"date":"2026-09-04 09:24:25","modified":"2026-09-04 09:42:42","menu_order":0,"mime_type":"image\/jpeg","type":"image","subtype":"jpeg","icon":"https:\/\/www.visitsicily.info\/wp-includes\/images\/media\/default.png","width":1792,"height":2560,"sizes":{"thumbnail":"https:\/\/www.visitsicily.info\/wp-content\/uploads\/2026\/09\/2026_BIC_Manifesti-concerti_70x100_Bozza3_page-0001-150x150.jpg","thumbnail-width":150,"thumbnail-height":150,"medium":"https:\/\/www.visitsicily.info\/wp-content\/uploads\/2026\/09\/2026_BIC_Manifesti-concerti_70x100_Bozza3_page-0001-210x300.jpg","medium-width":210,"medium-height":300,"medium_large":"https:\/\/www.visitsicily.info\/wp-content\/uploads\/2026\/09\/2026_BIC_Manifesti-concerti_70x100_Bozza3_page-0001-768x1097.jpg","medium_large-width":768,"medium_large-height":1097,"large":"https:\/\/www.visitsicily.info\/wp-content\/uploads\/2026\/09\/2026_BIC_Manifesti-concerti_70x100_Bozza3_page-0001-717x1024.jpg","large-width":717,"large-height":1024,"1536x1536":"https:\/\/www.visitsicily.info\/wp-content\/uploads\/2026\/09\/2026_BIC_Manifesti-concerti_70x100_Bozza3_page-0001-1075x1536.jpg","1536x1536-width":1075,"1536x1536-height":1536,"2048x2048":"https:\/\/www.visitsicily.info\/wp-content\/uploads\/2026\/09\/2026_BIC_Manifesti-concerti_70x100_Bozza3_page-0001-1434x2048.jpg","2048x2048-width":1434,"2048x2048-height":2048,"blog-large":"https:\/\/www.visitsicily.info\/wp-content\/uploads\/2026\/09\/2026_BIC_Manifesti-concerti_70x100_Bozza3_page-0001-669x272.jpg","blog-large-width":669,"blog-large-height":272,"blog-medium":"https:\/\/www.visitsicily.info\/wp-content\/uploads\/2026\/09\/2026_BIC_Manifesti-concerti_70x100_Bozza3_page-0001-320x202.jpg","blog-medium-width":320,"blog-medium-height":202,"recent-posts":"https:\/\/www.visitsicily.info\/wp-content\/uploads\/2026\/09\/2026_BIC_Manifesti-concerti_70x100_Bozza3_page-0001-700x441.jpg","recent-posts-width":700,"recent-posts-height":441,"recent-works-thumbnail":"https:\/\/www.visitsicily.info\/wp-content\/uploads\/2026\/09\/2026_BIC_Manifesti-concerti_70x100_Bozza3_page-0001-66x66.jpg","recent-works-thumbnail-width":66,"recent-works-thumbnail-height":66,"fusion-200":"https:\/\/www.visitsicily.info\/wp-content\/uploads\/2026\/09\/2026_BIC_Manifesti-concerti_70x100_Bozza3_page-0001-200x286.jpg","fusion-200-width":200,"fusion-200-height":286,"fusion-400":"https:\/\/www.visitsicily.info\/wp-content\/uploads\/2026\/09\/2026_BIC_Manifesti-concerti_70x100_Bozza3_page-0001-400x571.jpg","fusion-400-width":400,"fusion-400-height":571,"fusion-600":"https:\/\/www.visitsicily.info\/wp-content\/uploads\/2026\/09\/2026_BIC_Manifesti-concerti_70x100_Bozza3_page-0001-600x857.jpg","fusion-600-width":600,"fusion-600-height":857,"fusion-800":"https:\/\/www.visitsicily.info\/wp-content\/uploads\/2026\/09\/2026_BIC_Manifesti-concerti_70x100_Bozza3_page-0001-800x1143.jpg","fusion-800-width":800,"fusion-800-height":1143,"fusion-1200":"https:\/\/www.visitsicily.info\/wp-content\/uploads\/2026\/09\/2026_BIC_Manifesti-concerti_70x100_Bozza3_page-0001-1200x1714.jpg","fusion-1200-width":1200,"fusion-1200-height":1714,"portfolio-full":"https:\/\/www.visitsicily.info\/wp-content\/uploads\/2026\/09\/2026_BIC_Manifesti-concerti_70x100_Bozza3_page-0001-940x400.jpg","portfolio-full-width":940,"portfolio-full-height":400,"portfolio-one":"https:\/\/www.visitsicily.info\/wp-content\/uploads\/2026\/09\/2026_BIC_Manifesti-concerti_70x100_Bozza3_page-0001-540x272.jpg","portfolio-one-width":540,"portfolio-one-height":272,"portfolio-two":"https:\/\/www.visitsicily.info\/wp-content\/uploads\/2026\/09\/2026_BIC_Manifesti-concerti_70x100_Bozza3_page-0001-460x295.jpg","portfolio-two-width":460,"portfolio-two-height":295,"portfolio-three":"https:\/\/www.visitsicily.info\/wp-content\/uploads\/2026\/09\/2026_BIC_Manifesti-concerti_70x100_Bozza3_page-0001-300x214.jpg","portfolio-three-width":300,"portfolio-three-height":214,"portfolio-five":"https:\/\/www.visitsicily.info\/wp-content\/uploads\/2026\/09\/2026_BIC_Manifesti-concerti_70x100_Bozza3_page-0001-177x142.jpg","portfolio-five-width":177,"portfolio-five-height":142}},{"ID":117592,"id":117592,"title":"2026_BIC_Manifesti concerti_70x100_Bozza3_page-0002","filename":"2026_BIC_Manifesti-concerti_70x100_Bozza3_page-0002-scaled.jpg","filesize":902889,"url":"https:\/\/www.visitsicily.info\/wp-content\/uploads\/2026\/09\/2026_BIC_Manifesti-concerti_70x100_Bozza3_page-0002-scaled.jpg","link":"https:\/\/www.visitsicily.info\/fr\/evento-new\/bellini-international-context-2026\/2026_bic_manifesti-concerti_70x100_bozza3_page-0002-2\/","alt":"","author":"46","description":"","caption":"","name":"2026_bic_manifesti-concerti_70x100_bozza3_page-0002-2","status":"inherit","uploaded_to":117675,"date":"2026-09-04 09:24:55","modified":"2026-09-04 09:42:42","menu_order":0,"mime_type":"image\/jpeg","type":"image","subtype":"jpeg","icon":"https:\/\/www.visitsicily.info\/wp-includes\/images\/media\/default.png","width":1792,"height":2560,"sizes":{"thumbnail":"https:\/\/www.visitsicily.info\/wp-content\/uploads\/2026\/09\/2026_BIC_Manifesti-concerti_70x100_Bozza3_page-0002-150x150.jpg","thumbnail-width":150,"thumbnail-height":150,"medium":"https:\/\/www.visitsicily.info\/wp-content\/uploads\/2026\/09\/2026_BIC_Manifesti-concerti_70x100_Bozza3_page-0002-210x300.jpg","medium-width":210,"medium-height":300,"medium_large":"https:\/\/www.visitsicily.info\/wp-content\/uploads\/2026\/09\/2026_BIC_Manifesti-concerti_70x100_Bozza3_page-0002-768x1097.jpg","medium_large-width":768,"medium_large-height":1097,"large":"https:\/\/www.visitsicily.info\/wp-content\/uploads\/2026\/09\/2026_BIC_Manifesti-concerti_70x100_Bozza3_page-0002-717x1024.jpg","large-width":717,"large-height":1024,"1536x1536":"https:\/\/www.visitsicily.info\/wp-content\/uploads\/2026\/09\/2026_BIC_Manifesti-concerti_70x100_Bozza3_page-0002-1075x1536.jpg","1536x1536-width":1075,"1536x1536-height":1536,"2048x2048":"https:\/\/www.visitsicily.info\/wp-content\/uploads\/2026\/09\/2026_BIC_Manifesti-concerti_70x100_Bozza3_page-0002-1434x2048.jpg","2048x2048-width":1434,"2048x2048-height":2048,"blog-large":"https:\/\/www.visitsicily.info\/wp-content\/uploads\/2026\/09\/2026_BIC_Manifesti-concerti_70x100_Bozza3_page-0002-669x272.jpg","blog-large-width":669,"blog-large-height":272,"blog-medium":"https:\/\/www.visitsicily.info\/wp-content\/uploads\/2026\/09\/2026_BIC_Manifesti-concerti_70x100_Bozza3_page-0002-320x202.jpg","blog-medium-width":320,"blog-medium-height":202,"recent-posts":"https:\/\/www.visitsicily.info\/wp-content\/uploads\/2026\/09\/2026_BIC_Manifesti-concerti_70x100_Bozza3_page-0002-700x441.jpg","recent-posts-width":700,"recent-posts-height":441,"recent-works-thumbnail":"https:\/\/www.visitsicily.info\/wp-content\/uploads\/2026\/09\/2026_BIC_Manifesti-concerti_70x100_Bozza3_page-0002-66x66.jpg","recent-works-thumbnail-width":66,"recent-works-thumbnail-height":66,"fusion-200":"https:\/\/www.visitsicily.info\/wp-content\/uploads\/2026\/09\/2026_BIC_Manifesti-concerti_70x100_Bozza3_page-0002-200x286.jpg","fusion-200-width":200,"fusion-200-height":286,"fusion-400":"https:\/\/www.visitsicily.info\/wp-content\/uploads\/2026\/09\/2026_BIC_Manifesti-concerti_70x100_Bozza3_page-0002-400x571.jpg","fusion-400-width":400,"fusion-400-height":571,"fusion-600":"https:\/\/www.visitsicily.info\/wp-content\/uploads\/2026\/09\/2026_BIC_Manifesti-concerti_70x100_Bozza3_page-0002-600x857.jpg","fusion-600-width":600,"fusion-600-height":857,"fusion-800":"https:\/\/www.visitsicily.info\/wp-content\/uploads\/2026\/09\/2026_BIC_Manifesti-concerti_70x100_Bozza3_page-0002-800x1143.jpg","fusion-800-width":800,"fusion-800-height":1143,"fusion-1200":"https:\/\/www.visitsicily.info\/wp-content\/uploads\/2026\/09\/2026_BIC_Manifesti-concerti_70x100_Bozza3_page-0002-1200x1714.jpg","fusion-1200-width":1200,"fusion-1200-height":1714,"portfolio-full":"https:\/\/www.visitsicily.info\/wp-content\/uploads\/2026\/09\/2026_BIC_Manifesti-concerti_70x100_Bozza3_page-0002-940x400.jpg","portfolio-full-width":940,"portfolio-full-height":400,"portfolio-one":"https:\/\/www.visitsicily.info\/wp-content\/uploads\/2026\/09\/2026_BIC_Manifesti-concerti_70x100_Bozza3_page-0002-540x272.jpg","portfolio-one-width":540,"portfolio-one-height":272,"portfolio-two":"https:\/\/www.visitsicily.info\/wp-content\/uploads\/2026\/09\/2026_BIC_Manifesti-concerti_70x100_Bozza3_page-0002-460x295.jpg","portfolio-two-width":460,"portfolio-two-height":295,"portfolio-three":"https:\/\/www.visitsicily.info\/wp-content\/uploads\/2026\/09\/2026_BIC_Manifesti-concerti_70x100_Bozza3_page-0002-300x214.jpg","portfolio-three-width":300,"portfolio-three-height":214,"portfolio-five":"https:\/\/www.visitsicily.info\/wp-content\/uploads\/2026\/09\/2026_BIC_Manifesti-concerti_70x100_Bozza3_page-0002-177x142.jpg","portfolio-five-width":177,"portfolio-five-height":142}},{"ID":117596,"id":117596,"title":"2026_BIC_Manifesti concerti_70x100_Bozza3_page-0004","filename":"2026_BIC_Manifesti-concerti_70x100_Bozza3_page-0004-scaled.jpg","filesize":951218,"url":"https:\/\/www.visitsicily.info\/wp-content\/uploads\/2026\/09\/2026_BIC_Manifesti-concerti_70x100_Bozza3_page-0004-scaled.jpg","link":"https:\/\/www.visitsicily.info\/fr\/evento-new\/bellini-international-context-2026\/2026_bic_manifesti-concerti_70x100_bozza3_page-0004-2\/","alt":"","author":"46","description":"","caption":"","name":"2026_bic_manifesti-concerti_70x100_bozza3_page-0004-2","status":"inherit","uploaded_to":117675,"date":"2026-09-04 09:25:18","modified":"2026-09-04 09:42:42","menu_order":0,"mime_type":"image\/jpeg","type":"image","subtype":"jpeg","icon":"https:\/\/www.visitsicily.info\/wp-includes\/images\/media\/default.png","width":1792,"height":2560,"sizes":{"thumbnail":"https:\/\/www.visitsicily.info\/wp-content\/uploads\/2026\/09\/2026_BIC_Manifesti-concerti_70x100_Bozza3_page-0004-150x150.jpg","thumbnail-width":150,"thumbnail-height":150,"medium":"https:\/\/www.visitsicily.info\/wp-content\/uploads\/2026\/09\/2026_BIC_Manifesti-concerti_70x100_Bozza3_page-0004-210x300.jpg","medium-width":210,"medium-height":300,"medium_large":"https:\/\/www.visitsicily.info\/wp-content\/uploads\/2026\/09\/2026_BIC_Manifesti-concerti_70x100_Bozza3_page-0004-768x1097.jpg","medium_large-width":768,"medium_large-height":1097,"large":"https:\/\/www.visitsicily.info\/wp-content\/uploads\/2026\/09\/2026_BIC_Manifesti-concerti_70x100_Bozza3_page-0004-717x1024.jpg","large-width":717,"large-height":1024,"1536x1536":"https:\/\/www.visitsicily.info\/wp-content\/uploads\/2026\/09\/2026_BIC_Manifesti-concerti_70x100_Bozza3_page-0004-1075x1536.jpg","1536x1536-width":1075,"1536x1536-height":1536,"2048x2048":"https:\/\/www.visitsicily.info\/wp-content\/uploads\/2026\/09\/2026_BIC_Manifesti-concerti_70x100_Bozza3_page-0004-1434x2048.jpg","2048x2048-width":1434,"2048x2048-height":2048,"blog-large":"https:\/\/www.visitsicily.info\/wp-content\/uploads\/2026\/09\/2026_BIC_Manifesti-concerti_70x100_Bozza3_page-0004-669x272.jpg","blog-large-width":669,"blog-large-height":272,"blog-medium":"https:\/\/www.visitsicily.info\/wp-content\/uploads\/2026\/09\/2026_BIC_Manifesti-concerti_70x100_Bozza3_page-0004-320x202.jpg","blog-medium-width":320,"blog-medium-height":202,"recent-posts":"https:\/\/www.visitsicily.info\/wp-content\/uploads\/2026\/09\/2026_BIC_Manifesti-concerti_70x100_Bozza3_page-0004-700x441.jpg","recent-posts-width":700,"recent-posts-height":441,"recent-works-thumbnail":"https:\/\/www.visitsicily.info\/wp-content\/uploads\/2026\/09\/2026_BIC_Manifesti-concerti_70x100_Bozza3_page-0004-66x66.jpg","recent-works-thumbnail-width":66,"recent-works-thumbnail-height":66,"fusion-200":"https:\/\/www.visitsicily.info\/wp-content\/uploads\/2026\/09\/2026_BIC_Manifesti-concerti_70x100_Bozza3_page-0004-200x286.jpg","fusion-200-width":200,"fusion-200-height":286,"fusion-400":"https:\/\/www.visitsicily.info\/wp-content\/uploads\/2026\/09\/2026_BIC_Manifesti-concerti_70x100_Bozza3_page-0004-400x571.jpg","fusion-400-width":400,"fusion-400-height":571,"fusion-600":"https:\/\/www.visitsicily.info\/wp-content\/uploads\/2026\/09\/2026_BIC_Manifesti-concerti_70x100_Bozza3_page-0004-600x857.jpg","fusion-600-width":600,"fusion-600-height":857,"fusion-800":"https:\/\/www.visitsicily.info\/wp-content\/uploads\/2026\/09\/2026_BIC_Manifesti-concerti_70x100_Bozza3_page-0004-800x1143.jpg","fusion-800-width":800,"fusion-800-height":1143,"fusion-1200":"https:\/\/www.visitsicily.info\/wp-content\/uploads\/2026\/09\/2026_BIC_Manifesti-concerti_70x100_Bozza3_page-0004-1200x1714.jpg","fusion-1200-width":1200,"fusion-1200-height":1714,"portfolio-full":"https:\/\/www.visitsicily.info\/wp-content\/uploads\/2026\/09\/2026_BIC_Manifesti-concerti_70x100_Bozza3_page-0004-940x400.jpg","portfolio-full-width":940,"portfolio-full-height":400,"portfolio-one":"https:\/\/www.visitsicily.info\/wp-content\/uploads\/2026\/09\/2026_BIC_Manifesti-concerti_70x100_Bozza3_page-0004-540x272.jpg","portfolio-one-width":540,"portfolio-one-height":272,"portfolio-two":"https:\/\/www.visitsicily.info\/wp-content\/uploads\/2026\/09\/2026_BIC_Manifesti-concerti_70x100_Bozza3_page-0004-460x295.jpg","portfolio-two-width":460,"portfolio-two-height":295,"portfolio-three":"https:\/\/www.visitsicily.info\/wp-content\/uploads\/2026\/09\/2026_BIC_Manifesti-concerti_70x100_Bozza3_page-0004-300x214.jpg","portfolio-three-width":300,"portfolio-three-height":214,"portfolio-five":"https:\/\/www.visitsicily.info\/wp-content\/uploads\/2026\/09\/2026_BIC_Manifesti-concerti_70x100_Bozza3_page-0004-177x142.jpg","portfolio-five-width":177,"portfolio-five-height":142}},{"ID":117600,"id":117600,"title":"2026_BIC_Manifesti concerti_70x100_Bozza2_page-0002","filename":"2026_BIC_Manifesti-concerti_70x100_Bozza2_page-0002-scaled.jpg","filesize":851606,"url":"https:\/\/www.visitsicily.info\/wp-content\/uploads\/2026\/09\/2026_BIC_Manifesti-concerti_70x100_Bozza2_page-0002-scaled.jpg","link":"https:\/\/www.visitsicily.info\/fr\/evento-new\/bellini-international-context-2026\/2026_bic_manifesti-concerti_70x100_bozza2_page-0002-2\/","alt":"","author":"46","description":"","caption":"","name":"2026_bic_manifesti-concerti_70x100_bozza2_page-0002-2","status":"inherit","uploaded_to":117675,"date":"2026-09-04 09:25:44","modified":"2026-09-04 09:42:42","menu_order":0,"mime_type":"image\/jpeg","type":"image","subtype":"jpeg","icon":"https:\/\/www.visitsicily.info\/wp-includes\/images\/media\/default.png","width":1792,"height":2560,"sizes":{"thumbnail":"https:\/\/www.visitsicily.info\/wp-content\/uploads\/2026\/09\/2026_BIC_Manifesti-concerti_70x100_Bozza2_page-0002-150x150.jpg","thumbnail-width":150,"thumbnail-height":150,"medium":"https:\/\/www.visitsicily.info\/wp-content\/uploads\/2026\/09\/2026_BIC_Manifesti-concerti_70x100_Bozza2_page-0002-210x300.jpg","medium-width":210,"medium-height":300,"medium_large":"https:\/\/www.visitsicily.info\/wp-content\/uploads\/2026\/09\/2026_BIC_Manifesti-concerti_70x100_Bozza2_page-0002-768x1097.jpg","medium_large-width":768,"medium_large-height":1097,"large":"https:\/\/www.visitsicily.info\/wp-content\/uploads\/2026\/09\/2026_BIC_Manifesti-concerti_70x100_Bozza2_page-0002-717x1024.jpg","large-width":717,"large-height":1024,"1536x1536":"https:\/\/www.visitsicily.info\/wp-content\/uploads\/2026\/09\/2026_BIC_Manifesti-concerti_70x100_Bozza2_page-0002-1075x1536.jpg","1536x1536-width":1075,"1536x1536-height":1536,"2048x2048":"https:\/\/www.visitsicily.info\/wp-content\/uploads\/2026\/09\/2026_BIC_Manifesti-concerti_70x100_Bozza2_page-0002-1434x2048.jpg","2048x2048-width":1434,"2048x2048-height":2048,"blog-large":"https:\/\/www.visitsicily.info\/wp-content\/uploads\/2026\/09\/2026_BIC_Manifesti-concerti_70x100_Bozza2_page-0002-669x272.jpg","blog-large-width":669,"blog-large-height":272,"blog-medium":"https:\/\/www.visitsicily.info\/wp-content\/uploads\/2026\/09\/2026_BIC_Manifesti-concerti_70x100_Bozza2_page-0002-320x202.jpg","blog-medium-width":320,"blog-medium-height":202,"recent-posts":"https:\/\/www.visitsicily.info\/wp-content\/uploads\/2026\/09\/2026_BIC_Manifesti-concerti_70x100_Bozza2_page-0002-700x441.jpg","recent-posts-width":700,"recent-posts-height":441,"recent-works-thumbnail":"https:\/\/www.visitsicily.info\/wp-content\/uploads\/2026\/09\/2026_BIC_Manifesti-concerti_70x100_Bozza2_page-0002-66x66.jpg","recent-works-thumbnail-width":66,"recent-works-thumbnail-height":66,"fusion-200":"https:\/\/www.visitsicily.info\/wp-content\/uploads\/2026\/09\/2026_BIC_Manifesti-concerti_70x100_Bozza2_page-0002-200x286.jpg","fusion-200-width":200,"fusion-200-height":286,"fusion-400":"https:\/\/www.visitsicily.info\/wp-content\/uploads\/2026\/09\/2026_BIC_Manifesti-concerti_70x100_Bozza2_page-0002-400x571.jpg","fusion-400-width":400,"fusion-400-height":571,"fusion-600":"https:\/\/www.visitsicily.info\/wp-content\/uploads\/2026\/09\/2026_BIC_Manifesti-concerti_70x100_Bozza2_page-0002-600x857.jpg","fusion-600-width":600,"fusion-600-height":857,"fusion-800":"https:\/\/www.visitsicily.info\/wp-content\/uploads\/2026\/09\/2026_BIC_Manifesti-concerti_70x100_Bozza2_page-0002-800x1143.jpg","fusion-800-width":800,"fusion-800-height":1143,"fusion-1200":"https:\/\/www.visitsicily.info\/wp-content\/uploads\/2026\/09\/2026_BIC_Manifesti-concerti_70x100_Bozza2_page-0002-1200x1714.jpg","fusion-1200-width":1200,"fusion-1200-height":1714,"portfolio-full":"https:\/\/www.visitsicily.info\/wp-content\/uploads\/2026\/09\/2026_BIC_Manifesti-concerti_70x100_Bozza2_page-0002-940x400.jpg","portfolio-full-width":940,"portfolio-full-height":400,"portfolio-one":"https:\/\/www.visitsicily.info\/wp-content\/uploads\/2026\/09\/2026_BIC_Manifesti-concerti_70x100_Bozza2_page-0002-540x272.jpg","portfolio-one-width":540,"portfolio-one-height":272,"portfolio-two":"https:\/\/www.visitsicily.info\/wp-content\/uploads\/2026\/09\/2026_BIC_Manifesti-concerti_70x100_Bozza2_page-0002-460x295.jpg","portfolio-two-width":460,"portfolio-two-height":295,"portfolio-three":"https:\/\/www.visitsicily.info\/wp-content\/uploads\/2026\/09\/2026_BIC_Manifesti-concerti_70x100_Bozza2_page-0002-300x214.jpg","portfolio-three-width":300,"portfolio-three-height":214,"portfolio-five":"https:\/\/www.visitsicily.info\/wp-content\/uploads\/2026\/09\/2026_BIC_Manifesti-concerti_70x100_Bozza2_page-0002-177x142.jpg","portfolio-five-width":177,"portfolio-five-height":142}},{"ID":117604,"id":117604,"title":"2026_BIC_Manifesti concerti_70x100_Bozza2_page-0003","filename":"2026_BIC_Manifesti-concerti_70x100_Bozza2_page-0003-scaled.jpg","filesize":859191,"url":"https:\/\/www.visitsicily.info\/wp-content\/uploads\/2026\/09\/2026_BIC_Manifesti-concerti_70x100_Bozza2_page-0003-scaled.jpg","link":"https:\/\/www.visitsicily.info\/fr\/evento-new\/bellini-international-context-2026\/2026_bic_manifesti-concerti_70x100_bozza2_page-0003-2\/","alt":"","author":"46","description":"","caption":"","name":"2026_bic_manifesti-concerti_70x100_bozza2_page-0003-2","status":"inherit","uploaded_to":117675,"date":"2026-09-04 09:26:07","modified":"2026-09-04 09:42:42","menu_order":0,"mime_type":"image\/jpeg","type":"image","subtype":"jpeg","icon":"https:\/\/www.visitsicily.info\/wp-includes\/images\/media\/default.png","width":1792,"height":2560,"sizes":{"thumbnail":"https:\/\/www.visitsicily.info\/wp-content\/uploads\/2026\/09\/2026_BIC_Manifesti-concerti_70x100_Bozza2_page-0003-150x150.jpg","thumbnail-width":150,"thumbnail-height":150,"medium":"https:\/\/www.visitsicily.info\/wp-content\/uploads\/2026\/09\/2026_BIC_Manifesti-concerti_70x100_Bozza2_page-0003-210x300.jpg","medium-width":210,"medium-height":300,"medium_large":"https:\/\/www.visitsicily.info\/wp-content\/uploads\/2026\/09\/2026_BIC_Manifesti-concerti_70x100_Bozza2_page-0003-768x1097.jpg","medium_large-width":768,"medium_large-height":1097,"large":"https:\/\/www.visitsicily.info\/wp-content\/uploads\/2026\/09\/2026_BIC_Manifesti-concerti_70x100_Bozza2_page-0003-717x1024.jpg","large-width":717,"large-height":1024,"1536x1536":"https:\/\/www.visitsicily.info\/wp-content\/uploads\/2026\/09\/2026_BIC_Manifesti-concerti_70x100_Bozza2_page-0003-1075x1536.jpg","1536x1536-width":1075,"1536x1536-height":1536,"2048x2048":"https:\/\/www.visitsicily.info\/wp-content\/uploads\/2026\/09\/2026_BIC_Manifesti-concerti_70x100_Bozza2_page-0003-1434x2048.jpg","2048x2048-width":1434,"2048x2048-height":2048,"blog-large":"https:\/\/www.visitsicily.info\/wp-content\/uploads\/2026\/09\/2026_BIC_Manifesti-concerti_70x100_Bozza2_page-0003-669x272.jpg","blog-large-width":669,"blog-large-height":272,"blog-medium":"https:\/\/www.visitsicily.info\/wp-content\/uploads\/2026\/09\/2026_BIC_Manifesti-concerti_70x100_Bozza2_page-0003-320x202.jpg","blog-medium-width":320,"blog-medium-height":202,"recent-posts":"https:\/\/www.visitsicily.info\/wp-content\/uploads\/2026\/09\/2026_BIC_Manifesti-concerti_70x100_Bozza2_page-0003-700x441.jpg","recent-posts-width":700,"recent-posts-height":441,"recent-works-thumbnail":"https:\/\/www.visitsicily.info\/wp-content\/uploads\/2026\/09\/2026_BIC_Manifesti-concerti_70x100_Bozza2_page-0003-66x66.jpg","recent-works-thumbnail-width":66,"recent-works-thumbnail-height":66,"fusion-200":"https:\/\/www.visitsicily.info\/wp-content\/uploads\/2026\/09\/2026_BIC_Manifesti-concerti_70x100_Bozza2_page-0003-200x286.jpg","fusion-200-width":200,"fusion-200-height":286,"fusion-400":"https:\/\/www.visitsicily.info\/wp-content\/uploads\/2026\/09\/2026_BIC_Manifesti-concerti_70x100_Bozza2_page-0003-400x571.jpg","fusion-400-width":400,"fusion-400-height":571,"fusion-600":"https:\/\/www.visitsicily.info\/wp-content\/uploads\/2026\/09\/2026_BIC_Manifesti-concerti_70x100_Bozza2_page-0003-600x857.jpg","fusion-600-width":600,"fusion-600-height":857,"fusion-800":"https:\/\/www.visitsicily.info\/wp-content\/uploads\/2026\/09\/2026_BIC_Manifesti-concerti_70x100_Bozza2_page-0003-800x1143.jpg","fusion-800-width":800,"fusion-800-height":1143,"fusion-1200":"https:\/\/www.visitsicily.info\/wp-content\/uploads\/2026\/09\/2026_BIC_Manifesti-concerti_70x100_Bozza2_page-0003-1200x1714.jpg","fusion-1200-width":1200,"fusion-1200-height":1714,"portfolio-full":"https:\/\/www.visitsicily.info\/wp-content\/uploads\/2026\/09\/2026_BIC_Manifesti-concerti_70x100_Bozza2_page-0003-940x400.jpg","portfolio-full-width":940,"portfolio-full-height":400,"portfolio-one":"https:\/\/www.visitsicily.info\/wp-content\/uploads\/2026\/09\/2026_BIC_Manifesti-concerti_70x100_Bozza2_page-0003-540x272.jpg","portfolio-one-width":540,"portfolio-one-height":272,"portfolio-two":"https:\/\/www.visitsicily.info\/wp-content\/uploads\/2026\/09\/2026_BIC_Manifesti-concerti_70x100_Bozza2_page-0003-460x295.jpg","portfolio-two-width":460,"portfolio-two-height":295,"portfolio-three":"https:\/\/www.visitsicily.info\/wp-content\/uploads\/2026\/09\/2026_BIC_Manifesti-concerti_70x100_Bozza2_page-0003-300x214.jpg","portfolio-three-width":300,"portfolio-three-height":214,"portfolio-five":"https:\/\/www.visitsicily.info\/wp-content\/uploads\/2026\/09\/2026_BIC_Manifesti-concerti_70x100_Bozza2_page-0003-177x142.jpg","portfolio-five-width":177,"portfolio-five-height":142}},{"ID":117608,"id":117608,"title":"2026_BIC_Manifesti concerti_70x100_Bozza2_page-0004","filename":"2026_BIC_Manifesti-concerti_70x100_Bozza2_page-0004-scaled.jpg","filesize":934581,"url":"https:\/\/www.visitsicily.info\/wp-content\/uploads\/2026\/09\/2026_BIC_Manifesti-concerti_70x100_Bozza2_page-0004-scaled.jpg","link":"https:\/\/www.visitsicily.info\/fr\/evento-new\/bellini-international-context-2026\/2026_bic_manifesti-concerti_70x100_bozza2_page-0004-2\/","alt":"","author":"46","description":"","caption":"","name":"2026_bic_manifesti-concerti_70x100_bozza2_page-0004-2","status":"inherit","uploaded_to":117675,"date":"2026-09-04 09:26:30","modified":"2026-09-04 09:42:42","menu_order":0,"mime_type":"image\/jpeg","type":"image","subtype":"jpeg","icon":"https:\/\/www.visitsicily.info\/wp-includes\/images\/media\/default.png","width":1792,"height":2560,"sizes":{"thumbnail":"https:\/\/www.visitsicily.info\/wp-content\/uploads\/2026\/09\/2026_BIC_Manifesti-concerti_70x100_Bozza2_page-0004-150x150.jpg","thumbnail-width":150,"thumbnail-height":150,"medium":"https:\/\/www.visitsicily.info\/wp-content\/uploads\/2026\/09\/2026_BIC_Manifesti-concerti_70x100_Bozza2_page-0004-210x300.jpg","medium-width":210,"medium-height":300,"medium_large":"https:\/\/www.visitsicily.info\/wp-content\/uploads\/2026\/09\/2026_BIC_Manifesti-concerti_70x100_Bozza2_page-0004-768x1097.jpg","medium_large-width":768,"medium_large-height":1097,"large":"https:\/\/www.visitsicily.info\/wp-content\/uploads\/2026\/09\/2026_BIC_Manifesti-concerti_70x100_Bozza2_page-0004-717x1024.jpg","large-width":717,"large-height":1024,"1536x1536":"https:\/\/www.visitsicily.info\/wp-content\/uploads\/2026\/09\/2026_BIC_Manifesti-concerti_70x100_Bozza2_page-0004-1075x1536.jpg","1536x1536-width":1075,"1536x1536-height":1536,"2048x2048":"https:\/\/www.visitsicily.info\/wp-content\/uploads\/2026\/09\/2026_BIC_Manifesti-concerti_70x100_Bozza2_page-0004-1434x2048.jpg","2048x2048-width":1434,"2048x2048-height":2048,"blog-large":"https:\/\/www.visitsicily.info\/wp-content\/uploads\/2026\/09\/2026_BIC_Manifesti-concerti_70x100_Bozza2_page-0004-669x272.jpg","blog-large-width":669,"blog-large-height":272,"blog-medium":"https:\/\/www.visitsicily.info\/wp-content\/uploads\/2026\/09\/2026_BIC_Manifesti-concerti_70x100_Bozza2_page-0004-320x202.jpg","blog-medium-width":320,"blog-medium-height":202,"recent-posts":"https:\/\/www.visitsicily.info\/wp-content\/uploads\/2026\/09\/2026_BIC_Manifesti-concerti_70x100_Bozza2_page-0004-700x441.jpg","recent-posts-width":700,"recent-posts-height":441,"recent-works-thumbnail":"https:\/\/www.visitsicily.info\/wp-content\/uploads\/2026\/09\/2026_BIC_Manifesti-concerti_70x100_Bozza2_page-0004-66x66.jpg","recent-works-thumbnail-width":66,"recent-works-thumbnail-height":66,"fusion-200":"https:\/\/www.visitsicily.info\/wp-content\/uploads\/2026\/09\/2026_BIC_Manifesti-concerti_70x100_Bozza2_page-0004-200x286.jpg","fusion-200-width":200,"fusion-200-height":286,"fusion-400":"https:\/\/www.visitsicily.info\/wp-content\/uploads\/2026\/09\/2026_BIC_Manifesti-concerti_70x100_Bozza2_page-0004-400x571.jpg","fusion-400-width":400,"fusion-400-height":571,"fusion-600":"https:\/\/www.visitsicily.info\/wp-content\/uploads\/2026\/09\/2026_BIC_Manifesti-concerti_70x100_Bozza2_page-0004-600x857.jpg","fusion-600-width":600,"fusion-600-height":857,"fusion-800":"https:\/\/www.visitsicily.info\/wp-content\/uploads\/2026\/09\/2026_BIC_Manifesti-concerti_70x100_Bozza2_page-0004-800x1143.jpg","fusion-800-width":800,"fusion-800-height":1143,"fusion-1200":"https:\/\/www.visitsicily.info\/wp-content\/uploads\/2026\/09\/2026_BIC_Manifesti-concerti_70x100_Bozza2_page-0004-1200x1714.jpg","fusion-1200-width":1200,"fusion-1200-height":1714,"portfolio-full":"https:\/\/www.visitsicily.info\/wp-content\/uploads\/2026\/09\/2026_BIC_Manifesti-concerti_70x100_Bozza2_page-0004-940x400.jpg","portfolio-full-width":940,"portfolio-full-height":400,"portfolio-one":"https:\/\/www.visitsicily.info\/wp-content\/uploads\/2026\/09\/2026_BIC_Manifesti-concerti_70x100_Bozza2_page-0004-540x272.jpg","portfolio-one-width":540,"portfolio-one-height":272,"portfolio-two":"https:\/\/www.visitsicily.info\/wp-content\/uploads\/2026\/09\/2026_BIC_Manifesti-concerti_70x100_Bozza2_page-0004-460x295.jpg","portfolio-two-width":460,"portfolio-two-height":295,"portfolio-three":"https:\/\/www.visitsicily.info\/wp-content\/uploads\/2026\/09\/2026_BIC_Manifesti-concerti_70x100_Bozza2_page-0004-300x214.jpg","portfolio-three-width":300,"portfolio-three-height":214,"portfolio-five":"https:\/\/www.visitsicily.info\/wp-content\/uploads\/2026\/09\/2026_BIC_Manifesti-concerti_70x100_Bozza2_page-0004-177x142.jpg","portfolio-five-width":177,"portfolio-five-height":142}},{"ID":117612,"id":117612,"title":"2026_BIC_Manifesti concerti_70x100_Bozza2_page-0005","filename":"2026_BIC_Manifesti-concerti_70x100_Bozza2_page-0005-scaled.jpg","filesize":895864,"url":"https:\/\/www.visitsicily.info\/wp-content\/uploads\/2026\/09\/2026_BIC_Manifesti-concerti_70x100_Bozza2_page-0005-scaled.jpg","link":"https:\/\/www.visitsicily.info\/fr\/evento-new\/bellini-international-context-2026\/2026_bic_manifesti-concerti_70x100_bozza2_page-0005-2\/","alt":"","author":"46","description":"","caption":"","name":"2026_bic_manifesti-concerti_70x100_bozza2_page-0005-2","status":"inherit","uploaded_to":117675,"date":"2026-09-04 09:26:56","modified":"2026-09-04 09:42:43","menu_order":0,"mime_type":"image\/jpeg","type":"image","subtype":"jpeg","icon":"https:\/\/www.visitsicily.info\/wp-includes\/images\/media\/default.png","width":1792,"height":2560,"sizes":{"thumbnail":"https:\/\/www.visitsicily.info\/wp-content\/uploads\/2026\/09\/2026_BIC_Manifesti-concerti_70x100_Bozza2_page-0005-150x150.jpg","thumbnail-width":150,"thumbnail-height":150,"medium":"https:\/\/www.visitsicily.info\/wp-content\/uploads\/2026\/09\/2026_BIC_Manifesti-concerti_70x100_Bozza2_page-0005-210x300.jpg","medium-width":210,"medium-height":300,"medium_large":"https:\/\/www.visitsicily.info\/wp-content\/uploads\/2026\/09\/2026_BIC_Manifesti-concerti_70x100_Bozza2_page-0005-768x1097.jpg","medium_large-width":768,"medium_large-height":1097,"large":"https:\/\/www.visitsicily.info\/wp-content\/uploads\/2026\/09\/2026_BIC_Manifesti-concerti_70x100_Bozza2_page-0005-717x1024.jpg","large-width":717,"large-height":1024,"1536x1536":"https:\/\/www.visitsicily.info\/wp-content\/uploads\/2026\/09\/2026_BIC_Manifesti-concerti_70x100_Bozza2_page-0005-1075x1536.jpg","1536x1536-width":1075,"1536x1536-height":1536,"2048x2048":"https:\/\/www.visitsicily.info\/wp-content\/uploads\/2026\/09\/2026_BIC_Manifesti-concerti_70x100_Bozza2_page-0005-1434x2048.jpg","2048x2048-width":1434,"2048x2048-height":2048,"blog-large":"https:\/\/www.visitsicily.info\/wp-content\/uploads\/2026\/09\/2026_BIC_Manifesti-concerti_70x100_Bozza2_page-0005-669x272.jpg","blog-large-width":669,"blog-large-height":272,"blog-medium":"https:\/\/www.visitsicily.info\/wp-content\/uploads\/2026\/09\/2026_BIC_Manifesti-concerti_70x100_Bozza2_page-0005-320x202.jpg","blog-medium-width":320,"blog-medium-height":202,"recent-posts":"https:\/\/www.visitsicily.info\/wp-content\/uploads\/2026\/09\/2026_BIC_Manifesti-concerti_70x100_Bozza2_page-0005-700x441.jpg","recent-posts-width":700,"recent-posts-height":441,"recent-works-thumbnail":"https:\/\/www.visitsicily.info\/wp-content\/uploads\/2026\/09\/2026_BIC_Manifesti-concerti_70x100_Bozza2_page-0005-66x66.jpg","recent-works-thumbnail-width":66,"recent-works-thumbnail-height":66,"fusion-200":"https:\/\/www.visitsicily.info\/wp-content\/uploads\/2026\/09\/2026_BIC_Manifesti-concerti_70x100_Bozza2_page-0005-200x286.jpg","fusion-200-width":200,"fusion-200-height":286,"fusion-400":"https:\/\/www.visitsicily.info\/wp-content\/uploads\/2026\/09\/2026_BIC_Manifesti-concerti_70x100_Bozza2_page-0005-400x571.jpg","fusion-400-width":400,"fusion-400-height":571,"fusion-600":"https:\/\/www.visitsicily.info\/wp-content\/uploads\/2026\/09\/2026_BIC_Manifesti-concerti_70x100_Bozza2_page-0005-600x857.jpg","fusion-600-width":600,"fusion-600-height":857,"fusion-800":"https:\/\/www.visitsicily.info\/wp-content\/uploads\/2026\/09\/2026_BIC_Manifesti-concerti_70x100_Bozza2_page-0005-800x1143.jpg","fusion-800-width":800,"fusion-800-height":1143,"fusion-1200":"https:\/\/www.visitsicily.info\/wp-content\/uploads\/2026\/09\/2026_BIC_Manifesti-concerti_70x100_Bozza2_page-0005-1200x1714.jpg","fusion-1200-width":1200,"fusion-1200-height":1714,"portfolio-full":"https:\/\/www.visitsicily.info\/wp-content\/uploads\/2026\/09\/2026_BIC_Manifesti-concerti_70x100_Bozza2_page-0005-940x400.jpg","portfolio-full-width":940,"portfolio-full-height":400,"portfolio-one":"https:\/\/www.visitsicily.info\/wp-content\/uploads\/2026\/09\/2026_BIC_Manifesti-concerti_70x100_Bozza2_page-0005-540x272.jpg","portfolio-one-width":540,"portfolio-one-height":272,"portfolio-two":"https:\/\/www.visitsicily.info\/wp-content\/uploads\/2026\/09\/2026_BIC_Manifesti-concerti_70x100_Bozza2_page-0005-460x295.jpg","portfolio-two-width":460,"portfolio-two-height":295,"portfolio-three":"https:\/\/www.visitsicily.info\/wp-content\/uploads\/2026\/09\/2026_BIC_Manifesti-concerti_70x100_Bozza2_page-0005-300x214.jpg","portfolio-three-width":300,"portfolio-three-height":214,"portfolio-five":"https:\/\/www.visitsicily.info\/wp-content\/uploads\/2026\/09\/2026_BIC_Manifesti-concerti_70x100_Bozza2_page-0005-177x142.jpg","portfolio-five-width":177,"portfolio-five-height":142}},{"ID":117616,"id":117616,"title":"2026_BIC_Manifesti concerti_70x100_Bozza2_page-0001","filename":"2026_BIC_Manifesti-concerti_70x100_Bozza2_page-0001-scaled.jpg","filesize":813541,"url":"https:\/\/www.visitsicily.info\/wp-content\/uploads\/2026\/09\/2026_BIC_Manifesti-concerti_70x100_Bozza2_page-0001-scaled.jpg","link":"https:\/\/www.visitsicily.info\/fr\/evento-new\/bellini-international-context-2026\/2026_bic_manifesti-concerti_70x100_bozza2_page-0001-2\/","alt":"","author":"46","description":"","caption":"","name":"2026_bic_manifesti-concerti_70x100_bozza2_page-0001-2","status":"inherit","uploaded_to":117675,"date":"2026-09-04 09:27:19","modified":"2026-09-04 09:42:43","menu_order":0,"mime_type":"image\/jpeg","type":"image","subtype":"jpeg","icon":"https:\/\/www.visitsicily.info\/wp-includes\/images\/media\/default.png","width":1792,"height":2560,"sizes":{"thumbnail":"https:\/\/www.visitsicily.info\/wp-content\/uploads\/2026\/09\/2026_BIC_Manifesti-concerti_70x100_Bozza2_page-0001-150x150.jpg","thumbnail-width":150,"thumbnail-height":150,"medium":"https:\/\/www.visitsicily.info\/wp-content\/uploads\/2026\/09\/2026_BIC_Manifesti-concerti_70x100_Bozza2_page-0001-210x300.jpg","medium-width":210,"medium-height":300,"medium_large":"https:\/\/www.visitsicily.info\/wp-content\/uploads\/2026\/09\/2026_BIC_Manifesti-concerti_70x100_Bozza2_page-0001-768x1097.jpg","medium_large-width":768,"medium_large-height":1097,"large":"https:\/\/www.visitsicily.info\/wp-content\/uploads\/2026\/09\/2026_BIC_Manifesti-concerti_70x100_Bozza2_page-0001-717x1024.jpg","large-width":717,"large-height":1024,"1536x1536":"https:\/\/www.visitsicily.info\/wp-content\/uploads\/2026\/09\/2026_BIC_Manifesti-concerti_70x100_Bozza2_page-0001-1075x1536.jpg","1536x1536-width":1075,"1536x1536-height":1536,"2048x2048":"https:\/\/www.visitsicily.info\/wp-content\/uploads\/2026\/09\/2026_BIC_Manifesti-concerti_70x100_Bozza2_page-0001-1434x2048.jpg","2048x2048-width":1434,"2048x2048-height":2048,"blog-large":"https:\/\/www.visitsicily.info\/wp-content\/uploads\/2026\/09\/2026_BIC_Manifesti-concerti_70x100_Bozza2_page-0001-669x272.jpg","blog-large-width":669,"blog-large-height":272,"blog-medium":"https:\/\/www.visitsicily.info\/wp-content\/uploads\/2026\/09\/2026_BIC_Manifesti-concerti_70x100_Bozza2_page-0001-320x202.jpg","blog-medium-width":320,"blog-medium-height":202,"recent-posts":"https:\/\/www.visitsicily.info\/wp-content\/uploads\/2026\/09\/2026_BIC_Manifesti-concerti_70x100_Bozza2_page-0001-700x441.jpg","recent-posts-width":700,"recent-posts-height":441,"recent-works-thumbnail":"https:\/\/www.visitsicily.info\/wp-content\/uploads\/2026\/09\/2026_BIC_Manifesti-concerti_70x100_Bozza2_page-0001-66x66.jpg","recent-works-thumbnail-width":66,"recent-works-thumbnail-height":66,"fusion-200":"https:\/\/www.visitsicily.info\/wp-content\/uploads\/2026\/09\/2026_BIC_Manifesti-concerti_70x100_Bozza2_page-0001-200x286.jpg","fusion-200-width":200,"fusion-200-height":286,"fusion-400":"https:\/\/www.visitsicily.info\/wp-content\/uploads\/2026\/09\/2026_BIC_Manifesti-concerti_70x100_Bozza2_page-0001-400x571.jpg","fusion-400-width":400,"fusion-400-height":571,"fusion-600":"https:\/\/www.visitsicily.info\/wp-content\/uploads\/2026\/09\/2026_BIC_Manifesti-concerti_70x100_Bozza2_page-0001-600x857.jpg","fusion-600-width":600,"fusion-600-height":857,"fusion-800":"https:\/\/www.visitsicily.info\/wp-content\/uploads\/2026\/09\/2026_BIC_Manifesti-concerti_70x100_Bozza2_page-0001-800x1143.jpg","fusion-800-width":800,"fusion-800-height":1143,"fusion-1200":"https:\/\/www.visitsicily.info\/wp-content\/uploads\/2026\/09\/2026_BIC_Manifesti-concerti_70x100_Bozza2_page-0001-1200x1714.jpg","fusion-1200-width":1200,"fusion-1200-height":1714,"portfolio-full":"https:\/\/www.visitsicily.info\/wp-content\/uploads\/2026\/09\/2026_BIC_Manifesti-concerti_70x100_Bozza2_page-0001-940x400.jpg","portfolio-full-width":940,"portfolio-full-height":400,"portfolio-one":"https:\/\/www.visitsicily.info\/wp-content\/uploads\/2026\/09\/2026_BIC_Manifesti-concerti_70x100_Bozza2_page-0001-540x272.jpg","portfolio-one-width":540,"portfolio-one-height":272,"portfolio-two":"https:\/\/www.visitsicily.info\/wp-content\/uploads\/2026\/09\/2026_BIC_Manifesti-concerti_70x100_Bozza2_page-0001-460x295.jpg","portfolio-two-width":460,"portfolio-two-height":295,"portfolio-three":"https:\/\/www.visitsicily.info\/wp-content\/uploads\/2026\/09\/2026_BIC_Manifesti-concerti_70x100_Bozza2_page-0001-300x214.jpg","portfolio-three-width":300,"portfolio-three-height":214,"portfolio-five":"https:\/\/www.visitsicily.info\/wp-content\/uploads\/2026\/09\/2026_BIC_Manifesti-concerti_70x100_Bozza2_page-0001-177x142.jpg","portfolio-five-width":177,"portfolio-five-height":142}},{"ID":117620,"id":117620,"title":"2026_BIC_Manifesti concerti_70x100_Bozza2_page-0006","filename":"2026_BIC_Manifesti-concerti_70x100_Bozza2_page-0006-scaled.jpg","filesize":892087,"url":"https:\/\/www.visitsicily.info\/wp-content\/uploads\/2026\/09\/2026_BIC_Manifesti-concerti_70x100_Bozza2_page-0006-scaled.jpg","link":"https:\/\/www.visitsicily.info\/fr\/evento-new\/bellini-international-context-2026\/2026_bic_manifesti-concerti_70x100_bozza2_page-0006-2\/","alt":"","author":"46","description":"","caption":"","name":"2026_bic_manifesti-concerti_70x100_bozza2_page-0006-2","status":"inherit","uploaded_to":117675,"date":"2026-09-04 09:27:40","modified":"2026-09-04 09:42:43","menu_order":0,"mime_type":"image\/jpeg","type":"image","subtype":"jpeg","icon":"https:\/\/www.visitsicily.info\/wp-includes\/images\/media\/default.png","width":1792,"height":2560,"sizes":{"thumbnail":"https:\/\/www.visitsicily.info\/wp-content\/uploads\/2026\/09\/2026_BIC_Manifesti-concerti_70x100_Bozza2_page-0006-150x150.jpg","thumbnail-width":150,"thumbnail-height":150,"medium":"https:\/\/www.visitsicily.info\/wp-content\/uploads\/2026\/09\/2026_BIC_Manifesti-concerti_70x100_Bozza2_page-0006-210x300.jpg","medium-width":210,"medium-height":300,"medium_large":"https:\/\/www.visitsicily.info\/wp-content\/uploads\/2026\/09\/2026_BIC_Manifesti-concerti_70x100_Bozza2_page-0006-768x1097.jpg","medium_large-width":768,"medium_large-height":1097,"large":"https:\/\/www.visitsicily.info\/wp-content\/uploads\/2026\/09\/2026_BIC_Manifesti-concerti_70x100_Bozza2_page-0006-717x1024.jpg","large-width":717,"large-height":1024,"1536x1536":"https:\/\/www.visitsicily.info\/wp-content\/uploads\/2026\/09\/2026_BIC_Manifesti-concerti_70x100_Bozza2_page-0006-1075x1536.jpg","1536x1536-width":1075,"1536x1536-height":1536,"2048x2048":"https:\/\/www.visitsicily.info\/wp-content\/uploads\/2026\/09\/2026_BIC_Manifesti-concerti_70x100_Bozza2_page-0006-1434x2048.jpg","2048x2048-width":1434,"2048x2048-height":2048,"blog-large":"https:\/\/www.visitsicily.info\/wp-content\/uploads\/2026\/09\/2026_BIC_Manifesti-concerti_70x100_Bozza2_page-0006-669x272.jpg","blog-large-width":669,"blog-large-height":272,"blog-medium":"https:\/\/www.visitsicily.info\/wp-content\/uploads\/2026\/09\/2026_BIC_Manifesti-concerti_70x100_Bozza2_page-0006-320x202.jpg","blog-medium-width":320,"blog-medium-height":202,"recent-posts":"https:\/\/www.visitsicily.info\/wp-content\/uploads\/2026\/09\/2026_BIC_Manifesti-concerti_70x100_Bozza2_page-0006-700x441.jpg","recent-posts-width":700,"recent-posts-height":441,"recent-works-thumbnail":"https:\/\/www.visitsicily.info\/wp-content\/uploads\/2026\/09\/2026_BIC_Manifesti-concerti_70x100_Bozza2_page-0006-66x66.jpg","recent-works-thumbnail-width":66,"recent-works-thumbnail-height":66,"fusion-200":"https:\/\/www.visitsicily.info\/wp-content\/uploads\/2026\/09\/2026_BIC_Manifesti-concerti_70x100_Bozza2_page-0006-200x286.jpg","fusion-200-width":200,"fusion-200-height":286,"fusion-400":"https:\/\/www.visitsicily.info\/wp-content\/uploads\/2026\/09\/2026_BIC_Manifesti-concerti_70x100_Bozza2_page-0006-400x571.jpg","fusion-400-width":400,"fusion-400-height":571,"fusion-600":"https:\/\/www.visitsicily.info\/wp-content\/uploads\/2026\/09\/2026_BIC_Manifesti-concerti_70x100_Bozza2_page-0006-600x857.jpg","fusion-600-width":600,"fusion-600-height":857,"fusion-800":"https:\/\/www.visitsicily.info\/wp-content\/uploads\/2026\/09\/2026_BIC_Manifesti-concerti_70x100_Bozza2_page-0006-800x1143.jpg","fusion-800-width":800,"fusion-800-height":1143,"fusion-1200":"https:\/\/www.visitsicily.info\/wp-content\/uploads\/2026\/09\/2026_BIC_Manifesti-concerti_70x100_Bozza2_page-0006-1200x1714.jpg","fusion-1200-width":1200,"fusion-1200-height":1714,"portfolio-full":"https:\/\/www.visitsicily.info\/wp-content\/uploads\/2026\/09\/2026_BIC_Manifesti-concerti_70x100_Bozza2_page-0006-940x400.jpg","portfolio-full-width":940,"portfolio-full-height":400,"portfolio-one":"https:\/\/www.visitsicily.info\/wp-content\/uploads\/2026\/09\/2026_BIC_Manifesti-concerti_70x100_Bozza2_page-0006-540x272.jpg","portfolio-one-width":540,"portfolio-one-height":272,"portfolio-two":"https:\/\/www.visitsicily.info\/wp-content\/uploads\/2026\/09\/2026_BIC_Manifesti-concerti_70x100_Bozza2_page-0006-460x295.jpg","portfolio-two-width":460,"portfolio-two-height":295,"portfolio-three":"https:\/\/www.visitsicily.info\/wp-content\/uploads\/2026\/09\/2026_BIC_Manifesti-concerti_70x100_Bozza2_page-0006-300x214.jpg","portfolio-three-width":300,"portfolio-three-height":214,"portfolio-five":"https:\/\/www.visitsicily.info\/wp-content\/uploads\/2026\/09\/2026_BIC_Manifesti-concerti_70x100_Bozza2_page-0006-177x142.jpg","portfolio-five-width":177,"portfolio-five-height":142}},{"ID":117624,"id":117624,"title":"2026_BIC_Manifesti concerti_70x100_Bozza1_page-0001","filename":"2026_BIC_Manifesti-concerti_70x100_Bozza1_page-0001-scaled.jpg","filesize":828583,"url":"https:\/\/www.visitsicily.info\/wp-content\/uploads\/2026\/09\/2026_BIC_Manifesti-concerti_70x100_Bozza1_page-0001-scaled.jpg","link":"https:\/\/www.visitsicily.info\/fr\/evento-new\/bellini-international-context-2026\/2026_bic_manifesti-concerti_70x100_bozza1_page-0001-2\/","alt":"","author":"46","description":"","caption":"","name":"2026_bic_manifesti-concerti_70x100_bozza1_page-0001-2","status":"inherit","uploaded_to":117675,"date":"2026-09-04 09:28:06","modified":"2026-09-04 09:42:43","menu_order":0,"mime_type":"image\/jpeg","type":"image","subtype":"jpeg","icon":"https:\/\/www.visitsicily.info\/wp-includes\/images\/media\/default.png","width":1792,"height":2560,"sizes":{"thumbnail":"https:\/\/www.visitsicily.info\/wp-content\/uploads\/2026\/09\/2026_BIC_Manifesti-concerti_70x100_Bozza1_page-0001-150x150.jpg","thumbnail-width":150,"thumbnail-height":150,"medium":"https:\/\/www.visitsicily.info\/wp-content\/uploads\/2026\/09\/2026_BIC_Manifesti-concerti_70x100_Bozza1_page-0001-210x300.jpg","medium-width":210,"medium-height":300,"medium_large":"https:\/\/www.visitsicily.info\/wp-content\/uploads\/2026\/09\/2026_BIC_Manifesti-concerti_70x100_Bozza1_page-0001-768x1097.jpg","medium_large-width":768,"medium_large-height":1097,"large":"https:\/\/www.visitsicily.info\/wp-content\/uploads\/2026\/09\/2026_BIC_Manifesti-concerti_70x100_Bozza1_page-0001-717x1024.jpg","large-width":717,"large-height":1024,"1536x1536":"https:\/\/www.visitsicily.info\/wp-content\/uploads\/2026\/09\/2026_BIC_Manifesti-concerti_70x100_Bozza1_page-0001-1075x1536.jpg","1536x1536-width":1075,"1536x1536-height":1536,"2048x2048":"https:\/\/www.visitsicily.info\/wp-content\/uploads\/2026\/09\/2026_BIC_Manifesti-concerti_70x100_Bozza1_page-0001-1434x2048.jpg","2048x2048-width":1434,"2048x2048-height":2048,"blog-large":"https:\/\/www.visitsicily.info\/wp-content\/uploads\/2026\/09\/2026_BIC_Manifesti-concerti_70x100_Bozza1_page-0001-669x272.jpg","blog-large-width":669,"blog-large-height":272,"blog-medium":"https:\/\/www.visitsicily.info\/wp-content\/uploads\/2026\/09\/2026_BIC_Manifesti-concerti_70x100_Bozza1_page-0001-320x202.jpg","blog-medium-width":320,"blog-medium-height":202,"recent-posts":"https:\/\/www.visitsicily.info\/wp-content\/uploads\/2026\/09\/2026_BIC_Manifesti-concerti_70x100_Bozza1_page-0001-700x441.jpg","recent-posts-width":700,"recent-posts-height":441,"recent-works-thumbnail":"https:\/\/www.visitsicily.info\/wp-content\/uploads\/2026\/09\/2026_BIC_Manifesti-concerti_70x100_Bozza1_page-0001-66x66.jpg","recent-works-thumbnail-width":66,"recent-works-thumbnail-height":66,"fusion-200":"https:\/\/www.visitsicily.info\/wp-content\/uploads\/2026\/09\/2026_BIC_Manifesti-concerti_70x100_Bozza1_page-0001-200x286.jpg","fusion-200-width":200,"fusion-200-height":286,"fusion-400":"https:\/\/www.visitsicily.info\/wp-content\/uploads\/2026\/09\/2026_BIC_Manifesti-concerti_70x100_Bozza1_page-0001-400x571.jpg","fusion-400-width":400,"fusion-400-height":571,"fusion-600":"https:\/\/www.visitsicily.info\/wp-content\/uploads\/2026\/09\/2026_BIC_Manifesti-concerti_70x100_Bozza1_page-0001-600x857.jpg","fusion-600-width":600,"fusion-600-height":857,"fusion-800":"https:\/\/www.visitsicily.info\/wp-content\/uploads\/2026\/09\/2026_BIC_Manifesti-concerti_70x100_Bozza1_page-0001-800x1143.jpg","fusion-800-width":800,"fusion-800-height":1143,"fusion-1200":"https:\/\/www.visitsicily.info\/wp-content\/uploads\/2026\/09\/2026_BIC_Manifesti-concerti_70x100_Bozza1_page-0001-1200x1714.jpg","fusion-1200-width":1200,"fusion-1200-height":1714,"portfolio-full":"https:\/\/www.visitsicily.info\/wp-content\/uploads\/2026\/09\/2026_BIC_Manifesti-concerti_70x100_Bozza1_page-0001-940x400.jpg","portfolio-full-width":940,"portfolio-full-height":400,"portfolio-one":"https:\/\/www.visitsicily.info\/wp-content\/uploads\/2026\/09\/2026_BIC_Manifesti-concerti_70x100_Bozza1_page-0001-540x272.jpg","portfolio-one-width":540,"portfolio-one-height":272,"portfolio-two":"https:\/\/www.visitsicily.info\/wp-content\/uploads\/2026\/09\/2026_BIC_Manifesti-concerti_70x100_Bozza1_page-0001-460x295.jpg","portfolio-two-width":460,"portfolio-two-height":295,"portfolio-three":"https:\/\/www.visitsicily.info\/wp-content\/uploads\/2026\/09\/2026_BIC_Manifesti-concerti_70x100_Bozza1_page-0001-300x214.jpg","portfolio-three-width":300,"portfolio-three-height":214,"portfolio-five":"https:\/\/www.visitsicily.info\/wp-content\/uploads\/2026\/09\/2026_BIC_Manifesti-concerti_70x100_Bozza1_page-0001-177x142.jpg","portfolio-five-width":177,"portfolio-five-height":142}},{"ID":117628,"id":117628,"title":"2026_BIC_Manifesti concerti_70x100_Bozza1_page-0002","filename":"2026_BIC_Manifesti-concerti_70x100_Bozza1_page-0002-scaled.jpg","filesize":887018,"url":"https:\/\/www.visitsicily.info\/wp-content\/uploads\/2026\/09\/2026_BIC_Manifesti-concerti_70x100_Bozza1_page-0002-scaled.jpg","link":"https:\/\/www.visitsicily.info\/fr\/evento-new\/bellini-international-context-2026\/2026_bic_manifesti-concerti_70x100_bozza1_page-0002-2\/","alt":"","author":"46","description":"","caption":"","name":"2026_bic_manifesti-concerti_70x100_bozza1_page-0002-2","status":"inherit","uploaded_to":117675,"date":"2026-09-04 09:28:28","modified":"2026-09-04 09:42:43","menu_order":0,"mime_type":"image\/jpeg","type":"image","subtype":"jpeg","icon":"https:\/\/www.visitsicily.info\/wp-includes\/images\/media\/default.png","width":1792,"height":2560,"sizes":{"thumbnail":"https:\/\/www.visitsicily.info\/wp-content\/uploads\/2026\/09\/2026_BIC_Manifesti-concerti_70x100_Bozza1_page-0002-150x150.jpg","thumbnail-width":150,"thumbnail-height":150,"medium":"https:\/\/www.visitsicily.info\/wp-content\/uploads\/2026\/09\/2026_BIC_Manifesti-concerti_70x100_Bozza1_page-0002-210x300.jpg","medium-width":210,"medium-height":300,"medium_large":"https:\/\/www.visitsicily.info\/wp-content\/uploads\/2026\/09\/2026_BIC_Manifesti-concerti_70x100_Bozza1_page-0002-768x1097.jpg","medium_large-width":768,"medium_large-height":1097,"large":"https:\/\/www.visitsicily.info\/wp-content\/uploads\/2026\/09\/2026_BIC_Manifesti-concerti_70x100_Bozza1_page-0002-717x1024.jpg","large-width":717,"large-height":1024,"1536x1536":"https:\/\/www.visitsicily.info\/wp-content\/uploads\/2026\/09\/2026_BIC_Manifesti-concerti_70x100_Bozza1_page-0002-1075x1536.jpg","1536x1536-width":1075,"1536x1536-height":1536,"2048x2048":"https:\/\/www.visitsicily.info\/wp-content\/uploads\/2026\/09\/2026_BIC_Manifesti-concerti_70x100_Bozza1_page-0002-1434x2048.jpg","2048x2048-width":1434,"2048x2048-height":2048,"blog-large":"https:\/\/www.visitsicily.info\/wp-content\/uploads\/2026\/09\/2026_BIC_Manifesti-concerti_70x100_Bozza1_page-0002-669x272.jpg","blog-large-width":669,"blog-large-height":272,"blog-medium":"https:\/\/www.visitsicily.info\/wp-content\/uploads\/2026\/09\/2026_BIC_Manifesti-concerti_70x100_Bozza1_page-0002-320x202.jpg","blog-medium-width":320,"blog-medium-height":202,"recent-posts":"https:\/\/www.visitsicily.info\/wp-content\/uploads\/2026\/09\/2026_BIC_Manifesti-concerti_70x100_Bozza1_page-0002-700x441.jpg","recent-posts-width":700,"recent-posts-height":441,"recent-works-thumbnail":"https:\/\/www.visitsicily.info\/wp-content\/uploads\/2026\/09\/2026_BIC_Manifesti-concerti_70x100_Bozza1_page-0002-66x66.jpg","recent-works-thumbnail-width":66,"recent-works-thumbnail-height":66,"fusion-200":"https:\/\/www.visitsicily.info\/wp-content\/uploads\/2026\/09\/2026_BIC_Manifesti-concerti_70x100_Bozza1_page-0002-200x286.jpg","fusion-200-width":200,"fusion-200-height":286,"fusion-400":"https:\/\/www.visitsicily.info\/wp-content\/uploads\/2026\/09\/2026_BIC_Manifesti-concerti_70x100_Bozza1_page-0002-400x571.jpg","fusion-400-width":400,"fusion-400-height":571,"fusion-600":"https:\/\/www.visitsicily.info\/wp-content\/uploads\/2026\/09\/2026_BIC_Manifesti-concerti_70x100_Bozza1_page-0002-600x857.jpg","fusion-600-width":600,"fusion-600-height":857,"fusion-800":"https:\/\/www.visitsicily.info\/wp-content\/uploads\/2026\/09\/2026_BIC_Manifesti-concerti_70x100_Bozza1_page-0002-800x1143.jpg","fusion-800-width":800,"fusion-800-height":1143,"fusion-1200":"https:\/\/www.visitsicily.info\/wp-content\/uploads\/2026\/09\/2026_BIC_Manifesti-concerti_70x100_Bozza1_page-0002-1200x1714.jpg","fusion-1200-width":1200,"fusion-1200-height":1714,"portfolio-full":"https:\/\/www.visitsicily.info\/wp-content\/uploads\/2026\/09\/2026_BIC_Manifesti-concerti_70x100_Bozza1_page-0002-940x400.jpg","portfolio-full-width":940,"portfolio-full-height":400,"portfolio-one":"https:\/\/www.visitsicily.info\/wp-content\/uploads\/2026\/09\/2026_BIC_Manifesti-concerti_70x100_Bozza1_page-0002-540x272.jpg","portfolio-one-width":540,"portfolio-one-height":272,"portfolio-two":"https:\/\/www.visitsicily.info\/wp-content\/uploads\/2026\/09\/2026_BIC_Manifesti-concerti_70x100_Bozza1_page-0002-460x295.jpg","portfolio-two-width":460,"portfolio-two-height":295,"portfolio-three":"https:\/\/www.visitsicily.info\/wp-content\/uploads\/2026\/09\/2026_BIC_Manifesti-concerti_70x100_Bozza1_page-0002-300x214.jpg","portfolio-three-width":300,"portfolio-three-height":214,"portfolio-five":"https:\/\/www.visitsicily.info\/wp-content\/uploads\/2026\/09\/2026_BIC_Manifesti-concerti_70x100_Bozza1_page-0002-177x142.jpg","portfolio-five-width":177,"portfolio-five-height":142}},{"ID":117632,"id":117632,"title":"2026_BIC_Manifesti concerti_70x100_Bozza1_page-0003","filename":"2026_BIC_Manifesti-concerti_70x100_Bozza1_page-0003-scaled.jpg","filesize":831025,"url":"https:\/\/www.visitsicily.info\/wp-content\/uploads\/2026\/09\/2026_BIC_Manifesti-concerti_70x100_Bozza1_page-0003-scaled.jpg","link":"https:\/\/www.visitsicily.info\/fr\/evento-new\/bellini-international-context-2026\/2026_bic_manifesti-concerti_70x100_bozza1_page-0003-2\/","alt":"","author":"46","description":"","caption":"","name":"2026_bic_manifesti-concerti_70x100_bozza1_page-0003-2","status":"inherit","uploaded_to":117675,"date":"2026-09-04 09:28:48","modified":"2026-09-04 09:42:43","menu_order":0,"mime_type":"image\/jpeg","type":"image","subtype":"jpeg","icon":"https:\/\/www.visitsicily.info\/wp-includes\/images\/media\/default.png","width":1792,"height":2560,"sizes":{"thumbnail":"https:\/\/www.visitsicily.info\/wp-content\/uploads\/2026\/09\/2026_BIC_Manifesti-concerti_70x100_Bozza1_page-0003-150x150.jpg","thumbnail-width":150,"thumbnail-height":150,"medium":"https:\/\/www.visitsicily.info\/wp-content\/uploads\/2026\/09\/2026_BIC_Manifesti-concerti_70x100_Bozza1_page-0003-210x300.jpg","medium-width":210,"medium-height":300,"medium_large":"https:\/\/www.visitsicily.info\/wp-content\/uploads\/2026\/09\/2026_BIC_Manifesti-concerti_70x100_Bozza1_page-0003-768x1097.jpg","medium_large-width":768,"medium_large-height":1097,"large":"https:\/\/www.visitsicily.info\/wp-content\/uploads\/2026\/09\/2026_BIC_Manifesti-concerti_70x100_Bozza1_page-0003-717x1024.jpg","large-width":717,"large-height":1024,"1536x1536":"https:\/\/www.visitsicily.info\/wp-content\/uploads\/2026\/09\/2026_BIC_Manifesti-concerti_70x100_Bozza1_page-0003-1075x1536.jpg","1536x1536-width":1075,"1536x1536-height":1536,"2048x2048":"https:\/\/www.visitsicily.info\/wp-content\/uploads\/2026\/09\/2026_BIC_Manifesti-concerti_70x100_Bozza1_page-0003-1434x2048.jpg","2048x2048-width":1434,"2048x2048-height":2048,"blog-large":"https:\/\/www.visitsicily.info\/wp-content\/uploads\/2026\/09\/2026_BIC_Manifesti-concerti_70x100_Bozza1_page-0003-669x272.jpg","blog-large-width":669,"blog-large-height":272,"blog-medium":"https:\/\/www.visitsicily.info\/wp-content\/uploads\/2026\/09\/2026_BIC_Manifesti-concerti_70x100_Bozza1_page-0003-320x202.jpg","blog-medium-width":320,"blog-medium-height":202,"recent-posts":"https:\/\/www.visitsicily.info\/wp-content\/uploads\/2026\/09\/2026_BIC_Manifesti-concerti_70x100_Bozza1_page-0003-700x441.jpg","recent-posts-width":700,"recent-posts-height":441,"recent-works-thumbnail":"https:\/\/www.visitsicily.info\/wp-content\/uploads\/2026\/09\/2026_BIC_Manifesti-concerti_70x100_Bozza1_page-0003-66x66.jpg","recent-works-thumbnail-width":66,"recent-works-thumbnail-height":66,"fusion-200":"https:\/\/www.visitsicily.info\/wp-content\/uploads\/2026\/09\/2026_BIC_Manifesti-concerti_70x100_Bozza1_page-0003-200x286.jpg","fusion-200-width":200,"fusion-200-height":286,"fusion-400":"https:\/\/www.visitsicily.info\/wp-content\/uploads\/2026\/09\/2026_BIC_Manifesti-concerti_70x100_Bozza1_page-0003-400x571.jpg","fusion-400-width":400,"fusion-400-height":571,"fusion-600":"https:\/\/www.visitsicily.info\/wp-content\/uploads\/2026\/09\/2026_BIC_Manifesti-concerti_70x100_Bozza1_page-0003-600x857.jpg","fusion-600-width":600,"fusion-600-height":857,"fusion-800":"https:\/\/www.visitsicily.info\/wp-content\/uploads\/2026\/09\/2026_BIC_Manifesti-concerti_70x100_Bozza1_page-0003-800x1143.jpg","fusion-800-width":800,"fusion-800-height":1143,"fusion-1200":"https:\/\/www.visitsicily.info\/wp-content\/uploads\/2026\/09\/2026_BIC_Manifesti-concerti_70x100_Bozza1_page-0003-1200x1714.jpg","fusion-1200-width":1200,"fusion-1200-height":1714,"portfolio-full":"https:\/\/www.visitsicily.info\/wp-content\/uploads\/2026\/09\/2026_BIC_Manifesti-concerti_70x100_Bozza1_page-0003-940x400.jpg","portfolio-full-width":940,"portfolio-full-height":400,"portfolio-one":"https:\/\/www.visitsicily.info\/wp-content\/uploads\/2026\/09\/2026_BIC_Manifesti-concerti_70x100_Bozza1_page-0003-540x272.jpg","portfolio-one-width":540,"portfolio-one-height":272,"portfolio-two":"https:\/\/www.visitsicily.info\/wp-content\/uploads\/2026\/09\/2026_BIC_Manifesti-concerti_70x100_Bozza1_page-0003-460x295.jpg","portfolio-two-width":460,"portfolio-two-height":295,"portfolio-three":"https:\/\/www.visitsicily.info\/wp-content\/uploads\/2026\/09\/2026_BIC_Manifesti-concerti_70x100_Bozza1_page-0003-300x214.jpg","portfolio-three-width":300,"portfolio-three-height":214,"portfolio-five":"https:\/\/www.visitsicily.info\/wp-content\/uploads\/2026\/09\/2026_BIC_Manifesti-concerti_70x100_Bozza1_page-0003-177x142.jpg","portfolio-five-width":177,"portfolio-five-height":142}},{"ID":117636,"id":117636,"title":"2026_BIC_Manifesti concerti_70x100_Bozza1_page-0004","filename":"2026_BIC_Manifesti-concerti_70x100_Bozza1_page-0004-scaled.jpg","filesize":884631,"url":"https:\/\/www.visitsicily.info\/wp-content\/uploads\/2026\/09\/2026_BIC_Manifesti-concerti_70x100_Bozza1_page-0004-scaled.jpg","link":"https:\/\/www.visitsicily.info\/fr\/evento-new\/bellini-international-context-2026\/2026_bic_manifesti-concerti_70x100_bozza1_page-0004-2\/","alt":"","author":"46","description":"","caption":"","name":"2026_bic_manifesti-concerti_70x100_bozza1_page-0004-2","status":"inherit","uploaded_to":117675,"date":"2026-09-04 09:29:10","modified":"2026-09-04 09:42:43","menu_order":0,"mime_type":"image\/jpeg","type":"image","subtype":"jpeg","icon":"https:\/\/www.visitsicily.info\/wp-includes\/images\/media\/default.png","width":1792,"height":2560,"sizes":{"thumbnail":"https:\/\/www.visitsicily.info\/wp-content\/uploads\/2026\/09\/2026_BIC_Manifesti-concerti_70x100_Bozza1_page-0004-150x150.jpg","thumbnail-width":150,"thumbnail-height":150,"medium":"https:\/\/www.visitsicily.info\/wp-content\/uploads\/2026\/09\/2026_BIC_Manifesti-concerti_70x100_Bozza1_page-0004-210x300.jpg","medium-width":210,"medium-height":300,"medium_large":"https:\/\/www.visitsicily.info\/wp-content\/uploads\/2026\/09\/2026_BIC_Manifesti-concerti_70x100_Bozza1_page-0004-768x1097.jpg","medium_large-width":768,"medium_large-height":1097,"large":"https:\/\/www.visitsicily.info\/wp-content\/uploads\/2026\/09\/2026_BIC_Manifesti-concerti_70x100_Bozza1_page-0004-717x1024.jpg","large-width":717,"large-height":1024,"1536x1536":"https:\/\/www.visitsicily.info\/wp-content\/uploads\/2026\/09\/2026_BIC_Manifesti-concerti_70x100_Bozza1_page-0004-1075x1536.jpg","1536x1536-width":1075,"1536x1536-height":1536,"2048x2048":"https:\/\/www.visitsicily.info\/wp-content\/uploads\/2026\/09\/2026_BIC_Manifesti-concerti_70x100_Bozza1_page-0004-1434x2048.jpg","2048x2048-width":1434,"2048x2048-height":2048,"blog-large":"https:\/\/www.visitsicily.info\/wp-content\/uploads\/2026\/09\/2026_BIC_Manifesti-concerti_70x100_Bozza1_page-0004-669x272.jpg","blog-large-width":669,"blog-large-height":272,"blog-medium":"https:\/\/www.visitsicily.info\/wp-content\/uploads\/2026\/09\/2026_BIC_Manifesti-concerti_70x100_Bozza1_page-0004-320x202.jpg","blog-medium-width":320,"blog-medium-height":202,"recent-posts":"https:\/\/www.visitsicily.info\/wp-content\/uploads\/2026\/09\/2026_BIC_Manifesti-concerti_70x100_Bozza1_page-0004-700x441.jpg","recent-posts-width":700,"recent-posts-height":441,"recent-works-thumbnail":"https:\/\/www.visitsicily.info\/wp-content\/uploads\/2026\/09\/2026_BIC_Manifesti-concerti_70x100_Bozza1_page-0004-66x66.jpg","recent-works-thumbnail-width":66,"recent-works-thumbnail-height":66,"fusion-200":"https:\/\/www.visitsicily.info\/wp-content\/uploads\/2026\/09\/2026_BIC_Manifesti-concerti_70x100_Bozza1_page-0004-200x286.jpg","fusion-200-width":200,"fusion-200-height":286,"fusion-400":"https:\/\/www.visitsicily.info\/wp-content\/uploads\/2026\/09\/2026_BIC_Manifesti-concerti_70x100_Bozza1_page-0004-400x571.jpg","fusion-400-width":400,"fusion-400-height":571,"fusion-600":"https:\/\/www.visitsicily.info\/wp-content\/uploads\/2026\/09\/2026_BIC_Manifesti-concerti_70x100_Bozza1_page-0004-600x857.jpg","fusion-600-width":600,"fusion-600-height":857,"fusion-800":"https:\/\/www.visitsicily.info\/wp-content\/uploads\/2026\/09\/2026_BIC_Manifesti-concerti_70x100_Bozza1_page-0004-800x1143.jpg","fusion-800-width":800,"fusion-800-height":1143,"fusion-1200":"https:\/\/www.visitsicily.info\/wp-content\/uploads\/2026\/09\/2026_BIC_Manifesti-concerti_70x100_Bozza1_page-0004-1200x1714.jpg","fusion-1200-width":1200,"fusion-1200-height":1714,"portfolio-full":"https:\/\/www.visitsicily.info\/wp-content\/uploads\/2026\/09\/2026_BIC_Manifesti-concerti_70x100_Bozza1_page-0004-940x400.jpg","portfolio-full-width":940,"portfolio-full-height":400,"portfolio-one":"https:\/\/www.visitsicily.info\/wp-content\/uploads\/2026\/09\/2026_BIC_Manifesti-concerti_70x100_Bozza1_page-0004-540x272.jpg","portfolio-one-width":540,"portfolio-one-height":272,"portfolio-two":"https:\/\/www.visitsicily.info\/wp-content\/uploads\/2026\/09\/2026_BIC_Manifesti-concerti_70x100_Bozza1_page-0004-460x295.jpg","portfolio-two-width":460,"portfolio-two-height":295,"portfolio-three":"https:\/\/www.visitsicily.info\/wp-content\/uploads\/2026\/09\/2026_BIC_Manifesti-concerti_70x100_Bozza1_page-0004-300x214.jpg","portfolio-three-width":300,"portfolio-three-height":214,"portfolio-five":"https:\/\/www.visitsicily.info\/wp-content\/uploads\/2026\/09\/2026_BIC_Manifesti-concerti_70x100_Bozza1_page-0004-177x142.jpg","portfolio-five-width":177,"portfolio-five-height":142}},{"ID":117640,"id":117640,"title":"2026_BIC_Manifesti concerti_70x100_Bozza1_page-0005","filename":"2026_BIC_Manifesti-concerti_70x100_Bozza1_page-0005-scaled.jpg","filesize":890986,"url":"https:\/\/www.visitsicily.info\/wp-content\/uploads\/2026\/09\/2026_BIC_Manifesti-concerti_70x100_Bozza1_page-0005-scaled.jpg","link":"https:\/\/www.visitsicily.info\/fr\/evento-new\/bellini-international-context-2026\/2026_bic_manifesti-concerti_70x100_bozza1_page-0005-2\/","alt":"","author":"46","description":"","caption":"","name":"2026_bic_manifesti-concerti_70x100_bozza1_page-0005-2","status":"inherit","uploaded_to":117675,"date":"2026-09-04 09:29:32","modified":"2026-09-04 09:42:44","menu_order":0,"mime_type":"image\/jpeg","type":"image","subtype":"jpeg","icon":"https:\/\/www.visitsicily.info\/wp-includes\/images\/media\/default.png","width":1792,"height":2560,"sizes":{"thumbnail":"https:\/\/www.visitsicily.info\/wp-content\/uploads\/2026\/09\/2026_BIC_Manifesti-concerti_70x100_Bozza1_page-0005-150x150.jpg","thumbnail-width":150,"thumbnail-height":150,"medium":"https:\/\/www.visitsicily.info\/wp-content\/uploads\/2026\/09\/2026_BIC_Manifesti-concerti_70x100_Bozza1_page-0005-210x300.jpg","medium-width":210,"medium-height":300,"medium_large":"https:\/\/www.visitsicily.info\/wp-content\/uploads\/2026\/09\/2026_BIC_Manifesti-concerti_70x100_Bozza1_page-0005-768x1097.jpg","medium_large-width":768,"medium_large-height":1097,"large":"https:\/\/www.visitsicily.info\/wp-content\/uploads\/2026\/09\/2026_BIC_Manifesti-concerti_70x100_Bozza1_page-0005-717x1024.jpg","large-width":717,"large-height":1024,"1536x1536":"https:\/\/www.visitsicily.info\/wp-content\/uploads\/2026\/09\/2026_BIC_Manifesti-concerti_70x100_Bozza1_page-0005-1075x1536.jpg","1536x1536-width":1075,"1536x1536-height":1536,"2048x2048":"https:\/\/www.visitsicily.info\/wp-content\/uploads\/2026\/09\/2026_BIC_Manifesti-concerti_70x100_Bozza1_page-0005-1434x2048.jpg","2048x2048-width":1434,"2048x2048-height":2048,"blog-large":"https:\/\/www.visitsicily.info\/wp-content\/uploads\/2026\/09\/2026_BIC_Manifesti-concerti_70x100_Bozza1_page-0005-669x272.jpg","blog-large-width":669,"blog-large-height":272,"blog-medium":"https:\/\/www.visitsicily.info\/wp-content\/uploads\/2026\/09\/2026_BIC_Manifesti-concerti_70x100_Bozza1_page-0005-320x202.jpg","blog-medium-width":320,"blog-medium-height":202,"recent-posts":"https:\/\/www.visitsicily.info\/wp-content\/uploads\/2026\/09\/2026_BIC_Manifesti-concerti_70x100_Bozza1_page-0005-700x441.jpg","recent-posts-width":700,"recent-posts-height":441,"recent-works-thumbnail":"https:\/\/www.visitsicily.info\/wp-content\/uploads\/2026\/09\/2026_BIC_Manifesti-concerti_70x100_Bozza1_page-0005-66x66.jpg","recent-works-thumbnail-width":66,"recent-works-thumbnail-height":66,"fusion-200":"https:\/\/www.visitsicily.info\/wp-content\/uploads\/2026\/09\/2026_BIC_Manifesti-concerti_70x100_Bozza1_page-0005-200x286.jpg","fusion-200-width":200,"fusion-200-height":286,"fusion-400":"https:\/\/www.visitsicily.info\/wp-content\/uploads\/2026\/09\/2026_BIC_Manifesti-concerti_70x100_Bozza1_page-0005-400x571.jpg","fusion-400-width":400,"fusion-400-height":571,"fusion-600":"https:\/\/www.visitsicily.info\/wp-content\/uploads\/2026\/09\/2026_BIC_Manifesti-concerti_70x100_Bozza1_page-0005-600x857.jpg","fusion-600-width":600,"fusion-600-height":857,"fusion-800":"https:\/\/www.visitsicily.info\/wp-content\/uploads\/2026\/09\/2026_BIC_Manifesti-concerti_70x100_Bozza1_page-0005-800x1143.jpg","fusion-800-width":800,"fusion-800-height":1143,"fusion-1200":"https:\/\/www.visitsicily.info\/wp-content\/uploads\/2026\/09\/2026_BIC_Manifesti-concerti_70x100_Bozza1_page-0005-1200x1714.jpg","fusion-1200-width":1200,"fusion-1200-height":1714,"portfolio-full":"https:\/\/www.visitsicily.info\/wp-content\/uploads\/2026\/09\/2026_BIC_Manifesti-concerti_70x100_Bozza1_page-0005-940x400.jpg","portfolio-full-width":940,"portfolio-full-height":400,"portfolio-one":"https:\/\/www.visitsicily.info\/wp-content\/uploads\/2026\/09\/2026_BIC_Manifesti-concerti_70x100_Bozza1_page-0005-540x272.jpg","portfolio-one-width":540,"portfolio-one-height":272,"portfolio-two":"https:\/\/www.visitsicily.info\/wp-content\/uploads\/2026\/09\/2026_BIC_Manifesti-concerti_70x100_Bozza1_page-0005-460x295.jpg","portfolio-two-width":460,"portfolio-two-height":295,"portfolio-three":"https:\/\/www.visitsicily.info\/wp-content\/uploads\/2026\/09\/2026_BIC_Manifesti-concerti_70x100_Bozza1_page-0005-300x214.jpg","portfolio-three-width":300,"portfolio-three-height":214,"portfolio-five":"https:\/\/www.visitsicily.info\/wp-content\/uploads\/2026\/09\/2026_BIC_Manifesti-concerti_70x100_Bozza1_page-0005-177x142.jpg","portfolio-five-width":177,"portfolio-five-height":142}},{"ID":117644,"id":117644,"title":"2026_BIC_Manifesti concerti_70x100_Bozza1_page-0006","filename":"2026_BIC_Manifesti-concerti_70x100_Bozza1_page-0006-scaled.jpg","filesize":897255,"url":"https:\/\/www.visitsicily.info\/wp-content\/uploads\/2026\/09\/2026_BIC_Manifesti-concerti_70x100_Bozza1_page-0006-scaled.jpg","link":"https:\/\/www.visitsicily.info\/fr\/evento-new\/bellini-international-context-2026\/2026_bic_manifesti-concerti_70x100_bozza1_page-0006-2\/","alt":"","author":"46","description":"","caption":"","name":"2026_bic_manifesti-concerti_70x100_bozza1_page-0006-2","status":"inherit","uploaded_to":117675,"date":"2026-09-04 09:29:54","modified":"2026-09-04 09:42:44","menu_order":0,"mime_type":"image\/jpeg","type":"image","subtype":"jpeg","icon":"https:\/\/www.visitsicily.info\/wp-includes\/images\/media\/default.png","width":1792,"height":2560,"sizes":{"thumbnail":"https:\/\/www.visitsicily.info\/wp-content\/uploads\/2026\/09\/2026_BIC_Manifesti-concerti_70x100_Bozza1_page-0006-150x150.jpg","thumbnail-width":150,"thumbnail-height":150,"medium":"https:\/\/www.visitsicily.info\/wp-content\/uploads\/2026\/09\/2026_BIC_Manifesti-concerti_70x100_Bozza1_page-0006-210x300.jpg","medium-width":210,"medium-height":300,"medium_large":"https:\/\/www.visitsicily.info\/wp-content\/uploads\/2026\/09\/2026_BIC_Manifesti-concerti_70x100_Bozza1_page-0006-768x1097.jpg","medium_large-width":768,"medium_large-height":1097,"large":"https:\/\/www.visitsicily.info\/wp-content\/uploads\/2026\/09\/2026_BIC_Manifesti-concerti_70x100_Bozza1_page-0006-717x1024.jpg","large-width":717,"large-height":1024,"1536x1536":"https:\/\/www.visitsicily.info\/wp-content\/uploads\/2026\/09\/2026_BIC_Manifesti-concerti_70x100_Bozza1_page-0006-1075x1536.jpg","1536x1536-width":1075,"1536x1536-height":1536,"2048x2048":"https:\/\/www.visitsicily.info\/wp-content\/uploads\/2026\/09\/2026_BIC_Manifesti-concerti_70x100_Bozza1_page-0006-1434x2048.jpg","2048x2048-width":1434,"2048x2048-height":2048,"blog-large":"https:\/\/www.visitsicily.info\/wp-content\/uploads\/2026\/09\/2026_BIC_Manifesti-concerti_70x100_Bozza1_page-0006-669x272.jpg","blog-large-width":669,"blog-large-height":272,"blog-medium":"https:\/\/www.visitsicily.info\/wp-content\/uploads\/2026\/09\/2026_BIC_Manifesti-concerti_70x100_Bozza1_page-0006-320x202.jpg","blog-medium-width":320,"blog-medium-height":202,"recent-posts":"https:\/\/www.visitsicily.info\/wp-content\/uploads\/2026\/09\/2026_BIC_Manifesti-concerti_70x100_Bozza1_page-0006-700x441.jpg","recent-posts-width":700,"recent-posts-height":441,"recent-works-thumbnail":"https:\/\/www.visitsicily.info\/wp-content\/uploads\/2026\/09\/2026_BIC_Manifesti-concerti_70x100_Bozza1_page-0006-66x66.jpg","recent-works-thumbnail-width":66,"recent-works-thumbnail-height":66,"fusion-200":"https:\/\/www.visitsicily.info\/wp-content\/uploads\/2026\/09\/2026_BIC_Manifesti-concerti_70x100_Bozza1_page-0006-200x286.jpg","fusion-200-width":200,"fusion-200-height":286,"fusion-400":"https:\/\/www.visitsicily.info\/wp-content\/uploads\/2026\/09\/2026_BIC_Manifesti-concerti_70x100_Bozza1_page-0006-400x571.jpg","fusion-400-width":400,"fusion-400-height":571,"fusion-600":"https:\/\/www.visitsicily.info\/wp-content\/uploads\/2026\/09\/2026_BIC_Manifesti-concerti_70x100_Bozza1_page-0006-600x857.jpg","fusion-600-width":600,"fusion-600-height":857,"fusion-800":"https:\/\/www.visitsicily.info\/wp-content\/uploads\/2026\/09\/2026_BIC_Manifesti-concerti_70x100_Bozza1_page-0006-800x1143.jpg","fusion-800-width":800,"fusion-800-height":1143,"fusion-1200":"https:\/\/www.visitsicily.info\/wp-content\/uploads\/2026\/09\/2026_BIC_Manifesti-concerti_70x100_Bozza1_page-0006-1200x1714.jpg","fusion-1200-width":1200,"fusion-1200-height":1714,"portfolio-full":"https:\/\/www.visitsicily.info\/wp-content\/uploads\/2026\/09\/2026_BIC_Manifesti-concerti_70x100_Bozza1_page-0006-940x400.jpg","portfolio-full-width":940,"portfolio-full-height":400,"portfolio-one":"https:\/\/www.visitsicily.info\/wp-content\/uploads\/2026\/09\/2026_BIC_Manifesti-concerti_70x100_Bozza1_page-0006-540x272.jpg","portfolio-one-width":540,"portfolio-one-height":272,"portfolio-two":"https:\/\/www.visitsicily.info\/wp-content\/uploads\/2026\/09\/2026_BIC_Manifesti-concerti_70x100_Bozza1_page-0006-460x295.jpg","portfolio-two-width":460,"portfolio-two-height":295,"portfolio-three":"https:\/\/www.visitsicily.info\/wp-content\/uploads\/2026\/09\/2026_BIC_Manifesti-concerti_70x100_Bozza1_page-0006-300x214.jpg","portfolio-three-width":300,"portfolio-three-height":214,"portfolio-five":"https:\/\/www.visitsicily.info\/wp-content\/uploads\/2026\/09\/2026_BIC_Manifesti-concerti_70x100_Bozza1_page-0006-177x142.jpg","portfolio-five-width":177,"portfolio-five-height":142}},{"ID":117648,"id":117648,"title":"2026_BIC_Manifesti concerti_70x100_6_Puritani_Bozza1_page-0006","filename":"2026_BIC_Manifesti-concerti_70x100_6_Puritani_Bozza1_page-0006-scaled.jpg","filesize":844564,"url":"https:\/\/www.visitsicily.info\/wp-content\/uploads\/2026\/09\/2026_BIC_Manifesti-concerti_70x100_6_Puritani_Bozza1_page-0006-scaled.jpg","link":"https:\/\/www.visitsicily.info\/fr\/evento-new\/bellini-international-context-2026\/2026_bic_manifesti-concerti_70x100_6_puritani_bozza1_page-0006-2\/","alt":"","author":"46","description":"","caption":"","name":"2026_bic_manifesti-concerti_70x100_6_puritani_bozza1_page-0006-2","status":"inherit","uploaded_to":117675,"date":"2026-09-04 09:30:17","modified":"2026-09-04 09:42:44","menu_order":0,"mime_type":"image\/jpeg","type":"image","subtype":"jpeg","icon":"https:\/\/www.visitsicily.info\/wp-includes\/images\/media\/default.png","width":1792,"height":2560,"sizes":{"thumbnail":"https:\/\/www.visitsicily.info\/wp-content\/uploads\/2026\/09\/2026_BIC_Manifesti-concerti_70x100_6_Puritani_Bozza1_page-0006-150x150.jpg","thumbnail-width":150,"thumbnail-height":150,"medium":"https:\/\/www.visitsicily.info\/wp-content\/uploads\/2026\/09\/2026_BIC_Manifesti-concerti_70x100_6_Puritani_Bozza1_page-0006-210x300.jpg","medium-width":210,"medium-height":300,"medium_large":"https:\/\/www.visitsicily.info\/wp-content\/uploads\/2026\/09\/2026_BIC_Manifesti-concerti_70x100_6_Puritani_Bozza1_page-0006-768x1097.jpg","medium_large-width":768,"medium_large-height":1097,"large":"https:\/\/www.visitsicily.info\/wp-content\/uploads\/2026\/09\/2026_BIC_Manifesti-concerti_70x100_6_Puritani_Bozza1_page-0006-717x1024.jpg","large-width":717,"large-height":1024,"1536x1536":"https:\/\/www.visitsicily.info\/wp-content\/uploads\/2026\/09\/2026_BIC_Manifesti-concerti_70x100_6_Puritani_Bozza1_page-0006-1075x1536.jpg","1536x1536-width":1075,"1536x1536-height":1536,"2048x2048":"https:\/\/www.visitsicily.info\/wp-content\/uploads\/2026\/09\/2026_BIC_Manifesti-concerti_70x100_6_Puritani_Bozza1_page-0006-1434x2048.jpg","2048x2048-width":1434,"2048x2048-height":2048,"blog-large":"https:\/\/www.visitsicily.info\/wp-content\/uploads\/2026\/09\/2026_BIC_Manifesti-concerti_70x100_6_Puritani_Bozza1_page-0006-669x272.jpg","blog-large-width":669,"blog-large-height":272,"blog-medium":"https:\/\/www.visitsicily.info\/wp-content\/uploads\/2026\/09\/2026_BIC_Manifesti-concerti_70x100_6_Puritani_Bozza1_page-0006-320x202.jpg","blog-medium-width":320,"blog-medium-height":202,"recent-posts":"https:\/\/www.visitsicily.info\/wp-content\/uploads\/2026\/09\/2026_BIC_Manifesti-concerti_70x100_6_Puritani_Bozza1_page-0006-700x441.jpg","recent-posts-width":700,"recent-posts-height":441,"recent-works-thumbnail":"https:\/\/www.visitsicily.info\/wp-content\/uploads\/2026\/09\/2026_BIC_Manifesti-concerti_70x100_6_Puritani_Bozza1_page-0006-66x66.jpg","recent-works-thumbnail-width":66,"recent-works-thumbnail-height":66,"fusion-200":"https:\/\/www.visitsicily.info\/wp-content\/uploads\/2026\/09\/2026_BIC_Manifesti-concerti_70x100_6_Puritani_Bozza1_page-0006-200x286.jpg","fusion-200-width":200,"fusion-200-height":286,"fusion-400":"https:\/\/www.visitsicily.info\/wp-content\/uploads\/2026\/09\/2026_BIC_Manifesti-concerti_70x100_6_Puritani_Bozza1_page-0006-400x571.jpg","fusion-400-width":400,"fusion-400-height":571,"fusion-600":"https:\/\/www.visitsicily.info\/wp-content\/uploads\/2026\/09\/2026_BIC_Manifesti-concerti_70x100_6_Puritani_Bozza1_page-0006-600x857.jpg","fusion-600-width":600,"fusion-600-height":857,"fusion-800":"https:\/\/www.visitsicily.info\/wp-content\/uploads\/2026\/09\/2026_BIC_Manifesti-concerti_70x100_6_Puritani_Bozza1_page-0006-800x1143.jpg","fusion-800-width":800,"fusion-800-height":1143,"fusion-1200":"https:\/\/www.visitsicily.info\/wp-content\/uploads\/2026\/09\/2026_BIC_Manifesti-concerti_70x100_6_Puritani_Bozza1_page-0006-1200x1714.jpg","fusion-1200-width":1200,"fusion-1200-height":1714,"portfolio-full":"https:\/\/www.visitsicily.info\/wp-content\/uploads\/2026\/09\/2026_BIC_Manifesti-concerti_70x100_6_Puritani_Bozza1_page-0006-940x400.jpg","portfolio-full-width":940,"portfolio-full-height":400,"portfolio-one":"https:\/\/www.visitsicily.info\/wp-content\/uploads\/2026\/09\/2026_BIC_Manifesti-concerti_70x100_6_Puritani_Bozza1_page-0006-540x272.jpg","portfolio-one-width":540,"portfolio-one-height":272,"portfolio-two":"https:\/\/www.visitsicily.info\/wp-content\/uploads\/2026\/09\/2026_BIC_Manifesti-concerti_70x100_6_Puritani_Bozza1_page-0006-460x295.jpg","portfolio-two-width":460,"portfolio-two-height":295,"portfolio-three":"https:\/\/www.visitsicily.info\/wp-content\/uploads\/2026\/09\/2026_BIC_Manifesti-concerti_70x100_6_Puritani_Bozza1_page-0006-300x214.jpg","portfolio-three-width":300,"portfolio-three-height":214,"portfolio-five":"https:\/\/www.visitsicily.info\/wp-content\/uploads\/2026\/09\/2026_BIC_Manifesti-concerti_70x100_6_Puritani_Bozza1_page-0006-177x142.jpg","portfolio-five-width":177,"portfolio-five-height":142}},{"ID":117652,"id":117652,"title":"2026_BIC_Manifesti concerti_70x100_6_Puritani_Bozza1_page-0007","filename":"2026_BIC_Manifesti-concerti_70x100_6_Puritani_Bozza1_page-0007-scaled.jpg","filesize":843556,"url":"https:\/\/www.visitsicily.info\/wp-content\/uploads\/2026\/09\/2026_BIC_Manifesti-concerti_70x100_6_Puritani_Bozza1_page-0007-scaled.jpg","link":"https:\/\/www.visitsicily.info\/fr\/evento-new\/bellini-international-context-2026\/2026_bic_manifesti-concerti_70x100_6_puritani_bozza1_page-0007-2\/","alt":"","author":"46","description":"","caption":"","name":"2026_bic_manifesti-concerti_70x100_6_puritani_bozza1_page-0007-2","status":"inherit","uploaded_to":117675,"date":"2026-09-04 09:30:37","modified":"2026-09-04 09:42:44","menu_order":0,"mime_type":"image\/jpeg","type":"image","subtype":"jpeg","icon":"https:\/\/www.visitsicily.info\/wp-includes\/images\/media\/default.png","width":1792,"height":2560,"sizes":{"thumbnail":"https:\/\/www.visitsicily.info\/wp-content\/uploads\/2026\/09\/2026_BIC_Manifesti-concerti_70x100_6_Puritani_Bozza1_page-0007-150x150.jpg","thumbnail-width":150,"thumbnail-height":150,"medium":"https:\/\/www.visitsicily.info\/wp-content\/uploads\/2026\/09\/2026_BIC_Manifesti-concerti_70x100_6_Puritani_Bozza1_page-0007-210x300.jpg","medium-width":210,"medium-height":300,"medium_large":"https:\/\/www.visitsicily.info\/wp-content\/uploads\/2026\/09\/2026_BIC_Manifesti-concerti_70x100_6_Puritani_Bozza1_page-0007-768x1097.jpg","medium_large-width":768,"medium_large-height":1097,"large":"https:\/\/www.visitsicily.info\/wp-content\/uploads\/2026\/09\/2026_BIC_Manifesti-concerti_70x100_6_Puritani_Bozza1_page-0007-717x1024.jpg","large-width":717,"large-height":1024,"1536x1536":"https:\/\/www.visitsicily.info\/wp-content\/uploads\/2026\/09\/2026_BIC_Manifesti-concerti_70x100_6_Puritani_Bozza1_page-0007-1075x1536.jpg","1536x1536-width":1075,"1536x1536-height":1536,"2048x2048":"https:\/\/www.visitsicily.info\/wp-content\/uploads\/2026\/09\/2026_BIC_Manifesti-concerti_70x100_6_Puritani_Bozza1_page-0007-1434x2048.jpg","2048x2048-width":1434,"2048x2048-height":2048,"blog-large":"https:\/\/www.visitsicily.info\/wp-content\/uploads\/2026\/09\/2026_BIC_Manifesti-concerti_70x100_6_Puritani_Bozza1_page-0007-669x272.jpg","blog-large-width":669,"blog-large-height":272,"blog-medium":"https:\/\/www.visitsicily.info\/wp-content\/uploads\/2026\/09\/2026_BIC_Manifesti-concerti_70x100_6_Puritani_Bozza1_page-0007-320x202.jpg","blog-medium-width":320,"blog-medium-height":202,"recent-posts":"https:\/\/www.visitsicily.info\/wp-content\/uploads\/2026\/09\/2026_BIC_Manifesti-concerti_70x100_6_Puritani_Bozza1_page-0007-700x441.jpg","recent-posts-width":700,"recent-posts-height":441,"recent-works-thumbnail":"https:\/\/www.visitsicily.info\/wp-content\/uploads\/2026\/09\/2026_BIC_Manifesti-concerti_70x100_6_Puritani_Bozza1_page-0007-66x66.jpg","recent-works-thumbnail-width":66,"recent-works-thumbnail-height":66,"fusion-200":"https:\/\/www.visitsicily.info\/wp-content\/uploads\/2026\/09\/2026_BIC_Manifesti-concerti_70x100_6_Puritani_Bozza1_page-0007-200x286.jpg","fusion-200-width":200,"fusion-200-height":286,"fusion-400":"https:\/\/www.visitsicily.info\/wp-content\/uploads\/2026\/09\/2026_BIC_Manifesti-concerti_70x100_6_Puritani_Bozza1_page-0007-400x571.jpg","fusion-400-width":400,"fusion-400-height":571,"fusion-600":"https:\/\/www.visitsicily.info\/wp-content\/uploads\/2026\/09\/2026_BIC_Manifesti-concerti_70x100_6_Puritani_Bozza1_page-0007-600x857.jpg","fusion-600-width":600,"fusion-600-height":857,"fusion-800":"https:\/\/www.visitsicily.info\/wp-content\/uploads\/2026\/09\/2026_BIC_Manifesti-concerti_70x100_6_Puritani_Bozza1_page-0007-800x1143.jpg","fusion-800-width":800,"fusion-800-height":1143,"fusion-1200":"https:\/\/www.visitsicily.info\/wp-content\/uploads\/2026\/09\/2026_BIC_Manifesti-concerti_70x100_6_Puritani_Bozza1_page-0007-1200x1714.jpg","fusion-1200-width":1200,"fusion-1200-height":1714,"portfolio-full":"https:\/\/www.visitsicily.info\/wp-content\/uploads\/2026\/09\/2026_BIC_Manifesti-concerti_70x100_6_Puritani_Bozza1_page-0007-940x400.jpg","portfolio-full-width":940,"portfolio-full-height":400,"portfolio-one":"https:\/\/www.visitsicily.info\/wp-content\/uploads\/2026\/09\/2026_BIC_Manifesti-concerti_70x100_6_Puritani_Bozza1_page-0007-540x272.jpg","portfolio-one-width":540,"portfolio-one-height":272,"portfolio-two":"https:\/\/www.visitsicily.info\/wp-content\/uploads\/2026\/09\/2026_BIC_Manifesti-concerti_70x100_6_Puritani_Bozza1_page-0007-460x295.jpg","portfolio-two-width":460,"portfolio-two-height":295,"portfolio-three":"https:\/\/www.visitsicily.info\/wp-content\/uploads\/2026\/09\/2026_BIC_Manifesti-concerti_70x100_6_Puritani_Bozza1_page-0007-300x214.jpg","portfolio-three-width":300,"portfolio-three-height":214,"portfolio-five":"https:\/\/www.visitsicily.info\/wp-content\/uploads\/2026\/09\/2026_BIC_Manifesti-concerti_70x100_6_Puritani_Bozza1_page-0007-177x142.jpg","portfolio-five-width":177,"portfolio-five-height":142}},{"ID":117656,"id":117656,"title":"2026_BIC_Manifesti concerti_70x100_6_Puritani_Bozza1_page-0001","filename":"2026_BIC_Manifesti-concerti_70x100_6_Puritani_Bozza1_page-0001-scaled.jpg","filesize":843513,"url":"https:\/\/www.visitsicily.info\/wp-content\/uploads\/2026\/09\/2026_BIC_Manifesti-concerti_70x100_6_Puritani_Bozza1_page-0001-scaled.jpg","link":"https:\/\/www.visitsicily.info\/fr\/evento-new\/bellini-international-context-2026\/2026_bic_manifesti-concerti_70x100_6_puritani_bozza1_page-0001-2\/","alt":"","author":"46","description":"","caption":"","name":"2026_bic_manifesti-concerti_70x100_6_puritani_bozza1_page-0001-2","status":"inherit","uploaded_to":117675,"date":"2026-09-04 09:30:56","modified":"2026-09-04 09:42:44","menu_order":0,"mime_type":"image\/jpeg","type":"image","subtype":"jpeg","icon":"https:\/\/www.visitsicily.info\/wp-includes\/images\/media\/default.png","width":1792,"height":2560,"sizes":{"thumbnail":"https:\/\/www.visitsicily.info\/wp-content\/uploads\/2026\/09\/2026_BIC_Manifesti-concerti_70x100_6_Puritani_Bozza1_page-0001-150x150.jpg","thumbnail-width":150,"thumbnail-height":150,"medium":"https:\/\/www.visitsicily.info\/wp-content\/uploads\/2026\/09\/2026_BIC_Manifesti-concerti_70x100_6_Puritani_Bozza1_page-0001-210x300.jpg","medium-width":210,"medium-height":300,"medium_large":"https:\/\/www.visitsicily.info\/wp-content\/uploads\/2026\/09\/2026_BIC_Manifesti-concerti_70x100_6_Puritani_Bozza1_page-0001-768x1097.jpg","medium_large-width":768,"medium_large-height":1097,"large":"https:\/\/www.visitsicily.info\/wp-content\/uploads\/2026\/09\/2026_BIC_Manifesti-concerti_70x100_6_Puritani_Bozza1_page-0001-717x1024.jpg","large-width":717,"large-height":1024,"1536x1536":"https:\/\/www.visitsicily.info\/wp-content\/uploads\/2026\/09\/2026_BIC_Manifesti-concerti_70x100_6_Puritani_Bozza1_page-0001-1075x1536.jpg","1536x1536-width":1075,"1536x1536-height":1536,"2048x2048":"https:\/\/www.visitsicily.info\/wp-content\/uploads\/2026\/09\/2026_BIC_Manifesti-concerti_70x100_6_Puritani_Bozza1_page-0001-1434x2048.jpg","2048x2048-width":1434,"2048x2048-height":2048,"blog-large":"https:\/\/www.visitsicily.info\/wp-content\/uploads\/2026\/09\/2026_BIC_Manifesti-concerti_70x100_6_Puritani_Bozza1_page-0001-669x272.jpg","blog-large-width":669,"blog-large-height":272,"blog-medium":"https:\/\/www.visitsicily.info\/wp-content\/uploads\/2026\/09\/2026_BIC_Manifesti-concerti_70x100_6_Puritani_Bozza1_page-0001-320x202.jpg","blog-medium-width":320,"blog-medium-height":202,"recent-posts":"https:\/\/www.visitsicily.info\/wp-content\/uploads\/2026\/09\/2026_BIC_Manifesti-concerti_70x100_6_Puritani_Bozza1_page-0001-700x441.jpg","recent-posts-width":700,"recent-posts-height":441,"recent-works-thumbnail":"https:\/\/www.visitsicily.info\/wp-content\/uploads\/2026\/09\/2026_BIC_Manifesti-concerti_70x100_6_Puritani_Bozza1_page-0001-66x66.jpg","recent-works-thumbnail-width":66,"recent-works-thumbnail-height":66,"fusion-200":"https:\/\/www.visitsicily.info\/wp-content\/uploads\/2026\/09\/2026_BIC_Manifesti-concerti_70x100_6_Puritani_Bozza1_page-0001-200x286.jpg","fusion-200-width":200,"fusion-200-height":286,"fusion-400":"https:\/\/www.visitsicily.info\/wp-content\/uploads\/2026\/09\/2026_BIC_Manifesti-concerti_70x100_6_Puritani_Bozza1_page-0001-400x571.jpg","fusion-400-width":400,"fusion-400-height":571,"fusion-600":"https:\/\/www.visitsicily.info\/wp-content\/uploads\/2026\/09\/2026_BIC_Manifesti-concerti_70x100_6_Puritani_Bozza1_page-0001-600x857.jpg","fusion-600-width":600,"fusion-600-height":857,"fusion-800":"https:\/\/www.visitsicily.info\/wp-content\/uploads\/2026\/09\/2026_BIC_Manifesti-concerti_70x100_6_Puritani_Bozza1_page-0001-800x1143.jpg","fusion-800-width":800,"fusion-800-height":1143,"fusion-1200":"https:\/\/www.visitsicily.info\/wp-content\/uploads\/2026\/09\/2026_BIC_Manifesti-concerti_70x100_6_Puritani_Bozza1_page-0001-1200x1714.jpg","fusion-1200-width":1200,"fusion-1200-height":1714,"portfolio-full":"https:\/\/www.visitsicily.info\/wp-content\/uploads\/2026\/09\/2026_BIC_Manifesti-concerti_70x100_6_Puritani_Bozza1_page-0001-940x400.jpg","portfolio-full-width":940,"portfolio-full-height":400,"portfolio-one":"https:\/\/www.visitsicily.info\/wp-content\/uploads\/2026\/09\/2026_BIC_Manifesti-concerti_70x100_6_Puritani_Bozza1_page-0001-540x272.jpg","portfolio-one-width":540,"portfolio-one-height":272,"portfolio-two":"https:\/\/www.visitsicily.info\/wp-content\/uploads\/2026\/09\/2026_BIC_Manifesti-concerti_70x100_6_Puritani_Bozza1_page-0001-460x295.jpg","portfolio-two-width":460,"portfolio-two-height":295,"portfolio-three":"https:\/\/www.visitsicily.info\/wp-content\/uploads\/2026\/09\/2026_BIC_Manifesti-concerti_70x100_6_Puritani_Bozza1_page-0001-300x214.jpg","portfolio-three-width":300,"portfolio-three-height":214,"portfolio-five":"https:\/\/www.visitsicily.info\/wp-content\/uploads\/2026\/09\/2026_BIC_Manifesti-concerti_70x100_6_Puritani_Bozza1_page-0001-177x142.jpg","portfolio-five-width":177,"portfolio-five-height":142}},{"ID":117660,"id":117660,"title":"2026_BIC_Manifesti concerti_70x100_6_Puritani_Bozza1_page-0002","filename":"2026_BIC_Manifesti-concerti_70x100_6_Puritani_Bozza1_page-0002-scaled.jpg","filesize":838165,"url":"https:\/\/www.visitsicily.info\/wp-content\/uploads\/2026\/09\/2026_BIC_Manifesti-concerti_70x100_6_Puritani_Bozza1_page-0002-scaled.jpg","link":"https:\/\/www.visitsicily.info\/fr\/evento-new\/bellini-international-context-2026\/2026_bic_manifesti-concerti_70x100_6_puritani_bozza1_page-0002-2\/","alt":"","author":"46","description":"","caption":"","name":"2026_bic_manifesti-concerti_70x100_6_puritani_bozza1_page-0002-2","status":"inherit","uploaded_to":117675,"date":"2026-09-04 09:31:16","modified":"2026-09-04 09:42:45","menu_order":0,"mime_type":"image\/jpeg","type":"image","subtype":"jpeg","icon":"https:\/\/www.visitsicily.info\/wp-includes\/images\/media\/default.png","width":1792,"height":2560,"sizes":{"thumbnail":"https:\/\/www.visitsicily.info\/wp-content\/uploads\/2026\/09\/2026_BIC_Manifesti-concerti_70x100_6_Puritani_Bozza1_page-0002-150x150.jpg","thumbnail-width":150,"thumbnail-height":150,"medium":"https:\/\/www.visitsicily.info\/wp-content\/uploads\/2026\/09\/2026_BIC_Manifesti-concerti_70x100_6_Puritani_Bozza1_page-0002-210x300.jpg","medium-width":210,"medium-height":300,"medium_large":"https:\/\/www.visitsicily.info\/wp-content\/uploads\/2026\/09\/2026_BIC_Manifesti-concerti_70x100_6_Puritani_Bozza1_page-0002-768x1097.jpg","medium_large-width":768,"medium_large-height":1097,"large":"https:\/\/www.visitsicily.info\/wp-content\/uploads\/2026\/09\/2026_BIC_Manifesti-concerti_70x100_6_Puritani_Bozza1_page-0002-717x1024.jpg","large-width":717,"large-height":1024,"1536x1536":"https:\/\/www.visitsicily.info\/wp-content\/uploads\/2026\/09\/2026_BIC_Manifesti-concerti_70x100_6_Puritani_Bozza1_page-0002-1075x1536.jpg","1536x1536-width":1075,"1536x1536-height":1536,"2048x2048":"https:\/\/www.visitsicily.info\/wp-content\/uploads\/2026\/09\/2026_BIC_Manifesti-concerti_70x100_6_Puritani_Bozza1_page-0002-1434x2048.jpg","2048x2048-width":1434,"2048x2048-height":2048,"blog-large":"https:\/\/www.visitsicily.info\/wp-content\/uploads\/2026\/09\/2026_BIC_Manifesti-concerti_70x100_6_Puritani_Bozza1_page-0002-669x272.jpg","blog-large-width":669,"blog-large-height":272,"blog-medium":"https:\/\/www.visitsicily.info\/wp-content\/uploads\/2026\/09\/2026_BIC_Manifesti-concerti_70x100_6_Puritani_Bozza1_page-0002-320x202.jpg","blog-medium-width":320,"blog-medium-height":202,"recent-posts":"https:\/\/www.visitsicily.info\/wp-content\/uploads\/2026\/09\/2026_BIC_Manifesti-concerti_70x100_6_Puritani_Bozza1_page-0002-700x441.jpg","recent-posts-width":700,"recent-posts-height":441,"recent-works-thumbnail":"https:\/\/www.visitsicily.info\/wp-content\/uploads\/2026\/09\/2026_BIC_Manifesti-concerti_70x100_6_Puritani_Bozza1_page-0002-66x66.jpg","recent-works-thumbnail-width":66,"recent-works-thumbnail-height":66,"fusion-200":"https:\/\/www.visitsicily.info\/wp-content\/uploads\/2026\/09\/2026_BIC_Manifesti-concerti_70x100_6_Puritani_Bozza1_page-0002-200x286.jpg","fusion-200-width":200,"fusion-200-height":286,"fusion-400":"https:\/\/www.visitsicily.info\/wp-content\/uploads\/2026\/09\/2026_BIC_Manifesti-concerti_70x100_6_Puritani_Bozza1_page-0002-400x571.jpg","fusion-400-width":400,"fusion-400-height":571,"fusion-600":"https:\/\/www.visitsicily.info\/wp-content\/uploads\/2026\/09\/2026_BIC_Manifesti-concerti_70x100_6_Puritani_Bozza1_page-0002-600x857.jpg","fusion-600-width":600,"fusion-600-height":857,"fusion-800":"https:\/\/www.visitsicily.info\/wp-content\/uploads\/2026\/09\/2026_BIC_Manifesti-concerti_70x100_6_Puritani_Bozza1_page-0002-800x1143.jpg","fusion-800-width":800,"fusion-800-height":1143,"fusion-1200":"https:\/\/www.visitsicily.info\/wp-content\/uploads\/2026\/09\/2026_BIC_Manifesti-concerti_70x100_6_Puritani_Bozza1_page-0002-1200x1714.jpg","fusion-1200-width":1200,"fusion-1200-height":1714,"portfolio-full":"https:\/\/www.visitsicily.info\/wp-content\/uploads\/2026\/09\/2026_BIC_Manifesti-concerti_70x100_6_Puritani_Bozza1_page-0002-940x400.jpg","portfolio-full-width":940,"portfolio-full-height":400,"portfolio-one":"https:\/\/www.visitsicily.info\/wp-content\/uploads\/2026\/09\/2026_BIC_Manifesti-concerti_70x100_6_Puritani_Bozza1_page-0002-540x272.jpg","portfolio-one-width":540,"portfolio-one-height":272,"portfolio-two":"https:\/\/www.visitsicily.info\/wp-content\/uploads\/2026\/09\/2026_BIC_Manifesti-concerti_70x100_6_Puritani_Bozza1_page-0002-460x295.jpg","portfolio-two-width":460,"portfolio-two-height":295,"portfolio-three":"https:\/\/www.visitsicily.info\/wp-content\/uploads\/2026\/09\/2026_BIC_Manifesti-concerti_70x100_6_Puritani_Bozza1_page-0002-300x214.jpg","portfolio-three-width":300,"portfolio-three-height":214,"portfolio-five":"https:\/\/www.visitsicily.info\/wp-content\/uploads\/2026\/09\/2026_BIC_Manifesti-concerti_70x100_6_Puritani_Bozza1_page-0002-177x142.jpg","portfolio-five-width":177,"portfolio-five-height":142}},{"ID":117664,"id":117664,"title":"2026_BIC_Manifesti concerti_70x100_6_Puritani_Bozza1_page-0003","filename":"2026_BIC_Manifesti-concerti_70x100_6_Puritani_Bozza1_page-0003-scaled.jpg","filesize":845479,"url":"https:\/\/www.visitsicily.info\/wp-content\/uploads\/2026\/09\/2026_BIC_Manifesti-concerti_70x100_6_Puritani_Bozza1_page-0003-scaled.jpg","link":"https:\/\/www.visitsicily.info\/fr\/evento-new\/bellini-international-context-2026\/2026_bic_manifesti-concerti_70x100_6_puritani_bozza1_page-0003-2\/","alt":"","author":"46","description":"","caption":"","name":"2026_bic_manifesti-concerti_70x100_6_puritani_bozza1_page-0003-2","status":"inherit","uploaded_to":117675,"date":"2026-09-04 09:31:38","modified":"2026-09-04 09:42:45","menu_order":0,"mime_type":"image\/jpeg","type":"image","subtype":"jpeg","icon":"https:\/\/www.visitsicily.info\/wp-includes\/images\/media\/default.png","width":1792,"height":2560,"sizes":{"thumbnail":"https:\/\/www.visitsicily.info\/wp-content\/uploads\/2026\/09\/2026_BIC_Manifesti-concerti_70x100_6_Puritani_Bozza1_page-0003-150x150.jpg","thumbnail-width":150,"thumbnail-height":150,"medium":"https:\/\/www.visitsicily.info\/wp-content\/uploads\/2026\/09\/2026_BIC_Manifesti-concerti_70x100_6_Puritani_Bozza1_page-0003-210x300.jpg","medium-width":210,"medium-height":300,"medium_large":"https:\/\/www.visitsicily.info\/wp-content\/uploads\/2026\/09\/2026_BIC_Manifesti-concerti_70x100_6_Puritani_Bozza1_page-0003-768x1097.jpg","medium_large-width":768,"medium_large-height":1097,"large":"https:\/\/www.visitsicily.info\/wp-content\/uploads\/2026\/09\/2026_BIC_Manifesti-concerti_70x100_6_Puritani_Bozza1_page-0003-717x1024.jpg","large-width":717,"large-height":1024,"1536x1536":"https:\/\/www.visitsicily.info\/wp-content\/uploads\/2026\/09\/2026_BIC_Manifesti-concerti_70x100_6_Puritani_Bozza1_page-0003-1075x1536.jpg","1536x1536-width":1075,"1536x1536-height":1536,"2048x2048":"https:\/\/www.visitsicily.info\/wp-content\/uploads\/2026\/09\/2026_BIC_Manifesti-concerti_70x100_6_Puritani_Bozza1_page-0003-1434x2048.jpg","2048x2048-width":1434,"2048x2048-height":2048,"blog-large":"https:\/\/www.visitsicily.info\/wp-content\/uploads\/2026\/09\/2026_BIC_Manifesti-concerti_70x100_6_Puritani_Bozza1_page-0003-669x272.jpg","blog-large-width":669,"blog-large-height":272,"blog-medium":"https:\/\/www.visitsicily.info\/wp-content\/uploads\/2026\/09\/2026_BIC_Manifesti-concerti_70x100_6_Puritani_Bozza1_page-0003-320x202.jpg","blog-medium-width":320,"blog-medium-height":202,"recent-posts":"https:\/\/www.visitsicily.info\/wp-content\/uploads\/2026\/09\/2026_BIC_Manifesti-concerti_70x100_6_Puritani_Bozza1_page-0003-700x441.jpg","recent-posts-width":700,"recent-posts-height":441,"recent-works-thumbnail":"https:\/\/www.visitsicily.info\/wp-content\/uploads\/2026\/09\/2026_BIC_Manifesti-concerti_70x100_6_Puritani_Bozza1_page-0003-66x66.jpg","recent-works-thumbnail-width":66,"recent-works-thumbnail-height":66,"fusion-200":"https:\/\/www.visitsicily.info\/wp-content\/uploads\/2026\/09\/2026_BIC_Manifesti-concerti_70x100_6_Puritani_Bozza1_page-0003-200x286.jpg","fusion-200-width":200,"fusion-200-height":286,"fusion-400":"https:\/\/www.visitsicily.info\/wp-content\/uploads\/2026\/09\/2026_BIC_Manifesti-concerti_70x100_6_Puritani_Bozza1_page-0003-400x571.jpg","fusion-400-width":400,"fusion-400-height":571,"fusion-600":"https:\/\/www.visitsicily.info\/wp-content\/uploads\/2026\/09\/2026_BIC_Manifesti-concerti_70x100_6_Puritani_Bozza1_page-0003-600x857.jpg","fusion-600-width":600,"fusion-600-height":857,"fusion-800":"https:\/\/www.visitsicily.info\/wp-content\/uploads\/2026\/09\/2026_BIC_Manifesti-concerti_70x100_6_Puritani_Bozza1_page-0003-800x1143.jpg","fusion-800-width":800,"fusion-800-height":1143,"fusion-1200":"https:\/\/www.visitsicily.info\/wp-content\/uploads\/2026\/09\/2026_BIC_Manifesti-concerti_70x100_6_Puritani_Bozza1_page-0003-1200x1714.jpg","fusion-1200-width":1200,"fusion-1200-height":1714,"portfolio-full":"https:\/\/www.visitsicily.info\/wp-content\/uploads\/2026\/09\/2026_BIC_Manifesti-concerti_70x100_6_Puritani_Bozza1_page-0003-940x400.jpg","portfolio-full-width":940,"portfolio-full-height":400,"portfolio-one":"https:\/\/www.visitsicily.info\/wp-content\/uploads\/2026\/09\/2026_BIC_Manifesti-concerti_70x100_6_Puritani_Bozza1_page-0003-540x272.jpg","portfolio-one-width":540,"portfolio-one-height":272,"portfolio-two":"https:\/\/www.visitsicily.info\/wp-content\/uploads\/2026\/09\/2026_BIC_Manifesti-concerti_70x100_6_Puritani_Bozza1_page-0003-460x295.jpg","portfolio-two-width":460,"portfolio-two-height":295,"portfolio-three":"https:\/\/www.visitsicily.info\/wp-content\/uploads\/2026\/09\/2026_BIC_Manifesti-concerti_70x100_6_Puritani_Bozza1_page-0003-300x214.jpg","portfolio-three-width":300,"portfolio-three-height":214,"portfolio-five":"https:\/\/www.visitsicily.info\/wp-content\/uploads\/2026\/09\/2026_BIC_Manifesti-concerti_70x100_6_Puritani_Bozza1_page-0003-177x142.jpg","portfolio-five-width":177,"portfolio-five-height":142}},{"ID":117668,"id":117668,"title":"2026_BIC_Manifesti concerti_70x100_6_Puritani_Bozza1_page-0004","filename":"2026_BIC_Manifesti-concerti_70x100_6_Puritani_Bozza1_page-0004-scaled.jpg","filesize":837697,"url":"https:\/\/www.visitsicily.info\/wp-content\/uploads\/2026\/09\/2026_BIC_Manifesti-concerti_70x100_6_Puritani_Bozza1_page-0004-scaled.jpg","link":"https:\/\/www.visitsicily.info\/fr\/evento-new\/bellini-international-context-2026\/2026_bic_manifesti-concerti_70x100_6_puritani_bozza1_page-0004-2\/","alt":"","author":"46","description":"","caption":"","name":"2026_bic_manifesti-concerti_70x100_6_puritani_bozza1_page-0004-2","status":"inherit","uploaded_to":117675,"date":"2026-09-04 09:32:13","modified":"2026-09-04 09:42:45","menu_order":0,"mime_type":"image\/jpeg","type":"image","subtype":"jpeg","icon":"https:\/\/www.visitsicily.info\/wp-includes\/images\/media\/default.png","width":1792,"height":2560,"sizes":{"thumbnail":"https:\/\/www.visitsicily.info\/wp-content\/uploads\/2026\/09\/2026_BIC_Manifesti-concerti_70x100_6_Puritani_Bozza1_page-0004-150x150.jpg","thumbnail-width":150,"thumbnail-height":150,"medium":"https:\/\/www.visitsicily.info\/wp-content\/uploads\/2026\/09\/2026_BIC_Manifesti-concerti_70x100_6_Puritani_Bozza1_page-0004-210x300.jpg","medium-width":210,"medium-height":300,"medium_large":"https:\/\/www.visitsicily.info\/wp-content\/uploads\/2026\/09\/2026_BIC_Manifesti-concerti_70x100_6_Puritani_Bozza1_page-0004-768x1097.jpg","medium_large-width":768,"medium_large-height":1097,"large":"https:\/\/www.visitsicily.info\/wp-content\/uploads\/2026\/09\/2026_BIC_Manifesti-concerti_70x100_6_Puritani_Bozza1_page-0004-717x1024.jpg","large-width":717,"large-height":1024,"1536x1536":"https:\/\/www.visitsicily.info\/wp-content\/uploads\/2026\/09\/2026_BIC_Manifesti-concerti_70x100_6_Puritani_Bozza1_page-0004-1075x1536.jpg","1536x1536-width":1075,"1536x1536-height":1536,"2048x2048":"https:\/\/www.visitsicily.info\/wp-content\/uploads\/2026\/09\/2026_BIC_Manifesti-concerti_70x100_6_Puritani_Bozza1_page-0004-1434x2048.jpg","2048x2048-width":1434,"2048x2048-height":2048,"blog-large":"https:\/\/www.visitsicily.info\/wp-content\/uploads\/2026\/09\/2026_BIC_Manifesti-concerti_70x100_6_Puritani_Bozza1_page-0004-669x272.jpg","blog-large-width":669,"blog-large-height":272,"blog-medium":"https:\/\/www.visitsicily.info\/wp-content\/uploads\/2026\/09\/2026_BIC_Manifesti-concerti_70x100_6_Puritani_Bozza1_page-0004-320x202.jpg","blog-medium-width":320,"blog-medium-height":202,"recent-posts":"https:\/\/www.visitsicily.info\/wp-content\/uploads\/2026\/09\/2026_BIC_Manifesti-concerti_70x100_6_Puritani_Bozza1_page-0004-700x441.jpg","recent-posts-width":700,"recent-posts-height":441,"recent-works-thumbnail":"https:\/\/www.visitsicily.info\/wp-content\/uploads\/2026\/09\/2026_BIC_Manifesti-concerti_70x100_6_Puritani_Bozza1_page-0004-66x66.jpg","recent-works-thumbnail-width":66,"recent-works-thumbnail-height":66,"fusion-200":"https:\/\/www.visitsicily.info\/wp-content\/uploads\/2026\/09\/2026_BIC_Manifesti-concerti_70x100_6_Puritani_Bozza1_page-0004-200x286.jpg","fusion-200-width":200,"fusion-200-height":286,"fusion-400":"https:\/\/www.visitsicily.info\/wp-content\/uploads\/2026\/09\/2026_BIC_Manifesti-concerti_70x100_6_Puritani_Bozza1_page-0004-400x571.jpg","fusion-400-width":400,"fusion-400-height":571,"fusion-600":"https:\/\/www.visitsicily.info\/wp-content\/uploads\/2026\/09\/2026_BIC_Manifesti-concerti_70x100_6_Puritani_Bozza1_page-0004-600x857.jpg","fusion-600-width":600,"fusion-600-height":857,"fusion-800":"https:\/\/www.visitsicily.info\/wp-content\/uploads\/2026\/09\/2026_BIC_Manifesti-concerti_70x100_6_Puritani_Bozza1_page-0004-800x1143.jpg","fusion-800-width":800,"fusion-800-height":1143,"fusion-1200":"https:\/\/www.visitsicily.info\/wp-content\/uploads\/2026\/09\/2026_BIC_Manifesti-concerti_70x100_6_Puritani_Bozza1_page-0004-1200x1714.jpg","fusion-1200-width":1200,"fusion-1200-height":1714,"portfolio-full":"https:\/\/www.visitsicily.info\/wp-content\/uploads\/2026\/09\/2026_BIC_Manifesti-concerti_70x100_6_Puritani_Bozza1_page-0004-940x400.jpg","portfolio-full-width":940,"portfolio-full-height":400,"portfolio-one":"https:\/\/www.visitsicily.info\/wp-content\/uploads\/2026\/09\/2026_BIC_Manifesti-concerti_70x100_6_Puritani_Bozza1_page-0004-540x272.jpg","portfolio-one-width":540,"portfolio-one-height":272,"portfolio-two":"https:\/\/www.visitsicily.info\/wp-content\/uploads\/2026\/09\/2026_BIC_Manifesti-concerti_70x100_6_Puritani_Bozza1_page-0004-460x295.jpg","portfolio-two-width":460,"portfolio-two-height":295,"portfolio-three":"https:\/\/www.visitsicily.info\/wp-content\/uploads\/2026\/09\/2026_BIC_Manifesti-concerti_70x100_6_Puritani_Bozza1_page-0004-300x214.jpg","portfolio-three-width":300,"portfolio-three-height":214,"portfolio-five":"https:\/\/www.visitsicily.info\/wp-content\/uploads\/2026\/09\/2026_BIC_Manifesti-concerti_70x100_6_Puritani_Bozza1_page-0004-177x142.jpg","portfolio-five-width":177,"portfolio-five-height":142}},{"ID":117672,"id":117672,"title":"2026_BIC_Manifesti concerti_70x100_6_Puritani_Bozza1_page-0005","filename":"2026_BIC_Manifesti-concerti_70x100_6_Puritani_Bozza1_page-0005-scaled.jpg","filesize":845624,"url":"https:\/\/www.visitsicily.info\/wp-content\/uploads\/2026\/09\/2026_BIC_Manifesti-concerti_70x100_6_Puritani_Bozza1_page-0005-scaled.jpg","link":"https:\/\/www.visitsicily.info\/fr\/evento-new\/bellini-international-context-2026\/2026_bic_manifesti-concerti_70x100_6_puritani_bozza1_page-0005-2\/","alt":"","author":"46","description":"","caption":"","name":"2026_bic_manifesti-concerti_70x100_6_puritani_bozza1_page-0005-2","status":"inherit","uploaded_to":117675,"date":"2026-09-04 09:32:39","modified":"2026-09-04 09:42:45","menu_order":0,"mime_type":"image\/jpeg","type":"image","subtype":"jpeg","icon":"https:\/\/www.visitsicily.info\/wp-includes\/images\/media\/default.png","width":1792,"height":2560,"sizes":{"thumbnail":"https:\/\/www.visitsicily.info\/wp-content\/uploads\/2026\/09\/2026_BIC_Manifesti-concerti_70x100_6_Puritani_Bozza1_page-0005-150x150.jpg","thumbnail-width":150,"thumbnail-height":150,"medium":"https:\/\/www.visitsicily.info\/wp-content\/uploads\/2026\/09\/2026_BIC_Manifesti-concerti_70x100_6_Puritani_Bozza1_page-0005-210x300.jpg","medium-width":210,"medium-height":300,"medium_large":"https:\/\/www.visitsicily.info\/wp-content\/uploads\/2026\/09\/2026_BIC_Manifesti-concerti_70x100_6_Puritani_Bozza1_page-0005-768x1097.jpg","medium_large-width":768,"medium_large-height":1097,"large":"https:\/\/www.visitsicily.info\/wp-content\/uploads\/2026\/09\/2026_BIC_Manifesti-concerti_70x100_6_Puritani_Bozza1_page-0005-717x1024.jpg","large-width":717,"large-height":1024,"1536x1536":"https:\/\/www.visitsicily.info\/wp-content\/uploads\/2026\/09\/2026_BIC_Manifesti-concerti_70x100_6_Puritani_Bozza1_page-0005-1075x1536.jpg","1536x1536-width":1075,"1536x1536-height":1536,"2048x2048":"https:\/\/www.visitsicily.info\/wp-content\/uploads\/2026\/09\/2026_BIC_Manifesti-concerti_70x100_6_Puritani_Bozza1_page-0005-1434x2048.jpg","2048x2048-width":1434,"2048x2048-height":2048,"blog-large":"https:\/\/www.visitsicily.info\/wp-content\/uploads\/2026\/09\/2026_BIC_Manifesti-concerti_70x100_6_Puritani_Bozza1_page-0005-669x272.jpg","blog-large-width":669,"blog-large-height":272,"blog-medium":"https:\/\/www.visitsicily.info\/wp-content\/uploads\/2026\/09\/2026_BIC_Manifesti-concerti_70x100_6_Puritani_Bozza1_page-0005-320x202.jpg","blog-medium-width":320,"blog-medium-height":202,"recent-posts":"https:\/\/www.visitsicily.info\/wp-content\/uploads\/2026\/09\/2026_BIC_Manifesti-concerti_70x100_6_Puritani_Bozza1_page-0005-700x441.jpg","recent-posts-width":700,"recent-posts-height":441,"recent-works-thumbnail":"https:\/\/www.visitsicily.info\/wp-content\/uploads\/2026\/09\/2026_BIC_Manifesti-concerti_70x100_6_Puritani_Bozza1_page-0005-66x66.jpg","recent-works-thumbnail-width":66,"recent-works-thumbnail-height":66,"fusion-200":"https:\/\/www.visitsicily.info\/wp-content\/uploads\/2026\/09\/2026_BIC_Manifesti-concerti_70x100_6_Puritani_Bozza1_page-0005-200x286.jpg","fusion-200-width":200,"fusion-200-height":286,"fusion-400":"https:\/\/www.visitsicily.info\/wp-content\/uploads\/2026\/09\/2026_BIC_Manifesti-concerti_70x100_6_Puritani_Bozza1_page-0005-400x571.jpg","fusion-400-width":400,"fusion-400-height":571,"fusion-600":"https:\/\/www.visitsicily.info\/wp-content\/uploads\/2026\/09\/2026_BIC_Manifesti-concerti_70x100_6_Puritani_Bozza1_page-0005-600x857.jpg","fusion-600-width":600,"fusion-600-height":857,"fusion-800":"https:\/\/www.visitsicily.info\/wp-content\/uploads\/2026\/09\/2026_BIC_Manifesti-concerti_70x100_6_Puritani_Bozza1_page-0005-800x1143.jpg","fusion-800-width":800,"fusion-800-height":1143,"fusion-1200":"https:\/\/www.visitsicily.info\/wp-content\/uploads\/2026\/09\/2026_BIC_Manifesti-concerti_70x100_6_Puritani_Bozza1_page-0005-1200x1714.jpg","fusion-1200-width":1200,"fusion-1200-height":1714,"portfolio-full":"https:\/\/www.visitsicily.info\/wp-content\/uploads\/2026\/09\/2026_BIC_Manifesti-concerti_70x100_6_Puritani_Bozza1_page-0005-940x400.jpg","portfolio-full-width":940,"portfolio-full-height":400,"portfolio-one":"https:\/\/www.visitsicily.info\/wp-content\/uploads\/2026\/09\/2026_BIC_Manifesti-concerti_70x100_6_Puritani_Bozza1_page-0005-540x272.jpg","portfolio-one-width":540,"portfolio-one-height":272,"portfolio-two":"https:\/\/www.visitsicily.info\/wp-content\/uploads\/2026\/09\/2026_BIC_Manifesti-concerti_70x100_6_Puritani_Bozza1_page-0005-460x295.jpg","portfolio-two-width":460,"portfolio-two-height":295,"portfolio-three":"https:\/\/www.visitsicily.info\/wp-content\/uploads\/2026\/09\/2026_BIC_Manifesti-concerti_70x100_6_Puritani_Bozza1_page-0005-300x214.jpg","portfolio-three-width":300,"portfolio-three-height":214,"portfolio-five":"https:\/\/www.visitsicily.info\/wp-content\/uploads\/2026\/09\/2026_BIC_Manifesti-concerti_70x100_6_Puritani_Bozza1_page-0005-177x142.jpg","portfolio-five-width":177,"portfolio-five-height":142}}]},"yoast_head":"<!-- This site is optimized with the Yoast SEO plugin v28.1 - https:\/\/yoast.com\/product\/yoast-seo-wordpress\/ -->\n<title>Bellini International Context 2026 - Visit Sicily<\/title>\n<meta name=\"description\" content=\"Insieme per connettere eventi in Sicilia Bellini International Context 2026 \u00c9v\u00e9nements Bellini International Context 2026 - Visit Sicily\" \/>\n<meta name=\"robots\" content=\"index, follow, max-snippet:-1, max-image-preview:large, max-video-preview:-1\" \/>\n<link rel=\"canonical\" href=\"https:\/\/www.visitsicily.info\/fr\/evento-new\/bellini-international-context-2026\/\" \/>\n<meta property=\"og:locale\" content=\"fr_FR\" \/>\n<meta property=\"og:type\" content=\"article\" \/>\n<meta property=\"og:title\" content=\"Bellini International Context 2026 - Visit Sicily\" \/>\n<meta property=\"og:description\" content=\"Insieme per connettere eventi in Sicilia Bellini International Context 2026 \u00c9v\u00e9nements Bellini International Context 2026 - Visit Sicily\" \/>\n<meta property=\"og:url\" content=\"https:\/\/www.visitsicily.info\/fr\/evento-new\/bellini-international-context-2026\/\" \/>\n<meta property=\"og:site_name\" content=\"Visit Sicily\" \/>\n<meta property=\"article:publisher\" content=\"https:\/\/www.facebook.com\/visitsicily.info\/\" \/>\n<meta property=\"og:image\" content=\"https:\/\/www.visitsicily.info\/wp-content\/uploads\/2026\/09\/Banner_fb_NEW-1.jpg\" \/>\n\t<meta property=\"og:image:width\" content=\"1640\" \/>\n\t<meta property=\"og:image:height\" content=\"624\" \/>\n\t<meta property=\"og:image:type\" content=\"image\/jpeg\" \/>\n<meta name=\"twitter:card\" content=\"summary_large_image\" \/>\n<meta name=\"twitter:site\" content=\"@VisitSicilyOP\" \/>\n<meta name=\"twitter:label1\" content=\"Dur\u00e9e de lecture estim\u00e9e\" \/>\n\t<meta name=\"twitter:data1\" content=\"1 minute\" \/>\n<script type=\"application\/ld+json\" class=\"yoast-schema-graph\">{\"@context\":\"https:\\\/\\\/schema.org\",\"@graph\":[{\"@type\":\"WebPage\",\"@id\":\"https:\\\/\\\/www.visitsicily.info\\\/fr\\\/evento-new\\\/bellini-international-context-2026\\\/\",\"url\":\"https:\\\/\\\/www.visitsicily.info\\\/fr\\\/evento-new\\\/bellini-international-context-2026\\\/\",\"name\":\"Bellini International Context 2026 - Visit Sicily\",\"isPartOf\":{\"@id\":\"https:\\\/\\\/www.visitsicily.info\\\/fr\\\/#website\"},\"primaryImageOfPage\":{\"@id\":\"https:\\\/\\\/www.visitsicily.info\\\/fr\\\/evento-new\\\/bellini-international-context-2026\\\/#primaryimage\"},\"image\":{\"@id\":\"https:\\\/\\\/www.visitsicily.info\\\/fr\\\/evento-new\\\/bellini-international-context-2026\\\/#primaryimage\"},\"thumbnailUrl\":\"https:\\\/\\\/www.visitsicily.info\\\/wp-content\\\/uploads\\\/2026\\\/09\\\/Banner_fb_NEW-1.jpg\",\"datePublished\":\"2026-09-04T09:44:01+00:00\",\"description\":\"Insieme per connettere eventi in Sicilia Bellini International Context 2026 \u00c9v\u00e9nements Bellini International Context 2026 - Visit Sicily\",\"breadcrumb\":{\"@id\":\"https:\\\/\\\/www.visitsicily.info\\\/fr\\\/evento-new\\\/bellini-international-context-2026\\\/#breadcrumb\"},\"inLanguage\":\"fr-FR\",\"potentialAction\":[{\"@type\":\"ReadAction\",\"target\":[\"https:\\\/\\\/www.visitsicily.info\\\/fr\\\/evento-new\\\/bellini-international-context-2026\\\/\"]}]},{\"@type\":\"ImageObject\",\"inLanguage\":\"fr-FR\",\"@id\":\"https:\\\/\\\/www.visitsicily.info\\\/fr\\\/evento-new\\\/bellini-international-context-2026\\\/#primaryimage\",\"url\":\"https:\\\/\\\/www.visitsicily.info\\\/wp-content\\\/uploads\\\/2026\\\/09\\\/Banner_fb_NEW-1.jpg\",\"contentUrl\":\"https:\\\/\\\/www.visitsicily.info\\\/wp-content\\\/uploads\\\/2026\\\/09\\\/Banner_fb_NEW-1.jpg\",\"width\":1640,\"height\":624},{\"@type\":\"BreadcrumbList\",\"@id\":\"https:\\\/\\\/www.visitsicily.info\\\/fr\\\/evento-new\\\/bellini-international-context-2026\\\/#breadcrumb\",\"itemListElement\":[{\"@type\":\"ListItem\",\"position\":1,\"name\":\"Home\",\"item\":\"https:\\\/\\\/www.visitsicily.info\\\/fr\\\/\"},{\"@type\":\"ListItem\",\"position\":2,\"name\":\"\u00c9v\u00e9nements\",\"item\":\"https:\\\/\\\/www.visitsicily.info\\\/fr\\\/evento-new\\\/\"},{\"@type\":\"ListItem\",\"position\":3,\"name\":\"Bellini International Context 2026\"}]},{\"@type\":\"WebSite\",\"@id\":\"https:\\\/\\\/www.visitsicily.info\\\/fr\\\/#website\",\"url\":\"https:\\\/\\\/www.visitsicily.info\\\/fr\\\/\",\"name\":\"Visit Sicily\",\"description\":\"Island of art\",\"publisher\":{\"@id\":\"https:\\\/\\\/www.visitsicily.info\\\/fr\\\/#organization\"},\"potentialAction\":[{\"@type\":\"SearchAction\",\"target\":{\"@type\":\"EntryPoint\",\"urlTemplate\":\"https:\\\/\\\/www.visitsicily.info\\\/fr\\\/?s={search_term_string}\"},\"query-input\":{\"@type\":\"PropertyValueSpecification\",\"valueRequired\":true,\"valueName\":\"search_term_string\"}}],\"inLanguage\":\"fr-FR\"},{\"@type\":\"Organization\",\"@id\":\"https:\\\/\\\/www.visitsicily.info\\\/fr\\\/#organization\",\"name\":\"Regione Siciliana\",\"url\":\"https:\\\/\\\/www.visitsicily.info\\\/fr\\\/\",\"logo\":{\"@type\":\"ImageObject\",\"inLanguage\":\"fr-FR\",\"@id\":\"https:\\\/\\\/www.visitsicily.info\\\/fr\\\/#\\\/schema\\\/logo\\\/image\\\/\",\"url\":\"https:\\\/\\\/www.visitsicily.info\\\/wp-content\\\/uploads\\\/2021\\\/05\\\/regione-siciliana-logo2.png\",\"contentUrl\":\"https:\\\/\\\/www.visitsicily.info\\\/wp-content\\\/uploads\\\/2021\\\/05\\\/regione-siciliana-logo2.png\",\"width\":200,\"height\":200,\"caption\":\"Regione Siciliana\"},\"image\":{\"@id\":\"https:\\\/\\\/www.visitsicily.info\\\/fr\\\/#\\\/schema\\\/logo\\\/image\\\/\"},\"sameAs\":[\"https:\\\/\\\/www.facebook.com\\\/visitsicily.info\\\/\",\"https:\\\/\\\/x.com\\\/VisitSicilyOP\",\"https:\\\/\\\/www.instagram.com\\\/ig_visitsicily\\\/\",\"https:\\\/\\\/www.pinterest.com\\\/visitsicilyOP\\\/followers\\\/\",\"https:\\\/\\\/www.youtube.com\\\/user\\\/siciliaturismo\"]}]}<\/script>\n<!-- \/ Yoast SEO plugin. -->","yoast_head_json":{"title":"Bellini International Context 2026 - Visit Sicily","description":"Insieme per connettere eventi in Sicilia Bellini International Context 2026 \u00c9v\u00e9nements Bellini International Context 2026 - Visit Sicily","robots":{"index":"index","follow":"follow","max-snippet":"max-snippet:-1","max-image-preview":"max-image-preview:large","max-video-preview":"max-video-preview:-1"},"canonical":"https:\/\/www.visitsicily.info\/fr\/evento-new\/bellini-international-context-2026\/","og_locale":"fr_FR","og_type":"article","og_title":"Bellini International Context 2026 - Visit Sicily","og_description":"Insieme per connettere eventi in Sicilia Bellini International Context 2026 \u00c9v\u00e9nements Bellini International Context 2026 - Visit Sicily","og_url":"https:\/\/www.visitsicily.info\/fr\/evento-new\/bellini-international-context-2026\/","og_site_name":"Visit Sicily","article_publisher":"https:\/\/www.facebook.com\/visitsicily.info\/","og_image":[{"width":1640,"height":624,"url":"https:\/\/www.visitsicily.info\/wp-content\/uploads\/2026\/09\/Banner_fb_NEW-1.jpg","type":"image\/jpeg"}],"twitter_card":"summary_large_image","twitter_site":"@VisitSicilyOP","twitter_misc":{"Dur\u00e9e de lecture estim\u00e9e":"1 minute"},"schema":{"@context":"https:\/\/schema.org","@graph":[{"@type":"WebPage","@id":"https:\/\/www.visitsicily.info\/fr\/evento-new\/bellini-international-context-2026\/","url":"https:\/\/www.visitsicily.info\/fr\/evento-new\/bellini-international-context-2026\/","name":"Bellini International Context 2026 - Visit Sicily","isPartOf":{"@id":"https:\/\/www.visitsicily.info\/fr\/#website"},"primaryImageOfPage":{"@id":"https:\/\/www.visitsicily.info\/fr\/evento-new\/bellini-international-context-2026\/#primaryimage"},"image":{"@id":"https:\/\/www.visitsicily.info\/fr\/evento-new\/bellini-international-context-2026\/#primaryimage"},"thumbnailUrl":"https:\/\/www.visitsicily.info\/wp-content\/uploads\/2026\/09\/Banner_fb_NEW-1.jpg","datePublished":"2026-09-04T09:44:01+00:00","description":"Insieme per connettere eventi in Sicilia Bellini International Context 2026 \u00c9v\u00e9nements Bellini International Context 2026 - Visit Sicily","breadcrumb":{"@id":"https:\/\/www.visitsicily.info\/fr\/evento-new\/bellini-international-context-2026\/#breadcrumb"},"inLanguage":"fr-FR","potentialAction":[{"@type":"ReadAction","target":["https:\/\/www.visitsicily.info\/fr\/evento-new\/bellini-international-context-2026\/"]}]},{"@type":"ImageObject","inLanguage":"fr-FR","@id":"https:\/\/www.visitsicily.info\/fr\/evento-new\/bellini-international-context-2026\/#primaryimage","url":"https:\/\/www.visitsicily.info\/wp-content\/uploads\/2026\/09\/Banner_fb_NEW-1.jpg","contentUrl":"https:\/\/www.visitsicily.info\/wp-content\/uploads\/2026\/09\/Banner_fb_NEW-1.jpg","width":1640,"height":624},{"@type":"BreadcrumbList","@id":"https:\/\/www.visitsicily.info\/fr\/evento-new\/bellini-international-context-2026\/#breadcrumb","itemListElement":[{"@type":"ListItem","position":1,"name":"Home","item":"https:\/\/www.visitsicily.info\/fr\/"},{"@type":"ListItem","position":2,"name":"\u00c9v\u00e9nements","item":"https:\/\/www.visitsicily.info\/fr\/evento-new\/"},{"@type":"ListItem","position":3,"name":"Bellini International Context 2026"}]},{"@type":"WebSite","@id":"https:\/\/www.visitsicily.info\/fr\/#website","url":"https:\/\/www.visitsicily.info\/fr\/","name":"Visit Sicily","description":"Island of art","publisher":{"@id":"https:\/\/www.visitsicily.info\/fr\/#organization"},"potentialAction":[{"@type":"SearchAction","target":{"@type":"EntryPoint","urlTemplate":"https:\/\/www.visitsicily.info\/fr\/?s={search_term_string}"},"query-input":{"@type":"PropertyValueSpecification","valueRequired":true,"valueName":"search_term_string"}}],"inLanguage":"fr-FR"},{"@type":"Organization","@id":"https:\/\/www.visitsicily.info\/fr\/#organization","name":"Regione Siciliana","url":"https:\/\/www.visitsicily.info\/fr\/","logo":{"@type":"ImageObject","inLanguage":"fr-FR","@id":"https:\/\/www.visitsicily.info\/fr\/#\/schema\/logo\/image\/","url":"https:\/\/www.visitsicily.info\/wp-content\/uploads\/2021\/05\/regione-siciliana-logo2.png","contentUrl":"https:\/\/www.visitsicily.info\/wp-content\/uploads\/2021\/05\/regione-siciliana-logo2.png","width":200,"height":200,"caption":"Regione Siciliana"},"image":{"@id":"https:\/\/www.visitsicily.info\/fr\/#\/schema\/logo\/image\/"},"sameAs":["https:\/\/www.facebook.com\/visitsicily.info\/","https:\/\/x.com\/VisitSicilyOP","https:\/\/www.instagram.com\/ig_visitsicily\/","https:\/\/www.pinterest.com\/visitsicilyOP\/followers\/","https:\/\/www.youtube.com\/user\/siciliaturismo"]}]}},"_links":{"self":[{"href":"https:\/\/www.visitsicily.info\/fr\/wp-json\/wp\/v2\/evento-new\/117675","targetHints":{"allow":["GET"]}}],"collection":[{"href":"https:\/\/www.visitsicily.info\/fr\/wp-json\/wp\/v2\/evento-new"}],"about":[{"href":"https:\/\/www.visitsicily.info\/fr\/wp-json\/wp\/v2\/types\/evento-new"}],"wp:featuredmedia":[{"embeddable":true,"href":"https:\/\/www.visitsicily.info\/fr\/wp-json\/wp\/v2\/media\/117678"}],"wp:attachment":[{"href":"https:\/\/www.visitsicily.info\/fr\/wp-json\/wp\/v2\/media?parent=117675"}],"wp:term":[{"taxonomy":"category","embeddable":true,"href":"https:\/\/www.visitsicily.info\/fr\/wp-json\/wp\/v2\/categories?post=117675"},{"taxonomy":"luogo","embeddable":true,"href":"https:\/\/www.visitsicily.info\/fr\/wp-json\/wp\/v2\/luogo?post=117675"}],"curies":[{"name":"wp","href":"https:\/\/api.w.org\/{rel}","templated":true}]}}