{"id":114665,"date":"2026-04-30T12:07:31","date_gmt":"2026-04-30T10:07:31","guid":{"rendered":"https:\/\/www.visitsicily.info\/?post_type=evento-new&#038;p=114665"},"modified":"2026-04-30T12:07:31","modified_gmt":"2026-04-30T10:07:31","slug":"festival-international-des-cerfs-volants-2026","status":"publish","type":"evento-new","link":"https:\/\/www.visitsicily.info\/fr\/evento-new\/festival-international-des-cerfs-volants-2026\/","title":{"rendered":"Festival international des cerfs-volants 2026"},"content":{"rendered":"","protected":false},"featured_media":114662,"template":"","categories":[2130,2143],"luogo":[3096],"class_list":["post-114665","evento-new","type-evento-new","status-publish","has-post-thumbnail","hentry","category-evento-fr","category-festival-fr","luogo-san-vito-lo-capo-fr"],"acf":{"galleria":false,"contatti_organizzatore":"","email_organizzatore":"info@festivalaquiloni.it","pagina_social":"https:\/\/www.facebook.com\/festivalaquiloni","url":"https:\/\/www.festivalaquiloni.biz\/index1.html","dataora_fine":"24\/05\/2026 00:00","dataora_inizio":"20\/05\/2026 00:00","sottotitolo":"","titolo_paragrafo_1":"D\u00e9tail","paragrafo_1":"<p><strong>Du 20 au 24 mai 2026<\/strong>, <strong>San Vito Lo Capo<\/strong>, surplombant la mer cristalline de la c\u00f4te de Trapani, accueille la XVIe \u00e9dition du <strong>Festival international des cerfs-volants<\/strong>, l&#8217;un des \u00e9v\u00e9nements les plus suggestifs et les plus attendus de la saison printani\u00e8re sicilienne. Con\u00e7u par Ignazio Billera et organis\u00e9 par la municipalit\u00e9 de San Vito Lo Capo, le festival transforme le ciel de ce village de p\u00eacheurs en une mosa\u00efque de couleurs, de formes et de mouvements, avec la participation de cerf-volistes venus du monde entier.<\/p>\n<p>Entre le profil du Monte Monaco et le bleu de la M\u00e9diterran\u00e9e, des dizaines de cerfs-volants acrobatiques, g\u00e9ants et artistiques s\u2019\u00e9l\u00e8vent dans les airs, offrant un spectacle capable d\u2019enchanter les visiteurs de tous \u00e2ges. Outre les d\u00e9monstrations, l\u2019\u00e9v\u00e9nement propose des ateliers cr\u00e9atifs, des activit\u00e9s p\u00e9dagogiques, des moments de divertissement et la <em>\u00ab Salon du vent \u00bb<\/em>, avec des produits artisanaux et des sp\u00e9cialit\u00e9s locales.<\/p>\n<p>Le point culminant est la <em>Nuit des cerfs-volants lumineux<\/em>, lorsque lumi\u00e8res et musique animent le ciel dans une atmosph\u00e8re magique. Le <strong>Festival international des cerfs-volants<\/strong> inaugure ainsi la saison estivale de <strong>San Vito Lo Capo<\/strong>, c\u00e9l\u00e9brant le vent comme \u00e9l\u00e9ment de jeu, d\u2019art et de partage.<\/p>\n","localizzazione":"<div class=\"leaflet-map\" data-height=\"400\" data-map=\"leaflet\" data-map-lng=\"12.7331543\" data-map-lat=\"38.1691141\" data-map-zoom=\"7\" data-map-layers=\"[&quot;CartoDB.Voyager&quot;]\" data-map-markers=\"[{&quot;label&quot;:&quot;91030 San Vito Lo Capo, Sicilia Italia&quot;,&quot;default_label&quot;:&quot;91030 San Vito Lo Capo, Sicilia Italia&quot;,&quot;lat&quot;:38.172347000000002,&quot;lng&quot;:12.734932000000001,&quot;geocode&quot;:[{&quot;name&quot;:&quot;San Vito Lo Capo, Trapani, Sicilia, 91030, Italia&quot;,&quot;html&quot;:&quot;91030 San Vito Lo Capo, Sicilia Italia&quot;,&quot;bbox&quot;:{&quot;_southWest&quot;:{&quot;lat&quot;:38.058213299999998,&quot;lng&quot;:12.7106899},&quot;_northEast&quot;:{&quot;lat&quot;:38.189637599999998,&quot;lng&quot;:12.811318}},&quot;center&quot;:{&quot;lat&quot;:38.172347000000002,&quot;lng&quot;:12.734932000000001},&quot;properties&quot;:{&quot;place_id&quot;:48998790,&quot;licence&quot;:&quot;Data \\u00a9 OpenStreetMap contributors, ODbL 1.0. http:\\\/\\\/osm.org\\\/copyright&quot;,&quot;osm_type&quot;:&quot;relation&quot;,&quot;osm_id&quot;:39528,&quot;lat&quot;:&quot;38.1723470&quot;,&quot;lon&quot;:&quot;12.7349320&quot;,&quot;class&quot;:&quot;boundary&quot;,&quot;type&quot;:&quot;administrative&quot;,&quot;place_rank&quot;:16,&quot;importance&quot;:0.45239258296383839,&quot;addresstype&quot;:&quot;village&quot;,&quot;name&quot;:&quot;San Vito Lo Capo&quot;,&quot;display_name&quot;:&quot;San Vito Lo Capo, Trapani, Sicilia, 91030, Italia&quot;,&quot;address&quot;:{&quot;village&quot;:&quot;San Vito Lo Capo&quot;,&quot;county&quot;:&quot;Trapani&quot;,&quot;ISO3166-2-lvl6&quot;:&quot;IT-TP&quot;,&quot;state&quot;:&quot;Sicilia&quot;,&quot;ISO3166-2-lvl4&quot;:&quot;IT-82&quot;,&quot;postcode&quot;:&quot;91030&quot;,&quot;country&quot;:&quot;Italia&quot;,&quot;country_code&quot;:&quot;it&quot;,&quot;building&quot;:&quot;&quot;,&quot;road&quot;:&quot;&quot;,&quot;house_number&quot;:&quot;&quot;,&quot;city&quot;:&quot;&quot;,&quot;town&quot;:&quot;&quot;,&quot;hamlet&quot;:&quot;&quot;},&quot;boundingbox&quot;:[38.058213299999998,38.189637599999998,12.7106899,12.811318]}}],&quot;uuid&quot;:&quot;marker_69f3280543b22&quot;}]\"><\/div>\n"},"yoast_head":"<!-- This site is optimized with the Yoast SEO plugin v27.2 - https:\/\/yoast.com\/product\/yoast-seo-wordpress\/ -->\n<title>Festival international des cerfs-volants 2026 - Visit Sicily<\/title>\n<meta name=\"description\" content=\"Insieme per connettere eventi in Sicilia Festival international des cerfs-volants 2026 \u00c9v\u00e9nements Festival international des cerfs-volants 2026 - Visit Sicily\" \/>\n<meta name=\"robots\" content=\"index, follow, max-snippet:-1, max-image-preview:large, max-video-preview:-1\" \/>\n<link rel=\"canonical\" href=\"https:\/\/www.visitsicily.info\/fr\/evento-new\/festival-international-des-cerfs-volants-2026\/\" \/>\n<meta property=\"og:locale\" content=\"fr_FR\" \/>\n<meta property=\"og:type\" content=\"article\" \/>\n<meta property=\"og:title\" content=\"Festival international des cerfs-volants 2026 - Visit Sicily\" \/>\n<meta property=\"og:description\" content=\"Insieme per connettere eventi in Sicilia Festival international des cerfs-volants 2026 \u00c9v\u00e9nements Festival international des cerfs-volants 2026 - Visit Sicily\" \/>\n<meta property=\"og:url\" content=\"https:\/\/www.visitsicily.info\/fr\/evento-new\/festival-international-des-cerfs-volants-2026\/\" \/>\n<meta property=\"og:site_name\" content=\"Visit Sicily\" \/>\n<meta property=\"article:publisher\" content=\"https:\/\/www.facebook.com\/visitsicily.info\/\" \/>\n<meta property=\"og:image\" content=\"https:\/\/www.visitsicily.info\/wp-content\/uploads\/2026\/04\/Festival-Internazionale-degli-Aquiloni.jpg\" \/>\n\t<meta property=\"og:image:width\" content=\"720\" \/>\n\t<meta property=\"og:image:height\" content=\"347\" \/>\n\t<meta property=\"og:image:type\" content=\"image\/jpeg\" \/>\n<meta name=\"twitter:card\" content=\"summary_large_image\" \/>\n<meta name=\"twitter:site\" content=\"@VisitSicilyOP\" \/>\n<meta name=\"twitter:label1\" content=\"Dur\u00e9e de lecture estim\u00e9e\" \/>\n\t<meta name=\"twitter:data1\" content=\"1 minute\" \/>\n<script type=\"application\/ld+json\" class=\"yoast-schema-graph\">{\"@context\":\"https:\/\/schema.org\",\"@graph\":[{\"@type\":\"WebPage\",\"@id\":\"https:\/\/www.visitsicily.info\/fr\/evento-new\/festival-international-des-cerfs-volants-2026\/\",\"url\":\"https:\/\/www.visitsicily.info\/fr\/evento-new\/festival-international-des-cerfs-volants-2026\/\",\"name\":\"Festival international des cerfs-volants 2026 - Visit Sicily\",\"isPartOf\":{\"@id\":\"https:\/\/www.visitsicily.info\/fr\/#website\"},\"primaryImageOfPage\":{\"@id\":\"https:\/\/www.visitsicily.info\/fr\/evento-new\/festival-international-des-cerfs-volants-2026\/#primaryimage\"},\"image\":{\"@id\":\"https:\/\/www.visitsicily.info\/fr\/evento-new\/festival-international-des-cerfs-volants-2026\/#primaryimage\"},\"thumbnailUrl\":\"https:\/\/www.visitsicily.info\/wp-content\/uploads\/2026\/04\/Festival-Internazionale-degli-Aquiloni.jpg\",\"datePublished\":\"2026-04-30T10:07:31+00:00\",\"description\":\"Insieme per connettere eventi in Sicilia Festival international des cerfs-volants 2026 \u00c9v\u00e9nements Festival international des cerfs-volants 2026 - Visit Sicily\",\"breadcrumb\":{\"@id\":\"https:\/\/www.visitsicily.info\/fr\/evento-new\/festival-international-des-cerfs-volants-2026\/#breadcrumb\"},\"inLanguage\":\"fr-FR\",\"potentialAction\":[{\"@type\":\"ReadAction\",\"target\":[\"https:\/\/www.visitsicily.info\/fr\/evento-new\/festival-international-des-cerfs-volants-2026\/\"]}]},{\"@type\":\"ImageObject\",\"inLanguage\":\"fr-FR\",\"@id\":\"https:\/\/www.visitsicily.info\/fr\/evento-new\/festival-international-des-cerfs-volants-2026\/#primaryimage\",\"url\":\"https:\/\/www.visitsicily.info\/wp-content\/uploads\/2026\/04\/Festival-Internazionale-degli-Aquiloni.jpg\",\"contentUrl\":\"https:\/\/www.visitsicily.info\/wp-content\/uploads\/2026\/04\/Festival-Internazionale-degli-Aquiloni.jpg\",\"width\":720,\"height\":347},{\"@type\":\"BreadcrumbList\",\"@id\":\"https:\/\/www.visitsicily.info\/fr\/evento-new\/festival-international-des-cerfs-volants-2026\/#breadcrumb\",\"itemListElement\":[{\"@type\":\"ListItem\",\"position\":1,\"name\":\"Home\",\"item\":\"https:\/\/www.visitsicily.info\/fr\/\"},{\"@type\":\"ListItem\",\"position\":2,\"name\":\"\u00c9v\u00e9nements\",\"item\":\"https:\/\/www.visitsicily.info\/fr\/evento-new\/\"},{\"@type\":\"ListItem\",\"position\":3,\"name\":\"Festival international des cerfs-volants 2026\"}]},{\"@type\":\"WebSite\",\"@id\":\"https:\/\/www.visitsicily.info\/fr\/#website\",\"url\":\"https:\/\/www.visitsicily.info\/fr\/\",\"name\":\"Visit Sicily\",\"description\":\"Island of art\",\"publisher\":{\"@id\":\"https:\/\/www.visitsicily.info\/fr\/#organization\"},\"potentialAction\":[{\"@type\":\"SearchAction\",\"target\":{\"@type\":\"EntryPoint\",\"urlTemplate\":\"https:\/\/www.visitsicily.info\/fr\/?s={search_term_string}\"},\"query-input\":{\"@type\":\"PropertyValueSpecification\",\"valueRequired\":true,\"valueName\":\"search_term_string\"}}],\"inLanguage\":\"fr-FR\"},{\"@type\":\"Organization\",\"@id\":\"https:\/\/www.visitsicily.info\/fr\/#organization\",\"name\":\"Regione Siciliana\",\"url\":\"https:\/\/www.visitsicily.info\/fr\/\",\"logo\":{\"@type\":\"ImageObject\",\"inLanguage\":\"fr-FR\",\"@id\":\"https:\/\/www.visitsicily.info\/fr\/#\/schema\/logo\/image\/\",\"url\":\"https:\/\/www.visitsicily.info\/wp-content\/uploads\/2021\/05\/regione-siciliana-logo2.png\",\"contentUrl\":\"https:\/\/www.visitsicily.info\/wp-content\/uploads\/2021\/05\/regione-siciliana-logo2.png\",\"width\":200,\"height\":200,\"caption\":\"Regione Siciliana\"},\"image\":{\"@id\":\"https:\/\/www.visitsicily.info\/fr\/#\/schema\/logo\/image\/\"},\"sameAs\":[\"https:\/\/www.facebook.com\/visitsicily.info\/\",\"https:\/\/x.com\/VisitSicilyOP\",\"https:\/\/www.instagram.com\/ig_visitsicily\/\",\"https:\/\/www.pinterest.com\/visitsicilyOP\/followers\/\",\"https:\/\/www.youtube.com\/user\/siciliaturismo\"]}]}<\/script>\n<!-- \/ Yoast SEO plugin. -->","yoast_head_json":{"title":"Festival international des cerfs-volants 2026 - Visit Sicily","description":"Insieme per connettere eventi in Sicilia Festival international des cerfs-volants 2026 \u00c9v\u00e9nements Festival international des cerfs-volants 2026 - Visit Sicily","robots":{"index":"index","follow":"follow","max-snippet":"max-snippet:-1","max-image-preview":"max-image-preview:large","max-video-preview":"max-video-preview:-1"},"canonical":"https:\/\/www.visitsicily.info\/fr\/evento-new\/festival-international-des-cerfs-volants-2026\/","og_locale":"fr_FR","og_type":"article","og_title":"Festival international des cerfs-volants 2026 - Visit Sicily","og_description":"Insieme per connettere eventi in Sicilia Festival international des cerfs-volants 2026 \u00c9v\u00e9nements Festival international des cerfs-volants 2026 - Visit Sicily","og_url":"https:\/\/www.visitsicily.info\/fr\/evento-new\/festival-international-des-cerfs-volants-2026\/","og_site_name":"Visit Sicily","article_publisher":"https:\/\/www.facebook.com\/visitsicily.info\/","og_image":[{"width":720,"height":347,"url":"https:\/\/www.visitsicily.info\/wp-content\/uploads\/2026\/04\/Festival-Internazionale-degli-Aquiloni.jpg","type":"image\/jpeg"}],"twitter_card":"summary_large_image","twitter_site":"@VisitSicilyOP","twitter_misc":{"Dur\u00e9e de lecture estim\u00e9e":"1 minute"},"schema":{"@context":"https:\/\/schema.org","@graph":[{"@type":"WebPage","@id":"https:\/\/www.visitsicily.info\/fr\/evento-new\/festival-international-des-cerfs-volants-2026\/","url":"https:\/\/www.visitsicily.info\/fr\/evento-new\/festival-international-des-cerfs-volants-2026\/","name":"Festival international des cerfs-volants 2026 - Visit Sicily","isPartOf":{"@id":"https:\/\/www.visitsicily.info\/fr\/#website"},"primaryImageOfPage":{"@id":"https:\/\/www.visitsicily.info\/fr\/evento-new\/festival-international-des-cerfs-volants-2026\/#primaryimage"},"image":{"@id":"https:\/\/www.visitsicily.info\/fr\/evento-new\/festival-international-des-cerfs-volants-2026\/#primaryimage"},"thumbnailUrl":"https:\/\/www.visitsicily.info\/wp-content\/uploads\/2026\/04\/Festival-Internazionale-degli-Aquiloni.jpg","datePublished":"2026-04-30T10:07:31+00:00","description":"Insieme per connettere eventi in Sicilia Festival international des cerfs-volants 2026 \u00c9v\u00e9nements Festival international des cerfs-volants 2026 - Visit Sicily","breadcrumb":{"@id":"https:\/\/www.visitsicily.info\/fr\/evento-new\/festival-international-des-cerfs-volants-2026\/#breadcrumb"},"inLanguage":"fr-FR","potentialAction":[{"@type":"ReadAction","target":["https:\/\/www.visitsicily.info\/fr\/evento-new\/festival-international-des-cerfs-volants-2026\/"]}]},{"@type":"ImageObject","inLanguage":"fr-FR","@id":"https:\/\/www.visitsicily.info\/fr\/evento-new\/festival-international-des-cerfs-volants-2026\/#primaryimage","url":"https:\/\/www.visitsicily.info\/wp-content\/uploads\/2026\/04\/Festival-Internazionale-degli-Aquiloni.jpg","contentUrl":"https:\/\/www.visitsicily.info\/wp-content\/uploads\/2026\/04\/Festival-Internazionale-degli-Aquiloni.jpg","width":720,"height":347},{"@type":"BreadcrumbList","@id":"https:\/\/www.visitsicily.info\/fr\/evento-new\/festival-international-des-cerfs-volants-2026\/#breadcrumb","itemListElement":[{"@type":"ListItem","position":1,"name":"Home","item":"https:\/\/www.visitsicily.info\/fr\/"},{"@type":"ListItem","position":2,"name":"\u00c9v\u00e9nements","item":"https:\/\/www.visitsicily.info\/fr\/evento-new\/"},{"@type":"ListItem","position":3,"name":"Festival international des cerfs-volants 2026"}]},{"@type":"WebSite","@id":"https:\/\/www.visitsicily.info\/fr\/#website","url":"https:\/\/www.visitsicily.info\/fr\/","name":"Visit Sicily","description":"Island of art","publisher":{"@id":"https:\/\/www.visitsicily.info\/fr\/#organization"},"potentialAction":[{"@type":"SearchAction","target":{"@type":"EntryPoint","urlTemplate":"https:\/\/www.visitsicily.info\/fr\/?s={search_term_string}"},"query-input":{"@type":"PropertyValueSpecification","valueRequired":true,"valueName":"search_term_string"}}],"inLanguage":"fr-FR"},{"@type":"Organization","@id":"https:\/\/www.visitsicily.info\/fr\/#organization","name":"Regione Siciliana","url":"https:\/\/www.visitsicily.info\/fr\/","logo":{"@type":"ImageObject","inLanguage":"fr-FR","@id":"https:\/\/www.visitsicily.info\/fr\/#\/schema\/logo\/image\/","url":"https:\/\/www.visitsicily.info\/wp-content\/uploads\/2021\/05\/regione-siciliana-logo2.png","contentUrl":"https:\/\/www.visitsicily.info\/wp-content\/uploads\/2021\/05\/regione-siciliana-logo2.png","width":200,"height":200,"caption":"Regione Siciliana"},"image":{"@id":"https:\/\/www.visitsicily.info\/fr\/#\/schema\/logo\/image\/"},"sameAs":["https:\/\/www.facebook.com\/visitsicily.info\/","https:\/\/x.com\/VisitSicilyOP","https:\/\/www.instagram.com\/ig_visitsicily\/","https:\/\/www.pinterest.com\/visitsicilyOP\/followers\/","https:\/\/www.youtube.com\/user\/siciliaturismo"]}]}},"_links":{"self":[{"href":"https:\/\/www.visitsicily.info\/fr\/wp-json\/wp\/v2\/evento-new\/114665","targetHints":{"allow":["GET"]}}],"collection":[{"href":"https:\/\/www.visitsicily.info\/fr\/wp-json\/wp\/v2\/evento-new"}],"about":[{"href":"https:\/\/www.visitsicily.info\/fr\/wp-json\/wp\/v2\/types\/evento-new"}],"wp:featuredmedia":[{"embeddable":true,"href":"https:\/\/www.visitsicily.info\/fr\/wp-json\/wp\/v2\/media\/114662"}],"wp:attachment":[{"href":"https:\/\/www.visitsicily.info\/fr\/wp-json\/wp\/v2\/media?parent=114665"}],"wp:term":[{"taxonomy":"category","embeddable":true,"href":"https:\/\/www.visitsicily.info\/fr\/wp-json\/wp\/v2\/categories?post=114665"},{"taxonomy":"luogo","embeddable":true,"href":"https:\/\/www.visitsicily.info\/fr\/wp-json\/wp\/v2\/luogo?post=114665"}],"curies":[{"name":"wp","href":"https:\/\/api.w.org\/{rel}","templated":true}]}}