{"id":64133,"date":"2022-06-09T16:42:14","date_gmt":"2022-06-09T14:42:14","guid":{"rendered":"https:\/\/www.visitsicily.info\/sapore\/almendra-de-avola-reina-del-sabor\/"},"modified":"2025-05-07T09:54:24","modified_gmt":"2025-05-07T07:54:24","slug":"almendra-de-avola-reina-del-sabor","status":"publish","type":"sapore","link":"https:\/\/www.visitsicily.info\/es\/sapore\/almendra-de-avola-reina-del-sabor\/","title":{"rendered":"Almendra de \u00c1vola, reina del sabor"},"content":{"rendered":"<div class=\"fusion-fullwidth fullwidth-box fusion-builder-row-1 fusion-flex-container nonhundred-percent-fullwidth non-hundred-percent-height-scrolling\" style=\"--awb-border-radius-top-left:0px;--awb-border-radius-top-right:0px;--awb-border-radius-bottom-right:0px;--awb-border-radius-bottom-left:0px;--awb-flex-wrap:wrap;\" ><div class=\"fusion-builder-row fusion-row fusion-flex-align-items-flex-start fusion-flex-content-wrap\" style=\"max-width:1248px;margin-left: calc(-4% \/ 2 );margin-right: calc(-4% \/ 2 );\"><div class=\"fusion-layout-column fusion_builder_column fusion-builder-column-0 fusion_builder_column_1_1 1_1 fusion-flex-column\" style=\"--awb-bg-size:cover;--awb-width-large:100%;--awb-margin-top-large:0px;--awb-spacing-right-large:1.92%;--awb-margin-bottom-large:0px;--awb-spacing-left-large:1.92%;--awb-width-medium:100%;--awb-spacing-right-medium:1.92%;--awb-spacing-left-medium:1.92%;--awb-width-small:100%;--awb-spacing-right-small:1.92%;--awb-spacing-left-small:1.92%;\"><div class=\"fusion-column-wrapper fusion-flex-justify-content-flex-start fusion-content-layout-column\"><div class=\"fusion-text fusion-text-1\"><p>El testimonio m\u00e1s tangible de la importancia de la almendricultura en la historia econ\u00f3mica de la ciudad de \u00c1vola est\u00e1 representado por las <strong>numerosas y cualificadas empresas<\/strong> que operan en el sector de la elaboraci\u00f3n, transformaci\u00f3n y comercializaci\u00f3n de este producto siciliano que, gracias a sus peculiaridades \u00fanicas, ha conquistado el mercado nacional y extranjero.<\/p>\n<p>El empleo de la almendra de \u00c1vola para la <strong>preparaci\u00f3n de dulces<\/strong> tiene unas profundas y vastas ra\u00edces. As\u00ed, en cualquier lugar de Sicilia, este exquisito fruto es la base fundamental para la realizaci\u00f3n de dulces t\u00edpicos como el <strong>mazap\u00e1n, <a href=\"https:\/\/www.visitsicily.info\/ricetta\/la-frutta-martorana\/\" target=\"_blank\" rel=\"noopener\">la fruta martorana<\/a>, el turr\u00f3n, la cubbaita, <a href=\"https:\/\/www.visitsicily.info\/ricetta\/cassata-siciliana\/\" target=\"_blank\" rel=\"noopener\">la cassata<\/a>, las galletas de almendra, la leche de almendra, <a href=\"https:\/\/www.visitsicily.info\/granita-siciliana\/\" target=\"_blank\" rel=\"noopener\">el granizado de almendras<\/a> o <\/strong>el pud\u00edn de almendras, tambi\u00e9n conocido como <a href=\"https:\/\/www.visitsicily.info\/sapore\/la-merenda-della-nonna\/\" target=\"_blank\" rel=\"noopener\"><strong>biancomangiare (manjar blanco)<\/strong><\/a>.<\/p>\n<p>La almendra m\u00e1s utilizada en confiter\u00eda es, sin duda, la <em>Pizzuta de \u00c1vola<\/em>. Su forma ovalada fue ensalzada por Leonardo Sciascia, que la compar\u00f3 con el rostro ovalado perfecto de La Virgen de la Anunciaci\u00f3n de Antonello da Messina.<\/p>\n<p>Sin la adici\u00f3n de otros ingredientes, el az\u00facar se moldea a la perfecci\u00f3n sobre las almendras. Las peladillas que de \u00e9l se derivan, tambi\u00e9n por las reconocidas cualidades organol\u00e9pticas de las almendras utilizadas, constituyen un producto excelente y de gran demanda en el mercado nacional e internacional. Es interesante saber que, por ejemplo, en Par\u00eds las peladillas de almendra se llaman \u00abavol\u00e0\u00bb y en R\u00e1vena y alrededores \u00abavul\u00e0n\u00bb.<\/p>\n<p>Tambi\u00e9n tenemos una curiosidad digna de una revista del coraz\u00f3n. Para la boda de Harry y Meghan, la realeza eligi\u00f3 peladillas italianas producidas con almendras de \u00c1vola. Una elecci\u00f3n heredada para la nueva pareja real, porque las peladillas elegidas por Carlo y Diana y por Kate y William, de hecho, tambi\u00e9n estaban hechas con almendras de \u00c1vola. Harry y Meghan optaron por el dulce cl\u00e1sico blanco, elaborado exclusivamente con az\u00facar y almendras de \u00c1vola enteras.<\/p>\n<p>Si te encuentras en la zona, debes visitar el <a href=\"https:\/\/museodellamandorladiavola.wordpress.com\/\" target=\"_blank\" rel=\"noopener noreferrer\">Museo de la Almendra de \u00c1vola<\/a>.<\/p>\n<\/div><\/div><\/div><\/div><\/div>\n","protected":false},"featured_media":52742,"template":"","categories":[2090,1996,2021,2006],"luogo":[2952],"stagione":[2066,2064,2067,2065],"class_list":["post-64133","sapore","type-sapore","status-publish","has-post-thumbnail","hentry","category-sapori-pagina-principale-es","category-sapori-da-non-perdere-es","category-territorio-es","category-tradizioni-vive-es","luogo-siracusa-es","stagione-invierno","stagione-otono","stagione-primavera-es","stagione-verano"],"acf":{"galleria":false,"paragrafo_1":"<p>La <strong>almendra de \u00c1vola<\/strong> tiene or\u00edgenes ancestrales y su cultivo, junto con los vi\u00f1edos y los limoneros, caracteriza el territorio avol\u00e9s. \u00a1<\/p>\n<p>En los primeros d\u00edas de febrero, la floraci\u00f3n de los almendros es un espect\u00e1culo que no debes perderte!<\/p>\n<p>En la primera mitad del siglo XX, el cultivo de almendras era el sector l\u00edder de las actividades econ\u00f3micas de la ciudad de \u00c1vola. Ya en el siglo XIX, el bot\u00e1nico Giuseppe Bianca (\u00c1vola, 1801-1883) hab\u00eda estudiado las variedades presentes en la zona e incentivado la producci\u00f3n de cultivos de c\u00e1scara dura, como la <em>Pizzuta, Fascionello y Romana<\/em>. Hoy la variedad m\u00e1s cultivada es la <em>Pizzuta<\/em>, un excelente producto de inimitables cualidades organol\u00e9pticas apreciado en todo el mundo.<\/p>\n","titolo_paragrafo_1":"Detalles","localizzazione":"<div class=\"leaflet-map\" data-height=\"400\" data-map=\"leaflet\" data-map-lng=\"14.1943359\" data-map-lat=\"37.3701572\" data-map-zoom=\"7\" data-map-layers=\"[&quot;CartoDB.Voyager&quot;]\" data-map-markers=\"[{&quot;label&quot;:&quot;Avola&quot;,&quot;default_label&quot;:&quot;96011 Avola, Sicilia Italia&quot;,&quot;lat&quot;:36.9242311,&quot;lng&quot;:15.1209259}]\"><\/div>\n","sottotitolo":""},"yoast_head":"<!-- This site is optimized with the Yoast SEO plugin v27.2 - https:\/\/yoast.com\/product\/yoast-seo-wordpress\/ -->\n<title>Almendra de \u00c1vola, reina del sabor - Visit Sicily<\/title>\n<meta name=\"description\" content=\"La almendra de \u00c1vola tiene or\u00edgenes ancestrales y su cultivo, junto con los vi\u00f1edos y los limoneros, caracteriza el territorio avol\u00e9s. \u00a1\" \/>\n<meta name=\"robots\" content=\"index, follow, max-snippet:-1, max-image-preview:large, max-video-preview:-1\" \/>\n<link rel=\"canonical\" href=\"https:\/\/www.visitsicily.info\/es\/sapore\/almendra-de-avola-reina-del-sabor\/\" \/>\n<meta property=\"og:locale\" content=\"es_ES\" \/>\n<meta property=\"og:type\" content=\"article\" \/>\n<meta property=\"og:title\" content=\"Almendra de \u00c1vola, reina del sabor - Visit Sicily\" \/>\n<meta property=\"og:description\" content=\"La almendra de \u00c1vola tiene or\u00edgenes ancestrales y su cultivo, junto con los vi\u00f1edos y los limoneros, caracteriza el territorio avol\u00e9s. \u00a1\" \/>\n<meta property=\"og:url\" content=\"https:\/\/www.visitsicily.info\/es\/sapore\/almendra-de-avola-reina-del-sabor\/\" \/>\n<meta property=\"og:site_name\" content=\"Visit Sicily\" \/>\n<meta property=\"article:publisher\" content=\"https:\/\/www.facebook.com\/visitsicily.info\/\" \/>\n<meta property=\"article:modified_time\" content=\"2025-05-07T07:54:24+00:00\" \/>\n<meta property=\"og:image\" content=\"https:\/\/www.visitsicily.info\/wp-content\/uploads\/2020\/10\/DSCF0028.jpg\" \/>\n\t<meta property=\"og:image:width\" content=\"2201\" \/>\n\t<meta property=\"og:image:height\" content=\"1654\" \/>\n\t<meta property=\"og:image:type\" content=\"image\/jpeg\" \/>\n<meta name=\"twitter:card\" content=\"summary_large_image\" \/>\n<meta name=\"twitter:site\" content=\"@VisitSicilyOP\" \/>\n<meta name=\"twitter:label1\" content=\"Tiempo de lectura\" \/>\n\t<meta name=\"twitter:data1\" content=\"2 minutos\" \/>\n<script type=\"application\/ld+json\" class=\"yoast-schema-graph\">{\"@context\":\"https:\/\/schema.org\",\"@graph\":[{\"@type\":\"WebPage\",\"@id\":\"https:\/\/www.visitsicily.info\/es\/sapore\/almendra-de-avola-reina-del-sabor\/\",\"url\":\"https:\/\/www.visitsicily.info\/es\/sapore\/almendra-de-avola-reina-del-sabor\/\",\"name\":\"Almendra de \u00c1vola, reina del sabor - Visit Sicily\",\"isPartOf\":{\"@id\":\"https:\/\/www.visitsicily.info\/es\/#website\"},\"primaryImageOfPage\":{\"@id\":\"https:\/\/www.visitsicily.info\/es\/sapore\/almendra-de-avola-reina-del-sabor\/#primaryimage\"},\"image\":{\"@id\":\"https:\/\/www.visitsicily.info\/es\/sapore\/almendra-de-avola-reina-del-sabor\/#primaryimage\"},\"thumbnailUrl\":\"https:\/\/www.visitsicily.info\/wp-content\/uploads\/2020\/10\/DSCF0028.jpg\",\"datePublished\":\"2022-06-09T14:42:14+00:00\",\"dateModified\":\"2025-05-07T07:54:24+00:00\",\"description\":\"La almendra de \u00c1vola tiene or\u00edgenes ancestrales y su cultivo, junto con los vi\u00f1edos y los limoneros, caracteriza el territorio avol\u00e9s. \u00a1\",\"breadcrumb\":{\"@id\":\"https:\/\/www.visitsicily.info\/es\/sapore\/almendra-de-avola-reina-del-sabor\/#breadcrumb\"},\"inLanguage\":\"es\",\"potentialAction\":[{\"@type\":\"ReadAction\",\"target\":[\"https:\/\/www.visitsicily.info\/es\/sapore\/almendra-de-avola-reina-del-sabor\/\"]}]},{\"@type\":\"ImageObject\",\"inLanguage\":\"es\",\"@id\":\"https:\/\/www.visitsicily.info\/es\/sapore\/almendra-de-avola-reina-del-sabor\/#primaryimage\",\"url\":\"https:\/\/www.visitsicily.info\/wp-content\/uploads\/2020\/10\/DSCF0028.jpg\",\"contentUrl\":\"https:\/\/www.visitsicily.info\/wp-content\/uploads\/2020\/10\/DSCF0028.jpg\",\"width\":2201,\"height\":1654,\"caption\":\"ph. P. Barone\"},{\"@type\":\"BreadcrumbList\",\"@id\":\"https:\/\/www.visitsicily.info\/es\/sapore\/almendra-de-avola-reina-del-sabor\/#breadcrumb\",\"itemListElement\":[{\"@type\":\"ListItem\",\"position\":1,\"name\":\"Home\",\"item\":\"https:\/\/www.visitsicily.info\/es\/\"},{\"@type\":\"ListItem\",\"position\":2,\"name\":\"Sabores\",\"item\":\"https:\/\/www.visitsicily.info\/es\/sapore\/\"},{\"@type\":\"ListItem\",\"position\":3,\"name\":\"Almendra de \u00c1vola, reina del sabor\"}]},{\"@type\":\"WebSite\",\"@id\":\"https:\/\/www.visitsicily.info\/es\/#website\",\"url\":\"https:\/\/www.visitsicily.info\/es\/\",\"name\":\"Visit Sicily\",\"description\":\"Island of art\",\"publisher\":{\"@id\":\"https:\/\/www.visitsicily.info\/es\/#organization\"},\"potentialAction\":[{\"@type\":\"SearchAction\",\"target\":{\"@type\":\"EntryPoint\",\"urlTemplate\":\"https:\/\/www.visitsicily.info\/es\/?s={search_term_string}\"},\"query-input\":{\"@type\":\"PropertyValueSpecification\",\"valueRequired\":true,\"valueName\":\"search_term_string\"}}],\"inLanguage\":\"es\"},{\"@type\":\"Organization\",\"@id\":\"https:\/\/www.visitsicily.info\/es\/#organization\",\"name\":\"Regione Siciliana\",\"url\":\"https:\/\/www.visitsicily.info\/es\/\",\"logo\":{\"@type\":\"ImageObject\",\"inLanguage\":\"es\",\"@id\":\"https:\/\/www.visitsicily.info\/es\/#\/schema\/logo\/image\/\",\"url\":\"https:\/\/www.visitsicily.info\/wp-content\/uploads\/2021\/05\/regione-siciliana-logo2.png\",\"contentUrl\":\"https:\/\/www.visitsicily.info\/wp-content\/uploads\/2021\/05\/regione-siciliana-logo2.png\",\"width\":200,\"height\":200,\"caption\":\"Regione Siciliana\"},\"image\":{\"@id\":\"https:\/\/www.visitsicily.info\/es\/#\/schema\/logo\/image\/\"},\"sameAs\":[\"https:\/\/www.facebook.com\/visitsicily.info\/\",\"https:\/\/x.com\/VisitSicilyOP\",\"https:\/\/www.instagram.com\/ig_visitsicily\/\",\"https:\/\/www.pinterest.com\/visitsicilyOP\/followers\/\",\"https:\/\/www.youtube.com\/user\/siciliaturismo\"]}]}<\/script>\n<!-- \/ Yoast SEO plugin. -->","yoast_head_json":{"title":"Almendra de \u00c1vola, reina del sabor - Visit Sicily","description":"La almendra de \u00c1vola tiene or\u00edgenes ancestrales y su cultivo, junto con los vi\u00f1edos y los limoneros, caracteriza el territorio avol\u00e9s. \u00a1","robots":{"index":"index","follow":"follow","max-snippet":"max-snippet:-1","max-image-preview":"max-image-preview:large","max-video-preview":"max-video-preview:-1"},"canonical":"https:\/\/www.visitsicily.info\/es\/sapore\/almendra-de-avola-reina-del-sabor\/","og_locale":"es_ES","og_type":"article","og_title":"Almendra de \u00c1vola, reina del sabor - Visit Sicily","og_description":"La almendra de \u00c1vola tiene or\u00edgenes ancestrales y su cultivo, junto con los vi\u00f1edos y los limoneros, caracteriza el territorio avol\u00e9s. \u00a1","og_url":"https:\/\/www.visitsicily.info\/es\/sapore\/almendra-de-avola-reina-del-sabor\/","og_site_name":"Visit Sicily","article_publisher":"https:\/\/www.facebook.com\/visitsicily.info\/","article_modified_time":"2025-05-07T07:54:24+00:00","og_image":[{"width":2201,"height":1654,"url":"https:\/\/www.visitsicily.info\/wp-content\/uploads\/2020\/10\/DSCF0028.jpg","type":"image\/jpeg"}],"twitter_card":"summary_large_image","twitter_site":"@VisitSicilyOP","twitter_misc":{"Tiempo de lectura":"2 minutos"},"schema":{"@context":"https:\/\/schema.org","@graph":[{"@type":"WebPage","@id":"https:\/\/www.visitsicily.info\/es\/sapore\/almendra-de-avola-reina-del-sabor\/","url":"https:\/\/www.visitsicily.info\/es\/sapore\/almendra-de-avola-reina-del-sabor\/","name":"Almendra de \u00c1vola, reina del sabor - Visit Sicily","isPartOf":{"@id":"https:\/\/www.visitsicily.info\/es\/#website"},"primaryImageOfPage":{"@id":"https:\/\/www.visitsicily.info\/es\/sapore\/almendra-de-avola-reina-del-sabor\/#primaryimage"},"image":{"@id":"https:\/\/www.visitsicily.info\/es\/sapore\/almendra-de-avola-reina-del-sabor\/#primaryimage"},"thumbnailUrl":"https:\/\/www.visitsicily.info\/wp-content\/uploads\/2020\/10\/DSCF0028.jpg","datePublished":"2022-06-09T14:42:14+00:00","dateModified":"2025-05-07T07:54:24+00:00","description":"La almendra de \u00c1vola tiene or\u00edgenes ancestrales y su cultivo, junto con los vi\u00f1edos y los limoneros, caracteriza el territorio avol\u00e9s. \u00a1","breadcrumb":{"@id":"https:\/\/www.visitsicily.info\/es\/sapore\/almendra-de-avola-reina-del-sabor\/#breadcrumb"},"inLanguage":"es","potentialAction":[{"@type":"ReadAction","target":["https:\/\/www.visitsicily.info\/es\/sapore\/almendra-de-avola-reina-del-sabor\/"]}]},{"@type":"ImageObject","inLanguage":"es","@id":"https:\/\/www.visitsicily.info\/es\/sapore\/almendra-de-avola-reina-del-sabor\/#primaryimage","url":"https:\/\/www.visitsicily.info\/wp-content\/uploads\/2020\/10\/DSCF0028.jpg","contentUrl":"https:\/\/www.visitsicily.info\/wp-content\/uploads\/2020\/10\/DSCF0028.jpg","width":2201,"height":1654,"caption":"ph. P. Barone"},{"@type":"BreadcrumbList","@id":"https:\/\/www.visitsicily.info\/es\/sapore\/almendra-de-avola-reina-del-sabor\/#breadcrumb","itemListElement":[{"@type":"ListItem","position":1,"name":"Home","item":"https:\/\/www.visitsicily.info\/es\/"},{"@type":"ListItem","position":2,"name":"Sabores","item":"https:\/\/www.visitsicily.info\/es\/sapore\/"},{"@type":"ListItem","position":3,"name":"Almendra de \u00c1vola, reina del sabor"}]},{"@type":"WebSite","@id":"https:\/\/www.visitsicily.info\/es\/#website","url":"https:\/\/www.visitsicily.info\/es\/","name":"Visit Sicily","description":"Island of art","publisher":{"@id":"https:\/\/www.visitsicily.info\/es\/#organization"},"potentialAction":[{"@type":"SearchAction","target":{"@type":"EntryPoint","urlTemplate":"https:\/\/www.visitsicily.info\/es\/?s={search_term_string}"},"query-input":{"@type":"PropertyValueSpecification","valueRequired":true,"valueName":"search_term_string"}}],"inLanguage":"es"},{"@type":"Organization","@id":"https:\/\/www.visitsicily.info\/es\/#organization","name":"Regione Siciliana","url":"https:\/\/www.visitsicily.info\/es\/","logo":{"@type":"ImageObject","inLanguage":"es","@id":"https:\/\/www.visitsicily.info\/es\/#\/schema\/logo\/image\/","url":"https:\/\/www.visitsicily.info\/wp-content\/uploads\/2021\/05\/regione-siciliana-logo2.png","contentUrl":"https:\/\/www.visitsicily.info\/wp-content\/uploads\/2021\/05\/regione-siciliana-logo2.png","width":200,"height":200,"caption":"Regione Siciliana"},"image":{"@id":"https:\/\/www.visitsicily.info\/es\/#\/schema\/logo\/image\/"},"sameAs":["https:\/\/www.facebook.com\/visitsicily.info\/","https:\/\/x.com\/VisitSicilyOP","https:\/\/www.instagram.com\/ig_visitsicily\/","https:\/\/www.pinterest.com\/visitsicilyOP\/followers\/","https:\/\/www.youtube.com\/user\/siciliaturismo"]}]}},"_links":{"self":[{"href":"https:\/\/www.visitsicily.info\/es\/wp-json\/wp\/v2\/sapore\/64133","targetHints":{"allow":["GET"]}}],"collection":[{"href":"https:\/\/www.visitsicily.info\/es\/wp-json\/wp\/v2\/sapore"}],"about":[{"href":"https:\/\/www.visitsicily.info\/es\/wp-json\/wp\/v2\/types\/sapore"}],"wp:featuredmedia":[{"embeddable":true,"href":"https:\/\/www.visitsicily.info\/es\/wp-json\/wp\/v2\/media\/52742"}],"wp:attachment":[{"href":"https:\/\/www.visitsicily.info\/es\/wp-json\/wp\/v2\/media?parent=64133"}],"wp:term":[{"taxonomy":"category","embeddable":true,"href":"https:\/\/www.visitsicily.info\/es\/wp-json\/wp\/v2\/categories?post=64133"},{"taxonomy":"luogo","embeddable":true,"href":"https:\/\/www.visitsicily.info\/es\/wp-json\/wp\/v2\/luogo?post=64133"},{"taxonomy":"stagione","embeddable":true,"href":"https:\/\/www.visitsicily.info\/es\/wp-json\/wp\/v2\/stagione?post=64133"}],"curies":[{"name":"wp","href":"https:\/\/api.w.org\/{rel}","templated":true}]}}