{"id":63916,"date":"2022-06-09T16:20:45","date_gmt":"2022-06-09T14:20:45","guid":{"rendered":"https:\/\/www.visitsicily.info\/itinerario\/viaje-por-la-sicilia-occidental\/"},"modified":"2026-08-28T13:12:43","modified_gmt":"2026-08-28T11:12:43","slug":"viaje-por-la-sicilia-occidental","status":"publish","type":"itinerario","link":"https:\/\/www.visitsicily.info\/es\/itinerario\/viaje-por-la-sicilia-occidental\/","title":{"rendered":"Viaje por la Sicilia Occidental"},"content":{"rendered":"<div class=\"fusion-fullwidth fullwidth-box fusion-builder-row-1 fusion-flex-container nonhundred-percent-fullwidth non-hundred-percent-height-scrolling\" style=\"--awb-border-radius-top-left:0px;--awb-border-radius-top-right:0px;--awb-border-radius-bottom-right:0px;--awb-border-radius-bottom-left:0px;--awb-flex-wrap:wrap;\" ><div class=\"fusion-builder-row fusion-row fusion-flex-align-items-flex-start fusion-flex-content-wrap\" style=\"max-width:1248px;margin-left: calc(-4% \/ 2 );margin-right: calc(-4% \/ 2 );\"><div class=\"fusion-layout-column fusion_builder_column fusion-builder-column-0 fusion_builder_column_1_1 1_1 fusion-flex-column\" style=\"--awb-bg-size:cover;--awb-width-large:100%;--awb-margin-top-large:0px;--awb-spacing-right-large:1.92%;--awb-margin-bottom-large:0px;--awb-spacing-left-large:1.92%;--awb-width-medium:100%;--awb-spacing-right-medium:1.92%;--awb-spacing-left-medium:1.92%;--awb-width-small:100%;--awb-spacing-right-small:1.92%;--awb-spacing-left-small:1.92%;\"><div class=\"fusion-column-wrapper fusion-flex-justify-content-flex-start fusion-content-layout-column\"><div class=\"fusion-text fusion-text-1\"><p><a href=\"https:\/\/www.visitsicily.info\/localita\/palermo\/\" target=\"_blank\" rel=\"noopener\">Palermo<\/a>, la capital de la isla, encierra en s\u00ed misma toda la riqueza art\u00edstica, hist\u00f3rica y cultural de las civilizaciones que a lo largo de los siglos han pasado por ella; griegos, p\u00fanicos, romanos, \u00e1rabes, normandos y suabos.<a href=\"https:\/\/www.visitsicily.info\/localita\/palermo\/\" target=\"_blank\" rel=\"noopener\">Palermo<\/a>, la capital de la isla, encierra en s\u00ed misma toda la riqueza art\u00edstica, hist\u00f3rica y cultural de las civilizaciones que a lo largo de los siglos han pasado por ella; griegos, p\u00fanicos, romanos, \u00e1rabes, normandos y suabos.\u00f9<\/p>\n<p><a href=\"https:\/\/www.visitsicily.info\/localita\/palermo\/\" target=\"_blank\" rel=\"noopener\">Palermo<\/a>, la capital de la isla, encierra en s\u00ed misma toda la riqueza art\u00edstica, hist\u00f3rica y cultural de las civilizaciones que a lo largo de los siglos han pasado por ella; griegos, p\u00fanicos, romanos, \u00e1rabes, normandos y suabos.<\/p>\n<p>Solo la catedral dedicada a la Virgen de la Asunci\u00f3n (Vergine Assunta) representa la estratificaci\u00f3n de las diferentes culturas que han intervenido a lo largo del tiempo y modificado su estructura arquitect\u00f3nica: desde la fachada de estilo g\u00f3tico-catal\u00e1n hasta el \u00e1bside con decoraciones \u00e1rabe-normandas. En su interior se conservan tanto los restos de los reyes de Sicilia, Rogelio II y Federico II, como las reliquias de <strong>Santa Rosal\u00eda<\/strong>, patrona de Palermo. La <a href=\"https:\/\/www.visitsicily.info\/festa-di-santa-lucia-a-siracusa\/\" target=\"_blank\" rel=\"noopener\">Fiesta<\/a> en su honor, m\u00e1s conocida como <em>u fistinu<\/em>, es un acontecimiento ineludible que se celebra el 15 de julio.<\/p>\n<p>En la <strong>Sacrist\u00eda de los Can\u00f3nigos<\/strong> se expone el <strong>Tesoro de la Catedral<\/strong>: vestiduras sagradas del siglo XVI al XVIII, custodias, c\u00e1lices y la preciada corona de oro tomada del sepulcro de la reina Constanza de Arag\u00f3n, un ejemplo de joyer\u00eda medieval. Es obligada una visita al <strong>Museo Diocesano<\/strong> y al<a href=\"https:\/\/www.visitsicily.info\/itinerario\/orti-botanici-di-sicilia\/\" target=\"_blank\" rel=\"noopener\">Jard\u00edn Bot\u00e1nico<\/a>.<\/p>\n<p>Siguiendo a pie por <strong>Corso Vittorio Emanuele<\/strong>, arteria del centro hist\u00f3rico palermitano que conecta las espl\u00e9ndidas <strong>Porta Nuova<\/strong> y <strong>Porta Felice<\/strong>, se llega a <strong>Quattro Canti<\/strong> de la ciudad, plaza octogonal que cruza los principales ejes viarios.<\/p>\n<p>A escasa distancia se encuentra la espectacular fuente en <strong>Piazza Pretoria<\/strong> con las magn\u00edficas representaciones de divinidades, ninfas, monstruos y alegor\u00edas.<\/p>\n<p>Parada obligada en <strong>piazza Bellini<\/strong> para contemplar la iglesia de Santa Mar\u00eda del Almirante (Santa Maria dell&#8217;Ammiraglio), tambi\u00e9n conocida como La Martorana, de estilo \u00e1rabe con frescos murales de origen bizantino. Justo al lado se erige la espl\u00e9ndida iglesia de San Cataldo.<\/p>\n<p>En <strong>Piazza Indipendenza<\/strong> podr\u00e1s admirar los mosaicos de la <a href=\"https:\/\/www.visitsicily.info\/cappella-palatina\/\" target=\"_blank\" rel=\"noopener\">Capilla Palatina<\/a>; esta maravilla ya justifica por s\u00ed sola nuestro viaje a Palermo. La Capilla se encuentra en el interior del edificio del gobierno, el <strong>Palacio de los Normandos<\/strong> (Palazzo dei Normanni), anta\u00f1o residencia de los reyes de Sicilia y hoy Patrimonio de la Humanidad <a href=\"https:\/\/www.visitsicily.info\/brochure\/siti-unesco\/\" target=\"_blank\" rel=\"noopener\">UNESCO<\/a>. No puedes perderte el ala m\u00e1s antigua del palacio, ubicada en la <strong>Torre pisana<\/strong>, con las estancias del rey Rogelio y el Observatorio Astron\u00f3mico.<\/p>\n<p>Palermo es tambi\u00e9n la capital de la <a href=\"https:\/\/www.visitsicily.info\/sapore\/palermo-street-food\/\" target=\"_blank\" rel=\"noopener\">comida callejera<\/a>: <a href=\"https:\/\/www.visitsicily.info\/ricetta\/panelle\/\" target=\"_blank\" rel=\"noopener\">panes, tortitas<\/a>, <a href=\"https:\/\/www.visitsicily.info\/ricetta\/panelle\/\" target=\"_blank\" rel=\"noopener\">croquetas<\/a>, <a href=\"https:\/\/www.visitsicily.info\/ricetta\/sfinciuni\/\" target=\"_blank\" rel=\"noopener\">sfincioni<\/a> (pizzas t\u00edpicas de Palermo), <a href=\"https:\/\/www.visitsicily.info\/ricetta\/arancino-e-arancina\/\" target=\"_blank\" rel=\"noopener\">arancine<\/a> (bolitas de arroz) y <em>pane c\u00e0 meusa<\/em> (pan con bazo) son algunos ejemplos de las delicias sicilianas saladas. Tampoco podemos olvidar el brioche con helado y la excelente reposter\u00eda, c\u00e9lebre en el mundo entero.<\/p>\n<p>Haz una parada en el pueblo marinero de <a href=\"https:\/\/www.visitsicily.info\/castellammare-del-golfo\/\" target=\"_blank\" rel=\"noopener\">Castellammare del Golfo<\/a> y una visita a <strong>Alcamo<\/strong>, rica en monumentos y obras de arte.<\/p>\n<p>Dedica un d\u00eda entero a visitar <a href=\"https:\/\/www.visitsicily.info\/erice\/\" target=\"_blank\" rel=\"noopener\">Erice<\/a> y <a href=\"https:\/\/www.visitsicily.info\/localita\/trapani\/\" target=\"_blank\" rel=\"noopener\">Trapani<\/a>.<\/p>\n<p><strong>Erice<\/strong>, incluido entre los <a href=\"https:\/\/www.visitsicily.info\/borghi-di-sicilia-tra-i-piu-belli-ditalia\/\" target=\"_blank\" rel=\"noopener\">pueblos de Sicilia m\u00e1s bellos de Italia <\/a>, tiene como s\u00edmbolo el <a href=\"https:\/\/www.visitsicily.info\/itinerario\/castelli-occidentali-tra-palermo-e-trapani\/\" target=\"_blank\" rel=\"noopener\">Castillo Fortaleza de Venere<\/a>, desde donde se puede admirar todo el valle. En el centro habitado, repleto de iglesias medievales y conventos, destaca la bell\u00edsima <strong> Catedral de la Asunci\u00f3n (Duomo dell&#8217;Assunta)<\/strong>. Conc\u00e9dete una dulce pausa para degustar los pastelitos de almendra y las famosas genovesas reci\u00e9n horneadas.<\/p>\n<p>El elegante centro de la ciudad de <a href=\"https:\/\/www.visitsicily.info\/localita\/trapani\/\" target=\"_blank\" rel=\"noopener\">Trapani<\/a>, a donde se puede llegar desde Erice tambi\u00e9n en telef\u00e9rico, recorre <strong>Corso Vittorio Emanuele<\/strong>, la <strong>via Torrearsa <\/strong>y la <strong>via Garibaldi<\/strong>.<\/p>\n<p>Es una sucesi\u00f3n de palacios hist\u00f3ricos y iglesias de notable valor art\u00edstico, como por ejemplo, la <strong>catedral <\/strong>con una bell\u00edsima fachada barroca y la <strong>iglesia del Purgatorio<\/strong>, donde se conservan los sagrados Grupos de los Misterios de Trapani que caracterizan la <a href=\"https:\/\/www.visitsicily.info\/la-settimana-santa-in-sicilia-i-riti-da-non-perdere\/\" target=\"_blank\" rel=\"noopener\">procesi\u00f3n de Viernes Santo<\/a>.<\/p>\n<p>Fuera del centro hist\u00f3rico, merece la pena visitar el <strong>santuario de la Anunciaci\u00f3n<\/strong> (santuario dell&#8217;Annunziata) del siglo XIV junto con el <strong>antiguo convento de los Carmelitas<\/strong>, sede del <a href=\"https:\/\/www2.regione.sicilia.it\/beniculturali\/museopepoli\/IndexPepoli.html\" target=\"_blank\" rel=\"noopener\">Museo Regional A. Pepoli<\/a> que alberga esculturas, joyer\u00eda y obras de maestros del coral trapan\u00e9s.<\/p>\n<p>Aqu\u00ed podr\u00e1s degustar tanto el<a href=\"https:\/\/www.visitsicily.info\/sapore\/cous-cous\/\" target=\"_blank\" rel=\"noopener\">cusc\u00fas<\/a> con pescado, carne o verduras como los \u00abbusiate alla trapanese\u00bb, plato t\u00edpico de la zona elaborado con pasta en forma de espiral y pesto de almendras y tomates frescos.<\/p>\n<p>En <a href=\"https:\/\/www.visitsicily.info\/attrazione\/segesta\/\" target=\"_blank\" rel=\"noopener\">Segesta<\/a>, provincia de <a href=\"https:\/\/www.visitsicily.info\/localita\/trapani\/\" target=\"_blank\" rel=\"noopener\">Trapani<\/a>, se erigen en toda su magnificencia el monumental templo d\u00f3rico y el teatro, ambos con el mar y las colinas como escenario de fondo.<\/p>\n<p>Aprovecha para sumergirte en el arte contempor\u00e1neo de<a href=\"https:\/\/www.visitsicily.info\/gibellina-arte-contemporanea-en-plein-air\/\" target=\"_blank\" rel=\"noopener\">Gibellina<\/a>, degustar su excelente <a href=\"\/?p=47875\" target=\"_blank\" rel=\"noopener\">vino<\/a> y descubrir el lugar donde el jazz tiene sus ra\u00edces\u2026 <a href=\"https:\/\/www.visitsicily.info\/alle-origini-del-jazz-in-viaggio-verso-salaparuta\/\" target=\"_blank\" rel=\"noopener\">\u00a1Salaparuta<\/a> te espera!<\/p>\n<p>Al caer el sol es el momento ideal para dar un agradable paseo por el<a href=\"https:\/\/www.visitsicily.info\/itinerario\/parchi-archeologici-di-segesta-selinunte-e-lilibeo-trapani\/\" target=\"_blank\" rel=\"noopener\">Parque Arqueol\u00f3gico de Selinunte<\/a>, imponente tanto por su paisaje como por su entorno cultural donde se puede disfrutar de un maravilloso atardecer frente al mar entre templos y ruinas hist\u00f3ricas de ensue\u00f1o.<\/p>\n<p>Tu pr\u00f3xima parada es el valle de los Templos de Agrigento, el sitio arqueol\u00f3gico m\u00e1s grande del mundo y Patrimonio de la Humanidad por la <a href=\"https:\/\/www.visitsicily.info\/brochure\/siti-unesco\/\" target=\"_blank\" rel=\"noopener\">UNESCO<\/a>, cuyo recorrido despierta siempre gran admiraci\u00f3n junto con los templos de la Concordia, Juno, Eracles y Zeus y las catacumbas de las cuevas Fragapane.<\/p>\n<p>Para finalizar el recorrido con un buen sabor de boca, prueba el helado pecorino. Esta especialidad tan exquisita es un delicado helado hecho con ricota de oveja, un sabor t\u00edpico y \u00fanico de la zona de Agrigento poco conocido.<\/p>\n<p><em>Descubre m\u00e1s en<\/em> <a href=\"http:\/\/www.distrettosiciliaoccidentale.it\/\" target=\"_blank\" rel=\"noopener\">Distrito Tur\u00edstico Sicilia Occidental.<\/a><\/p>\n<\/div><\/div><\/div><\/div><\/div>\n","protected":false},"featured_media":117296,"template":"","categories":[1999,2001,2021],"luogo":[3003,3219,3276,3020,3141,2948,2982],"stagione":[2066,2436,2064,2067,2065,2437],"class_list":["post-63916","itinerario","type-itinerario","status-publish","has-post-thumbnail","hentry","category-arte-e-cultura-es","category-luoghi-della-cultura-es","category-territorio-es","luogo-alcamo-sicilia-occidentale-es","luogo-calatafimi-segesta-es","luogo-castellammare-del-golfo-es","luogo-erice-es","luogo-gibellina-es","luogo-palermo-es","luogo-trapani-es","stagione-invierno","stagione-automne-es","stagione-otono","stagione-primavera-es","stagione-verano","stagione-ete-es"],"acf":{"paragrafo_1":"<p>Si quieres dedicar unas vacaciones a disfrutar del arte, la historia y la cultura, Sicilia es el destino perfecto. Ven a descubrir las ciudades y los peque\u00f1os pueblos de la Sicilia occidental, \u00a1te enamorar\u00e1n!<\/p>\n","titolo_paragrafo_1":"Detalle","sottotitolo":"","durata":"","distanza":"","difficolta":"","galleria":[{"ID":52455,"id":52455,"title":"segesta.a.6","filename":"segesta.a.6.jpg","filesize":562830,"url":"https:\/\/www.visitsicily.info\/wp-content\/uploads\/2015\/07\/segesta.a.6.jpg","link":"https:\/\/www.visitsicily.info\/es\/itinerario\/de-segesta-a-selinunte\/segesta-a-6-2\/","alt":"Segesta","author":"31","description":"inr","caption":"ph. P. Barone","name":"segesta-a-6-2","status":"inherit","uploaded_to":63827,"date":"2022-03-16 08:32:21","modified":"2026-08-28 10:56:16","menu_order":0,"mime_type":"image\/jpeg","type":"image","subtype":"jpeg","icon":"https:\/\/www.visitsicily.info\/wp-includes\/images\/media\/default.png","width":2481,"height":1654,"sizes":{"thumbnail":"https:\/\/www.visitsicily.info\/wp-content\/uploads\/2015\/07\/segesta.a.6-150x150.jpg","thumbnail-width":150,"thumbnail-height":150,"medium":"https:\/\/www.visitsicily.info\/wp-content\/uploads\/2015\/07\/segesta.a.6-300x200.jpg","medium-width":300,"medium-height":200,"medium_large":"https:\/\/www.visitsicily.info\/wp-content\/uploads\/2015\/07\/segesta.a.6-768x512.jpg","medium_large-width":768,"medium_large-height":512,"large":"https:\/\/www.visitsicily.info\/wp-content\/uploads\/2015\/07\/segesta.a.6-1024x683.jpg","large-width":1024,"large-height":683,"1536x1536":"https:\/\/www.visitsicily.info\/wp-content\/uploads\/2015\/07\/segesta.a.6-1536x1024.jpg","1536x1536-width":1536,"1536x1536-height":1024,"2048x2048":"https:\/\/www.visitsicily.info\/wp-content\/uploads\/2015\/07\/segesta.a.6-2048x1365.jpg","2048x2048-width":2048,"2048x2048-height":1365,"blog-large":"https:\/\/www.visitsicily.info\/wp-content\/uploads\/2015\/07\/segesta.a.6-669x272.jpg","blog-large-width":669,"blog-large-height":272,"blog-medium":"https:\/\/www.visitsicily.info\/wp-content\/uploads\/2015\/07\/segesta.a.6-320x202.jpg","blog-medium-width":320,"blog-medium-height":202,"recent-posts":"https:\/\/www.visitsicily.info\/wp-content\/uploads\/2015\/07\/segesta.a.6-700x441.jpg","recent-posts-width":700,"recent-posts-height":441,"recent-works-thumbnail":"https:\/\/www.visitsicily.info\/wp-content\/uploads\/2015\/07\/segesta.a.6-66x66.jpg","recent-works-thumbnail-width":66,"recent-works-thumbnail-height":66,"fusion-200":"https:\/\/www.visitsicily.info\/wp-content\/uploads\/2015\/07\/segesta.a.6-200x133.jpg","fusion-200-width":200,"fusion-200-height":133,"fusion-400":"https:\/\/www.visitsicily.info\/wp-content\/uploads\/2015\/07\/segesta.a.6-400x267.jpg","fusion-400-width":400,"fusion-400-height":267,"fusion-600":"https:\/\/www.visitsicily.info\/wp-content\/uploads\/2015\/07\/segesta.a.6-600x400.jpg","fusion-600-width":600,"fusion-600-height":400,"fusion-800":"https:\/\/www.visitsicily.info\/wp-content\/uploads\/2015\/07\/segesta.a.6-800x533.jpg","fusion-800-width":800,"fusion-800-height":533,"fusion-1200":"https:\/\/www.visitsicily.info\/wp-content\/uploads\/2015\/07\/segesta.a.6-1200x800.jpg","fusion-1200-width":1200,"fusion-1200-height":800,"portfolio-full":"https:\/\/www.visitsicily.info\/wp-content\/uploads\/2015\/07\/segesta.a.6-940x400.jpg","portfolio-full-width":940,"portfolio-full-height":400,"portfolio-one":"https:\/\/www.visitsicily.info\/wp-content\/uploads\/2015\/07\/segesta.a.6-540x272.jpg","portfolio-one-width":540,"portfolio-one-height":272,"portfolio-two":"https:\/\/www.visitsicily.info\/wp-content\/uploads\/2015\/07\/segesta.a.6-460x295.jpg","portfolio-two-width":460,"portfolio-two-height":295,"portfolio-three":"https:\/\/www.visitsicily.info\/wp-content\/uploads\/2015\/07\/segesta.a.6-300x214.jpg","portfolio-three-width":300,"portfolio-three-height":214,"portfolio-five":"https:\/\/www.visitsicily.info\/wp-content\/uploads\/2015\/07\/segesta.a.6-177x142.jpg","portfolio-five-width":177,"portfolio-five-height":142}},{"ID":57698,"id":57698,"title":"Il Duomo di Erice","filename":"Duomo2.jpg","filesize":339680,"url":"https:\/\/www.visitsicily.info\/wp-content\/uploads\/2015\/09\/Duomo2.jpg","link":"https:\/\/www.visitsicily.info\/es\/localita\/trapani\/duomo-3-2\/","alt":"Il Duomo - Ph. Ignazio La Barbera","author":"18","description":"Il Duomo - Ph. Ignazio La Barbera","caption":"Il Duomo - Ph. Ignazio La Barbera","name":"duomo-3-2","status":"inherit","uploaded_to":63871,"date":"2017-05-16 08:42:29","modified":"2026-08-28 10:53:35","menu_order":0,"mime_type":"image\/jpeg","type":"image","subtype":"jpeg","icon":"https:\/\/www.visitsicily.info\/wp-includes\/images\/media\/default.png","width":1024,"height":768,"sizes":{"thumbnail":"https:\/\/www.visitsicily.info\/wp-content\/uploads\/2015\/09\/Duomo2-150x150.jpg","thumbnail-width":150,"thumbnail-height":150,"medium":"https:\/\/www.visitsicily.info\/wp-content\/uploads\/2015\/09\/Duomo2-300x225.jpg","medium-width":300,"medium-height":225,"medium_large":"https:\/\/www.visitsicily.info\/wp-content\/uploads\/2015\/09\/Duomo2.jpg","medium_large-width":768,"medium_large-height":576,"large":"https:\/\/www.visitsicily.info\/wp-content\/uploads\/2015\/09\/Duomo2-1024x768.jpg","large-width":1024,"large-height":768,"1536x1536":"https:\/\/www.visitsicily.info\/wp-content\/uploads\/2015\/09\/Duomo2.jpg","1536x1536-width":1024,"1536x1536-height":768,"2048x2048":"https:\/\/www.visitsicily.info\/wp-content\/uploads\/2015\/09\/Duomo2.jpg","2048x2048-width":1024,"2048x2048-height":768,"blog-large":"https:\/\/www.visitsicily.info\/wp-content\/uploads\/2015\/09\/Duomo2-669x272.jpg","blog-large-width":669,"blog-large-height":272,"blog-medium":"https:\/\/www.visitsicily.info\/wp-content\/uploads\/2015\/09\/Duomo2-320x202.jpg","blog-medium-width":320,"blog-medium-height":202,"recent-posts":"https:\/\/www.visitsicily.info\/wp-content\/uploads\/2015\/09\/Duomo2-700x441.jpg","recent-posts-width":700,"recent-posts-height":441,"recent-works-thumbnail":"https:\/\/www.visitsicily.info\/wp-content\/uploads\/2015\/09\/Duomo2-66x66.jpg","recent-works-thumbnail-width":66,"recent-works-thumbnail-height":66,"fusion-200":"https:\/\/www.visitsicily.info\/wp-content\/uploads\/2015\/09\/Duomo2.jpg","fusion-200-width":200,"fusion-200-height":150,"fusion-400":"https:\/\/www.visitsicily.info\/wp-content\/uploads\/2015\/09\/Duomo2.jpg","fusion-400-width":400,"fusion-400-height":300,"fusion-600":"https:\/\/www.visitsicily.info\/wp-content\/uploads\/2015\/09\/Duomo2.jpg","fusion-600-width":600,"fusion-600-height":450,"fusion-800":"https:\/\/www.visitsicily.info\/wp-content\/uploads\/2015\/09\/Duomo2.jpg","fusion-800-width":800,"fusion-800-height":600,"fusion-1200":"https:\/\/www.visitsicily.info\/wp-content\/uploads\/2015\/09\/Duomo2.jpg","fusion-1200-width":1024,"fusion-1200-height":768,"portfolio-full":"https:\/\/www.visitsicily.info\/wp-content\/uploads\/2015\/09\/Duomo2-940x400.jpg","portfolio-full-width":940,"portfolio-full-height":400,"portfolio-one":"https:\/\/www.visitsicily.info\/wp-content\/uploads\/2015\/09\/Duomo2-540x272.jpg","portfolio-one-width":540,"portfolio-one-height":272,"portfolio-two":"https:\/\/www.visitsicily.info\/wp-content\/uploads\/2015\/09\/Duomo2-460x295.jpg","portfolio-two-width":460,"portfolio-two-height":295,"portfolio-three":"https:\/\/www.visitsicily.info\/wp-content\/uploads\/2015\/09\/Duomo2-300x214.jpg","portfolio-three-width":300,"portfolio-three-height":214,"portfolio-five":"https:\/\/www.visitsicily.info\/wp-content\/uploads\/2015\/09\/Duomo2-177x142.jpg","portfolio-five-width":177,"portfolio-five-height":142}},{"ID":89716,"id":89716,"title":"cultura_gibellina_cretto-di-burri-05","filename":"cultura_gibellina_cretto-di-burri-05-scaled.jpg","filesize":546812,"url":"https:\/\/www.visitsicily.info\/wp-content\/uploads\/2024\/11\/cultura_gibellina_cretto-di-burri-05-scaled.jpg","link":"https:\/\/www.visitsicily.info\/es\/gibellina-capital-del-arte-contemporaneo-2026\/cultura_gibellina_cretto-di-burri-05-2\/","alt":"Gibellina - Cretto di Burri","author":"46","description":"Gibellina - Cretto di Burri","caption":"Foto di Just Maria","name":"cultura_gibellina_cretto-di-burri-05-2","status":"inherit","uploaded_to":90472,"date":"2024-11-18 09:15:15","modified":"2026-08-28 10:56:55","menu_order":0,"mime_type":"image\/jpeg","type":"image","subtype":"jpeg","icon":"https:\/\/www.visitsicily.info\/wp-includes\/images\/media\/default.png","width":2560,"height":1706,"sizes":{"thumbnail":"https:\/\/www.visitsicily.info\/wp-content\/uploads\/2024\/11\/cultura_gibellina_cretto-di-burri-05-150x150.jpg","thumbnail-width":150,"thumbnail-height":150,"medium":"https:\/\/www.visitsicily.info\/wp-content\/uploads\/2024\/11\/cultura_gibellina_cretto-di-burri-05-300x200.jpg","medium-width":300,"medium-height":200,"medium_large":"https:\/\/www.visitsicily.info\/wp-content\/uploads\/2024\/11\/cultura_gibellina_cretto-di-burri-05-768x512.jpg","medium_large-width":768,"medium_large-height":512,"large":"https:\/\/www.visitsicily.info\/wp-content\/uploads\/2024\/11\/cultura_gibellina_cretto-di-burri-05-1024x683.jpg","large-width":1024,"large-height":683,"1536x1536":"https:\/\/www.visitsicily.info\/wp-content\/uploads\/2024\/11\/cultura_gibellina_cretto-di-burri-05-1536x1024.jpg","1536x1536-width":1536,"1536x1536-height":1024,"2048x2048":"https:\/\/www.visitsicily.info\/wp-content\/uploads\/2024\/11\/cultura_gibellina_cretto-di-burri-05-2048x1365.jpg","2048x2048-width":2048,"2048x2048-height":1365,"blog-large":"https:\/\/www.visitsicily.info\/wp-content\/uploads\/2024\/11\/cultura_gibellina_cretto-di-burri-05-669x272.jpg","blog-large-width":669,"blog-large-height":272,"blog-medium":"https:\/\/www.visitsicily.info\/wp-content\/uploads\/2024\/11\/cultura_gibellina_cretto-di-burri-05-320x202.jpg","blog-medium-width":320,"blog-medium-height":202,"recent-posts":"https:\/\/www.visitsicily.info\/wp-content\/uploads\/2024\/11\/cultura_gibellina_cretto-di-burri-05-700x441.jpg","recent-posts-width":700,"recent-posts-height":441,"recent-works-thumbnail":"https:\/\/www.visitsicily.info\/wp-content\/uploads\/2024\/11\/cultura_gibellina_cretto-di-burri-05-66x66.jpg","recent-works-thumbnail-width":66,"recent-works-thumbnail-height":66,"fusion-200":"https:\/\/www.visitsicily.info\/wp-content\/uploads\/2024\/11\/cultura_gibellina_cretto-di-burri-05-200x133.jpg","fusion-200-width":200,"fusion-200-height":133,"fusion-400":"https:\/\/www.visitsicily.info\/wp-content\/uploads\/2024\/11\/cultura_gibellina_cretto-di-burri-05-400x267.jpg","fusion-400-width":400,"fusion-400-height":267,"fusion-600":"https:\/\/www.visitsicily.info\/wp-content\/uploads\/2024\/11\/cultura_gibellina_cretto-di-burri-05-600x400.jpg","fusion-600-width":600,"fusion-600-height":400,"fusion-800":"https:\/\/www.visitsicily.info\/wp-content\/uploads\/2024\/11\/cultura_gibellina_cretto-di-burri-05-800x533.jpg","fusion-800-width":800,"fusion-800-height":533,"fusion-1200":"https:\/\/www.visitsicily.info\/wp-content\/uploads\/2024\/11\/cultura_gibellina_cretto-di-burri-05-1200x800.jpg","fusion-1200-width":1200,"fusion-1200-height":800,"portfolio-full":"https:\/\/www.visitsicily.info\/wp-content\/uploads\/2024\/11\/cultura_gibellina_cretto-di-burri-05-940x400.jpg","portfolio-full-width":940,"portfolio-full-height":400,"portfolio-one":"https:\/\/www.visitsicily.info\/wp-content\/uploads\/2024\/11\/cultura_gibellina_cretto-di-burri-05-540x272.jpg","portfolio-one-width":540,"portfolio-one-height":272,"portfolio-two":"https:\/\/www.visitsicily.info\/wp-content\/uploads\/2024\/11\/cultura_gibellina_cretto-di-burri-05-460x295.jpg","portfolio-two-width":460,"portfolio-two-height":295,"portfolio-three":"https:\/\/www.visitsicily.info\/wp-content\/uploads\/2024\/11\/cultura_gibellina_cretto-di-burri-05-300x214.jpg","portfolio-three-width":300,"portfolio-three-height":214,"portfolio-five":"https:\/\/www.visitsicily.info\/wp-content\/uploads\/2024\/11\/cultura_gibellina_cretto-di-burri-05-177x142.jpg","portfolio-five-width":177,"portfolio-five-height":142}},{"ID":99041,"id":99041,"title":"Palermo IMG_9142 (1)","filename":"Palermo-IMG_9142-1-scaled.jpg","filesize":923289,"url":"https:\/\/www.visitsicily.info\/wp-content\/uploads\/2025\/10\/Palermo-IMG_9142-1-scaled.jpg","link":"https:\/\/www.visitsicily.info\/es\/itinerario\/cosa-fare-tre-giorni-a-palermo\/palermo-img_9142-1-2\/","alt":"Piazza Pretoria - Archivio Regione Siciliana J.M.","author":"56","description":"Piazza Pretoria - Archivio Regione Siciliana J.M.","caption":"Piazza Pretoria - Archivio Regione Siciliana J.M.","name":"palermo-img_9142-1-2","status":"inherit","uploaded_to":99048,"date":"2025-10-04 15:16:27","modified":"2026-08-28 10:37:49","menu_order":0,"mime_type":"image\/jpeg","type":"image","subtype":"jpeg","icon":"https:\/\/www.visitsicily.info\/wp-includes\/images\/media\/default.png","width":2560,"height":1707,"sizes":{"thumbnail":"https:\/\/www.visitsicily.info\/wp-content\/uploads\/2025\/10\/Palermo-IMG_9142-1-150x150.jpg","thumbnail-width":150,"thumbnail-height":150,"medium":"https:\/\/www.visitsicily.info\/wp-content\/uploads\/2025\/10\/Palermo-IMG_9142-1-300x200.jpg","medium-width":300,"medium-height":200,"medium_large":"https:\/\/www.visitsicily.info\/wp-content\/uploads\/2025\/10\/Palermo-IMG_9142-1-768x512.jpg","medium_large-width":768,"medium_large-height":512,"large":"https:\/\/www.visitsicily.info\/wp-content\/uploads\/2025\/10\/Palermo-IMG_9142-1-1024x683.jpg","large-width":1024,"large-height":683,"1536x1536":"https:\/\/www.visitsicily.info\/wp-content\/uploads\/2025\/10\/Palermo-IMG_9142-1-1536x1024.jpg","1536x1536-width":1536,"1536x1536-height":1024,"2048x2048":"https:\/\/www.visitsicily.info\/wp-content\/uploads\/2025\/10\/Palermo-IMG_9142-1-2048x1365.jpg","2048x2048-width":2048,"2048x2048-height":1365,"blog-large":"https:\/\/www.visitsicily.info\/wp-content\/uploads\/2025\/10\/Palermo-IMG_9142-1-669x272.jpg","blog-large-width":669,"blog-large-height":272,"blog-medium":"https:\/\/www.visitsicily.info\/wp-content\/uploads\/2025\/10\/Palermo-IMG_9142-1-320x202.jpg","blog-medium-width":320,"blog-medium-height":202,"recent-posts":"https:\/\/www.visitsicily.info\/wp-content\/uploads\/2025\/10\/Palermo-IMG_9142-1-700x441.jpg","recent-posts-width":700,"recent-posts-height":441,"recent-works-thumbnail":"https:\/\/www.visitsicily.info\/wp-content\/uploads\/2025\/10\/Palermo-IMG_9142-1-66x66.jpg","recent-works-thumbnail-width":66,"recent-works-thumbnail-height":66,"fusion-200":"https:\/\/www.visitsicily.info\/wp-content\/uploads\/2025\/10\/Palermo-IMG_9142-1-200x133.jpg","fusion-200-width":200,"fusion-200-height":133,"fusion-400":"https:\/\/www.visitsicily.info\/wp-content\/uploads\/2025\/10\/Palermo-IMG_9142-1-400x267.jpg","fusion-400-width":400,"fusion-400-height":267,"fusion-600":"https:\/\/www.visitsicily.info\/wp-content\/uploads\/2025\/10\/Palermo-IMG_9142-1-600x400.jpg","fusion-600-width":600,"fusion-600-height":400,"fusion-800":"https:\/\/www.visitsicily.info\/wp-content\/uploads\/2025\/10\/Palermo-IMG_9142-1-800x533.jpg","fusion-800-width":800,"fusion-800-height":533,"fusion-1200":"https:\/\/www.visitsicily.info\/wp-content\/uploads\/2025\/10\/Palermo-IMG_9142-1-1200x800.jpg","fusion-1200-width":1200,"fusion-1200-height":800,"portfolio-full":"https:\/\/www.visitsicily.info\/wp-content\/uploads\/2025\/10\/Palermo-IMG_9142-1-940x400.jpg","portfolio-full-width":940,"portfolio-full-height":400,"portfolio-one":"https:\/\/www.visitsicily.info\/wp-content\/uploads\/2025\/10\/Palermo-IMG_9142-1-540x272.jpg","portfolio-one-width":540,"portfolio-one-height":272,"portfolio-two":"https:\/\/www.visitsicily.info\/wp-content\/uploads\/2025\/10\/Palermo-IMG_9142-1-460x295.jpg","portfolio-two-width":460,"portfolio-two-height":295,"portfolio-three":"https:\/\/www.visitsicily.info\/wp-content\/uploads\/2025\/10\/Palermo-IMG_9142-1-300x214.jpg","portfolio-three-width":300,"portfolio-three-height":214,"portfolio-five":"https:\/\/www.visitsicily.info\/wp-content\/uploads\/2025\/10\/Palermo-IMG_9142-1-177x142.jpg","portfolio-five-width":177,"portfolio-five-height":142}},{"ID":99683,"id":99683,"title":"Alcamo_castello-dei-conti-di-modica-04","filename":"Alcamo_castello-dei-conti-di-modica-04-1-scaled.jpg","filesize":864117,"url":"https:\/\/www.visitsicily.info\/wp-content\/uploads\/2025\/10\/Alcamo_castello-dei-conti-di-modica-04-1-scaled.jpg","link":"https:\/\/www.visitsicily.info\/es\/alcamo_castello-dei-conti-di-modica-04-2-2\/","alt":"Alcamo castello dei conti di Modica - F.Sessa","author":"53","description":"Alcamo castello dei conti di Modica - F.Sessa","caption":"Alcamo castello dei conti di Modica - F.Sessa","name":"alcamo_castello-dei-conti-di-modica-04-2-2","status":"inherit","uploaded_to":0,"date":"2025-10-15 10:08:49","modified":"2026-08-28 10:52:17","menu_order":0,"mime_type":"image\/jpeg","type":"image","subtype":"jpeg","icon":"https:\/\/www.visitsicily.info\/wp-includes\/images\/media\/default.png","width":1707,"height":2560,"sizes":{"thumbnail":"https:\/\/www.visitsicily.info\/wp-content\/uploads\/2025\/10\/Alcamo_castello-dei-conti-di-modica-04-1-150x150.jpg","thumbnail-width":150,"thumbnail-height":150,"medium":"https:\/\/www.visitsicily.info\/wp-content\/uploads\/2025\/10\/Alcamo_castello-dei-conti-di-modica-04-1-200x300.jpg","medium-width":200,"medium-height":300,"medium_large":"https:\/\/www.visitsicily.info\/wp-content\/uploads\/2025\/10\/Alcamo_castello-dei-conti-di-modica-04-1-768x1152.jpg","medium_large-width":768,"medium_large-height":1152,"large":"https:\/\/www.visitsicily.info\/wp-content\/uploads\/2025\/10\/Alcamo_castello-dei-conti-di-modica-04-1-683x1024.jpg","large-width":683,"large-height":1024,"1536x1536":"https:\/\/www.visitsicily.info\/wp-content\/uploads\/2025\/10\/Alcamo_castello-dei-conti-di-modica-04-1-1024x1536.jpg","1536x1536-width":1024,"1536x1536-height":1536,"2048x2048":"https:\/\/www.visitsicily.info\/wp-content\/uploads\/2025\/10\/Alcamo_castello-dei-conti-di-modica-04-1-1365x2048.jpg","2048x2048-width":1365,"2048x2048-height":2048,"blog-large":"https:\/\/www.visitsicily.info\/wp-content\/uploads\/2025\/10\/Alcamo_castello-dei-conti-di-modica-04-1-669x272.jpg","blog-large-width":669,"blog-large-height":272,"blog-medium":"https:\/\/www.visitsicily.info\/wp-content\/uploads\/2025\/10\/Alcamo_castello-dei-conti-di-modica-04-1-320x202.jpg","blog-medium-width":320,"blog-medium-height":202,"recent-posts":"https:\/\/www.visitsicily.info\/wp-content\/uploads\/2025\/10\/Alcamo_castello-dei-conti-di-modica-04-1-700x441.jpg","recent-posts-width":700,"recent-posts-height":441,"recent-works-thumbnail":"https:\/\/www.visitsicily.info\/wp-content\/uploads\/2025\/10\/Alcamo_castello-dei-conti-di-modica-04-1-66x66.jpg","recent-works-thumbnail-width":66,"recent-works-thumbnail-height":66,"fusion-200":"https:\/\/www.visitsicily.info\/wp-content\/uploads\/2025\/10\/Alcamo_castello-dei-conti-di-modica-04-1-200x300.jpg","fusion-200-width":200,"fusion-200-height":300,"fusion-400":"https:\/\/www.visitsicily.info\/wp-content\/uploads\/2025\/10\/Alcamo_castello-dei-conti-di-modica-04-1-400x600.jpg","fusion-400-width":400,"fusion-400-height":600,"fusion-600":"https:\/\/www.visitsicily.info\/wp-content\/uploads\/2025\/10\/Alcamo_castello-dei-conti-di-modica-04-1-600x900.jpg","fusion-600-width":600,"fusion-600-height":900,"fusion-800":"https:\/\/www.visitsicily.info\/wp-content\/uploads\/2025\/10\/Alcamo_castello-dei-conti-di-modica-04-1-800x1200.jpg","fusion-800-width":800,"fusion-800-height":1200,"fusion-1200":"https:\/\/www.visitsicily.info\/wp-content\/uploads\/2025\/10\/Alcamo_castello-dei-conti-di-modica-04-1-1200x1800.jpg","fusion-1200-width":1200,"fusion-1200-height":1800,"portfolio-full":"https:\/\/www.visitsicily.info\/wp-content\/uploads\/2025\/10\/Alcamo_castello-dei-conti-di-modica-04-1-940x400.jpg","portfolio-full-width":940,"portfolio-full-height":400,"portfolio-one":"https:\/\/www.visitsicily.info\/wp-content\/uploads\/2025\/10\/Alcamo_castello-dei-conti-di-modica-04-1-540x272.jpg","portfolio-one-width":540,"portfolio-one-height":272,"portfolio-two":"https:\/\/www.visitsicily.info\/wp-content\/uploads\/2025\/10\/Alcamo_castello-dei-conti-di-modica-04-1-460x295.jpg","portfolio-two-width":460,"portfolio-two-height":295,"portfolio-three":"https:\/\/www.visitsicily.info\/wp-content\/uploads\/2025\/10\/Alcamo_castello-dei-conti-di-modica-04-1-300x214.jpg","portfolio-three-width":300,"portfolio-three-height":214,"portfolio-five":"https:\/\/www.visitsicily.info\/wp-content\/uploads\/2025\/10\/Alcamo_castello-dei-conti-di-modica-04-1-177x142.jpg","portfolio-five-width":177,"portfolio-five-height":142}},{"ID":102232,"id":102232,"title":"4 Mercatini di Natale a Palermo - Archivio Regione Siciliana Just Maria","filename":"4-Mercatini-di-Natale-a-Palermo-Archivio-Regione-Siciliana-Just-Maria.png","filesize":2380299,"url":"https:\/\/www.visitsicily.info\/wp-content\/uploads\/2025\/11\/4-Mercatini-di-Natale-a-Palermo-Archivio-Regione-Siciliana-Just-Maria.png","link":"https:\/\/www.visitsicily.info\/es\/itinerario\/mercatini-di-natale-a-palermo-artigianato-luci-e-sapori-invernali\/4-mercatini-di-natale-a-palermo-archivio-regione-siciliana-just-maria-2\/","alt":"Quattro Canti, Palermo - credits: Archivio Regione Siciliana P.Barone\n","author":"53","description":"Quattro Canti, Palermo - credits: Archivio Regione Siciliana P.Barone\n","caption":"Quattro Canti, Palermo - credits: Archivio Regione Siciliana P.Barone\n","name":"4-mercatini-di-natale-a-palermo-archivio-regione-siciliana-just-maria-2","status":"inherit","uploaded_to":102251,"date":"2025-11-12 12:47:21","modified":"2025-11-12 12:47:45","menu_order":0,"mime_type":"image\/png","type":"image","subtype":"png","icon":"https:\/\/www.visitsicily.info\/wp-includes\/images\/media\/default.png","width":1600,"height":1000,"sizes":{"thumbnail":"https:\/\/www.visitsicily.info\/wp-content\/uploads\/2025\/11\/4-Mercatini-di-Natale-a-Palermo-Archivio-Regione-Siciliana-Just-Maria-150x150.png","thumbnail-width":150,"thumbnail-height":150,"medium":"https:\/\/www.visitsicily.info\/wp-content\/uploads\/2025\/11\/4-Mercatini-di-Natale-a-Palermo-Archivio-Regione-Siciliana-Just-Maria-300x188.png","medium-width":300,"medium-height":188,"medium_large":"https:\/\/www.visitsicily.info\/wp-content\/uploads\/2025\/11\/4-Mercatini-di-Natale-a-Palermo-Archivio-Regione-Siciliana-Just-Maria-768x480.png","medium_large-width":768,"medium_large-height":480,"large":"https:\/\/www.visitsicily.info\/wp-content\/uploads\/2025\/11\/4-Mercatini-di-Natale-a-Palermo-Archivio-Regione-Siciliana-Just-Maria-1024x640.png","large-width":1024,"large-height":640,"1536x1536":"https:\/\/www.visitsicily.info\/wp-content\/uploads\/2025\/11\/4-Mercatini-di-Natale-a-Palermo-Archivio-Regione-Siciliana-Just-Maria-1536x960.png","1536x1536-width":1536,"1536x1536-height":960,"2048x2048":"https:\/\/www.visitsicily.info\/wp-content\/uploads\/2025\/11\/4-Mercatini-di-Natale-a-Palermo-Archivio-Regione-Siciliana-Just-Maria.png","2048x2048-width":1600,"2048x2048-height":1000,"blog-large":"https:\/\/www.visitsicily.info\/wp-content\/uploads\/2025\/11\/4-Mercatini-di-Natale-a-Palermo-Archivio-Regione-Siciliana-Just-Maria-669x272.png","blog-large-width":669,"blog-large-height":272,"blog-medium":"https:\/\/www.visitsicily.info\/wp-content\/uploads\/2025\/11\/4-Mercatini-di-Natale-a-Palermo-Archivio-Regione-Siciliana-Just-Maria-320x202.png","blog-medium-width":320,"blog-medium-height":202,"recent-posts":"https:\/\/www.visitsicily.info\/wp-content\/uploads\/2025\/11\/4-Mercatini-di-Natale-a-Palermo-Archivio-Regione-Siciliana-Just-Maria-700x441.png","recent-posts-width":700,"recent-posts-height":441,"recent-works-thumbnail":"https:\/\/www.visitsicily.info\/wp-content\/uploads\/2025\/11\/4-Mercatini-di-Natale-a-Palermo-Archivio-Regione-Siciliana-Just-Maria-66x66.png","recent-works-thumbnail-width":66,"recent-works-thumbnail-height":66,"fusion-200":"https:\/\/www.visitsicily.info\/wp-content\/uploads\/2025\/11\/4-Mercatini-di-Natale-a-Palermo-Archivio-Regione-Siciliana-Just-Maria-200x125.png","fusion-200-width":200,"fusion-200-height":125,"fusion-400":"https:\/\/www.visitsicily.info\/wp-content\/uploads\/2025\/11\/4-Mercatini-di-Natale-a-Palermo-Archivio-Regione-Siciliana-Just-Maria-400x250.png","fusion-400-width":400,"fusion-400-height":250,"fusion-600":"https:\/\/www.visitsicily.info\/wp-content\/uploads\/2025\/11\/4-Mercatini-di-Natale-a-Palermo-Archivio-Regione-Siciliana-Just-Maria-600x375.png","fusion-600-width":600,"fusion-600-height":375,"fusion-800":"https:\/\/www.visitsicily.info\/wp-content\/uploads\/2025\/11\/4-Mercatini-di-Natale-a-Palermo-Archivio-Regione-Siciliana-Just-Maria-800x500.png","fusion-800-width":800,"fusion-800-height":500,"fusion-1200":"https:\/\/www.visitsicily.info\/wp-content\/uploads\/2025\/11\/4-Mercatini-di-Natale-a-Palermo-Archivio-Regione-Siciliana-Just-Maria-1200x750.png","fusion-1200-width":1200,"fusion-1200-height":750,"portfolio-full":"https:\/\/www.visitsicily.info\/wp-content\/uploads\/2025\/11\/4-Mercatini-di-Natale-a-Palermo-Archivio-Regione-Siciliana-Just-Maria-940x400.png","portfolio-full-width":940,"portfolio-full-height":400,"portfolio-one":"https:\/\/www.visitsicily.info\/wp-content\/uploads\/2025\/11\/4-Mercatini-di-Natale-a-Palermo-Archivio-Regione-Siciliana-Just-Maria-540x272.png","portfolio-one-width":540,"portfolio-one-height":272,"portfolio-two":"https:\/\/www.visitsicily.info\/wp-content\/uploads\/2025\/11\/4-Mercatini-di-Natale-a-Palermo-Archivio-Regione-Siciliana-Just-Maria-460x295.png","portfolio-two-width":460,"portfolio-two-height":295,"portfolio-three":"https:\/\/www.visitsicily.info\/wp-content\/uploads\/2025\/11\/4-Mercatini-di-Natale-a-Palermo-Archivio-Regione-Siciliana-Just-Maria-300x214.png","portfolio-three-width":300,"portfolio-three-height":214,"portfolio-five":"https:\/\/www.visitsicily.info\/wp-content\/uploads\/2025\/11\/4-Mercatini-di-Natale-a-Palermo-Archivio-Regione-Siciliana-Just-Maria-177x142.png","portfolio-five-width":177,"portfolio-five-height":142}},{"ID":102373,"id":102373,"title":"cibo_arancina","filename":"cibo_arancina-scaled.jpg","filesize":312303,"url":"https:\/\/www.visitsicily.info\/wp-content\/uploads\/2015\/09\/cibo_arancina-scaled.jpg","link":"https:\/\/www.visitsicily.info\/es\/cibo_arancina-2\/","alt":"Arancine - Archuvio Regione Siciliana JM","author":"53","description":"Arancine - Archuvio Regione Siciliana JM","caption":"Arancine - Archuvio Regione Siciliana JM","name":"cibo_arancina-2","status":"inherit","uploaded_to":0,"date":"2025-11-13 08:48:33","modified":"2026-08-28 10:39:32","menu_order":0,"mime_type":"image\/jpeg","type":"image","subtype":"jpeg","icon":"https:\/\/www.visitsicily.info\/wp-includes\/images\/media\/default.png","width":2048,"height":2560,"sizes":{"thumbnail":"https:\/\/www.visitsicily.info\/wp-content\/uploads\/2015\/09\/cibo_arancina-150x150.jpg","thumbnail-width":150,"thumbnail-height":150,"medium":"https:\/\/www.visitsicily.info\/wp-content\/uploads\/2015\/09\/cibo_arancina-240x300.jpg","medium-width":240,"medium-height":300,"medium_large":"https:\/\/www.visitsicily.info\/wp-content\/uploads\/2015\/09\/cibo_arancina-768x960.jpg","medium_large-width":768,"medium_large-height":960,"large":"https:\/\/www.visitsicily.info\/wp-content\/uploads\/2015\/09\/cibo_arancina-819x1024.jpg","large-width":819,"large-height":1024,"1536x1536":"https:\/\/www.visitsicily.info\/wp-content\/uploads\/2015\/09\/cibo_arancina-1229x1536.jpg","1536x1536-width":1229,"1536x1536-height":1536,"2048x2048":"https:\/\/www.visitsicily.info\/wp-content\/uploads\/2015\/09\/cibo_arancina-1638x2048.jpg","2048x2048-width":1638,"2048x2048-height":2048,"blog-large":"https:\/\/www.visitsicily.info\/wp-content\/uploads\/2015\/09\/cibo_arancina-669x272.jpg","blog-large-width":669,"blog-large-height":272,"blog-medium":"https:\/\/www.visitsicily.info\/wp-content\/uploads\/2015\/09\/cibo_arancina-320x202.jpg","blog-medium-width":320,"blog-medium-height":202,"recent-posts":"https:\/\/www.visitsicily.info\/wp-content\/uploads\/2015\/09\/cibo_arancina-700x441.jpg","recent-posts-width":700,"recent-posts-height":441,"recent-works-thumbnail":"https:\/\/www.visitsicily.info\/wp-content\/uploads\/2015\/09\/cibo_arancina-66x66.jpg","recent-works-thumbnail-width":66,"recent-works-thumbnail-height":66,"fusion-200":"https:\/\/www.visitsicily.info\/wp-content\/uploads\/2015\/09\/cibo_arancina-200x250.jpg","fusion-200-width":200,"fusion-200-height":250,"fusion-400":"https:\/\/www.visitsicily.info\/wp-content\/uploads\/2015\/09\/cibo_arancina-400x500.jpg","fusion-400-width":400,"fusion-400-height":500,"fusion-600":"https:\/\/www.visitsicily.info\/wp-content\/uploads\/2015\/09\/cibo_arancina-600x750.jpg","fusion-600-width":600,"fusion-600-height":750,"fusion-800":"https:\/\/www.visitsicily.info\/wp-content\/uploads\/2015\/09\/cibo_arancina-800x1000.jpg","fusion-800-width":800,"fusion-800-height":1000,"fusion-1200":"https:\/\/www.visitsicily.info\/wp-content\/uploads\/2015\/09\/cibo_arancina-1200x1500.jpg","fusion-1200-width":1200,"fusion-1200-height":1500,"portfolio-full":"https:\/\/www.visitsicily.info\/wp-content\/uploads\/2015\/09\/cibo_arancina-940x400.jpg","portfolio-full-width":940,"portfolio-full-height":400,"portfolio-one":"https:\/\/www.visitsicily.info\/wp-content\/uploads\/2015\/09\/cibo_arancina-540x272.jpg","portfolio-one-width":540,"portfolio-one-height":272,"portfolio-two":"https:\/\/www.visitsicily.info\/wp-content\/uploads\/2015\/09\/cibo_arancina-460x295.jpg","portfolio-two-width":460,"portfolio-two-height":295,"portfolio-three":"https:\/\/www.visitsicily.info\/wp-content\/uploads\/2015\/09\/cibo_arancina-300x214.jpg","portfolio-three-width":300,"portfolio-three-height":214,"portfolio-five":"https:\/\/www.visitsicily.info\/wp-content\/uploads\/2015\/09\/cibo_arancina-177x142.jpg","portfolio-five-width":177,"portfolio-five-height":142}},{"ID":102686,"id":102686,"title":"Erice - Castello di Venere - Archivio Regione Siciliana ph F.Sessa","filename":"Erice-Castello-di-Venere-Archivio-Regione-Siciliana-ph-F.Sessa_-scaled.jpg","filesize":888127,"url":"https:\/\/www.visitsicily.info\/wp-content\/uploads\/2025\/11\/Erice-Castello-di-Venere-Archivio-Regione-Siciliana-ph-F.Sessa_-scaled.jpg","link":"https:\/\/www.visitsicily.info\/es\/attrazione\/funivia-per-erice-e-borgo-medievale\/erice-castello-di-venere-archivio-regione-siciliana-ph-f-sessa-2\/","alt":"Erice Archivio Regione Siciliana F.Sessa","author":"53","description":"Erice Archivio Regione Siciliana F.Sessa","caption":"Erice Archivio Regione Siciliana F.Sessa","name":"erice-castello-di-venere-archivio-regione-siciliana-ph-f-sessa-2","status":"inherit","uploaded_to":102701,"date":"2025-11-24 14:09:44","modified":"2025-11-24 14:11:00","menu_order":0,"mime_type":"image\/jpeg","type":"image","subtype":"jpeg","icon":"https:\/\/www.visitsicily.info\/wp-includes\/images\/media\/default.png","width":2560,"height":1706,"sizes":{"thumbnail":"https:\/\/www.visitsicily.info\/wp-content\/uploads\/2025\/11\/Erice-Castello-di-Venere-Archivio-Regione-Siciliana-ph-F.Sessa_-150x150.jpg","thumbnail-width":150,"thumbnail-height":150,"medium":"https:\/\/www.visitsicily.info\/wp-content\/uploads\/2025\/11\/Erice-Castello-di-Venere-Archivio-Regione-Siciliana-ph-F.Sessa_-300x200.jpg","medium-width":300,"medium-height":200,"medium_large":"https:\/\/www.visitsicily.info\/wp-content\/uploads\/2025\/11\/Erice-Castello-di-Venere-Archivio-Regione-Siciliana-ph-F.Sessa_-768x512.jpg","medium_large-width":768,"medium_large-height":512,"large":"https:\/\/www.visitsicily.info\/wp-content\/uploads\/2025\/11\/Erice-Castello-di-Venere-Archivio-Regione-Siciliana-ph-F.Sessa_-1024x683.jpg","large-width":1024,"large-height":683,"1536x1536":"https:\/\/www.visitsicily.info\/wp-content\/uploads\/2025\/11\/Erice-Castello-di-Venere-Archivio-Regione-Siciliana-ph-F.Sessa_-1536x1024.jpg","1536x1536-width":1536,"1536x1536-height":1024,"2048x2048":"https:\/\/www.visitsicily.info\/wp-content\/uploads\/2025\/11\/Erice-Castello-di-Venere-Archivio-Regione-Siciliana-ph-F.Sessa_-2048x1365.jpg","2048x2048-width":2048,"2048x2048-height":1365,"blog-large":"https:\/\/www.visitsicily.info\/wp-content\/uploads\/2025\/11\/Erice-Castello-di-Venere-Archivio-Regione-Siciliana-ph-F.Sessa_-669x272.jpg","blog-large-width":669,"blog-large-height":272,"blog-medium":"https:\/\/www.visitsicily.info\/wp-content\/uploads\/2025\/11\/Erice-Castello-di-Venere-Archivio-Regione-Siciliana-ph-F.Sessa_-320x202.jpg","blog-medium-width":320,"blog-medium-height":202,"recent-posts":"https:\/\/www.visitsicily.info\/wp-content\/uploads\/2025\/11\/Erice-Castello-di-Venere-Archivio-Regione-Siciliana-ph-F.Sessa_-700x441.jpg","recent-posts-width":700,"recent-posts-height":441,"recent-works-thumbnail":"https:\/\/www.visitsicily.info\/wp-content\/uploads\/2025\/11\/Erice-Castello-di-Venere-Archivio-Regione-Siciliana-ph-F.Sessa_-66x66.jpg","recent-works-thumbnail-width":66,"recent-works-thumbnail-height":66,"fusion-200":"https:\/\/www.visitsicily.info\/wp-content\/uploads\/2025\/11\/Erice-Castello-di-Venere-Archivio-Regione-Siciliana-ph-F.Sessa_-200x133.jpg","fusion-200-width":200,"fusion-200-height":133,"fusion-400":"https:\/\/www.visitsicily.info\/wp-content\/uploads\/2025\/11\/Erice-Castello-di-Venere-Archivio-Regione-Siciliana-ph-F.Sessa_-400x267.jpg","fusion-400-width":400,"fusion-400-height":267,"fusion-600":"https:\/\/www.visitsicily.info\/wp-content\/uploads\/2025\/11\/Erice-Castello-di-Venere-Archivio-Regione-Siciliana-ph-F.Sessa_-600x400.jpg","fusion-600-width":600,"fusion-600-height":400,"fusion-800":"https:\/\/www.visitsicily.info\/wp-content\/uploads\/2025\/11\/Erice-Castello-di-Venere-Archivio-Regione-Siciliana-ph-F.Sessa_-800x533.jpg","fusion-800-width":800,"fusion-800-height":533,"fusion-1200":"https:\/\/www.visitsicily.info\/wp-content\/uploads\/2025\/11\/Erice-Castello-di-Venere-Archivio-Regione-Siciliana-ph-F.Sessa_-1200x800.jpg","fusion-1200-width":1200,"fusion-1200-height":800,"portfolio-full":"https:\/\/www.visitsicily.info\/wp-content\/uploads\/2025\/11\/Erice-Castello-di-Venere-Archivio-Regione-Siciliana-ph-F.Sessa_-940x400.jpg","portfolio-full-width":940,"portfolio-full-height":400,"portfolio-one":"https:\/\/www.visitsicily.info\/wp-content\/uploads\/2025\/11\/Erice-Castello-di-Venere-Archivio-Regione-Siciliana-ph-F.Sessa_-540x272.jpg","portfolio-one-width":540,"portfolio-one-height":272,"portfolio-two":"https:\/\/www.visitsicily.info\/wp-content\/uploads\/2025\/11\/Erice-Castello-di-Venere-Archivio-Regione-Siciliana-ph-F.Sessa_-460x295.jpg","portfolio-two-width":460,"portfolio-two-height":295,"portfolio-three":"https:\/\/www.visitsicily.info\/wp-content\/uploads\/2025\/11\/Erice-Castello-di-Venere-Archivio-Regione-Siciliana-ph-F.Sessa_-300x214.jpg","portfolio-three-width":300,"portfolio-three-height":214,"portfolio-five":"https:\/\/www.visitsicily.info\/wp-content\/uploads\/2025\/11\/Erice-Castello-di-Venere-Archivio-Regione-Siciliana-ph-F.Sessa_-177x142.jpg","portfolio-five-width":177,"portfolio-five-height":142}},{"ID":110197,"id":110197,"title":"CULTURA_PALERMO_citta\u0300_01-Archivio Regione Siciliana JM","filename":"CULTURA_PALERMO_citta\u0300_01-Archivio-Regione-Siciliana-JM-scaled.jpg","filesize":946843,"url":"https:\/\/www.visitsicily.info\/wp-content\/uploads\/2026\/02\/CULTURA_PALERMO_citta\u0300_01-Archivio-Regione-Siciliana-JM-scaled.jpg","link":"https:\/\/www.visitsicily.info\/es\/vuelos-sicilia\/cultura_palermo_citta_01-archivio-regione-siciliana-jm-2\/","alt":"Palermo Archivio Regione Siciliana JM","author":"53","description":"Palermo Archivio Regione Siciliana JM","caption":"Palermo Archivio Regione Siciliana JM","name":"cultura_palermo_citta_01-archivio-regione-siciliana-jm-2","status":"inherit","uploaded_to":110341,"date":"2026-02-09 11:20:58","modified":"2026-03-26 11:36:25","menu_order":0,"mime_type":"image\/jpeg","type":"image","subtype":"jpeg","icon":"https:\/\/www.visitsicily.info\/wp-includes\/images\/media\/default.png","width":1916,"height":2560,"sizes":{"thumbnail":"https:\/\/www.visitsicily.info\/wp-content\/uploads\/2026\/02\/CULTURA_PALERMO_citta\u0300_01-Archivio-Regione-Siciliana-JM-150x150.jpg","thumbnail-width":150,"thumbnail-height":150,"medium":"https:\/\/www.visitsicily.info\/wp-content\/uploads\/2026\/02\/CULTURA_PALERMO_citta\u0300_01-Archivio-Regione-Siciliana-JM-224x300.jpg","medium-width":224,"medium-height":300,"medium_large":"https:\/\/www.visitsicily.info\/wp-content\/uploads\/2026\/02\/CULTURA_PALERMO_citta\u0300_01-Archivio-Regione-Siciliana-JM-768x1026.jpg","medium_large-width":768,"medium_large-height":1026,"large":"https:\/\/www.visitsicily.info\/wp-content\/uploads\/2026\/02\/CULTURA_PALERMO_citta\u0300_01-Archivio-Regione-Siciliana-JM-766x1024.jpg","large-width":766,"large-height":1024,"1536x1536":"https:\/\/www.visitsicily.info\/wp-content\/uploads\/2026\/02\/CULTURA_PALERMO_citta\u0300_01-Archivio-Regione-Siciliana-JM-1149x1536.jpg","1536x1536-width":1149,"1536x1536-height":1536,"2048x2048":"https:\/\/www.visitsicily.info\/wp-content\/uploads\/2026\/02\/CULTURA_PALERMO_citta\u0300_01-Archivio-Regione-Siciliana-JM-1532x2048.jpg","2048x2048-width":1532,"2048x2048-height":2048,"blog-large":"https:\/\/www.visitsicily.info\/wp-content\/uploads\/2026\/02\/CULTURA_PALERMO_citta\u0300_01-Archivio-Regione-Siciliana-JM-669x272.jpg","blog-large-width":669,"blog-large-height":272,"blog-medium":"https:\/\/www.visitsicily.info\/wp-content\/uploads\/2026\/02\/CULTURA_PALERMO_citta\u0300_01-Archivio-Regione-Siciliana-JM-320x202.jpg","blog-medium-width":320,"blog-medium-height":202,"recent-posts":"https:\/\/www.visitsicily.info\/wp-content\/uploads\/2026\/02\/CULTURA_PALERMO_citta\u0300_01-Archivio-Regione-Siciliana-JM-700x441.jpg","recent-posts-width":700,"recent-posts-height":441,"recent-works-thumbnail":"https:\/\/www.visitsicily.info\/wp-content\/uploads\/2026\/02\/CULTURA_PALERMO_citta\u0300_01-Archivio-Regione-Siciliana-JM-66x66.jpg","recent-works-thumbnail-width":66,"recent-works-thumbnail-height":66,"fusion-200":"https:\/\/www.visitsicily.info\/wp-content\/uploads\/2026\/02\/CULTURA_PALERMO_citta\u0300_01-Archivio-Regione-Siciliana-JM-200x267.jpg","fusion-200-width":200,"fusion-200-height":267,"fusion-400":"https:\/\/www.visitsicily.info\/wp-content\/uploads\/2026\/02\/CULTURA_PALERMO_citta\u0300_01-Archivio-Regione-Siciliana-JM-400x535.jpg","fusion-400-width":400,"fusion-400-height":535,"fusion-600":"https:\/\/www.visitsicily.info\/wp-content\/uploads\/2026\/02\/CULTURA_PALERMO_citta\u0300_01-Archivio-Regione-Siciliana-JM-600x802.jpg","fusion-600-width":600,"fusion-600-height":802,"fusion-800":"https:\/\/www.visitsicily.info\/wp-content\/uploads\/2026\/02\/CULTURA_PALERMO_citta\u0300_01-Archivio-Regione-Siciliana-JM-800x1069.jpg","fusion-800-width":800,"fusion-800-height":1069,"fusion-1200":"https:\/\/www.visitsicily.info\/wp-content\/uploads\/2026\/02\/CULTURA_PALERMO_citta\u0300_01-Archivio-Regione-Siciliana-JM-1200x1604.jpg","fusion-1200-width":1200,"fusion-1200-height":1604,"portfolio-full":"https:\/\/www.visitsicily.info\/wp-content\/uploads\/2026\/02\/CULTURA_PALERMO_citta\u0300_01-Archivio-Regione-Siciliana-JM-940x400.jpg","portfolio-full-width":940,"portfolio-full-height":400,"portfolio-one":"https:\/\/www.visitsicily.info\/wp-content\/uploads\/2026\/02\/CULTURA_PALERMO_citta\u0300_01-Archivio-Regione-Siciliana-JM-540x272.jpg","portfolio-one-width":540,"portfolio-one-height":272,"portfolio-two":"https:\/\/www.visitsicily.info\/wp-content\/uploads\/2026\/02\/CULTURA_PALERMO_citta\u0300_01-Archivio-Regione-Siciliana-JM-460x295.jpg","portfolio-two-width":460,"portfolio-two-height":295,"portfolio-three":"https:\/\/www.visitsicily.info\/wp-content\/uploads\/2026\/02\/CULTURA_PALERMO_citta\u0300_01-Archivio-Regione-Siciliana-JM-300x214.jpg","portfolio-three-width":300,"portfolio-three-height":214,"portfolio-five":"https:\/\/www.visitsicily.info\/wp-content\/uploads\/2026\/02\/CULTURA_PALERMO_citta\u0300_01-Archivio-Regione-Siciliana-JM-177x142.jpg","portfolio-five-width":177,"portfolio-five-height":142}},{"ID":110543,"id":110543,"title":"Valle dei Templi IMG_8064-HDR-Modifica","filename":"Valle-dei-Templi-IMG_8064-HDR-Modifica-scaled.jpg","filesize":1158857,"url":"https:\/\/www.visitsicily.info\/wp-content\/uploads\/2026\/02\/Valle-dei-Templi-IMG_8064-HDR-Modifica-scaled.jpg","link":"https:\/\/www.visitsicily.info\/es\/primavera-en-sicilia-floraciones-paisajes-y-senderismo\/valle-dei-templi-img_8064-hdr-modifica-2\/","alt":"Valle dei Templi - S.O","author":"53","description":"Valle dei Templi - S.Olimpo","caption":"Valle dei Templi - S.Olimpo","name":"valle-dei-templi-img_8064-hdr-modifica-2","status":"inherit","uploaded_to":110548,"date":"2026-02-12 14:47:18","modified":"2026-08-28 10:59:00","menu_order":0,"mime_type":"image\/jpeg","type":"image","subtype":"jpeg","icon":"https:\/\/www.visitsicily.info\/wp-includes\/images\/media\/default.png","width":2560,"height":1707,"sizes":{"thumbnail":"https:\/\/www.visitsicily.info\/wp-content\/uploads\/2026\/02\/Valle-dei-Templi-IMG_8064-HDR-Modifica-150x150.jpg","thumbnail-width":150,"thumbnail-height":150,"medium":"https:\/\/www.visitsicily.info\/wp-content\/uploads\/2026\/02\/Valle-dei-Templi-IMG_8064-HDR-Modifica-300x200.jpg","medium-width":300,"medium-height":200,"medium_large":"https:\/\/www.visitsicily.info\/wp-content\/uploads\/2026\/02\/Valle-dei-Templi-IMG_8064-HDR-Modifica-768x512.jpg","medium_large-width":768,"medium_large-height":512,"large":"https:\/\/www.visitsicily.info\/wp-content\/uploads\/2026\/02\/Valle-dei-Templi-IMG_8064-HDR-Modifica-1024x683.jpg","large-width":1024,"large-height":683,"1536x1536":"https:\/\/www.visitsicily.info\/wp-content\/uploads\/2026\/02\/Valle-dei-Templi-IMG_8064-HDR-Modifica-1536x1024.jpg","1536x1536-width":1536,"1536x1536-height":1024,"2048x2048":"https:\/\/www.visitsicily.info\/wp-content\/uploads\/2026\/02\/Valle-dei-Templi-IMG_8064-HDR-Modifica-2048x1365.jpg","2048x2048-width":2048,"2048x2048-height":1365,"blog-large":"https:\/\/www.visitsicily.info\/wp-content\/uploads\/2026\/02\/Valle-dei-Templi-IMG_8064-HDR-Modifica-669x272.jpg","blog-large-width":669,"blog-large-height":272,"blog-medium":"https:\/\/www.visitsicily.info\/wp-content\/uploads\/2026\/02\/Valle-dei-Templi-IMG_8064-HDR-Modifica-320x202.jpg","blog-medium-width":320,"blog-medium-height":202,"recent-posts":"https:\/\/www.visitsicily.info\/wp-content\/uploads\/2026\/02\/Valle-dei-Templi-IMG_8064-HDR-Modifica-700x441.jpg","recent-posts-width":700,"recent-posts-height":441,"recent-works-thumbnail":"https:\/\/www.visitsicily.info\/wp-content\/uploads\/2026\/02\/Valle-dei-Templi-IMG_8064-HDR-Modifica-66x66.jpg","recent-works-thumbnail-width":66,"recent-works-thumbnail-height":66,"fusion-200":"https:\/\/www.visitsicily.info\/wp-content\/uploads\/2026\/02\/Valle-dei-Templi-IMG_8064-HDR-Modifica-200x133.jpg","fusion-200-width":200,"fusion-200-height":133,"fusion-400":"https:\/\/www.visitsicily.info\/wp-content\/uploads\/2026\/02\/Valle-dei-Templi-IMG_8064-HDR-Modifica-400x267.jpg","fusion-400-width":400,"fusion-400-height":267,"fusion-600":"https:\/\/www.visitsicily.info\/wp-content\/uploads\/2026\/02\/Valle-dei-Templi-IMG_8064-HDR-Modifica-600x400.jpg","fusion-600-width":600,"fusion-600-height":400,"fusion-800":"https:\/\/www.visitsicily.info\/wp-content\/uploads\/2026\/02\/Valle-dei-Templi-IMG_8064-HDR-Modifica-800x533.jpg","fusion-800-width":800,"fusion-800-height":533,"fusion-1200":"https:\/\/www.visitsicily.info\/wp-content\/uploads\/2026\/02\/Valle-dei-Templi-IMG_8064-HDR-Modifica-1200x800.jpg","fusion-1200-width":1200,"fusion-1200-height":800,"portfolio-full":"https:\/\/www.visitsicily.info\/wp-content\/uploads\/2026\/02\/Valle-dei-Templi-IMG_8064-HDR-Modifica-940x400.jpg","portfolio-full-width":940,"portfolio-full-height":400,"portfolio-one":"https:\/\/www.visitsicily.info\/wp-content\/uploads\/2026\/02\/Valle-dei-Templi-IMG_8064-HDR-Modifica-540x272.jpg","portfolio-one-width":540,"portfolio-one-height":272,"portfolio-two":"https:\/\/www.visitsicily.info\/wp-content\/uploads\/2026\/02\/Valle-dei-Templi-IMG_8064-HDR-Modifica-460x295.jpg","portfolio-two-width":460,"portfolio-two-height":295,"portfolio-three":"https:\/\/www.visitsicily.info\/wp-content\/uploads\/2026\/02\/Valle-dei-Templi-IMG_8064-HDR-Modifica-300x214.jpg","portfolio-three-width":300,"portfolio-three-height":214,"portfolio-five":"https:\/\/www.visitsicily.info\/wp-content\/uploads\/2026\/02\/Valle-dei-Templi-IMG_8064-HDR-Modifica-177x142.jpg","portfolio-five-width":177,"portfolio-five-height":142}},{"ID":111530,"id":111530,"title":"Palermo_orto-botanico-dell'Universit\u00e0-degli-studi-di-palermo-@Archivio Regione Siciliana_JM","filename":"Palermo_orto-botanico-dellUniversita-degli-studi-di-palermo-@Archivio-Regione-Siciliana_JM-1.jpg","filesize":707473,"url":"https:\/\/www.visitsicily.info\/wp-content\/uploads\/2022\/02\/Palermo_orto-botanico-dellUniversita-degli-studi-di-palermo-@Archivio-Regione-Siciliana_JM-1.jpg","link":"https:\/\/www.visitsicily.info\/es\/itinerario\/jardines-botanicos-de-sicilia\/palermo_orto-botanico-delluniversita-degli-studi-di-palermo-archivio-regione-siciliana_jm-2-2\/","alt":"Palermo Orto botanico-dell'Universit\u00e0 degli Studi di Palermo-@Archivio Regione Siciliana_JM","author":"46","description":"Palermo Orto botanico-dell'Universit\u00e0 degli Studi di Palermo-@Archivio Regione Siciliana_JM","caption":"Palermo Orto botanico-dell'Universit\u00e0 degli Studi di Palermo-@Archivio Regione Siciliana_JM","name":"palermo_orto-botanico-delluniversita-degli-studi-di-palermo-archivio-regione-siciliana_jm-2-2","status":"inherit","uploaded_to":64652,"date":"2026-03-19 15:41:37","modified":"2026-03-19 15:43:44","menu_order":0,"mime_type":"image\/jpeg","type":"image","subtype":"jpeg","icon":"https:\/\/www.visitsicily.info\/wp-includes\/images\/media\/default.png","width":2000,"height":1275,"sizes":{"thumbnail":"https:\/\/www.visitsicily.info\/wp-content\/uploads\/2022\/02\/Palermo_orto-botanico-dellUniversita-degli-studi-di-palermo-@Archivio-Regione-Siciliana_JM-1-150x150.jpg","thumbnail-width":150,"thumbnail-height":150,"medium":"https:\/\/www.visitsicily.info\/wp-content\/uploads\/2022\/02\/Palermo_orto-botanico-dellUniversita-degli-studi-di-palermo-@Archivio-Regione-Siciliana_JM-1-300x191.jpg","medium-width":300,"medium-height":191,"medium_large":"https:\/\/www.visitsicily.info\/wp-content\/uploads\/2022\/02\/Palermo_orto-botanico-dellUniversita-degli-studi-di-palermo-@Archivio-Regione-Siciliana_JM-1-768x490.jpg","medium_large-width":768,"medium_large-height":490,"large":"https:\/\/www.visitsicily.info\/wp-content\/uploads\/2022\/02\/Palermo_orto-botanico-dellUniversita-degli-studi-di-palermo-@Archivio-Regione-Siciliana_JM-1-1024x653.jpg","large-width":1024,"large-height":653,"1536x1536":"https:\/\/www.visitsicily.info\/wp-content\/uploads\/2022\/02\/Palermo_orto-botanico-dellUniversita-degli-studi-di-palermo-@Archivio-Regione-Siciliana_JM-1-1536x979.jpg","1536x1536-width":1536,"1536x1536-height":979,"2048x2048":"https:\/\/www.visitsicily.info\/wp-content\/uploads\/2022\/02\/Palermo_orto-botanico-dellUniversita-degli-studi-di-palermo-@Archivio-Regione-Siciliana_JM-1.jpg","2048x2048-width":2000,"2048x2048-height":1275,"blog-large":"https:\/\/www.visitsicily.info\/wp-content\/uploads\/2022\/02\/Palermo_orto-botanico-dellUniversita-degli-studi-di-palermo-@Archivio-Regione-Siciliana_JM-1-669x272.jpg","blog-large-width":669,"blog-large-height":272,"blog-medium":"https:\/\/www.visitsicily.info\/wp-content\/uploads\/2022\/02\/Palermo_orto-botanico-dellUniversita-degli-studi-di-palermo-@Archivio-Regione-Siciliana_JM-1-320x202.jpg","blog-medium-width":320,"blog-medium-height":202,"recent-posts":"https:\/\/www.visitsicily.info\/wp-content\/uploads\/2022\/02\/Palermo_orto-botanico-dellUniversita-degli-studi-di-palermo-@Archivio-Regione-Siciliana_JM-1-700x441.jpg","recent-posts-width":700,"recent-posts-height":441,"recent-works-thumbnail":"https:\/\/www.visitsicily.info\/wp-content\/uploads\/2022\/02\/Palermo_orto-botanico-dellUniversita-degli-studi-di-palermo-@Archivio-Regione-Siciliana_JM-1-66x66.jpg","recent-works-thumbnail-width":66,"recent-works-thumbnail-height":66,"fusion-200":"https:\/\/www.visitsicily.info\/wp-content\/uploads\/2022\/02\/Palermo_orto-botanico-dellUniversita-degli-studi-di-palermo-@Archivio-Regione-Siciliana_JM-1-200x128.jpg","fusion-200-width":200,"fusion-200-height":128,"fusion-400":"https:\/\/www.visitsicily.info\/wp-content\/uploads\/2022\/02\/Palermo_orto-botanico-dellUniversita-degli-studi-di-palermo-@Archivio-Regione-Siciliana_JM-1-400x255.jpg","fusion-400-width":400,"fusion-400-height":255,"fusion-600":"https:\/\/www.visitsicily.info\/wp-content\/uploads\/2022\/02\/Palermo_orto-botanico-dellUniversita-degli-studi-di-palermo-@Archivio-Regione-Siciliana_JM-1-600x383.jpg","fusion-600-width":600,"fusion-600-height":383,"fusion-800":"https:\/\/www.visitsicily.info\/wp-content\/uploads\/2022\/02\/Palermo_orto-botanico-dellUniversita-degli-studi-di-palermo-@Archivio-Regione-Siciliana_JM-1-800x510.jpg","fusion-800-width":800,"fusion-800-height":510,"fusion-1200":"https:\/\/www.visitsicily.info\/wp-content\/uploads\/2022\/02\/Palermo_orto-botanico-dellUniversita-degli-studi-di-palermo-@Archivio-Regione-Siciliana_JM-1-1200x765.jpg","fusion-1200-width":1200,"fusion-1200-height":765,"portfolio-full":"https:\/\/www.visitsicily.info\/wp-content\/uploads\/2022\/02\/Palermo_orto-botanico-dellUniversita-degli-studi-di-palermo-@Archivio-Regione-Siciliana_JM-1-940x400.jpg","portfolio-full-width":940,"portfolio-full-height":400,"portfolio-one":"https:\/\/www.visitsicily.info\/wp-content\/uploads\/2022\/02\/Palermo_orto-botanico-dellUniversita-degli-studi-di-palermo-@Archivio-Regione-Siciliana_JM-1-540x272.jpg","portfolio-one-width":540,"portfolio-one-height":272,"portfolio-two":"https:\/\/www.visitsicily.info\/wp-content\/uploads\/2022\/02\/Palermo_orto-botanico-dellUniversita-degli-studi-di-palermo-@Archivio-Regione-Siciliana_JM-1-460x295.jpg","portfolio-two-width":460,"portfolio-two-height":295,"portfolio-three":"https:\/\/www.visitsicily.info\/wp-content\/uploads\/2022\/02\/Palermo_orto-botanico-dellUniversita-degli-studi-di-palermo-@Archivio-Regione-Siciliana_JM-1-300x214.jpg","portfolio-three-width":300,"portfolio-three-height":214,"portfolio-five":"https:\/\/www.visitsicily.info\/wp-content\/uploads\/2022\/02\/Palermo_orto-botanico-dellUniversita-degli-studi-di-palermo-@Archivio-Regione-Siciliana_JM-1-177x142.jpg","portfolio-five-width":177,"portfolio-five-height":142}},{"ID":111933,"id":111933,"title":"natura_trapani_mare_spiaggia-delle-mura-di-tramontana","filename":"natura_trapani_mare_spiaggia-delle-mura-di-tramontana.jpg","filesize":321991,"url":"https:\/\/www.visitsicily.info\/wp-content\/uploads\/2015\/09\/natura_trapani_mare_spiaggia-delle-mura-di-tramontana.jpg","link":"https:\/\/www.visitsicily.info\/es\/localita\/trapani\/natura_trapani_mare_spiaggia-delle-mura-di-tramontana-2\/","alt":"Trapani spiaggia delle mura di tramontana @Archivio Regione Siciliana_JM","author":"46","description":"Trapani spiaggia delle mura di tramontana @Archivio Regione Siciliana_JM","caption":"Trapani spiaggia delle mura di tramontana @Archivio Regione Siciliana_JM","name":"natura_trapani_mare_spiaggia-delle-mura-di-tramontana-2","status":"inherit","uploaded_to":63871,"date":"2026-03-26 16:10:39","modified":"2026-03-26 16:11:23","menu_order":0,"mime_type":"image\/jpeg","type":"image","subtype":"jpeg","icon":"https:\/\/www.visitsicily.info\/wp-includes\/images\/media\/default.png","width":2000,"height":1225,"sizes":{"thumbnail":"https:\/\/www.visitsicily.info\/wp-content\/uploads\/2015\/09\/natura_trapani_mare_spiaggia-delle-mura-di-tramontana-150x150.jpg","thumbnail-width":150,"thumbnail-height":150,"medium":"https:\/\/www.visitsicily.info\/wp-content\/uploads\/2015\/09\/natura_trapani_mare_spiaggia-delle-mura-di-tramontana-300x184.jpg","medium-width":300,"medium-height":184,"medium_large":"https:\/\/www.visitsicily.info\/wp-content\/uploads\/2015\/09\/natura_trapani_mare_spiaggia-delle-mura-di-tramontana-768x470.jpg","medium_large-width":768,"medium_large-height":470,"large":"https:\/\/www.visitsicily.info\/wp-content\/uploads\/2015\/09\/natura_trapani_mare_spiaggia-delle-mura-di-tramontana-1024x627.jpg","large-width":1024,"large-height":627,"1536x1536":"https:\/\/www.visitsicily.info\/wp-content\/uploads\/2015\/09\/natura_trapani_mare_spiaggia-delle-mura-di-tramontana-1536x941.jpg","1536x1536-width":1536,"1536x1536-height":941,"2048x2048":"https:\/\/www.visitsicily.info\/wp-content\/uploads\/2015\/09\/natura_trapani_mare_spiaggia-delle-mura-di-tramontana.jpg","2048x2048-width":2000,"2048x2048-height":1225,"blog-large":"https:\/\/www.visitsicily.info\/wp-content\/uploads\/2015\/09\/natura_trapani_mare_spiaggia-delle-mura-di-tramontana-669x272.jpg","blog-large-width":669,"blog-large-height":272,"blog-medium":"https:\/\/www.visitsicily.info\/wp-content\/uploads\/2015\/09\/natura_trapani_mare_spiaggia-delle-mura-di-tramontana-320x202.jpg","blog-medium-width":320,"blog-medium-height":202,"recent-posts":"https:\/\/www.visitsicily.info\/wp-content\/uploads\/2015\/09\/natura_trapani_mare_spiaggia-delle-mura-di-tramontana-700x441.jpg","recent-posts-width":700,"recent-posts-height":441,"recent-works-thumbnail":"https:\/\/www.visitsicily.info\/wp-content\/uploads\/2015\/09\/natura_trapani_mare_spiaggia-delle-mura-di-tramontana-66x66.jpg","recent-works-thumbnail-width":66,"recent-works-thumbnail-height":66,"fusion-200":"https:\/\/www.visitsicily.info\/wp-content\/uploads\/2015\/09\/natura_trapani_mare_spiaggia-delle-mura-di-tramontana-200x123.jpg","fusion-200-width":200,"fusion-200-height":123,"fusion-400":"https:\/\/www.visitsicily.info\/wp-content\/uploads\/2015\/09\/natura_trapani_mare_spiaggia-delle-mura-di-tramontana-400x245.jpg","fusion-400-width":400,"fusion-400-height":245,"fusion-600":"https:\/\/www.visitsicily.info\/wp-content\/uploads\/2015\/09\/natura_trapani_mare_spiaggia-delle-mura-di-tramontana-600x368.jpg","fusion-600-width":600,"fusion-600-height":368,"fusion-800":"https:\/\/www.visitsicily.info\/wp-content\/uploads\/2015\/09\/natura_trapani_mare_spiaggia-delle-mura-di-tramontana-800x490.jpg","fusion-800-width":800,"fusion-800-height":490,"fusion-1200":"https:\/\/www.visitsicily.info\/wp-content\/uploads\/2015\/09\/natura_trapani_mare_spiaggia-delle-mura-di-tramontana-1200x735.jpg","fusion-1200-width":1200,"fusion-1200-height":735,"portfolio-full":"https:\/\/www.visitsicily.info\/wp-content\/uploads\/2015\/09\/natura_trapani_mare_spiaggia-delle-mura-di-tramontana-940x400.jpg","portfolio-full-width":940,"portfolio-full-height":400,"portfolio-one":"https:\/\/www.visitsicily.info\/wp-content\/uploads\/2015\/09\/natura_trapani_mare_spiaggia-delle-mura-di-tramontana-540x272.jpg","portfolio-one-width":540,"portfolio-one-height":272,"portfolio-two":"https:\/\/www.visitsicily.info\/wp-content\/uploads\/2015\/09\/natura_trapani_mare_spiaggia-delle-mura-di-tramontana-460x295.jpg","portfolio-two-width":460,"portfolio-two-height":295,"portfolio-three":"https:\/\/www.visitsicily.info\/wp-content\/uploads\/2015\/09\/natura_trapani_mare_spiaggia-delle-mura-di-tramontana-300x214.jpg","portfolio-three-width":300,"portfolio-three-height":214,"portfolio-five":"https:\/\/www.visitsicily.info\/wp-content\/uploads\/2015\/09\/natura_trapani_mare_spiaggia-delle-mura-di-tramontana-177x142.jpg","portfolio-five-width":177,"portfolio-five-height":142}},{"ID":111947,"id":111947,"title":"Trapani_chiesa-delle-anime-sante-del-purgatorio_federica sessa","filename":"Trapani_chiesa-delle-anime-sante-del-purgatorio_federica-sessa-scaled.jpg","filesize":653566,"url":"https:\/\/www.visitsicily.info\/wp-content\/uploads\/2015\/09\/Trapani_chiesa-delle-anime-sante-del-purgatorio_federica-sessa-scaled.jpg","link":"https:\/\/www.visitsicily.info\/es\/localita\/trapani\/trapani_chiesa-delle-anime-sante-del-purgatorio_federica-sessa-2\/","alt":"Trapani Chiesa del-Purgatorio_federica sessa","author":"46","description":"Trapani Chiesa del-Purgatorio @ Archivio Regione Siciliana_Federica Sessa","caption":"Trapani Chiesa del-Purgatorio @ Archivio Regione Siciliana_Federica Sessa","name":"trapani_chiesa-delle-anime-sante-del-purgatorio_federica-sessa-2","status":"inherit","uploaded_to":63871,"date":"2026-03-26 16:59:04","modified":"2026-03-26 17:00:09","menu_order":0,"mime_type":"image\/jpeg","type":"image","subtype":"jpeg","icon":"https:\/\/www.visitsicily.info\/wp-includes\/images\/media\/default.png","width":2560,"height":1707,"sizes":{"thumbnail":"https:\/\/www.visitsicily.info\/wp-content\/uploads\/2015\/09\/Trapani_chiesa-delle-anime-sante-del-purgatorio_federica-sessa-150x150.jpg","thumbnail-width":150,"thumbnail-height":150,"medium":"https:\/\/www.visitsicily.info\/wp-content\/uploads\/2015\/09\/Trapani_chiesa-delle-anime-sante-del-purgatorio_federica-sessa-300x200.jpg","medium-width":300,"medium-height":200,"medium_large":"https:\/\/www.visitsicily.info\/wp-content\/uploads\/2015\/09\/Trapani_chiesa-delle-anime-sante-del-purgatorio_federica-sessa-768x512.jpg","medium_large-width":768,"medium_large-height":512,"large":"https:\/\/www.visitsicily.info\/wp-content\/uploads\/2015\/09\/Trapani_chiesa-delle-anime-sante-del-purgatorio_federica-sessa-1024x683.jpg","large-width":1024,"large-height":683,"1536x1536":"https:\/\/www.visitsicily.info\/wp-content\/uploads\/2015\/09\/Trapani_chiesa-delle-anime-sante-del-purgatorio_federica-sessa-1536x1024.jpg","1536x1536-width":1536,"1536x1536-height":1024,"2048x2048":"https:\/\/www.visitsicily.info\/wp-content\/uploads\/2015\/09\/Trapani_chiesa-delle-anime-sante-del-purgatorio_federica-sessa-2048x1366.jpg","2048x2048-width":2048,"2048x2048-height":1366,"blog-large":"https:\/\/www.visitsicily.info\/wp-content\/uploads\/2015\/09\/Trapani_chiesa-delle-anime-sante-del-purgatorio_federica-sessa-669x272.jpg","blog-large-width":669,"blog-large-height":272,"blog-medium":"https:\/\/www.visitsicily.info\/wp-content\/uploads\/2015\/09\/Trapani_chiesa-delle-anime-sante-del-purgatorio_federica-sessa-320x202.jpg","blog-medium-width":320,"blog-medium-height":202,"recent-posts":"https:\/\/www.visitsicily.info\/wp-content\/uploads\/2015\/09\/Trapani_chiesa-delle-anime-sante-del-purgatorio_federica-sessa-700x441.jpg","recent-posts-width":700,"recent-posts-height":441,"recent-works-thumbnail":"https:\/\/www.visitsicily.info\/wp-content\/uploads\/2015\/09\/Trapani_chiesa-delle-anime-sante-del-purgatorio_federica-sessa-66x66.jpg","recent-works-thumbnail-width":66,"recent-works-thumbnail-height":66,"fusion-200":"https:\/\/www.visitsicily.info\/wp-content\/uploads\/2015\/09\/Trapani_chiesa-delle-anime-sante-del-purgatorio_federica-sessa-200x133.jpg","fusion-200-width":200,"fusion-200-height":133,"fusion-400":"https:\/\/www.visitsicily.info\/wp-content\/uploads\/2015\/09\/Trapani_chiesa-delle-anime-sante-del-purgatorio_federica-sessa-400x267.jpg","fusion-400-width":400,"fusion-400-height":267,"fusion-600":"https:\/\/www.visitsicily.info\/wp-content\/uploads\/2015\/09\/Trapani_chiesa-delle-anime-sante-del-purgatorio_federica-sessa-600x400.jpg","fusion-600-width":600,"fusion-600-height":400,"fusion-800":"https:\/\/www.visitsicily.info\/wp-content\/uploads\/2015\/09\/Trapani_chiesa-delle-anime-sante-del-purgatorio_federica-sessa-800x533.jpg","fusion-800-width":800,"fusion-800-height":533,"fusion-1200":"https:\/\/www.visitsicily.info\/wp-content\/uploads\/2015\/09\/Trapani_chiesa-delle-anime-sante-del-purgatorio_federica-sessa-1200x800.jpg","fusion-1200-width":1200,"fusion-1200-height":800,"portfolio-full":"https:\/\/www.visitsicily.info\/wp-content\/uploads\/2015\/09\/Trapani_chiesa-delle-anime-sante-del-purgatorio_federica-sessa-940x400.jpg","portfolio-full-width":940,"portfolio-full-height":400,"portfolio-one":"https:\/\/www.visitsicily.info\/wp-content\/uploads\/2015\/09\/Trapani_chiesa-delle-anime-sante-del-purgatorio_federica-sessa-540x272.jpg","portfolio-one-width":540,"portfolio-one-height":272,"portfolio-two":"https:\/\/www.visitsicily.info\/wp-content\/uploads\/2015\/09\/Trapani_chiesa-delle-anime-sante-del-purgatorio_federica-sessa-460x295.jpg","portfolio-two-width":460,"portfolio-two-height":295,"portfolio-three":"https:\/\/www.visitsicily.info\/wp-content\/uploads\/2015\/09\/Trapani_chiesa-delle-anime-sante-del-purgatorio_federica-sessa-300x214.jpg","portfolio-three-width":300,"portfolio-three-height":214,"portfolio-five":"https:\/\/www.visitsicily.info\/wp-content\/uploads\/2015\/09\/Trapani_chiesa-delle-anime-sante-del-purgatorio_federica-sessa-177x142.jpg","portfolio-five-width":177,"portfolio-five-height":142}},{"ID":115731,"id":115731,"title":"Cattedrale di Palermo - Archivio Regione Siciliana - Mathia Coco","filename":"Cattedrale-di-Palermo-Archivio-Regione-Siciliana-Mathia-Coco.jpg","filesize":616460,"url":"https:\/\/www.visitsicily.info\/wp-content\/uploads\/2025\/10\/Cattedrale-di-Palermo-Archivio-Regione-Siciliana-Mathia-Coco.jpg","link":"https:\/\/www.visitsicily.info\/es\/itinerario\/cosa-fare-tre-giorni-a-palermo\/cattedrale-di-palermo-archivio-regione-siciliana-mathia-coco-2\/","alt":"Cattedrale di Palermo - Archivio Regione Siciliana - Mathia Coco","author":"46","description":"Cattedrale di Palermo - Archivio Regione Siciliana - Mathia Coco","caption":"Cattedrale di Palermo - Archivio Regione Siciliana - Mathia Coco","name":"cattedrale-di-palermo-archivio-regione-siciliana-mathia-coco-2","status":"inherit","uploaded_to":99048,"date":"2026-05-14 15:11:32","modified":"2026-08-13 16:42:15","menu_order":0,"mime_type":"image\/jpeg","type":"image","subtype":"jpeg","icon":"https:\/\/www.visitsicily.info\/wp-includes\/images\/media\/default.png","width":2000,"height":1333,"sizes":{"thumbnail":"https:\/\/www.visitsicily.info\/wp-content\/uploads\/2025\/10\/Cattedrale-di-Palermo-Archivio-Regione-Siciliana-Mathia-Coco-150x150.jpg","thumbnail-width":150,"thumbnail-height":150,"medium":"https:\/\/www.visitsicily.info\/wp-content\/uploads\/2025\/10\/Cattedrale-di-Palermo-Archivio-Regione-Siciliana-Mathia-Coco-300x200.jpg","medium-width":300,"medium-height":200,"medium_large":"https:\/\/www.visitsicily.info\/wp-content\/uploads\/2025\/10\/Cattedrale-di-Palermo-Archivio-Regione-Siciliana-Mathia-Coco-768x512.jpg","medium_large-width":768,"medium_large-height":512,"large":"https:\/\/www.visitsicily.info\/wp-content\/uploads\/2025\/10\/Cattedrale-di-Palermo-Archivio-Regione-Siciliana-Mathia-Coco-1024x682.jpg","large-width":1024,"large-height":682,"1536x1536":"https:\/\/www.visitsicily.info\/wp-content\/uploads\/2025\/10\/Cattedrale-di-Palermo-Archivio-Regione-Siciliana-Mathia-Coco-1536x1024.jpg","1536x1536-width":1536,"1536x1536-height":1024,"2048x2048":"https:\/\/www.visitsicily.info\/wp-content\/uploads\/2025\/10\/Cattedrale-di-Palermo-Archivio-Regione-Siciliana-Mathia-Coco.jpg","2048x2048-width":2000,"2048x2048-height":1333,"blog-large":"https:\/\/www.visitsicily.info\/wp-content\/uploads\/2025\/10\/Cattedrale-di-Palermo-Archivio-Regione-Siciliana-Mathia-Coco-669x272.jpg","blog-large-width":669,"blog-large-height":272,"blog-medium":"https:\/\/www.visitsicily.info\/wp-content\/uploads\/2025\/10\/Cattedrale-di-Palermo-Archivio-Regione-Siciliana-Mathia-Coco-320x202.jpg","blog-medium-width":320,"blog-medium-height":202,"recent-posts":"https:\/\/www.visitsicily.info\/wp-content\/uploads\/2025\/10\/Cattedrale-di-Palermo-Archivio-Regione-Siciliana-Mathia-Coco-700x441.jpg","recent-posts-width":700,"recent-posts-height":441,"recent-works-thumbnail":"https:\/\/www.visitsicily.info\/wp-content\/uploads\/2025\/10\/Cattedrale-di-Palermo-Archivio-Regione-Siciliana-Mathia-Coco-66x66.jpg","recent-works-thumbnail-width":66,"recent-works-thumbnail-height":66,"fusion-200":"https:\/\/www.visitsicily.info\/wp-content\/uploads\/2025\/10\/Cattedrale-di-Palermo-Archivio-Regione-Siciliana-Mathia-Coco-200x133.jpg","fusion-200-width":200,"fusion-200-height":133,"fusion-400":"https:\/\/www.visitsicily.info\/wp-content\/uploads\/2025\/10\/Cattedrale-di-Palermo-Archivio-Regione-Siciliana-Mathia-Coco-400x267.jpg","fusion-400-width":400,"fusion-400-height":267,"fusion-600":"https:\/\/www.visitsicily.info\/wp-content\/uploads\/2025\/10\/Cattedrale-di-Palermo-Archivio-Regione-Siciliana-Mathia-Coco-600x400.jpg","fusion-600-width":600,"fusion-600-height":400,"fusion-800":"https:\/\/www.visitsicily.info\/wp-content\/uploads\/2025\/10\/Cattedrale-di-Palermo-Archivio-Regione-Siciliana-Mathia-Coco-800x533.jpg","fusion-800-width":800,"fusion-800-height":533,"fusion-1200":"https:\/\/www.visitsicily.info\/wp-content\/uploads\/2025\/10\/Cattedrale-di-Palermo-Archivio-Regione-Siciliana-Mathia-Coco-1200x800.jpg","fusion-1200-width":1200,"fusion-1200-height":800,"portfolio-full":"https:\/\/www.visitsicily.info\/wp-content\/uploads\/2025\/10\/Cattedrale-di-Palermo-Archivio-Regione-Siciliana-Mathia-Coco-940x400.jpg","portfolio-full-width":940,"portfolio-full-height":400,"portfolio-one":"https:\/\/www.visitsicily.info\/wp-content\/uploads\/2025\/10\/Cattedrale-di-Palermo-Archivio-Regione-Siciliana-Mathia-Coco-540x272.jpg","portfolio-one-width":540,"portfolio-one-height":272,"portfolio-two":"https:\/\/www.visitsicily.info\/wp-content\/uploads\/2025\/10\/Cattedrale-di-Palermo-Archivio-Regione-Siciliana-Mathia-Coco-460x295.jpg","portfolio-two-width":460,"portfolio-two-height":295,"portfolio-three":"https:\/\/www.visitsicily.info\/wp-content\/uploads\/2025\/10\/Cattedrale-di-Palermo-Archivio-Regione-Siciliana-Mathia-Coco-300x214.jpg","portfolio-three-width":300,"portfolio-three-height":214,"portfolio-five":"https:\/\/www.visitsicily.info\/wp-content\/uploads\/2025\/10\/Cattedrale-di-Palermo-Archivio-Regione-Siciliana-Mathia-Coco-177x142.jpg","portfolio-five-width":177,"portfolio-five-height":142}},{"ID":116718,"id":116718,"title":"Selinunte-Panorama Arch. Regione Siciliana S.Olimpo","filename":"Selinunte-Panorama-Arch.-Regione-Siciliana-S.Olimpo-scaled.jpg","filesize":1224991,"url":"https:\/\/www.visitsicily.info\/wp-content\/uploads\/2022\/02\/Selinunte-Panorama-Arch.-Regione-Siciliana-S.Olimpo-scaled.jpg","link":"https:\/\/www.visitsicily.info\/es\/itinerario\/parques-arqueologicos-de-segesta-selinunte-y-lilibeo-trapani\/selinunte-panorama-arch-regione-siciliana-s-olimpo-2\/","alt":"Selinunte-Panorama Arch. Regione Siciliana S.Olimpo","author":"46","description":"Selinunte-Panorama Arch. Regione Siciliana S.Olimpo","caption":"Selinunte-Panorama Arch. Regione Siciliana S.Olimpo","name":"selinunte-panorama-arch-regione-siciliana-s-olimpo-2","status":"inherit","uploaded_to":64561,"date":"2026-07-02 08:50:46","modified":"2026-08-28 10:57:28","menu_order":0,"mime_type":"image\/jpeg","type":"image","subtype":"jpeg","icon":"https:\/\/www.visitsicily.info\/wp-includes\/images\/media\/default.png","width":2560,"height":2048,"sizes":{"thumbnail":"https:\/\/www.visitsicily.info\/wp-content\/uploads\/2022\/02\/Selinunte-Panorama-Arch.-Regione-Siciliana-S.Olimpo-150x150.jpg","thumbnail-width":150,"thumbnail-height":150,"medium":"https:\/\/www.visitsicily.info\/wp-content\/uploads\/2022\/02\/Selinunte-Panorama-Arch.-Regione-Siciliana-S.Olimpo-300x240.jpg","medium-width":300,"medium-height":240,"medium_large":"https:\/\/www.visitsicily.info\/wp-content\/uploads\/2022\/02\/Selinunte-Panorama-Arch.-Regione-Siciliana-S.Olimpo-768x614.jpg","medium_large-width":768,"medium_large-height":614,"large":"https:\/\/www.visitsicily.info\/wp-content\/uploads\/2022\/02\/Selinunte-Panorama-Arch.-Regione-Siciliana-S.Olimpo-1024x819.jpg","large-width":1024,"large-height":819,"1536x1536":"https:\/\/www.visitsicily.info\/wp-content\/uploads\/2022\/02\/Selinunte-Panorama-Arch.-Regione-Siciliana-S.Olimpo-1536x1229.jpg","1536x1536-width":1536,"1536x1536-height":1229,"2048x2048":"https:\/\/www.visitsicily.info\/wp-content\/uploads\/2022\/02\/Selinunte-Panorama-Arch.-Regione-Siciliana-S.Olimpo-2048x1638.jpg","2048x2048-width":2048,"2048x2048-height":1638,"blog-large":"https:\/\/www.visitsicily.info\/wp-content\/uploads\/2022\/02\/Selinunte-Panorama-Arch.-Regione-Siciliana-S.Olimpo-669x272.jpg","blog-large-width":669,"blog-large-height":272,"blog-medium":"https:\/\/www.visitsicily.info\/wp-content\/uploads\/2022\/02\/Selinunte-Panorama-Arch.-Regione-Siciliana-S.Olimpo-320x202.jpg","blog-medium-width":320,"blog-medium-height":202,"recent-posts":"https:\/\/www.visitsicily.info\/wp-content\/uploads\/2022\/02\/Selinunte-Panorama-Arch.-Regione-Siciliana-S.Olimpo-700x441.jpg","recent-posts-width":700,"recent-posts-height":441,"recent-works-thumbnail":"https:\/\/www.visitsicily.info\/wp-content\/uploads\/2022\/02\/Selinunte-Panorama-Arch.-Regione-Siciliana-S.Olimpo-66x66.jpg","recent-works-thumbnail-width":66,"recent-works-thumbnail-height":66,"fusion-200":"https:\/\/www.visitsicily.info\/wp-content\/uploads\/2022\/02\/Selinunte-Panorama-Arch.-Regione-Siciliana-S.Olimpo-200x160.jpg","fusion-200-width":200,"fusion-200-height":160,"fusion-400":"https:\/\/www.visitsicily.info\/wp-content\/uploads\/2022\/02\/Selinunte-Panorama-Arch.-Regione-Siciliana-S.Olimpo-400x320.jpg","fusion-400-width":400,"fusion-400-height":320,"fusion-600":"https:\/\/www.visitsicily.info\/wp-content\/uploads\/2022\/02\/Selinunte-Panorama-Arch.-Regione-Siciliana-S.Olimpo-600x480.jpg","fusion-600-width":600,"fusion-600-height":480,"fusion-800":"https:\/\/www.visitsicily.info\/wp-content\/uploads\/2022\/02\/Selinunte-Panorama-Arch.-Regione-Siciliana-S.Olimpo-800x640.jpg","fusion-800-width":800,"fusion-800-height":640,"fusion-1200":"https:\/\/www.visitsicily.info\/wp-content\/uploads\/2022\/02\/Selinunte-Panorama-Arch.-Regione-Siciliana-S.Olimpo-1200x960.jpg","fusion-1200-width":1200,"fusion-1200-height":960,"portfolio-full":"https:\/\/www.visitsicily.info\/wp-content\/uploads\/2022\/02\/Selinunte-Panorama-Arch.-Regione-Siciliana-S.Olimpo-940x400.jpg","portfolio-full-width":940,"portfolio-full-height":400,"portfolio-one":"https:\/\/www.visitsicily.info\/wp-content\/uploads\/2022\/02\/Selinunte-Panorama-Arch.-Regione-Siciliana-S.Olimpo-540x272.jpg","portfolio-one-width":540,"portfolio-one-height":272,"portfolio-two":"https:\/\/www.visitsicily.info\/wp-content\/uploads\/2022\/02\/Selinunte-Panorama-Arch.-Regione-Siciliana-S.Olimpo-460x295.jpg","portfolio-two-width":460,"portfolio-two-height":295,"portfolio-three":"https:\/\/www.visitsicily.info\/wp-content\/uploads\/2022\/02\/Selinunte-Panorama-Arch.-Regione-Siciliana-S.Olimpo-300x214.jpg","portfolio-three-width":300,"portfolio-three-height":214,"portfolio-five":"https:\/\/www.visitsicily.info\/wp-content\/uploads\/2022\/02\/Selinunte-Panorama-Arch.-Regione-Siciliana-S.Olimpo-177x142.jpg","portfolio-five-width":177,"portfolio-five-height":142}},{"ID":117288,"id":117288,"title":"Castellammare del Golfo_1-Salvo Olimpo","filename":"Castellammare-del-Golfo_1-Salvo-Olimpo-scaled.jpg","filesize":1147326,"url":"https:\/\/www.visitsicily.info\/wp-content\/uploads\/2015\/10\/Castellammare-del-Golfo_1-Salvo-Olimpo-scaled.jpg","link":"https:\/\/www.visitsicily.info\/es\/itinerario\/viaje-por-la-sicilia-occidental\/castellammare-del-golfo_1-salvo-olimpo-2\/","alt":"Castellammare del Golfo_1-Salvo Olimpo","author":"46","description":"Castellammare del Golfo_1-Salvo Olimpo","caption":"Castellammare del Golfo_1-Salvo Olimpo","name":"castellammare-del-golfo_1-salvo-olimpo-2","status":"inherit","uploaded_to":63916,"date":"2026-08-28 10:44:19","modified":"2026-08-28 10:49:39","menu_order":0,"mime_type":"image\/jpeg","type":"image","subtype":"jpeg","icon":"https:\/\/www.visitsicily.info\/wp-includes\/images\/media\/default.png","width":2560,"height":1733,"sizes":{"thumbnail":"https:\/\/www.visitsicily.info\/wp-content\/uploads\/2015\/10\/Castellammare-del-Golfo_1-Salvo-Olimpo-150x150.jpg","thumbnail-width":150,"thumbnail-height":150,"medium":"https:\/\/www.visitsicily.info\/wp-content\/uploads\/2015\/10\/Castellammare-del-Golfo_1-Salvo-Olimpo-300x203.jpg","medium-width":300,"medium-height":203,"medium_large":"https:\/\/www.visitsicily.info\/wp-content\/uploads\/2015\/10\/Castellammare-del-Golfo_1-Salvo-Olimpo-768x520.jpg","medium_large-width":768,"medium_large-height":520,"large":"https:\/\/www.visitsicily.info\/wp-content\/uploads\/2015\/10\/Castellammare-del-Golfo_1-Salvo-Olimpo-1024x693.jpg","large-width":1024,"large-height":693,"1536x1536":"https:\/\/www.visitsicily.info\/wp-content\/uploads\/2015\/10\/Castellammare-del-Golfo_1-Salvo-Olimpo-1536x1040.jpg","1536x1536-width":1536,"1536x1536-height":1040,"2048x2048":"https:\/\/www.visitsicily.info\/wp-content\/uploads\/2015\/10\/Castellammare-del-Golfo_1-Salvo-Olimpo-2048x1387.jpg","2048x2048-width":2048,"2048x2048-height":1387,"blog-large":"https:\/\/www.visitsicily.info\/wp-content\/uploads\/2015\/10\/Castellammare-del-Golfo_1-Salvo-Olimpo-669x272.jpg","blog-large-width":669,"blog-large-height":272,"blog-medium":"https:\/\/www.visitsicily.info\/wp-content\/uploads\/2015\/10\/Castellammare-del-Golfo_1-Salvo-Olimpo-320x202.jpg","blog-medium-width":320,"blog-medium-height":202,"recent-posts":"https:\/\/www.visitsicily.info\/wp-content\/uploads\/2015\/10\/Castellammare-del-Golfo_1-Salvo-Olimpo-700x441.jpg","recent-posts-width":700,"recent-posts-height":441,"recent-works-thumbnail":"https:\/\/www.visitsicily.info\/wp-content\/uploads\/2015\/10\/Castellammare-del-Golfo_1-Salvo-Olimpo-66x66.jpg","recent-works-thumbnail-width":66,"recent-works-thumbnail-height":66,"fusion-200":"https:\/\/www.visitsicily.info\/wp-content\/uploads\/2015\/10\/Castellammare-del-Golfo_1-Salvo-Olimpo-200x135.jpg","fusion-200-width":200,"fusion-200-height":135,"fusion-400":"https:\/\/www.visitsicily.info\/wp-content\/uploads\/2015\/10\/Castellammare-del-Golfo_1-Salvo-Olimpo-400x271.jpg","fusion-400-width":400,"fusion-400-height":271,"fusion-600":"https:\/\/www.visitsicily.info\/wp-content\/uploads\/2015\/10\/Castellammare-del-Golfo_1-Salvo-Olimpo-600x406.jpg","fusion-600-width":600,"fusion-600-height":406,"fusion-800":"https:\/\/www.visitsicily.info\/wp-content\/uploads\/2015\/10\/Castellammare-del-Golfo_1-Salvo-Olimpo-800x542.jpg","fusion-800-width":800,"fusion-800-height":542,"fusion-1200":"https:\/\/www.visitsicily.info\/wp-content\/uploads\/2015\/10\/Castellammare-del-Golfo_1-Salvo-Olimpo-1200x812.jpg","fusion-1200-width":1200,"fusion-1200-height":812,"portfolio-full":"https:\/\/www.visitsicily.info\/wp-content\/uploads\/2015\/10\/Castellammare-del-Golfo_1-Salvo-Olimpo-940x400.jpg","portfolio-full-width":940,"portfolio-full-height":400,"portfolio-one":"https:\/\/www.visitsicily.info\/wp-content\/uploads\/2015\/10\/Castellammare-del-Golfo_1-Salvo-Olimpo-540x272.jpg","portfolio-one-width":540,"portfolio-one-height":272,"portfolio-two":"https:\/\/www.visitsicily.info\/wp-content\/uploads\/2015\/10\/Castellammare-del-Golfo_1-Salvo-Olimpo-460x295.jpg","portfolio-two-width":460,"portfolio-two-height":295,"portfolio-three":"https:\/\/www.visitsicily.info\/wp-content\/uploads\/2015\/10\/Castellammare-del-Golfo_1-Salvo-Olimpo-300x214.jpg","portfolio-three-width":300,"portfolio-three-height":214,"portfolio-five":"https:\/\/www.visitsicily.info\/wp-content\/uploads\/2015\/10\/Castellammare-del-Golfo_1-Salvo-Olimpo-177x142.jpg","portfolio-five-width":177,"portfolio-five-height":142}},{"ID":117292,"id":117292,"title":"Alcamo_street-art-murales-emanuele-poki","filename":"Alcamo_street-art-murales-emanuele-poki-scaled.jpg","filesize":992312,"url":"https:\/\/www.visitsicily.info\/wp-content\/uploads\/2015\/10\/Alcamo_street-art-murales-emanuele-poki-scaled.jpg","link":"https:\/\/www.visitsicily.info\/es\/itinerario\/viaje-por-la-sicilia-occidental\/alcamo_street-art-murales-emanuele-poki-2\/","alt":"","author":"46","description":"","caption":"","name":"alcamo_street-art-murales-emanuele-poki-2","status":"inherit","uploaded_to":63916,"date":"2026-08-28 10:51:39","modified":"2026-08-28 10:51:39","menu_order":0,"mime_type":"image\/jpeg","type":"image","subtype":"jpeg","icon":"https:\/\/www.visitsicily.info\/wp-includes\/images\/media\/default.png","width":2560,"height":1707,"sizes":{"thumbnail":"https:\/\/www.visitsicily.info\/wp-content\/uploads\/2015\/10\/Alcamo_street-art-murales-emanuele-poki-150x150.jpg","thumbnail-width":150,"thumbnail-height":150,"medium":"https:\/\/www.visitsicily.info\/wp-content\/uploads\/2015\/10\/Alcamo_street-art-murales-emanuele-poki-300x200.jpg","medium-width":300,"medium-height":200,"medium_large":"https:\/\/www.visitsicily.info\/wp-content\/uploads\/2015\/10\/Alcamo_street-art-murales-emanuele-poki-768x512.jpg","medium_large-width":768,"medium_large-height":512,"large":"https:\/\/www.visitsicily.info\/wp-content\/uploads\/2015\/10\/Alcamo_street-art-murales-emanuele-poki-1024x683.jpg","large-width":1024,"large-height":683,"1536x1536":"https:\/\/www.visitsicily.info\/wp-content\/uploads\/2015\/10\/Alcamo_street-art-murales-emanuele-poki-1536x1024.jpg","1536x1536-width":1536,"1536x1536-height":1024,"2048x2048":"https:\/\/www.visitsicily.info\/wp-content\/uploads\/2015\/10\/Alcamo_street-art-murales-emanuele-poki-2048x1365.jpg","2048x2048-width":2048,"2048x2048-height":1365,"blog-large":"https:\/\/www.visitsicily.info\/wp-content\/uploads\/2015\/10\/Alcamo_street-art-murales-emanuele-poki-669x272.jpg","blog-large-width":669,"blog-large-height":272,"blog-medium":"https:\/\/www.visitsicily.info\/wp-content\/uploads\/2015\/10\/Alcamo_street-art-murales-emanuele-poki-320x202.jpg","blog-medium-width":320,"blog-medium-height":202,"recent-posts":"https:\/\/www.visitsicily.info\/wp-content\/uploads\/2015\/10\/Alcamo_street-art-murales-emanuele-poki-700x441.jpg","recent-posts-width":700,"recent-posts-height":441,"recent-works-thumbnail":"https:\/\/www.visitsicily.info\/wp-content\/uploads\/2015\/10\/Alcamo_street-art-murales-emanuele-poki-66x66.jpg","recent-works-thumbnail-width":66,"recent-works-thumbnail-height":66,"fusion-200":"https:\/\/www.visitsicily.info\/wp-content\/uploads\/2015\/10\/Alcamo_street-art-murales-emanuele-poki-200x133.jpg","fusion-200-width":200,"fusion-200-height":133,"fusion-400":"https:\/\/www.visitsicily.info\/wp-content\/uploads\/2015\/10\/Alcamo_street-art-murales-emanuele-poki-400x267.jpg","fusion-400-width":400,"fusion-400-height":267,"fusion-600":"https:\/\/www.visitsicily.info\/wp-content\/uploads\/2015\/10\/Alcamo_street-art-murales-emanuele-poki-600x400.jpg","fusion-600-width":600,"fusion-600-height":400,"fusion-800":"https:\/\/www.visitsicily.info\/wp-content\/uploads\/2015\/10\/Alcamo_street-art-murales-emanuele-poki-800x533.jpg","fusion-800-width":800,"fusion-800-height":533,"fusion-1200":"https:\/\/www.visitsicily.info\/wp-content\/uploads\/2015\/10\/Alcamo_street-art-murales-emanuele-poki-1200x800.jpg","fusion-1200-width":1200,"fusion-1200-height":800,"portfolio-full":"https:\/\/www.visitsicily.info\/wp-content\/uploads\/2015\/10\/Alcamo_street-art-murales-emanuele-poki-940x400.jpg","portfolio-full-width":940,"portfolio-full-height":400,"portfolio-one":"https:\/\/www.visitsicily.info\/wp-content\/uploads\/2015\/10\/Alcamo_street-art-murales-emanuele-poki-540x272.jpg","portfolio-one-width":540,"portfolio-one-height":272,"portfolio-two":"https:\/\/www.visitsicily.info\/wp-content\/uploads\/2015\/10\/Alcamo_street-art-murales-emanuele-poki-460x295.jpg","portfolio-two-width":460,"portfolio-two-height":295,"portfolio-three":"https:\/\/www.visitsicily.info\/wp-content\/uploads\/2015\/10\/Alcamo_street-art-murales-emanuele-poki-300x214.jpg","portfolio-three-width":300,"portfolio-three-height":214,"portfolio-five":"https:\/\/www.visitsicily.info\/wp-content\/uploads\/2015\/10\/Alcamo_street-art-murales-emanuele-poki-177x142.jpg","portfolio-five-width":177,"portfolio-five-height":142}}],"localizzazione":"<div class=\"leaflet-map\" data-height=\"400\" data-map=\"leaflet\" data-map-lng=\"13.0023193\" data-map-lat=\"37.7620299\" data-map-zoom=\"7\" data-map-layers=\"[&quot;CartoDB.Voyager&quot;]\" data-map-markers=\"[{&quot;label&quot;:&quot;Palermo&quot;,&quot;default_label&quot;:&quot;Palermo, Sicilia Italia&quot;,&quot;lat&quot;:38.111226799999997,&quot;lng&quot;:13.3524434,&quot;uuid&quot;:&quot;marker_6a9163fe1c9e7&quot;},{&quot;label&quot;:&quot;Trapani&quot;,&quot;default_label&quot;:&quot;91100 Trapani, Sicilia Italia&quot;,&quot;lat&quot;:38.017432100000001,&quot;lng&quot;:12.515992000000001,&quot;uuid&quot;:&quot;marker_6a9163fe1c9e8&quot;},{&quot;label&quot;:&quot;91011 Alcamo, Sicilia Italia&quot;,&quot;default_label&quot;:&quot;91011 Alcamo, Sicilia Italia&quot;,&quot;lat&quot;:37.976649700000003,&quot;lng&quot;:12.962673499999999,&quot;geocode&quot;:[{&quot;name&quot;:&quot;Alcamo, Trapani, Sicilia, 91011, Italia&quot;,&quot;html&quot;:&quot;91011 Alcamo, Sicilia Italia&quot;,&quot;bbox&quot;:{&quot;_southWest&quot;:{&quot;lat&quot;:37.8970512,&quot;lng&quot;:12.896353},&quot;_northEast&quot;:{&quot;lat&quot;:38.039885699999999,&quot;lng&quot;:13.0540257}},&quot;center&quot;:{&quot;lat&quot;:37.976649700000003,&quot;lng&quot;:12.962673499999999},&quot;properties&quot;:{&quot;place_id&quot;:54040576,&quot;licence&quot;:&quot;Data \\u00a9 OpenStreetMap contributors, ODbL 1.0. http:\\\/\\\/osm.org\\\/copyright&quot;,&quot;osm_type&quot;:&quot;relation&quot;,&quot;osm_id&quot;:39412,&quot;lat&quot;:&quot;37.9766497&quot;,&quot;lon&quot;:&quot;12.9626735&quot;,&quot;class&quot;:&quot;boundary&quot;,&quot;type&quot;:&quot;administrative&quot;,&quot;place_rank&quot;:16,&quot;importance&quot;:0.5091243998608328,&quot;addresstype&quot;:&quot;town&quot;,&quot;name&quot;:&quot;Alcamo&quot;,&quot;display_name&quot;:&quot;Alcamo, Trapani, Sicilia, 91011, Italia&quot;,&quot;address&quot;:{&quot;town&quot;:&quot;Alcamo&quot;,&quot;county&quot;:&quot;Trapani&quot;,&quot;ISO3166-2-lvl6&quot;:&quot;IT-TP&quot;,&quot;state&quot;:&quot;Sicilia&quot;,&quot;ISO3166-2-lvl4&quot;:&quot;IT-82&quot;,&quot;postcode&quot;:&quot;91011&quot;,&quot;country&quot;:&quot;Italia&quot;,&quot;country_code&quot;:&quot;it&quot;,&quot;building&quot;:&quot;&quot;,&quot;road&quot;:&quot;&quot;,&quot;house_number&quot;:&quot;&quot;,&quot;city&quot;:&quot;&quot;,&quot;village&quot;:&quot;&quot;,&quot;hamlet&quot;:&quot;&quot;},&quot;boundingbox&quot;:[37.8970512,38.039885699999999,12.896353,13.0540257]}}],&quot;uuid&quot;:&quot;marker_6a9192900873f&quot;},{&quot;label&quot;:&quot;91016 Erice, Sicilia Italia&quot;,&quot;default_label&quot;:&quot;91016 Erice, Sicilia Italia&quot;,&quot;lat&quot;:38.0382301,&quot;lng&quot;:12.5871823,&quot;geocode&quot;:[{&quot;name&quot;:&quot;Erice, Trapani, Sicilia, 91016, Italia&quot;,&quot;html&quot;:&quot;91016 Erice, Sicilia Italia&quot;,&quot;bbox&quot;:{&quot;_southWest&quot;:{&quot;lat&quot;:37.954637099999999,&quot;lng&quot;:12.528935000000001},&quot;_northEast&quot;:{&quot;lat&quot;:38.070522099999998,&quot;lng&quot;:12.7329151}},&quot;center&quot;:{&quot;lat&quot;:38.0382301,&quot;lng&quot;:12.5871823},&quot;properties&quot;:{&quot;place_id&quot;:53265535,&quot;licence&quot;:&quot;Data \\u00a9 OpenStreetMap contributors, ODbL 1.0. http:\\\/\\\/osm.org\\\/copyright&quot;,&quot;osm_type&quot;:&quot;relation&quot;,&quot;osm_id&quot;:39450,&quot;lat&quot;:&quot;38.0382301&quot;,&quot;lon&quot;:&quot;12.5871823&quot;,&quot;class&quot;:&quot;boundary&quot;,&quot;type&quot;:&quot;administrative&quot;,&quot;place_rank&quot;:16,&quot;importance&quot;:0.51086366979166209,&quot;addresstype&quot;:&quot;town&quot;,&quot;name&quot;:&quot;Erice&quot;,&quot;display_name&quot;:&quot;Erice, Trapani, Sicilia, 91016, Italia&quot;,&quot;address&quot;:{&quot;town&quot;:&quot;Erice&quot;,&quot;county&quot;:&quot;Trapani&quot;,&quot;ISO3166-2-lvl6&quot;:&quot;IT-TP&quot;,&quot;state&quot;:&quot;Sicilia&quot;,&quot;ISO3166-2-lvl4&quot;:&quot;IT-82&quot;,&quot;postcode&quot;:&quot;91016&quot;,&quot;country&quot;:&quot;Italia&quot;,&quot;country_code&quot;:&quot;it&quot;,&quot;building&quot;:&quot;&quot;,&quot;road&quot;:&quot;&quot;,&quot;house_number&quot;:&quot;&quot;,&quot;city&quot;:&quot;&quot;,&quot;village&quot;:&quot;&quot;,&quot;hamlet&quot;:&quot;&quot;},&quot;boundingbox&quot;:[37.954637099999999,38.070522099999998,12.528935000000001,12.7329151]}}],&quot;uuid&quot;:&quot;marker_6a9192ad08740&quot;},{&quot;label&quot;:&quot;91024 Gibellina, Sicilia Italia&quot;,&quot;default_label&quot;:&quot;91024 Gibellina, Sicilia Italia&quot;,&quot;lat&quot;:37.807183799999997,&quot;lng&quot;:12.9618819,&quot;geocode&quot;:[{&quot;name&quot;:&quot;Gibellina, Trapani, Sicilia, 91024, Italia&quot;,&quot;html&quot;:&quot;91024 Gibellina, Sicilia Italia&quot;,&quot;bbox&quot;:{&quot;_southWest&quot;:{&quot;lat&quot;:37.769387500000001,&quot;lng&quot;:12.865362899999999},&quot;_northEast&quot;:{&quot;lat&quot;:37.844890900000003,&quot;lng&quot;:13.019215000000001}},&quot;center&quot;:{&quot;lat&quot;:37.807183799999997,&quot;lng&quot;:12.9618819},&quot;properties&quot;:{&quot;place_id&quot;:54541519,&quot;licence&quot;:&quot;Data \\u00a9 OpenStreetMap contributors, ODbL 1.0. http:\\\/\\\/osm.org\\\/copyright&quot;,&quot;osm_type&quot;:&quot;relation&quot;,&quot;osm_id&quot;:39368,&quot;lat&quot;:&quot;37.8071838&quot;,&quot;lon&quot;:&quot;12.9618819&quot;,&quot;class&quot;:&quot;boundary&quot;,&quot;type&quot;:&quot;administrative&quot;,&quot;place_rank&quot;:16,&quot;importance&quot;:0.44643167394590155,&quot;addresstype&quot;:&quot;city&quot;,&quot;name&quot;:&quot;Gibellina&quot;,&quot;display_name&quot;:&quot;Gibellina, Trapani, Sicilia, 91024, Italia&quot;,&quot;address&quot;:{&quot;city&quot;:&quot;Gibellina&quot;,&quot;county&quot;:&quot;Trapani&quot;,&quot;ISO3166-2-lvl6&quot;:&quot;IT-TP&quot;,&quot;state&quot;:&quot;Sicilia&quot;,&quot;ISO3166-2-lvl4&quot;:&quot;IT-82&quot;,&quot;postcode&quot;:&quot;91024&quot;,&quot;country&quot;:&quot;Italia&quot;,&quot;country_code&quot;:&quot;it&quot;,&quot;building&quot;:&quot;&quot;,&quot;road&quot;:&quot;&quot;,&quot;house_number&quot;:&quot;&quot;,&quot;town&quot;:&quot;&quot;,&quot;village&quot;:&quot;&quot;,&quot;hamlet&quot;:&quot;&quot;},&quot;boundingbox&quot;:[37.769387500000001,37.844890900000003,12.865362899999999,13.019215000000001]}}],&quot;uuid&quot;:&quot;marker_6a9192be08741&quot;},{&quot;label&quot;:&quot;91020 Salaparuta, Sicilia Italia&quot;,&quot;default_label&quot;:&quot;91020 Salaparuta, Sicilia Italia&quot;,&quot;lat&quot;:37.757942,&quot;lng&quot;:13.009741999999999,&quot;geocode&quot;:[{&quot;name&quot;:&quot;Salaparuta, Trapani, Sicilia, 91020, Italia&quot;,&quot;html&quot;:&quot;91020 Salaparuta, Sicilia Italia&quot;,&quot;bbox&quot;:{&quot;_southWest&quot;:{&quot;lat&quot;:37.727432299999997,&quot;lng&quot;:12.9293616},&quot;_northEast&quot;:{&quot;lat&quot;:37.798212900000003,&quot;lng&quot;:13.0290304}},&quot;center&quot;:{&quot;lat&quot;:37.757942,&quot;lng&quot;:13.009741999999999},&quot;properties&quot;:{&quot;place_id&quot;:54048343,&quot;licence&quot;:&quot;Data \\u00a9 OpenStreetMap contributors, ODbL 1.0. http:\\\/\\\/osm.org\\\/copyright&quot;,&quot;osm_type&quot;:&quot;relation&quot;,&quot;osm_id&quot;:39342,&quot;lat&quot;:&quot;37.7579420&quot;,&quot;lon&quot;:&quot;13.0097420&quot;,&quot;class&quot;:&quot;boundary&quot;,&quot;type&quot;:&quot;administrative&quot;,&quot;place_rank&quot;:16,&quot;importance&quot;:0.44820083971558566,&quot;addresstype&quot;:&quot;village&quot;,&quot;name&quot;:&quot;Salaparuta&quot;,&quot;display_name&quot;:&quot;Salaparuta, Trapani, Sicilia, 91020, Italia&quot;,&quot;address&quot;:{&quot;village&quot;:&quot;Salaparuta&quot;,&quot;county&quot;:&quot;Trapani&quot;,&quot;ISO3166-2-lvl6&quot;:&quot;IT-TP&quot;,&quot;state&quot;:&quot;Sicilia&quot;,&quot;ISO3166-2-lvl4&quot;:&quot;IT-82&quot;,&quot;postcode&quot;:&quot;91020&quot;,&quot;country&quot;:&quot;Italia&quot;,&quot;country_code&quot;:&quot;it&quot;,&quot;building&quot;:&quot;&quot;,&quot;road&quot;:&quot;&quot;,&quot;house_number&quot;:&quot;&quot;,&quot;city&quot;:&quot;&quot;,&quot;town&quot;:&quot;&quot;,&quot;hamlet&quot;:&quot;&quot;},&quot;boundingbox&quot;:[37.727432299999997,37.798212900000003,12.9293616,13.0290304]}}],&quot;uuid&quot;:&quot;marker_6a9192c308742&quot;}]\"><\/div>\n"},"yoast_head":"<!-- This site is optimized with the Yoast SEO plugin v28.1 - https:\/\/yoast.com\/product\/yoast-seo-wordpress\/ -->\n<title>Viaje por la Sicilia Occidental | Visit Sicily p\u00e1gina oficial<\/title>\n<meta name=\"description\" content=\"Viaje por la Sicilia Occidental\" \/>\n<meta name=\"robots\" content=\"index, follow, max-snippet:-1, max-image-preview:large, max-video-preview:-1\" \/>\n<link rel=\"canonical\" href=\"https:\/\/www.visitsicily.info\/es\/itinerario\/viaje-por-la-sicilia-occidental\/\" \/>\n<meta property=\"og:locale\" content=\"es_ES\" \/>\n<meta property=\"og:type\" content=\"article\" \/>\n<meta property=\"og:title\" content=\"Viaje por la Sicilia Occidental | Visit Sicily p\u00e1gina oficial\" \/>\n<meta property=\"og:description\" content=\"Viaje por la Sicilia Occidental\" \/>\n<meta property=\"og:url\" content=\"https:\/\/www.visitsicily.info\/es\/itinerario\/viaje-por-la-sicilia-occidental\/\" \/>\n<meta property=\"og:site_name\" content=\"Visit Sicily\" \/>\n<meta property=\"article:publisher\" content=\"https:\/\/www.facebook.com\/visitsicily.info\/\" \/>\n<meta property=\"article:modified_time\" content=\"2026-08-28T11:12:43+00:00\" \/>\n<meta property=\"og:image\" content=\"https:\/\/www.visitsicily.info\/wp-content\/uploads\/2015\/10\/Cultura_trapani_porto-scaled.jpg\" \/>\n\t<meta property=\"og:image:width\" content=\"2560\" \/>\n\t<meta property=\"og:image:height\" content=\"1004\" \/>\n\t<meta property=\"og:image:type\" content=\"image\/jpeg\" \/>\n<meta name=\"twitter:card\" content=\"summary_large_image\" \/>\n<meta name=\"twitter:site\" content=\"@VisitSicilyOP\" \/>\n<meta name=\"twitter:label1\" content=\"Tiempo de lectura\" \/>\n\t<meta name=\"twitter:data1\" content=\"6 minutos\" \/>\n<script type=\"application\/ld+json\" class=\"yoast-schema-graph\">{\"@context\":\"https:\\\/\\\/schema.org\",\"@graph\":[{\"@type\":\"WebPage\",\"@id\":\"https:\\\/\\\/www.visitsicily.info\\\/es\\\/itinerario\\\/viaje-por-la-sicilia-occidental\\\/\",\"url\":\"https:\\\/\\\/www.visitsicily.info\\\/es\\\/itinerario\\\/viaje-por-la-sicilia-occidental\\\/\",\"name\":\"Viaje por la Sicilia Occidental | Visit Sicily p\u00e1gina oficial\",\"isPartOf\":{\"@id\":\"https:\\\/\\\/www.visitsicily.info\\\/es\\\/#website\"},\"primaryImageOfPage\":{\"@id\":\"https:\\\/\\\/www.visitsicily.info\\\/es\\\/itinerario\\\/viaje-por-la-sicilia-occidental\\\/#primaryimage\"},\"image\":{\"@id\":\"https:\\\/\\\/www.visitsicily.info\\\/es\\\/itinerario\\\/viaje-por-la-sicilia-occidental\\\/#primaryimage\"},\"thumbnailUrl\":\"https:\\\/\\\/www.visitsicily.info\\\/wp-content\\\/uploads\\\/2015\\\/10\\\/Cultura_trapani_porto-scaled.jpg\",\"datePublished\":\"2022-06-09T14:20:45+00:00\",\"dateModified\":\"2026-08-28T11:12:43+00:00\",\"description\":\"Viaje por la Sicilia Occidental\",\"breadcrumb\":{\"@id\":\"https:\\\/\\\/www.visitsicily.info\\\/es\\\/itinerario\\\/viaje-por-la-sicilia-occidental\\\/#breadcrumb\"},\"inLanguage\":\"es\",\"potentialAction\":[{\"@type\":\"ReadAction\",\"target\":[\"https:\\\/\\\/www.visitsicily.info\\\/es\\\/itinerario\\\/viaje-por-la-sicilia-occidental\\\/\"]}]},{\"@type\":\"ImageObject\",\"inLanguage\":\"es\",\"@id\":\"https:\\\/\\\/www.visitsicily.info\\\/es\\\/itinerario\\\/viaje-por-la-sicilia-occidental\\\/#primaryimage\",\"url\":\"https:\\\/\\\/www.visitsicily.info\\\/wp-content\\\/uploads\\\/2015\\\/10\\\/Cultura_trapani_porto-scaled.jpg\",\"contentUrl\":\"https:\\\/\\\/www.visitsicily.info\\\/wp-content\\\/uploads\\\/2015\\\/10\\\/Cultura_trapani_porto-scaled.jpg\",\"width\":2560,\"height\":1004,\"caption\":\"Trapani-ph. JM\"},{\"@type\":\"BreadcrumbList\",\"@id\":\"https:\\\/\\\/www.visitsicily.info\\\/es\\\/itinerario\\\/viaje-por-la-sicilia-occidental\\\/#breadcrumb\",\"itemListElement\":[{\"@type\":\"ListItem\",\"position\":1,\"name\":\"Home\",\"item\":\"https:\\\/\\\/www.visitsicily.info\\\/es\\\/\"},{\"@type\":\"ListItem\",\"position\":2,\"name\":\"Itinerarios\",\"item\":\"https:\\\/\\\/www.visitsicily.info\\\/es\\\/itinerario\\\/\"},{\"@type\":\"ListItem\",\"position\":3,\"name\":\"Viaje por la Sicilia Occidental\"}]},{\"@type\":\"WebSite\",\"@id\":\"https:\\\/\\\/www.visitsicily.info\\\/es\\\/#website\",\"url\":\"https:\\\/\\\/www.visitsicily.info\\\/es\\\/\",\"name\":\"Visit Sicily\",\"description\":\"Island of art\",\"publisher\":{\"@id\":\"https:\\\/\\\/www.visitsicily.info\\\/es\\\/#organization\"},\"potentialAction\":[{\"@type\":\"SearchAction\",\"target\":{\"@type\":\"EntryPoint\",\"urlTemplate\":\"https:\\\/\\\/www.visitsicily.info\\\/es\\\/?s={search_term_string}\"},\"query-input\":{\"@type\":\"PropertyValueSpecification\",\"valueRequired\":true,\"valueName\":\"search_term_string\"}}],\"inLanguage\":\"es\"},{\"@type\":\"Organization\",\"@id\":\"https:\\\/\\\/www.visitsicily.info\\\/es\\\/#organization\",\"name\":\"Regione Siciliana\",\"url\":\"https:\\\/\\\/www.visitsicily.info\\\/es\\\/\",\"logo\":{\"@type\":\"ImageObject\",\"inLanguage\":\"es\",\"@id\":\"https:\\\/\\\/www.visitsicily.info\\\/es\\\/#\\\/schema\\\/logo\\\/image\\\/\",\"url\":\"https:\\\/\\\/www.visitsicily.info\\\/wp-content\\\/uploads\\\/2021\\\/05\\\/regione-siciliana-logo2.png\",\"contentUrl\":\"https:\\\/\\\/www.visitsicily.info\\\/wp-content\\\/uploads\\\/2021\\\/05\\\/regione-siciliana-logo2.png\",\"width\":200,\"height\":200,\"caption\":\"Regione Siciliana\"},\"image\":{\"@id\":\"https:\\\/\\\/www.visitsicily.info\\\/es\\\/#\\\/schema\\\/logo\\\/image\\\/\"},\"sameAs\":[\"https:\\\/\\\/www.facebook.com\\\/visitsicily.info\\\/\",\"https:\\\/\\\/x.com\\\/VisitSicilyOP\",\"https:\\\/\\\/www.instagram.com\\\/ig_visitsicily\\\/\",\"https:\\\/\\\/www.pinterest.com\\\/visitsicilyOP\\\/followers\\\/\",\"https:\\\/\\\/www.youtube.com\\\/user\\\/siciliaturismo\"]}]}<\/script>\n<!-- \/ Yoast SEO plugin. -->","yoast_head_json":{"title":"Viaje por la Sicilia Occidental | Visit Sicily p\u00e1gina oficial","description":"Viaje por la Sicilia Occidental","robots":{"index":"index","follow":"follow","max-snippet":"max-snippet:-1","max-image-preview":"max-image-preview:large","max-video-preview":"max-video-preview:-1"},"canonical":"https:\/\/www.visitsicily.info\/es\/itinerario\/viaje-por-la-sicilia-occidental\/","og_locale":"es_ES","og_type":"article","og_title":"Viaje por la Sicilia Occidental | Visit Sicily p\u00e1gina oficial","og_description":"Viaje por la Sicilia Occidental","og_url":"https:\/\/www.visitsicily.info\/es\/itinerario\/viaje-por-la-sicilia-occidental\/","og_site_name":"Visit Sicily","article_publisher":"https:\/\/www.facebook.com\/visitsicily.info\/","article_modified_time":"2026-08-28T11:12:43+00:00","og_image":[{"width":2560,"height":1004,"url":"https:\/\/www.visitsicily.info\/wp-content\/uploads\/2015\/10\/Cultura_trapani_porto-scaled.jpg","type":"image\/jpeg"}],"twitter_card":"summary_large_image","twitter_site":"@VisitSicilyOP","twitter_misc":{"Tiempo de lectura":"6 minutos"},"schema":{"@context":"https:\/\/schema.org","@graph":[{"@type":"WebPage","@id":"https:\/\/www.visitsicily.info\/es\/itinerario\/viaje-por-la-sicilia-occidental\/","url":"https:\/\/www.visitsicily.info\/es\/itinerario\/viaje-por-la-sicilia-occidental\/","name":"Viaje por la Sicilia Occidental | Visit Sicily p\u00e1gina oficial","isPartOf":{"@id":"https:\/\/www.visitsicily.info\/es\/#website"},"primaryImageOfPage":{"@id":"https:\/\/www.visitsicily.info\/es\/itinerario\/viaje-por-la-sicilia-occidental\/#primaryimage"},"image":{"@id":"https:\/\/www.visitsicily.info\/es\/itinerario\/viaje-por-la-sicilia-occidental\/#primaryimage"},"thumbnailUrl":"https:\/\/www.visitsicily.info\/wp-content\/uploads\/2015\/10\/Cultura_trapani_porto-scaled.jpg","datePublished":"2022-06-09T14:20:45+00:00","dateModified":"2026-08-28T11:12:43+00:00","description":"Viaje por la Sicilia Occidental","breadcrumb":{"@id":"https:\/\/www.visitsicily.info\/es\/itinerario\/viaje-por-la-sicilia-occidental\/#breadcrumb"},"inLanguage":"es","potentialAction":[{"@type":"ReadAction","target":["https:\/\/www.visitsicily.info\/es\/itinerario\/viaje-por-la-sicilia-occidental\/"]}]},{"@type":"ImageObject","inLanguage":"es","@id":"https:\/\/www.visitsicily.info\/es\/itinerario\/viaje-por-la-sicilia-occidental\/#primaryimage","url":"https:\/\/www.visitsicily.info\/wp-content\/uploads\/2015\/10\/Cultura_trapani_porto-scaled.jpg","contentUrl":"https:\/\/www.visitsicily.info\/wp-content\/uploads\/2015\/10\/Cultura_trapani_porto-scaled.jpg","width":2560,"height":1004,"caption":"Trapani-ph. JM"},{"@type":"BreadcrumbList","@id":"https:\/\/www.visitsicily.info\/es\/itinerario\/viaje-por-la-sicilia-occidental\/#breadcrumb","itemListElement":[{"@type":"ListItem","position":1,"name":"Home","item":"https:\/\/www.visitsicily.info\/es\/"},{"@type":"ListItem","position":2,"name":"Itinerarios","item":"https:\/\/www.visitsicily.info\/es\/itinerario\/"},{"@type":"ListItem","position":3,"name":"Viaje por la Sicilia Occidental"}]},{"@type":"WebSite","@id":"https:\/\/www.visitsicily.info\/es\/#website","url":"https:\/\/www.visitsicily.info\/es\/","name":"Visit Sicily","description":"Island of art","publisher":{"@id":"https:\/\/www.visitsicily.info\/es\/#organization"},"potentialAction":[{"@type":"SearchAction","target":{"@type":"EntryPoint","urlTemplate":"https:\/\/www.visitsicily.info\/es\/?s={search_term_string}"},"query-input":{"@type":"PropertyValueSpecification","valueRequired":true,"valueName":"search_term_string"}}],"inLanguage":"es"},{"@type":"Organization","@id":"https:\/\/www.visitsicily.info\/es\/#organization","name":"Regione Siciliana","url":"https:\/\/www.visitsicily.info\/es\/","logo":{"@type":"ImageObject","inLanguage":"es","@id":"https:\/\/www.visitsicily.info\/es\/#\/schema\/logo\/image\/","url":"https:\/\/www.visitsicily.info\/wp-content\/uploads\/2021\/05\/regione-siciliana-logo2.png","contentUrl":"https:\/\/www.visitsicily.info\/wp-content\/uploads\/2021\/05\/regione-siciliana-logo2.png","width":200,"height":200,"caption":"Regione Siciliana"},"image":{"@id":"https:\/\/www.visitsicily.info\/es\/#\/schema\/logo\/image\/"},"sameAs":["https:\/\/www.facebook.com\/visitsicily.info\/","https:\/\/x.com\/VisitSicilyOP","https:\/\/www.instagram.com\/ig_visitsicily\/","https:\/\/www.pinterest.com\/visitsicilyOP\/followers\/","https:\/\/www.youtube.com\/user\/siciliaturismo"]}]}},"_links":{"self":[{"href":"https:\/\/www.visitsicily.info\/es\/wp-json\/wp\/v2\/itinerario\/63916","targetHints":{"allow":["GET"]}}],"collection":[{"href":"https:\/\/www.visitsicily.info\/es\/wp-json\/wp\/v2\/itinerario"}],"about":[{"href":"https:\/\/www.visitsicily.info\/es\/wp-json\/wp\/v2\/types\/itinerario"}],"wp:featuredmedia":[{"embeddable":true,"href":"https:\/\/www.visitsicily.info\/es\/wp-json\/wp\/v2\/media\/117296"}],"wp:attachment":[{"href":"https:\/\/www.visitsicily.info\/es\/wp-json\/wp\/v2\/media?parent=63916"}],"wp:term":[{"taxonomy":"category","embeddable":true,"href":"https:\/\/www.visitsicily.info\/es\/wp-json\/wp\/v2\/categories?post=63916"},{"taxonomy":"luogo","embeddable":true,"href":"https:\/\/www.visitsicily.info\/es\/wp-json\/wp\/v2\/luogo?post=63916"},{"taxonomy":"stagione","embeddable":true,"href":"https:\/\/www.visitsicily.info\/es\/wp-json\/wp\/v2\/stagione?post=63916"}],"curies":[{"name":"wp","href":"https:\/\/api.w.org\/{rel}","templated":true}]}}