{"id":69776,"date":"2023-11-24T15:02:41","date_gmt":"2023-11-24T14:02:41","guid":{"rendered":"https:\/\/www.visitsicily.info\/evento-new\/fiera-mediterranea-del-cavallo\/"},"modified":"2023-11-24T15:18:13","modified_gmt":"2023-11-24T14:18:13","slug":"fiera-mediterranea-del-cavallo","status":"publish","type":"evento-new","link":"https:\/\/www.visitsicily.info\/es\/evento-new\/fiera-mediterranea-del-cavallo\/","title":{"rendered":"Fiera Mediterranea del Cavallo"},"content":{"rendered":"","protected":false},"featured_media":69759,"template":"","categories":[2163,2131,2264],"luogo":[2948],"class_list":["post-69776","evento-new","type-evento-new","status-publish","has-post-thumbnail","hentry","category-sport-avventura-es","category-evento-es","category-grandes-eventos","luogo-palermo-es"],"acf":{"sottotitolo":"","titolo_paragrafo_1":"Info","paragrafo_1":"<p>Est\u00e1 en marcha la <strong>quinta edici\u00f3n<\/strong> de la <strong>Feria del Caballo del Mediterr\u00e1neo<\/strong>, organizada por la Regi\u00f3n de Sicilia con el apoyo t\u00e9cnico de Fieracavalli, que para 2023 se celebrar\u00e1 en el <strong>Campo Ostacoli La Favorita de Palermo<\/strong>.<\/p>\n<p>Un evento de gran tradici\u00f3n y de un encanto inimitable que, despu\u00e9s de las competiciones del &#8220;<strong>Concurso Internacional de Sicilia<\/strong>&#8221; que se celebrar\u00e1 <strong>del 24 al 26 de noviembre<\/strong>, ver\u00e1 a amazonas y jinetes salir al campo para competir por la <strong>Copa de Ases<\/strong>, la m\u00e1s larga Competici\u00f3n internacional de carreras de caballos en Italia.<\/p>\n<p><strong>Del 30 de noviembre al 3 de diciembre<\/strong>, campeones y atletas de todo el mundo competir\u00e1n por el trofeo: entre los m\u00e1s esperados se encuentra el n\u00famero uno del ranking italiano <strong>Emanuele Gaudiano<\/strong>, vencedor de las dos \u00faltimas ediciones celebradas en Palermo.<\/p>\n<p>Adem\u00e1s de <strong>saltos, resistencia, competiciones occidentales, juegos de ponis y carruajes deportivos<\/strong>, tambi\u00e9n habr\u00e1 eventos de cr\u00eda, <strong>conferencias<\/strong> y degustaciones de <strong>productos gastron\u00f3micos<\/strong> y vitivin\u00edcolas sicilianos.<\/p>\n<p>Tambi\u00e9n hay momentos de <strong>entretenimiento<\/strong> en la programaci\u00f3n con actuaciones de <strong>grupos musicales.<\/strong><\/p>\n<p><a href=\"https:\/\/fieramediterraneadelcavallo.com\/\" target=\"_blank\" rel=\"noopener\"><strong>Descubre el programa 2023<\/strong><\/a><\/p>\n<p>&nbsp;<\/p>\n","dataora_inizio":"24\/11\/2023 09:00","dataora_fine":"03\/12\/2023 21:00","url":"https:\/\/fieramediterraneadelcavallo.com\/","email_organizzatore":"info@fieramediterraneadelcavallo.com","contatti_organizzatore":"Fiera Cavalli\r\nTe:+39 3356087695 \r\nEmail: info@fieramediterraneadelcavallo.com - segreteria@fieramediterraneadelcavallo.com","pagina_social":"https:\/\/www.facebook.com\/fieramediterraneadelcavallo","galleria":[{"ID":70586,"id":70586,"title":"Fiera Mediterranea del Cavallo 23- Regione Siciliana","filename":"Fiera-Mediterranea-del-Cavallo-23-Regione-Siciliana.jpg","filesize":222725,"url":"https:\/\/www.visitsicily.info\/wp-content\/uploads\/2023\/11\/Fiera-Mediterranea-del-Cavallo-23-Regione-Siciliana.jpg","link":"https:\/\/www.visitsicily.info\/es\/evento-new\/fiera-mediterranea-del-cavallo\/fiera-mediterranea-del-cavallo-23-regione-siciliana-2\/","alt":"","author":"11","description":"","caption":"","name":"fiera-mediterranea-del-cavallo-23-regione-siciliana-2","status":"inherit","uploaded_to":69776,"date":"2023-11-30 12:24:10","modified":"2023-11-30 12:25:52","menu_order":0,"mime_type":"image\/jpeg","type":"image","subtype":"jpeg","icon":"https:\/\/www.visitsicily.info\/wp-includes\/images\/media\/default.png","width":800,"height":532,"sizes":{"thumbnail":"https:\/\/www.visitsicily.info\/wp-content\/uploads\/2023\/11\/Fiera-Mediterranea-del-Cavallo-23-Regione-Siciliana-150x150.jpg","thumbnail-width":150,"thumbnail-height":150,"medium":"https:\/\/www.visitsicily.info\/wp-content\/uploads\/2023\/11\/Fiera-Mediterranea-del-Cavallo-23-Regione-Siciliana-300x200.jpg","medium-width":300,"medium-height":200,"medium_large":"https:\/\/www.visitsicily.info\/wp-content\/uploads\/2023\/11\/Fiera-Mediterranea-del-Cavallo-23-Regione-Siciliana-768x511.jpg","medium_large-width":768,"medium_large-height":511,"large":"https:\/\/www.visitsicily.info\/wp-content\/uploads\/2023\/11\/Fiera-Mediterranea-del-Cavallo-23-Regione-Siciliana.jpg","large-width":800,"large-height":532,"1536x1536":"https:\/\/www.visitsicily.info\/wp-content\/uploads\/2023\/11\/Fiera-Mediterranea-del-Cavallo-23-Regione-Siciliana.jpg","1536x1536-width":800,"1536x1536-height":532,"2048x2048":"https:\/\/www.visitsicily.info\/wp-content\/uploads\/2023\/11\/Fiera-Mediterranea-del-Cavallo-23-Regione-Siciliana.jpg","2048x2048-width":800,"2048x2048-height":532,"blog-large":"https:\/\/www.visitsicily.info\/wp-content\/uploads\/2023\/11\/Fiera-Mediterranea-del-Cavallo-23-Regione-Siciliana-669x272.jpg","blog-large-width":669,"blog-large-height":272,"blog-medium":"https:\/\/www.visitsicily.info\/wp-content\/uploads\/2023\/11\/Fiera-Mediterranea-del-Cavallo-23-Regione-Siciliana-320x202.jpg","blog-medium-width":320,"blog-medium-height":202,"recent-posts":"https:\/\/www.visitsicily.info\/wp-content\/uploads\/2023\/11\/Fiera-Mediterranea-del-Cavallo-23-Regione-Siciliana-700x441.jpg","recent-posts-width":700,"recent-posts-height":441,"recent-works-thumbnail":"https:\/\/www.visitsicily.info\/wp-content\/uploads\/2023\/11\/Fiera-Mediterranea-del-Cavallo-23-Regione-Siciliana-66x66.jpg","recent-works-thumbnail-width":66,"recent-works-thumbnail-height":66,"fusion-200":"https:\/\/www.visitsicily.info\/wp-content\/uploads\/2023\/11\/Fiera-Mediterranea-del-Cavallo-23-Regione-Siciliana-200x133.jpg","fusion-200-width":200,"fusion-200-height":133,"fusion-400":"https:\/\/www.visitsicily.info\/wp-content\/uploads\/2023\/11\/Fiera-Mediterranea-del-Cavallo-23-Regione-Siciliana-400x266.jpg","fusion-400-width":400,"fusion-400-height":266,"fusion-600":"https:\/\/www.visitsicily.info\/wp-content\/uploads\/2023\/11\/Fiera-Mediterranea-del-Cavallo-23-Regione-Siciliana-600x399.jpg","fusion-600-width":600,"fusion-600-height":399,"fusion-800":"https:\/\/www.visitsicily.info\/wp-content\/uploads\/2023\/11\/Fiera-Mediterranea-del-Cavallo-23-Regione-Siciliana.jpg","fusion-800-width":800,"fusion-800-height":532,"fusion-1200":"https:\/\/www.visitsicily.info\/wp-content\/uploads\/2023\/11\/Fiera-Mediterranea-del-Cavallo-23-Regione-Siciliana.jpg","fusion-1200-width":800,"fusion-1200-height":532,"portfolio-full":"https:\/\/www.visitsicily.info\/wp-content\/uploads\/2023\/11\/Fiera-Mediterranea-del-Cavallo-23-Regione-Siciliana-800x400.jpg","portfolio-full-width":800,"portfolio-full-height":400,"portfolio-one":"https:\/\/www.visitsicily.info\/wp-content\/uploads\/2023\/11\/Fiera-Mediterranea-del-Cavallo-23-Regione-Siciliana-540x272.jpg","portfolio-one-width":540,"portfolio-one-height":272,"portfolio-two":"https:\/\/www.visitsicily.info\/wp-content\/uploads\/2023\/11\/Fiera-Mediterranea-del-Cavallo-23-Regione-Siciliana-460x295.jpg","portfolio-two-width":460,"portfolio-two-height":295,"portfolio-three":"https:\/\/www.visitsicily.info\/wp-content\/uploads\/2023\/11\/Fiera-Mediterranea-del-Cavallo-23-Regione-Siciliana-300x214.jpg","portfolio-three-width":300,"portfolio-three-height":214,"portfolio-five":"https:\/\/www.visitsicily.info\/wp-content\/uploads\/2023\/11\/Fiera-Mediterranea-del-Cavallo-23-Regione-Siciliana-177x142.jpg","portfolio-five-width":177,"portfolio-five-height":142}},{"ID":70590,"id":70590,"title":"Fiera Mediterranea del Cavallo 2023","filename":"Fiera-Mediterranea-del-Cavallo-2023.jpg","filesize":204776,"url":"https:\/\/www.visitsicily.info\/wp-content\/uploads\/2023\/11\/Fiera-Mediterranea-del-Cavallo-2023.jpg","link":"https:\/\/www.visitsicily.info\/es\/evento-new\/fiera-mediterranea-del-cavallo\/fiera-mediterranea-del-cavallo-2023-2\/","alt":"","author":"11","description":"","caption":"","name":"fiera-mediterranea-del-cavallo-2023-2","status":"inherit","uploaded_to":69776,"date":"2023-11-30 12:24:12","modified":"2023-11-30 12:24:12","menu_order":0,"mime_type":"image\/jpeg","type":"image","subtype":"jpeg","icon":"https:\/\/www.visitsicily.info\/wp-includes\/images\/media\/default.png","width":800,"height":532,"sizes":{"thumbnail":"https:\/\/www.visitsicily.info\/wp-content\/uploads\/2023\/11\/Fiera-Mediterranea-del-Cavallo-2023-150x150.jpg","thumbnail-width":150,"thumbnail-height":150,"medium":"https:\/\/www.visitsicily.info\/wp-content\/uploads\/2023\/11\/Fiera-Mediterranea-del-Cavallo-2023-300x200.jpg","medium-width":300,"medium-height":200,"medium_large":"https:\/\/www.visitsicily.info\/wp-content\/uploads\/2023\/11\/Fiera-Mediterranea-del-Cavallo-2023-768x511.jpg","medium_large-width":768,"medium_large-height":511,"large":"https:\/\/www.visitsicily.info\/wp-content\/uploads\/2023\/11\/Fiera-Mediterranea-del-Cavallo-2023.jpg","large-width":800,"large-height":532,"1536x1536":"https:\/\/www.visitsicily.info\/wp-content\/uploads\/2023\/11\/Fiera-Mediterranea-del-Cavallo-2023.jpg","1536x1536-width":800,"1536x1536-height":532,"2048x2048":"https:\/\/www.visitsicily.info\/wp-content\/uploads\/2023\/11\/Fiera-Mediterranea-del-Cavallo-2023.jpg","2048x2048-width":800,"2048x2048-height":532,"blog-large":"https:\/\/www.visitsicily.info\/wp-content\/uploads\/2023\/11\/Fiera-Mediterranea-del-Cavallo-2023-669x272.jpg","blog-large-width":669,"blog-large-height":272,"blog-medium":"https:\/\/www.visitsicily.info\/wp-content\/uploads\/2023\/11\/Fiera-Mediterranea-del-Cavallo-2023-320x202.jpg","blog-medium-width":320,"blog-medium-height":202,"recent-posts":"https:\/\/www.visitsicily.info\/wp-content\/uploads\/2023\/11\/Fiera-Mediterranea-del-Cavallo-2023-700x441.jpg","recent-posts-width":700,"recent-posts-height":441,"recent-works-thumbnail":"https:\/\/www.visitsicily.info\/wp-content\/uploads\/2023\/11\/Fiera-Mediterranea-del-Cavallo-2023-66x66.jpg","recent-works-thumbnail-width":66,"recent-works-thumbnail-height":66,"fusion-200":"https:\/\/www.visitsicily.info\/wp-content\/uploads\/2023\/11\/Fiera-Mediterranea-del-Cavallo-2023-200x133.jpg","fusion-200-width":200,"fusion-200-height":133,"fusion-400":"https:\/\/www.visitsicily.info\/wp-content\/uploads\/2023\/11\/Fiera-Mediterranea-del-Cavallo-2023-400x266.jpg","fusion-400-width":400,"fusion-400-height":266,"fusion-600":"https:\/\/www.visitsicily.info\/wp-content\/uploads\/2023\/11\/Fiera-Mediterranea-del-Cavallo-2023-600x399.jpg","fusion-600-width":600,"fusion-600-height":399,"fusion-800":"https:\/\/www.visitsicily.info\/wp-content\/uploads\/2023\/11\/Fiera-Mediterranea-del-Cavallo-2023.jpg","fusion-800-width":800,"fusion-800-height":532,"fusion-1200":"https:\/\/www.visitsicily.info\/wp-content\/uploads\/2023\/11\/Fiera-Mediterranea-del-Cavallo-2023.jpg","fusion-1200-width":800,"fusion-1200-height":532,"portfolio-full":"https:\/\/www.visitsicily.info\/wp-content\/uploads\/2023\/11\/Fiera-Mediterranea-del-Cavallo-2023-800x400.jpg","portfolio-full-width":800,"portfolio-full-height":400,"portfolio-one":"https:\/\/www.visitsicily.info\/wp-content\/uploads\/2023\/11\/Fiera-Mediterranea-del-Cavallo-2023-540x272.jpg","portfolio-one-width":540,"portfolio-one-height":272,"portfolio-two":"https:\/\/www.visitsicily.info\/wp-content\/uploads\/2023\/11\/Fiera-Mediterranea-del-Cavallo-2023-460x295.jpg","portfolio-two-width":460,"portfolio-two-height":295,"portfolio-three":"https:\/\/www.visitsicily.info\/wp-content\/uploads\/2023\/11\/Fiera-Mediterranea-del-Cavallo-2023-300x214.jpg","portfolio-three-width":300,"portfolio-three-height":214,"portfolio-five":"https:\/\/www.visitsicily.info\/wp-content\/uploads\/2023\/11\/Fiera-Mediterranea-del-Cavallo-2023-177x142.jpg","portfolio-five-width":177,"portfolio-five-height":142}},{"ID":70594,"id":70594,"title":"Fiera Mediterranea del Cavallo ed. 2023","filename":"Fiera-Mediterranea-del-Cavallo-ed.-2023.jpg","filesize":246844,"url":"https:\/\/www.visitsicily.info\/wp-content\/uploads\/2023\/11\/Fiera-Mediterranea-del-Cavallo-ed.-2023.jpg","link":"https:\/\/www.visitsicily.info\/es\/evento-new\/fiera-mediterranea-del-cavallo\/fiera-mediterranea-del-cavallo-ed-2023-2\/","alt":"","author":"11","description":"","caption":"","name":"fiera-mediterranea-del-cavallo-ed-2023-2","status":"inherit","uploaded_to":69776,"date":"2023-11-30 12:24:13","modified":"2023-11-30 12:24:13","menu_order":0,"mime_type":"image\/jpeg","type":"image","subtype":"jpeg","icon":"https:\/\/www.visitsicily.info\/wp-includes\/images\/media\/default.png","width":800,"height":532,"sizes":{"thumbnail":"https:\/\/www.visitsicily.info\/wp-content\/uploads\/2023\/11\/Fiera-Mediterranea-del-Cavallo-ed.-2023-150x150.jpg","thumbnail-width":150,"thumbnail-height":150,"medium":"https:\/\/www.visitsicily.info\/wp-content\/uploads\/2023\/11\/Fiera-Mediterranea-del-Cavallo-ed.-2023-300x200.jpg","medium-width":300,"medium-height":200,"medium_large":"https:\/\/www.visitsicily.info\/wp-content\/uploads\/2023\/11\/Fiera-Mediterranea-del-Cavallo-ed.-2023-768x511.jpg","medium_large-width":768,"medium_large-height":511,"large":"https:\/\/www.visitsicily.info\/wp-content\/uploads\/2023\/11\/Fiera-Mediterranea-del-Cavallo-ed.-2023.jpg","large-width":800,"large-height":532,"1536x1536":"https:\/\/www.visitsicily.info\/wp-content\/uploads\/2023\/11\/Fiera-Mediterranea-del-Cavallo-ed.-2023.jpg","1536x1536-width":800,"1536x1536-height":532,"2048x2048":"https:\/\/www.visitsicily.info\/wp-content\/uploads\/2023\/11\/Fiera-Mediterranea-del-Cavallo-ed.-2023.jpg","2048x2048-width":800,"2048x2048-height":532,"blog-large":"https:\/\/www.visitsicily.info\/wp-content\/uploads\/2023\/11\/Fiera-Mediterranea-del-Cavallo-ed.-2023-669x272.jpg","blog-large-width":669,"blog-large-height":272,"blog-medium":"https:\/\/www.visitsicily.info\/wp-content\/uploads\/2023\/11\/Fiera-Mediterranea-del-Cavallo-ed.-2023-320x202.jpg","blog-medium-width":320,"blog-medium-height":202,"recent-posts":"https:\/\/www.visitsicily.info\/wp-content\/uploads\/2023\/11\/Fiera-Mediterranea-del-Cavallo-ed.-2023-700x441.jpg","recent-posts-width":700,"recent-posts-height":441,"recent-works-thumbnail":"https:\/\/www.visitsicily.info\/wp-content\/uploads\/2023\/11\/Fiera-Mediterranea-del-Cavallo-ed.-2023-66x66.jpg","recent-works-thumbnail-width":66,"recent-works-thumbnail-height":66,"fusion-200":"https:\/\/www.visitsicily.info\/wp-content\/uploads\/2023\/11\/Fiera-Mediterranea-del-Cavallo-ed.-2023-200x133.jpg","fusion-200-width":200,"fusion-200-height":133,"fusion-400":"https:\/\/www.visitsicily.info\/wp-content\/uploads\/2023\/11\/Fiera-Mediterranea-del-Cavallo-ed.-2023-400x266.jpg","fusion-400-width":400,"fusion-400-height":266,"fusion-600":"https:\/\/www.visitsicily.info\/wp-content\/uploads\/2023\/11\/Fiera-Mediterranea-del-Cavallo-ed.-2023-600x399.jpg","fusion-600-width":600,"fusion-600-height":399,"fusion-800":"https:\/\/www.visitsicily.info\/wp-content\/uploads\/2023\/11\/Fiera-Mediterranea-del-Cavallo-ed.-2023.jpg","fusion-800-width":800,"fusion-800-height":532,"fusion-1200":"https:\/\/www.visitsicily.info\/wp-content\/uploads\/2023\/11\/Fiera-Mediterranea-del-Cavallo-ed.-2023.jpg","fusion-1200-width":800,"fusion-1200-height":532,"portfolio-full":"https:\/\/www.visitsicily.info\/wp-content\/uploads\/2023\/11\/Fiera-Mediterranea-del-Cavallo-ed.-2023-800x400.jpg","portfolio-full-width":800,"portfolio-full-height":400,"portfolio-one":"https:\/\/www.visitsicily.info\/wp-content\/uploads\/2023\/11\/Fiera-Mediterranea-del-Cavallo-ed.-2023-540x272.jpg","portfolio-one-width":540,"portfolio-one-height":272,"portfolio-two":"https:\/\/www.visitsicily.info\/wp-content\/uploads\/2023\/11\/Fiera-Mediterranea-del-Cavallo-ed.-2023-460x295.jpg","portfolio-two-width":460,"portfolio-two-height":295,"portfolio-three":"https:\/\/www.visitsicily.info\/wp-content\/uploads\/2023\/11\/Fiera-Mediterranea-del-Cavallo-ed.-2023-300x214.jpg","portfolio-three-width":300,"portfolio-three-height":214,"portfolio-five":"https:\/\/www.visitsicily.info\/wp-content\/uploads\/2023\/11\/Fiera-Mediterranea-del-Cavallo-ed.-2023-177x142.jpg","portfolio-five-width":177,"portfolio-five-height":142}},{"ID":70598,"id":70598,"title":"Fiera Mediterranea del Cavallo2 - ed. 2023","filename":"Fiera-Mediterranea-del-Cavallo2-ed.-2023.jpg","filesize":269171,"url":"https:\/\/www.visitsicily.info\/wp-content\/uploads\/2023\/11\/Fiera-Mediterranea-del-Cavallo2-ed.-2023.jpg","link":"https:\/\/www.visitsicily.info\/es\/evento-new\/fiera-mediterranea-del-cavallo\/fiera-mediterranea-del-cavallo2-ed-2023-2\/","alt":"","author":"11","description":"","caption":"","name":"fiera-mediterranea-del-cavallo2-ed-2023-2","status":"inherit","uploaded_to":69776,"date":"2023-11-30 12:24:15","modified":"2023-11-30 12:24:15","menu_order":0,"mime_type":"image\/jpeg","type":"image","subtype":"jpeg","icon":"https:\/\/www.visitsicily.info\/wp-includes\/images\/media\/default.png","width":800,"height":532,"sizes":{"thumbnail":"https:\/\/www.visitsicily.info\/wp-content\/uploads\/2023\/11\/Fiera-Mediterranea-del-Cavallo2-ed.-2023-150x150.jpg","thumbnail-width":150,"thumbnail-height":150,"medium":"https:\/\/www.visitsicily.info\/wp-content\/uploads\/2023\/11\/Fiera-Mediterranea-del-Cavallo2-ed.-2023-300x200.jpg","medium-width":300,"medium-height":200,"medium_large":"https:\/\/www.visitsicily.info\/wp-content\/uploads\/2023\/11\/Fiera-Mediterranea-del-Cavallo2-ed.-2023-768x511.jpg","medium_large-width":768,"medium_large-height":511,"large":"https:\/\/www.visitsicily.info\/wp-content\/uploads\/2023\/11\/Fiera-Mediterranea-del-Cavallo2-ed.-2023.jpg","large-width":800,"large-height":532,"1536x1536":"https:\/\/www.visitsicily.info\/wp-content\/uploads\/2023\/11\/Fiera-Mediterranea-del-Cavallo2-ed.-2023.jpg","1536x1536-width":800,"1536x1536-height":532,"2048x2048":"https:\/\/www.visitsicily.info\/wp-content\/uploads\/2023\/11\/Fiera-Mediterranea-del-Cavallo2-ed.-2023.jpg","2048x2048-width":800,"2048x2048-height":532,"blog-large":"https:\/\/www.visitsicily.info\/wp-content\/uploads\/2023\/11\/Fiera-Mediterranea-del-Cavallo2-ed.-2023-669x272.jpg","blog-large-width":669,"blog-large-height":272,"blog-medium":"https:\/\/www.visitsicily.info\/wp-content\/uploads\/2023\/11\/Fiera-Mediterranea-del-Cavallo2-ed.-2023-320x202.jpg","blog-medium-width":320,"blog-medium-height":202,"recent-posts":"https:\/\/www.visitsicily.info\/wp-content\/uploads\/2023\/11\/Fiera-Mediterranea-del-Cavallo2-ed.-2023-700x441.jpg","recent-posts-width":700,"recent-posts-height":441,"recent-works-thumbnail":"https:\/\/www.visitsicily.info\/wp-content\/uploads\/2023\/11\/Fiera-Mediterranea-del-Cavallo2-ed.-2023-66x66.jpg","recent-works-thumbnail-width":66,"recent-works-thumbnail-height":66,"fusion-200":"https:\/\/www.visitsicily.info\/wp-content\/uploads\/2023\/11\/Fiera-Mediterranea-del-Cavallo2-ed.-2023-200x133.jpg","fusion-200-width":200,"fusion-200-height":133,"fusion-400":"https:\/\/www.visitsicily.info\/wp-content\/uploads\/2023\/11\/Fiera-Mediterranea-del-Cavallo2-ed.-2023-400x266.jpg","fusion-400-width":400,"fusion-400-height":266,"fusion-600":"https:\/\/www.visitsicily.info\/wp-content\/uploads\/2023\/11\/Fiera-Mediterranea-del-Cavallo2-ed.-2023-600x399.jpg","fusion-600-width":600,"fusion-600-height":399,"fusion-800":"https:\/\/www.visitsicily.info\/wp-content\/uploads\/2023\/11\/Fiera-Mediterranea-del-Cavallo2-ed.-2023.jpg","fusion-800-width":800,"fusion-800-height":532,"fusion-1200":"https:\/\/www.visitsicily.info\/wp-content\/uploads\/2023\/11\/Fiera-Mediterranea-del-Cavallo2-ed.-2023.jpg","fusion-1200-width":800,"fusion-1200-height":532,"portfolio-full":"https:\/\/www.visitsicily.info\/wp-content\/uploads\/2023\/11\/Fiera-Mediterranea-del-Cavallo2-ed.-2023-800x400.jpg","portfolio-full-width":800,"portfolio-full-height":400,"portfolio-one":"https:\/\/www.visitsicily.info\/wp-content\/uploads\/2023\/11\/Fiera-Mediterranea-del-Cavallo2-ed.-2023-540x272.jpg","portfolio-one-width":540,"portfolio-one-height":272,"portfolio-two":"https:\/\/www.visitsicily.info\/wp-content\/uploads\/2023\/11\/Fiera-Mediterranea-del-Cavallo2-ed.-2023-460x295.jpg","portfolio-two-width":460,"portfolio-two-height":295,"portfolio-three":"https:\/\/www.visitsicily.info\/wp-content\/uploads\/2023\/11\/Fiera-Mediterranea-del-Cavallo2-ed.-2023-300x214.jpg","portfolio-three-width":300,"portfolio-three-height":214,"portfolio-five":"https:\/\/www.visitsicily.info\/wp-content\/uploads\/2023\/11\/Fiera-Mediterranea-del-Cavallo2-ed.-2023-177x142.jpg","portfolio-five-width":177,"portfolio-five-height":142}},{"ID":70602,"id":70602,"title":"Battesimo della sella- Fiera del Mediterraneo 23","filename":"Battesimo-della-sella-Fiera-del-Mediterraneo-23.jpg","filesize":247659,"url":"https:\/\/www.visitsicily.info\/wp-content\/uploads\/2023\/11\/Battesimo-della-sella-Fiera-del-Mediterraneo-23.jpg","link":"https:\/\/www.visitsicily.info\/es\/evento-new\/fiera-mediterranea-del-cavallo\/battesimo-della-sella-fiera-del-mediterraneo-23-2\/","alt":"","author":"11","description":"","caption":"","name":"battesimo-della-sella-fiera-del-mediterraneo-23-2","status":"inherit","uploaded_to":69776,"date":"2023-11-30 12:25:21","modified":"2023-11-30 12:25:21","menu_order":0,"mime_type":"image\/jpeg","type":"image","subtype":"jpeg","icon":"https:\/\/www.visitsicily.info\/wp-includes\/images\/media\/default.png","width":800,"height":532,"sizes":{"thumbnail":"https:\/\/www.visitsicily.info\/wp-content\/uploads\/2023\/11\/Battesimo-della-sella-Fiera-del-Mediterraneo-23-150x150.jpg","thumbnail-width":150,"thumbnail-height":150,"medium":"https:\/\/www.visitsicily.info\/wp-content\/uploads\/2023\/11\/Battesimo-della-sella-Fiera-del-Mediterraneo-23-300x200.jpg","medium-width":300,"medium-height":200,"medium_large":"https:\/\/www.visitsicily.info\/wp-content\/uploads\/2023\/11\/Battesimo-della-sella-Fiera-del-Mediterraneo-23-768x511.jpg","medium_large-width":768,"medium_large-height":511,"large":"https:\/\/www.visitsicily.info\/wp-content\/uploads\/2023\/11\/Battesimo-della-sella-Fiera-del-Mediterraneo-23.jpg","large-width":800,"large-height":532,"1536x1536":"https:\/\/www.visitsicily.info\/wp-content\/uploads\/2023\/11\/Battesimo-della-sella-Fiera-del-Mediterraneo-23.jpg","1536x1536-width":800,"1536x1536-height":532,"2048x2048":"https:\/\/www.visitsicily.info\/wp-content\/uploads\/2023\/11\/Battesimo-della-sella-Fiera-del-Mediterraneo-23.jpg","2048x2048-width":800,"2048x2048-height":532,"blog-large":"https:\/\/www.visitsicily.info\/wp-content\/uploads\/2023\/11\/Battesimo-della-sella-Fiera-del-Mediterraneo-23-669x272.jpg","blog-large-width":669,"blog-large-height":272,"blog-medium":"https:\/\/www.visitsicily.info\/wp-content\/uploads\/2023\/11\/Battesimo-della-sella-Fiera-del-Mediterraneo-23-320x202.jpg","blog-medium-width":320,"blog-medium-height":202,"recent-posts":"https:\/\/www.visitsicily.info\/wp-content\/uploads\/2023\/11\/Battesimo-della-sella-Fiera-del-Mediterraneo-23-700x441.jpg","recent-posts-width":700,"recent-posts-height":441,"recent-works-thumbnail":"https:\/\/www.visitsicily.info\/wp-content\/uploads\/2023\/11\/Battesimo-della-sella-Fiera-del-Mediterraneo-23-66x66.jpg","recent-works-thumbnail-width":66,"recent-works-thumbnail-height":66,"fusion-200":"https:\/\/www.visitsicily.info\/wp-content\/uploads\/2023\/11\/Battesimo-della-sella-Fiera-del-Mediterraneo-23-200x133.jpg","fusion-200-width":200,"fusion-200-height":133,"fusion-400":"https:\/\/www.visitsicily.info\/wp-content\/uploads\/2023\/11\/Battesimo-della-sella-Fiera-del-Mediterraneo-23-400x266.jpg","fusion-400-width":400,"fusion-400-height":266,"fusion-600":"https:\/\/www.visitsicily.info\/wp-content\/uploads\/2023\/11\/Battesimo-della-sella-Fiera-del-Mediterraneo-23-600x399.jpg","fusion-600-width":600,"fusion-600-height":399,"fusion-800":"https:\/\/www.visitsicily.info\/wp-content\/uploads\/2023\/11\/Battesimo-della-sella-Fiera-del-Mediterraneo-23.jpg","fusion-800-width":800,"fusion-800-height":532,"fusion-1200":"https:\/\/www.visitsicily.info\/wp-content\/uploads\/2023\/11\/Battesimo-della-sella-Fiera-del-Mediterraneo-23.jpg","fusion-1200-width":800,"fusion-1200-height":532,"portfolio-full":"https:\/\/www.visitsicily.info\/wp-content\/uploads\/2023\/11\/Battesimo-della-sella-Fiera-del-Mediterraneo-23-800x400.jpg","portfolio-full-width":800,"portfolio-full-height":400,"portfolio-one":"https:\/\/www.visitsicily.info\/wp-content\/uploads\/2023\/11\/Battesimo-della-sella-Fiera-del-Mediterraneo-23-540x272.jpg","portfolio-one-width":540,"portfolio-one-height":272,"portfolio-two":"https:\/\/www.visitsicily.info\/wp-content\/uploads\/2023\/11\/Battesimo-della-sella-Fiera-del-Mediterraneo-23-460x295.jpg","portfolio-two-width":460,"portfolio-two-height":295,"portfolio-three":"https:\/\/www.visitsicily.info\/wp-content\/uploads\/2023\/11\/Battesimo-della-sella-Fiera-del-Mediterraneo-23-300x214.jpg","portfolio-three-width":300,"portfolio-three-height":214,"portfolio-five":"https:\/\/www.visitsicily.info\/wp-content\/uploads\/2023\/11\/Battesimo-della-sella-Fiera-del-Mediterraneo-23-177x142.jpg","portfolio-five-width":177,"portfolio-five-height":142}},{"ID":70606,"id":70606,"title":"Fiera del Mediterraneo 5 ediz","filename":"Fiera-del-Mediterraneo-5-ediz.jpg","filesize":171138,"url":"https:\/\/www.visitsicily.info\/wp-content\/uploads\/2023\/11\/Fiera-del-Mediterraneo-5-ediz.jpg","link":"https:\/\/www.visitsicily.info\/es\/evento-new\/fiera-mediterranea-del-cavallo\/fiera-del-mediterraneo-5-ediz-2\/","alt":"","author":"11","description":"","caption":"","name":"fiera-del-mediterraneo-5-ediz-2","status":"inherit","uploaded_to":69776,"date":"2023-11-30 12:25:22","modified":"2023-11-30 12:25:22","menu_order":0,"mime_type":"image\/jpeg","type":"image","subtype":"jpeg","icon":"https:\/\/www.visitsicily.info\/wp-includes\/images\/media\/default.png","width":800,"height":532,"sizes":{"thumbnail":"https:\/\/www.visitsicily.info\/wp-content\/uploads\/2023\/11\/Fiera-del-Mediterraneo-5-ediz-150x150.jpg","thumbnail-width":150,"thumbnail-height":150,"medium":"https:\/\/www.visitsicily.info\/wp-content\/uploads\/2023\/11\/Fiera-del-Mediterraneo-5-ediz-300x200.jpg","medium-width":300,"medium-height":200,"medium_large":"https:\/\/www.visitsicily.info\/wp-content\/uploads\/2023\/11\/Fiera-del-Mediterraneo-5-ediz-768x511.jpg","medium_large-width":768,"medium_large-height":511,"large":"https:\/\/www.visitsicily.info\/wp-content\/uploads\/2023\/11\/Fiera-del-Mediterraneo-5-ediz.jpg","large-width":800,"large-height":532,"1536x1536":"https:\/\/www.visitsicily.info\/wp-content\/uploads\/2023\/11\/Fiera-del-Mediterraneo-5-ediz.jpg","1536x1536-width":800,"1536x1536-height":532,"2048x2048":"https:\/\/www.visitsicily.info\/wp-content\/uploads\/2023\/11\/Fiera-del-Mediterraneo-5-ediz.jpg","2048x2048-width":800,"2048x2048-height":532,"blog-large":"https:\/\/www.visitsicily.info\/wp-content\/uploads\/2023\/11\/Fiera-del-Mediterraneo-5-ediz-669x272.jpg","blog-large-width":669,"blog-large-height":272,"blog-medium":"https:\/\/www.visitsicily.info\/wp-content\/uploads\/2023\/11\/Fiera-del-Mediterraneo-5-ediz-320x202.jpg","blog-medium-width":320,"blog-medium-height":202,"recent-posts":"https:\/\/www.visitsicily.info\/wp-content\/uploads\/2023\/11\/Fiera-del-Mediterraneo-5-ediz-700x441.jpg","recent-posts-width":700,"recent-posts-height":441,"recent-works-thumbnail":"https:\/\/www.visitsicily.info\/wp-content\/uploads\/2023\/11\/Fiera-del-Mediterraneo-5-ediz-66x66.jpg","recent-works-thumbnail-width":66,"recent-works-thumbnail-height":66,"fusion-200":"https:\/\/www.visitsicily.info\/wp-content\/uploads\/2023\/11\/Fiera-del-Mediterraneo-5-ediz-200x133.jpg","fusion-200-width":200,"fusion-200-height":133,"fusion-400":"https:\/\/www.visitsicily.info\/wp-content\/uploads\/2023\/11\/Fiera-del-Mediterraneo-5-ediz-400x266.jpg","fusion-400-width":400,"fusion-400-height":266,"fusion-600":"https:\/\/www.visitsicily.info\/wp-content\/uploads\/2023\/11\/Fiera-del-Mediterraneo-5-ediz-600x399.jpg","fusion-600-width":600,"fusion-600-height":399,"fusion-800":"https:\/\/www.visitsicily.info\/wp-content\/uploads\/2023\/11\/Fiera-del-Mediterraneo-5-ediz.jpg","fusion-800-width":800,"fusion-800-height":532,"fusion-1200":"https:\/\/www.visitsicily.info\/wp-content\/uploads\/2023\/11\/Fiera-del-Mediterraneo-5-ediz.jpg","fusion-1200-width":800,"fusion-1200-height":532,"portfolio-full":"https:\/\/www.visitsicily.info\/wp-content\/uploads\/2023\/11\/Fiera-del-Mediterraneo-5-ediz-800x400.jpg","portfolio-full-width":800,"portfolio-full-height":400,"portfolio-one":"https:\/\/www.visitsicily.info\/wp-content\/uploads\/2023\/11\/Fiera-del-Mediterraneo-5-ediz-540x272.jpg","portfolio-one-width":540,"portfolio-one-height":272,"portfolio-two":"https:\/\/www.visitsicily.info\/wp-content\/uploads\/2023\/11\/Fiera-del-Mediterraneo-5-ediz-460x295.jpg","portfolio-two-width":460,"portfolio-two-height":295,"portfolio-three":"https:\/\/www.visitsicily.info\/wp-content\/uploads\/2023\/11\/Fiera-del-Mediterraneo-5-ediz-300x214.jpg","portfolio-three-width":300,"portfolio-three-height":214,"portfolio-five":"https:\/\/www.visitsicily.info\/wp-content\/uploads\/2023\/11\/Fiera-del-Mediterraneo-5-ediz-177x142.jpg","portfolio-five-width":177,"portfolio-five-height":142}},{"ID":70610,"id":70610,"title":"Fiera del Mediterraneo 23 falco","filename":"Fiera-del-Mediterraneo-23-falco.jpg","filesize":182967,"url":"https:\/\/www.visitsicily.info\/wp-content\/uploads\/2023\/11\/Fiera-del-Mediterraneo-23-falco.jpg","link":"https:\/\/www.visitsicily.info\/es\/evento-new\/fiera-mediterranea-del-cavallo\/fiera-del-mediterraneo-23-falco-2\/","alt":"","author":"11","description":"","caption":"","name":"fiera-del-mediterraneo-23-falco-2","status":"inherit","uploaded_to":69776,"date":"2023-11-30 12:25:24","modified":"2023-11-30 12:25:24","menu_order":0,"mime_type":"image\/jpeg","type":"image","subtype":"jpeg","icon":"https:\/\/www.visitsicily.info\/wp-includes\/images\/media\/default.png","width":800,"height":532,"sizes":{"thumbnail":"https:\/\/www.visitsicily.info\/wp-content\/uploads\/2023\/11\/Fiera-del-Mediterraneo-23-falco-150x150.jpg","thumbnail-width":150,"thumbnail-height":150,"medium":"https:\/\/www.visitsicily.info\/wp-content\/uploads\/2023\/11\/Fiera-del-Mediterraneo-23-falco-300x200.jpg","medium-width":300,"medium-height":200,"medium_large":"https:\/\/www.visitsicily.info\/wp-content\/uploads\/2023\/11\/Fiera-del-Mediterraneo-23-falco-768x511.jpg","medium_large-width":768,"medium_large-height":511,"large":"https:\/\/www.visitsicily.info\/wp-content\/uploads\/2023\/11\/Fiera-del-Mediterraneo-23-falco.jpg","large-width":800,"large-height":532,"1536x1536":"https:\/\/www.visitsicily.info\/wp-content\/uploads\/2023\/11\/Fiera-del-Mediterraneo-23-falco.jpg","1536x1536-width":800,"1536x1536-height":532,"2048x2048":"https:\/\/www.visitsicily.info\/wp-content\/uploads\/2023\/11\/Fiera-del-Mediterraneo-23-falco.jpg","2048x2048-width":800,"2048x2048-height":532,"blog-large":"https:\/\/www.visitsicily.info\/wp-content\/uploads\/2023\/11\/Fiera-del-Mediterraneo-23-falco-669x272.jpg","blog-large-width":669,"blog-large-height":272,"blog-medium":"https:\/\/www.visitsicily.info\/wp-content\/uploads\/2023\/11\/Fiera-del-Mediterraneo-23-falco-320x202.jpg","blog-medium-width":320,"blog-medium-height":202,"recent-posts":"https:\/\/www.visitsicily.info\/wp-content\/uploads\/2023\/11\/Fiera-del-Mediterraneo-23-falco-700x441.jpg","recent-posts-width":700,"recent-posts-height":441,"recent-works-thumbnail":"https:\/\/www.visitsicily.info\/wp-content\/uploads\/2023\/11\/Fiera-del-Mediterraneo-23-falco-66x66.jpg","recent-works-thumbnail-width":66,"recent-works-thumbnail-height":66,"fusion-200":"https:\/\/www.visitsicily.info\/wp-content\/uploads\/2023\/11\/Fiera-del-Mediterraneo-23-falco-200x133.jpg","fusion-200-width":200,"fusion-200-height":133,"fusion-400":"https:\/\/www.visitsicily.info\/wp-content\/uploads\/2023\/11\/Fiera-del-Mediterraneo-23-falco-400x266.jpg","fusion-400-width":400,"fusion-400-height":266,"fusion-600":"https:\/\/www.visitsicily.info\/wp-content\/uploads\/2023\/11\/Fiera-del-Mediterraneo-23-falco-600x399.jpg","fusion-600-width":600,"fusion-600-height":399,"fusion-800":"https:\/\/www.visitsicily.info\/wp-content\/uploads\/2023\/11\/Fiera-del-Mediterraneo-23-falco.jpg","fusion-800-width":800,"fusion-800-height":532,"fusion-1200":"https:\/\/www.visitsicily.info\/wp-content\/uploads\/2023\/11\/Fiera-del-Mediterraneo-23-falco.jpg","fusion-1200-width":800,"fusion-1200-height":532,"portfolio-full":"https:\/\/www.visitsicily.info\/wp-content\/uploads\/2023\/11\/Fiera-del-Mediterraneo-23-falco-800x400.jpg","portfolio-full-width":800,"portfolio-full-height":400,"portfolio-one":"https:\/\/www.visitsicily.info\/wp-content\/uploads\/2023\/11\/Fiera-del-Mediterraneo-23-falco-540x272.jpg","portfolio-one-width":540,"portfolio-one-height":272,"portfolio-two":"https:\/\/www.visitsicily.info\/wp-content\/uploads\/2023\/11\/Fiera-del-Mediterraneo-23-falco-460x295.jpg","portfolio-two-width":460,"portfolio-two-height":295,"portfolio-three":"https:\/\/www.visitsicily.info\/wp-content\/uploads\/2023\/11\/Fiera-del-Mediterraneo-23-falco-300x214.jpg","portfolio-three-width":300,"portfolio-three-height":214,"portfolio-five":"https:\/\/www.visitsicily.info\/wp-content\/uploads\/2023\/11\/Fiera-del-Mediterraneo-23-falco-177x142.jpg","portfolio-five-width":177,"portfolio-five-height":142}},{"ID":70614,"id":70614,"title":"Fiera del Mediterraneo 23 notturna","filename":"Fiera-del-Mediterraneo-23-notturna.jpg","filesize":135495,"url":"https:\/\/www.visitsicily.info\/wp-content\/uploads\/2023\/11\/Fiera-del-Mediterraneo-23-notturna.jpg","link":"https:\/\/www.visitsicily.info\/es\/evento-new\/fiera-mediterranea-del-cavallo\/fiera-del-mediterraneo-23-notturna-2\/","alt":"","author":"11","description":"","caption":"","name":"fiera-del-mediterraneo-23-notturna-2","status":"inherit","uploaded_to":69776,"date":"2023-11-30 12:25:26","modified":"2023-11-30 12:25:26","menu_order":0,"mime_type":"image\/jpeg","type":"image","subtype":"jpeg","icon":"https:\/\/www.visitsicily.info\/wp-includes\/images\/media\/default.png","width":800,"height":532,"sizes":{"thumbnail":"https:\/\/www.visitsicily.info\/wp-content\/uploads\/2023\/11\/Fiera-del-Mediterraneo-23-notturna-150x150.jpg","thumbnail-width":150,"thumbnail-height":150,"medium":"https:\/\/www.visitsicily.info\/wp-content\/uploads\/2023\/11\/Fiera-del-Mediterraneo-23-notturna-300x200.jpg","medium-width":300,"medium-height":200,"medium_large":"https:\/\/www.visitsicily.info\/wp-content\/uploads\/2023\/11\/Fiera-del-Mediterraneo-23-notturna-768x511.jpg","medium_large-width":768,"medium_large-height":511,"large":"https:\/\/www.visitsicily.info\/wp-content\/uploads\/2023\/11\/Fiera-del-Mediterraneo-23-notturna.jpg","large-width":800,"large-height":532,"1536x1536":"https:\/\/www.visitsicily.info\/wp-content\/uploads\/2023\/11\/Fiera-del-Mediterraneo-23-notturna.jpg","1536x1536-width":800,"1536x1536-height":532,"2048x2048":"https:\/\/www.visitsicily.info\/wp-content\/uploads\/2023\/11\/Fiera-del-Mediterraneo-23-notturna.jpg","2048x2048-width":800,"2048x2048-height":532,"blog-large":"https:\/\/www.visitsicily.info\/wp-content\/uploads\/2023\/11\/Fiera-del-Mediterraneo-23-notturna-669x272.jpg","blog-large-width":669,"blog-large-height":272,"blog-medium":"https:\/\/www.visitsicily.info\/wp-content\/uploads\/2023\/11\/Fiera-del-Mediterraneo-23-notturna-320x202.jpg","blog-medium-width":320,"blog-medium-height":202,"recent-posts":"https:\/\/www.visitsicily.info\/wp-content\/uploads\/2023\/11\/Fiera-del-Mediterraneo-23-notturna-700x441.jpg","recent-posts-width":700,"recent-posts-height":441,"recent-works-thumbnail":"https:\/\/www.visitsicily.info\/wp-content\/uploads\/2023\/11\/Fiera-del-Mediterraneo-23-notturna-66x66.jpg","recent-works-thumbnail-width":66,"recent-works-thumbnail-height":66,"fusion-200":"https:\/\/www.visitsicily.info\/wp-content\/uploads\/2023\/11\/Fiera-del-Mediterraneo-23-notturna-200x133.jpg","fusion-200-width":200,"fusion-200-height":133,"fusion-400":"https:\/\/www.visitsicily.info\/wp-content\/uploads\/2023\/11\/Fiera-del-Mediterraneo-23-notturna-400x266.jpg","fusion-400-width":400,"fusion-400-height":266,"fusion-600":"https:\/\/www.visitsicily.info\/wp-content\/uploads\/2023\/11\/Fiera-del-Mediterraneo-23-notturna-600x399.jpg","fusion-600-width":600,"fusion-600-height":399,"fusion-800":"https:\/\/www.visitsicily.info\/wp-content\/uploads\/2023\/11\/Fiera-del-Mediterraneo-23-notturna.jpg","fusion-800-width":800,"fusion-800-height":532,"fusion-1200":"https:\/\/www.visitsicily.info\/wp-content\/uploads\/2023\/11\/Fiera-del-Mediterraneo-23-notturna.jpg","fusion-1200-width":800,"fusion-1200-height":532,"portfolio-full":"https:\/\/www.visitsicily.info\/wp-content\/uploads\/2023\/11\/Fiera-del-Mediterraneo-23-notturna-800x400.jpg","portfolio-full-width":800,"portfolio-full-height":400,"portfolio-one":"https:\/\/www.visitsicily.info\/wp-content\/uploads\/2023\/11\/Fiera-del-Mediterraneo-23-notturna-540x272.jpg","portfolio-one-width":540,"portfolio-one-height":272,"portfolio-two":"https:\/\/www.visitsicily.info\/wp-content\/uploads\/2023\/11\/Fiera-del-Mediterraneo-23-notturna-460x295.jpg","portfolio-two-width":460,"portfolio-two-height":295,"portfolio-three":"https:\/\/www.visitsicily.info\/wp-content\/uploads\/2023\/11\/Fiera-del-Mediterraneo-23-notturna-300x214.jpg","portfolio-three-width":300,"portfolio-three-height":214,"portfolio-five":"https:\/\/www.visitsicily.info\/wp-content\/uploads\/2023\/11\/Fiera-del-Mediterraneo-23-notturna-177x142.jpg","portfolio-five-width":177,"portfolio-five-height":142}},{"ID":70618,"id":70618,"title":"Fiera Mediterranea del Cavallo 23 notturna2","filename":"Fiera-Mediterranea-del-Cavallo-23-notturna2.jpg","filesize":205352,"url":"https:\/\/www.visitsicily.info\/wp-content\/uploads\/2023\/11\/Fiera-Mediterranea-del-Cavallo-23-notturna2.jpg","link":"https:\/\/www.visitsicily.info\/es\/evento-new\/fiera-mediterranea-del-cavallo\/fiera-mediterranea-del-cavallo-23-notturna2-2\/","alt":"","author":"11","description":"","caption":"","name":"fiera-mediterranea-del-cavallo-23-notturna2-2","status":"inherit","uploaded_to":69776,"date":"2023-11-30 12:25:27","modified":"2023-11-30 12:25:27","menu_order":0,"mime_type":"image\/jpeg","type":"image","subtype":"jpeg","icon":"https:\/\/www.visitsicily.info\/wp-includes\/images\/media\/default.png","width":800,"height":532,"sizes":{"thumbnail":"https:\/\/www.visitsicily.info\/wp-content\/uploads\/2023\/11\/Fiera-Mediterranea-del-Cavallo-23-notturna2-150x150.jpg","thumbnail-width":150,"thumbnail-height":150,"medium":"https:\/\/www.visitsicily.info\/wp-content\/uploads\/2023\/11\/Fiera-Mediterranea-del-Cavallo-23-notturna2-300x200.jpg","medium-width":300,"medium-height":200,"medium_large":"https:\/\/www.visitsicily.info\/wp-content\/uploads\/2023\/11\/Fiera-Mediterranea-del-Cavallo-23-notturna2-768x511.jpg","medium_large-width":768,"medium_large-height":511,"large":"https:\/\/www.visitsicily.info\/wp-content\/uploads\/2023\/11\/Fiera-Mediterranea-del-Cavallo-23-notturna2.jpg","large-width":800,"large-height":532,"1536x1536":"https:\/\/www.visitsicily.info\/wp-content\/uploads\/2023\/11\/Fiera-Mediterranea-del-Cavallo-23-notturna2.jpg","1536x1536-width":800,"1536x1536-height":532,"2048x2048":"https:\/\/www.visitsicily.info\/wp-content\/uploads\/2023\/11\/Fiera-Mediterranea-del-Cavallo-23-notturna2.jpg","2048x2048-width":800,"2048x2048-height":532,"blog-large":"https:\/\/www.visitsicily.info\/wp-content\/uploads\/2023\/11\/Fiera-Mediterranea-del-Cavallo-23-notturna2-669x272.jpg","blog-large-width":669,"blog-large-height":272,"blog-medium":"https:\/\/www.visitsicily.info\/wp-content\/uploads\/2023\/11\/Fiera-Mediterranea-del-Cavallo-23-notturna2-320x202.jpg","blog-medium-width":320,"blog-medium-height":202,"recent-posts":"https:\/\/www.visitsicily.info\/wp-content\/uploads\/2023\/11\/Fiera-Mediterranea-del-Cavallo-23-notturna2-700x441.jpg","recent-posts-width":700,"recent-posts-height":441,"recent-works-thumbnail":"https:\/\/www.visitsicily.info\/wp-content\/uploads\/2023\/11\/Fiera-Mediterranea-del-Cavallo-23-notturna2-66x66.jpg","recent-works-thumbnail-width":66,"recent-works-thumbnail-height":66,"fusion-200":"https:\/\/www.visitsicily.info\/wp-content\/uploads\/2023\/11\/Fiera-Mediterranea-del-Cavallo-23-notturna2-200x133.jpg","fusion-200-width":200,"fusion-200-height":133,"fusion-400":"https:\/\/www.visitsicily.info\/wp-content\/uploads\/2023\/11\/Fiera-Mediterranea-del-Cavallo-23-notturna2-400x266.jpg","fusion-400-width":400,"fusion-400-height":266,"fusion-600":"https:\/\/www.visitsicily.info\/wp-content\/uploads\/2023\/11\/Fiera-Mediterranea-del-Cavallo-23-notturna2-600x399.jpg","fusion-600-width":600,"fusion-600-height":399,"fusion-800":"https:\/\/www.visitsicily.info\/wp-content\/uploads\/2023\/11\/Fiera-Mediterranea-del-Cavallo-23-notturna2.jpg","fusion-800-width":800,"fusion-800-height":532,"fusion-1200":"https:\/\/www.visitsicily.info\/wp-content\/uploads\/2023\/11\/Fiera-Mediterranea-del-Cavallo-23-notturna2.jpg","fusion-1200-width":800,"fusion-1200-height":532,"portfolio-full":"https:\/\/www.visitsicily.info\/wp-content\/uploads\/2023\/11\/Fiera-Mediterranea-del-Cavallo-23-notturna2-800x400.jpg","portfolio-full-width":800,"portfolio-full-height":400,"portfolio-one":"https:\/\/www.visitsicily.info\/wp-content\/uploads\/2023\/11\/Fiera-Mediterranea-del-Cavallo-23-notturna2-540x272.jpg","portfolio-one-width":540,"portfolio-one-height":272,"portfolio-two":"https:\/\/www.visitsicily.info\/wp-content\/uploads\/2023\/11\/Fiera-Mediterranea-del-Cavallo-23-notturna2-460x295.jpg","portfolio-two-width":460,"portfolio-two-height":295,"portfolio-three":"https:\/\/www.visitsicily.info\/wp-content\/uploads\/2023\/11\/Fiera-Mediterranea-del-Cavallo-23-notturna2-300x214.jpg","portfolio-three-width":300,"portfolio-three-height":214,"portfolio-five":"https:\/\/www.visitsicily.info\/wp-content\/uploads\/2023\/11\/Fiera-Mediterranea-del-Cavallo-23-notturna2-177x142.jpg","portfolio-five-width":177,"portfolio-five-height":142}}],"localizzazione":"<div class=\"leaflet-map\" data-height=\"400\" data-map=\"leaflet\" data-map-lng=\"13.3374023\" data-map-lat=\"38.1518374\" data-map-zoom=\"7\" data-map-layers=\"[&quot;CartoDB.Voyager&quot;]\" data-map-markers=\"[{&quot;label&quot;:&quot;Viale del Fante 9, Palermo&quot;,&quot;default_label&quot;:&quot;Sicilia Italia&quot;,&quot;lat&quot;:38.061067399999999,&quot;lng&quot;:13.3836148,&quot;geocode&quot;:[{&quot;name&quot;:&quot;Palermo, Sicilia, Italia&quot;,&quot;html&quot;:&quot;Sicilia Italia&quot;,&quot;center&quot;:{&quot;lat&quot;:37.881944900000001,&quot;lng&quot;:13.609543686318478},&quot;bbox&quot;:{&quot;_southWest&quot;:{&quot;lat&quot;:37.881944900000001,&quot;lng&quot;:13.609543686318478},&quot;_northEast&quot;:{&quot;lat&quot;:37.881944900000001,&quot;lng&quot;:13.609543686318478}},&quot;properties&quot;:{&quot;place_id&quot;:78003148,&quot;licence&quot;:&quot;Data \\u00a9 OpenStreetMap contributors, ODbL 1.0. http:\\\/\\\/osm.org\\\/copyright&quot;,&quot;osm_type&quot;:&quot;relation&quot;,&quot;osm_id&quot;:39295,&quot;lat&quot;:&quot;37.8819449&quot;,&quot;lon&quot;:&quot;13.609543686318478&quot;,&quot;class&quot;:&quot;boundary&quot;,&quot;type&quot;:&quot;administrative&quot;,&quot;place_rank&quot;:12,&quot;importance&quot;:0.47632080785977271,&quot;addresstype&quot;:&quot;county&quot;,&quot;name&quot;:&quot;Palermo&quot;,&quot;display_name&quot;:&quot;Palermo, Sicilia, Italia&quot;,&quot;address&quot;:{&quot;county&quot;:&quot;Palermo&quot;,&quot;ISO3166-2-lvl6&quot;:&quot;IT-PA&quot;,&quot;state&quot;:&quot;Sicilia&quot;,&quot;ISO3166-2-lvl4&quot;:&quot;IT-82&quot;,&quot;country&quot;:&quot;Italia&quot;,&quot;country_code&quot;:&quot;it&quot;,&quot;building&quot;:&quot;&quot;,&quot;road&quot;:&quot;&quot;,&quot;house_number&quot;:&quot;&quot;,&quot;postcode&quot;:&quot;&quot;,&quot;city&quot;:&quot;&quot;,&quot;town&quot;:&quot;&quot;,&quot;village&quot;:&quot;&quot;,&quot;hamlet&quot;:&quot;&quot;},&quot;boundingbox&quot;:[&quot;37.5393034&quot;,&quot;38.7206781&quot;,&quot;12.9287426&quot;,&quot;14.2943904&quot;]}}],&quot;uuid&quot;:&quot;marker_65645e2d3682c&quot;}]\"><\/div>\n"},"yoast_head":"<!-- This site is optimized with the Yoast SEO plugin v27.2 - https:\/\/yoast.com\/product\/yoast-seo-wordpress\/ -->\n<title>Fiera Mediterranea del Cavallo - Visit Sicily<\/title>\n<meta name=\"description\" content=\"Est\u00e1 en marcha la quinta edici\u00f3n de la Feria del Caballo del Mediterr\u00e1neo, organizada por la Regi\u00f3n de Sicilia con el apoyo t\u00e9cnico de Fieracavalli, que para 2023 se celebrar\u00e1 en el Campo Ostacoli La Favorita de Palermo.\" \/>\n<meta name=\"robots\" content=\"index, follow, max-snippet:-1, max-image-preview:large, max-video-preview:-1\" \/>\n<link rel=\"canonical\" href=\"https:\/\/www.visitsicily.info\/es\/evento-new\/fiera-mediterranea-del-cavallo\/\" \/>\n<meta property=\"og:locale\" content=\"es_ES\" \/>\n<meta property=\"og:type\" content=\"article\" \/>\n<meta property=\"og:title\" content=\"Fiera Mediterranea del Cavallo - Visit Sicily\" \/>\n<meta property=\"og:description\" content=\"Est\u00e1 en marcha la quinta edici\u00f3n de la Feria del Caballo del Mediterr\u00e1neo, organizada por la Regi\u00f3n de Sicilia con el apoyo t\u00e9cnico de Fieracavalli, que para 2023 se celebrar\u00e1 en el Campo Ostacoli La Favorita de Palermo.\" \/>\n<meta property=\"og:url\" content=\"https:\/\/www.visitsicily.info\/es\/evento-new\/fiera-mediterranea-del-cavallo\/\" \/>\n<meta property=\"og:site_name\" content=\"Visit Sicily\" \/>\n<meta property=\"article:publisher\" content=\"https:\/\/www.facebook.com\/visitsicily.info\/\" \/>\n<meta property=\"article:modified_time\" content=\"2023-11-24T14:18:13+00:00\" \/>\n<meta property=\"og:image\" content=\"https:\/\/www.visitsicily.info\/wp-content\/uploads\/2023\/11\/BannerFieraMediterraneadelCavallo.png\" \/>\n\t<meta property=\"og:image:width\" content=\"1160\" \/>\n\t<meta property=\"og:image:height\" content=\"508\" \/>\n\t<meta property=\"og:image:type\" content=\"image\/png\" \/>\n<meta name=\"twitter:card\" content=\"summary_large_image\" \/>\n<meta name=\"twitter:site\" content=\"@VisitSicilyOP\" \/>\n<script type=\"application\/ld+json\" class=\"yoast-schema-graph\">{\"@context\":\"https:\/\/schema.org\",\"@graph\":[{\"@type\":\"WebPage\",\"@id\":\"https:\/\/www.visitsicily.info\/es\/evento-new\/fiera-mediterranea-del-cavallo\/\",\"url\":\"https:\/\/www.visitsicily.info\/es\/evento-new\/fiera-mediterranea-del-cavallo\/\",\"name\":\"Fiera Mediterranea del Cavallo - Visit Sicily\",\"isPartOf\":{\"@id\":\"https:\/\/www.visitsicily.info\/es\/#website\"},\"primaryImageOfPage\":{\"@id\":\"https:\/\/www.visitsicily.info\/es\/evento-new\/fiera-mediterranea-del-cavallo\/#primaryimage\"},\"image\":{\"@id\":\"https:\/\/www.visitsicily.info\/es\/evento-new\/fiera-mediterranea-del-cavallo\/#primaryimage\"},\"thumbnailUrl\":\"https:\/\/www.visitsicily.info\/wp-content\/uploads\/2023\/11\/BannerFieraMediterraneadelCavallo.png\",\"datePublished\":\"2023-11-24T14:02:41+00:00\",\"dateModified\":\"2023-11-24T14:18:13+00:00\",\"description\":\"Est\u00e1 en marcha la quinta edici\u00f3n de la Feria del Caballo del Mediterr\u00e1neo, organizada por la Regi\u00f3n de Sicilia con el apoyo t\u00e9cnico de Fieracavalli, que para 2023 se celebrar\u00e1 en el Campo Ostacoli La Favorita de Palermo.\",\"breadcrumb\":{\"@id\":\"https:\/\/www.visitsicily.info\/es\/evento-new\/fiera-mediterranea-del-cavallo\/#breadcrumb\"},\"inLanguage\":\"es\",\"potentialAction\":[{\"@type\":\"ReadAction\",\"target\":[\"https:\/\/www.visitsicily.info\/es\/evento-new\/fiera-mediterranea-del-cavallo\/\"]}]},{\"@type\":\"ImageObject\",\"inLanguage\":\"es\",\"@id\":\"https:\/\/www.visitsicily.info\/es\/evento-new\/fiera-mediterranea-del-cavallo\/#primaryimage\",\"url\":\"https:\/\/www.visitsicily.info\/wp-content\/uploads\/2023\/11\/BannerFieraMediterraneadelCavallo.png\",\"contentUrl\":\"https:\/\/www.visitsicily.info\/wp-content\/uploads\/2023\/11\/BannerFieraMediterraneadelCavallo.png\",\"width\":1160,\"height\":508,\"caption\":\"Fiera Mediterranea del Cavallo\"},{\"@type\":\"BreadcrumbList\",\"@id\":\"https:\/\/www.visitsicily.info\/es\/evento-new\/fiera-mediterranea-del-cavallo\/#breadcrumb\",\"itemListElement\":[{\"@type\":\"ListItem\",\"position\":1,\"name\":\"Home\",\"item\":\"https:\/\/www.visitsicily.info\/es\/\"},{\"@type\":\"ListItem\",\"position\":2,\"name\":\"Eventos\",\"item\":\"https:\/\/www.visitsicily.info\/es\/evento-new\/\"},{\"@type\":\"ListItem\",\"position\":3,\"name\":\"Fiera Mediterranea del Cavallo\"}]},{\"@type\":\"WebSite\",\"@id\":\"https:\/\/www.visitsicily.info\/es\/#website\",\"url\":\"https:\/\/www.visitsicily.info\/es\/\",\"name\":\"Visit Sicily\",\"description\":\"Island of art\",\"publisher\":{\"@id\":\"https:\/\/www.visitsicily.info\/es\/#organization\"},\"potentialAction\":[{\"@type\":\"SearchAction\",\"target\":{\"@type\":\"EntryPoint\",\"urlTemplate\":\"https:\/\/www.visitsicily.info\/es\/?s={search_term_string}\"},\"query-input\":{\"@type\":\"PropertyValueSpecification\",\"valueRequired\":true,\"valueName\":\"search_term_string\"}}],\"inLanguage\":\"es\"},{\"@type\":\"Organization\",\"@id\":\"https:\/\/www.visitsicily.info\/es\/#organization\",\"name\":\"Regione Siciliana\",\"url\":\"https:\/\/www.visitsicily.info\/es\/\",\"logo\":{\"@type\":\"ImageObject\",\"inLanguage\":\"es\",\"@id\":\"https:\/\/www.visitsicily.info\/es\/#\/schema\/logo\/image\/\",\"url\":\"https:\/\/www.visitsicily.info\/wp-content\/uploads\/2021\/05\/regione-siciliana-logo2.png\",\"contentUrl\":\"https:\/\/www.visitsicily.info\/wp-content\/uploads\/2021\/05\/regione-siciliana-logo2.png\",\"width\":200,\"height\":200,\"caption\":\"Regione Siciliana\"},\"image\":{\"@id\":\"https:\/\/www.visitsicily.info\/es\/#\/schema\/logo\/image\/\"},\"sameAs\":[\"https:\/\/www.facebook.com\/visitsicily.info\/\",\"https:\/\/x.com\/VisitSicilyOP\",\"https:\/\/www.instagram.com\/ig_visitsicily\/\",\"https:\/\/www.pinterest.com\/visitsicilyOP\/followers\/\",\"https:\/\/www.youtube.com\/user\/siciliaturismo\"]}]}<\/script>\n<!-- \/ Yoast SEO plugin. -->","yoast_head_json":{"title":"Fiera Mediterranea del Cavallo - Visit Sicily","description":"Est\u00e1 en marcha la quinta edici\u00f3n de la Feria del Caballo del Mediterr\u00e1neo, organizada por la Regi\u00f3n de Sicilia con el apoyo t\u00e9cnico de Fieracavalli, que para 2023 se celebrar\u00e1 en el Campo Ostacoli La Favorita de Palermo.","robots":{"index":"index","follow":"follow","max-snippet":"max-snippet:-1","max-image-preview":"max-image-preview:large","max-video-preview":"max-video-preview:-1"},"canonical":"https:\/\/www.visitsicily.info\/es\/evento-new\/fiera-mediterranea-del-cavallo\/","og_locale":"es_ES","og_type":"article","og_title":"Fiera Mediterranea del Cavallo - Visit Sicily","og_description":"Est\u00e1 en marcha la quinta edici\u00f3n de la Feria del Caballo del Mediterr\u00e1neo, organizada por la Regi\u00f3n de Sicilia con el apoyo t\u00e9cnico de Fieracavalli, que para 2023 se celebrar\u00e1 en el Campo Ostacoli La Favorita de Palermo.","og_url":"https:\/\/www.visitsicily.info\/es\/evento-new\/fiera-mediterranea-del-cavallo\/","og_site_name":"Visit Sicily","article_publisher":"https:\/\/www.facebook.com\/visitsicily.info\/","article_modified_time":"2023-11-24T14:18:13+00:00","og_image":[{"width":1160,"height":508,"url":"https:\/\/www.visitsicily.info\/wp-content\/uploads\/2023\/11\/BannerFieraMediterraneadelCavallo.png","type":"image\/png"}],"twitter_card":"summary_large_image","twitter_site":"@VisitSicilyOP","schema":{"@context":"https:\/\/schema.org","@graph":[{"@type":"WebPage","@id":"https:\/\/www.visitsicily.info\/es\/evento-new\/fiera-mediterranea-del-cavallo\/","url":"https:\/\/www.visitsicily.info\/es\/evento-new\/fiera-mediterranea-del-cavallo\/","name":"Fiera Mediterranea del Cavallo - Visit Sicily","isPartOf":{"@id":"https:\/\/www.visitsicily.info\/es\/#website"},"primaryImageOfPage":{"@id":"https:\/\/www.visitsicily.info\/es\/evento-new\/fiera-mediterranea-del-cavallo\/#primaryimage"},"image":{"@id":"https:\/\/www.visitsicily.info\/es\/evento-new\/fiera-mediterranea-del-cavallo\/#primaryimage"},"thumbnailUrl":"https:\/\/www.visitsicily.info\/wp-content\/uploads\/2023\/11\/BannerFieraMediterraneadelCavallo.png","datePublished":"2023-11-24T14:02:41+00:00","dateModified":"2023-11-24T14:18:13+00:00","description":"Est\u00e1 en marcha la quinta edici\u00f3n de la Feria del Caballo del Mediterr\u00e1neo, organizada por la Regi\u00f3n de Sicilia con el apoyo t\u00e9cnico de Fieracavalli, que para 2023 se celebrar\u00e1 en el Campo Ostacoli La Favorita de Palermo.","breadcrumb":{"@id":"https:\/\/www.visitsicily.info\/es\/evento-new\/fiera-mediterranea-del-cavallo\/#breadcrumb"},"inLanguage":"es","potentialAction":[{"@type":"ReadAction","target":["https:\/\/www.visitsicily.info\/es\/evento-new\/fiera-mediterranea-del-cavallo\/"]}]},{"@type":"ImageObject","inLanguage":"es","@id":"https:\/\/www.visitsicily.info\/es\/evento-new\/fiera-mediterranea-del-cavallo\/#primaryimage","url":"https:\/\/www.visitsicily.info\/wp-content\/uploads\/2023\/11\/BannerFieraMediterraneadelCavallo.png","contentUrl":"https:\/\/www.visitsicily.info\/wp-content\/uploads\/2023\/11\/BannerFieraMediterraneadelCavallo.png","width":1160,"height":508,"caption":"Fiera Mediterranea del Cavallo"},{"@type":"BreadcrumbList","@id":"https:\/\/www.visitsicily.info\/es\/evento-new\/fiera-mediterranea-del-cavallo\/#breadcrumb","itemListElement":[{"@type":"ListItem","position":1,"name":"Home","item":"https:\/\/www.visitsicily.info\/es\/"},{"@type":"ListItem","position":2,"name":"Eventos","item":"https:\/\/www.visitsicily.info\/es\/evento-new\/"},{"@type":"ListItem","position":3,"name":"Fiera Mediterranea del Cavallo"}]},{"@type":"WebSite","@id":"https:\/\/www.visitsicily.info\/es\/#website","url":"https:\/\/www.visitsicily.info\/es\/","name":"Visit Sicily","description":"Island of art","publisher":{"@id":"https:\/\/www.visitsicily.info\/es\/#organization"},"potentialAction":[{"@type":"SearchAction","target":{"@type":"EntryPoint","urlTemplate":"https:\/\/www.visitsicily.info\/es\/?s={search_term_string}"},"query-input":{"@type":"PropertyValueSpecification","valueRequired":true,"valueName":"search_term_string"}}],"inLanguage":"es"},{"@type":"Organization","@id":"https:\/\/www.visitsicily.info\/es\/#organization","name":"Regione Siciliana","url":"https:\/\/www.visitsicily.info\/es\/","logo":{"@type":"ImageObject","inLanguage":"es","@id":"https:\/\/www.visitsicily.info\/es\/#\/schema\/logo\/image\/","url":"https:\/\/www.visitsicily.info\/wp-content\/uploads\/2021\/05\/regione-siciliana-logo2.png","contentUrl":"https:\/\/www.visitsicily.info\/wp-content\/uploads\/2021\/05\/regione-siciliana-logo2.png","width":200,"height":200,"caption":"Regione Siciliana"},"image":{"@id":"https:\/\/www.visitsicily.info\/es\/#\/schema\/logo\/image\/"},"sameAs":["https:\/\/www.facebook.com\/visitsicily.info\/","https:\/\/x.com\/VisitSicilyOP","https:\/\/www.instagram.com\/ig_visitsicily\/","https:\/\/www.pinterest.com\/visitsicilyOP\/followers\/","https:\/\/www.youtube.com\/user\/siciliaturismo"]}]}},"_links":{"self":[{"href":"https:\/\/www.visitsicily.info\/es\/wp-json\/wp\/v2\/evento-new\/69776","targetHints":{"allow":["GET"]}}],"collection":[{"href":"https:\/\/www.visitsicily.info\/es\/wp-json\/wp\/v2\/evento-new"}],"about":[{"href":"https:\/\/www.visitsicily.info\/es\/wp-json\/wp\/v2\/types\/evento-new"}],"wp:featuredmedia":[{"embeddable":true,"href":"https:\/\/www.visitsicily.info\/es\/wp-json\/wp\/v2\/media\/69759"}],"wp:attachment":[{"href":"https:\/\/www.visitsicily.info\/es\/wp-json\/wp\/v2\/media?parent=69776"}],"wp:term":[{"taxonomy":"category","embeddable":true,"href":"https:\/\/www.visitsicily.info\/es\/wp-json\/wp\/v2\/categories?post=69776"},{"taxonomy":"luogo","embeddable":true,"href":"https:\/\/www.visitsicily.info\/es\/wp-json\/wp\/v2\/luogo?post=69776"}],"curies":[{"name":"wp","href":"https:\/\/api.w.org\/{rel}","templated":true}]}}