{"id":117676,"date":"2026-09-04T11:45:41","date_gmt":"2026-09-04T09:45:41","guid":{"rendered":"https:\/\/www.visitsicily.info\/?post_type=evento-new&#038;p=117676"},"modified":"2026-09-04T11:45:41","modified_gmt":"2026-09-04T09:45:41","slug":"bellini-international-context-2026","status":"publish","type":"evento-new","link":"https:\/\/www.visitsicily.info\/es\/evento-new\/bellini-international-context-2026\/","title":{"rendered":"Bellini International Context 2026"},"content":{"rendered":"","protected":false},"featured_media":117680,"template":"","categories":[2131,2264],"luogo":[2944,2964,2957,2948],"class_list":["post-117676","evento-new","type-evento-new","status-publish","has-post-thumbnail","hentry","category-evento-es","category-grandes-eventos","luogo-agrigento-es","luogo-catania-es","luogo-messina-es","luogo-palermo-es"],"acf":{"sottotitolo":"","titolo_paragrafo_1":"Dettaglio","paragrafo_1":"<p class=\"PDq2pG_selectionAnchorContainer\" data-start=\"3905\" data-end=\"4149\">Del <strong data-start=\"3909\" data-end=\"3953\">15 de septiembre al 4 de octubre de 2026<\/strong> vuelve el <strong data-start=\"3964\" data-end=\"3997\">Bellini International Context<\/strong>, el festival dedicado a Vincenzo Bellini y promovido directamente por la Regi\u00f3n Siciliana a trav\u00e9s de la Consejer\u00eda de Turismo, Deporte y Espect\u00e1culos.<\/p>\n<p data-start=\"4151\" data-end=\"4309\">En su <strong data-start=\"4157\" data-end=\"4174\">sexta edici\u00f3n<\/strong>, la manifestaci\u00f3n propone m\u00e1s de treinta citas, principalmente en <strong data-start=\"4241\" data-end=\"4252\">Catania<\/strong>, con eventos tambi\u00e9n en <strong data-start=\"4277\" data-end=\"4308\">Palermo, Mesina y Agrigento<\/strong>.<\/p>\n<p data-start=\"4311\" data-end=\"4782\">El programa recorre <strong data-start=\"4331\" data-end=\"4523\">la \u00f3pera, los conciertos de m\u00fasica cl\u00e1sica y jazz, las fusiones entre teatro y m\u00fasica, los estrenos absolutos, los encuentros musicol\u00f3gicos y las iniciativas distribuidas por el territorio<\/strong>, confirmando la naturaleza multidisciplinar del festival y su v\u00ednculo con el patrimonio musical y cultural siciliano. La edici\u00f3n de 2026 re\u00fane a m\u00e1s de <strong data-start=\"4676\" data-end=\"4694\">1.500 artistas<\/strong> y se desarrolla a trav\u00e9s de una red de instituciones culturales y musicales de la isla.<\/p>\n<p data-start=\"4784\" data-end=\"5319\">El hilo conductor de este a\u00f1o conduce al <strong data-start=\"4825\" data-end=\"4842\">Par\u00eds de 1835<\/strong>, uno de los principales centros de la cultura europea de la \u00e9poca y la ciudad donde Bellini alcanz\u00f3 su consagraci\u00f3n internacional. En el centro del programa se encuentra<em> <strong data-start=\"5013\" data-end=\"5027\">I Puritani<\/strong><\/em>, la \u00faltima \u00f3pera del compositor catan\u00e9s, presentada en una nueva producci\u00f3n del Teatro Massimo Bellini. El recorrido de esta edici\u00f3n pone adem\u00e1s a Bellini en relaci\u00f3n con algunas de las figuras que marcaron aquella temporada art\u00edstica, entre ellas Rossini, Donizetti, Wagner, Liszt y Chopin.<\/p>\n<p data-start=\"5321\" data-end=\"5653\">Junto a la nueva producci\u00f3n de <em data-start=\"5352\" data-end=\"5364\">I Puritani<\/em>, el programa re\u00fane a directores de orquesta, cantantes l\u00edricos, pianistas, directores de escena y actores de relevancia nacional e internacional, con espect\u00e1culos y proyectos concebidos para devolver la dimensi\u00f3n cosmopolita de la obra de Bellini y su di\u00e1logo con otras formas art\u00edsticas.<\/p>\n<p data-start=\"5655\" data-end=\"5865\" data-is-last-node=\"\" data-is-only-node=\"\">La edici\u00f3n de 2026 devuelve as\u00ed a Bellini a la dimensi\u00f3n europea y cosmopolita en la que madur\u00f3 su arte, poniendo su repertorio en di\u00e1logo con otros protagonistas y lenguajes de la escena musical del siglo XIX.<\/p>\n","contatti_organizzatore":"","localizzazione":"<div class=\"leaflet-map\" data-height=\"400\" data-map=\"leaflet\" data-map-lng=\"13.5845947\" data-map-lat=\"37.3090141\" data-map-zoom=\"7\" data-map-layers=\"[&quot;CartoDB.Voyager&quot;]\" data-map-markers=\"[{&quot;label&quot;:&quot;Catania, Sicilia Italia&quot;,&quot;default_label&quot;:&quot;Catania, Sicilia Italia&quot;,&quot;lat&quot;:37.502361200000003,&quot;lng&quot;:15.0873718,&quot;geocode&quot;:[{&quot;name&quot;:&quot;Catania, Sicilia, Italia&quot;,&quot;html&quot;:&quot;Catania, Sicilia Italia&quot;,&quot;bbox&quot;:{&quot;_southWest&quot;:{&quot;lat&quot;:37.358297100000001,&quot;lng&quot;:14.935867399999999},&quot;_northEast&quot;:{&quot;lat&quot;:37.562385999999996,&quot;lng&quot;:15.125794000000001}},&quot;center&quot;:{&quot;lat&quot;:37.502361200000003,&quot;lng&quot;:15.0873718},&quot;properties&quot;:{&quot;place_id&quot;:53566617,&quot;licence&quot;:&quot;Data \\u00a9 OpenStreetMap contributors, ODbL 1.0. http:\\\/\\\/osm.org\\\/copyright&quot;,&quot;osm_type&quot;:&quot;relation&quot;,&quot;osm_id&quot;:39230,&quot;lat&quot;:&quot;37.5023612&quot;,&quot;lon&quot;:&quot;15.0873718&quot;,&quot;class&quot;:&quot;boundary&quot;,&quot;type&quot;:&quot;administrative&quot;,&quot;place_rank&quot;:16,&quot;importance&quot;:0.66206757371711245,&quot;addresstype&quot;:&quot;city&quot;,&quot;name&quot;:&quot;Catania&quot;,&quot;display_name&quot;:&quot;Catania, Sicilia, Italia&quot;,&quot;address&quot;:{&quot;city&quot;:&quot;Catania&quot;,&quot;county&quot;:&quot;Catania&quot;,&quot;ISO3166-2-lvl6&quot;:&quot;IT-CT&quot;,&quot;state&quot;:&quot;Sicilia&quot;,&quot;ISO3166-2-lvl4&quot;:&quot;IT-82&quot;,&quot;country&quot;:&quot;Italia&quot;,&quot;country_code&quot;:&quot;it&quot;,&quot;building&quot;:&quot;&quot;,&quot;road&quot;:&quot;&quot;,&quot;house_number&quot;:&quot;&quot;,&quot;postcode&quot;:&quot;&quot;,&quot;town&quot;:&quot;&quot;,&quot;village&quot;:&quot;&quot;,&quot;hamlet&quot;:&quot;&quot;},&quot;boundingbox&quot;:[37.358297100000001,37.562385999999996,14.935867399999999,15.125794000000001]}}],&quot;uuid&quot;:&quot;marker_6a98206c01027&quot;},{&quot;label&quot;:&quot;Messina, Sicilia Italia&quot;,&quot;default_label&quot;:&quot;Messina, Sicilia Italia&quot;,&quot;lat&quot;:38.193757099999999,&quot;lng&quot;:15.5542082,&quot;geocode&quot;:[{&quot;name&quot;:&quot;Messina, Sicilia, Italia&quot;,&quot;html&quot;:&quot;Messina, Sicilia Italia&quot;,&quot;bbox&quot;:{&quot;_southWest&quot;:{&quot;lat&quot;:38.055507900000002,&quot;lng&quot;:15.4079341},&quot;_northEast&quot;:{&quot;lat&quot;:38.301488300000003,&quot;lng&quot;:15.6530796}},&quot;center&quot;:{&quot;lat&quot;:38.193757099999999,&quot;lng&quot;:15.5542082},&quot;properties&quot;:{&quot;place_id&quot;:54436408,&quot;licence&quot;:&quot;Data \\u00a9 OpenStreetMap contributors, ODbL 1.0. http:\\\/\\\/osm.org\\\/copyright&quot;,&quot;osm_type&quot;:&quot;relation&quot;,&quot;osm_id&quot;:39514,&quot;lat&quot;:&quot;38.1937571&quot;,&quot;lon&quot;:&quot;15.5542082&quot;,&quot;class&quot;:&quot;boundary&quot;,&quot;type&quot;:&quot;administrative&quot;,&quot;place_rank&quot;:16,&quot;importance&quot;:0.66388902627990698,&quot;addresstype&quot;:&quot;city&quot;,&quot;name&quot;:&quot;Messina&quot;,&quot;display_name&quot;:&quot;Messina, Sicilia, Italia&quot;,&quot;address&quot;:{&quot;city&quot;:&quot;Messina&quot;,&quot;county&quot;:&quot;Messina&quot;,&quot;ISO3166-2-lvl6&quot;:&quot;IT-ME&quot;,&quot;state&quot;:&quot;Sicilia&quot;,&quot;ISO3166-2-lvl4&quot;:&quot;IT-82&quot;,&quot;country&quot;:&quot;Italia&quot;,&quot;country_code&quot;:&quot;it&quot;,&quot;building&quot;:&quot;&quot;,&quot;road&quot;:&quot;&quot;,&quot;house_number&quot;:&quot;&quot;,&quot;postcode&quot;:&quot;&quot;,&quot;town&quot;:&quot;&quot;,&quot;village&quot;:&quot;&quot;,&quot;hamlet&quot;:&quot;&quot;},&quot;boundingbox&quot;:[38.055507900000002,38.301488300000003,15.4079341,15.6530796]}}],&quot;uuid&quot;:&quot;marker_6a98207801029&quot;},{&quot;label&quot;:&quot;92100 Agrigento, Sicilia Italia&quot;,&quot;default_label&quot;:&quot;92100 Agrigento, Sicilia Italia&quot;,&quot;lat&quot;:37.312299099999997,&quot;lng&quot;:13.57465,&quot;geocode&quot;:[{&quot;name&quot;:&quot;Agrigento, Sicilia, 92100, Italia&quot;,&quot;html&quot;:&quot;92100 Agrigento, Sicilia Italia&quot;,&quot;bbox&quot;:{&quot;_southWest&quot;:{&quot;lat&quot;:37.189677000000003,&quot;lng&quot;:13.396652100000001},&quot;_northEast&quot;:{&quot;lat&quot;:37.440644499999998,&quot;lng&quot;:13.748623500000001}},&quot;center&quot;:{&quot;lat&quot;:37.312299099999997,&quot;lng&quot;:13.57465},&quot;properties&quot;:{&quot;place_id&quot;:54185264,&quot;licence&quot;:&quot;Data \\u00a9 OpenStreetMap contributors, ODbL 1.0. http:\\\/\\\/osm.org\\\/copyright&quot;,&quot;osm_type&quot;:&quot;relation&quot;,&quot;osm_id&quot;:39202,&quot;lat&quot;:&quot;37.3122991&quot;,&quot;lon&quot;:&quot;13.5746500&quot;,&quot;class&quot;:&quot;boundary&quot;,&quot;type&quot;:&quot;administrative&quot;,&quot;place_rank&quot;:16,&quot;importance&quot;:0.60497315500082471,&quot;addresstype&quot;:&quot;city&quot;,&quot;name&quot;:&quot;Agrigento&quot;,&quot;display_name&quot;:&quot;Agrigento, Sicilia, 92100, Italia&quot;,&quot;address&quot;:{&quot;city&quot;:&quot;Agrigento&quot;,&quot;county&quot;:&quot;Agrigento&quot;,&quot;ISO3166-2-lvl6&quot;:&quot;IT-AG&quot;,&quot;state&quot;:&quot;Sicilia&quot;,&quot;ISO3166-2-lvl4&quot;:&quot;IT-82&quot;,&quot;postcode&quot;:&quot;92100&quot;,&quot;country&quot;:&quot;Italia&quot;,&quot;country_code&quot;:&quot;it&quot;,&quot;building&quot;:&quot;&quot;,&quot;road&quot;:&quot;&quot;,&quot;house_number&quot;:&quot;&quot;,&quot;town&quot;:&quot;&quot;,&quot;village&quot;:&quot;&quot;,&quot;hamlet&quot;:&quot;&quot;},&quot;boundingbox&quot;:[37.189677000000003,37.440644499999998,13.396652100000001,13.748623500000001]}}],&quot;uuid&quot;:&quot;marker_6a9820940102b&quot;}]\"><\/div>\n","email_organizzatore":"info@belliniinternationalcontext.it","pagina_social":"https:\/\/www.facebook.com\/bellini.bic","url":"https:\/\/www.belliniinternationalcontext.it\/","dataora_fine":"04\/10\/2026 00:00","dataora_inizio":"15\/09\/2026 21:00","galleria":[{"ID":117529,"id":117529,"title":"2026_BIC_Manifesti concerti_70x100_Bozza4_page-0001","filename":"2026_BIC_Manifesti-concerti_70x100_Bozza4_page-0001-scaled.jpg","filesize":778970,"url":"https:\/\/www.visitsicily.info\/wp-content\/uploads\/2026\/09\/2026_BIC_Manifesti-concerti_70x100_Bozza4_page-0001-scaled.jpg","link":"https:\/\/www.visitsicily.info\/es\/evento-new\/bellini-international-context-2026\/2026_bic_manifesti-concerti_70x100_bozza4_page-0001-2\/","alt":"","author":"46","description":"","caption":"","name":"2026_bic_manifesti-concerti_70x100_bozza4_page-0001-2","status":"inherit","uploaded_to":117676,"date":"2026-09-04 09:17:58","modified":"2026-09-04 09:45:07","menu_order":0,"mime_type":"image\/jpeg","type":"image","subtype":"jpeg","icon":"https:\/\/www.visitsicily.info\/wp-includes\/images\/media\/default.png","width":1792,"height":2560,"sizes":{"thumbnail":"https:\/\/www.visitsicily.info\/wp-content\/uploads\/2026\/09\/2026_BIC_Manifesti-concerti_70x100_Bozza4_page-0001-150x150.jpg","thumbnail-width":150,"thumbnail-height":150,"medium":"https:\/\/www.visitsicily.info\/wp-content\/uploads\/2026\/09\/2026_BIC_Manifesti-concerti_70x100_Bozza4_page-0001-210x300.jpg","medium-width":210,"medium-height":300,"medium_large":"https:\/\/www.visitsicily.info\/wp-content\/uploads\/2026\/09\/2026_BIC_Manifesti-concerti_70x100_Bozza4_page-0001-768x1097.jpg","medium_large-width":768,"medium_large-height":1097,"large":"https:\/\/www.visitsicily.info\/wp-content\/uploads\/2026\/09\/2026_BIC_Manifesti-concerti_70x100_Bozza4_page-0001-717x1024.jpg","large-width":717,"large-height":1024,"1536x1536":"https:\/\/www.visitsicily.info\/wp-content\/uploads\/2026\/09\/2026_BIC_Manifesti-concerti_70x100_Bozza4_page-0001-1075x1536.jpg","1536x1536-width":1075,"1536x1536-height":1536,"2048x2048":"https:\/\/www.visitsicily.info\/wp-content\/uploads\/2026\/09\/2026_BIC_Manifesti-concerti_70x100_Bozza4_page-0001-1434x2048.jpg","2048x2048-width":1434,"2048x2048-height":2048,"blog-large":"https:\/\/www.visitsicily.info\/wp-content\/uploads\/2026\/09\/2026_BIC_Manifesti-concerti_70x100_Bozza4_page-0001-669x272.jpg","blog-large-width":669,"blog-large-height":272,"blog-medium":"https:\/\/www.visitsicily.info\/wp-content\/uploads\/2026\/09\/2026_BIC_Manifesti-concerti_70x100_Bozza4_page-0001-320x202.jpg","blog-medium-width":320,"blog-medium-height":202,"recent-posts":"https:\/\/www.visitsicily.info\/wp-content\/uploads\/2026\/09\/2026_BIC_Manifesti-concerti_70x100_Bozza4_page-0001-700x441.jpg","recent-posts-width":700,"recent-posts-height":441,"recent-works-thumbnail":"https:\/\/www.visitsicily.info\/wp-content\/uploads\/2026\/09\/2026_BIC_Manifesti-concerti_70x100_Bozza4_page-0001-66x66.jpg","recent-works-thumbnail-width":66,"recent-works-thumbnail-height":66,"fusion-200":"https:\/\/www.visitsicily.info\/wp-content\/uploads\/2026\/09\/2026_BIC_Manifesti-concerti_70x100_Bozza4_page-0001-200x286.jpg","fusion-200-width":200,"fusion-200-height":286,"fusion-400":"https:\/\/www.visitsicily.info\/wp-content\/uploads\/2026\/09\/2026_BIC_Manifesti-concerti_70x100_Bozza4_page-0001-400x571.jpg","fusion-400-width":400,"fusion-400-height":571,"fusion-600":"https:\/\/www.visitsicily.info\/wp-content\/uploads\/2026\/09\/2026_BIC_Manifesti-concerti_70x100_Bozza4_page-0001-600x857.jpg","fusion-600-width":600,"fusion-600-height":857,"fusion-800":"https:\/\/www.visitsicily.info\/wp-content\/uploads\/2026\/09\/2026_BIC_Manifesti-concerti_70x100_Bozza4_page-0001-800x1143.jpg","fusion-800-width":800,"fusion-800-height":1143,"fusion-1200":"https:\/\/www.visitsicily.info\/wp-content\/uploads\/2026\/09\/2026_BIC_Manifesti-concerti_70x100_Bozza4_page-0001-1200x1714.jpg","fusion-1200-width":1200,"fusion-1200-height":1714,"portfolio-full":"https:\/\/www.visitsicily.info\/wp-content\/uploads\/2026\/09\/2026_BIC_Manifesti-concerti_70x100_Bozza4_page-0001-940x400.jpg","portfolio-full-width":940,"portfolio-full-height":400,"portfolio-one":"https:\/\/www.visitsicily.info\/wp-content\/uploads\/2026\/09\/2026_BIC_Manifesti-concerti_70x100_Bozza4_page-0001-540x272.jpg","portfolio-one-width":540,"portfolio-one-height":272,"portfolio-two":"https:\/\/www.visitsicily.info\/wp-content\/uploads\/2026\/09\/2026_BIC_Manifesti-concerti_70x100_Bozza4_page-0001-460x295.jpg","portfolio-two-width":460,"portfolio-two-height":295,"portfolio-three":"https:\/\/www.visitsicily.info\/wp-content\/uploads\/2026\/09\/2026_BIC_Manifesti-concerti_70x100_Bozza4_page-0001-300x214.jpg","portfolio-three-width":300,"portfolio-three-height":214,"portfolio-five":"https:\/\/www.visitsicily.info\/wp-content\/uploads\/2026\/09\/2026_BIC_Manifesti-concerti_70x100_Bozza4_page-0001-177x142.jpg","portfolio-five-width":177,"portfolio-five-height":142}},{"ID":117533,"id":117533,"title":"2026_BIC_Manifesti concerti_70x100_Bozza4_page-0002","filename":"2026_BIC_Manifesti-concerti_70x100_Bozza4_page-0002-scaled.jpg","filesize":834816,"url":"https:\/\/www.visitsicily.info\/wp-content\/uploads\/2026\/09\/2026_BIC_Manifesti-concerti_70x100_Bozza4_page-0002-scaled.jpg","link":"https:\/\/www.visitsicily.info\/es\/evento-new\/bellini-international-context-2026\/2026_bic_manifesti-concerti_70x100_bozza4_page-0002-2\/","alt":"","author":"46","description":"","caption":"","name":"2026_bic_manifesti-concerti_70x100_bozza4_page-0002-2","status":"inherit","uploaded_to":117676,"date":"2026-09-04 09:18:19","modified":"2026-09-04 09:45:07","menu_order":0,"mime_type":"image\/jpeg","type":"image","subtype":"jpeg","icon":"https:\/\/www.visitsicily.info\/wp-includes\/images\/media\/default.png","width":1792,"height":2560,"sizes":{"thumbnail":"https:\/\/www.visitsicily.info\/wp-content\/uploads\/2026\/09\/2026_BIC_Manifesti-concerti_70x100_Bozza4_page-0002-150x150.jpg","thumbnail-width":150,"thumbnail-height":150,"medium":"https:\/\/www.visitsicily.info\/wp-content\/uploads\/2026\/09\/2026_BIC_Manifesti-concerti_70x100_Bozza4_page-0002-210x300.jpg","medium-width":210,"medium-height":300,"medium_large":"https:\/\/www.visitsicily.info\/wp-content\/uploads\/2026\/09\/2026_BIC_Manifesti-concerti_70x100_Bozza4_page-0002-768x1097.jpg","medium_large-width":768,"medium_large-height":1097,"large":"https:\/\/www.visitsicily.info\/wp-content\/uploads\/2026\/09\/2026_BIC_Manifesti-concerti_70x100_Bozza4_page-0002-717x1024.jpg","large-width":717,"large-height":1024,"1536x1536":"https:\/\/www.visitsicily.info\/wp-content\/uploads\/2026\/09\/2026_BIC_Manifesti-concerti_70x100_Bozza4_page-0002-1075x1536.jpg","1536x1536-width":1075,"1536x1536-height":1536,"2048x2048":"https:\/\/www.visitsicily.info\/wp-content\/uploads\/2026\/09\/2026_BIC_Manifesti-concerti_70x100_Bozza4_page-0002-1434x2048.jpg","2048x2048-width":1434,"2048x2048-height":2048,"blog-large":"https:\/\/www.visitsicily.info\/wp-content\/uploads\/2026\/09\/2026_BIC_Manifesti-concerti_70x100_Bozza4_page-0002-669x272.jpg","blog-large-width":669,"blog-large-height":272,"blog-medium":"https:\/\/www.visitsicily.info\/wp-content\/uploads\/2026\/09\/2026_BIC_Manifesti-concerti_70x100_Bozza4_page-0002-320x202.jpg","blog-medium-width":320,"blog-medium-height":202,"recent-posts":"https:\/\/www.visitsicily.info\/wp-content\/uploads\/2026\/09\/2026_BIC_Manifesti-concerti_70x100_Bozza4_page-0002-700x441.jpg","recent-posts-width":700,"recent-posts-height":441,"recent-works-thumbnail":"https:\/\/www.visitsicily.info\/wp-content\/uploads\/2026\/09\/2026_BIC_Manifesti-concerti_70x100_Bozza4_page-0002-66x66.jpg","recent-works-thumbnail-width":66,"recent-works-thumbnail-height":66,"fusion-200":"https:\/\/www.visitsicily.info\/wp-content\/uploads\/2026\/09\/2026_BIC_Manifesti-concerti_70x100_Bozza4_page-0002-200x286.jpg","fusion-200-width":200,"fusion-200-height":286,"fusion-400":"https:\/\/www.visitsicily.info\/wp-content\/uploads\/2026\/09\/2026_BIC_Manifesti-concerti_70x100_Bozza4_page-0002-400x571.jpg","fusion-400-width":400,"fusion-400-height":571,"fusion-600":"https:\/\/www.visitsicily.info\/wp-content\/uploads\/2026\/09\/2026_BIC_Manifesti-concerti_70x100_Bozza4_page-0002-600x857.jpg","fusion-600-width":600,"fusion-600-height":857,"fusion-800":"https:\/\/www.visitsicily.info\/wp-content\/uploads\/2026\/09\/2026_BIC_Manifesti-concerti_70x100_Bozza4_page-0002-800x1143.jpg","fusion-800-width":800,"fusion-800-height":1143,"fusion-1200":"https:\/\/www.visitsicily.info\/wp-content\/uploads\/2026\/09\/2026_BIC_Manifesti-concerti_70x100_Bozza4_page-0002-1200x1714.jpg","fusion-1200-width":1200,"fusion-1200-height":1714,"portfolio-full":"https:\/\/www.visitsicily.info\/wp-content\/uploads\/2026\/09\/2026_BIC_Manifesti-concerti_70x100_Bozza4_page-0002-940x400.jpg","portfolio-full-width":940,"portfolio-full-height":400,"portfolio-one":"https:\/\/www.visitsicily.info\/wp-content\/uploads\/2026\/09\/2026_BIC_Manifesti-concerti_70x100_Bozza4_page-0002-540x272.jpg","portfolio-one-width":540,"portfolio-one-height":272,"portfolio-two":"https:\/\/www.visitsicily.info\/wp-content\/uploads\/2026\/09\/2026_BIC_Manifesti-concerti_70x100_Bozza4_page-0002-460x295.jpg","portfolio-two-width":460,"portfolio-two-height":295,"portfolio-three":"https:\/\/www.visitsicily.info\/wp-content\/uploads\/2026\/09\/2026_BIC_Manifesti-concerti_70x100_Bozza4_page-0002-300x214.jpg","portfolio-three-width":300,"portfolio-three-height":214,"portfolio-five":"https:\/\/www.visitsicily.info\/wp-content\/uploads\/2026\/09\/2026_BIC_Manifesti-concerti_70x100_Bozza4_page-0002-177x142.jpg","portfolio-five-width":177,"portfolio-five-height":142}},{"ID":117537,"id":117537,"title":"2026_BIC_Manifesti concerti_70x100_Bozza4_page-0003","filename":"2026_BIC_Manifesti-concerti_70x100_Bozza4_page-0003-scaled.jpg","filesize":814486,"url":"https:\/\/www.visitsicily.info\/wp-content\/uploads\/2026\/09\/2026_BIC_Manifesti-concerti_70x100_Bozza4_page-0003-scaled.jpg","link":"https:\/\/www.visitsicily.info\/es\/evento-new\/bellini-international-context-2026\/2026_bic_manifesti-concerti_70x100_bozza4_page-0003-2\/","alt":"","author":"46","description":"","caption":"","name":"2026_bic_manifesti-concerti_70x100_bozza4_page-0003-2","status":"inherit","uploaded_to":117676,"date":"2026-09-04 09:18:47","modified":"2026-09-04 09:45:08","menu_order":0,"mime_type":"image\/jpeg","type":"image","subtype":"jpeg","icon":"https:\/\/www.visitsicily.info\/wp-includes\/images\/media\/default.png","width":1792,"height":2560,"sizes":{"thumbnail":"https:\/\/www.visitsicily.info\/wp-content\/uploads\/2026\/09\/2026_BIC_Manifesti-concerti_70x100_Bozza4_page-0003-150x150.jpg","thumbnail-width":150,"thumbnail-height":150,"medium":"https:\/\/www.visitsicily.info\/wp-content\/uploads\/2026\/09\/2026_BIC_Manifesti-concerti_70x100_Bozza4_page-0003-210x300.jpg","medium-width":210,"medium-height":300,"medium_large":"https:\/\/www.visitsicily.info\/wp-content\/uploads\/2026\/09\/2026_BIC_Manifesti-concerti_70x100_Bozza4_page-0003-768x1097.jpg","medium_large-width":768,"medium_large-height":1097,"large":"https:\/\/www.visitsicily.info\/wp-content\/uploads\/2026\/09\/2026_BIC_Manifesti-concerti_70x100_Bozza4_page-0003-717x1024.jpg","large-width":717,"large-height":1024,"1536x1536":"https:\/\/www.visitsicily.info\/wp-content\/uploads\/2026\/09\/2026_BIC_Manifesti-concerti_70x100_Bozza4_page-0003-1075x1536.jpg","1536x1536-width":1075,"1536x1536-height":1536,"2048x2048":"https:\/\/www.visitsicily.info\/wp-content\/uploads\/2026\/09\/2026_BIC_Manifesti-concerti_70x100_Bozza4_page-0003-1434x2048.jpg","2048x2048-width":1434,"2048x2048-height":2048,"blog-large":"https:\/\/www.visitsicily.info\/wp-content\/uploads\/2026\/09\/2026_BIC_Manifesti-concerti_70x100_Bozza4_page-0003-669x272.jpg","blog-large-width":669,"blog-large-height":272,"blog-medium":"https:\/\/www.visitsicily.info\/wp-content\/uploads\/2026\/09\/2026_BIC_Manifesti-concerti_70x100_Bozza4_page-0003-320x202.jpg","blog-medium-width":320,"blog-medium-height":202,"recent-posts":"https:\/\/www.visitsicily.info\/wp-content\/uploads\/2026\/09\/2026_BIC_Manifesti-concerti_70x100_Bozza4_page-0003-700x441.jpg","recent-posts-width":700,"recent-posts-height":441,"recent-works-thumbnail":"https:\/\/www.visitsicily.info\/wp-content\/uploads\/2026\/09\/2026_BIC_Manifesti-concerti_70x100_Bozza4_page-0003-66x66.jpg","recent-works-thumbnail-width":66,"recent-works-thumbnail-height":66,"fusion-200":"https:\/\/www.visitsicily.info\/wp-content\/uploads\/2026\/09\/2026_BIC_Manifesti-concerti_70x100_Bozza4_page-0003-200x286.jpg","fusion-200-width":200,"fusion-200-height":286,"fusion-400":"https:\/\/www.visitsicily.info\/wp-content\/uploads\/2026\/09\/2026_BIC_Manifesti-concerti_70x100_Bozza4_page-0003-400x571.jpg","fusion-400-width":400,"fusion-400-height":571,"fusion-600":"https:\/\/www.visitsicily.info\/wp-content\/uploads\/2026\/09\/2026_BIC_Manifesti-concerti_70x100_Bozza4_page-0003-600x857.jpg","fusion-600-width":600,"fusion-600-height":857,"fusion-800":"https:\/\/www.visitsicily.info\/wp-content\/uploads\/2026\/09\/2026_BIC_Manifesti-concerti_70x100_Bozza4_page-0003-800x1143.jpg","fusion-800-width":800,"fusion-800-height":1143,"fusion-1200":"https:\/\/www.visitsicily.info\/wp-content\/uploads\/2026\/09\/2026_BIC_Manifesti-concerti_70x100_Bozza4_page-0003-1200x1714.jpg","fusion-1200-width":1200,"fusion-1200-height":1714,"portfolio-full":"https:\/\/www.visitsicily.info\/wp-content\/uploads\/2026\/09\/2026_BIC_Manifesti-concerti_70x100_Bozza4_page-0003-940x400.jpg","portfolio-full-width":940,"portfolio-full-height":400,"portfolio-one":"https:\/\/www.visitsicily.info\/wp-content\/uploads\/2026\/09\/2026_BIC_Manifesti-concerti_70x100_Bozza4_page-0003-540x272.jpg","portfolio-one-width":540,"portfolio-one-height":272,"portfolio-two":"https:\/\/www.visitsicily.info\/wp-content\/uploads\/2026\/09\/2026_BIC_Manifesti-concerti_70x100_Bozza4_page-0003-460x295.jpg","portfolio-two-width":460,"portfolio-two-height":295,"portfolio-three":"https:\/\/www.visitsicily.info\/wp-content\/uploads\/2026\/09\/2026_BIC_Manifesti-concerti_70x100_Bozza4_page-0003-300x214.jpg","portfolio-three-width":300,"portfolio-three-height":214,"portfolio-five":"https:\/\/www.visitsicily.info\/wp-content\/uploads\/2026\/09\/2026_BIC_Manifesti-concerti_70x100_Bozza4_page-0003-177x142.jpg","portfolio-five-width":177,"portfolio-five-height":142}},{"ID":117541,"id":117541,"title":"2026_BIC_Manifesti concerti_70x100_Bozza4_page-0004","filename":"2026_BIC_Manifesti-concerti_70x100_Bozza4_page-0004-scaled.jpg","filesize":893218,"url":"https:\/\/www.visitsicily.info\/wp-content\/uploads\/2026\/09\/2026_BIC_Manifesti-concerti_70x100_Bozza4_page-0004-scaled.jpg","link":"https:\/\/www.visitsicily.info\/es\/evento-new\/bellini-international-context-2026\/2026_bic_manifesti-concerti_70x100_bozza4_page-0004-2\/","alt":"","author":"46","description":"","caption":"","name":"2026_bic_manifesti-concerti_70x100_bozza4_page-0004-2","status":"inherit","uploaded_to":117676,"date":"2026-09-04 09:19:11","modified":"2026-09-04 09:45:08","menu_order":0,"mime_type":"image\/jpeg","type":"image","subtype":"jpeg","icon":"https:\/\/www.visitsicily.info\/wp-includes\/images\/media\/default.png","width":1792,"height":2560,"sizes":{"thumbnail":"https:\/\/www.visitsicily.info\/wp-content\/uploads\/2026\/09\/2026_BIC_Manifesti-concerti_70x100_Bozza4_page-0004-150x150.jpg","thumbnail-width":150,"thumbnail-height":150,"medium":"https:\/\/www.visitsicily.info\/wp-content\/uploads\/2026\/09\/2026_BIC_Manifesti-concerti_70x100_Bozza4_page-0004-210x300.jpg","medium-width":210,"medium-height":300,"medium_large":"https:\/\/www.visitsicily.info\/wp-content\/uploads\/2026\/09\/2026_BIC_Manifesti-concerti_70x100_Bozza4_page-0004-768x1097.jpg","medium_large-width":768,"medium_large-height":1097,"large":"https:\/\/www.visitsicily.info\/wp-content\/uploads\/2026\/09\/2026_BIC_Manifesti-concerti_70x100_Bozza4_page-0004-717x1024.jpg","large-width":717,"large-height":1024,"1536x1536":"https:\/\/www.visitsicily.info\/wp-content\/uploads\/2026\/09\/2026_BIC_Manifesti-concerti_70x100_Bozza4_page-0004-1075x1536.jpg","1536x1536-width":1075,"1536x1536-height":1536,"2048x2048":"https:\/\/www.visitsicily.info\/wp-content\/uploads\/2026\/09\/2026_BIC_Manifesti-concerti_70x100_Bozza4_page-0004-1434x2048.jpg","2048x2048-width":1434,"2048x2048-height":2048,"blog-large":"https:\/\/www.visitsicily.info\/wp-content\/uploads\/2026\/09\/2026_BIC_Manifesti-concerti_70x100_Bozza4_page-0004-669x272.jpg","blog-large-width":669,"blog-large-height":272,"blog-medium":"https:\/\/www.visitsicily.info\/wp-content\/uploads\/2026\/09\/2026_BIC_Manifesti-concerti_70x100_Bozza4_page-0004-320x202.jpg","blog-medium-width":320,"blog-medium-height":202,"recent-posts":"https:\/\/www.visitsicily.info\/wp-content\/uploads\/2026\/09\/2026_BIC_Manifesti-concerti_70x100_Bozza4_page-0004-700x441.jpg","recent-posts-width":700,"recent-posts-height":441,"recent-works-thumbnail":"https:\/\/www.visitsicily.info\/wp-content\/uploads\/2026\/09\/2026_BIC_Manifesti-concerti_70x100_Bozza4_page-0004-66x66.jpg","recent-works-thumbnail-width":66,"recent-works-thumbnail-height":66,"fusion-200":"https:\/\/www.visitsicily.info\/wp-content\/uploads\/2026\/09\/2026_BIC_Manifesti-concerti_70x100_Bozza4_page-0004-200x286.jpg","fusion-200-width":200,"fusion-200-height":286,"fusion-400":"https:\/\/www.visitsicily.info\/wp-content\/uploads\/2026\/09\/2026_BIC_Manifesti-concerti_70x100_Bozza4_page-0004-400x571.jpg","fusion-400-width":400,"fusion-400-height":571,"fusion-600":"https:\/\/www.visitsicily.info\/wp-content\/uploads\/2026\/09\/2026_BIC_Manifesti-concerti_70x100_Bozza4_page-0004-600x857.jpg","fusion-600-width":600,"fusion-600-height":857,"fusion-800":"https:\/\/www.visitsicily.info\/wp-content\/uploads\/2026\/09\/2026_BIC_Manifesti-concerti_70x100_Bozza4_page-0004-800x1143.jpg","fusion-800-width":800,"fusion-800-height":1143,"fusion-1200":"https:\/\/www.visitsicily.info\/wp-content\/uploads\/2026\/09\/2026_BIC_Manifesti-concerti_70x100_Bozza4_page-0004-1200x1714.jpg","fusion-1200-width":1200,"fusion-1200-height":1714,"portfolio-full":"https:\/\/www.visitsicily.info\/wp-content\/uploads\/2026\/09\/2026_BIC_Manifesti-concerti_70x100_Bozza4_page-0004-940x400.jpg","portfolio-full-width":940,"portfolio-full-height":400,"portfolio-one":"https:\/\/www.visitsicily.info\/wp-content\/uploads\/2026\/09\/2026_BIC_Manifesti-concerti_70x100_Bozza4_page-0004-540x272.jpg","portfolio-one-width":540,"portfolio-one-height":272,"portfolio-two":"https:\/\/www.visitsicily.info\/wp-content\/uploads\/2026\/09\/2026_BIC_Manifesti-concerti_70x100_Bozza4_page-0004-460x295.jpg","portfolio-two-width":460,"portfolio-two-height":295,"portfolio-three":"https:\/\/www.visitsicily.info\/wp-content\/uploads\/2026\/09\/2026_BIC_Manifesti-concerti_70x100_Bozza4_page-0004-300x214.jpg","portfolio-three-width":300,"portfolio-three-height":214,"portfolio-five":"https:\/\/www.visitsicily.info\/wp-content\/uploads\/2026\/09\/2026_BIC_Manifesti-concerti_70x100_Bozza4_page-0004-177x142.jpg","portfolio-five-width":177,"portfolio-five-height":142}},{"ID":117545,"id":117545,"title":"2026_BIC_Manifesti concerti_70x100_Bozza4_page-0005","filename":"2026_BIC_Manifesti-concerti_70x100_Bozza4_page-0005-scaled.jpg","filesize":867345,"url":"https:\/\/www.visitsicily.info\/wp-content\/uploads\/2026\/09\/2026_BIC_Manifesti-concerti_70x100_Bozza4_page-0005-scaled.jpg","link":"https:\/\/www.visitsicily.info\/es\/evento-new\/bellini-international-context-2026\/2026_bic_manifesti-concerti_70x100_bozza4_page-0005-2\/","alt":"","author":"46","description":"","caption":"","name":"2026_bic_manifesti-concerti_70x100_bozza4_page-0005-2","status":"inherit","uploaded_to":117676,"date":"2026-09-04 09:19:44","modified":"2026-09-04 09:45:08","menu_order":0,"mime_type":"image\/jpeg","type":"image","subtype":"jpeg","icon":"https:\/\/www.visitsicily.info\/wp-includes\/images\/media\/default.png","width":1792,"height":2560,"sizes":{"thumbnail":"https:\/\/www.visitsicily.info\/wp-content\/uploads\/2026\/09\/2026_BIC_Manifesti-concerti_70x100_Bozza4_page-0005-150x150.jpg","thumbnail-width":150,"thumbnail-height":150,"medium":"https:\/\/www.visitsicily.info\/wp-content\/uploads\/2026\/09\/2026_BIC_Manifesti-concerti_70x100_Bozza4_page-0005-210x300.jpg","medium-width":210,"medium-height":300,"medium_large":"https:\/\/www.visitsicily.info\/wp-content\/uploads\/2026\/09\/2026_BIC_Manifesti-concerti_70x100_Bozza4_page-0005-768x1097.jpg","medium_large-width":768,"medium_large-height":1097,"large":"https:\/\/www.visitsicily.info\/wp-content\/uploads\/2026\/09\/2026_BIC_Manifesti-concerti_70x100_Bozza4_page-0005-717x1024.jpg","large-width":717,"large-height":1024,"1536x1536":"https:\/\/www.visitsicily.info\/wp-content\/uploads\/2026\/09\/2026_BIC_Manifesti-concerti_70x100_Bozza4_page-0005-1075x1536.jpg","1536x1536-width":1075,"1536x1536-height":1536,"2048x2048":"https:\/\/www.visitsicily.info\/wp-content\/uploads\/2026\/09\/2026_BIC_Manifesti-concerti_70x100_Bozza4_page-0005-1434x2048.jpg","2048x2048-width":1434,"2048x2048-height":2048,"blog-large":"https:\/\/www.visitsicily.info\/wp-content\/uploads\/2026\/09\/2026_BIC_Manifesti-concerti_70x100_Bozza4_page-0005-669x272.jpg","blog-large-width":669,"blog-large-height":272,"blog-medium":"https:\/\/www.visitsicily.info\/wp-content\/uploads\/2026\/09\/2026_BIC_Manifesti-concerti_70x100_Bozza4_page-0005-320x202.jpg","blog-medium-width":320,"blog-medium-height":202,"recent-posts":"https:\/\/www.visitsicily.info\/wp-content\/uploads\/2026\/09\/2026_BIC_Manifesti-concerti_70x100_Bozza4_page-0005-700x441.jpg","recent-posts-width":700,"recent-posts-height":441,"recent-works-thumbnail":"https:\/\/www.visitsicily.info\/wp-content\/uploads\/2026\/09\/2026_BIC_Manifesti-concerti_70x100_Bozza4_page-0005-66x66.jpg","recent-works-thumbnail-width":66,"recent-works-thumbnail-height":66,"fusion-200":"https:\/\/www.visitsicily.info\/wp-content\/uploads\/2026\/09\/2026_BIC_Manifesti-concerti_70x100_Bozza4_page-0005-200x286.jpg","fusion-200-width":200,"fusion-200-height":286,"fusion-400":"https:\/\/www.visitsicily.info\/wp-content\/uploads\/2026\/09\/2026_BIC_Manifesti-concerti_70x100_Bozza4_page-0005-400x571.jpg","fusion-400-width":400,"fusion-400-height":571,"fusion-600":"https:\/\/www.visitsicily.info\/wp-content\/uploads\/2026\/09\/2026_BIC_Manifesti-concerti_70x100_Bozza4_page-0005-600x857.jpg","fusion-600-width":600,"fusion-600-height":857,"fusion-800":"https:\/\/www.visitsicily.info\/wp-content\/uploads\/2026\/09\/2026_BIC_Manifesti-concerti_70x100_Bozza4_page-0005-800x1143.jpg","fusion-800-width":800,"fusion-800-height":1143,"fusion-1200":"https:\/\/www.visitsicily.info\/wp-content\/uploads\/2026\/09\/2026_BIC_Manifesti-concerti_70x100_Bozza4_page-0005-1200x1714.jpg","fusion-1200-width":1200,"fusion-1200-height":1714,"portfolio-full":"https:\/\/www.visitsicily.info\/wp-content\/uploads\/2026\/09\/2026_BIC_Manifesti-concerti_70x100_Bozza4_page-0005-940x400.jpg","portfolio-full-width":940,"portfolio-full-height":400,"portfolio-one":"https:\/\/www.visitsicily.info\/wp-content\/uploads\/2026\/09\/2026_BIC_Manifesti-concerti_70x100_Bozza4_page-0005-540x272.jpg","portfolio-one-width":540,"portfolio-one-height":272,"portfolio-two":"https:\/\/www.visitsicily.info\/wp-content\/uploads\/2026\/09\/2026_BIC_Manifesti-concerti_70x100_Bozza4_page-0005-460x295.jpg","portfolio-two-width":460,"portfolio-two-height":295,"portfolio-three":"https:\/\/www.visitsicily.info\/wp-content\/uploads\/2026\/09\/2026_BIC_Manifesti-concerti_70x100_Bozza4_page-0005-300x214.jpg","portfolio-three-width":300,"portfolio-three-height":214,"portfolio-five":"https:\/\/www.visitsicily.info\/wp-content\/uploads\/2026\/09\/2026_BIC_Manifesti-concerti_70x100_Bozza4_page-0005-177x142.jpg","portfolio-five-width":177,"portfolio-five-height":142}},{"ID":117549,"id":117549,"title":"2026_BIC_Manifesti concerti_70x100_Bozza4_page-0006","filename":"2026_BIC_Manifesti-concerti_70x100_Bozza4_page-0006-scaled.jpg","filesize":863508,"url":"https:\/\/www.visitsicily.info\/wp-content\/uploads\/2026\/09\/2026_BIC_Manifesti-concerti_70x100_Bozza4_page-0006-scaled.jpg","link":"https:\/\/www.visitsicily.info\/es\/evento-new\/bellini-international-context-2026\/2026_bic_manifesti-concerti_70x100_bozza4_page-0006-2\/","alt":"","author":"46","description":"","caption":"","name":"2026_bic_manifesti-concerti_70x100_bozza4_page-0006-2","status":"inherit","uploaded_to":117676,"date":"2026-09-04 09:20:17","modified":"2026-09-04 09:45:08","menu_order":0,"mime_type":"image\/jpeg","type":"image","subtype":"jpeg","icon":"https:\/\/www.visitsicily.info\/wp-includes\/images\/media\/default.png","width":1792,"height":2560,"sizes":{"thumbnail":"https:\/\/www.visitsicily.info\/wp-content\/uploads\/2026\/09\/2026_BIC_Manifesti-concerti_70x100_Bozza4_page-0006-150x150.jpg","thumbnail-width":150,"thumbnail-height":150,"medium":"https:\/\/www.visitsicily.info\/wp-content\/uploads\/2026\/09\/2026_BIC_Manifesti-concerti_70x100_Bozza4_page-0006-210x300.jpg","medium-width":210,"medium-height":300,"medium_large":"https:\/\/www.visitsicily.info\/wp-content\/uploads\/2026\/09\/2026_BIC_Manifesti-concerti_70x100_Bozza4_page-0006-768x1097.jpg","medium_large-width":768,"medium_large-height":1097,"large":"https:\/\/www.visitsicily.info\/wp-content\/uploads\/2026\/09\/2026_BIC_Manifesti-concerti_70x100_Bozza4_page-0006-717x1024.jpg","large-width":717,"large-height":1024,"1536x1536":"https:\/\/www.visitsicily.info\/wp-content\/uploads\/2026\/09\/2026_BIC_Manifesti-concerti_70x100_Bozza4_page-0006-1075x1536.jpg","1536x1536-width":1075,"1536x1536-height":1536,"2048x2048":"https:\/\/www.visitsicily.info\/wp-content\/uploads\/2026\/09\/2026_BIC_Manifesti-concerti_70x100_Bozza4_page-0006-1434x2048.jpg","2048x2048-width":1434,"2048x2048-height":2048,"blog-large":"https:\/\/www.visitsicily.info\/wp-content\/uploads\/2026\/09\/2026_BIC_Manifesti-concerti_70x100_Bozza4_page-0006-669x272.jpg","blog-large-width":669,"blog-large-height":272,"blog-medium":"https:\/\/www.visitsicily.info\/wp-content\/uploads\/2026\/09\/2026_BIC_Manifesti-concerti_70x100_Bozza4_page-0006-320x202.jpg","blog-medium-width":320,"blog-medium-height":202,"recent-posts":"https:\/\/www.visitsicily.info\/wp-content\/uploads\/2026\/09\/2026_BIC_Manifesti-concerti_70x100_Bozza4_page-0006-700x441.jpg","recent-posts-width":700,"recent-posts-height":441,"recent-works-thumbnail":"https:\/\/www.visitsicily.info\/wp-content\/uploads\/2026\/09\/2026_BIC_Manifesti-concerti_70x100_Bozza4_page-0006-66x66.jpg","recent-works-thumbnail-width":66,"recent-works-thumbnail-height":66,"fusion-200":"https:\/\/www.visitsicily.info\/wp-content\/uploads\/2026\/09\/2026_BIC_Manifesti-concerti_70x100_Bozza4_page-0006-200x286.jpg","fusion-200-width":200,"fusion-200-height":286,"fusion-400":"https:\/\/www.visitsicily.info\/wp-content\/uploads\/2026\/09\/2026_BIC_Manifesti-concerti_70x100_Bozza4_page-0006-400x571.jpg","fusion-400-width":400,"fusion-400-height":571,"fusion-600":"https:\/\/www.visitsicily.info\/wp-content\/uploads\/2026\/09\/2026_BIC_Manifesti-concerti_70x100_Bozza4_page-0006-600x857.jpg","fusion-600-width":600,"fusion-600-height":857,"fusion-800":"https:\/\/www.visitsicily.info\/wp-content\/uploads\/2026\/09\/2026_BIC_Manifesti-concerti_70x100_Bozza4_page-0006-800x1143.jpg","fusion-800-width":800,"fusion-800-height":1143,"fusion-1200":"https:\/\/www.visitsicily.info\/wp-content\/uploads\/2026\/09\/2026_BIC_Manifesti-concerti_70x100_Bozza4_page-0006-1200x1714.jpg","fusion-1200-width":1200,"fusion-1200-height":1714,"portfolio-full":"https:\/\/www.visitsicily.info\/wp-content\/uploads\/2026\/09\/2026_BIC_Manifesti-concerti_70x100_Bozza4_page-0006-940x400.jpg","portfolio-full-width":940,"portfolio-full-height":400,"portfolio-one":"https:\/\/www.visitsicily.info\/wp-content\/uploads\/2026\/09\/2026_BIC_Manifesti-concerti_70x100_Bozza4_page-0006-540x272.jpg","portfolio-one-width":540,"portfolio-one-height":272,"portfolio-two":"https:\/\/www.visitsicily.info\/wp-content\/uploads\/2026\/09\/2026_BIC_Manifesti-concerti_70x100_Bozza4_page-0006-460x295.jpg","portfolio-two-width":460,"portfolio-two-height":295,"portfolio-three":"https:\/\/www.visitsicily.info\/wp-content\/uploads\/2026\/09\/2026_BIC_Manifesti-concerti_70x100_Bozza4_page-0006-300x214.jpg","portfolio-three-width":300,"portfolio-three-height":214,"portfolio-five":"https:\/\/www.visitsicily.info\/wp-content\/uploads\/2026\/09\/2026_BIC_Manifesti-concerti_70x100_Bozza4_page-0006-177x142.jpg","portfolio-five-width":177,"portfolio-five-height":142}},{"ID":117553,"id":117553,"title":"2026_BIC_Manifesti concerti_70x100_Bozza5_page-0001","filename":"2026_BIC_Manifesti-concerti_70x100_Bozza5_page-0001-scaled.jpg","filesize":804041,"url":"https:\/\/www.visitsicily.info\/wp-content\/uploads\/2026\/09\/2026_BIC_Manifesti-concerti_70x100_Bozza5_page-0001-scaled.jpg","link":"https:\/\/www.visitsicily.info\/es\/evento-new\/bellini-international-context-2026\/2026_bic_manifesti-concerti_70x100_bozza5_page-0001-2\/","alt":"","author":"46","description":"","caption":"","name":"2026_bic_manifesti-concerti_70x100_bozza5_page-0001-2","status":"inherit","uploaded_to":117676,"date":"2026-09-04 09:20:43","modified":"2026-09-04 09:45:08","menu_order":0,"mime_type":"image\/jpeg","type":"image","subtype":"jpeg","icon":"https:\/\/www.visitsicily.info\/wp-includes\/images\/media\/default.png","width":1792,"height":2560,"sizes":{"thumbnail":"https:\/\/www.visitsicily.info\/wp-content\/uploads\/2026\/09\/2026_BIC_Manifesti-concerti_70x100_Bozza5_page-0001-150x150.jpg","thumbnail-width":150,"thumbnail-height":150,"medium":"https:\/\/www.visitsicily.info\/wp-content\/uploads\/2026\/09\/2026_BIC_Manifesti-concerti_70x100_Bozza5_page-0001-210x300.jpg","medium-width":210,"medium-height":300,"medium_large":"https:\/\/www.visitsicily.info\/wp-content\/uploads\/2026\/09\/2026_BIC_Manifesti-concerti_70x100_Bozza5_page-0001-768x1097.jpg","medium_large-width":768,"medium_large-height":1097,"large":"https:\/\/www.visitsicily.info\/wp-content\/uploads\/2026\/09\/2026_BIC_Manifesti-concerti_70x100_Bozza5_page-0001-717x1024.jpg","large-width":717,"large-height":1024,"1536x1536":"https:\/\/www.visitsicily.info\/wp-content\/uploads\/2026\/09\/2026_BIC_Manifesti-concerti_70x100_Bozza5_page-0001-1075x1536.jpg","1536x1536-width":1075,"1536x1536-height":1536,"2048x2048":"https:\/\/www.visitsicily.info\/wp-content\/uploads\/2026\/09\/2026_BIC_Manifesti-concerti_70x100_Bozza5_page-0001-1434x2048.jpg","2048x2048-width":1434,"2048x2048-height":2048,"blog-large":"https:\/\/www.visitsicily.info\/wp-content\/uploads\/2026\/09\/2026_BIC_Manifesti-concerti_70x100_Bozza5_page-0001-669x272.jpg","blog-large-width":669,"blog-large-height":272,"blog-medium":"https:\/\/www.visitsicily.info\/wp-content\/uploads\/2026\/09\/2026_BIC_Manifesti-concerti_70x100_Bozza5_page-0001-320x202.jpg","blog-medium-width":320,"blog-medium-height":202,"recent-posts":"https:\/\/www.visitsicily.info\/wp-content\/uploads\/2026\/09\/2026_BIC_Manifesti-concerti_70x100_Bozza5_page-0001-700x441.jpg","recent-posts-width":700,"recent-posts-height":441,"recent-works-thumbnail":"https:\/\/www.visitsicily.info\/wp-content\/uploads\/2026\/09\/2026_BIC_Manifesti-concerti_70x100_Bozza5_page-0001-66x66.jpg","recent-works-thumbnail-width":66,"recent-works-thumbnail-height":66,"fusion-200":"https:\/\/www.visitsicily.info\/wp-content\/uploads\/2026\/09\/2026_BIC_Manifesti-concerti_70x100_Bozza5_page-0001-200x286.jpg","fusion-200-width":200,"fusion-200-height":286,"fusion-400":"https:\/\/www.visitsicily.info\/wp-content\/uploads\/2026\/09\/2026_BIC_Manifesti-concerti_70x100_Bozza5_page-0001-400x571.jpg","fusion-400-width":400,"fusion-400-height":571,"fusion-600":"https:\/\/www.visitsicily.info\/wp-content\/uploads\/2026\/09\/2026_BIC_Manifesti-concerti_70x100_Bozza5_page-0001-600x857.jpg","fusion-600-width":600,"fusion-600-height":857,"fusion-800":"https:\/\/www.visitsicily.info\/wp-content\/uploads\/2026\/09\/2026_BIC_Manifesti-concerti_70x100_Bozza5_page-0001-800x1143.jpg","fusion-800-width":800,"fusion-800-height":1143,"fusion-1200":"https:\/\/www.visitsicily.info\/wp-content\/uploads\/2026\/09\/2026_BIC_Manifesti-concerti_70x100_Bozza5_page-0001-1200x1714.jpg","fusion-1200-width":1200,"fusion-1200-height":1714,"portfolio-full":"https:\/\/www.visitsicily.info\/wp-content\/uploads\/2026\/09\/2026_BIC_Manifesti-concerti_70x100_Bozza5_page-0001-940x400.jpg","portfolio-full-width":940,"portfolio-full-height":400,"portfolio-one":"https:\/\/www.visitsicily.info\/wp-content\/uploads\/2026\/09\/2026_BIC_Manifesti-concerti_70x100_Bozza5_page-0001-540x272.jpg","portfolio-one-width":540,"portfolio-one-height":272,"portfolio-two":"https:\/\/www.visitsicily.info\/wp-content\/uploads\/2026\/09\/2026_BIC_Manifesti-concerti_70x100_Bozza5_page-0001-460x295.jpg","portfolio-two-width":460,"portfolio-two-height":295,"portfolio-three":"https:\/\/www.visitsicily.info\/wp-content\/uploads\/2026\/09\/2026_BIC_Manifesti-concerti_70x100_Bozza5_page-0001-300x214.jpg","portfolio-three-width":300,"portfolio-three-height":214,"portfolio-five":"https:\/\/www.visitsicily.info\/wp-content\/uploads\/2026\/09\/2026_BIC_Manifesti-concerti_70x100_Bozza5_page-0001-177x142.jpg","portfolio-five-width":177,"portfolio-five-height":142}},{"ID":117557,"id":117557,"title":"2026_BIC_Manifesti concerti_70x100_Bozza5_page-0002","filename":"2026_BIC_Manifesti-concerti_70x100_Bozza5_page-0002-scaled.jpg","filesize":933453,"url":"https:\/\/www.visitsicily.info\/wp-content\/uploads\/2026\/09\/2026_BIC_Manifesti-concerti_70x100_Bozza5_page-0002-scaled.jpg","link":"https:\/\/www.visitsicily.info\/es\/evento-new\/bellini-international-context-2026\/2026_bic_manifesti-concerti_70x100_bozza5_page-0002-2\/","alt":"","author":"46","description":"","caption":"","name":"2026_bic_manifesti-concerti_70x100_bozza5_page-0002-2","status":"inherit","uploaded_to":117676,"date":"2026-09-04 09:21:06","modified":"2026-09-04 09:45:08","menu_order":0,"mime_type":"image\/jpeg","type":"image","subtype":"jpeg","icon":"https:\/\/www.visitsicily.info\/wp-includes\/images\/media\/default.png","width":1792,"height":2560,"sizes":{"thumbnail":"https:\/\/www.visitsicily.info\/wp-content\/uploads\/2026\/09\/2026_BIC_Manifesti-concerti_70x100_Bozza5_page-0002-150x150.jpg","thumbnail-width":150,"thumbnail-height":150,"medium":"https:\/\/www.visitsicily.info\/wp-content\/uploads\/2026\/09\/2026_BIC_Manifesti-concerti_70x100_Bozza5_page-0002-210x300.jpg","medium-width":210,"medium-height":300,"medium_large":"https:\/\/www.visitsicily.info\/wp-content\/uploads\/2026\/09\/2026_BIC_Manifesti-concerti_70x100_Bozza5_page-0002-768x1097.jpg","medium_large-width":768,"medium_large-height":1097,"large":"https:\/\/www.visitsicily.info\/wp-content\/uploads\/2026\/09\/2026_BIC_Manifesti-concerti_70x100_Bozza5_page-0002-717x1024.jpg","large-width":717,"large-height":1024,"1536x1536":"https:\/\/www.visitsicily.info\/wp-content\/uploads\/2026\/09\/2026_BIC_Manifesti-concerti_70x100_Bozza5_page-0002-1075x1536.jpg","1536x1536-width":1075,"1536x1536-height":1536,"2048x2048":"https:\/\/www.visitsicily.info\/wp-content\/uploads\/2026\/09\/2026_BIC_Manifesti-concerti_70x100_Bozza5_page-0002-1434x2048.jpg","2048x2048-width":1434,"2048x2048-height":2048,"blog-large":"https:\/\/www.visitsicily.info\/wp-content\/uploads\/2026\/09\/2026_BIC_Manifesti-concerti_70x100_Bozza5_page-0002-669x272.jpg","blog-large-width":669,"blog-large-height":272,"blog-medium":"https:\/\/www.visitsicily.info\/wp-content\/uploads\/2026\/09\/2026_BIC_Manifesti-concerti_70x100_Bozza5_page-0002-320x202.jpg","blog-medium-width":320,"blog-medium-height":202,"recent-posts":"https:\/\/www.visitsicily.info\/wp-content\/uploads\/2026\/09\/2026_BIC_Manifesti-concerti_70x100_Bozza5_page-0002-700x441.jpg","recent-posts-width":700,"recent-posts-height":441,"recent-works-thumbnail":"https:\/\/www.visitsicily.info\/wp-content\/uploads\/2026\/09\/2026_BIC_Manifesti-concerti_70x100_Bozza5_page-0002-66x66.jpg","recent-works-thumbnail-width":66,"recent-works-thumbnail-height":66,"fusion-200":"https:\/\/www.visitsicily.info\/wp-content\/uploads\/2026\/09\/2026_BIC_Manifesti-concerti_70x100_Bozza5_page-0002-200x286.jpg","fusion-200-width":200,"fusion-200-height":286,"fusion-400":"https:\/\/www.visitsicily.info\/wp-content\/uploads\/2026\/09\/2026_BIC_Manifesti-concerti_70x100_Bozza5_page-0002-400x571.jpg","fusion-400-width":400,"fusion-400-height":571,"fusion-600":"https:\/\/www.visitsicily.info\/wp-content\/uploads\/2026\/09\/2026_BIC_Manifesti-concerti_70x100_Bozza5_page-0002-600x857.jpg","fusion-600-width":600,"fusion-600-height":857,"fusion-800":"https:\/\/www.visitsicily.info\/wp-content\/uploads\/2026\/09\/2026_BIC_Manifesti-concerti_70x100_Bozza5_page-0002-800x1143.jpg","fusion-800-width":800,"fusion-800-height":1143,"fusion-1200":"https:\/\/www.visitsicily.info\/wp-content\/uploads\/2026\/09\/2026_BIC_Manifesti-concerti_70x100_Bozza5_page-0002-1200x1714.jpg","fusion-1200-width":1200,"fusion-1200-height":1714,"portfolio-full":"https:\/\/www.visitsicily.info\/wp-content\/uploads\/2026\/09\/2026_BIC_Manifesti-concerti_70x100_Bozza5_page-0002-940x400.jpg","portfolio-full-width":940,"portfolio-full-height":400,"portfolio-one":"https:\/\/www.visitsicily.info\/wp-content\/uploads\/2026\/09\/2026_BIC_Manifesti-concerti_70x100_Bozza5_page-0002-540x272.jpg","portfolio-one-width":540,"portfolio-one-height":272,"portfolio-two":"https:\/\/www.visitsicily.info\/wp-content\/uploads\/2026\/09\/2026_BIC_Manifesti-concerti_70x100_Bozza5_page-0002-460x295.jpg","portfolio-two-width":460,"portfolio-two-height":295,"portfolio-three":"https:\/\/www.visitsicily.info\/wp-content\/uploads\/2026\/09\/2026_BIC_Manifesti-concerti_70x100_Bozza5_page-0002-300x214.jpg","portfolio-three-width":300,"portfolio-three-height":214,"portfolio-five":"https:\/\/www.visitsicily.info\/wp-content\/uploads\/2026\/09\/2026_BIC_Manifesti-concerti_70x100_Bozza5_page-0002-177x142.jpg","portfolio-five-width":177,"portfolio-five-height":142}},{"ID":117561,"id":117561,"title":"2026_BIC_Manifesti concerti_70x100_Bozza5_page-0003","filename":"2026_BIC_Manifesti-concerti_70x100_Bozza5_page-0003-scaled.jpg","filesize":826984,"url":"https:\/\/www.visitsicily.info\/wp-content\/uploads\/2026\/09\/2026_BIC_Manifesti-concerti_70x100_Bozza5_page-0003-scaled.jpg","link":"https:\/\/www.visitsicily.info\/es\/evento-new\/bellini-international-context-2026\/2026_bic_manifesti-concerti_70x100_bozza5_page-0003-2\/","alt":"","author":"46","description":"","caption":"","name":"2026_bic_manifesti-concerti_70x100_bozza5_page-0003-2","status":"inherit","uploaded_to":117676,"date":"2026-09-04 09:21:26","modified":"2026-09-04 09:45:08","menu_order":0,"mime_type":"image\/jpeg","type":"image","subtype":"jpeg","icon":"https:\/\/www.visitsicily.info\/wp-includes\/images\/media\/default.png","width":1792,"height":2560,"sizes":{"thumbnail":"https:\/\/www.visitsicily.info\/wp-content\/uploads\/2026\/09\/2026_BIC_Manifesti-concerti_70x100_Bozza5_page-0003-150x150.jpg","thumbnail-width":150,"thumbnail-height":150,"medium":"https:\/\/www.visitsicily.info\/wp-content\/uploads\/2026\/09\/2026_BIC_Manifesti-concerti_70x100_Bozza5_page-0003-210x300.jpg","medium-width":210,"medium-height":300,"medium_large":"https:\/\/www.visitsicily.info\/wp-content\/uploads\/2026\/09\/2026_BIC_Manifesti-concerti_70x100_Bozza5_page-0003-768x1097.jpg","medium_large-width":768,"medium_large-height":1097,"large":"https:\/\/www.visitsicily.info\/wp-content\/uploads\/2026\/09\/2026_BIC_Manifesti-concerti_70x100_Bozza5_page-0003-717x1024.jpg","large-width":717,"large-height":1024,"1536x1536":"https:\/\/www.visitsicily.info\/wp-content\/uploads\/2026\/09\/2026_BIC_Manifesti-concerti_70x100_Bozza5_page-0003-1075x1536.jpg","1536x1536-width":1075,"1536x1536-height":1536,"2048x2048":"https:\/\/www.visitsicily.info\/wp-content\/uploads\/2026\/09\/2026_BIC_Manifesti-concerti_70x100_Bozza5_page-0003-1434x2048.jpg","2048x2048-width":1434,"2048x2048-height":2048,"blog-large":"https:\/\/www.visitsicily.info\/wp-content\/uploads\/2026\/09\/2026_BIC_Manifesti-concerti_70x100_Bozza5_page-0003-669x272.jpg","blog-large-width":669,"blog-large-height":272,"blog-medium":"https:\/\/www.visitsicily.info\/wp-content\/uploads\/2026\/09\/2026_BIC_Manifesti-concerti_70x100_Bozza5_page-0003-320x202.jpg","blog-medium-width":320,"blog-medium-height":202,"recent-posts":"https:\/\/www.visitsicily.info\/wp-content\/uploads\/2026\/09\/2026_BIC_Manifesti-concerti_70x100_Bozza5_page-0003-700x441.jpg","recent-posts-width":700,"recent-posts-height":441,"recent-works-thumbnail":"https:\/\/www.visitsicily.info\/wp-content\/uploads\/2026\/09\/2026_BIC_Manifesti-concerti_70x100_Bozza5_page-0003-66x66.jpg","recent-works-thumbnail-width":66,"recent-works-thumbnail-height":66,"fusion-200":"https:\/\/www.visitsicily.info\/wp-content\/uploads\/2026\/09\/2026_BIC_Manifesti-concerti_70x100_Bozza5_page-0003-200x286.jpg","fusion-200-width":200,"fusion-200-height":286,"fusion-400":"https:\/\/www.visitsicily.info\/wp-content\/uploads\/2026\/09\/2026_BIC_Manifesti-concerti_70x100_Bozza5_page-0003-400x571.jpg","fusion-400-width":400,"fusion-400-height":571,"fusion-600":"https:\/\/www.visitsicily.info\/wp-content\/uploads\/2026\/09\/2026_BIC_Manifesti-concerti_70x100_Bozza5_page-0003-600x857.jpg","fusion-600-width":600,"fusion-600-height":857,"fusion-800":"https:\/\/www.visitsicily.info\/wp-content\/uploads\/2026\/09\/2026_BIC_Manifesti-concerti_70x100_Bozza5_page-0003-800x1143.jpg","fusion-800-width":800,"fusion-800-height":1143,"fusion-1200":"https:\/\/www.visitsicily.info\/wp-content\/uploads\/2026\/09\/2026_BIC_Manifesti-concerti_70x100_Bozza5_page-0003-1200x1714.jpg","fusion-1200-width":1200,"fusion-1200-height":1714,"portfolio-full":"https:\/\/www.visitsicily.info\/wp-content\/uploads\/2026\/09\/2026_BIC_Manifesti-concerti_70x100_Bozza5_page-0003-940x400.jpg","portfolio-full-width":940,"portfolio-full-height":400,"portfolio-one":"https:\/\/www.visitsicily.info\/wp-content\/uploads\/2026\/09\/2026_BIC_Manifesti-concerti_70x100_Bozza5_page-0003-540x272.jpg","portfolio-one-width":540,"portfolio-one-height":272,"portfolio-two":"https:\/\/www.visitsicily.info\/wp-content\/uploads\/2026\/09\/2026_BIC_Manifesti-concerti_70x100_Bozza5_page-0003-460x295.jpg","portfolio-two-width":460,"portfolio-two-height":295,"portfolio-three":"https:\/\/www.visitsicily.info\/wp-content\/uploads\/2026\/09\/2026_BIC_Manifesti-concerti_70x100_Bozza5_page-0003-300x214.jpg","portfolio-three-width":300,"portfolio-three-height":214,"portfolio-five":"https:\/\/www.visitsicily.info\/wp-content\/uploads\/2026\/09\/2026_BIC_Manifesti-concerti_70x100_Bozza5_page-0003-177x142.jpg","portfolio-five-width":177,"portfolio-five-height":142}},{"ID":117565,"id":117565,"title":"2026_BIC_Manifesti concerti_70x100_Bozza5_page-0004","filename":"2026_BIC_Manifesti-concerti_70x100_Bozza5_page-0004-scaled.jpg","filesize":878699,"url":"https:\/\/www.visitsicily.info\/wp-content\/uploads\/2026\/09\/2026_BIC_Manifesti-concerti_70x100_Bozza5_page-0004-scaled.jpg","link":"https:\/\/www.visitsicily.info\/es\/evento-new\/bellini-international-context-2026\/2026_bic_manifesti-concerti_70x100_bozza5_page-0004-2\/","alt":"","author":"46","description":"","caption":"","name":"2026_bic_manifesti-concerti_70x100_bozza5_page-0004-2","status":"inherit","uploaded_to":117676,"date":"2026-09-04 09:21:47","modified":"2026-09-04 09:45:08","menu_order":0,"mime_type":"image\/jpeg","type":"image","subtype":"jpeg","icon":"https:\/\/www.visitsicily.info\/wp-includes\/images\/media\/default.png","width":1792,"height":2560,"sizes":{"thumbnail":"https:\/\/www.visitsicily.info\/wp-content\/uploads\/2026\/09\/2026_BIC_Manifesti-concerti_70x100_Bozza5_page-0004-150x150.jpg","thumbnail-width":150,"thumbnail-height":150,"medium":"https:\/\/www.visitsicily.info\/wp-content\/uploads\/2026\/09\/2026_BIC_Manifesti-concerti_70x100_Bozza5_page-0004-210x300.jpg","medium-width":210,"medium-height":300,"medium_large":"https:\/\/www.visitsicily.info\/wp-content\/uploads\/2026\/09\/2026_BIC_Manifesti-concerti_70x100_Bozza5_page-0004-768x1097.jpg","medium_large-width":768,"medium_large-height":1097,"large":"https:\/\/www.visitsicily.info\/wp-content\/uploads\/2026\/09\/2026_BIC_Manifesti-concerti_70x100_Bozza5_page-0004-717x1024.jpg","large-width":717,"large-height":1024,"1536x1536":"https:\/\/www.visitsicily.info\/wp-content\/uploads\/2026\/09\/2026_BIC_Manifesti-concerti_70x100_Bozza5_page-0004-1075x1536.jpg","1536x1536-width":1075,"1536x1536-height":1536,"2048x2048":"https:\/\/www.visitsicily.info\/wp-content\/uploads\/2026\/09\/2026_BIC_Manifesti-concerti_70x100_Bozza5_page-0004-1434x2048.jpg","2048x2048-width":1434,"2048x2048-height":2048,"blog-large":"https:\/\/www.visitsicily.info\/wp-content\/uploads\/2026\/09\/2026_BIC_Manifesti-concerti_70x100_Bozza5_page-0004-669x272.jpg","blog-large-width":669,"blog-large-height":272,"blog-medium":"https:\/\/www.visitsicily.info\/wp-content\/uploads\/2026\/09\/2026_BIC_Manifesti-concerti_70x100_Bozza5_page-0004-320x202.jpg","blog-medium-width":320,"blog-medium-height":202,"recent-posts":"https:\/\/www.visitsicily.info\/wp-content\/uploads\/2026\/09\/2026_BIC_Manifesti-concerti_70x100_Bozza5_page-0004-700x441.jpg","recent-posts-width":700,"recent-posts-height":441,"recent-works-thumbnail":"https:\/\/www.visitsicily.info\/wp-content\/uploads\/2026\/09\/2026_BIC_Manifesti-concerti_70x100_Bozza5_page-0004-66x66.jpg","recent-works-thumbnail-width":66,"recent-works-thumbnail-height":66,"fusion-200":"https:\/\/www.visitsicily.info\/wp-content\/uploads\/2026\/09\/2026_BIC_Manifesti-concerti_70x100_Bozza5_page-0004-200x286.jpg","fusion-200-width":200,"fusion-200-height":286,"fusion-400":"https:\/\/www.visitsicily.info\/wp-content\/uploads\/2026\/09\/2026_BIC_Manifesti-concerti_70x100_Bozza5_page-0004-400x571.jpg","fusion-400-width":400,"fusion-400-height":571,"fusion-600":"https:\/\/www.visitsicily.info\/wp-content\/uploads\/2026\/09\/2026_BIC_Manifesti-concerti_70x100_Bozza5_page-0004-600x857.jpg","fusion-600-width":600,"fusion-600-height":857,"fusion-800":"https:\/\/www.visitsicily.info\/wp-content\/uploads\/2026\/09\/2026_BIC_Manifesti-concerti_70x100_Bozza5_page-0004-800x1143.jpg","fusion-800-width":800,"fusion-800-height":1143,"fusion-1200":"https:\/\/www.visitsicily.info\/wp-content\/uploads\/2026\/09\/2026_BIC_Manifesti-concerti_70x100_Bozza5_page-0004-1200x1714.jpg","fusion-1200-width":1200,"fusion-1200-height":1714,"portfolio-full":"https:\/\/www.visitsicily.info\/wp-content\/uploads\/2026\/09\/2026_BIC_Manifesti-concerti_70x100_Bozza5_page-0004-940x400.jpg","portfolio-full-width":940,"portfolio-full-height":400,"portfolio-one":"https:\/\/www.visitsicily.info\/wp-content\/uploads\/2026\/09\/2026_BIC_Manifesti-concerti_70x100_Bozza5_page-0004-540x272.jpg","portfolio-one-width":540,"portfolio-one-height":272,"portfolio-two":"https:\/\/www.visitsicily.info\/wp-content\/uploads\/2026\/09\/2026_BIC_Manifesti-concerti_70x100_Bozza5_page-0004-460x295.jpg","portfolio-two-width":460,"portfolio-two-height":295,"portfolio-three":"https:\/\/www.visitsicily.info\/wp-content\/uploads\/2026\/09\/2026_BIC_Manifesti-concerti_70x100_Bozza5_page-0004-300x214.jpg","portfolio-three-width":300,"portfolio-three-height":214,"portfolio-five":"https:\/\/www.visitsicily.info\/wp-content\/uploads\/2026\/09\/2026_BIC_Manifesti-concerti_70x100_Bozza5_page-0004-177x142.jpg","portfolio-five-width":177,"portfolio-five-height":142}},{"ID":117569,"id":117569,"title":"2026_BIC_Manifesti concerti_70x100_Bozza5_page-0005","filename":"2026_BIC_Manifesti-concerti_70x100_Bozza5_page-0005-scaled.jpg","filesize":825184,"url":"https:\/\/www.visitsicily.info\/wp-content\/uploads\/2026\/09\/2026_BIC_Manifesti-concerti_70x100_Bozza5_page-0005-scaled.jpg","link":"https:\/\/www.visitsicily.info\/es\/evento-new\/bellini-international-context-2026\/2026_bic_manifesti-concerti_70x100_bozza5_page-0005-2\/","alt":"","author":"46","description":"","caption":"","name":"2026_bic_manifesti-concerti_70x100_bozza5_page-0005-2","status":"inherit","uploaded_to":117676,"date":"2026-09-04 09:22:07","modified":"2026-09-04 09:45:08","menu_order":0,"mime_type":"image\/jpeg","type":"image","subtype":"jpeg","icon":"https:\/\/www.visitsicily.info\/wp-includes\/images\/media\/default.png","width":1792,"height":2560,"sizes":{"thumbnail":"https:\/\/www.visitsicily.info\/wp-content\/uploads\/2026\/09\/2026_BIC_Manifesti-concerti_70x100_Bozza5_page-0005-150x150.jpg","thumbnail-width":150,"thumbnail-height":150,"medium":"https:\/\/www.visitsicily.info\/wp-content\/uploads\/2026\/09\/2026_BIC_Manifesti-concerti_70x100_Bozza5_page-0005-210x300.jpg","medium-width":210,"medium-height":300,"medium_large":"https:\/\/www.visitsicily.info\/wp-content\/uploads\/2026\/09\/2026_BIC_Manifesti-concerti_70x100_Bozza5_page-0005-768x1097.jpg","medium_large-width":768,"medium_large-height":1097,"large":"https:\/\/www.visitsicily.info\/wp-content\/uploads\/2026\/09\/2026_BIC_Manifesti-concerti_70x100_Bozza5_page-0005-717x1024.jpg","large-width":717,"large-height":1024,"1536x1536":"https:\/\/www.visitsicily.info\/wp-content\/uploads\/2026\/09\/2026_BIC_Manifesti-concerti_70x100_Bozza5_page-0005-1075x1536.jpg","1536x1536-width":1075,"1536x1536-height":1536,"2048x2048":"https:\/\/www.visitsicily.info\/wp-content\/uploads\/2026\/09\/2026_BIC_Manifesti-concerti_70x100_Bozza5_page-0005-1434x2048.jpg","2048x2048-width":1434,"2048x2048-height":2048,"blog-large":"https:\/\/www.visitsicily.info\/wp-content\/uploads\/2026\/09\/2026_BIC_Manifesti-concerti_70x100_Bozza5_page-0005-669x272.jpg","blog-large-width":669,"blog-large-height":272,"blog-medium":"https:\/\/www.visitsicily.info\/wp-content\/uploads\/2026\/09\/2026_BIC_Manifesti-concerti_70x100_Bozza5_page-0005-320x202.jpg","blog-medium-width":320,"blog-medium-height":202,"recent-posts":"https:\/\/www.visitsicily.info\/wp-content\/uploads\/2026\/09\/2026_BIC_Manifesti-concerti_70x100_Bozza5_page-0005-700x441.jpg","recent-posts-width":700,"recent-posts-height":441,"recent-works-thumbnail":"https:\/\/www.visitsicily.info\/wp-content\/uploads\/2026\/09\/2026_BIC_Manifesti-concerti_70x100_Bozza5_page-0005-66x66.jpg","recent-works-thumbnail-width":66,"recent-works-thumbnail-height":66,"fusion-200":"https:\/\/www.visitsicily.info\/wp-content\/uploads\/2026\/09\/2026_BIC_Manifesti-concerti_70x100_Bozza5_page-0005-200x286.jpg","fusion-200-width":200,"fusion-200-height":286,"fusion-400":"https:\/\/www.visitsicily.info\/wp-content\/uploads\/2026\/09\/2026_BIC_Manifesti-concerti_70x100_Bozza5_page-0005-400x571.jpg","fusion-400-width":400,"fusion-400-height":571,"fusion-600":"https:\/\/www.visitsicily.info\/wp-content\/uploads\/2026\/09\/2026_BIC_Manifesti-concerti_70x100_Bozza5_page-0005-600x857.jpg","fusion-600-width":600,"fusion-600-height":857,"fusion-800":"https:\/\/www.visitsicily.info\/wp-content\/uploads\/2026\/09\/2026_BIC_Manifesti-concerti_70x100_Bozza5_page-0005-800x1143.jpg","fusion-800-width":800,"fusion-800-height":1143,"fusion-1200":"https:\/\/www.visitsicily.info\/wp-content\/uploads\/2026\/09\/2026_BIC_Manifesti-concerti_70x100_Bozza5_page-0005-1200x1714.jpg","fusion-1200-width":1200,"fusion-1200-height":1714,"portfolio-full":"https:\/\/www.visitsicily.info\/wp-content\/uploads\/2026\/09\/2026_BIC_Manifesti-concerti_70x100_Bozza5_page-0005-940x400.jpg","portfolio-full-width":940,"portfolio-full-height":400,"portfolio-one":"https:\/\/www.visitsicily.info\/wp-content\/uploads\/2026\/09\/2026_BIC_Manifesti-concerti_70x100_Bozza5_page-0005-540x272.jpg","portfolio-one-width":540,"portfolio-one-height":272,"portfolio-two":"https:\/\/www.visitsicily.info\/wp-content\/uploads\/2026\/09\/2026_BIC_Manifesti-concerti_70x100_Bozza5_page-0005-460x295.jpg","portfolio-two-width":460,"portfolio-two-height":295,"portfolio-three":"https:\/\/www.visitsicily.info\/wp-content\/uploads\/2026\/09\/2026_BIC_Manifesti-concerti_70x100_Bozza5_page-0005-300x214.jpg","portfolio-three-width":300,"portfolio-three-height":214,"portfolio-five":"https:\/\/www.visitsicily.info\/wp-content\/uploads\/2026\/09\/2026_BIC_Manifesti-concerti_70x100_Bozza5_page-0005-177x142.jpg","portfolio-five-width":177,"portfolio-five-height":142}},{"ID":117573,"id":117573,"title":"2026_BIC_Manifesti concerti_70x100_Bozza5_page-0006","filename":"2026_BIC_Manifesti-concerti_70x100_Bozza5_page-0006-scaled.jpg","filesize":852933,"url":"https:\/\/www.visitsicily.info\/wp-content\/uploads\/2026\/09\/2026_BIC_Manifesti-concerti_70x100_Bozza5_page-0006-scaled.jpg","link":"https:\/\/www.visitsicily.info\/es\/evento-new\/bellini-international-context-2026\/2026_bic_manifesti-concerti_70x100_bozza5_page-0006-2\/","alt":"","author":"46","description":"","caption":"","name":"2026_bic_manifesti-concerti_70x100_bozza5_page-0006-2","status":"inherit","uploaded_to":117676,"date":"2026-09-04 09:22:29","modified":"2026-09-04 09:45:08","menu_order":0,"mime_type":"image\/jpeg","type":"image","subtype":"jpeg","icon":"https:\/\/www.visitsicily.info\/wp-includes\/images\/media\/default.png","width":1792,"height":2560,"sizes":{"thumbnail":"https:\/\/www.visitsicily.info\/wp-content\/uploads\/2026\/09\/2026_BIC_Manifesti-concerti_70x100_Bozza5_page-0006-150x150.jpg","thumbnail-width":150,"thumbnail-height":150,"medium":"https:\/\/www.visitsicily.info\/wp-content\/uploads\/2026\/09\/2026_BIC_Manifesti-concerti_70x100_Bozza5_page-0006-210x300.jpg","medium-width":210,"medium-height":300,"medium_large":"https:\/\/www.visitsicily.info\/wp-content\/uploads\/2026\/09\/2026_BIC_Manifesti-concerti_70x100_Bozza5_page-0006-768x1097.jpg","medium_large-width":768,"medium_large-height":1097,"large":"https:\/\/www.visitsicily.info\/wp-content\/uploads\/2026\/09\/2026_BIC_Manifesti-concerti_70x100_Bozza5_page-0006-717x1024.jpg","large-width":717,"large-height":1024,"1536x1536":"https:\/\/www.visitsicily.info\/wp-content\/uploads\/2026\/09\/2026_BIC_Manifesti-concerti_70x100_Bozza5_page-0006-1075x1536.jpg","1536x1536-width":1075,"1536x1536-height":1536,"2048x2048":"https:\/\/www.visitsicily.info\/wp-content\/uploads\/2026\/09\/2026_BIC_Manifesti-concerti_70x100_Bozza5_page-0006-1434x2048.jpg","2048x2048-width":1434,"2048x2048-height":2048,"blog-large":"https:\/\/www.visitsicily.info\/wp-content\/uploads\/2026\/09\/2026_BIC_Manifesti-concerti_70x100_Bozza5_page-0006-669x272.jpg","blog-large-width":669,"blog-large-height":272,"blog-medium":"https:\/\/www.visitsicily.info\/wp-content\/uploads\/2026\/09\/2026_BIC_Manifesti-concerti_70x100_Bozza5_page-0006-320x202.jpg","blog-medium-width":320,"blog-medium-height":202,"recent-posts":"https:\/\/www.visitsicily.info\/wp-content\/uploads\/2026\/09\/2026_BIC_Manifesti-concerti_70x100_Bozza5_page-0006-700x441.jpg","recent-posts-width":700,"recent-posts-height":441,"recent-works-thumbnail":"https:\/\/www.visitsicily.info\/wp-content\/uploads\/2026\/09\/2026_BIC_Manifesti-concerti_70x100_Bozza5_page-0006-66x66.jpg","recent-works-thumbnail-width":66,"recent-works-thumbnail-height":66,"fusion-200":"https:\/\/www.visitsicily.info\/wp-content\/uploads\/2026\/09\/2026_BIC_Manifesti-concerti_70x100_Bozza5_page-0006-200x286.jpg","fusion-200-width":200,"fusion-200-height":286,"fusion-400":"https:\/\/www.visitsicily.info\/wp-content\/uploads\/2026\/09\/2026_BIC_Manifesti-concerti_70x100_Bozza5_page-0006-400x571.jpg","fusion-400-width":400,"fusion-400-height":571,"fusion-600":"https:\/\/www.visitsicily.info\/wp-content\/uploads\/2026\/09\/2026_BIC_Manifesti-concerti_70x100_Bozza5_page-0006-600x857.jpg","fusion-600-width":600,"fusion-600-height":857,"fusion-800":"https:\/\/www.visitsicily.info\/wp-content\/uploads\/2026\/09\/2026_BIC_Manifesti-concerti_70x100_Bozza5_page-0006-800x1143.jpg","fusion-800-width":800,"fusion-800-height":1143,"fusion-1200":"https:\/\/www.visitsicily.info\/wp-content\/uploads\/2026\/09\/2026_BIC_Manifesti-concerti_70x100_Bozza5_page-0006-1200x1714.jpg","fusion-1200-width":1200,"fusion-1200-height":1714,"portfolio-full":"https:\/\/www.visitsicily.info\/wp-content\/uploads\/2026\/09\/2026_BIC_Manifesti-concerti_70x100_Bozza5_page-0006-940x400.jpg","portfolio-full-width":940,"portfolio-full-height":400,"portfolio-one":"https:\/\/www.visitsicily.info\/wp-content\/uploads\/2026\/09\/2026_BIC_Manifesti-concerti_70x100_Bozza5_page-0006-540x272.jpg","portfolio-one-width":540,"portfolio-one-height":272,"portfolio-two":"https:\/\/www.visitsicily.info\/wp-content\/uploads\/2026\/09\/2026_BIC_Manifesti-concerti_70x100_Bozza5_page-0006-460x295.jpg","portfolio-two-width":460,"portfolio-two-height":295,"portfolio-three":"https:\/\/www.visitsicily.info\/wp-content\/uploads\/2026\/09\/2026_BIC_Manifesti-concerti_70x100_Bozza5_page-0006-300x214.jpg","portfolio-three-width":300,"portfolio-three-height":214,"portfolio-five":"https:\/\/www.visitsicily.info\/wp-content\/uploads\/2026\/09\/2026_BIC_Manifesti-concerti_70x100_Bozza5_page-0006-177x142.jpg","portfolio-five-width":177,"portfolio-five-height":142}},{"ID":117577,"id":117577,"title":"2026_BIC_Manifesti concerti_70x100_Bozza5_page-0007","filename":"2026_BIC_Manifesti-concerti_70x100_Bozza5_page-0007-scaled.jpg","filesize":802412,"url":"https:\/\/www.visitsicily.info\/wp-content\/uploads\/2026\/09\/2026_BIC_Manifesti-concerti_70x100_Bozza5_page-0007-scaled.jpg","link":"https:\/\/www.visitsicily.info\/es\/evento-new\/bellini-international-context-2026\/2026_bic_manifesti-concerti_70x100_bozza5_page-0007-2\/","alt":"","author":"46","description":"","caption":"","name":"2026_bic_manifesti-concerti_70x100_bozza5_page-0007-2","status":"inherit","uploaded_to":117676,"date":"2026-09-04 09:22:55","modified":"2026-09-04 09:45:08","menu_order":0,"mime_type":"image\/jpeg","type":"image","subtype":"jpeg","icon":"https:\/\/www.visitsicily.info\/wp-includes\/images\/media\/default.png","width":1792,"height":2560,"sizes":{"thumbnail":"https:\/\/www.visitsicily.info\/wp-content\/uploads\/2026\/09\/2026_BIC_Manifesti-concerti_70x100_Bozza5_page-0007-150x150.jpg","thumbnail-width":150,"thumbnail-height":150,"medium":"https:\/\/www.visitsicily.info\/wp-content\/uploads\/2026\/09\/2026_BIC_Manifesti-concerti_70x100_Bozza5_page-0007-210x300.jpg","medium-width":210,"medium-height":300,"medium_large":"https:\/\/www.visitsicily.info\/wp-content\/uploads\/2026\/09\/2026_BIC_Manifesti-concerti_70x100_Bozza5_page-0007-768x1097.jpg","medium_large-width":768,"medium_large-height":1097,"large":"https:\/\/www.visitsicily.info\/wp-content\/uploads\/2026\/09\/2026_BIC_Manifesti-concerti_70x100_Bozza5_page-0007-717x1024.jpg","large-width":717,"large-height":1024,"1536x1536":"https:\/\/www.visitsicily.info\/wp-content\/uploads\/2026\/09\/2026_BIC_Manifesti-concerti_70x100_Bozza5_page-0007-1075x1536.jpg","1536x1536-width":1075,"1536x1536-height":1536,"2048x2048":"https:\/\/www.visitsicily.info\/wp-content\/uploads\/2026\/09\/2026_BIC_Manifesti-concerti_70x100_Bozza5_page-0007-1434x2048.jpg","2048x2048-width":1434,"2048x2048-height":2048,"blog-large":"https:\/\/www.visitsicily.info\/wp-content\/uploads\/2026\/09\/2026_BIC_Manifesti-concerti_70x100_Bozza5_page-0007-669x272.jpg","blog-large-width":669,"blog-large-height":272,"blog-medium":"https:\/\/www.visitsicily.info\/wp-content\/uploads\/2026\/09\/2026_BIC_Manifesti-concerti_70x100_Bozza5_page-0007-320x202.jpg","blog-medium-width":320,"blog-medium-height":202,"recent-posts":"https:\/\/www.visitsicily.info\/wp-content\/uploads\/2026\/09\/2026_BIC_Manifesti-concerti_70x100_Bozza5_page-0007-700x441.jpg","recent-posts-width":700,"recent-posts-height":441,"recent-works-thumbnail":"https:\/\/www.visitsicily.info\/wp-content\/uploads\/2026\/09\/2026_BIC_Manifesti-concerti_70x100_Bozza5_page-0007-66x66.jpg","recent-works-thumbnail-width":66,"recent-works-thumbnail-height":66,"fusion-200":"https:\/\/www.visitsicily.info\/wp-content\/uploads\/2026\/09\/2026_BIC_Manifesti-concerti_70x100_Bozza5_page-0007-200x286.jpg","fusion-200-width":200,"fusion-200-height":286,"fusion-400":"https:\/\/www.visitsicily.info\/wp-content\/uploads\/2026\/09\/2026_BIC_Manifesti-concerti_70x100_Bozza5_page-0007-400x571.jpg","fusion-400-width":400,"fusion-400-height":571,"fusion-600":"https:\/\/www.visitsicily.info\/wp-content\/uploads\/2026\/09\/2026_BIC_Manifesti-concerti_70x100_Bozza5_page-0007-600x857.jpg","fusion-600-width":600,"fusion-600-height":857,"fusion-800":"https:\/\/www.visitsicily.info\/wp-content\/uploads\/2026\/09\/2026_BIC_Manifesti-concerti_70x100_Bozza5_page-0007-800x1143.jpg","fusion-800-width":800,"fusion-800-height":1143,"fusion-1200":"https:\/\/www.visitsicily.info\/wp-content\/uploads\/2026\/09\/2026_BIC_Manifesti-concerti_70x100_Bozza5_page-0007-1200x1714.jpg","fusion-1200-width":1200,"fusion-1200-height":1714,"portfolio-full":"https:\/\/www.visitsicily.info\/wp-content\/uploads\/2026\/09\/2026_BIC_Manifesti-concerti_70x100_Bozza5_page-0007-940x400.jpg","portfolio-full-width":940,"portfolio-full-height":400,"portfolio-one":"https:\/\/www.visitsicily.info\/wp-content\/uploads\/2026\/09\/2026_BIC_Manifesti-concerti_70x100_Bozza5_page-0007-540x272.jpg","portfolio-one-width":540,"portfolio-one-height":272,"portfolio-two":"https:\/\/www.visitsicily.info\/wp-content\/uploads\/2026\/09\/2026_BIC_Manifesti-concerti_70x100_Bozza5_page-0007-460x295.jpg","portfolio-two-width":460,"portfolio-two-height":295,"portfolio-three":"https:\/\/www.visitsicily.info\/wp-content\/uploads\/2026\/09\/2026_BIC_Manifesti-concerti_70x100_Bozza5_page-0007-300x214.jpg","portfolio-three-width":300,"portfolio-three-height":214,"portfolio-five":"https:\/\/www.visitsicily.info\/wp-content\/uploads\/2026\/09\/2026_BIC_Manifesti-concerti_70x100_Bozza5_page-0007-177x142.jpg","portfolio-five-width":177,"portfolio-five-height":142}},{"ID":117581,"id":117581,"title":"2026_BIC_Manifesti concerti_70x100_Bozza3_page-0003","filename":"2026_BIC_Manifesti-concerti_70x100_Bozza3_page-0003-scaled.jpg","filesize":898040,"url":"https:\/\/www.visitsicily.info\/wp-content\/uploads\/2026\/09\/2026_BIC_Manifesti-concerti_70x100_Bozza3_page-0003-scaled.jpg","link":"https:\/\/www.visitsicily.info\/es\/evento-new\/bellini-international-context-2026\/2026_bic_manifesti-concerti_70x100_bozza3_page-0003-2\/","alt":"","author":"46","description":"","caption":"","name":"2026_bic_manifesti-concerti_70x100_bozza3_page-0003-2","status":"inherit","uploaded_to":117676,"date":"2026-09-04 09:23:16","modified":"2026-09-04 09:45:08","menu_order":0,"mime_type":"image\/jpeg","type":"image","subtype":"jpeg","icon":"https:\/\/www.visitsicily.info\/wp-includes\/images\/media\/default.png","width":1792,"height":2560,"sizes":{"thumbnail":"https:\/\/www.visitsicily.info\/wp-content\/uploads\/2026\/09\/2026_BIC_Manifesti-concerti_70x100_Bozza3_page-0003-150x150.jpg","thumbnail-width":150,"thumbnail-height":150,"medium":"https:\/\/www.visitsicily.info\/wp-content\/uploads\/2026\/09\/2026_BIC_Manifesti-concerti_70x100_Bozza3_page-0003-210x300.jpg","medium-width":210,"medium-height":300,"medium_large":"https:\/\/www.visitsicily.info\/wp-content\/uploads\/2026\/09\/2026_BIC_Manifesti-concerti_70x100_Bozza3_page-0003-768x1097.jpg","medium_large-width":768,"medium_large-height":1097,"large":"https:\/\/www.visitsicily.info\/wp-content\/uploads\/2026\/09\/2026_BIC_Manifesti-concerti_70x100_Bozza3_page-0003-717x1024.jpg","large-width":717,"large-height":1024,"1536x1536":"https:\/\/www.visitsicily.info\/wp-content\/uploads\/2026\/09\/2026_BIC_Manifesti-concerti_70x100_Bozza3_page-0003-1075x1536.jpg","1536x1536-width":1075,"1536x1536-height":1536,"2048x2048":"https:\/\/www.visitsicily.info\/wp-content\/uploads\/2026\/09\/2026_BIC_Manifesti-concerti_70x100_Bozza3_page-0003-1434x2048.jpg","2048x2048-width":1434,"2048x2048-height":2048,"blog-large":"https:\/\/www.visitsicily.info\/wp-content\/uploads\/2026\/09\/2026_BIC_Manifesti-concerti_70x100_Bozza3_page-0003-669x272.jpg","blog-large-width":669,"blog-large-height":272,"blog-medium":"https:\/\/www.visitsicily.info\/wp-content\/uploads\/2026\/09\/2026_BIC_Manifesti-concerti_70x100_Bozza3_page-0003-320x202.jpg","blog-medium-width":320,"blog-medium-height":202,"recent-posts":"https:\/\/www.visitsicily.info\/wp-content\/uploads\/2026\/09\/2026_BIC_Manifesti-concerti_70x100_Bozza3_page-0003-700x441.jpg","recent-posts-width":700,"recent-posts-height":441,"recent-works-thumbnail":"https:\/\/www.visitsicily.info\/wp-content\/uploads\/2026\/09\/2026_BIC_Manifesti-concerti_70x100_Bozza3_page-0003-66x66.jpg","recent-works-thumbnail-width":66,"recent-works-thumbnail-height":66,"fusion-200":"https:\/\/www.visitsicily.info\/wp-content\/uploads\/2026\/09\/2026_BIC_Manifesti-concerti_70x100_Bozza3_page-0003-200x286.jpg","fusion-200-width":200,"fusion-200-height":286,"fusion-400":"https:\/\/www.visitsicily.info\/wp-content\/uploads\/2026\/09\/2026_BIC_Manifesti-concerti_70x100_Bozza3_page-0003-400x571.jpg","fusion-400-width":400,"fusion-400-height":571,"fusion-600":"https:\/\/www.visitsicily.info\/wp-content\/uploads\/2026\/09\/2026_BIC_Manifesti-concerti_70x100_Bozza3_page-0003-600x857.jpg","fusion-600-width":600,"fusion-600-height":857,"fusion-800":"https:\/\/www.visitsicily.info\/wp-content\/uploads\/2026\/09\/2026_BIC_Manifesti-concerti_70x100_Bozza3_page-0003-800x1143.jpg","fusion-800-width":800,"fusion-800-height":1143,"fusion-1200":"https:\/\/www.visitsicily.info\/wp-content\/uploads\/2026\/09\/2026_BIC_Manifesti-concerti_70x100_Bozza3_page-0003-1200x1714.jpg","fusion-1200-width":1200,"fusion-1200-height":1714,"portfolio-full":"https:\/\/www.visitsicily.info\/wp-content\/uploads\/2026\/09\/2026_BIC_Manifesti-concerti_70x100_Bozza3_page-0003-940x400.jpg","portfolio-full-width":940,"portfolio-full-height":400,"portfolio-one":"https:\/\/www.visitsicily.info\/wp-content\/uploads\/2026\/09\/2026_BIC_Manifesti-concerti_70x100_Bozza3_page-0003-540x272.jpg","portfolio-one-width":540,"portfolio-one-height":272,"portfolio-two":"https:\/\/www.visitsicily.info\/wp-content\/uploads\/2026\/09\/2026_BIC_Manifesti-concerti_70x100_Bozza3_page-0003-460x295.jpg","portfolio-two-width":460,"portfolio-two-height":295,"portfolio-three":"https:\/\/www.visitsicily.info\/wp-content\/uploads\/2026\/09\/2026_BIC_Manifesti-concerti_70x100_Bozza3_page-0003-300x214.jpg","portfolio-three-width":300,"portfolio-three-height":214,"portfolio-five":"https:\/\/www.visitsicily.info\/wp-content\/uploads\/2026\/09\/2026_BIC_Manifesti-concerti_70x100_Bozza3_page-0003-177x142.jpg","portfolio-five-width":177,"portfolio-five-height":142}},{"ID":117585,"id":117585,"title":"2026_BIC_Manifesti concerti_70x100_Bozza3_page-0005","filename":"2026_BIC_Manifesti-concerti_70x100_Bozza3_page-0005-scaled.jpg","filesize":871314,"url":"https:\/\/www.visitsicily.info\/wp-content\/uploads\/2026\/09\/2026_BIC_Manifesti-concerti_70x100_Bozza3_page-0005-scaled.jpg","link":"https:\/\/www.visitsicily.info\/es\/evento-new\/bellini-international-context-2026\/2026_bic_manifesti-concerti_70x100_bozza3_page-0005-2\/","alt":"","author":"46","description":"","caption":"","name":"2026_bic_manifesti-concerti_70x100_bozza3_page-0005-2","status":"inherit","uploaded_to":117676,"date":"2026-09-04 09:23:49","modified":"2026-09-04 09:45:08","menu_order":0,"mime_type":"image\/jpeg","type":"image","subtype":"jpeg","icon":"https:\/\/www.visitsicily.info\/wp-includes\/images\/media\/default.png","width":1792,"height":2560,"sizes":{"thumbnail":"https:\/\/www.visitsicily.info\/wp-content\/uploads\/2026\/09\/2026_BIC_Manifesti-concerti_70x100_Bozza3_page-0005-150x150.jpg","thumbnail-width":150,"thumbnail-height":150,"medium":"https:\/\/www.visitsicily.info\/wp-content\/uploads\/2026\/09\/2026_BIC_Manifesti-concerti_70x100_Bozza3_page-0005-210x300.jpg","medium-width":210,"medium-height":300,"medium_large":"https:\/\/www.visitsicily.info\/wp-content\/uploads\/2026\/09\/2026_BIC_Manifesti-concerti_70x100_Bozza3_page-0005-768x1097.jpg","medium_large-width":768,"medium_large-height":1097,"large":"https:\/\/www.visitsicily.info\/wp-content\/uploads\/2026\/09\/2026_BIC_Manifesti-concerti_70x100_Bozza3_page-0005-717x1024.jpg","large-width":717,"large-height":1024,"1536x1536":"https:\/\/www.visitsicily.info\/wp-content\/uploads\/2026\/09\/2026_BIC_Manifesti-concerti_70x100_Bozza3_page-0005-1075x1536.jpg","1536x1536-width":1075,"1536x1536-height":1536,"2048x2048":"https:\/\/www.visitsicily.info\/wp-content\/uploads\/2026\/09\/2026_BIC_Manifesti-concerti_70x100_Bozza3_page-0005-1434x2048.jpg","2048x2048-width":1434,"2048x2048-height":2048,"blog-large":"https:\/\/www.visitsicily.info\/wp-content\/uploads\/2026\/09\/2026_BIC_Manifesti-concerti_70x100_Bozza3_page-0005-669x272.jpg","blog-large-width":669,"blog-large-height":272,"blog-medium":"https:\/\/www.visitsicily.info\/wp-content\/uploads\/2026\/09\/2026_BIC_Manifesti-concerti_70x100_Bozza3_page-0005-320x202.jpg","blog-medium-width":320,"blog-medium-height":202,"recent-posts":"https:\/\/www.visitsicily.info\/wp-content\/uploads\/2026\/09\/2026_BIC_Manifesti-concerti_70x100_Bozza3_page-0005-700x441.jpg","recent-posts-width":700,"recent-posts-height":441,"recent-works-thumbnail":"https:\/\/www.visitsicily.info\/wp-content\/uploads\/2026\/09\/2026_BIC_Manifesti-concerti_70x100_Bozza3_page-0005-66x66.jpg","recent-works-thumbnail-width":66,"recent-works-thumbnail-height":66,"fusion-200":"https:\/\/www.visitsicily.info\/wp-content\/uploads\/2026\/09\/2026_BIC_Manifesti-concerti_70x100_Bozza3_page-0005-200x286.jpg","fusion-200-width":200,"fusion-200-height":286,"fusion-400":"https:\/\/www.visitsicily.info\/wp-content\/uploads\/2026\/09\/2026_BIC_Manifesti-concerti_70x100_Bozza3_page-0005-400x571.jpg","fusion-400-width":400,"fusion-400-height":571,"fusion-600":"https:\/\/www.visitsicily.info\/wp-content\/uploads\/2026\/09\/2026_BIC_Manifesti-concerti_70x100_Bozza3_page-0005-600x857.jpg","fusion-600-width":600,"fusion-600-height":857,"fusion-800":"https:\/\/www.visitsicily.info\/wp-content\/uploads\/2026\/09\/2026_BIC_Manifesti-concerti_70x100_Bozza3_page-0005-800x1143.jpg","fusion-800-width":800,"fusion-800-height":1143,"fusion-1200":"https:\/\/www.visitsicily.info\/wp-content\/uploads\/2026\/09\/2026_BIC_Manifesti-concerti_70x100_Bozza3_page-0005-1200x1714.jpg","fusion-1200-width":1200,"fusion-1200-height":1714,"portfolio-full":"https:\/\/www.visitsicily.info\/wp-content\/uploads\/2026\/09\/2026_BIC_Manifesti-concerti_70x100_Bozza3_page-0005-940x400.jpg","portfolio-full-width":940,"portfolio-full-height":400,"portfolio-one":"https:\/\/www.visitsicily.info\/wp-content\/uploads\/2026\/09\/2026_BIC_Manifesti-concerti_70x100_Bozza3_page-0005-540x272.jpg","portfolio-one-width":540,"portfolio-one-height":272,"portfolio-two":"https:\/\/www.visitsicily.info\/wp-content\/uploads\/2026\/09\/2026_BIC_Manifesti-concerti_70x100_Bozza3_page-0005-460x295.jpg","portfolio-two-width":460,"portfolio-two-height":295,"portfolio-three":"https:\/\/www.visitsicily.info\/wp-content\/uploads\/2026\/09\/2026_BIC_Manifesti-concerti_70x100_Bozza3_page-0005-300x214.jpg","portfolio-three-width":300,"portfolio-three-height":214,"portfolio-five":"https:\/\/www.visitsicily.info\/wp-content\/uploads\/2026\/09\/2026_BIC_Manifesti-concerti_70x100_Bozza3_page-0005-177x142.jpg","portfolio-five-width":177,"portfolio-five-height":142}},{"ID":117589,"id":117589,"title":"2026_BIC_Manifesti concerti_70x100_Bozza3_page-0001","filename":"2026_BIC_Manifesti-concerti_70x100_Bozza3_page-0001-scaled.jpg","filesize":827654,"url":"https:\/\/www.visitsicily.info\/wp-content\/uploads\/2026\/09\/2026_BIC_Manifesti-concerti_70x100_Bozza3_page-0001-scaled.jpg","link":"https:\/\/www.visitsicily.info\/es\/evento-new\/bellini-international-context-2026\/2026_bic_manifesti-concerti_70x100_bozza3_page-0001-2\/","alt":"","author":"46","description":"","caption":"","name":"2026_bic_manifesti-concerti_70x100_bozza3_page-0001-2","status":"inherit","uploaded_to":117676,"date":"2026-09-04 09:24:25","modified":"2026-09-04 09:45:08","menu_order":0,"mime_type":"image\/jpeg","type":"image","subtype":"jpeg","icon":"https:\/\/www.visitsicily.info\/wp-includes\/images\/media\/default.png","width":1792,"height":2560,"sizes":{"thumbnail":"https:\/\/www.visitsicily.info\/wp-content\/uploads\/2026\/09\/2026_BIC_Manifesti-concerti_70x100_Bozza3_page-0001-150x150.jpg","thumbnail-width":150,"thumbnail-height":150,"medium":"https:\/\/www.visitsicily.info\/wp-content\/uploads\/2026\/09\/2026_BIC_Manifesti-concerti_70x100_Bozza3_page-0001-210x300.jpg","medium-width":210,"medium-height":300,"medium_large":"https:\/\/www.visitsicily.info\/wp-content\/uploads\/2026\/09\/2026_BIC_Manifesti-concerti_70x100_Bozza3_page-0001-768x1097.jpg","medium_large-width":768,"medium_large-height":1097,"large":"https:\/\/www.visitsicily.info\/wp-content\/uploads\/2026\/09\/2026_BIC_Manifesti-concerti_70x100_Bozza3_page-0001-717x1024.jpg","large-width":717,"large-height":1024,"1536x1536":"https:\/\/www.visitsicily.info\/wp-content\/uploads\/2026\/09\/2026_BIC_Manifesti-concerti_70x100_Bozza3_page-0001-1075x1536.jpg","1536x1536-width":1075,"1536x1536-height":1536,"2048x2048":"https:\/\/www.visitsicily.info\/wp-content\/uploads\/2026\/09\/2026_BIC_Manifesti-concerti_70x100_Bozza3_page-0001-1434x2048.jpg","2048x2048-width":1434,"2048x2048-height":2048,"blog-large":"https:\/\/www.visitsicily.info\/wp-content\/uploads\/2026\/09\/2026_BIC_Manifesti-concerti_70x100_Bozza3_page-0001-669x272.jpg","blog-large-width":669,"blog-large-height":272,"blog-medium":"https:\/\/www.visitsicily.info\/wp-content\/uploads\/2026\/09\/2026_BIC_Manifesti-concerti_70x100_Bozza3_page-0001-320x202.jpg","blog-medium-width":320,"blog-medium-height":202,"recent-posts":"https:\/\/www.visitsicily.info\/wp-content\/uploads\/2026\/09\/2026_BIC_Manifesti-concerti_70x100_Bozza3_page-0001-700x441.jpg","recent-posts-width":700,"recent-posts-height":441,"recent-works-thumbnail":"https:\/\/www.visitsicily.info\/wp-content\/uploads\/2026\/09\/2026_BIC_Manifesti-concerti_70x100_Bozza3_page-0001-66x66.jpg","recent-works-thumbnail-width":66,"recent-works-thumbnail-height":66,"fusion-200":"https:\/\/www.visitsicily.info\/wp-content\/uploads\/2026\/09\/2026_BIC_Manifesti-concerti_70x100_Bozza3_page-0001-200x286.jpg","fusion-200-width":200,"fusion-200-height":286,"fusion-400":"https:\/\/www.visitsicily.info\/wp-content\/uploads\/2026\/09\/2026_BIC_Manifesti-concerti_70x100_Bozza3_page-0001-400x571.jpg","fusion-400-width":400,"fusion-400-height":571,"fusion-600":"https:\/\/www.visitsicily.info\/wp-content\/uploads\/2026\/09\/2026_BIC_Manifesti-concerti_70x100_Bozza3_page-0001-600x857.jpg","fusion-600-width":600,"fusion-600-height":857,"fusion-800":"https:\/\/www.visitsicily.info\/wp-content\/uploads\/2026\/09\/2026_BIC_Manifesti-concerti_70x100_Bozza3_page-0001-800x1143.jpg","fusion-800-width":800,"fusion-800-height":1143,"fusion-1200":"https:\/\/www.visitsicily.info\/wp-content\/uploads\/2026\/09\/2026_BIC_Manifesti-concerti_70x100_Bozza3_page-0001-1200x1714.jpg","fusion-1200-width":1200,"fusion-1200-height":1714,"portfolio-full":"https:\/\/www.visitsicily.info\/wp-content\/uploads\/2026\/09\/2026_BIC_Manifesti-concerti_70x100_Bozza3_page-0001-940x400.jpg","portfolio-full-width":940,"portfolio-full-height":400,"portfolio-one":"https:\/\/www.visitsicily.info\/wp-content\/uploads\/2026\/09\/2026_BIC_Manifesti-concerti_70x100_Bozza3_page-0001-540x272.jpg","portfolio-one-width":540,"portfolio-one-height":272,"portfolio-two":"https:\/\/www.visitsicily.info\/wp-content\/uploads\/2026\/09\/2026_BIC_Manifesti-concerti_70x100_Bozza3_page-0001-460x295.jpg","portfolio-two-width":460,"portfolio-two-height":295,"portfolio-three":"https:\/\/www.visitsicily.info\/wp-content\/uploads\/2026\/09\/2026_BIC_Manifesti-concerti_70x100_Bozza3_page-0001-300x214.jpg","portfolio-three-width":300,"portfolio-three-height":214,"portfolio-five":"https:\/\/www.visitsicily.info\/wp-content\/uploads\/2026\/09\/2026_BIC_Manifesti-concerti_70x100_Bozza3_page-0001-177x142.jpg","portfolio-five-width":177,"portfolio-five-height":142}},{"ID":117593,"id":117593,"title":"2026_BIC_Manifesti concerti_70x100_Bozza3_page-0002","filename":"2026_BIC_Manifesti-concerti_70x100_Bozza3_page-0002-scaled.jpg","filesize":902889,"url":"https:\/\/www.visitsicily.info\/wp-content\/uploads\/2026\/09\/2026_BIC_Manifesti-concerti_70x100_Bozza3_page-0002-scaled.jpg","link":"https:\/\/www.visitsicily.info\/es\/evento-new\/bellini-international-context-2026\/2026_bic_manifesti-concerti_70x100_bozza3_page-0002-2\/","alt":"","author":"46","description":"","caption":"","name":"2026_bic_manifesti-concerti_70x100_bozza3_page-0002-2","status":"inherit","uploaded_to":117676,"date":"2026-09-04 09:24:55","modified":"2026-09-04 09:45:08","menu_order":0,"mime_type":"image\/jpeg","type":"image","subtype":"jpeg","icon":"https:\/\/www.visitsicily.info\/wp-includes\/images\/media\/default.png","width":1792,"height":2560,"sizes":{"thumbnail":"https:\/\/www.visitsicily.info\/wp-content\/uploads\/2026\/09\/2026_BIC_Manifesti-concerti_70x100_Bozza3_page-0002-150x150.jpg","thumbnail-width":150,"thumbnail-height":150,"medium":"https:\/\/www.visitsicily.info\/wp-content\/uploads\/2026\/09\/2026_BIC_Manifesti-concerti_70x100_Bozza3_page-0002-210x300.jpg","medium-width":210,"medium-height":300,"medium_large":"https:\/\/www.visitsicily.info\/wp-content\/uploads\/2026\/09\/2026_BIC_Manifesti-concerti_70x100_Bozza3_page-0002-768x1097.jpg","medium_large-width":768,"medium_large-height":1097,"large":"https:\/\/www.visitsicily.info\/wp-content\/uploads\/2026\/09\/2026_BIC_Manifesti-concerti_70x100_Bozza3_page-0002-717x1024.jpg","large-width":717,"large-height":1024,"1536x1536":"https:\/\/www.visitsicily.info\/wp-content\/uploads\/2026\/09\/2026_BIC_Manifesti-concerti_70x100_Bozza3_page-0002-1075x1536.jpg","1536x1536-width":1075,"1536x1536-height":1536,"2048x2048":"https:\/\/www.visitsicily.info\/wp-content\/uploads\/2026\/09\/2026_BIC_Manifesti-concerti_70x100_Bozza3_page-0002-1434x2048.jpg","2048x2048-width":1434,"2048x2048-height":2048,"blog-large":"https:\/\/www.visitsicily.info\/wp-content\/uploads\/2026\/09\/2026_BIC_Manifesti-concerti_70x100_Bozza3_page-0002-669x272.jpg","blog-large-width":669,"blog-large-height":272,"blog-medium":"https:\/\/www.visitsicily.info\/wp-content\/uploads\/2026\/09\/2026_BIC_Manifesti-concerti_70x100_Bozza3_page-0002-320x202.jpg","blog-medium-width":320,"blog-medium-height":202,"recent-posts":"https:\/\/www.visitsicily.info\/wp-content\/uploads\/2026\/09\/2026_BIC_Manifesti-concerti_70x100_Bozza3_page-0002-700x441.jpg","recent-posts-width":700,"recent-posts-height":441,"recent-works-thumbnail":"https:\/\/www.visitsicily.info\/wp-content\/uploads\/2026\/09\/2026_BIC_Manifesti-concerti_70x100_Bozza3_page-0002-66x66.jpg","recent-works-thumbnail-width":66,"recent-works-thumbnail-height":66,"fusion-200":"https:\/\/www.visitsicily.info\/wp-content\/uploads\/2026\/09\/2026_BIC_Manifesti-concerti_70x100_Bozza3_page-0002-200x286.jpg","fusion-200-width":200,"fusion-200-height":286,"fusion-400":"https:\/\/www.visitsicily.info\/wp-content\/uploads\/2026\/09\/2026_BIC_Manifesti-concerti_70x100_Bozza3_page-0002-400x571.jpg","fusion-400-width":400,"fusion-400-height":571,"fusion-600":"https:\/\/www.visitsicily.info\/wp-content\/uploads\/2026\/09\/2026_BIC_Manifesti-concerti_70x100_Bozza3_page-0002-600x857.jpg","fusion-600-width":600,"fusion-600-height":857,"fusion-800":"https:\/\/www.visitsicily.info\/wp-content\/uploads\/2026\/09\/2026_BIC_Manifesti-concerti_70x100_Bozza3_page-0002-800x1143.jpg","fusion-800-width":800,"fusion-800-height":1143,"fusion-1200":"https:\/\/www.visitsicily.info\/wp-content\/uploads\/2026\/09\/2026_BIC_Manifesti-concerti_70x100_Bozza3_page-0002-1200x1714.jpg","fusion-1200-width":1200,"fusion-1200-height":1714,"portfolio-full":"https:\/\/www.visitsicily.info\/wp-content\/uploads\/2026\/09\/2026_BIC_Manifesti-concerti_70x100_Bozza3_page-0002-940x400.jpg","portfolio-full-width":940,"portfolio-full-height":400,"portfolio-one":"https:\/\/www.visitsicily.info\/wp-content\/uploads\/2026\/09\/2026_BIC_Manifesti-concerti_70x100_Bozza3_page-0002-540x272.jpg","portfolio-one-width":540,"portfolio-one-height":272,"portfolio-two":"https:\/\/www.visitsicily.info\/wp-content\/uploads\/2026\/09\/2026_BIC_Manifesti-concerti_70x100_Bozza3_page-0002-460x295.jpg","portfolio-two-width":460,"portfolio-two-height":295,"portfolio-three":"https:\/\/www.visitsicily.info\/wp-content\/uploads\/2026\/09\/2026_BIC_Manifesti-concerti_70x100_Bozza3_page-0002-300x214.jpg","portfolio-three-width":300,"portfolio-three-height":214,"portfolio-five":"https:\/\/www.visitsicily.info\/wp-content\/uploads\/2026\/09\/2026_BIC_Manifesti-concerti_70x100_Bozza3_page-0002-177x142.jpg","portfolio-five-width":177,"portfolio-five-height":142}},{"ID":117597,"id":117597,"title":"2026_BIC_Manifesti concerti_70x100_Bozza3_page-0004","filename":"2026_BIC_Manifesti-concerti_70x100_Bozza3_page-0004-scaled.jpg","filesize":951218,"url":"https:\/\/www.visitsicily.info\/wp-content\/uploads\/2026\/09\/2026_BIC_Manifesti-concerti_70x100_Bozza3_page-0004-scaled.jpg","link":"https:\/\/www.visitsicily.info\/es\/evento-new\/bellini-international-context-2026\/2026_bic_manifesti-concerti_70x100_bozza3_page-0004-2\/","alt":"","author":"46","description":"","caption":"","name":"2026_bic_manifesti-concerti_70x100_bozza3_page-0004-2","status":"inherit","uploaded_to":117676,"date":"2026-09-04 09:25:18","modified":"2026-09-04 09:45:08","menu_order":0,"mime_type":"image\/jpeg","type":"image","subtype":"jpeg","icon":"https:\/\/www.visitsicily.info\/wp-includes\/images\/media\/default.png","width":1792,"height":2560,"sizes":{"thumbnail":"https:\/\/www.visitsicily.info\/wp-content\/uploads\/2026\/09\/2026_BIC_Manifesti-concerti_70x100_Bozza3_page-0004-150x150.jpg","thumbnail-width":150,"thumbnail-height":150,"medium":"https:\/\/www.visitsicily.info\/wp-content\/uploads\/2026\/09\/2026_BIC_Manifesti-concerti_70x100_Bozza3_page-0004-210x300.jpg","medium-width":210,"medium-height":300,"medium_large":"https:\/\/www.visitsicily.info\/wp-content\/uploads\/2026\/09\/2026_BIC_Manifesti-concerti_70x100_Bozza3_page-0004-768x1097.jpg","medium_large-width":768,"medium_large-height":1097,"large":"https:\/\/www.visitsicily.info\/wp-content\/uploads\/2026\/09\/2026_BIC_Manifesti-concerti_70x100_Bozza3_page-0004-717x1024.jpg","large-width":717,"large-height":1024,"1536x1536":"https:\/\/www.visitsicily.info\/wp-content\/uploads\/2026\/09\/2026_BIC_Manifesti-concerti_70x100_Bozza3_page-0004-1075x1536.jpg","1536x1536-width":1075,"1536x1536-height":1536,"2048x2048":"https:\/\/www.visitsicily.info\/wp-content\/uploads\/2026\/09\/2026_BIC_Manifesti-concerti_70x100_Bozza3_page-0004-1434x2048.jpg","2048x2048-width":1434,"2048x2048-height":2048,"blog-large":"https:\/\/www.visitsicily.info\/wp-content\/uploads\/2026\/09\/2026_BIC_Manifesti-concerti_70x100_Bozza3_page-0004-669x272.jpg","blog-large-width":669,"blog-large-height":272,"blog-medium":"https:\/\/www.visitsicily.info\/wp-content\/uploads\/2026\/09\/2026_BIC_Manifesti-concerti_70x100_Bozza3_page-0004-320x202.jpg","blog-medium-width":320,"blog-medium-height":202,"recent-posts":"https:\/\/www.visitsicily.info\/wp-content\/uploads\/2026\/09\/2026_BIC_Manifesti-concerti_70x100_Bozza3_page-0004-700x441.jpg","recent-posts-width":700,"recent-posts-height":441,"recent-works-thumbnail":"https:\/\/www.visitsicily.info\/wp-content\/uploads\/2026\/09\/2026_BIC_Manifesti-concerti_70x100_Bozza3_page-0004-66x66.jpg","recent-works-thumbnail-width":66,"recent-works-thumbnail-height":66,"fusion-200":"https:\/\/www.visitsicily.info\/wp-content\/uploads\/2026\/09\/2026_BIC_Manifesti-concerti_70x100_Bozza3_page-0004-200x286.jpg","fusion-200-width":200,"fusion-200-height":286,"fusion-400":"https:\/\/www.visitsicily.info\/wp-content\/uploads\/2026\/09\/2026_BIC_Manifesti-concerti_70x100_Bozza3_page-0004-400x571.jpg","fusion-400-width":400,"fusion-400-height":571,"fusion-600":"https:\/\/www.visitsicily.info\/wp-content\/uploads\/2026\/09\/2026_BIC_Manifesti-concerti_70x100_Bozza3_page-0004-600x857.jpg","fusion-600-width":600,"fusion-600-height":857,"fusion-800":"https:\/\/www.visitsicily.info\/wp-content\/uploads\/2026\/09\/2026_BIC_Manifesti-concerti_70x100_Bozza3_page-0004-800x1143.jpg","fusion-800-width":800,"fusion-800-height":1143,"fusion-1200":"https:\/\/www.visitsicily.info\/wp-content\/uploads\/2026\/09\/2026_BIC_Manifesti-concerti_70x100_Bozza3_page-0004-1200x1714.jpg","fusion-1200-width":1200,"fusion-1200-height":1714,"portfolio-full":"https:\/\/www.visitsicily.info\/wp-content\/uploads\/2026\/09\/2026_BIC_Manifesti-concerti_70x100_Bozza3_page-0004-940x400.jpg","portfolio-full-width":940,"portfolio-full-height":400,"portfolio-one":"https:\/\/www.visitsicily.info\/wp-content\/uploads\/2026\/09\/2026_BIC_Manifesti-concerti_70x100_Bozza3_page-0004-540x272.jpg","portfolio-one-width":540,"portfolio-one-height":272,"portfolio-two":"https:\/\/www.visitsicily.info\/wp-content\/uploads\/2026\/09\/2026_BIC_Manifesti-concerti_70x100_Bozza3_page-0004-460x295.jpg","portfolio-two-width":460,"portfolio-two-height":295,"portfolio-three":"https:\/\/www.visitsicily.info\/wp-content\/uploads\/2026\/09\/2026_BIC_Manifesti-concerti_70x100_Bozza3_page-0004-300x214.jpg","portfolio-three-width":300,"portfolio-three-height":214,"portfolio-five":"https:\/\/www.visitsicily.info\/wp-content\/uploads\/2026\/09\/2026_BIC_Manifesti-concerti_70x100_Bozza3_page-0004-177x142.jpg","portfolio-five-width":177,"portfolio-five-height":142}},{"ID":117601,"id":117601,"title":"2026_BIC_Manifesti concerti_70x100_Bozza2_page-0002","filename":"2026_BIC_Manifesti-concerti_70x100_Bozza2_page-0002-scaled.jpg","filesize":851606,"url":"https:\/\/www.visitsicily.info\/wp-content\/uploads\/2026\/09\/2026_BIC_Manifesti-concerti_70x100_Bozza2_page-0002-scaled.jpg","link":"https:\/\/www.visitsicily.info\/es\/evento-new\/bellini-international-context-2026\/2026_bic_manifesti-concerti_70x100_bozza2_page-0002-2\/","alt":"","author":"46","description":"","caption":"","name":"2026_bic_manifesti-concerti_70x100_bozza2_page-0002-2","status":"inherit","uploaded_to":117676,"date":"2026-09-04 09:25:44","modified":"2026-09-04 09:45:08","menu_order":0,"mime_type":"image\/jpeg","type":"image","subtype":"jpeg","icon":"https:\/\/www.visitsicily.info\/wp-includes\/images\/media\/default.png","width":1792,"height":2560,"sizes":{"thumbnail":"https:\/\/www.visitsicily.info\/wp-content\/uploads\/2026\/09\/2026_BIC_Manifesti-concerti_70x100_Bozza2_page-0002-150x150.jpg","thumbnail-width":150,"thumbnail-height":150,"medium":"https:\/\/www.visitsicily.info\/wp-content\/uploads\/2026\/09\/2026_BIC_Manifesti-concerti_70x100_Bozza2_page-0002-210x300.jpg","medium-width":210,"medium-height":300,"medium_large":"https:\/\/www.visitsicily.info\/wp-content\/uploads\/2026\/09\/2026_BIC_Manifesti-concerti_70x100_Bozza2_page-0002-768x1097.jpg","medium_large-width":768,"medium_large-height":1097,"large":"https:\/\/www.visitsicily.info\/wp-content\/uploads\/2026\/09\/2026_BIC_Manifesti-concerti_70x100_Bozza2_page-0002-717x1024.jpg","large-width":717,"large-height":1024,"1536x1536":"https:\/\/www.visitsicily.info\/wp-content\/uploads\/2026\/09\/2026_BIC_Manifesti-concerti_70x100_Bozza2_page-0002-1075x1536.jpg","1536x1536-width":1075,"1536x1536-height":1536,"2048x2048":"https:\/\/www.visitsicily.info\/wp-content\/uploads\/2026\/09\/2026_BIC_Manifesti-concerti_70x100_Bozza2_page-0002-1434x2048.jpg","2048x2048-width":1434,"2048x2048-height":2048,"blog-large":"https:\/\/www.visitsicily.info\/wp-content\/uploads\/2026\/09\/2026_BIC_Manifesti-concerti_70x100_Bozza2_page-0002-669x272.jpg","blog-large-width":669,"blog-large-height":272,"blog-medium":"https:\/\/www.visitsicily.info\/wp-content\/uploads\/2026\/09\/2026_BIC_Manifesti-concerti_70x100_Bozza2_page-0002-320x202.jpg","blog-medium-width":320,"blog-medium-height":202,"recent-posts":"https:\/\/www.visitsicily.info\/wp-content\/uploads\/2026\/09\/2026_BIC_Manifesti-concerti_70x100_Bozza2_page-0002-700x441.jpg","recent-posts-width":700,"recent-posts-height":441,"recent-works-thumbnail":"https:\/\/www.visitsicily.info\/wp-content\/uploads\/2026\/09\/2026_BIC_Manifesti-concerti_70x100_Bozza2_page-0002-66x66.jpg","recent-works-thumbnail-width":66,"recent-works-thumbnail-height":66,"fusion-200":"https:\/\/www.visitsicily.info\/wp-content\/uploads\/2026\/09\/2026_BIC_Manifesti-concerti_70x100_Bozza2_page-0002-200x286.jpg","fusion-200-width":200,"fusion-200-height":286,"fusion-400":"https:\/\/www.visitsicily.info\/wp-content\/uploads\/2026\/09\/2026_BIC_Manifesti-concerti_70x100_Bozza2_page-0002-400x571.jpg","fusion-400-width":400,"fusion-400-height":571,"fusion-600":"https:\/\/www.visitsicily.info\/wp-content\/uploads\/2026\/09\/2026_BIC_Manifesti-concerti_70x100_Bozza2_page-0002-600x857.jpg","fusion-600-width":600,"fusion-600-height":857,"fusion-800":"https:\/\/www.visitsicily.info\/wp-content\/uploads\/2026\/09\/2026_BIC_Manifesti-concerti_70x100_Bozza2_page-0002-800x1143.jpg","fusion-800-width":800,"fusion-800-height":1143,"fusion-1200":"https:\/\/www.visitsicily.info\/wp-content\/uploads\/2026\/09\/2026_BIC_Manifesti-concerti_70x100_Bozza2_page-0002-1200x1714.jpg","fusion-1200-width":1200,"fusion-1200-height":1714,"portfolio-full":"https:\/\/www.visitsicily.info\/wp-content\/uploads\/2026\/09\/2026_BIC_Manifesti-concerti_70x100_Bozza2_page-0002-940x400.jpg","portfolio-full-width":940,"portfolio-full-height":400,"portfolio-one":"https:\/\/www.visitsicily.info\/wp-content\/uploads\/2026\/09\/2026_BIC_Manifesti-concerti_70x100_Bozza2_page-0002-540x272.jpg","portfolio-one-width":540,"portfolio-one-height":272,"portfolio-two":"https:\/\/www.visitsicily.info\/wp-content\/uploads\/2026\/09\/2026_BIC_Manifesti-concerti_70x100_Bozza2_page-0002-460x295.jpg","portfolio-two-width":460,"portfolio-two-height":295,"portfolio-three":"https:\/\/www.visitsicily.info\/wp-content\/uploads\/2026\/09\/2026_BIC_Manifesti-concerti_70x100_Bozza2_page-0002-300x214.jpg","portfolio-three-width":300,"portfolio-three-height":214,"portfolio-five":"https:\/\/www.visitsicily.info\/wp-content\/uploads\/2026\/09\/2026_BIC_Manifesti-concerti_70x100_Bozza2_page-0002-177x142.jpg","portfolio-five-width":177,"portfolio-five-height":142}},{"ID":117605,"id":117605,"title":"2026_BIC_Manifesti concerti_70x100_Bozza2_page-0003","filename":"2026_BIC_Manifesti-concerti_70x100_Bozza2_page-0003-scaled.jpg","filesize":859191,"url":"https:\/\/www.visitsicily.info\/wp-content\/uploads\/2026\/09\/2026_BIC_Manifesti-concerti_70x100_Bozza2_page-0003-scaled.jpg","link":"https:\/\/www.visitsicily.info\/es\/evento-new\/bellini-international-context-2026\/2026_bic_manifesti-concerti_70x100_bozza2_page-0003-2\/","alt":"","author":"46","description":"","caption":"","name":"2026_bic_manifesti-concerti_70x100_bozza2_page-0003-2","status":"inherit","uploaded_to":117676,"date":"2026-09-04 09:26:07","modified":"2026-09-04 09:45:08","menu_order":0,"mime_type":"image\/jpeg","type":"image","subtype":"jpeg","icon":"https:\/\/www.visitsicily.info\/wp-includes\/images\/media\/default.png","width":1792,"height":2560,"sizes":{"thumbnail":"https:\/\/www.visitsicily.info\/wp-content\/uploads\/2026\/09\/2026_BIC_Manifesti-concerti_70x100_Bozza2_page-0003-150x150.jpg","thumbnail-width":150,"thumbnail-height":150,"medium":"https:\/\/www.visitsicily.info\/wp-content\/uploads\/2026\/09\/2026_BIC_Manifesti-concerti_70x100_Bozza2_page-0003-210x300.jpg","medium-width":210,"medium-height":300,"medium_large":"https:\/\/www.visitsicily.info\/wp-content\/uploads\/2026\/09\/2026_BIC_Manifesti-concerti_70x100_Bozza2_page-0003-768x1097.jpg","medium_large-width":768,"medium_large-height":1097,"large":"https:\/\/www.visitsicily.info\/wp-content\/uploads\/2026\/09\/2026_BIC_Manifesti-concerti_70x100_Bozza2_page-0003-717x1024.jpg","large-width":717,"large-height":1024,"1536x1536":"https:\/\/www.visitsicily.info\/wp-content\/uploads\/2026\/09\/2026_BIC_Manifesti-concerti_70x100_Bozza2_page-0003-1075x1536.jpg","1536x1536-width":1075,"1536x1536-height":1536,"2048x2048":"https:\/\/www.visitsicily.info\/wp-content\/uploads\/2026\/09\/2026_BIC_Manifesti-concerti_70x100_Bozza2_page-0003-1434x2048.jpg","2048x2048-width":1434,"2048x2048-height":2048,"blog-large":"https:\/\/www.visitsicily.info\/wp-content\/uploads\/2026\/09\/2026_BIC_Manifesti-concerti_70x100_Bozza2_page-0003-669x272.jpg","blog-large-width":669,"blog-large-height":272,"blog-medium":"https:\/\/www.visitsicily.info\/wp-content\/uploads\/2026\/09\/2026_BIC_Manifesti-concerti_70x100_Bozza2_page-0003-320x202.jpg","blog-medium-width":320,"blog-medium-height":202,"recent-posts":"https:\/\/www.visitsicily.info\/wp-content\/uploads\/2026\/09\/2026_BIC_Manifesti-concerti_70x100_Bozza2_page-0003-700x441.jpg","recent-posts-width":700,"recent-posts-height":441,"recent-works-thumbnail":"https:\/\/www.visitsicily.info\/wp-content\/uploads\/2026\/09\/2026_BIC_Manifesti-concerti_70x100_Bozza2_page-0003-66x66.jpg","recent-works-thumbnail-width":66,"recent-works-thumbnail-height":66,"fusion-200":"https:\/\/www.visitsicily.info\/wp-content\/uploads\/2026\/09\/2026_BIC_Manifesti-concerti_70x100_Bozza2_page-0003-200x286.jpg","fusion-200-width":200,"fusion-200-height":286,"fusion-400":"https:\/\/www.visitsicily.info\/wp-content\/uploads\/2026\/09\/2026_BIC_Manifesti-concerti_70x100_Bozza2_page-0003-400x571.jpg","fusion-400-width":400,"fusion-400-height":571,"fusion-600":"https:\/\/www.visitsicily.info\/wp-content\/uploads\/2026\/09\/2026_BIC_Manifesti-concerti_70x100_Bozza2_page-0003-600x857.jpg","fusion-600-width":600,"fusion-600-height":857,"fusion-800":"https:\/\/www.visitsicily.info\/wp-content\/uploads\/2026\/09\/2026_BIC_Manifesti-concerti_70x100_Bozza2_page-0003-800x1143.jpg","fusion-800-width":800,"fusion-800-height":1143,"fusion-1200":"https:\/\/www.visitsicily.info\/wp-content\/uploads\/2026\/09\/2026_BIC_Manifesti-concerti_70x100_Bozza2_page-0003-1200x1714.jpg","fusion-1200-width":1200,"fusion-1200-height":1714,"portfolio-full":"https:\/\/www.visitsicily.info\/wp-content\/uploads\/2026\/09\/2026_BIC_Manifesti-concerti_70x100_Bozza2_page-0003-940x400.jpg","portfolio-full-width":940,"portfolio-full-height":400,"portfolio-one":"https:\/\/www.visitsicily.info\/wp-content\/uploads\/2026\/09\/2026_BIC_Manifesti-concerti_70x100_Bozza2_page-0003-540x272.jpg","portfolio-one-width":540,"portfolio-one-height":272,"portfolio-two":"https:\/\/www.visitsicily.info\/wp-content\/uploads\/2026\/09\/2026_BIC_Manifesti-concerti_70x100_Bozza2_page-0003-460x295.jpg","portfolio-two-width":460,"portfolio-two-height":295,"portfolio-three":"https:\/\/www.visitsicily.info\/wp-content\/uploads\/2026\/09\/2026_BIC_Manifesti-concerti_70x100_Bozza2_page-0003-300x214.jpg","portfolio-three-width":300,"portfolio-three-height":214,"portfolio-five":"https:\/\/www.visitsicily.info\/wp-content\/uploads\/2026\/09\/2026_BIC_Manifesti-concerti_70x100_Bozza2_page-0003-177x142.jpg","portfolio-five-width":177,"portfolio-five-height":142}},{"ID":117609,"id":117609,"title":"2026_BIC_Manifesti concerti_70x100_Bozza2_page-0004","filename":"2026_BIC_Manifesti-concerti_70x100_Bozza2_page-0004-scaled.jpg","filesize":934581,"url":"https:\/\/www.visitsicily.info\/wp-content\/uploads\/2026\/09\/2026_BIC_Manifesti-concerti_70x100_Bozza2_page-0004-scaled.jpg","link":"https:\/\/www.visitsicily.info\/es\/evento-new\/bellini-international-context-2026\/2026_bic_manifesti-concerti_70x100_bozza2_page-0004-2\/","alt":"","author":"46","description":"","caption":"","name":"2026_bic_manifesti-concerti_70x100_bozza2_page-0004-2","status":"inherit","uploaded_to":117676,"date":"2026-09-04 09:26:30","modified":"2026-09-04 09:45:08","menu_order":0,"mime_type":"image\/jpeg","type":"image","subtype":"jpeg","icon":"https:\/\/www.visitsicily.info\/wp-includes\/images\/media\/default.png","width":1792,"height":2560,"sizes":{"thumbnail":"https:\/\/www.visitsicily.info\/wp-content\/uploads\/2026\/09\/2026_BIC_Manifesti-concerti_70x100_Bozza2_page-0004-150x150.jpg","thumbnail-width":150,"thumbnail-height":150,"medium":"https:\/\/www.visitsicily.info\/wp-content\/uploads\/2026\/09\/2026_BIC_Manifesti-concerti_70x100_Bozza2_page-0004-210x300.jpg","medium-width":210,"medium-height":300,"medium_large":"https:\/\/www.visitsicily.info\/wp-content\/uploads\/2026\/09\/2026_BIC_Manifesti-concerti_70x100_Bozza2_page-0004-768x1097.jpg","medium_large-width":768,"medium_large-height":1097,"large":"https:\/\/www.visitsicily.info\/wp-content\/uploads\/2026\/09\/2026_BIC_Manifesti-concerti_70x100_Bozza2_page-0004-717x1024.jpg","large-width":717,"large-height":1024,"1536x1536":"https:\/\/www.visitsicily.info\/wp-content\/uploads\/2026\/09\/2026_BIC_Manifesti-concerti_70x100_Bozza2_page-0004-1075x1536.jpg","1536x1536-width":1075,"1536x1536-height":1536,"2048x2048":"https:\/\/www.visitsicily.info\/wp-content\/uploads\/2026\/09\/2026_BIC_Manifesti-concerti_70x100_Bozza2_page-0004-1434x2048.jpg","2048x2048-width":1434,"2048x2048-height":2048,"blog-large":"https:\/\/www.visitsicily.info\/wp-content\/uploads\/2026\/09\/2026_BIC_Manifesti-concerti_70x100_Bozza2_page-0004-669x272.jpg","blog-large-width":669,"blog-large-height":272,"blog-medium":"https:\/\/www.visitsicily.info\/wp-content\/uploads\/2026\/09\/2026_BIC_Manifesti-concerti_70x100_Bozza2_page-0004-320x202.jpg","blog-medium-width":320,"blog-medium-height":202,"recent-posts":"https:\/\/www.visitsicily.info\/wp-content\/uploads\/2026\/09\/2026_BIC_Manifesti-concerti_70x100_Bozza2_page-0004-700x441.jpg","recent-posts-width":700,"recent-posts-height":441,"recent-works-thumbnail":"https:\/\/www.visitsicily.info\/wp-content\/uploads\/2026\/09\/2026_BIC_Manifesti-concerti_70x100_Bozza2_page-0004-66x66.jpg","recent-works-thumbnail-width":66,"recent-works-thumbnail-height":66,"fusion-200":"https:\/\/www.visitsicily.info\/wp-content\/uploads\/2026\/09\/2026_BIC_Manifesti-concerti_70x100_Bozza2_page-0004-200x286.jpg","fusion-200-width":200,"fusion-200-height":286,"fusion-400":"https:\/\/www.visitsicily.info\/wp-content\/uploads\/2026\/09\/2026_BIC_Manifesti-concerti_70x100_Bozza2_page-0004-400x571.jpg","fusion-400-width":400,"fusion-400-height":571,"fusion-600":"https:\/\/www.visitsicily.info\/wp-content\/uploads\/2026\/09\/2026_BIC_Manifesti-concerti_70x100_Bozza2_page-0004-600x857.jpg","fusion-600-width":600,"fusion-600-height":857,"fusion-800":"https:\/\/www.visitsicily.info\/wp-content\/uploads\/2026\/09\/2026_BIC_Manifesti-concerti_70x100_Bozza2_page-0004-800x1143.jpg","fusion-800-width":800,"fusion-800-height":1143,"fusion-1200":"https:\/\/www.visitsicily.info\/wp-content\/uploads\/2026\/09\/2026_BIC_Manifesti-concerti_70x100_Bozza2_page-0004-1200x1714.jpg","fusion-1200-width":1200,"fusion-1200-height":1714,"portfolio-full":"https:\/\/www.visitsicily.info\/wp-content\/uploads\/2026\/09\/2026_BIC_Manifesti-concerti_70x100_Bozza2_page-0004-940x400.jpg","portfolio-full-width":940,"portfolio-full-height":400,"portfolio-one":"https:\/\/www.visitsicily.info\/wp-content\/uploads\/2026\/09\/2026_BIC_Manifesti-concerti_70x100_Bozza2_page-0004-540x272.jpg","portfolio-one-width":540,"portfolio-one-height":272,"portfolio-two":"https:\/\/www.visitsicily.info\/wp-content\/uploads\/2026\/09\/2026_BIC_Manifesti-concerti_70x100_Bozza2_page-0004-460x295.jpg","portfolio-two-width":460,"portfolio-two-height":295,"portfolio-three":"https:\/\/www.visitsicily.info\/wp-content\/uploads\/2026\/09\/2026_BIC_Manifesti-concerti_70x100_Bozza2_page-0004-300x214.jpg","portfolio-three-width":300,"portfolio-three-height":214,"portfolio-five":"https:\/\/www.visitsicily.info\/wp-content\/uploads\/2026\/09\/2026_BIC_Manifesti-concerti_70x100_Bozza2_page-0004-177x142.jpg","portfolio-five-width":177,"portfolio-five-height":142}},{"ID":117613,"id":117613,"title":"2026_BIC_Manifesti concerti_70x100_Bozza2_page-0005","filename":"2026_BIC_Manifesti-concerti_70x100_Bozza2_page-0005-scaled.jpg","filesize":895864,"url":"https:\/\/www.visitsicily.info\/wp-content\/uploads\/2026\/09\/2026_BIC_Manifesti-concerti_70x100_Bozza2_page-0005-scaled.jpg","link":"https:\/\/www.visitsicily.info\/es\/evento-new\/bellini-international-context-2026\/2026_bic_manifesti-concerti_70x100_bozza2_page-0005-2\/","alt":"","author":"46","description":"","caption":"","name":"2026_bic_manifesti-concerti_70x100_bozza2_page-0005-2","status":"inherit","uploaded_to":117676,"date":"2026-09-04 09:26:56","modified":"2026-09-04 09:45:08","menu_order":0,"mime_type":"image\/jpeg","type":"image","subtype":"jpeg","icon":"https:\/\/www.visitsicily.info\/wp-includes\/images\/media\/default.png","width":1792,"height":2560,"sizes":{"thumbnail":"https:\/\/www.visitsicily.info\/wp-content\/uploads\/2026\/09\/2026_BIC_Manifesti-concerti_70x100_Bozza2_page-0005-150x150.jpg","thumbnail-width":150,"thumbnail-height":150,"medium":"https:\/\/www.visitsicily.info\/wp-content\/uploads\/2026\/09\/2026_BIC_Manifesti-concerti_70x100_Bozza2_page-0005-210x300.jpg","medium-width":210,"medium-height":300,"medium_large":"https:\/\/www.visitsicily.info\/wp-content\/uploads\/2026\/09\/2026_BIC_Manifesti-concerti_70x100_Bozza2_page-0005-768x1097.jpg","medium_large-width":768,"medium_large-height":1097,"large":"https:\/\/www.visitsicily.info\/wp-content\/uploads\/2026\/09\/2026_BIC_Manifesti-concerti_70x100_Bozza2_page-0005-717x1024.jpg","large-width":717,"large-height":1024,"1536x1536":"https:\/\/www.visitsicily.info\/wp-content\/uploads\/2026\/09\/2026_BIC_Manifesti-concerti_70x100_Bozza2_page-0005-1075x1536.jpg","1536x1536-width":1075,"1536x1536-height":1536,"2048x2048":"https:\/\/www.visitsicily.info\/wp-content\/uploads\/2026\/09\/2026_BIC_Manifesti-concerti_70x100_Bozza2_page-0005-1434x2048.jpg","2048x2048-width":1434,"2048x2048-height":2048,"blog-large":"https:\/\/www.visitsicily.info\/wp-content\/uploads\/2026\/09\/2026_BIC_Manifesti-concerti_70x100_Bozza2_page-0005-669x272.jpg","blog-large-width":669,"blog-large-height":272,"blog-medium":"https:\/\/www.visitsicily.info\/wp-content\/uploads\/2026\/09\/2026_BIC_Manifesti-concerti_70x100_Bozza2_page-0005-320x202.jpg","blog-medium-width":320,"blog-medium-height":202,"recent-posts":"https:\/\/www.visitsicily.info\/wp-content\/uploads\/2026\/09\/2026_BIC_Manifesti-concerti_70x100_Bozza2_page-0005-700x441.jpg","recent-posts-width":700,"recent-posts-height":441,"recent-works-thumbnail":"https:\/\/www.visitsicily.info\/wp-content\/uploads\/2026\/09\/2026_BIC_Manifesti-concerti_70x100_Bozza2_page-0005-66x66.jpg","recent-works-thumbnail-width":66,"recent-works-thumbnail-height":66,"fusion-200":"https:\/\/www.visitsicily.info\/wp-content\/uploads\/2026\/09\/2026_BIC_Manifesti-concerti_70x100_Bozza2_page-0005-200x286.jpg","fusion-200-width":200,"fusion-200-height":286,"fusion-400":"https:\/\/www.visitsicily.info\/wp-content\/uploads\/2026\/09\/2026_BIC_Manifesti-concerti_70x100_Bozza2_page-0005-400x571.jpg","fusion-400-width":400,"fusion-400-height":571,"fusion-600":"https:\/\/www.visitsicily.info\/wp-content\/uploads\/2026\/09\/2026_BIC_Manifesti-concerti_70x100_Bozza2_page-0005-600x857.jpg","fusion-600-width":600,"fusion-600-height":857,"fusion-800":"https:\/\/www.visitsicily.info\/wp-content\/uploads\/2026\/09\/2026_BIC_Manifesti-concerti_70x100_Bozza2_page-0005-800x1143.jpg","fusion-800-width":800,"fusion-800-height":1143,"fusion-1200":"https:\/\/www.visitsicily.info\/wp-content\/uploads\/2026\/09\/2026_BIC_Manifesti-concerti_70x100_Bozza2_page-0005-1200x1714.jpg","fusion-1200-width":1200,"fusion-1200-height":1714,"portfolio-full":"https:\/\/www.visitsicily.info\/wp-content\/uploads\/2026\/09\/2026_BIC_Manifesti-concerti_70x100_Bozza2_page-0005-940x400.jpg","portfolio-full-width":940,"portfolio-full-height":400,"portfolio-one":"https:\/\/www.visitsicily.info\/wp-content\/uploads\/2026\/09\/2026_BIC_Manifesti-concerti_70x100_Bozza2_page-0005-540x272.jpg","portfolio-one-width":540,"portfolio-one-height":272,"portfolio-two":"https:\/\/www.visitsicily.info\/wp-content\/uploads\/2026\/09\/2026_BIC_Manifesti-concerti_70x100_Bozza2_page-0005-460x295.jpg","portfolio-two-width":460,"portfolio-two-height":295,"portfolio-three":"https:\/\/www.visitsicily.info\/wp-content\/uploads\/2026\/09\/2026_BIC_Manifesti-concerti_70x100_Bozza2_page-0005-300x214.jpg","portfolio-three-width":300,"portfolio-three-height":214,"portfolio-five":"https:\/\/www.visitsicily.info\/wp-content\/uploads\/2026\/09\/2026_BIC_Manifesti-concerti_70x100_Bozza2_page-0005-177x142.jpg","portfolio-five-width":177,"portfolio-five-height":142}},{"ID":117617,"id":117617,"title":"2026_BIC_Manifesti concerti_70x100_Bozza2_page-0001","filename":"2026_BIC_Manifesti-concerti_70x100_Bozza2_page-0001-scaled.jpg","filesize":813541,"url":"https:\/\/www.visitsicily.info\/wp-content\/uploads\/2026\/09\/2026_BIC_Manifesti-concerti_70x100_Bozza2_page-0001-scaled.jpg","link":"https:\/\/www.visitsicily.info\/es\/evento-new\/bellini-international-context-2026\/2026_bic_manifesti-concerti_70x100_bozza2_page-0001-2\/","alt":"","author":"46","description":"","caption":"","name":"2026_bic_manifesti-concerti_70x100_bozza2_page-0001-2","status":"inherit","uploaded_to":117676,"date":"2026-09-04 09:27:19","modified":"2026-09-04 09:45:08","menu_order":0,"mime_type":"image\/jpeg","type":"image","subtype":"jpeg","icon":"https:\/\/www.visitsicily.info\/wp-includes\/images\/media\/default.png","width":1792,"height":2560,"sizes":{"thumbnail":"https:\/\/www.visitsicily.info\/wp-content\/uploads\/2026\/09\/2026_BIC_Manifesti-concerti_70x100_Bozza2_page-0001-150x150.jpg","thumbnail-width":150,"thumbnail-height":150,"medium":"https:\/\/www.visitsicily.info\/wp-content\/uploads\/2026\/09\/2026_BIC_Manifesti-concerti_70x100_Bozza2_page-0001-210x300.jpg","medium-width":210,"medium-height":300,"medium_large":"https:\/\/www.visitsicily.info\/wp-content\/uploads\/2026\/09\/2026_BIC_Manifesti-concerti_70x100_Bozza2_page-0001-768x1097.jpg","medium_large-width":768,"medium_large-height":1097,"large":"https:\/\/www.visitsicily.info\/wp-content\/uploads\/2026\/09\/2026_BIC_Manifesti-concerti_70x100_Bozza2_page-0001-717x1024.jpg","large-width":717,"large-height":1024,"1536x1536":"https:\/\/www.visitsicily.info\/wp-content\/uploads\/2026\/09\/2026_BIC_Manifesti-concerti_70x100_Bozza2_page-0001-1075x1536.jpg","1536x1536-width":1075,"1536x1536-height":1536,"2048x2048":"https:\/\/www.visitsicily.info\/wp-content\/uploads\/2026\/09\/2026_BIC_Manifesti-concerti_70x100_Bozza2_page-0001-1434x2048.jpg","2048x2048-width":1434,"2048x2048-height":2048,"blog-large":"https:\/\/www.visitsicily.info\/wp-content\/uploads\/2026\/09\/2026_BIC_Manifesti-concerti_70x100_Bozza2_page-0001-669x272.jpg","blog-large-width":669,"blog-large-height":272,"blog-medium":"https:\/\/www.visitsicily.info\/wp-content\/uploads\/2026\/09\/2026_BIC_Manifesti-concerti_70x100_Bozza2_page-0001-320x202.jpg","blog-medium-width":320,"blog-medium-height":202,"recent-posts":"https:\/\/www.visitsicily.info\/wp-content\/uploads\/2026\/09\/2026_BIC_Manifesti-concerti_70x100_Bozza2_page-0001-700x441.jpg","recent-posts-width":700,"recent-posts-height":441,"recent-works-thumbnail":"https:\/\/www.visitsicily.info\/wp-content\/uploads\/2026\/09\/2026_BIC_Manifesti-concerti_70x100_Bozza2_page-0001-66x66.jpg","recent-works-thumbnail-width":66,"recent-works-thumbnail-height":66,"fusion-200":"https:\/\/www.visitsicily.info\/wp-content\/uploads\/2026\/09\/2026_BIC_Manifesti-concerti_70x100_Bozza2_page-0001-200x286.jpg","fusion-200-width":200,"fusion-200-height":286,"fusion-400":"https:\/\/www.visitsicily.info\/wp-content\/uploads\/2026\/09\/2026_BIC_Manifesti-concerti_70x100_Bozza2_page-0001-400x571.jpg","fusion-400-width":400,"fusion-400-height":571,"fusion-600":"https:\/\/www.visitsicily.info\/wp-content\/uploads\/2026\/09\/2026_BIC_Manifesti-concerti_70x100_Bozza2_page-0001-600x857.jpg","fusion-600-width":600,"fusion-600-height":857,"fusion-800":"https:\/\/www.visitsicily.info\/wp-content\/uploads\/2026\/09\/2026_BIC_Manifesti-concerti_70x100_Bozza2_page-0001-800x1143.jpg","fusion-800-width":800,"fusion-800-height":1143,"fusion-1200":"https:\/\/www.visitsicily.info\/wp-content\/uploads\/2026\/09\/2026_BIC_Manifesti-concerti_70x100_Bozza2_page-0001-1200x1714.jpg","fusion-1200-width":1200,"fusion-1200-height":1714,"portfolio-full":"https:\/\/www.visitsicily.info\/wp-content\/uploads\/2026\/09\/2026_BIC_Manifesti-concerti_70x100_Bozza2_page-0001-940x400.jpg","portfolio-full-width":940,"portfolio-full-height":400,"portfolio-one":"https:\/\/www.visitsicily.info\/wp-content\/uploads\/2026\/09\/2026_BIC_Manifesti-concerti_70x100_Bozza2_page-0001-540x272.jpg","portfolio-one-width":540,"portfolio-one-height":272,"portfolio-two":"https:\/\/www.visitsicily.info\/wp-content\/uploads\/2026\/09\/2026_BIC_Manifesti-concerti_70x100_Bozza2_page-0001-460x295.jpg","portfolio-two-width":460,"portfolio-two-height":295,"portfolio-three":"https:\/\/www.visitsicily.info\/wp-content\/uploads\/2026\/09\/2026_BIC_Manifesti-concerti_70x100_Bozza2_page-0001-300x214.jpg","portfolio-three-width":300,"portfolio-three-height":214,"portfolio-five":"https:\/\/www.visitsicily.info\/wp-content\/uploads\/2026\/09\/2026_BIC_Manifesti-concerti_70x100_Bozza2_page-0001-177x142.jpg","portfolio-five-width":177,"portfolio-five-height":142}},{"ID":117621,"id":117621,"title":"2026_BIC_Manifesti concerti_70x100_Bozza2_page-0006","filename":"2026_BIC_Manifesti-concerti_70x100_Bozza2_page-0006-scaled.jpg","filesize":892087,"url":"https:\/\/www.visitsicily.info\/wp-content\/uploads\/2026\/09\/2026_BIC_Manifesti-concerti_70x100_Bozza2_page-0006-scaled.jpg","link":"https:\/\/www.visitsicily.info\/es\/evento-new\/bellini-international-context-2026\/2026_bic_manifesti-concerti_70x100_bozza2_page-0006-2\/","alt":"","author":"46","description":"","caption":"","name":"2026_bic_manifesti-concerti_70x100_bozza2_page-0006-2","status":"inherit","uploaded_to":117676,"date":"2026-09-04 09:27:40","modified":"2026-09-04 09:45:08","menu_order":0,"mime_type":"image\/jpeg","type":"image","subtype":"jpeg","icon":"https:\/\/www.visitsicily.info\/wp-includes\/images\/media\/default.png","width":1792,"height":2560,"sizes":{"thumbnail":"https:\/\/www.visitsicily.info\/wp-content\/uploads\/2026\/09\/2026_BIC_Manifesti-concerti_70x100_Bozza2_page-0006-150x150.jpg","thumbnail-width":150,"thumbnail-height":150,"medium":"https:\/\/www.visitsicily.info\/wp-content\/uploads\/2026\/09\/2026_BIC_Manifesti-concerti_70x100_Bozza2_page-0006-210x300.jpg","medium-width":210,"medium-height":300,"medium_large":"https:\/\/www.visitsicily.info\/wp-content\/uploads\/2026\/09\/2026_BIC_Manifesti-concerti_70x100_Bozza2_page-0006-768x1097.jpg","medium_large-width":768,"medium_large-height":1097,"large":"https:\/\/www.visitsicily.info\/wp-content\/uploads\/2026\/09\/2026_BIC_Manifesti-concerti_70x100_Bozza2_page-0006-717x1024.jpg","large-width":717,"large-height":1024,"1536x1536":"https:\/\/www.visitsicily.info\/wp-content\/uploads\/2026\/09\/2026_BIC_Manifesti-concerti_70x100_Bozza2_page-0006-1075x1536.jpg","1536x1536-width":1075,"1536x1536-height":1536,"2048x2048":"https:\/\/www.visitsicily.info\/wp-content\/uploads\/2026\/09\/2026_BIC_Manifesti-concerti_70x100_Bozza2_page-0006-1434x2048.jpg","2048x2048-width":1434,"2048x2048-height":2048,"blog-large":"https:\/\/www.visitsicily.info\/wp-content\/uploads\/2026\/09\/2026_BIC_Manifesti-concerti_70x100_Bozza2_page-0006-669x272.jpg","blog-large-width":669,"blog-large-height":272,"blog-medium":"https:\/\/www.visitsicily.info\/wp-content\/uploads\/2026\/09\/2026_BIC_Manifesti-concerti_70x100_Bozza2_page-0006-320x202.jpg","blog-medium-width":320,"blog-medium-height":202,"recent-posts":"https:\/\/www.visitsicily.info\/wp-content\/uploads\/2026\/09\/2026_BIC_Manifesti-concerti_70x100_Bozza2_page-0006-700x441.jpg","recent-posts-width":700,"recent-posts-height":441,"recent-works-thumbnail":"https:\/\/www.visitsicily.info\/wp-content\/uploads\/2026\/09\/2026_BIC_Manifesti-concerti_70x100_Bozza2_page-0006-66x66.jpg","recent-works-thumbnail-width":66,"recent-works-thumbnail-height":66,"fusion-200":"https:\/\/www.visitsicily.info\/wp-content\/uploads\/2026\/09\/2026_BIC_Manifesti-concerti_70x100_Bozza2_page-0006-200x286.jpg","fusion-200-width":200,"fusion-200-height":286,"fusion-400":"https:\/\/www.visitsicily.info\/wp-content\/uploads\/2026\/09\/2026_BIC_Manifesti-concerti_70x100_Bozza2_page-0006-400x571.jpg","fusion-400-width":400,"fusion-400-height":571,"fusion-600":"https:\/\/www.visitsicily.info\/wp-content\/uploads\/2026\/09\/2026_BIC_Manifesti-concerti_70x100_Bozza2_page-0006-600x857.jpg","fusion-600-width":600,"fusion-600-height":857,"fusion-800":"https:\/\/www.visitsicily.info\/wp-content\/uploads\/2026\/09\/2026_BIC_Manifesti-concerti_70x100_Bozza2_page-0006-800x1143.jpg","fusion-800-width":800,"fusion-800-height":1143,"fusion-1200":"https:\/\/www.visitsicily.info\/wp-content\/uploads\/2026\/09\/2026_BIC_Manifesti-concerti_70x100_Bozza2_page-0006-1200x1714.jpg","fusion-1200-width":1200,"fusion-1200-height":1714,"portfolio-full":"https:\/\/www.visitsicily.info\/wp-content\/uploads\/2026\/09\/2026_BIC_Manifesti-concerti_70x100_Bozza2_page-0006-940x400.jpg","portfolio-full-width":940,"portfolio-full-height":400,"portfolio-one":"https:\/\/www.visitsicily.info\/wp-content\/uploads\/2026\/09\/2026_BIC_Manifesti-concerti_70x100_Bozza2_page-0006-540x272.jpg","portfolio-one-width":540,"portfolio-one-height":272,"portfolio-two":"https:\/\/www.visitsicily.info\/wp-content\/uploads\/2026\/09\/2026_BIC_Manifesti-concerti_70x100_Bozza2_page-0006-460x295.jpg","portfolio-two-width":460,"portfolio-two-height":295,"portfolio-three":"https:\/\/www.visitsicily.info\/wp-content\/uploads\/2026\/09\/2026_BIC_Manifesti-concerti_70x100_Bozza2_page-0006-300x214.jpg","portfolio-three-width":300,"portfolio-three-height":214,"portfolio-five":"https:\/\/www.visitsicily.info\/wp-content\/uploads\/2026\/09\/2026_BIC_Manifesti-concerti_70x100_Bozza2_page-0006-177x142.jpg","portfolio-five-width":177,"portfolio-five-height":142}},{"ID":117625,"id":117625,"title":"2026_BIC_Manifesti concerti_70x100_Bozza1_page-0001","filename":"2026_BIC_Manifesti-concerti_70x100_Bozza1_page-0001-scaled.jpg","filesize":828583,"url":"https:\/\/www.visitsicily.info\/wp-content\/uploads\/2026\/09\/2026_BIC_Manifesti-concerti_70x100_Bozza1_page-0001-scaled.jpg","link":"https:\/\/www.visitsicily.info\/es\/evento-new\/bellini-international-context-2026\/2026_bic_manifesti-concerti_70x100_bozza1_page-0001-2\/","alt":"","author":"46","description":"","caption":"","name":"2026_bic_manifesti-concerti_70x100_bozza1_page-0001-2","status":"inherit","uploaded_to":117676,"date":"2026-09-04 09:28:06","modified":"2026-09-04 09:45:08","menu_order":0,"mime_type":"image\/jpeg","type":"image","subtype":"jpeg","icon":"https:\/\/www.visitsicily.info\/wp-includes\/images\/media\/default.png","width":1792,"height":2560,"sizes":{"thumbnail":"https:\/\/www.visitsicily.info\/wp-content\/uploads\/2026\/09\/2026_BIC_Manifesti-concerti_70x100_Bozza1_page-0001-150x150.jpg","thumbnail-width":150,"thumbnail-height":150,"medium":"https:\/\/www.visitsicily.info\/wp-content\/uploads\/2026\/09\/2026_BIC_Manifesti-concerti_70x100_Bozza1_page-0001-210x300.jpg","medium-width":210,"medium-height":300,"medium_large":"https:\/\/www.visitsicily.info\/wp-content\/uploads\/2026\/09\/2026_BIC_Manifesti-concerti_70x100_Bozza1_page-0001-768x1097.jpg","medium_large-width":768,"medium_large-height":1097,"large":"https:\/\/www.visitsicily.info\/wp-content\/uploads\/2026\/09\/2026_BIC_Manifesti-concerti_70x100_Bozza1_page-0001-717x1024.jpg","large-width":717,"large-height":1024,"1536x1536":"https:\/\/www.visitsicily.info\/wp-content\/uploads\/2026\/09\/2026_BIC_Manifesti-concerti_70x100_Bozza1_page-0001-1075x1536.jpg","1536x1536-width":1075,"1536x1536-height":1536,"2048x2048":"https:\/\/www.visitsicily.info\/wp-content\/uploads\/2026\/09\/2026_BIC_Manifesti-concerti_70x100_Bozza1_page-0001-1434x2048.jpg","2048x2048-width":1434,"2048x2048-height":2048,"blog-large":"https:\/\/www.visitsicily.info\/wp-content\/uploads\/2026\/09\/2026_BIC_Manifesti-concerti_70x100_Bozza1_page-0001-669x272.jpg","blog-large-width":669,"blog-large-height":272,"blog-medium":"https:\/\/www.visitsicily.info\/wp-content\/uploads\/2026\/09\/2026_BIC_Manifesti-concerti_70x100_Bozza1_page-0001-320x202.jpg","blog-medium-width":320,"blog-medium-height":202,"recent-posts":"https:\/\/www.visitsicily.info\/wp-content\/uploads\/2026\/09\/2026_BIC_Manifesti-concerti_70x100_Bozza1_page-0001-700x441.jpg","recent-posts-width":700,"recent-posts-height":441,"recent-works-thumbnail":"https:\/\/www.visitsicily.info\/wp-content\/uploads\/2026\/09\/2026_BIC_Manifesti-concerti_70x100_Bozza1_page-0001-66x66.jpg","recent-works-thumbnail-width":66,"recent-works-thumbnail-height":66,"fusion-200":"https:\/\/www.visitsicily.info\/wp-content\/uploads\/2026\/09\/2026_BIC_Manifesti-concerti_70x100_Bozza1_page-0001-200x286.jpg","fusion-200-width":200,"fusion-200-height":286,"fusion-400":"https:\/\/www.visitsicily.info\/wp-content\/uploads\/2026\/09\/2026_BIC_Manifesti-concerti_70x100_Bozza1_page-0001-400x571.jpg","fusion-400-width":400,"fusion-400-height":571,"fusion-600":"https:\/\/www.visitsicily.info\/wp-content\/uploads\/2026\/09\/2026_BIC_Manifesti-concerti_70x100_Bozza1_page-0001-600x857.jpg","fusion-600-width":600,"fusion-600-height":857,"fusion-800":"https:\/\/www.visitsicily.info\/wp-content\/uploads\/2026\/09\/2026_BIC_Manifesti-concerti_70x100_Bozza1_page-0001-800x1143.jpg","fusion-800-width":800,"fusion-800-height":1143,"fusion-1200":"https:\/\/www.visitsicily.info\/wp-content\/uploads\/2026\/09\/2026_BIC_Manifesti-concerti_70x100_Bozza1_page-0001-1200x1714.jpg","fusion-1200-width":1200,"fusion-1200-height":1714,"portfolio-full":"https:\/\/www.visitsicily.info\/wp-content\/uploads\/2026\/09\/2026_BIC_Manifesti-concerti_70x100_Bozza1_page-0001-940x400.jpg","portfolio-full-width":940,"portfolio-full-height":400,"portfolio-one":"https:\/\/www.visitsicily.info\/wp-content\/uploads\/2026\/09\/2026_BIC_Manifesti-concerti_70x100_Bozza1_page-0001-540x272.jpg","portfolio-one-width":540,"portfolio-one-height":272,"portfolio-two":"https:\/\/www.visitsicily.info\/wp-content\/uploads\/2026\/09\/2026_BIC_Manifesti-concerti_70x100_Bozza1_page-0001-460x295.jpg","portfolio-two-width":460,"portfolio-two-height":295,"portfolio-three":"https:\/\/www.visitsicily.info\/wp-content\/uploads\/2026\/09\/2026_BIC_Manifesti-concerti_70x100_Bozza1_page-0001-300x214.jpg","portfolio-three-width":300,"portfolio-three-height":214,"portfolio-five":"https:\/\/www.visitsicily.info\/wp-content\/uploads\/2026\/09\/2026_BIC_Manifesti-concerti_70x100_Bozza1_page-0001-177x142.jpg","portfolio-five-width":177,"portfolio-five-height":142}},{"ID":117629,"id":117629,"title":"2026_BIC_Manifesti concerti_70x100_Bozza1_page-0002","filename":"2026_BIC_Manifesti-concerti_70x100_Bozza1_page-0002-scaled.jpg","filesize":887018,"url":"https:\/\/www.visitsicily.info\/wp-content\/uploads\/2026\/09\/2026_BIC_Manifesti-concerti_70x100_Bozza1_page-0002-scaled.jpg","link":"https:\/\/www.visitsicily.info\/es\/evento-new\/bellini-international-context-2026\/2026_bic_manifesti-concerti_70x100_bozza1_page-0002-2\/","alt":"","author":"46","description":"","caption":"","name":"2026_bic_manifesti-concerti_70x100_bozza1_page-0002-2","status":"inherit","uploaded_to":117676,"date":"2026-09-04 09:28:28","modified":"2026-09-04 09:45:08","menu_order":0,"mime_type":"image\/jpeg","type":"image","subtype":"jpeg","icon":"https:\/\/www.visitsicily.info\/wp-includes\/images\/media\/default.png","width":1792,"height":2560,"sizes":{"thumbnail":"https:\/\/www.visitsicily.info\/wp-content\/uploads\/2026\/09\/2026_BIC_Manifesti-concerti_70x100_Bozza1_page-0002-150x150.jpg","thumbnail-width":150,"thumbnail-height":150,"medium":"https:\/\/www.visitsicily.info\/wp-content\/uploads\/2026\/09\/2026_BIC_Manifesti-concerti_70x100_Bozza1_page-0002-210x300.jpg","medium-width":210,"medium-height":300,"medium_large":"https:\/\/www.visitsicily.info\/wp-content\/uploads\/2026\/09\/2026_BIC_Manifesti-concerti_70x100_Bozza1_page-0002-768x1097.jpg","medium_large-width":768,"medium_large-height":1097,"large":"https:\/\/www.visitsicily.info\/wp-content\/uploads\/2026\/09\/2026_BIC_Manifesti-concerti_70x100_Bozza1_page-0002-717x1024.jpg","large-width":717,"large-height":1024,"1536x1536":"https:\/\/www.visitsicily.info\/wp-content\/uploads\/2026\/09\/2026_BIC_Manifesti-concerti_70x100_Bozza1_page-0002-1075x1536.jpg","1536x1536-width":1075,"1536x1536-height":1536,"2048x2048":"https:\/\/www.visitsicily.info\/wp-content\/uploads\/2026\/09\/2026_BIC_Manifesti-concerti_70x100_Bozza1_page-0002-1434x2048.jpg","2048x2048-width":1434,"2048x2048-height":2048,"blog-large":"https:\/\/www.visitsicily.info\/wp-content\/uploads\/2026\/09\/2026_BIC_Manifesti-concerti_70x100_Bozza1_page-0002-669x272.jpg","blog-large-width":669,"blog-large-height":272,"blog-medium":"https:\/\/www.visitsicily.info\/wp-content\/uploads\/2026\/09\/2026_BIC_Manifesti-concerti_70x100_Bozza1_page-0002-320x202.jpg","blog-medium-width":320,"blog-medium-height":202,"recent-posts":"https:\/\/www.visitsicily.info\/wp-content\/uploads\/2026\/09\/2026_BIC_Manifesti-concerti_70x100_Bozza1_page-0002-700x441.jpg","recent-posts-width":700,"recent-posts-height":441,"recent-works-thumbnail":"https:\/\/www.visitsicily.info\/wp-content\/uploads\/2026\/09\/2026_BIC_Manifesti-concerti_70x100_Bozza1_page-0002-66x66.jpg","recent-works-thumbnail-width":66,"recent-works-thumbnail-height":66,"fusion-200":"https:\/\/www.visitsicily.info\/wp-content\/uploads\/2026\/09\/2026_BIC_Manifesti-concerti_70x100_Bozza1_page-0002-200x286.jpg","fusion-200-width":200,"fusion-200-height":286,"fusion-400":"https:\/\/www.visitsicily.info\/wp-content\/uploads\/2026\/09\/2026_BIC_Manifesti-concerti_70x100_Bozza1_page-0002-400x571.jpg","fusion-400-width":400,"fusion-400-height":571,"fusion-600":"https:\/\/www.visitsicily.info\/wp-content\/uploads\/2026\/09\/2026_BIC_Manifesti-concerti_70x100_Bozza1_page-0002-600x857.jpg","fusion-600-width":600,"fusion-600-height":857,"fusion-800":"https:\/\/www.visitsicily.info\/wp-content\/uploads\/2026\/09\/2026_BIC_Manifesti-concerti_70x100_Bozza1_page-0002-800x1143.jpg","fusion-800-width":800,"fusion-800-height":1143,"fusion-1200":"https:\/\/www.visitsicily.info\/wp-content\/uploads\/2026\/09\/2026_BIC_Manifesti-concerti_70x100_Bozza1_page-0002-1200x1714.jpg","fusion-1200-width":1200,"fusion-1200-height":1714,"portfolio-full":"https:\/\/www.visitsicily.info\/wp-content\/uploads\/2026\/09\/2026_BIC_Manifesti-concerti_70x100_Bozza1_page-0002-940x400.jpg","portfolio-full-width":940,"portfolio-full-height":400,"portfolio-one":"https:\/\/www.visitsicily.info\/wp-content\/uploads\/2026\/09\/2026_BIC_Manifesti-concerti_70x100_Bozza1_page-0002-540x272.jpg","portfolio-one-width":540,"portfolio-one-height":272,"portfolio-two":"https:\/\/www.visitsicily.info\/wp-content\/uploads\/2026\/09\/2026_BIC_Manifesti-concerti_70x100_Bozza1_page-0002-460x295.jpg","portfolio-two-width":460,"portfolio-two-height":295,"portfolio-three":"https:\/\/www.visitsicily.info\/wp-content\/uploads\/2026\/09\/2026_BIC_Manifesti-concerti_70x100_Bozza1_page-0002-300x214.jpg","portfolio-three-width":300,"portfolio-three-height":214,"portfolio-five":"https:\/\/www.visitsicily.info\/wp-content\/uploads\/2026\/09\/2026_BIC_Manifesti-concerti_70x100_Bozza1_page-0002-177x142.jpg","portfolio-five-width":177,"portfolio-five-height":142}},{"ID":117633,"id":117633,"title":"2026_BIC_Manifesti concerti_70x100_Bozza1_page-0003","filename":"2026_BIC_Manifesti-concerti_70x100_Bozza1_page-0003-scaled.jpg","filesize":831025,"url":"https:\/\/www.visitsicily.info\/wp-content\/uploads\/2026\/09\/2026_BIC_Manifesti-concerti_70x100_Bozza1_page-0003-scaled.jpg","link":"https:\/\/www.visitsicily.info\/es\/evento-new\/bellini-international-context-2026\/2026_bic_manifesti-concerti_70x100_bozza1_page-0003-2\/","alt":"","author":"46","description":"","caption":"","name":"2026_bic_manifesti-concerti_70x100_bozza1_page-0003-2","status":"inherit","uploaded_to":117676,"date":"2026-09-04 09:28:48","modified":"2026-09-04 09:45:08","menu_order":0,"mime_type":"image\/jpeg","type":"image","subtype":"jpeg","icon":"https:\/\/www.visitsicily.info\/wp-includes\/images\/media\/default.png","width":1792,"height":2560,"sizes":{"thumbnail":"https:\/\/www.visitsicily.info\/wp-content\/uploads\/2026\/09\/2026_BIC_Manifesti-concerti_70x100_Bozza1_page-0003-150x150.jpg","thumbnail-width":150,"thumbnail-height":150,"medium":"https:\/\/www.visitsicily.info\/wp-content\/uploads\/2026\/09\/2026_BIC_Manifesti-concerti_70x100_Bozza1_page-0003-210x300.jpg","medium-width":210,"medium-height":300,"medium_large":"https:\/\/www.visitsicily.info\/wp-content\/uploads\/2026\/09\/2026_BIC_Manifesti-concerti_70x100_Bozza1_page-0003-768x1097.jpg","medium_large-width":768,"medium_large-height":1097,"large":"https:\/\/www.visitsicily.info\/wp-content\/uploads\/2026\/09\/2026_BIC_Manifesti-concerti_70x100_Bozza1_page-0003-717x1024.jpg","large-width":717,"large-height":1024,"1536x1536":"https:\/\/www.visitsicily.info\/wp-content\/uploads\/2026\/09\/2026_BIC_Manifesti-concerti_70x100_Bozza1_page-0003-1075x1536.jpg","1536x1536-width":1075,"1536x1536-height":1536,"2048x2048":"https:\/\/www.visitsicily.info\/wp-content\/uploads\/2026\/09\/2026_BIC_Manifesti-concerti_70x100_Bozza1_page-0003-1434x2048.jpg","2048x2048-width":1434,"2048x2048-height":2048,"blog-large":"https:\/\/www.visitsicily.info\/wp-content\/uploads\/2026\/09\/2026_BIC_Manifesti-concerti_70x100_Bozza1_page-0003-669x272.jpg","blog-large-width":669,"blog-large-height":272,"blog-medium":"https:\/\/www.visitsicily.info\/wp-content\/uploads\/2026\/09\/2026_BIC_Manifesti-concerti_70x100_Bozza1_page-0003-320x202.jpg","blog-medium-width":320,"blog-medium-height":202,"recent-posts":"https:\/\/www.visitsicily.info\/wp-content\/uploads\/2026\/09\/2026_BIC_Manifesti-concerti_70x100_Bozza1_page-0003-700x441.jpg","recent-posts-width":700,"recent-posts-height":441,"recent-works-thumbnail":"https:\/\/www.visitsicily.info\/wp-content\/uploads\/2026\/09\/2026_BIC_Manifesti-concerti_70x100_Bozza1_page-0003-66x66.jpg","recent-works-thumbnail-width":66,"recent-works-thumbnail-height":66,"fusion-200":"https:\/\/www.visitsicily.info\/wp-content\/uploads\/2026\/09\/2026_BIC_Manifesti-concerti_70x100_Bozza1_page-0003-200x286.jpg","fusion-200-width":200,"fusion-200-height":286,"fusion-400":"https:\/\/www.visitsicily.info\/wp-content\/uploads\/2026\/09\/2026_BIC_Manifesti-concerti_70x100_Bozza1_page-0003-400x571.jpg","fusion-400-width":400,"fusion-400-height":571,"fusion-600":"https:\/\/www.visitsicily.info\/wp-content\/uploads\/2026\/09\/2026_BIC_Manifesti-concerti_70x100_Bozza1_page-0003-600x857.jpg","fusion-600-width":600,"fusion-600-height":857,"fusion-800":"https:\/\/www.visitsicily.info\/wp-content\/uploads\/2026\/09\/2026_BIC_Manifesti-concerti_70x100_Bozza1_page-0003-800x1143.jpg","fusion-800-width":800,"fusion-800-height":1143,"fusion-1200":"https:\/\/www.visitsicily.info\/wp-content\/uploads\/2026\/09\/2026_BIC_Manifesti-concerti_70x100_Bozza1_page-0003-1200x1714.jpg","fusion-1200-width":1200,"fusion-1200-height":1714,"portfolio-full":"https:\/\/www.visitsicily.info\/wp-content\/uploads\/2026\/09\/2026_BIC_Manifesti-concerti_70x100_Bozza1_page-0003-940x400.jpg","portfolio-full-width":940,"portfolio-full-height":400,"portfolio-one":"https:\/\/www.visitsicily.info\/wp-content\/uploads\/2026\/09\/2026_BIC_Manifesti-concerti_70x100_Bozza1_page-0003-540x272.jpg","portfolio-one-width":540,"portfolio-one-height":272,"portfolio-two":"https:\/\/www.visitsicily.info\/wp-content\/uploads\/2026\/09\/2026_BIC_Manifesti-concerti_70x100_Bozza1_page-0003-460x295.jpg","portfolio-two-width":460,"portfolio-two-height":295,"portfolio-three":"https:\/\/www.visitsicily.info\/wp-content\/uploads\/2026\/09\/2026_BIC_Manifesti-concerti_70x100_Bozza1_page-0003-300x214.jpg","portfolio-three-width":300,"portfolio-three-height":214,"portfolio-five":"https:\/\/www.visitsicily.info\/wp-content\/uploads\/2026\/09\/2026_BIC_Manifesti-concerti_70x100_Bozza1_page-0003-177x142.jpg","portfolio-five-width":177,"portfolio-five-height":142}},{"ID":117637,"id":117637,"title":"2026_BIC_Manifesti concerti_70x100_Bozza1_page-0004","filename":"2026_BIC_Manifesti-concerti_70x100_Bozza1_page-0004-scaled.jpg","filesize":884631,"url":"https:\/\/www.visitsicily.info\/wp-content\/uploads\/2026\/09\/2026_BIC_Manifesti-concerti_70x100_Bozza1_page-0004-scaled.jpg","link":"https:\/\/www.visitsicily.info\/es\/evento-new\/bellini-international-context-2026\/2026_bic_manifesti-concerti_70x100_bozza1_page-0004-2\/","alt":"","author":"46","description":"","caption":"","name":"2026_bic_manifesti-concerti_70x100_bozza1_page-0004-2","status":"inherit","uploaded_to":117676,"date":"2026-09-04 09:29:10","modified":"2026-09-04 09:45:09","menu_order":0,"mime_type":"image\/jpeg","type":"image","subtype":"jpeg","icon":"https:\/\/www.visitsicily.info\/wp-includes\/images\/media\/default.png","width":1792,"height":2560,"sizes":{"thumbnail":"https:\/\/www.visitsicily.info\/wp-content\/uploads\/2026\/09\/2026_BIC_Manifesti-concerti_70x100_Bozza1_page-0004-150x150.jpg","thumbnail-width":150,"thumbnail-height":150,"medium":"https:\/\/www.visitsicily.info\/wp-content\/uploads\/2026\/09\/2026_BIC_Manifesti-concerti_70x100_Bozza1_page-0004-210x300.jpg","medium-width":210,"medium-height":300,"medium_large":"https:\/\/www.visitsicily.info\/wp-content\/uploads\/2026\/09\/2026_BIC_Manifesti-concerti_70x100_Bozza1_page-0004-768x1097.jpg","medium_large-width":768,"medium_large-height":1097,"large":"https:\/\/www.visitsicily.info\/wp-content\/uploads\/2026\/09\/2026_BIC_Manifesti-concerti_70x100_Bozza1_page-0004-717x1024.jpg","large-width":717,"large-height":1024,"1536x1536":"https:\/\/www.visitsicily.info\/wp-content\/uploads\/2026\/09\/2026_BIC_Manifesti-concerti_70x100_Bozza1_page-0004-1075x1536.jpg","1536x1536-width":1075,"1536x1536-height":1536,"2048x2048":"https:\/\/www.visitsicily.info\/wp-content\/uploads\/2026\/09\/2026_BIC_Manifesti-concerti_70x100_Bozza1_page-0004-1434x2048.jpg","2048x2048-width":1434,"2048x2048-height":2048,"blog-large":"https:\/\/www.visitsicily.info\/wp-content\/uploads\/2026\/09\/2026_BIC_Manifesti-concerti_70x100_Bozza1_page-0004-669x272.jpg","blog-large-width":669,"blog-large-height":272,"blog-medium":"https:\/\/www.visitsicily.info\/wp-content\/uploads\/2026\/09\/2026_BIC_Manifesti-concerti_70x100_Bozza1_page-0004-320x202.jpg","blog-medium-width":320,"blog-medium-height":202,"recent-posts":"https:\/\/www.visitsicily.info\/wp-content\/uploads\/2026\/09\/2026_BIC_Manifesti-concerti_70x100_Bozza1_page-0004-700x441.jpg","recent-posts-width":700,"recent-posts-height":441,"recent-works-thumbnail":"https:\/\/www.visitsicily.info\/wp-content\/uploads\/2026\/09\/2026_BIC_Manifesti-concerti_70x100_Bozza1_page-0004-66x66.jpg","recent-works-thumbnail-width":66,"recent-works-thumbnail-height":66,"fusion-200":"https:\/\/www.visitsicily.info\/wp-content\/uploads\/2026\/09\/2026_BIC_Manifesti-concerti_70x100_Bozza1_page-0004-200x286.jpg","fusion-200-width":200,"fusion-200-height":286,"fusion-400":"https:\/\/www.visitsicily.info\/wp-content\/uploads\/2026\/09\/2026_BIC_Manifesti-concerti_70x100_Bozza1_page-0004-400x571.jpg","fusion-400-width":400,"fusion-400-height":571,"fusion-600":"https:\/\/www.visitsicily.info\/wp-content\/uploads\/2026\/09\/2026_BIC_Manifesti-concerti_70x100_Bozza1_page-0004-600x857.jpg","fusion-600-width":600,"fusion-600-height":857,"fusion-800":"https:\/\/www.visitsicily.info\/wp-content\/uploads\/2026\/09\/2026_BIC_Manifesti-concerti_70x100_Bozza1_page-0004-800x1143.jpg","fusion-800-width":800,"fusion-800-height":1143,"fusion-1200":"https:\/\/www.visitsicily.info\/wp-content\/uploads\/2026\/09\/2026_BIC_Manifesti-concerti_70x100_Bozza1_page-0004-1200x1714.jpg","fusion-1200-width":1200,"fusion-1200-height":1714,"portfolio-full":"https:\/\/www.visitsicily.info\/wp-content\/uploads\/2026\/09\/2026_BIC_Manifesti-concerti_70x100_Bozza1_page-0004-940x400.jpg","portfolio-full-width":940,"portfolio-full-height":400,"portfolio-one":"https:\/\/www.visitsicily.info\/wp-content\/uploads\/2026\/09\/2026_BIC_Manifesti-concerti_70x100_Bozza1_page-0004-540x272.jpg","portfolio-one-width":540,"portfolio-one-height":272,"portfolio-two":"https:\/\/www.visitsicily.info\/wp-content\/uploads\/2026\/09\/2026_BIC_Manifesti-concerti_70x100_Bozza1_page-0004-460x295.jpg","portfolio-two-width":460,"portfolio-two-height":295,"portfolio-three":"https:\/\/www.visitsicily.info\/wp-content\/uploads\/2026\/09\/2026_BIC_Manifesti-concerti_70x100_Bozza1_page-0004-300x214.jpg","portfolio-three-width":300,"portfolio-three-height":214,"portfolio-five":"https:\/\/www.visitsicily.info\/wp-content\/uploads\/2026\/09\/2026_BIC_Manifesti-concerti_70x100_Bozza1_page-0004-177x142.jpg","portfolio-five-width":177,"portfolio-five-height":142}},{"ID":117641,"id":117641,"title":"2026_BIC_Manifesti concerti_70x100_Bozza1_page-0005","filename":"2026_BIC_Manifesti-concerti_70x100_Bozza1_page-0005-scaled.jpg","filesize":890986,"url":"https:\/\/www.visitsicily.info\/wp-content\/uploads\/2026\/09\/2026_BIC_Manifesti-concerti_70x100_Bozza1_page-0005-scaled.jpg","link":"https:\/\/www.visitsicily.info\/es\/evento-new\/bellini-international-context-2026\/2026_bic_manifesti-concerti_70x100_bozza1_page-0005-2\/","alt":"","author":"46","description":"","caption":"","name":"2026_bic_manifesti-concerti_70x100_bozza1_page-0005-2","status":"inherit","uploaded_to":117676,"date":"2026-09-04 09:29:32","modified":"2026-09-04 09:45:09","menu_order":0,"mime_type":"image\/jpeg","type":"image","subtype":"jpeg","icon":"https:\/\/www.visitsicily.info\/wp-includes\/images\/media\/default.png","width":1792,"height":2560,"sizes":{"thumbnail":"https:\/\/www.visitsicily.info\/wp-content\/uploads\/2026\/09\/2026_BIC_Manifesti-concerti_70x100_Bozza1_page-0005-150x150.jpg","thumbnail-width":150,"thumbnail-height":150,"medium":"https:\/\/www.visitsicily.info\/wp-content\/uploads\/2026\/09\/2026_BIC_Manifesti-concerti_70x100_Bozza1_page-0005-210x300.jpg","medium-width":210,"medium-height":300,"medium_large":"https:\/\/www.visitsicily.info\/wp-content\/uploads\/2026\/09\/2026_BIC_Manifesti-concerti_70x100_Bozza1_page-0005-768x1097.jpg","medium_large-width":768,"medium_large-height":1097,"large":"https:\/\/www.visitsicily.info\/wp-content\/uploads\/2026\/09\/2026_BIC_Manifesti-concerti_70x100_Bozza1_page-0005-717x1024.jpg","large-width":717,"large-height":1024,"1536x1536":"https:\/\/www.visitsicily.info\/wp-content\/uploads\/2026\/09\/2026_BIC_Manifesti-concerti_70x100_Bozza1_page-0005-1075x1536.jpg","1536x1536-width":1075,"1536x1536-height":1536,"2048x2048":"https:\/\/www.visitsicily.info\/wp-content\/uploads\/2026\/09\/2026_BIC_Manifesti-concerti_70x100_Bozza1_page-0005-1434x2048.jpg","2048x2048-width":1434,"2048x2048-height":2048,"blog-large":"https:\/\/www.visitsicily.info\/wp-content\/uploads\/2026\/09\/2026_BIC_Manifesti-concerti_70x100_Bozza1_page-0005-669x272.jpg","blog-large-width":669,"blog-large-height":272,"blog-medium":"https:\/\/www.visitsicily.info\/wp-content\/uploads\/2026\/09\/2026_BIC_Manifesti-concerti_70x100_Bozza1_page-0005-320x202.jpg","blog-medium-width":320,"blog-medium-height":202,"recent-posts":"https:\/\/www.visitsicily.info\/wp-content\/uploads\/2026\/09\/2026_BIC_Manifesti-concerti_70x100_Bozza1_page-0005-700x441.jpg","recent-posts-width":700,"recent-posts-height":441,"recent-works-thumbnail":"https:\/\/www.visitsicily.info\/wp-content\/uploads\/2026\/09\/2026_BIC_Manifesti-concerti_70x100_Bozza1_page-0005-66x66.jpg","recent-works-thumbnail-width":66,"recent-works-thumbnail-height":66,"fusion-200":"https:\/\/www.visitsicily.info\/wp-content\/uploads\/2026\/09\/2026_BIC_Manifesti-concerti_70x100_Bozza1_page-0005-200x286.jpg","fusion-200-width":200,"fusion-200-height":286,"fusion-400":"https:\/\/www.visitsicily.info\/wp-content\/uploads\/2026\/09\/2026_BIC_Manifesti-concerti_70x100_Bozza1_page-0005-400x571.jpg","fusion-400-width":400,"fusion-400-height":571,"fusion-600":"https:\/\/www.visitsicily.info\/wp-content\/uploads\/2026\/09\/2026_BIC_Manifesti-concerti_70x100_Bozza1_page-0005-600x857.jpg","fusion-600-width":600,"fusion-600-height":857,"fusion-800":"https:\/\/www.visitsicily.info\/wp-content\/uploads\/2026\/09\/2026_BIC_Manifesti-concerti_70x100_Bozza1_page-0005-800x1143.jpg","fusion-800-width":800,"fusion-800-height":1143,"fusion-1200":"https:\/\/www.visitsicily.info\/wp-content\/uploads\/2026\/09\/2026_BIC_Manifesti-concerti_70x100_Bozza1_page-0005-1200x1714.jpg","fusion-1200-width":1200,"fusion-1200-height":1714,"portfolio-full":"https:\/\/www.visitsicily.info\/wp-content\/uploads\/2026\/09\/2026_BIC_Manifesti-concerti_70x100_Bozza1_page-0005-940x400.jpg","portfolio-full-width":940,"portfolio-full-height":400,"portfolio-one":"https:\/\/www.visitsicily.info\/wp-content\/uploads\/2026\/09\/2026_BIC_Manifesti-concerti_70x100_Bozza1_page-0005-540x272.jpg","portfolio-one-width":540,"portfolio-one-height":272,"portfolio-two":"https:\/\/www.visitsicily.info\/wp-content\/uploads\/2026\/09\/2026_BIC_Manifesti-concerti_70x100_Bozza1_page-0005-460x295.jpg","portfolio-two-width":460,"portfolio-two-height":295,"portfolio-three":"https:\/\/www.visitsicily.info\/wp-content\/uploads\/2026\/09\/2026_BIC_Manifesti-concerti_70x100_Bozza1_page-0005-300x214.jpg","portfolio-three-width":300,"portfolio-three-height":214,"portfolio-five":"https:\/\/www.visitsicily.info\/wp-content\/uploads\/2026\/09\/2026_BIC_Manifesti-concerti_70x100_Bozza1_page-0005-177x142.jpg","portfolio-five-width":177,"portfolio-five-height":142}},{"ID":117645,"id":117645,"title":"2026_BIC_Manifesti concerti_70x100_Bozza1_page-0006","filename":"2026_BIC_Manifesti-concerti_70x100_Bozza1_page-0006-scaled.jpg","filesize":897255,"url":"https:\/\/www.visitsicily.info\/wp-content\/uploads\/2026\/09\/2026_BIC_Manifesti-concerti_70x100_Bozza1_page-0006-scaled.jpg","link":"https:\/\/www.visitsicily.info\/es\/evento-new\/bellini-international-context-2026\/2026_bic_manifesti-concerti_70x100_bozza1_page-0006-2\/","alt":"","author":"46","description":"","caption":"","name":"2026_bic_manifesti-concerti_70x100_bozza1_page-0006-2","status":"inherit","uploaded_to":117676,"date":"2026-09-04 09:29:54","modified":"2026-09-04 09:45:09","menu_order":0,"mime_type":"image\/jpeg","type":"image","subtype":"jpeg","icon":"https:\/\/www.visitsicily.info\/wp-includes\/images\/media\/default.png","width":1792,"height":2560,"sizes":{"thumbnail":"https:\/\/www.visitsicily.info\/wp-content\/uploads\/2026\/09\/2026_BIC_Manifesti-concerti_70x100_Bozza1_page-0006-150x150.jpg","thumbnail-width":150,"thumbnail-height":150,"medium":"https:\/\/www.visitsicily.info\/wp-content\/uploads\/2026\/09\/2026_BIC_Manifesti-concerti_70x100_Bozza1_page-0006-210x300.jpg","medium-width":210,"medium-height":300,"medium_large":"https:\/\/www.visitsicily.info\/wp-content\/uploads\/2026\/09\/2026_BIC_Manifesti-concerti_70x100_Bozza1_page-0006-768x1097.jpg","medium_large-width":768,"medium_large-height":1097,"large":"https:\/\/www.visitsicily.info\/wp-content\/uploads\/2026\/09\/2026_BIC_Manifesti-concerti_70x100_Bozza1_page-0006-717x1024.jpg","large-width":717,"large-height":1024,"1536x1536":"https:\/\/www.visitsicily.info\/wp-content\/uploads\/2026\/09\/2026_BIC_Manifesti-concerti_70x100_Bozza1_page-0006-1075x1536.jpg","1536x1536-width":1075,"1536x1536-height":1536,"2048x2048":"https:\/\/www.visitsicily.info\/wp-content\/uploads\/2026\/09\/2026_BIC_Manifesti-concerti_70x100_Bozza1_page-0006-1434x2048.jpg","2048x2048-width":1434,"2048x2048-height":2048,"blog-large":"https:\/\/www.visitsicily.info\/wp-content\/uploads\/2026\/09\/2026_BIC_Manifesti-concerti_70x100_Bozza1_page-0006-669x272.jpg","blog-large-width":669,"blog-large-height":272,"blog-medium":"https:\/\/www.visitsicily.info\/wp-content\/uploads\/2026\/09\/2026_BIC_Manifesti-concerti_70x100_Bozza1_page-0006-320x202.jpg","blog-medium-width":320,"blog-medium-height":202,"recent-posts":"https:\/\/www.visitsicily.info\/wp-content\/uploads\/2026\/09\/2026_BIC_Manifesti-concerti_70x100_Bozza1_page-0006-700x441.jpg","recent-posts-width":700,"recent-posts-height":441,"recent-works-thumbnail":"https:\/\/www.visitsicily.info\/wp-content\/uploads\/2026\/09\/2026_BIC_Manifesti-concerti_70x100_Bozza1_page-0006-66x66.jpg","recent-works-thumbnail-width":66,"recent-works-thumbnail-height":66,"fusion-200":"https:\/\/www.visitsicily.info\/wp-content\/uploads\/2026\/09\/2026_BIC_Manifesti-concerti_70x100_Bozza1_page-0006-200x286.jpg","fusion-200-width":200,"fusion-200-height":286,"fusion-400":"https:\/\/www.visitsicily.info\/wp-content\/uploads\/2026\/09\/2026_BIC_Manifesti-concerti_70x100_Bozza1_page-0006-400x571.jpg","fusion-400-width":400,"fusion-400-height":571,"fusion-600":"https:\/\/www.visitsicily.info\/wp-content\/uploads\/2026\/09\/2026_BIC_Manifesti-concerti_70x100_Bozza1_page-0006-600x857.jpg","fusion-600-width":600,"fusion-600-height":857,"fusion-800":"https:\/\/www.visitsicily.info\/wp-content\/uploads\/2026\/09\/2026_BIC_Manifesti-concerti_70x100_Bozza1_page-0006-800x1143.jpg","fusion-800-width":800,"fusion-800-height":1143,"fusion-1200":"https:\/\/www.visitsicily.info\/wp-content\/uploads\/2026\/09\/2026_BIC_Manifesti-concerti_70x100_Bozza1_page-0006-1200x1714.jpg","fusion-1200-width":1200,"fusion-1200-height":1714,"portfolio-full":"https:\/\/www.visitsicily.info\/wp-content\/uploads\/2026\/09\/2026_BIC_Manifesti-concerti_70x100_Bozza1_page-0006-940x400.jpg","portfolio-full-width":940,"portfolio-full-height":400,"portfolio-one":"https:\/\/www.visitsicily.info\/wp-content\/uploads\/2026\/09\/2026_BIC_Manifesti-concerti_70x100_Bozza1_page-0006-540x272.jpg","portfolio-one-width":540,"portfolio-one-height":272,"portfolio-two":"https:\/\/www.visitsicily.info\/wp-content\/uploads\/2026\/09\/2026_BIC_Manifesti-concerti_70x100_Bozza1_page-0006-460x295.jpg","portfolio-two-width":460,"portfolio-two-height":295,"portfolio-three":"https:\/\/www.visitsicily.info\/wp-content\/uploads\/2026\/09\/2026_BIC_Manifesti-concerti_70x100_Bozza1_page-0006-300x214.jpg","portfolio-three-width":300,"portfolio-three-height":214,"portfolio-five":"https:\/\/www.visitsicily.info\/wp-content\/uploads\/2026\/09\/2026_BIC_Manifesti-concerti_70x100_Bozza1_page-0006-177x142.jpg","portfolio-five-width":177,"portfolio-five-height":142}},{"ID":117649,"id":117649,"title":"2026_BIC_Manifesti concerti_70x100_6_Puritani_Bozza1_page-0006","filename":"2026_BIC_Manifesti-concerti_70x100_6_Puritani_Bozza1_page-0006-scaled.jpg","filesize":844564,"url":"https:\/\/www.visitsicily.info\/wp-content\/uploads\/2026\/09\/2026_BIC_Manifesti-concerti_70x100_6_Puritani_Bozza1_page-0006-scaled.jpg","link":"https:\/\/www.visitsicily.info\/es\/evento-new\/bellini-international-context-2026\/2026_bic_manifesti-concerti_70x100_6_puritani_bozza1_page-0006-2\/","alt":"","author":"46","description":"","caption":"","name":"2026_bic_manifesti-concerti_70x100_6_puritani_bozza1_page-0006-2","status":"inherit","uploaded_to":117676,"date":"2026-09-04 09:30:17","modified":"2026-09-04 09:45:09","menu_order":0,"mime_type":"image\/jpeg","type":"image","subtype":"jpeg","icon":"https:\/\/www.visitsicily.info\/wp-includes\/images\/media\/default.png","width":1792,"height":2560,"sizes":{"thumbnail":"https:\/\/www.visitsicily.info\/wp-content\/uploads\/2026\/09\/2026_BIC_Manifesti-concerti_70x100_6_Puritani_Bozza1_page-0006-150x150.jpg","thumbnail-width":150,"thumbnail-height":150,"medium":"https:\/\/www.visitsicily.info\/wp-content\/uploads\/2026\/09\/2026_BIC_Manifesti-concerti_70x100_6_Puritani_Bozza1_page-0006-210x300.jpg","medium-width":210,"medium-height":300,"medium_large":"https:\/\/www.visitsicily.info\/wp-content\/uploads\/2026\/09\/2026_BIC_Manifesti-concerti_70x100_6_Puritani_Bozza1_page-0006-768x1097.jpg","medium_large-width":768,"medium_large-height":1097,"large":"https:\/\/www.visitsicily.info\/wp-content\/uploads\/2026\/09\/2026_BIC_Manifesti-concerti_70x100_6_Puritani_Bozza1_page-0006-717x1024.jpg","large-width":717,"large-height":1024,"1536x1536":"https:\/\/www.visitsicily.info\/wp-content\/uploads\/2026\/09\/2026_BIC_Manifesti-concerti_70x100_6_Puritani_Bozza1_page-0006-1075x1536.jpg","1536x1536-width":1075,"1536x1536-height":1536,"2048x2048":"https:\/\/www.visitsicily.info\/wp-content\/uploads\/2026\/09\/2026_BIC_Manifesti-concerti_70x100_6_Puritani_Bozza1_page-0006-1434x2048.jpg","2048x2048-width":1434,"2048x2048-height":2048,"blog-large":"https:\/\/www.visitsicily.info\/wp-content\/uploads\/2026\/09\/2026_BIC_Manifesti-concerti_70x100_6_Puritani_Bozza1_page-0006-669x272.jpg","blog-large-width":669,"blog-large-height":272,"blog-medium":"https:\/\/www.visitsicily.info\/wp-content\/uploads\/2026\/09\/2026_BIC_Manifesti-concerti_70x100_6_Puritani_Bozza1_page-0006-320x202.jpg","blog-medium-width":320,"blog-medium-height":202,"recent-posts":"https:\/\/www.visitsicily.info\/wp-content\/uploads\/2026\/09\/2026_BIC_Manifesti-concerti_70x100_6_Puritani_Bozza1_page-0006-700x441.jpg","recent-posts-width":700,"recent-posts-height":441,"recent-works-thumbnail":"https:\/\/www.visitsicily.info\/wp-content\/uploads\/2026\/09\/2026_BIC_Manifesti-concerti_70x100_6_Puritani_Bozza1_page-0006-66x66.jpg","recent-works-thumbnail-width":66,"recent-works-thumbnail-height":66,"fusion-200":"https:\/\/www.visitsicily.info\/wp-content\/uploads\/2026\/09\/2026_BIC_Manifesti-concerti_70x100_6_Puritani_Bozza1_page-0006-200x286.jpg","fusion-200-width":200,"fusion-200-height":286,"fusion-400":"https:\/\/www.visitsicily.info\/wp-content\/uploads\/2026\/09\/2026_BIC_Manifesti-concerti_70x100_6_Puritani_Bozza1_page-0006-400x571.jpg","fusion-400-width":400,"fusion-400-height":571,"fusion-600":"https:\/\/www.visitsicily.info\/wp-content\/uploads\/2026\/09\/2026_BIC_Manifesti-concerti_70x100_6_Puritani_Bozza1_page-0006-600x857.jpg","fusion-600-width":600,"fusion-600-height":857,"fusion-800":"https:\/\/www.visitsicily.info\/wp-content\/uploads\/2026\/09\/2026_BIC_Manifesti-concerti_70x100_6_Puritani_Bozza1_page-0006-800x1143.jpg","fusion-800-width":800,"fusion-800-height":1143,"fusion-1200":"https:\/\/www.visitsicily.info\/wp-content\/uploads\/2026\/09\/2026_BIC_Manifesti-concerti_70x100_6_Puritani_Bozza1_page-0006-1200x1714.jpg","fusion-1200-width":1200,"fusion-1200-height":1714,"portfolio-full":"https:\/\/www.visitsicily.info\/wp-content\/uploads\/2026\/09\/2026_BIC_Manifesti-concerti_70x100_6_Puritani_Bozza1_page-0006-940x400.jpg","portfolio-full-width":940,"portfolio-full-height":400,"portfolio-one":"https:\/\/www.visitsicily.info\/wp-content\/uploads\/2026\/09\/2026_BIC_Manifesti-concerti_70x100_6_Puritani_Bozza1_page-0006-540x272.jpg","portfolio-one-width":540,"portfolio-one-height":272,"portfolio-two":"https:\/\/www.visitsicily.info\/wp-content\/uploads\/2026\/09\/2026_BIC_Manifesti-concerti_70x100_6_Puritani_Bozza1_page-0006-460x295.jpg","portfolio-two-width":460,"portfolio-two-height":295,"portfolio-three":"https:\/\/www.visitsicily.info\/wp-content\/uploads\/2026\/09\/2026_BIC_Manifesti-concerti_70x100_6_Puritani_Bozza1_page-0006-300x214.jpg","portfolio-three-width":300,"portfolio-three-height":214,"portfolio-five":"https:\/\/www.visitsicily.info\/wp-content\/uploads\/2026\/09\/2026_BIC_Manifesti-concerti_70x100_6_Puritani_Bozza1_page-0006-177x142.jpg","portfolio-five-width":177,"portfolio-five-height":142}},{"ID":117653,"id":117653,"title":"2026_BIC_Manifesti concerti_70x100_6_Puritani_Bozza1_page-0007","filename":"2026_BIC_Manifesti-concerti_70x100_6_Puritani_Bozza1_page-0007-scaled.jpg","filesize":843556,"url":"https:\/\/www.visitsicily.info\/wp-content\/uploads\/2026\/09\/2026_BIC_Manifesti-concerti_70x100_6_Puritani_Bozza1_page-0007-scaled.jpg","link":"https:\/\/www.visitsicily.info\/es\/evento-new\/bellini-international-context-2026\/2026_bic_manifesti-concerti_70x100_6_puritani_bozza1_page-0007-2\/","alt":"","author":"46","description":"","caption":"","name":"2026_bic_manifesti-concerti_70x100_6_puritani_bozza1_page-0007-2","status":"inherit","uploaded_to":117676,"date":"2026-09-04 09:30:37","modified":"2026-09-04 09:45:09","menu_order":0,"mime_type":"image\/jpeg","type":"image","subtype":"jpeg","icon":"https:\/\/www.visitsicily.info\/wp-includes\/images\/media\/default.png","width":1792,"height":2560,"sizes":{"thumbnail":"https:\/\/www.visitsicily.info\/wp-content\/uploads\/2026\/09\/2026_BIC_Manifesti-concerti_70x100_6_Puritani_Bozza1_page-0007-150x150.jpg","thumbnail-width":150,"thumbnail-height":150,"medium":"https:\/\/www.visitsicily.info\/wp-content\/uploads\/2026\/09\/2026_BIC_Manifesti-concerti_70x100_6_Puritani_Bozza1_page-0007-210x300.jpg","medium-width":210,"medium-height":300,"medium_large":"https:\/\/www.visitsicily.info\/wp-content\/uploads\/2026\/09\/2026_BIC_Manifesti-concerti_70x100_6_Puritani_Bozza1_page-0007-768x1097.jpg","medium_large-width":768,"medium_large-height":1097,"large":"https:\/\/www.visitsicily.info\/wp-content\/uploads\/2026\/09\/2026_BIC_Manifesti-concerti_70x100_6_Puritani_Bozza1_page-0007-717x1024.jpg","large-width":717,"large-height":1024,"1536x1536":"https:\/\/www.visitsicily.info\/wp-content\/uploads\/2026\/09\/2026_BIC_Manifesti-concerti_70x100_6_Puritani_Bozza1_page-0007-1075x1536.jpg","1536x1536-width":1075,"1536x1536-height":1536,"2048x2048":"https:\/\/www.visitsicily.info\/wp-content\/uploads\/2026\/09\/2026_BIC_Manifesti-concerti_70x100_6_Puritani_Bozza1_page-0007-1434x2048.jpg","2048x2048-width":1434,"2048x2048-height":2048,"blog-large":"https:\/\/www.visitsicily.info\/wp-content\/uploads\/2026\/09\/2026_BIC_Manifesti-concerti_70x100_6_Puritani_Bozza1_page-0007-669x272.jpg","blog-large-width":669,"blog-large-height":272,"blog-medium":"https:\/\/www.visitsicily.info\/wp-content\/uploads\/2026\/09\/2026_BIC_Manifesti-concerti_70x100_6_Puritani_Bozza1_page-0007-320x202.jpg","blog-medium-width":320,"blog-medium-height":202,"recent-posts":"https:\/\/www.visitsicily.info\/wp-content\/uploads\/2026\/09\/2026_BIC_Manifesti-concerti_70x100_6_Puritani_Bozza1_page-0007-700x441.jpg","recent-posts-width":700,"recent-posts-height":441,"recent-works-thumbnail":"https:\/\/www.visitsicily.info\/wp-content\/uploads\/2026\/09\/2026_BIC_Manifesti-concerti_70x100_6_Puritani_Bozza1_page-0007-66x66.jpg","recent-works-thumbnail-width":66,"recent-works-thumbnail-height":66,"fusion-200":"https:\/\/www.visitsicily.info\/wp-content\/uploads\/2026\/09\/2026_BIC_Manifesti-concerti_70x100_6_Puritani_Bozza1_page-0007-200x286.jpg","fusion-200-width":200,"fusion-200-height":286,"fusion-400":"https:\/\/www.visitsicily.info\/wp-content\/uploads\/2026\/09\/2026_BIC_Manifesti-concerti_70x100_6_Puritani_Bozza1_page-0007-400x571.jpg","fusion-400-width":400,"fusion-400-height":571,"fusion-600":"https:\/\/www.visitsicily.info\/wp-content\/uploads\/2026\/09\/2026_BIC_Manifesti-concerti_70x100_6_Puritani_Bozza1_page-0007-600x857.jpg","fusion-600-width":600,"fusion-600-height":857,"fusion-800":"https:\/\/www.visitsicily.info\/wp-content\/uploads\/2026\/09\/2026_BIC_Manifesti-concerti_70x100_6_Puritani_Bozza1_page-0007-800x1143.jpg","fusion-800-width":800,"fusion-800-height":1143,"fusion-1200":"https:\/\/www.visitsicily.info\/wp-content\/uploads\/2026\/09\/2026_BIC_Manifesti-concerti_70x100_6_Puritani_Bozza1_page-0007-1200x1714.jpg","fusion-1200-width":1200,"fusion-1200-height":1714,"portfolio-full":"https:\/\/www.visitsicily.info\/wp-content\/uploads\/2026\/09\/2026_BIC_Manifesti-concerti_70x100_6_Puritani_Bozza1_page-0007-940x400.jpg","portfolio-full-width":940,"portfolio-full-height":400,"portfolio-one":"https:\/\/www.visitsicily.info\/wp-content\/uploads\/2026\/09\/2026_BIC_Manifesti-concerti_70x100_6_Puritani_Bozza1_page-0007-540x272.jpg","portfolio-one-width":540,"portfolio-one-height":272,"portfolio-two":"https:\/\/www.visitsicily.info\/wp-content\/uploads\/2026\/09\/2026_BIC_Manifesti-concerti_70x100_6_Puritani_Bozza1_page-0007-460x295.jpg","portfolio-two-width":460,"portfolio-two-height":295,"portfolio-three":"https:\/\/www.visitsicily.info\/wp-content\/uploads\/2026\/09\/2026_BIC_Manifesti-concerti_70x100_6_Puritani_Bozza1_page-0007-300x214.jpg","portfolio-three-width":300,"portfolio-three-height":214,"portfolio-five":"https:\/\/www.visitsicily.info\/wp-content\/uploads\/2026\/09\/2026_BIC_Manifesti-concerti_70x100_6_Puritani_Bozza1_page-0007-177x142.jpg","portfolio-five-width":177,"portfolio-five-height":142}},{"ID":117657,"id":117657,"title":"2026_BIC_Manifesti concerti_70x100_6_Puritani_Bozza1_page-0001","filename":"2026_BIC_Manifesti-concerti_70x100_6_Puritani_Bozza1_page-0001-scaled.jpg","filesize":843513,"url":"https:\/\/www.visitsicily.info\/wp-content\/uploads\/2026\/09\/2026_BIC_Manifesti-concerti_70x100_6_Puritani_Bozza1_page-0001-scaled.jpg","link":"https:\/\/www.visitsicily.info\/es\/evento-new\/bellini-international-context-2026\/2026_bic_manifesti-concerti_70x100_6_puritani_bozza1_page-0001-2\/","alt":"","author":"46","description":"","caption":"","name":"2026_bic_manifesti-concerti_70x100_6_puritani_bozza1_page-0001-2","status":"inherit","uploaded_to":117676,"date":"2026-09-04 09:30:56","modified":"2026-09-04 09:45:09","menu_order":0,"mime_type":"image\/jpeg","type":"image","subtype":"jpeg","icon":"https:\/\/www.visitsicily.info\/wp-includes\/images\/media\/default.png","width":1792,"height":2560,"sizes":{"thumbnail":"https:\/\/www.visitsicily.info\/wp-content\/uploads\/2026\/09\/2026_BIC_Manifesti-concerti_70x100_6_Puritani_Bozza1_page-0001-150x150.jpg","thumbnail-width":150,"thumbnail-height":150,"medium":"https:\/\/www.visitsicily.info\/wp-content\/uploads\/2026\/09\/2026_BIC_Manifesti-concerti_70x100_6_Puritani_Bozza1_page-0001-210x300.jpg","medium-width":210,"medium-height":300,"medium_large":"https:\/\/www.visitsicily.info\/wp-content\/uploads\/2026\/09\/2026_BIC_Manifesti-concerti_70x100_6_Puritani_Bozza1_page-0001-768x1097.jpg","medium_large-width":768,"medium_large-height":1097,"large":"https:\/\/www.visitsicily.info\/wp-content\/uploads\/2026\/09\/2026_BIC_Manifesti-concerti_70x100_6_Puritani_Bozza1_page-0001-717x1024.jpg","large-width":717,"large-height":1024,"1536x1536":"https:\/\/www.visitsicily.info\/wp-content\/uploads\/2026\/09\/2026_BIC_Manifesti-concerti_70x100_6_Puritani_Bozza1_page-0001-1075x1536.jpg","1536x1536-width":1075,"1536x1536-height":1536,"2048x2048":"https:\/\/www.visitsicily.info\/wp-content\/uploads\/2026\/09\/2026_BIC_Manifesti-concerti_70x100_6_Puritani_Bozza1_page-0001-1434x2048.jpg","2048x2048-width":1434,"2048x2048-height":2048,"blog-large":"https:\/\/www.visitsicily.info\/wp-content\/uploads\/2026\/09\/2026_BIC_Manifesti-concerti_70x100_6_Puritani_Bozza1_page-0001-669x272.jpg","blog-large-width":669,"blog-large-height":272,"blog-medium":"https:\/\/www.visitsicily.info\/wp-content\/uploads\/2026\/09\/2026_BIC_Manifesti-concerti_70x100_6_Puritani_Bozza1_page-0001-320x202.jpg","blog-medium-width":320,"blog-medium-height":202,"recent-posts":"https:\/\/www.visitsicily.info\/wp-content\/uploads\/2026\/09\/2026_BIC_Manifesti-concerti_70x100_6_Puritani_Bozza1_page-0001-700x441.jpg","recent-posts-width":700,"recent-posts-height":441,"recent-works-thumbnail":"https:\/\/www.visitsicily.info\/wp-content\/uploads\/2026\/09\/2026_BIC_Manifesti-concerti_70x100_6_Puritani_Bozza1_page-0001-66x66.jpg","recent-works-thumbnail-width":66,"recent-works-thumbnail-height":66,"fusion-200":"https:\/\/www.visitsicily.info\/wp-content\/uploads\/2026\/09\/2026_BIC_Manifesti-concerti_70x100_6_Puritani_Bozza1_page-0001-200x286.jpg","fusion-200-width":200,"fusion-200-height":286,"fusion-400":"https:\/\/www.visitsicily.info\/wp-content\/uploads\/2026\/09\/2026_BIC_Manifesti-concerti_70x100_6_Puritani_Bozza1_page-0001-400x571.jpg","fusion-400-width":400,"fusion-400-height":571,"fusion-600":"https:\/\/www.visitsicily.info\/wp-content\/uploads\/2026\/09\/2026_BIC_Manifesti-concerti_70x100_6_Puritani_Bozza1_page-0001-600x857.jpg","fusion-600-width":600,"fusion-600-height":857,"fusion-800":"https:\/\/www.visitsicily.info\/wp-content\/uploads\/2026\/09\/2026_BIC_Manifesti-concerti_70x100_6_Puritani_Bozza1_page-0001-800x1143.jpg","fusion-800-width":800,"fusion-800-height":1143,"fusion-1200":"https:\/\/www.visitsicily.info\/wp-content\/uploads\/2026\/09\/2026_BIC_Manifesti-concerti_70x100_6_Puritani_Bozza1_page-0001-1200x1714.jpg","fusion-1200-width":1200,"fusion-1200-height":1714,"portfolio-full":"https:\/\/www.visitsicily.info\/wp-content\/uploads\/2026\/09\/2026_BIC_Manifesti-concerti_70x100_6_Puritani_Bozza1_page-0001-940x400.jpg","portfolio-full-width":940,"portfolio-full-height":400,"portfolio-one":"https:\/\/www.visitsicily.info\/wp-content\/uploads\/2026\/09\/2026_BIC_Manifesti-concerti_70x100_6_Puritani_Bozza1_page-0001-540x272.jpg","portfolio-one-width":540,"portfolio-one-height":272,"portfolio-two":"https:\/\/www.visitsicily.info\/wp-content\/uploads\/2026\/09\/2026_BIC_Manifesti-concerti_70x100_6_Puritani_Bozza1_page-0001-460x295.jpg","portfolio-two-width":460,"portfolio-two-height":295,"portfolio-three":"https:\/\/www.visitsicily.info\/wp-content\/uploads\/2026\/09\/2026_BIC_Manifesti-concerti_70x100_6_Puritani_Bozza1_page-0001-300x214.jpg","portfolio-three-width":300,"portfolio-three-height":214,"portfolio-five":"https:\/\/www.visitsicily.info\/wp-content\/uploads\/2026\/09\/2026_BIC_Manifesti-concerti_70x100_6_Puritani_Bozza1_page-0001-177x142.jpg","portfolio-five-width":177,"portfolio-five-height":142}},{"ID":117661,"id":117661,"title":"2026_BIC_Manifesti concerti_70x100_6_Puritani_Bozza1_page-0002","filename":"2026_BIC_Manifesti-concerti_70x100_6_Puritani_Bozza1_page-0002-scaled.jpg","filesize":838165,"url":"https:\/\/www.visitsicily.info\/wp-content\/uploads\/2026\/09\/2026_BIC_Manifesti-concerti_70x100_6_Puritani_Bozza1_page-0002-scaled.jpg","link":"https:\/\/www.visitsicily.info\/es\/evento-new\/bellini-international-context-2026\/2026_bic_manifesti-concerti_70x100_6_puritani_bozza1_page-0002-2\/","alt":"","author":"46","description":"","caption":"","name":"2026_bic_manifesti-concerti_70x100_6_puritani_bozza1_page-0002-2","status":"inherit","uploaded_to":117676,"date":"2026-09-04 09:31:16","modified":"2026-09-04 09:45:09","menu_order":0,"mime_type":"image\/jpeg","type":"image","subtype":"jpeg","icon":"https:\/\/www.visitsicily.info\/wp-includes\/images\/media\/default.png","width":1792,"height":2560,"sizes":{"thumbnail":"https:\/\/www.visitsicily.info\/wp-content\/uploads\/2026\/09\/2026_BIC_Manifesti-concerti_70x100_6_Puritani_Bozza1_page-0002-150x150.jpg","thumbnail-width":150,"thumbnail-height":150,"medium":"https:\/\/www.visitsicily.info\/wp-content\/uploads\/2026\/09\/2026_BIC_Manifesti-concerti_70x100_6_Puritani_Bozza1_page-0002-210x300.jpg","medium-width":210,"medium-height":300,"medium_large":"https:\/\/www.visitsicily.info\/wp-content\/uploads\/2026\/09\/2026_BIC_Manifesti-concerti_70x100_6_Puritani_Bozza1_page-0002-768x1097.jpg","medium_large-width":768,"medium_large-height":1097,"large":"https:\/\/www.visitsicily.info\/wp-content\/uploads\/2026\/09\/2026_BIC_Manifesti-concerti_70x100_6_Puritani_Bozza1_page-0002-717x1024.jpg","large-width":717,"large-height":1024,"1536x1536":"https:\/\/www.visitsicily.info\/wp-content\/uploads\/2026\/09\/2026_BIC_Manifesti-concerti_70x100_6_Puritani_Bozza1_page-0002-1075x1536.jpg","1536x1536-width":1075,"1536x1536-height":1536,"2048x2048":"https:\/\/www.visitsicily.info\/wp-content\/uploads\/2026\/09\/2026_BIC_Manifesti-concerti_70x100_6_Puritani_Bozza1_page-0002-1434x2048.jpg","2048x2048-width":1434,"2048x2048-height":2048,"blog-large":"https:\/\/www.visitsicily.info\/wp-content\/uploads\/2026\/09\/2026_BIC_Manifesti-concerti_70x100_6_Puritani_Bozza1_page-0002-669x272.jpg","blog-large-width":669,"blog-large-height":272,"blog-medium":"https:\/\/www.visitsicily.info\/wp-content\/uploads\/2026\/09\/2026_BIC_Manifesti-concerti_70x100_6_Puritani_Bozza1_page-0002-320x202.jpg","blog-medium-width":320,"blog-medium-height":202,"recent-posts":"https:\/\/www.visitsicily.info\/wp-content\/uploads\/2026\/09\/2026_BIC_Manifesti-concerti_70x100_6_Puritani_Bozza1_page-0002-700x441.jpg","recent-posts-width":700,"recent-posts-height":441,"recent-works-thumbnail":"https:\/\/www.visitsicily.info\/wp-content\/uploads\/2026\/09\/2026_BIC_Manifesti-concerti_70x100_6_Puritani_Bozza1_page-0002-66x66.jpg","recent-works-thumbnail-width":66,"recent-works-thumbnail-height":66,"fusion-200":"https:\/\/www.visitsicily.info\/wp-content\/uploads\/2026\/09\/2026_BIC_Manifesti-concerti_70x100_6_Puritani_Bozza1_page-0002-200x286.jpg","fusion-200-width":200,"fusion-200-height":286,"fusion-400":"https:\/\/www.visitsicily.info\/wp-content\/uploads\/2026\/09\/2026_BIC_Manifesti-concerti_70x100_6_Puritani_Bozza1_page-0002-400x571.jpg","fusion-400-width":400,"fusion-400-height":571,"fusion-600":"https:\/\/www.visitsicily.info\/wp-content\/uploads\/2026\/09\/2026_BIC_Manifesti-concerti_70x100_6_Puritani_Bozza1_page-0002-600x857.jpg","fusion-600-width":600,"fusion-600-height":857,"fusion-800":"https:\/\/www.visitsicily.info\/wp-content\/uploads\/2026\/09\/2026_BIC_Manifesti-concerti_70x100_6_Puritani_Bozza1_page-0002-800x1143.jpg","fusion-800-width":800,"fusion-800-height":1143,"fusion-1200":"https:\/\/www.visitsicily.info\/wp-content\/uploads\/2026\/09\/2026_BIC_Manifesti-concerti_70x100_6_Puritani_Bozza1_page-0002-1200x1714.jpg","fusion-1200-width":1200,"fusion-1200-height":1714,"portfolio-full":"https:\/\/www.visitsicily.info\/wp-content\/uploads\/2026\/09\/2026_BIC_Manifesti-concerti_70x100_6_Puritani_Bozza1_page-0002-940x400.jpg","portfolio-full-width":940,"portfolio-full-height":400,"portfolio-one":"https:\/\/www.visitsicily.info\/wp-content\/uploads\/2026\/09\/2026_BIC_Manifesti-concerti_70x100_6_Puritani_Bozza1_page-0002-540x272.jpg","portfolio-one-width":540,"portfolio-one-height":272,"portfolio-two":"https:\/\/www.visitsicily.info\/wp-content\/uploads\/2026\/09\/2026_BIC_Manifesti-concerti_70x100_6_Puritani_Bozza1_page-0002-460x295.jpg","portfolio-two-width":460,"portfolio-two-height":295,"portfolio-three":"https:\/\/www.visitsicily.info\/wp-content\/uploads\/2026\/09\/2026_BIC_Manifesti-concerti_70x100_6_Puritani_Bozza1_page-0002-300x214.jpg","portfolio-three-width":300,"portfolio-three-height":214,"portfolio-five":"https:\/\/www.visitsicily.info\/wp-content\/uploads\/2026\/09\/2026_BIC_Manifesti-concerti_70x100_6_Puritani_Bozza1_page-0002-177x142.jpg","portfolio-five-width":177,"portfolio-five-height":142}},{"ID":117665,"id":117665,"title":"2026_BIC_Manifesti concerti_70x100_6_Puritani_Bozza1_page-0003","filename":"2026_BIC_Manifesti-concerti_70x100_6_Puritani_Bozza1_page-0003-scaled.jpg","filesize":845479,"url":"https:\/\/www.visitsicily.info\/wp-content\/uploads\/2026\/09\/2026_BIC_Manifesti-concerti_70x100_6_Puritani_Bozza1_page-0003-scaled.jpg","link":"https:\/\/www.visitsicily.info\/es\/evento-new\/bellini-international-context-2026\/2026_bic_manifesti-concerti_70x100_6_puritani_bozza1_page-0003-2\/","alt":"","author":"46","description":"","caption":"","name":"2026_bic_manifesti-concerti_70x100_6_puritani_bozza1_page-0003-2","status":"inherit","uploaded_to":117676,"date":"2026-09-04 09:31:38","modified":"2026-09-04 09:45:09","menu_order":0,"mime_type":"image\/jpeg","type":"image","subtype":"jpeg","icon":"https:\/\/www.visitsicily.info\/wp-includes\/images\/media\/default.png","width":1792,"height":2560,"sizes":{"thumbnail":"https:\/\/www.visitsicily.info\/wp-content\/uploads\/2026\/09\/2026_BIC_Manifesti-concerti_70x100_6_Puritani_Bozza1_page-0003-150x150.jpg","thumbnail-width":150,"thumbnail-height":150,"medium":"https:\/\/www.visitsicily.info\/wp-content\/uploads\/2026\/09\/2026_BIC_Manifesti-concerti_70x100_6_Puritani_Bozza1_page-0003-210x300.jpg","medium-width":210,"medium-height":300,"medium_large":"https:\/\/www.visitsicily.info\/wp-content\/uploads\/2026\/09\/2026_BIC_Manifesti-concerti_70x100_6_Puritani_Bozza1_page-0003-768x1097.jpg","medium_large-width":768,"medium_large-height":1097,"large":"https:\/\/www.visitsicily.info\/wp-content\/uploads\/2026\/09\/2026_BIC_Manifesti-concerti_70x100_6_Puritani_Bozza1_page-0003-717x1024.jpg","large-width":717,"large-height":1024,"1536x1536":"https:\/\/www.visitsicily.info\/wp-content\/uploads\/2026\/09\/2026_BIC_Manifesti-concerti_70x100_6_Puritani_Bozza1_page-0003-1075x1536.jpg","1536x1536-width":1075,"1536x1536-height":1536,"2048x2048":"https:\/\/www.visitsicily.info\/wp-content\/uploads\/2026\/09\/2026_BIC_Manifesti-concerti_70x100_6_Puritani_Bozza1_page-0003-1434x2048.jpg","2048x2048-width":1434,"2048x2048-height":2048,"blog-large":"https:\/\/www.visitsicily.info\/wp-content\/uploads\/2026\/09\/2026_BIC_Manifesti-concerti_70x100_6_Puritani_Bozza1_page-0003-669x272.jpg","blog-large-width":669,"blog-large-height":272,"blog-medium":"https:\/\/www.visitsicily.info\/wp-content\/uploads\/2026\/09\/2026_BIC_Manifesti-concerti_70x100_6_Puritani_Bozza1_page-0003-320x202.jpg","blog-medium-width":320,"blog-medium-height":202,"recent-posts":"https:\/\/www.visitsicily.info\/wp-content\/uploads\/2026\/09\/2026_BIC_Manifesti-concerti_70x100_6_Puritani_Bozza1_page-0003-700x441.jpg","recent-posts-width":700,"recent-posts-height":441,"recent-works-thumbnail":"https:\/\/www.visitsicily.info\/wp-content\/uploads\/2026\/09\/2026_BIC_Manifesti-concerti_70x100_6_Puritani_Bozza1_page-0003-66x66.jpg","recent-works-thumbnail-width":66,"recent-works-thumbnail-height":66,"fusion-200":"https:\/\/www.visitsicily.info\/wp-content\/uploads\/2026\/09\/2026_BIC_Manifesti-concerti_70x100_6_Puritani_Bozza1_page-0003-200x286.jpg","fusion-200-width":200,"fusion-200-height":286,"fusion-400":"https:\/\/www.visitsicily.info\/wp-content\/uploads\/2026\/09\/2026_BIC_Manifesti-concerti_70x100_6_Puritani_Bozza1_page-0003-400x571.jpg","fusion-400-width":400,"fusion-400-height":571,"fusion-600":"https:\/\/www.visitsicily.info\/wp-content\/uploads\/2026\/09\/2026_BIC_Manifesti-concerti_70x100_6_Puritani_Bozza1_page-0003-600x857.jpg","fusion-600-width":600,"fusion-600-height":857,"fusion-800":"https:\/\/www.visitsicily.info\/wp-content\/uploads\/2026\/09\/2026_BIC_Manifesti-concerti_70x100_6_Puritani_Bozza1_page-0003-800x1143.jpg","fusion-800-width":800,"fusion-800-height":1143,"fusion-1200":"https:\/\/www.visitsicily.info\/wp-content\/uploads\/2026\/09\/2026_BIC_Manifesti-concerti_70x100_6_Puritani_Bozza1_page-0003-1200x1714.jpg","fusion-1200-width":1200,"fusion-1200-height":1714,"portfolio-full":"https:\/\/www.visitsicily.info\/wp-content\/uploads\/2026\/09\/2026_BIC_Manifesti-concerti_70x100_6_Puritani_Bozza1_page-0003-940x400.jpg","portfolio-full-width":940,"portfolio-full-height":400,"portfolio-one":"https:\/\/www.visitsicily.info\/wp-content\/uploads\/2026\/09\/2026_BIC_Manifesti-concerti_70x100_6_Puritani_Bozza1_page-0003-540x272.jpg","portfolio-one-width":540,"portfolio-one-height":272,"portfolio-two":"https:\/\/www.visitsicily.info\/wp-content\/uploads\/2026\/09\/2026_BIC_Manifesti-concerti_70x100_6_Puritani_Bozza1_page-0003-460x295.jpg","portfolio-two-width":460,"portfolio-two-height":295,"portfolio-three":"https:\/\/www.visitsicily.info\/wp-content\/uploads\/2026\/09\/2026_BIC_Manifesti-concerti_70x100_6_Puritani_Bozza1_page-0003-300x214.jpg","portfolio-three-width":300,"portfolio-three-height":214,"portfolio-five":"https:\/\/www.visitsicily.info\/wp-content\/uploads\/2026\/09\/2026_BIC_Manifesti-concerti_70x100_6_Puritani_Bozza1_page-0003-177x142.jpg","portfolio-five-width":177,"portfolio-five-height":142}},{"ID":117669,"id":117669,"title":"2026_BIC_Manifesti concerti_70x100_6_Puritani_Bozza1_page-0004","filename":"2026_BIC_Manifesti-concerti_70x100_6_Puritani_Bozza1_page-0004-scaled.jpg","filesize":837697,"url":"https:\/\/www.visitsicily.info\/wp-content\/uploads\/2026\/09\/2026_BIC_Manifesti-concerti_70x100_6_Puritani_Bozza1_page-0004-scaled.jpg","link":"https:\/\/www.visitsicily.info\/es\/evento-new\/bellini-international-context-2026\/2026_bic_manifesti-concerti_70x100_6_puritani_bozza1_page-0004-2\/","alt":"","author":"46","description":"","caption":"","name":"2026_bic_manifesti-concerti_70x100_6_puritani_bozza1_page-0004-2","status":"inherit","uploaded_to":117676,"date":"2026-09-04 09:32:13","modified":"2026-09-04 09:45:09","menu_order":0,"mime_type":"image\/jpeg","type":"image","subtype":"jpeg","icon":"https:\/\/www.visitsicily.info\/wp-includes\/images\/media\/default.png","width":1792,"height":2560,"sizes":{"thumbnail":"https:\/\/www.visitsicily.info\/wp-content\/uploads\/2026\/09\/2026_BIC_Manifesti-concerti_70x100_6_Puritani_Bozza1_page-0004-150x150.jpg","thumbnail-width":150,"thumbnail-height":150,"medium":"https:\/\/www.visitsicily.info\/wp-content\/uploads\/2026\/09\/2026_BIC_Manifesti-concerti_70x100_6_Puritani_Bozza1_page-0004-210x300.jpg","medium-width":210,"medium-height":300,"medium_large":"https:\/\/www.visitsicily.info\/wp-content\/uploads\/2026\/09\/2026_BIC_Manifesti-concerti_70x100_6_Puritani_Bozza1_page-0004-768x1097.jpg","medium_large-width":768,"medium_large-height":1097,"large":"https:\/\/www.visitsicily.info\/wp-content\/uploads\/2026\/09\/2026_BIC_Manifesti-concerti_70x100_6_Puritani_Bozza1_page-0004-717x1024.jpg","large-width":717,"large-height":1024,"1536x1536":"https:\/\/www.visitsicily.info\/wp-content\/uploads\/2026\/09\/2026_BIC_Manifesti-concerti_70x100_6_Puritani_Bozza1_page-0004-1075x1536.jpg","1536x1536-width":1075,"1536x1536-height":1536,"2048x2048":"https:\/\/www.visitsicily.info\/wp-content\/uploads\/2026\/09\/2026_BIC_Manifesti-concerti_70x100_6_Puritani_Bozza1_page-0004-1434x2048.jpg","2048x2048-width":1434,"2048x2048-height":2048,"blog-large":"https:\/\/www.visitsicily.info\/wp-content\/uploads\/2026\/09\/2026_BIC_Manifesti-concerti_70x100_6_Puritani_Bozza1_page-0004-669x272.jpg","blog-large-width":669,"blog-large-height":272,"blog-medium":"https:\/\/www.visitsicily.info\/wp-content\/uploads\/2026\/09\/2026_BIC_Manifesti-concerti_70x100_6_Puritani_Bozza1_page-0004-320x202.jpg","blog-medium-width":320,"blog-medium-height":202,"recent-posts":"https:\/\/www.visitsicily.info\/wp-content\/uploads\/2026\/09\/2026_BIC_Manifesti-concerti_70x100_6_Puritani_Bozza1_page-0004-700x441.jpg","recent-posts-width":700,"recent-posts-height":441,"recent-works-thumbnail":"https:\/\/www.visitsicily.info\/wp-content\/uploads\/2026\/09\/2026_BIC_Manifesti-concerti_70x100_6_Puritani_Bozza1_page-0004-66x66.jpg","recent-works-thumbnail-width":66,"recent-works-thumbnail-height":66,"fusion-200":"https:\/\/www.visitsicily.info\/wp-content\/uploads\/2026\/09\/2026_BIC_Manifesti-concerti_70x100_6_Puritani_Bozza1_page-0004-200x286.jpg","fusion-200-width":200,"fusion-200-height":286,"fusion-400":"https:\/\/www.visitsicily.info\/wp-content\/uploads\/2026\/09\/2026_BIC_Manifesti-concerti_70x100_6_Puritani_Bozza1_page-0004-400x571.jpg","fusion-400-width":400,"fusion-400-height":571,"fusion-600":"https:\/\/www.visitsicily.info\/wp-content\/uploads\/2026\/09\/2026_BIC_Manifesti-concerti_70x100_6_Puritani_Bozza1_page-0004-600x857.jpg","fusion-600-width":600,"fusion-600-height":857,"fusion-800":"https:\/\/www.visitsicily.info\/wp-content\/uploads\/2026\/09\/2026_BIC_Manifesti-concerti_70x100_6_Puritani_Bozza1_page-0004-800x1143.jpg","fusion-800-width":800,"fusion-800-height":1143,"fusion-1200":"https:\/\/www.visitsicily.info\/wp-content\/uploads\/2026\/09\/2026_BIC_Manifesti-concerti_70x100_6_Puritani_Bozza1_page-0004-1200x1714.jpg","fusion-1200-width":1200,"fusion-1200-height":1714,"portfolio-full":"https:\/\/www.visitsicily.info\/wp-content\/uploads\/2026\/09\/2026_BIC_Manifesti-concerti_70x100_6_Puritani_Bozza1_page-0004-940x400.jpg","portfolio-full-width":940,"portfolio-full-height":400,"portfolio-one":"https:\/\/www.visitsicily.info\/wp-content\/uploads\/2026\/09\/2026_BIC_Manifesti-concerti_70x100_6_Puritani_Bozza1_page-0004-540x272.jpg","portfolio-one-width":540,"portfolio-one-height":272,"portfolio-two":"https:\/\/www.visitsicily.info\/wp-content\/uploads\/2026\/09\/2026_BIC_Manifesti-concerti_70x100_6_Puritani_Bozza1_page-0004-460x295.jpg","portfolio-two-width":460,"portfolio-two-height":295,"portfolio-three":"https:\/\/www.visitsicily.info\/wp-content\/uploads\/2026\/09\/2026_BIC_Manifesti-concerti_70x100_6_Puritani_Bozza1_page-0004-300x214.jpg","portfolio-three-width":300,"portfolio-three-height":214,"portfolio-five":"https:\/\/www.visitsicily.info\/wp-content\/uploads\/2026\/09\/2026_BIC_Manifesti-concerti_70x100_6_Puritani_Bozza1_page-0004-177x142.jpg","portfolio-five-width":177,"portfolio-five-height":142}},{"ID":117673,"id":117673,"title":"2026_BIC_Manifesti concerti_70x100_6_Puritani_Bozza1_page-0005","filename":"2026_BIC_Manifesti-concerti_70x100_6_Puritani_Bozza1_page-0005-scaled.jpg","filesize":845624,"url":"https:\/\/www.visitsicily.info\/wp-content\/uploads\/2026\/09\/2026_BIC_Manifesti-concerti_70x100_6_Puritani_Bozza1_page-0005-scaled.jpg","link":"https:\/\/www.visitsicily.info\/es\/evento-new\/bellini-international-context-2026\/2026_bic_manifesti-concerti_70x100_6_puritani_bozza1_page-0005-2\/","alt":"","author":"46","description":"","caption":"","name":"2026_bic_manifesti-concerti_70x100_6_puritani_bozza1_page-0005-2","status":"inherit","uploaded_to":117676,"date":"2026-09-04 09:32:39","modified":"2026-09-04 09:45:09","menu_order":0,"mime_type":"image\/jpeg","type":"image","subtype":"jpeg","icon":"https:\/\/www.visitsicily.info\/wp-includes\/images\/media\/default.png","width":1792,"height":2560,"sizes":{"thumbnail":"https:\/\/www.visitsicily.info\/wp-content\/uploads\/2026\/09\/2026_BIC_Manifesti-concerti_70x100_6_Puritani_Bozza1_page-0005-150x150.jpg","thumbnail-width":150,"thumbnail-height":150,"medium":"https:\/\/www.visitsicily.info\/wp-content\/uploads\/2026\/09\/2026_BIC_Manifesti-concerti_70x100_6_Puritani_Bozza1_page-0005-210x300.jpg","medium-width":210,"medium-height":300,"medium_large":"https:\/\/www.visitsicily.info\/wp-content\/uploads\/2026\/09\/2026_BIC_Manifesti-concerti_70x100_6_Puritani_Bozza1_page-0005-768x1097.jpg","medium_large-width":768,"medium_large-height":1097,"large":"https:\/\/www.visitsicily.info\/wp-content\/uploads\/2026\/09\/2026_BIC_Manifesti-concerti_70x100_6_Puritani_Bozza1_page-0005-717x1024.jpg","large-width":717,"large-height":1024,"1536x1536":"https:\/\/www.visitsicily.info\/wp-content\/uploads\/2026\/09\/2026_BIC_Manifesti-concerti_70x100_6_Puritani_Bozza1_page-0005-1075x1536.jpg","1536x1536-width":1075,"1536x1536-height":1536,"2048x2048":"https:\/\/www.visitsicily.info\/wp-content\/uploads\/2026\/09\/2026_BIC_Manifesti-concerti_70x100_6_Puritani_Bozza1_page-0005-1434x2048.jpg","2048x2048-width":1434,"2048x2048-height":2048,"blog-large":"https:\/\/www.visitsicily.info\/wp-content\/uploads\/2026\/09\/2026_BIC_Manifesti-concerti_70x100_6_Puritani_Bozza1_page-0005-669x272.jpg","blog-large-width":669,"blog-large-height":272,"blog-medium":"https:\/\/www.visitsicily.info\/wp-content\/uploads\/2026\/09\/2026_BIC_Manifesti-concerti_70x100_6_Puritani_Bozza1_page-0005-320x202.jpg","blog-medium-width":320,"blog-medium-height":202,"recent-posts":"https:\/\/www.visitsicily.info\/wp-content\/uploads\/2026\/09\/2026_BIC_Manifesti-concerti_70x100_6_Puritani_Bozza1_page-0005-700x441.jpg","recent-posts-width":700,"recent-posts-height":441,"recent-works-thumbnail":"https:\/\/www.visitsicily.info\/wp-content\/uploads\/2026\/09\/2026_BIC_Manifesti-concerti_70x100_6_Puritani_Bozza1_page-0005-66x66.jpg","recent-works-thumbnail-width":66,"recent-works-thumbnail-height":66,"fusion-200":"https:\/\/www.visitsicily.info\/wp-content\/uploads\/2026\/09\/2026_BIC_Manifesti-concerti_70x100_6_Puritani_Bozza1_page-0005-200x286.jpg","fusion-200-width":200,"fusion-200-height":286,"fusion-400":"https:\/\/www.visitsicily.info\/wp-content\/uploads\/2026\/09\/2026_BIC_Manifesti-concerti_70x100_6_Puritani_Bozza1_page-0005-400x571.jpg","fusion-400-width":400,"fusion-400-height":571,"fusion-600":"https:\/\/www.visitsicily.info\/wp-content\/uploads\/2026\/09\/2026_BIC_Manifesti-concerti_70x100_6_Puritani_Bozza1_page-0005-600x857.jpg","fusion-600-width":600,"fusion-600-height":857,"fusion-800":"https:\/\/www.visitsicily.info\/wp-content\/uploads\/2026\/09\/2026_BIC_Manifesti-concerti_70x100_6_Puritani_Bozza1_page-0005-800x1143.jpg","fusion-800-width":800,"fusion-800-height":1143,"fusion-1200":"https:\/\/www.visitsicily.info\/wp-content\/uploads\/2026\/09\/2026_BIC_Manifesti-concerti_70x100_6_Puritani_Bozza1_page-0005-1200x1714.jpg","fusion-1200-width":1200,"fusion-1200-height":1714,"portfolio-full":"https:\/\/www.visitsicily.info\/wp-content\/uploads\/2026\/09\/2026_BIC_Manifesti-concerti_70x100_6_Puritani_Bozza1_page-0005-940x400.jpg","portfolio-full-width":940,"portfolio-full-height":400,"portfolio-one":"https:\/\/www.visitsicily.info\/wp-content\/uploads\/2026\/09\/2026_BIC_Manifesti-concerti_70x100_6_Puritani_Bozza1_page-0005-540x272.jpg","portfolio-one-width":540,"portfolio-one-height":272,"portfolio-two":"https:\/\/www.visitsicily.info\/wp-content\/uploads\/2026\/09\/2026_BIC_Manifesti-concerti_70x100_6_Puritani_Bozza1_page-0005-460x295.jpg","portfolio-two-width":460,"portfolio-two-height":295,"portfolio-three":"https:\/\/www.visitsicily.info\/wp-content\/uploads\/2026\/09\/2026_BIC_Manifesti-concerti_70x100_6_Puritani_Bozza1_page-0005-300x214.jpg","portfolio-three-width":300,"portfolio-three-height":214,"portfolio-five":"https:\/\/www.visitsicily.info\/wp-content\/uploads\/2026\/09\/2026_BIC_Manifesti-concerti_70x100_6_Puritani_Bozza1_page-0005-177x142.jpg","portfolio-five-width":177,"portfolio-five-height":142}}]},"yoast_head":"<!-- This site is optimized with the Yoast SEO plugin v28.1 - https:\/\/yoast.com\/product\/yoast-seo-wordpress\/ -->\n<title>Bellini International Context 2026 - Visit Sicily<\/title>\n<meta name=\"description\" content=\"Insieme per connettere eventi in Sicilia Bellini International Context 2026 Eventos Bellini International Context 2026 - Visit Sicily\" \/>\n<meta name=\"robots\" content=\"index, follow, max-snippet:-1, max-image-preview:large, max-video-preview:-1\" \/>\n<link rel=\"canonical\" href=\"https:\/\/www.visitsicily.info\/es\/evento-new\/bellini-international-context-2026\/\" \/>\n<meta property=\"og:locale\" content=\"es_ES\" \/>\n<meta property=\"og:type\" content=\"article\" \/>\n<meta property=\"og:title\" content=\"Bellini International Context 2026 - Visit Sicily\" \/>\n<meta property=\"og:description\" content=\"Insieme per connettere eventi in Sicilia Bellini International Context 2026 Eventos Bellini International Context 2026 - Visit Sicily\" \/>\n<meta property=\"og:url\" content=\"https:\/\/www.visitsicily.info\/es\/evento-new\/bellini-international-context-2026\/\" \/>\n<meta property=\"og:site_name\" content=\"Visit Sicily\" \/>\n<meta property=\"article:publisher\" content=\"https:\/\/www.facebook.com\/visitsicily.info\/\" \/>\n<meta property=\"og:image\" content=\"https:\/\/www.visitsicily.info\/wp-content\/uploads\/2026\/09\/Banner_fb_NEW-1.jpg\" \/>\n\t<meta property=\"og:image:width\" content=\"1640\" \/>\n\t<meta property=\"og:image:height\" content=\"624\" \/>\n\t<meta property=\"og:image:type\" content=\"image\/jpeg\" \/>\n<meta name=\"twitter:card\" content=\"summary_large_image\" \/>\n<meta name=\"twitter:site\" content=\"@VisitSicilyOP\" \/>\n<meta name=\"twitter:label1\" content=\"Tiempo de lectura\" \/>\n\t<meta name=\"twitter:data1\" content=\"1 minuto\" \/>\n<script type=\"application\/ld+json\" class=\"yoast-schema-graph\">{\"@context\":\"https:\\\/\\\/schema.org\",\"@graph\":[{\"@type\":\"WebPage\",\"@id\":\"https:\\\/\\\/www.visitsicily.info\\\/es\\\/evento-new\\\/bellini-international-context-2026\\\/\",\"url\":\"https:\\\/\\\/www.visitsicily.info\\\/es\\\/evento-new\\\/bellini-international-context-2026\\\/\",\"name\":\"Bellini International Context 2026 - Visit Sicily\",\"isPartOf\":{\"@id\":\"https:\\\/\\\/www.visitsicily.info\\\/es\\\/#website\"},\"primaryImageOfPage\":{\"@id\":\"https:\\\/\\\/www.visitsicily.info\\\/es\\\/evento-new\\\/bellini-international-context-2026\\\/#primaryimage\"},\"image\":{\"@id\":\"https:\\\/\\\/www.visitsicily.info\\\/es\\\/evento-new\\\/bellini-international-context-2026\\\/#primaryimage\"},\"thumbnailUrl\":\"https:\\\/\\\/www.visitsicily.info\\\/wp-content\\\/uploads\\\/2026\\\/09\\\/Banner_fb_NEW-1.jpg\",\"datePublished\":\"2026-09-04T09:45:41+00:00\",\"description\":\"Insieme per connettere eventi in Sicilia Bellini International Context 2026 Eventos Bellini International Context 2026 - Visit Sicily\",\"breadcrumb\":{\"@id\":\"https:\\\/\\\/www.visitsicily.info\\\/es\\\/evento-new\\\/bellini-international-context-2026\\\/#breadcrumb\"},\"inLanguage\":\"es\",\"potentialAction\":[{\"@type\":\"ReadAction\",\"target\":[\"https:\\\/\\\/www.visitsicily.info\\\/es\\\/evento-new\\\/bellini-international-context-2026\\\/\"]}]},{\"@type\":\"ImageObject\",\"inLanguage\":\"es\",\"@id\":\"https:\\\/\\\/www.visitsicily.info\\\/es\\\/evento-new\\\/bellini-international-context-2026\\\/#primaryimage\",\"url\":\"https:\\\/\\\/www.visitsicily.info\\\/wp-content\\\/uploads\\\/2026\\\/09\\\/Banner_fb_NEW-1.jpg\",\"contentUrl\":\"https:\\\/\\\/www.visitsicily.info\\\/wp-content\\\/uploads\\\/2026\\\/09\\\/Banner_fb_NEW-1.jpg\",\"width\":1640,\"height\":624},{\"@type\":\"BreadcrumbList\",\"@id\":\"https:\\\/\\\/www.visitsicily.info\\\/es\\\/evento-new\\\/bellini-international-context-2026\\\/#breadcrumb\",\"itemListElement\":[{\"@type\":\"ListItem\",\"position\":1,\"name\":\"Home\",\"item\":\"https:\\\/\\\/www.visitsicily.info\\\/es\\\/\"},{\"@type\":\"ListItem\",\"position\":2,\"name\":\"Eventos\",\"item\":\"https:\\\/\\\/www.visitsicily.info\\\/es\\\/evento-new\\\/\"},{\"@type\":\"ListItem\",\"position\":3,\"name\":\"Bellini International Context 2026\"}]},{\"@type\":\"WebSite\",\"@id\":\"https:\\\/\\\/www.visitsicily.info\\\/es\\\/#website\",\"url\":\"https:\\\/\\\/www.visitsicily.info\\\/es\\\/\",\"name\":\"Visit Sicily\",\"description\":\"Island of art\",\"publisher\":{\"@id\":\"https:\\\/\\\/www.visitsicily.info\\\/es\\\/#organization\"},\"potentialAction\":[{\"@type\":\"SearchAction\",\"target\":{\"@type\":\"EntryPoint\",\"urlTemplate\":\"https:\\\/\\\/www.visitsicily.info\\\/es\\\/?s={search_term_string}\"},\"query-input\":{\"@type\":\"PropertyValueSpecification\",\"valueRequired\":true,\"valueName\":\"search_term_string\"}}],\"inLanguage\":\"es\"},{\"@type\":\"Organization\",\"@id\":\"https:\\\/\\\/www.visitsicily.info\\\/es\\\/#organization\",\"name\":\"Regione Siciliana\",\"url\":\"https:\\\/\\\/www.visitsicily.info\\\/es\\\/\",\"logo\":{\"@type\":\"ImageObject\",\"inLanguage\":\"es\",\"@id\":\"https:\\\/\\\/www.visitsicily.info\\\/es\\\/#\\\/schema\\\/logo\\\/image\\\/\",\"url\":\"https:\\\/\\\/www.visitsicily.info\\\/wp-content\\\/uploads\\\/2021\\\/05\\\/regione-siciliana-logo2.png\",\"contentUrl\":\"https:\\\/\\\/www.visitsicily.info\\\/wp-content\\\/uploads\\\/2021\\\/05\\\/regione-siciliana-logo2.png\",\"width\":200,\"height\":200,\"caption\":\"Regione Siciliana\"},\"image\":{\"@id\":\"https:\\\/\\\/www.visitsicily.info\\\/es\\\/#\\\/schema\\\/logo\\\/image\\\/\"},\"sameAs\":[\"https:\\\/\\\/www.facebook.com\\\/visitsicily.info\\\/\",\"https:\\\/\\\/x.com\\\/VisitSicilyOP\",\"https:\\\/\\\/www.instagram.com\\\/ig_visitsicily\\\/\",\"https:\\\/\\\/www.pinterest.com\\\/visitsicilyOP\\\/followers\\\/\",\"https:\\\/\\\/www.youtube.com\\\/user\\\/siciliaturismo\"]}]}<\/script>\n<!-- \/ Yoast SEO plugin. -->","yoast_head_json":{"title":"Bellini International Context 2026 - Visit Sicily","description":"Insieme per connettere eventi in Sicilia Bellini International Context 2026 Eventos Bellini International Context 2026 - Visit Sicily","robots":{"index":"index","follow":"follow","max-snippet":"max-snippet:-1","max-image-preview":"max-image-preview:large","max-video-preview":"max-video-preview:-1"},"canonical":"https:\/\/www.visitsicily.info\/es\/evento-new\/bellini-international-context-2026\/","og_locale":"es_ES","og_type":"article","og_title":"Bellini International Context 2026 - Visit Sicily","og_description":"Insieme per connettere eventi in Sicilia Bellini International Context 2026 Eventos Bellini International Context 2026 - Visit Sicily","og_url":"https:\/\/www.visitsicily.info\/es\/evento-new\/bellini-international-context-2026\/","og_site_name":"Visit Sicily","article_publisher":"https:\/\/www.facebook.com\/visitsicily.info\/","og_image":[{"width":1640,"height":624,"url":"https:\/\/www.visitsicily.info\/wp-content\/uploads\/2026\/09\/Banner_fb_NEW-1.jpg","type":"image\/jpeg"}],"twitter_card":"summary_large_image","twitter_site":"@VisitSicilyOP","twitter_misc":{"Tiempo de lectura":"1 minuto"},"schema":{"@context":"https:\/\/schema.org","@graph":[{"@type":"WebPage","@id":"https:\/\/www.visitsicily.info\/es\/evento-new\/bellini-international-context-2026\/","url":"https:\/\/www.visitsicily.info\/es\/evento-new\/bellini-international-context-2026\/","name":"Bellini International Context 2026 - Visit Sicily","isPartOf":{"@id":"https:\/\/www.visitsicily.info\/es\/#website"},"primaryImageOfPage":{"@id":"https:\/\/www.visitsicily.info\/es\/evento-new\/bellini-international-context-2026\/#primaryimage"},"image":{"@id":"https:\/\/www.visitsicily.info\/es\/evento-new\/bellini-international-context-2026\/#primaryimage"},"thumbnailUrl":"https:\/\/www.visitsicily.info\/wp-content\/uploads\/2026\/09\/Banner_fb_NEW-1.jpg","datePublished":"2026-09-04T09:45:41+00:00","description":"Insieme per connettere eventi in Sicilia Bellini International Context 2026 Eventos Bellini International Context 2026 - Visit Sicily","breadcrumb":{"@id":"https:\/\/www.visitsicily.info\/es\/evento-new\/bellini-international-context-2026\/#breadcrumb"},"inLanguage":"es","potentialAction":[{"@type":"ReadAction","target":["https:\/\/www.visitsicily.info\/es\/evento-new\/bellini-international-context-2026\/"]}]},{"@type":"ImageObject","inLanguage":"es","@id":"https:\/\/www.visitsicily.info\/es\/evento-new\/bellini-international-context-2026\/#primaryimage","url":"https:\/\/www.visitsicily.info\/wp-content\/uploads\/2026\/09\/Banner_fb_NEW-1.jpg","contentUrl":"https:\/\/www.visitsicily.info\/wp-content\/uploads\/2026\/09\/Banner_fb_NEW-1.jpg","width":1640,"height":624},{"@type":"BreadcrumbList","@id":"https:\/\/www.visitsicily.info\/es\/evento-new\/bellini-international-context-2026\/#breadcrumb","itemListElement":[{"@type":"ListItem","position":1,"name":"Home","item":"https:\/\/www.visitsicily.info\/es\/"},{"@type":"ListItem","position":2,"name":"Eventos","item":"https:\/\/www.visitsicily.info\/es\/evento-new\/"},{"@type":"ListItem","position":3,"name":"Bellini International Context 2026"}]},{"@type":"WebSite","@id":"https:\/\/www.visitsicily.info\/es\/#website","url":"https:\/\/www.visitsicily.info\/es\/","name":"Visit Sicily","description":"Island of art","publisher":{"@id":"https:\/\/www.visitsicily.info\/es\/#organization"},"potentialAction":[{"@type":"SearchAction","target":{"@type":"EntryPoint","urlTemplate":"https:\/\/www.visitsicily.info\/es\/?s={search_term_string}"},"query-input":{"@type":"PropertyValueSpecification","valueRequired":true,"valueName":"search_term_string"}}],"inLanguage":"es"},{"@type":"Organization","@id":"https:\/\/www.visitsicily.info\/es\/#organization","name":"Regione Siciliana","url":"https:\/\/www.visitsicily.info\/es\/","logo":{"@type":"ImageObject","inLanguage":"es","@id":"https:\/\/www.visitsicily.info\/es\/#\/schema\/logo\/image\/","url":"https:\/\/www.visitsicily.info\/wp-content\/uploads\/2021\/05\/regione-siciliana-logo2.png","contentUrl":"https:\/\/www.visitsicily.info\/wp-content\/uploads\/2021\/05\/regione-siciliana-logo2.png","width":200,"height":200,"caption":"Regione Siciliana"},"image":{"@id":"https:\/\/www.visitsicily.info\/es\/#\/schema\/logo\/image\/"},"sameAs":["https:\/\/www.facebook.com\/visitsicily.info\/","https:\/\/x.com\/VisitSicilyOP","https:\/\/www.instagram.com\/ig_visitsicily\/","https:\/\/www.pinterest.com\/visitsicilyOP\/followers\/","https:\/\/www.youtube.com\/user\/siciliaturismo"]}]}},"_links":{"self":[{"href":"https:\/\/www.visitsicily.info\/es\/wp-json\/wp\/v2\/evento-new\/117676","targetHints":{"allow":["GET"]}}],"collection":[{"href":"https:\/\/www.visitsicily.info\/es\/wp-json\/wp\/v2\/evento-new"}],"about":[{"href":"https:\/\/www.visitsicily.info\/es\/wp-json\/wp\/v2\/types\/evento-new"}],"wp:featuredmedia":[{"embeddable":true,"href":"https:\/\/www.visitsicily.info\/es\/wp-json\/wp\/v2\/media\/117680"}],"wp:attachment":[{"href":"https:\/\/www.visitsicily.info\/es\/wp-json\/wp\/v2\/media?parent=117676"}],"wp:term":[{"taxonomy":"category","embeddable":true,"href":"https:\/\/www.visitsicily.info\/es\/wp-json\/wp\/v2\/categories?post=117676"},{"taxonomy":"luogo","embeddable":true,"href":"https:\/\/www.visitsicily.info\/es\/wp-json\/wp\/v2\/luogo?post=117676"}],"curies":[{"name":"wp","href":"https:\/\/api.w.org\/{rel}","templated":true}]}}